{"id":1116,"date":"2023-11-15T21:10:29","date_gmt":"2023-11-15T20:10:29","guid":{"rendered":"https:\/\/w2023.courage-beratung.at\/?page_id=1116"},"modified":"2026-02-11T15:46:56","modified_gmt":"2026-02-11T14:46:56","slug":"angebote-2","status":"publish","type":"page","link":"https:\/\/www.courage-beratung.at\/en\/home_2\/angebote-2\/","title":{"rendered":"Angebote"},"content":{"rendered":"<style type=\"text\/css\" data-created_by=\"avia_inline_auto\" id=\"style-css-av-mkve5myx-0b959759b841e82430a6606839f81678\">\n.avia-image-container.av-mkve5myx-0b959759b841e82430a6606839f81678 img.avia_image{\nbox-shadow:none;\n}\n.avia-image-container.av-mkve5myx-0b959759b841e82430a6606839f81678 .av-image-caption-overlay-center{\ncolor:#ffffff;\n}\n<\/style>\n<div  class='avia-image-container av-mkve5myx-0b959759b841e82430a6606839f81678 av-styling- avia-align-center  avia-builder-el-0  el_before_av_hr  avia-builder-el-first'   itemprop=\"image\" itemscope=\"itemscope\" itemtype=\"https:\/\/schema.org\/ImageObject\" ><div class=\"avia-image-container-inner\"><div class=\"avia-image-overlay-wrap\"><img decoding=\"async\" fetchpriority=\"high\" class='wp-image-7891 avia-img-lazy-loading-not-7891 avia_image' src=\"https:\/\/www.courage-beratung.at\/wp-content\/uploads\/2026\/01\/Angebot.png\" alt='' title='Angebot'  height=\"340\" width=\"1500\"  itemprop=\"thumbnailUrl\" srcset=\"https:\/\/www.courage-beratung.at\/wp-content\/uploads\/2026\/01\/Angebot.png 1500w, https:\/\/www.courage-beratung.at\/wp-content\/uploads\/2026\/01\/Angebot-300x68.png 300w, https:\/\/www.courage-beratung.at\/wp-content\/uploads\/2026\/01\/Angebot-1030x233.png 1030w, https:\/\/www.courage-beratung.at\/wp-content\/uploads\/2026\/01\/Angebot-768x174.png 768w, https:\/\/www.courage-beratung.at\/wp-content\/uploads\/2026\/01\/Angebot-18x4.png 18w, https:\/\/www.courage-beratung.at\/wp-content\/uploads\/2026\/01\/Angebot-705x160.png 705w\" sizes=\"(max-width: 1500px) 100vw, 1500px\" \/><\/div><\/div><\/div>\n\n<style type=\"text\/css\" data-created_by=\"avia_inline_auto\" id=\"style-css-av-lskql1no-d902d5a9aebd2ffdfeb3437b92e3ced1\">\n#top .hr.hr-invisible.av-lskql1no-d902d5a9aebd2ffdfeb3437b92e3ced1{\nheight:25px;\n}\n<\/style>\n<div  class='hr av-lskql1no-d902d5a9aebd2ffdfeb3437b92e3ced1 hr-invisible  avia-builder-el-1  el_after_av_image  el_before_av_textblock'><span class='hr-inner'><span class=\"hr-inner-style\"><\/span><\/span><\/div>\n\n<style type=\"text\/css\" data-created_by=\"avia_inline_auto\" id=\"style-css-av-lpsk0b6d-933aabc298ce9b416b24e3ffde316d36\">\n#top .av_textblock_section.av-lpsk0b6d-933aabc298ce9b416b24e3ffde316d36 .avia_textblock{\nfont-size:16px;\n}\n<\/style>\n<section  class='av_textblock_section av-lpsk0b6d-933aabc298ce9b416b24e3ffde316d36'   itemscope=\"itemscope\" itemtype=\"https:\/\/schema.org\/CreativeWork\" ><div class='avia_textblock'  itemprop=\"text\" ><p>COURAGE* bietet psychosoziale, psychotherapeutische, psychiatrische, sexualp\u00e4dagogische sowie sozialarbeiterische und rechtliche Beratung, Begleitung und\/oder Behandlung im Einzel-, Paar-, Familien- und Gruppensetting an. Das Angebot von COURAGE* ist kostenlos, anonym und professionell und richtet sich an alle hilfesuchenden Personen und deren Angeh\u00f6rige.<\/p>\n<p>In einer vielf\u00e4ltigen Gesellschaft ist die Beratung und Begleitung von homo- und bisexuell orientierten Frauen, M\u00e4nnern und Jugendlichen sowie trans*gender Personen und inter*geschlechtlichen Menschen wesentlich f\u00fcr die gesundheitliche Chancengleichheit. Dabei ist es wichtig, auch das entsprechende famili\u00e4re Umfeld mit einzubeziehen.<\/p>\n<p>Die spezifischen Thematiken erfordern grundlegende Kenntnisse dieser Lebensweisen und der damit verbundenen Unsicherheiten und \u00c4ngste. Aus diesem Grund sind wir an den COURAGE* Beratungsstellen darauf spezialisiert: Wir verfolgen einen klaren Diversit\u00e4tsansatz. In unseren Schwerpunktbereichen stehen wir jeglichen Menschen aller sexuellen Orientierungen und aller geschlechtlichen Identit\u00e4ten professionell beratend zur Verf\u00fcgung. COURAGE* unterst\u00fctzt alle queeren? rat- und hilfesuchenden Menschen in den Themenbereichen Sexualit\u00e4ten und Beziehungen, Partner*innenschaften und Familienformen sowie bei Gewalt, sexuellen \u00dcbergriffen und sexuellen Traumatisierungen. Beratungsthemen von COURAGE* k\u00f6nnen deshalb folgende Themen sein:<\/p>\n<ul>\n<li>gleichgeschlechtliche Lebensweisen<\/li>\n<li>Regenbogenfamilien und alternative Beziehungsformen (Polyk\u00fcle etc.)<\/li>\n<li>Trans*\/Trans*Identit\u00e4ten\/Geschlechtsdysphorien<\/li>\n<li>Inter*Geschlechtlichkeiten<\/li>\n<\/ul>\n<\/div><\/section>\n\n<style type=\"text\/css\" data-created_by=\"avia_inline_auto\" id=\"style-css-av-lpiw342s-afeca86a4d0f6fe1e778325dc4bc6198\">\n.av-tab-section-outer-container.av-lpiw342s-afeca86a4d0f6fe1e778325dc4bc6198 .av-tab-section-tab-title-container{\nbackground-color:#8ca1be;\n}\n#top .av-tab-section-outer-container.av-lpiw342s-afeca86a4d0f6fe1e778325dc4bc6198 .av-section-tab-title{\ncolor:#ffffff;\n}\n#top .av-tab-section-outer-container.av-lpiw342s-afeca86a4d0f6fe1e778325dc4bc6198 .av-active-tab-title.av-section-tab-title{\ncolor:#555f8d;\n}\n#top .av-tab-section-outer-container.av-lpiw342s-afeca86a4d0f6fe1e778325dc4bc6198 .av-section-tab-title:hover{\ncolor:#555f8d;\n}\n<\/style>\n<\/div><\/div><\/div><!-- close content main div --><\/div><\/div><div id='bildung_reiter'  class='av-tab-section-container entry-content-wrapper main_color av-tab-no-transition av-tab-content-auto  av-tab-above-content  avia-builder-el-3  el_after_av_textblock  avia-builder-el-last  tab-section-not-first container_wrap fullsize'  ><div class='av-tab-section-outer-container av-lpiw342s-afeca86a4d0f6fe1e778325dc4bc6198'><div class='av-tab-section-tab-title-container avia-tab-title-padding-default av-custom-tab-color' role='tablist'><a href='#beratung' data-av-tab-section-title='1' class='av-section-tab-title av-active-tab-title no-scroll av-lpiwdqai-632aa4465745869210753e9efe337b62 av-tab-no-icon av-tab-with-image noHover' role='tab' tabindex='0' aria-controls='av-tab-section-1-1'><span class='av-tab-section-image' style='background-image: url(https:\/\/www.courage-beratung.at\/wp-content\/uploads\/2023\/11\/pictogram-beratung@3x.png);'><\/span><span class='av-outer-tab-title'><span class='av-inner-tab-title'>BERATUNG<\/span><\/span><span class=\"av-tab-arrow-container\"><span><\/span><\/span><\/a><a href='#gruppen' data-av-tab-section-title='2' class='av-section-tab-title  av-lpiwzebh-9a543b16713739cc2ebf2913c67db692 av-tab-no-icon av-tab-with-image noHover' role='tab' tabindex='0' aria-controls='av-tab-section-1-2'><span class='av-tab-section-image' style='background-image: url(https:\/\/www.courage-beratung.at\/wp-content\/uploads\/2023\/11\/pictogram-gruppen@3x-180x180.png);'><\/span><span class='av-outer-tab-title'><span class='av-inner-tab-title'>GRUPPEN<\/span><\/span><span class=\"av-tab-arrow-container\"><span><\/span><\/span><\/a><a href='#projekte' data-av-tab-section-title='3' class='av-section-tab-title  av-lpix07mc-0bfca1781d09f4c76ea1060db364a410 av-tab-no-icon av-tab-with-image noHover' role='tab' tabindex='0' aria-controls='av-tab-section-1-3'><span class='av-tab-section-image' style='background-image: url(https:\/\/www.courage-beratung.at\/wp-content\/uploads\/2023\/11\/pictogram-projects@3x-180x180.png);'><\/span><span class='av-outer-tab-title'><span class='av-inner-tab-title'>PROJEKTE<\/span><\/span><span class=\"av-tab-arrow-container\"><span><\/span><\/span><\/a><a href='#infoabende' data-av-tab-section-title='4' class='av-section-tab-title  av-lpix0thv-84d4bef4c0c20cc1bbfd4e3a5aba5dc6 av-tab-no-icon av-tab-with-image noHover' role='tab' tabindex='0' aria-controls='av-tab-section-1-4'><span class='av-tab-section-image' style='background-image: url(https:\/\/www.courage-beratung.at\/wp-content\/uploads\/2023\/11\/pictogram-infoabende@3x.png);'><\/span><span class='av-outer-tab-title'><span class='av-inner-tab-title'>INFOABENDE<\/span><\/span><span class=\"av-tab-arrow-container\"><span><\/span><\/span><\/a><\/div><div class='avia-slideshow-arrows av-tabsection-arrow' ><a href='#prev' class='prev-slide av_prev_tab_section av-tab-section-slide avia-svg-icon avia-font-svg_entypo-fontello' data-av_svg_icon='left-open-big' data-av_iconset='svg_entypo-fontello' tabindex='-1' title=\"Previous\"><svg version=\"1.1\" xmlns=\"http:\/\/www.w3.org\/2000\/svg\" width=\"15\" height=\"32\" viewbox=\"0 0 15 32\" preserveaspectratio=\"xMidYMid meet\" aria-labelledby='av-svg-title-35' aria-describedby='av-svg-desc-35' role=\"graphics-symbol\" aria-hidden=\"true\">\n<title id='av-svg-title-35'>Previous<\/title>\n<desc id='av-svg-desc-35'>Previous<\/desc>\n<path d=\"M14.464 27.84q0.832 0.832 0 1.536-0.832 0.832-1.536 0l-12.544-12.608q-0.768-0.768 0-1.6l12.544-12.608q0.704-0.832 1.536 0 0.832 0.704 0 1.536l-11.456 11.904z\"><\/path>\n<\/svg><span class='avia_hidden_link_text'>Previous<\/span><\/a><a href='#next' class='next-slide av_next_tab_section av-tab-section-slide avia-svg-icon avia-font-svg_entypo-fontello' data-av_svg_icon='right-open-big' data-av_iconset='svg_entypo-fontello' tabindex='-1' title=\"Next\"><svg version=\"1.1\" xmlns=\"http:\/\/www.w3.org\/2000\/svg\" width=\"15\" height=\"32\" viewbox=\"0 0 15 32\" preserveaspectratio=\"xMidYMid meet\" aria-labelledby='av-svg-title-36' aria-describedby='av-svg-desc-36' role=\"graphics-symbol\" aria-hidden=\"true\">\n<title id='av-svg-title-36'>Next<\/title>\n<desc id='av-svg-desc-36'>Next<\/desc>\n<path d=\"M0.416 27.84l11.456-11.84-11.456-11.904q-0.832-0.832 0-1.536 0.832-0.832 1.536 0l12.544 12.608q0.768 0.832 0 1.6l-12.544 12.608q-0.704 0.832-1.536 0-0.832-0.704 0-1.536z\"><\/path>\n<\/svg><span class='avia_hidden_link_text'>Next<\/span><\/a><\/div><div class='av-tab-section-inner-container avia-section-default' style='width:400vw; left:0%;'><span class=\"av_prev_tab_section av_tab_navigation\"><\/span><span class=\"av_next_tab_section av_tab_navigation\"><\/span>\n\n<style type=\"text\/css\" data-created_by=\"avia_inline_auto\" id=\"style-css-av-lpiwdqai-632aa4465745869210753e9efe337b62\">\n.av-layout-tab.av-lpiwdqai-632aa4465745869210753e9efe337b62{\nvertical-align:top;\nbackground-color:#555f8d;\n}\n#top .av-tab-section-outer-container.av-lpiw342s-afeca86a4d0f6fe1e778325dc4bc6198 .av-active-tab-title.av-section-tab-title.av-lpiwdqai-632aa4465745869210753e9efe337b62 .av-tab-arrow-container span{\nbackground-color:#555f8d;\n}\n<\/style>\n<div id='av-tab-section-1-1' class='av-layout-tab av-lpiwdqai-632aa4465745869210753e9efe337b62 av-animation-delay-container  avia-builder-el-4  el_before_av_tab_sub_section  avia-builder-el-first  av-active-tab-content __av_init_open' data-av-deeplink-tabs=\"\" data-av-tab-section-content=\"1\" data-tab-section-id=\"beratung\"><div class=\"av-layout-tab-inner\"><div class=\"container\">\n<style type=\"text\/css\" data-created_by=\"avia_inline_auto\" id=\"style-css-av-lpslll6c-72aef1c78fe6d628aa17d552f40c9b92\">\n#top .av_textblock_section.av-lpslll6c-72aef1c78fe6d628aa17d552f40c9b92 .avia_textblock{\nfont-size:16px;\n}\n<\/style>\n<section  class='av_textblock_section av-lpslll6c-72aef1c78fe6d628aa17d552f40c9b92'   itemscope=\"itemscope\" itemtype=\"https:\/\/schema.org\/CreativeWork\" ><div class='avia_textblock'  itemprop=\"text\" ><p>Beratung kann unterst\u00fctzend in Krisensituationen wirken und Personen in schwierigen Lebensumst\u00e4nden begleiten.<\/p>\n<p>Eine Beratung bietet insbesondere:<\/p>\n<ul>\n<li>F\u00f6rderung der individuellen Entwicklung und der pers\u00f6nlichen Autonomie<\/li>\n<li>Hilfe zur Selbsthilfe<\/li>\n<li>Erwerb und F\u00f6rderung von Handlungskompetenzen und pers\u00f6nlichen F\u00e4higkeiten<\/li>\n<li>gemeinsame Erarbeitung von Handlungs- und L\u00f6sungsm\u00f6glichkeiten<\/li>\n<li>Unterst\u00fctzung bei Entscheidungsprozessen<\/li>\n<li>Weitergabe von Informationen und Wissen<\/li>\n<\/ul>\n<p>Ziel der Beratung ist es, die allgemeine Lebensqualit\u00e4t, die Gesundheit und das Wohlbefinden der Klient*innen zu verbessern.<\/p>\n<p>Eine Beratung bei COURAGE* kann dann sinnvoll sein, wenn sich Personen beispielsweise\u2026<\/p>\n<ul>\n<li>bez\u00fcglich der eigenen sexuellen Orientierung und\/oder geschlechtlichen Identit\u00e4t unsicher sind,<\/li>\n<li>Unterst\u00fctzung bei Coming-out-Prozessen ben\u00f6tigen,<\/li>\n<li>Fragen zu den Themen Gesundheit, Sexualit\u00e4t, Identit\u00e4t, rechtliche Grundlagen, Beziehungen\/ Partner*innenschaften haben oder<\/li>\n<li>im Umgang mit Gewalt, psychischen Problemen oder sonstigen Krisen Unterst\u00fctzung und Hilfe ben\u00f6tigen.<\/li>\n<\/ul>\n<p>Grunds\u00e4tzlich haben jedoch alle Themen und Fragen, die mit der sexuellen Orientierung und\/oder geschlechtlichen Identit\u00e4t zu tun haben, bei uns Platz.<\/p>\n<h5><strong> <br class=\"avia-permanent-lb\" \/>Psychosoziale Beratung<\/strong><\/h5>\n<p>Psychosoziale Beratung beabsichtigt, Klient*innen in deren individuellen Lebensbereichen und Lebensphasen zu unterst\u00fctzen. Dabei sollen Ver\u00e4nderungsprozesse gestartet und durchlaufen werden.<\/p>\n<p>Das psychosoziale Team von COURAGE* besteht aus Mitarbeiter*innen der Fachbereiche<\/p>\n<ul>\n<li>Partner*innen-, Familien- und Lebensberatung<\/li>\n<li>Psycho- und\/oder Sexualtherapie<\/li>\n<li>Psychologie, Sozialarbeit, P\u00e4dagogik, Theologie<\/li>\n<li>Psychiatrie und Neurologie<\/li>\n<\/ul>\n<h5><strong> <br class=\"avia-permanent-lb\" \/>Rechtliche Beratung<\/strong><\/h5>\n<p>Rechtliche Beratungen drehen sich um jegliche Rechtsfragen und k\u00f6nnen Themenbereiche beinhalten wie z.B.<\/p>\n<ul>\n<li>Eltern- \/Partner*innenschaft<\/li>\n<li>Diskriminierung aufgrund der Rechtsordnung<\/li>\n<li>Arbeitsrecht oder Erb- und Wohnungsangelegenheiten.<\/li>\n<\/ul>\n<p>COURAGE* bietet jeden Donnerstag zwischen 19:00 und 20:00 Uhr telefonisch rechtliche Beratung an. F\u00fcr eine 30-min\u00fctige Telefonberatung ist eine Voranmeldung per Mail oder telefonisch erforderlich.<\/p>\n<p>N\u00e4here Informationen \u00fcber unser Rechtsteam finden Sie hier.<br \/>\nEine Kooperation von\u00a0COURAGE*\u00a0und\u00a0<a href=\"http:\/\/www.rklambda.at\/\" target=\"_blank\" rel=\"noopener\">Rechtskomitee Lambda<\/a>.<\/p>\n<h5><strong> <br class=\"avia-permanent-lb\" \/>Psychotherapie<\/strong><\/h5>\n<p>Ein wichtiger Meilenstein in der Versorgung von LGBTIQ*-Personen und ihren Angeh\u00f6rigen ist uns im Jahr 2021 gelungen: COURAGE* hat den ersten \u00f6sterreichweiten Gesamtvertrag der \u00d6sterreichische Gesundheitskasse (\u00d6GK) erhalten. Dadurch k\u00f6nnen wir Ratsuchende in den Bereichen Sexualit\u00e4ten und Beziehungen, gleichgeschlechtliche Lebensweisen, Trans*identit\u00e4ten und Intergeschlechtlichkeit, Regenbogenfamilien, Gewalt und sexuelle \u00dcbergriffe noch umfangreicher beraten, begleiten und betreuen.<\/p>\n<p>COURAGE* dankt dem Generalsekret\u00e4r der \u00d6GK, Mag. Bernhard Wurzer, dass dies in \u00d6sterreich erreicht wurde.<\/p>\n<p>\u201eZiel dieses Vertrages ist der Aufbau und die Sicherstellung einer psychotherapeutischen Sachleistungsversorgung f\u00fcr homo- und bisexuell orientierte Frauen, M\u00e4nner, Jugendliche, Transgender-Personen und intergeschlechtliche Menschen \u2013 also LGBTIQ*-Personen.\u201c <br class=\"avia-permanent-lb\" \/><br class=\"avia-permanent-lb\" \/><br class=\"avia-permanent-lb\" \/><\/p>\n<h5><strong>Hinweis zu unseren Absageregelungen:<\/strong><\/h5>\n<p>In den Beratungsstellen COURAGE* haben wir sehr viele Beratungsanfragen. Daher bitte wir Sie, vereinbarte Beratungstermine verl\u00e4sslich wahrzunehmen.<\/p>\n<p>Sollten Sie aus dringenden Gr\u00fcnden einen Termin absagen oder verschieben m\u00fcssen, gelten folgende Absageregelungen:<\/p>\n<p>Als rechtzeitig abgesagt gelten Termine, die 48h (entspricht 2 Werktagen) vor dem vereinbarten Termin abgesagt werden.<\/p>\n<p>Da wir eine umfangreiche Warteliste haben, k\u00f6nnen kurzfristig abgesagte Termine nicht mehr an andere Personen vergeben werden. Unser Ziel ist es, Beratungsanfragen so schnell wie m\u00f6glich zu bedienen. <br class=\"avia-permanent-lb\" \/><br class=\"avia-permanent-lb\" \/><\/p>\n<p><strong>Bitte beachten Sie:<\/strong>\u00a0Bei mehrfach kurzfristigen oder nicht abgesagten Terminen behalten wir uns vor, den Beratungsprozess vor\u00fcbergehend zu pausieren oder gegebenenfalls zu beenden.<\/p>\n<p>Vielen Dank f\u00fcr Ihr Mitwirken!<\/p>\n<\/div><\/section>\n<\/div><\/div><\/div>\n<style type=\"text\/css\" data-created_by=\"avia_inline_auto\" id=\"style-css-av-lpiwzebh-9a543b16713739cc2ebf2913c67db692\">\n.av-layout-tab.av-lpiwzebh-9a543b16713739cc2ebf2913c67db692{\nvertical-align:top;\nbackground-color:#555f8d;\n}\n#top .av-tab-section-outer-container.av-lpiw342s-afeca86a4d0f6fe1e778325dc4bc6198 .av-active-tab-title.av-section-tab-title.av-lpiwzebh-9a543b16713739cc2ebf2913c67db692 .av-tab-arrow-container span{\nbackground-color:#555f8d;\n}\n<\/style>\n<div id='av-tab-section-1-2' class='av-layout-tab av-lpiwzebh-9a543b16713739cc2ebf2913c67db692 av-animation-delay-container  avia-builder-el-6  el_after_av_tab_sub_section  el_before_av_tab_sub_section' data-av-deeplink-tabs=\"\" data-av-tab-section-content=\"2\" data-tab-section-id=\"gruppen\"><div class=\"av-layout-tab-inner\"><div class=\"container\"><p>\n<style type=\"text\/css\" data-created_by=\"avia_inline_auto\" id=\"style-css-av-lpsld58p-610c6bfe101b3b5c755df5dbf83a0c1a\">\n#top .av_textblock_section.av-lpsld58p-610c6bfe101b3b5c755df5dbf83a0c1a .avia_textblock{\nfont-size:16px;\n}\n<\/style>\n<section  class='av_textblock_section av-lpsld58p-610c6bfe101b3b5c755df5dbf83a0c1a'   itemscope=\"itemscope\" itemtype=\"https:\/\/schema.org\/CreativeWork\" ><div class='avia_textblock'  itemprop=\"text\" ><p>Neben den Beratungsangeboten ist es bei COURAGE* m\u00f6glich, an psychotherapeutischen Gruppen sowie Selbsthilfegruppen teilzunehmen. Diese dienen dazu, miteinander in Austausch zu treten, verschiedene Sichtweisen einzunehmen sowie gemeinsam an L\u00f6sungen zu arbeiten. Die Teilnahme an den Gruppen kann bewirken, dass der Leidensdruck bei den Teilnehmenden gelindert wird und sie sich dadurch erleichtert f\u00fchlen.<\/p>\n<p>COURAGE* bietet folgende Gruppen in den jeweiligen Bundesl\u00e4ndern an:<\/p>\n<\/div><\/section><br \/>\n\n<style type=\"text\/css\" data-created_by=\"avia_inline_auto\" id=\"style-css-av-lt9071wi-a312304431008d6317708151e86ec7e0\">\n#top .hr.hr-invisible.av-lt9071wi-a312304431008d6317708151e86ec7e0{\nheight:25px;\n}\n<\/style>\n<div  class='hr av-lt9071wi-a312304431008d6317708151e86ec7e0 hr-invisible  avia-builder-el-8  el_after_av_textblock  el_before_av_buttonrow'><span class='hr-inner'><span class=\"hr-inner-style\"><\/span><\/span><\/div><br \/>\n\n<style type=\"text\/css\" data-created_by=\"avia_inline_auto\" id=\"style-css-av-ml986jhu-ea65cd5fd886f031c52cd19eac987524\">\n.avia-buttonrow-wrap.av-ml986jhu-ea65cd5fd886f031c52cd19eac987524 .avia-button{\nfont-size:22px;\n}\n<\/style>\n<div  class='avia-buttonrow-wrap av-ml986jhu-ea65cd5fd886f031c52cd19eac987524 avia-buttonrow-left  avia-builder-el-9  el_after_av_hr  avia-builder-el-last'>\n\n<style type=\"text\/css\" data-created_by=\"avia_inline_auto\" id=\"style-css-av-c6bruk-f11a844701415e0da4701a1d9c17f441\">\n#top #wrap_all .avia-button.av-c6bruk-f11a844701415e0da4701a1d9c17f441{\nmargin-bottom:5px;\nmargin-right:5px;\n}\n#top #wrap_all .avia-button.av-c6bruk-f11a844701415e0da4701a1d9c17f441:hover{\ncolor:white;\ntransition:all 0.4s ease-in-out;\n}\n#top #wrap_all .avia-button.av-c6bruk-f11a844701415e0da4701a1d9c17f441:hover .avia-svg-icon svg:first-child{\nfill:white;\nstroke:white;\n}\n<\/style>\n<a href='https:\/\/www.courage-beratung.at\/en\/gruppen-wien-2\/'  class='avia-button av-c6bruk-f11a844701415e0da4701a1d9c17f441 avia-icon_select-no avia-size-medium avia-color-light avia-font-color-theme-color'   aria-label=\"GRUPPEN IN WIEN\"><span class='avia_iconbox_title' >GRUPPEN IN WIEN<\/span><span class='avia_button_background avia-button avia-color-theme-color-highlight' ><\/span><\/a>\n\n<style type=\"text\/css\" data-created_by=\"avia_inline_auto\" id=\"style-css-av-arnkjw-ca581cadeb80446588f8a6fb38c62ed4\">\n#top #wrap_all .avia-button.av-arnkjw-ca581cadeb80446588f8a6fb38c62ed4{\nmargin-bottom:5px;\nmargin-right:5px;\n}\n#top #wrap_all .avia-button.av-arnkjw-ca581cadeb80446588f8a6fb38c62ed4:hover{\ncolor:white;\ntransition:all 0.4s ease-in-out;\n}\n#top #wrap_all .avia-button.av-arnkjw-ca581cadeb80446588f8a6fb38c62ed4:hover .avia-svg-icon svg:first-child{\nfill:white;\nstroke:white;\n}\n<\/style>\n<a href='https:\/\/www.courage-beratung.at\/en\/gruppen-graz-2\/'  class='avia-button av-arnkjw-ca581cadeb80446588f8a6fb38c62ed4 avia-icon_select-no avia-size-medium avia-color-light avia-font-color-theme-color'   aria-label=\"GRUPPEN IN GRAZ\"><span class='avia_iconbox_title' >GRUPPEN IN GRAZ<\/span><span class='avia_button_background avia-button avia-color-theme-color-highlight' ><\/span><\/a>\n\n<style type=\"text\/css\" data-created_by=\"avia_inline_auto\" id=\"style-css-av-8yv6i4-67f9f596697c0b1a0a620abb4284de77\">\n#top #wrap_all .avia-button.av-8yv6i4-67f9f596697c0b1a0a620abb4284de77{\nmargin-bottom:5px;\nmargin-right:5px;\n}\n#top #wrap_all .avia-button.av-8yv6i4-67f9f596697c0b1a0a620abb4284de77:hover{\ncolor:white;\ntransition:all 0.4s ease-in-out;\n}\n#top #wrap_all .avia-button.av-8yv6i4-67f9f596697c0b1a0a620abb4284de77:hover .avia-svg-icon svg:first-child{\nfill:white;\nstroke:white;\n}\n<\/style>\n<a href='https:\/\/www.courage-beratung.at\/en\/gruppen-inssbruck\/'  class='avia-button av-8yv6i4-67f9f596697c0b1a0a620abb4284de77 avia-icon_select-no avia-size-medium avia-color-light avia-font-color-theme-color'   aria-label=\"GRUPPEN IN INNSBRUCK\"><span class='avia_iconbox_title' >GRUPPEN IN INNSBRUCK<\/span><span class='avia_button_background avia-button avia-color-theme-color-highlight' ><\/span><\/a>\n\n<style type=\"text\/css\" data-created_by=\"avia_inline_auto\" id=\"style-css-av-87wvy4-9817e94c1d9276562ee0996d0db6e9f0\">\n#top #wrap_all .avia-button.av-87wvy4-9817e94c1d9276562ee0996d0db6e9f0{\nmargin-bottom:5px;\nmargin-right:5px;\n}\n#top #wrap_all .avia-button.av-87wvy4-9817e94c1d9276562ee0996d0db6e9f0:hover{\ncolor:white;\ntransition:all 0.4s ease-in-out;\n}\n#top #wrap_all .avia-button.av-87wvy4-9817e94c1d9276562ee0996d0db6e9f0:hover .avia-svg-icon svg:first-child{\nfill:white;\nstroke:white;\n}\n<\/style>\n<a href='https:\/\/www.courage-beratung.at\/en\/gruppen-wien\/'  class='avia-button av-87wvy4-9817e94c1d9276562ee0996d0db6e9f0 avia-icon_select-no avia-size-medium avia-color-light avia-font-color-theme-color'   aria-label=\"GRUPPEN IN SALZBURG\"><span class='avia_iconbox_title' >GRUPPEN IN SALZBURG<\/span><span class='avia_button_background avia-button avia-color-theme-color-highlight' ><\/span><\/a>\n\n<style type=\"text\/css\" data-created_by=\"avia_inline_auto\" id=\"style-css-av-5vz730-ac31a952495e99fd736d669621c3a27b\">\n#top #wrap_all .avia-button.av-5vz730-ac31a952495e99fd736d669621c3a27b{\nmargin-bottom:5px;\nmargin-right:5px;\n}\n#top #wrap_all .avia-button.av-5vz730-ac31a952495e99fd736d669621c3a27b:hover{\ncolor:white;\ntransition:all 0.4s ease-in-out;\n}\n#top #wrap_all .avia-button.av-5vz730-ac31a952495e99fd736d669621c3a27b:hover .avia-svg-icon svg:first-child{\nfill:white;\nstroke:white;\n}\n<\/style>\n<a href='https:\/\/www.courage-beratung.at\/en\/gruppen-linz\/'  class='avia-button av-5vz730-ac31a952495e99fd736d669621c3a27b avia-icon_select-no avia-size-medium avia-color-light avia-font-color-theme-color'   aria-label=\"GRUPPEN IN LINZ\"><span class='avia_iconbox_title' >GRUPPEN IN LINZ<\/span><span class='avia_button_background avia-button avia-color-theme-color-highlight' ><\/span><\/a>\n\n<style type=\"text\/css\" data-created_by=\"avia_inline_auto\" id=\"style-css-av-4022e4-ad0744929b6dc487b373dbb2ad866879\">\n#top #wrap_all .avia-button.av-4022e4-ad0744929b6dc487b373dbb2ad866879{\nmargin-bottom:5px;\nmargin-right:5px;\n}\n#top #wrap_all .avia-button.av-4022e4-ad0744929b6dc487b373dbb2ad866879:hover{\ncolor:white;\ntransition:all 0.4s ease-in-out;\n}\n#top #wrap_all .avia-button.av-4022e4-ad0744929b6dc487b373dbb2ad866879:hover .avia-svg-icon svg:first-child{\nfill:white;\nstroke:white;\n}\n<\/style>\n<a href='https:\/\/www.courage-beratung.at\/en\/gruppen-klagenfurt\/'  class='avia-button av-4022e4-ad0744929b6dc487b373dbb2ad866879 avia-icon_select-no avia-size-medium avia-color-light avia-font-color-theme-color'   aria-label=\"GRUPPEN IN KLAGENFURT\"><span class='avia_iconbox_title' >GRUPPEN IN KLAGENFURT<\/span><span class='avia_button_background avia-button avia-color-theme-color-highlight' ><\/span><\/a>\n\n<style type=\"text\/css\" data-created_by=\"avia_inline_auto\" id=\"style-css-av-2nsvt8-a316863c04ef16a753d2a2e8b9c16aee\">\n#top #wrap_all .avia-button.av-2nsvt8-a316863c04ef16a753d2a2e8b9c16aee{\nmargin-bottom:5px;\nmargin-right:5px;\n}\n#top #wrap_all .avia-button.av-2nsvt8-a316863c04ef16a753d2a2e8b9c16aee:hover{\ncolor:white;\ntransition:all 0.4s ease-in-out;\n}\n#top #wrap_all .avia-button.av-2nsvt8-a316863c04ef16a753d2a2e8b9c16aee:hover .avia-svg-icon svg:first-child{\nfill:white;\nstroke:white;\n}\n<\/style>\n<a href='https:\/\/www.courage-beratung.at\/en\/gruppen-graz\/'  class='avia-button av-2nsvt8-a316863c04ef16a753d2a2e8b9c16aee avia-icon_select-no avia-size-medium avia-color-light avia-font-color-theme-color'   aria-label=\"GRUPPEN IN ST.P\u00d6LTEN\"><span class='avia_iconbox_title' >GRUPPEN IN ST.P\u00d6LTEN<\/span><span class='avia_button_background avia-button avia-color-theme-color-highlight' ><\/span><\/a>\n\n<style type=\"text\/css\" data-created_by=\"avia_inline_auto\" id=\"style-css-av-ml986isk-dd3887bdeb68c2c1ceecf4dce65ae3df\">\n#top #wrap_all .avia-button.av-ml986isk-dd3887bdeb68c2c1ceecf4dce65ae3df{\nmargin-bottom:5px;\nmargin-right:5px;\n}\n#top #wrap_all .avia-button.av-ml986isk-dd3887bdeb68c2c1ceecf4dce65ae3df:hover{\ncolor:white;\ntransition:all 0.4s ease-in-out;\n}\n#top #wrap_all .avia-button.av-ml986isk-dd3887bdeb68c2c1ceecf4dce65ae3df:hover .avia-svg-icon svg:first-child{\nfill:white;\nstroke:white;\n}\n<\/style>\n<a href=''  class='avia-button av-ml986isk-dd3887bdeb68c2c1ceecf4dce65ae3df avia-icon_select-no avia-size-medium avia-color-light avia-font-color-theme-color'   aria-label=\"GRUPPEN IN EISENSTADT\"><span class='avia_iconbox_title' >GRUPPEN IN EISENSTADT<\/span><span class='avia_button_background avia-button avia-color-theme-color-highlight' ><\/span><\/a>\n<\/div><\/p>\n<\/div><\/div><\/div>\n<style type=\"text\/css\" data-created_by=\"avia_inline_auto\" id=\"style-css-av-lpix07mc-0bfca1781d09f4c76ea1060db364a410\">\n.av-layout-tab.av-lpix07mc-0bfca1781d09f4c76ea1060db364a410{\nvertical-align:top;\nbackground-color:#555f8d;\n}\n#top .av-tab-section-outer-container.av-lpiw342s-afeca86a4d0f6fe1e778325dc4bc6198 .av-active-tab-title.av-section-tab-title.av-lpix07mc-0bfca1781d09f4c76ea1060db364a410 .av-tab-arrow-container span{\nbackground-color:#555f8d;\n}\n<\/style>\n<div id='av-tab-section-1-3' class='av-layout-tab av-lpix07mc-0bfca1781d09f4c76ea1060db364a410 av-animation-delay-container  avia-builder-el-10  el_after_av_tab_sub_section  el_before_av_tab_sub_section' data-av-deeplink-tabs=\"\" data-av-tab-section-content=\"3\" data-tab-section-id=\"projekte\"><div class=\"av-layout-tab-inner\"><div class=\"container\"><p><div  data-slideshow-options=\"{&quot;animation&quot;:&quot;fade&quot;,&quot;autoplay&quot;:false,&quot;loop_autoplay&quot;:&quot;once&quot;,&quot;interval&quot;:&quot;5&quot;,&quot;loop_manual&quot;:&quot;manual-endless&quot;,&quot;autoplay_stopper&quot;:false,&quot;noNavigation&quot;:false,&quot;show_slide_delay&quot;:90}\" class='avia-content-slider avia-content-slider-active avia-content-slider1 avia-content-slider-even  avia-builder-el-11  el_before_av_postslider  avia-builder-el-first  projekte-slider av-slideshow-ui av-control-default   av-no-slider-navigation av-slideshow-manual av-loop-once av-loop-manual-endless'  itemscope=\"itemscope\" itemtype=\"https:\/\/schema.org\/Blog\" ><div class=\"avia-content-slider-inner\"><div class=\"slide-entry-wrap\"><article class='slide-entry flex_column  post-entry post-entry-6407 slide-entry-overview slide-loop-1 slide-parity-odd  av_one_fourth first real-thumbnail posttype-post post-format-standard'  itemscope=\"itemscope\" itemtype=\"https:\/\/schema.org\/CreativeWork\" ><a href='https:\/\/www.courage-beratung.at\/en\/2025\/09\/29\/transfeeme-nonbinary-qa\/' data-rel='slide-1' class='slide-image' title='Transfemme \/ Nonbinary Q&#038;A'><img decoding=\"async\" fetchpriority=\"high\" width=\"260\" height=\"185\" src=\"https:\/\/www.courage-beratung.at\/wp-content\/uploads\/2025\/09\/Courage-Workshop-_-qmp-260x185.png\" class=\"wp-image-6410 avia-img-lazy-loading-not-6410 attachment-portfolio_small size-portfolio_small wp-post-image\" alt=\"\" \/><\/a><div class=\"slide-content\"><header class=\"entry-content-header\" aria-label=\"Slide: Transfemme \/ Nonbinary Q&amp;A\"><span class=\"blog-categories minor-meta\"><a href=\"https:\/\/www.courage-beratung.at\/en\/category\/projekte\/\" rel=\"tag\">Projekte<\/a>, <a href=\"https:\/\/www.courage-beratung.at\/en\/category\/sexuelle-bildung\/\" rel=\"tag\">Sexuelle Bildung<\/a> <\/span><h3 class='slide-entry-title entry-title'  itemprop=\"headline\" ><a href='https:\/\/www.courage-beratung.at\/en\/2025\/09\/29\/transfeeme-nonbinary-qa\/' title='Transfemme \/ Nonbinary Q&#038;A'>Transfemme \/ Nonbinary Q&#038;A<\/a><\/h3><span class=\"av-vertical-delimiter\"><\/span><\/header><div class='slide-entry-excerpt entry-content'  itemprop=\"text\" >in Kooperation mit Queer my Pleasure<br>\nOrt: COURAGE*Graz, Pl\u00fcddemanngasse 39, 8010 Graz<br>\nDatum: Freitag, 03. Oktober 2025<br>\nUhrzeit: 16:00 - 20:00 Uhr<br><\/div><\/div><footer class=\"entry-footer\"><div class=\"slide-meta\"><time class='slide-meta-time updated'  itemprop=\"datePublished\" datetime=\"2025-09-29T16:44:53+02:00\" >29. September 2025<\/time><\/div><\/footer><span class='hidden'>\n\t\t\t\t<span class='av-structured-data'  itemprop=\"image\" itemscope=\"itemscope\" itemtype=\"https:\/\/schema.org\/ImageObject\" >\n\t\t\t\t\t\t<span itemprop='url'>https:\/\/www.courage-beratung.at\/wp-content\/uploads\/2025\/09\/Courage-Workshop-_-qmp.png<\/span>\n\t\t\t\t\t\t<span itemprop='height'>1350<\/span>\n\t\t\t\t\t\t<span itemprop='width'>1080<\/span>\n\t\t\t\t<\/span>\n\t\t\t\t<span class='av-structured-data'  itemprop=\"publisher\" itemtype=\"https:\/\/schema.org\/Organization\" itemscope=\"itemscope\" >\n\t\t\t\t\t\t<span itemprop='name'>Nemanja<\/span>\n\t\t\t\t\t\t<span itemprop='logo' itemscope itemtype='https:\/\/schema.org\/ImageObject'>\n\t\t\t\t\t\t\t<span itemprop='url'>https:\/\/www.courage-beratung.at\/wp-content\/uploads\/2023\/12\/COURAGE_LOGO_WEB_2022_RGB.svg<\/span>\n\t\t\t\t\t\t<\/span>\n\t\t\t\t<\/span><span class='av-structured-data'  itemprop=\"author\" itemscope=\"itemscope\" itemtype=\"https:\/\/schema.org\/Person\" ><span itemprop='name'>Nemanja<\/span><\/span><span class='av-structured-data'  itemprop=\"datePublished\" datetime=\"2023-11-15T21:10:29+01:00\" >2025-09-29 16:44:53<\/span><span class='av-structured-data'  itemprop=\"dateModified\" itemtype=\"https:\/\/schema.org\/dateModified\" >2025-09-29 16:51:35<\/span><span class='av-structured-data'  itemprop=\"mainEntityOfPage\" itemtype=\"https:\/\/schema.org\/mainEntityOfPage\" ><span itemprop='name'>Transfemme \/ Nonbinary Q&#038;A<\/span><\/span><\/span><\/article><article class='slide-entry flex_column  post-entry post-entry-5061 slide-entry-overview slide-loop-2 slide-parity-even  av_one_fourth  real-thumbnail posttype-post post-format-standard'  itemscope=\"itemscope\" itemtype=\"https:\/\/schema.org\/CreativeWork\" ><a href='https:\/\/www.courage-beratung.at\/en\/2025\/02\/06\/ytic2025\/' data-rel='slide-1' class='slide-image' title='ACHTES YOUNG TRANS* UND INTER CAMP IM JUFA NEUTAL\/BURGENLAND'><img decoding=\"async\" fetchpriority=\"high\" width=\"260\" height=\"185\" src=\"https:\/\/www.courage-beratung.at\/wp-content\/uploads\/2025\/02\/1721761569838-scaled-1-260x185.jpg\" class=\"wp-image-5069 avia-img-lazy-loading-not-5069 attachment-portfolio_small size-portfolio_small wp-post-image\" alt=\"\" srcset=\"https:\/\/www.courage-beratung.at\/wp-content\/uploads\/2025\/02\/1721761569838-scaled-1-260x185.jpg 260w, https:\/\/www.courage-beratung.at\/wp-content\/uploads\/2025\/02\/1721761569838-scaled-1-18x12.jpg 18w\" sizes=\"(max-width: 260px) 100vw, 260px\" \/><\/a><div class=\"slide-content\"><header class=\"entry-content-header\" aria-label=\"Slide: ACHTES YOUNG TRANS* UND INTER CAMP IM JUFA NEUTAL\/BURGENLAND\"><span class=\"blog-categories minor-meta\"><a href=\"https:\/\/www.courage-beratung.at\/en\/category\/projekte\/\" rel=\"tag\">Projekte<\/a> <\/span><h3 class='slide-entry-title entry-title'  itemprop=\"headline\" ><a href='https:\/\/www.courage-beratung.at\/en\/2025\/02\/06\/ytic2025\/' title='ACHTES YOUNG TRANS* UND INTER CAMP IM JUFA NEUTAL\/BURGENLAND'>ACHTES YOUNG TRANS* UND INTER CAMP IM JUFA NEUTAL\/BURGENLAND<\/a><\/h3><span class=\"av-vertical-delimiter\"><\/span><\/header><div class='slide-entry-excerpt entry-content'  itemprop=\"text\" >Anmeldung ab sofort m\u00f6glich! <\/div><\/div><footer class=\"entry-footer\"><div class=\"slide-meta\"><time class='slide-meta-time updated'  itemprop=\"datePublished\" datetime=\"2025-02-06T12:51:07+01:00\" >6. February 2025<\/time><\/div><\/footer><span class='hidden'>\n\t\t\t\t<span class='av-structured-data'  itemprop=\"image\" itemscope=\"itemscope\" itemtype=\"https:\/\/schema.org\/ImageObject\" >\n\t\t\t\t\t\t<span itemprop='url'>https:\/\/www.courage-beratung.at\/wp-content\/uploads\/2025\/02\/1721761569838-scaled-1.jpg<\/span>\n\t\t\t\t\t\t<span itemprop='height'>1410<\/span>\n\t\t\t\t\t\t<span itemprop='width'>2200<\/span>\n\t\t\t\t<\/span>\n\t\t\t\t<span class='av-structured-data'  itemprop=\"publisher\" itemtype=\"https:\/\/schema.org\/Organization\" itemscope=\"itemscope\" >\n\t\t\t\t\t\t<span itemprop='name'>Nemanja<\/span>\n\t\t\t\t\t\t<span itemprop='logo' itemscope itemtype='https:\/\/schema.org\/ImageObject'>\n\t\t\t\t\t\t\t<span itemprop='url'>https:\/\/www.courage-beratung.at\/wp-content\/uploads\/2023\/12\/COURAGE_LOGO_WEB_2022_RGB.svg<\/span>\n\t\t\t\t\t\t<\/span>\n\t\t\t\t<\/span><span class='av-structured-data'  itemprop=\"author\" itemscope=\"itemscope\" itemtype=\"https:\/\/schema.org\/Person\" ><span itemprop='name'>Nemanja<\/span><\/span><span class='av-structured-data'  itemprop=\"datePublished\" datetime=\"2023-11-15T21:10:29+01:00\" >2025-02-06 12:51:07<\/span><span class='av-structured-data'  itemprop=\"dateModified\" itemtype=\"https:\/\/schema.org\/dateModified\" >2025-03-29 11:50:21<\/span><span class='av-structured-data'  itemprop=\"mainEntityOfPage\" itemtype=\"https:\/\/schema.org\/mainEntityOfPage\" ><span itemprop='name'>ACHTES YOUNG TRANS* UND INTER CAMP IM JUFA NEUTAL\/BURGENLAND<\/span><\/span><\/span><\/article><article class='slide-entry flex_column  post-entry post-entry-2131 slide-entry-overview slide-loop-3 slide-parity-odd  av_one_fourth  real-thumbnail posttype-post post-format-standard'  itemscope=\"itemscope\" itemtype=\"https:\/\/schema.org\/CreativeWork\" ><a href='https:\/\/www.courage-beratung.at\/en\/2024\/03\/05\/projekt-7\/' data-rel='slide-1' class='slide-image' title='SIEBTES YOUNG TRANS* UND INTER CAMP IM JUFA NEUTAL\/BURGENLAND'><img decoding=\"async\" fetchpriority=\"high\" width=\"260\" height=\"185\" src=\"https:\/\/www.courage-beratung.at\/wp-content\/uploads\/2024\/03\/Image_Editor-260x185.png\" class=\"wp-image-2279 avia-img-lazy-loading-not-2279 attachment-portfolio_small size-portfolio_small wp-post-image\" alt=\"\" \/><\/a><div class=\"slide-content\"><header class=\"entry-content-header\" aria-label=\"Slide: SIEBTES YOUNG TRANS* UND INTER CAMP IM JUFA NEUTAL\/BURGENLAND\"><span class=\"blog-categories minor-meta\"><a href=\"https:\/\/www.courage-beratung.at\/en\/category\/projekte\/\" rel=\"tag\">Projekte<\/a> <\/span><h3 class='slide-entry-title entry-title'  itemprop=\"headline\" ><a href='https:\/\/www.courage-beratung.at\/en\/2024\/03\/05\/projekt-7\/' title='SIEBTES YOUNG TRANS* UND INTER CAMP IM JUFA NEUTAL\/BURGENLAND'>SIEBTES YOUNG TRANS* UND INTER CAMP IM JUFA NEUTAL\/BURGENLAND<\/a><\/h3><span class=\"av-vertical-delimiter\"><\/span><\/header><div class='slide-entry-excerpt entry-content'  itemprop=\"text\" >Anmeldung ab sofort m\u00f6glich!<\/div><\/div><footer class=\"entry-footer\"><div class=\"slide-meta\"><time class='slide-meta-time updated'  itemprop=\"datePublished\" datetime=\"2024-03-05T14:05:16+01:00\" >5. March 2024<\/time><\/div><\/footer><span class='hidden'>\n\t\t\t\t<span class='av-structured-data'  itemprop=\"image\" itemscope=\"itemscope\" itemtype=\"https:\/\/schema.org\/ImageObject\" >\n\t\t\t\t\t\t<span itemprop='url'>https:\/\/www.courage-beratung.at\/wp-content\/uploads\/2024\/03\/Image_Editor.png<\/span>\n\t\t\t\t\t\t<span itemprop='height'>940<\/span>\n\t\t\t\t\t\t<span itemprop='width'>940<\/span>\n\t\t\t\t<\/span>\n\t\t\t\t<span class='av-structured-data'  itemprop=\"publisher\" itemtype=\"https:\/\/schema.org\/Organization\" itemscope=\"itemscope\" >\n\t\t\t\t\t\t<span itemprop='name'>Vincent<\/span>\n\t\t\t\t\t\t<span itemprop='logo' itemscope itemtype='https:\/\/schema.org\/ImageObject'>\n\t\t\t\t\t\t\t<span itemprop='url'>https:\/\/www.courage-beratung.at\/wp-content\/uploads\/2023\/12\/COURAGE_LOGO_WEB_2022_RGB.svg<\/span>\n\t\t\t\t\t\t<\/span>\n\t\t\t\t<\/span><span class='av-structured-data'  itemprop=\"author\" itemscope=\"itemscope\" itemtype=\"https:\/\/schema.org\/Person\" ><span itemprop='name'>Vincent<\/span><\/span><span class='av-structured-data'  itemprop=\"datePublished\" datetime=\"2023-11-15T21:10:29+01:00\" >2024-03-05 14:05:16<\/span><span class='av-structured-data'  itemprop=\"dateModified\" itemtype=\"https:\/\/schema.org\/dateModified\" >2024-03-21 11:47:34<\/span><span class='av-structured-data'  itemprop=\"mainEntityOfPage\" itemtype=\"https:\/\/schema.org\/mainEntityOfPage\" ><span itemprop='name'>SIEBTES YOUNG TRANS* UND INTER CAMP IM JUFA NEUTAL\/BURGENLAND<\/span><\/span><\/span><\/article><article class='slide-entry flex_column  post-entry post-entry-1971 slide-entry-overview slide-loop-4 slide-parity-even  av_one_fourth  real-thumbnail posttype-post post-format-standard'  itemscope=\"itemscope\" itemtype=\"https:\/\/schema.org\/CreativeWork\" ><a href='https:\/\/www.courage-beratung.at\/en\/2023\/02\/24\/projekt-3\/' data-rel='slide-1' class='slide-image' title='Young Trans*Inter*Camp 2023'><img decoding=\"async\" fetchpriority=\"high\" width=\"260\" height=\"185\" src=\"https:\/\/www.courage-beratung.at\/wp-content\/uploads\/2024\/02\/17508179-260x185.jpg\" class=\"wp-image-2466 avia-img-lazy-loading-not-2466 attachment-portfolio_small size-portfolio_small wp-post-image\" alt=\"\" srcset=\"https:\/\/www.courage-beratung.at\/wp-content\/uploads\/2024\/02\/17508179-260x185.jpg 260w, https:\/\/www.courage-beratung.at\/wp-content\/uploads\/2024\/02\/17508179-18x12.jpg 18w\" sizes=\"(max-width: 260px) 100vw, 260px\" \/><\/a><div class=\"slide-content\"><header class=\"entry-content-header\" aria-label=\"Slide: Young Trans*Inter*Camp 2023\"><span class=\"blog-categories minor-meta\"><a href=\"https:\/\/www.courage-beratung.at\/en\/category\/projekte\/\" rel=\"tag\">Projekte<\/a> <\/span><h3 class='slide-entry-title entry-title'  itemprop=\"headline\" ><a href='https:\/\/www.courage-beratung.at\/en\/2023\/02\/24\/projekt-3\/' title='Young Trans*Inter*Camp 2023'>Young Trans*Inter*Camp 2023<\/a><\/h3><span class=\"av-vertical-delimiter\"><\/span><\/header><div class='slide-entry-excerpt entry-content'  itemprop=\"text\" >Vom 19.Juli 2022 \u2013 23.Juli 2022\n\nfindet erneut das Young Trans*Inter*Camp f\u00fcr Kinder und Jugendliche zwischen 10 und 22 Jahren statt. Heuer werden wir im Jufa in Bleiburg\/K\u00e4rnten sein. Ihr k\u00f6nnt euch ab jetzt daf\u00fcr anmelden. Die Anmeldung ist fix sobald der Campbeitrag bezahlt ist.<\/div><\/div><footer class=\"entry-footer\"><div class=\"slide-meta\"><time class='slide-meta-time updated'  itemprop=\"datePublished\" datetime=\"2023-02-24T10:44:00+01:00\" >24. February 2023<\/time><\/div><\/footer><span class='hidden'>\n\t\t\t\t<span class='av-structured-data'  itemprop=\"image\" itemscope=\"itemscope\" itemtype=\"https:\/\/schema.org\/ImageObject\" >\n\t\t\t\t\t\t<span itemprop='url'>https:\/\/www.courage-beratung.at\/wp-content\/uploads\/2024\/02\/17508179.jpg<\/span>\n\t\t\t\t\t\t<span itemprop='height'>683<\/span>\n\t\t\t\t\t\t<span itemprop='width'>1024<\/span>\n\t\t\t\t<\/span>\n\t\t\t\t<span class='av-structured-data'  itemprop=\"publisher\" itemtype=\"https:\/\/schema.org\/Organization\" itemscope=\"itemscope\" >\n\t\t\t\t\t\t<span itemprop='name'>Vincent<\/span>\n\t\t\t\t\t\t<span itemprop='logo' itemscope itemtype='https:\/\/schema.org\/ImageObject'>\n\t\t\t\t\t\t\t<span itemprop='url'>https:\/\/www.courage-beratung.at\/wp-content\/uploads\/2023\/12\/COURAGE_LOGO_WEB_2022_RGB.svg<\/span>\n\t\t\t\t\t\t<\/span>\n\t\t\t\t<\/span><span class='av-structured-data'  itemprop=\"author\" itemscope=\"itemscope\" itemtype=\"https:\/\/schema.org\/Person\" ><span itemprop='name'>Vincent<\/span><\/span><span class='av-structured-data'  itemprop=\"datePublished\" datetime=\"2023-11-15T21:10:29+01:00\" >2023-02-24 10:44:00<\/span><span class='av-structured-data'  itemprop=\"dateModified\" itemtype=\"https:\/\/schema.org\/dateModified\" >2024-03-18 16:02:28<\/span><span class='av-structured-data'  itemprop=\"mainEntityOfPage\" itemtype=\"https:\/\/schema.org\/mainEntityOfPage\" ><span itemprop='name'>Young Trans*Inter*Camp 2023<\/span><\/span><\/span><\/article><\/div><div class=\"slide-entry-wrap\"><article class='slide-entry flex_column  post-entry post-entry-1651 slide-entry-overview slide-loop-5 slide-parity-odd  post-entry-last  av_one_fourth first real-thumbnail posttype-post post-format-standard'  itemscope=\"itemscope\" itemtype=\"https:\/\/schema.org\/CreativeWork\" ><a href='https:\/\/www.courage-beratung.at\/en\/2022\/02\/07\/projekt-1\/' data-rel='slide-1' class='slide-image' title='Young Trans*Inter*Camp 2022'><img decoding=\"async\" fetchpriority=\"high\" width=\"260\" height=\"185\" src=\"https:\/\/www.courage-beratung.at\/wp-content\/uploads\/2024\/02\/mur-murau-rathaus-sonnenschein-sommer-jufa-hotels-260x185.jpg\" class=\"wp-image-2470 avia-img-lazy-loading-not-2470 attachment-portfolio_small size-portfolio_small wp-post-image\" alt=\"\" srcset=\"https:\/\/www.courage-beratung.at\/wp-content\/uploads\/2024\/02\/mur-murau-rathaus-sonnenschein-sommer-jufa-hotels-260x185.jpg 260w, https:\/\/www.courage-beratung.at\/wp-content\/uploads\/2024\/02\/mur-murau-rathaus-sonnenschein-sommer-jufa-hotels-18x12.jpg 18w\" sizes=\"(max-width: 260px) 100vw, 260px\" \/><\/a><div class=\"slide-content\"><header class=\"entry-content-header\" aria-label=\"Slide: Young Trans*Inter*Camp 2022\"><span class=\"blog-categories minor-meta\"><a href=\"https:\/\/www.courage-beratung.at\/en\/category\/projekte\/\" rel=\"tag\">Projekte<\/a> <\/span><h3 class='slide-entry-title entry-title'  itemprop=\"headline\" ><a href='https:\/\/www.courage-beratung.at\/en\/2022\/02\/07\/projekt-1\/' title='Young Trans*Inter*Camp 2022'>Young Trans*Inter*Camp 2022<\/a><\/h3><span class=\"av-vertical-delimiter\"><\/span><\/header><div class='slide-entry-excerpt entry-content'  itemprop=\"text\" >Vom 13.Juli 2022 \u2013 17.Juli 2022\nfindet erneut das Young Trans*Inter*Camp f\u00fcr Kinder und Jugendliche zwischen 10 und 22 Jahren statt. Heuer werden wir im Jufa in Murau\/Steiermark sein. Ihr k\u00f6nnt euch ab jetzt daf\u00fcr anmelden. Die Anmeldung ist fix sobald der Campbeitrag bezahlt ist.<\/div><\/div><footer class=\"entry-footer\"><div class=\"slide-meta\"><time class='slide-meta-time updated'  itemprop=\"datePublished\" datetime=\"2022-02-07T12:25:00+01:00\" >7. February 2022<\/time><\/div><\/footer><span class='hidden'>\n\t\t\t\t<span class='av-structured-data'  itemprop=\"image\" itemscope=\"itemscope\" itemtype=\"https:\/\/schema.org\/ImageObject\" >\n\t\t\t\t\t\t<span itemprop='url'>https:\/\/www.courage-beratung.at\/wp-content\/uploads\/2024\/02\/mur-murau-rathaus-sonnenschein-sommer-jufa-hotels.jpg<\/span>\n\t\t\t\t\t\t<span itemprop='height'>907<\/span>\n\t\t\t\t\t\t<span itemprop='width'>1360<\/span>\n\t\t\t\t<\/span>\n\t\t\t\t<span class='av-structured-data'  itemprop=\"publisher\" itemtype=\"https:\/\/schema.org\/Organization\" itemscope=\"itemscope\" >\n\t\t\t\t\t\t<span itemprop='name'>Vincent<\/span>\n\t\t\t\t\t\t<span itemprop='logo' itemscope itemtype='https:\/\/schema.org\/ImageObject'>\n\t\t\t\t\t\t\t<span itemprop='url'>https:\/\/www.courage-beratung.at\/wp-content\/uploads\/2023\/12\/COURAGE_LOGO_WEB_2022_RGB.svg<\/span>\n\t\t\t\t\t\t<\/span>\n\t\t\t\t<\/span><span class='av-structured-data'  itemprop=\"author\" itemscope=\"itemscope\" itemtype=\"https:\/\/schema.org\/Person\" ><span itemprop='name'>Vincent<\/span><\/span><span class='av-structured-data'  itemprop=\"datePublished\" datetime=\"2023-11-15T21:10:29+01:00\" >2022-02-07 12:25:00<\/span><span class='av-structured-data'  itemprop=\"dateModified\" itemtype=\"https:\/\/schema.org\/dateModified\" >2024-03-18 16:01:45<\/span><span class='av-structured-data'  itemprop=\"mainEntityOfPage\" itemtype=\"https:\/\/schema.org\/mainEntityOfPage\" ><span itemprop='name'>Young Trans*Inter*Camp 2022<\/span><\/span><\/span><\/article><\/div><\/div><div class='avia-slideshow-arrows avia-slideshow-controls' ><a href='#prev' class='prev-slide  avia-svg-icon avia-font-svg_entypo-fontello' data-av_svg_icon='left-open-big' data-av_iconset='svg_entypo-fontello' tabindex='-1' title=\"Previous\"><svg version=\"1.1\" xmlns=\"http:\/\/www.w3.org\/2000\/svg\" width=\"15\" height=\"32\" viewbox=\"0 0 15 32\" preserveaspectratio=\"xMidYMid meet\" aria-labelledby='av-svg-title-6' aria-describedby='av-svg-desc-6' role=\"graphics-symbol\" aria-hidden=\"true\">\n<title id='av-svg-title-6'>Previous<\/title>\n<desc id='av-svg-desc-6'>Previous<\/desc>\n<path d=\"M14.464 27.84q0.832 0.832 0 1.536-0.832 0.832-1.536 0l-12.544-12.608q-0.768-0.768 0-1.6l12.544-12.608q0.704-0.832 1.536 0 0.832 0.704 0 1.536l-11.456 11.904z\"><\/path>\n<\/svg><span class='avia_hidden_link_text'>Previous<\/span><\/a><a href='#next' class='next-slide  avia-svg-icon avia-font-svg_entypo-fontello' data-av_svg_icon='right-open-big' data-av_iconset='svg_entypo-fontello' tabindex='-1' title=\"Next\"><svg version=\"1.1\" xmlns=\"http:\/\/www.w3.org\/2000\/svg\" width=\"15\" height=\"32\" viewbox=\"0 0 15 32\" preserveaspectratio=\"xMidYMid meet\" aria-labelledby='av-svg-title-7' aria-describedby='av-svg-desc-7' role=\"graphics-symbol\" aria-hidden=\"true\">\n<title id='av-svg-title-7'>Next<\/title>\n<desc id='av-svg-desc-7'>Next<\/desc>\n<path d=\"M0.416 27.84l11.456-11.84-11.456-11.904q-0.832-0.832 0-1.536 0.832-0.832 1.536 0l12.544 12.608q0.768 0.832 0 1.6l-12.544 12.608q-0.704 0.832-1.536 0-0.832-0.704 0-1.536z\"><\/path>\n<\/svg><span class='avia_hidden_link_text'>Next<\/span><\/a><\/div><\/div><br \/>\n<div  data-slideshow-options=\"{&quot;animation&quot;:&quot;fade&quot;,&quot;autoplay&quot;:false,&quot;loop_autoplay&quot;:&quot;once&quot;,&quot;interval&quot;:&quot;5&quot;,&quot;loop_manual&quot;:&quot;manual-endless&quot;,&quot;autoplay_stopper&quot;:false,&quot;noNavigation&quot;:false,&quot;show_slide_delay&quot;:90}\" class='avia-content-slider avia-content-slider-active avia-content-slider2 avia-content-slider-odd  avia-builder-el-12  el_after_av_postslider  avia-builder-el-last  qbz-slider-mobile av-slideshow-ui av-control-default   av-no-slider-navigation av-slideshow-manual av-loop-once av-loop-manual-endless'  itemscope=\"itemscope\" itemtype=\"https:\/\/schema.org\/Blog\" ><div class=\"avia-content-slider-inner\"><div class=\"slide-entry-wrap\"><article class='slide-entry flex_column  post-entry post-entry-6407 slide-entry-overview slide-loop-1 slide-parity-odd  av_fullwidth first real-thumbnail posttype-post post-format-standard'  itemscope=\"itemscope\" itemtype=\"https:\/\/schema.org\/CreativeWork\" ><a href='https:\/\/www.courage-beratung.at\/en\/2025\/09\/29\/transfeeme-nonbinary-qa\/' data-rel='slide-2' class='slide-image' title='Transfemme \/ Nonbinary Q&#038;A'><img decoding=\"async\" fetchpriority=\"high\" width=\"824\" height=\"1030\" src=\"https:\/\/www.courage-beratung.at\/wp-content\/uploads\/2025\/09\/Courage-Workshop-_-qmp-824x1030.png\" class=\"wp-image-6410 avia-img-lazy-loading-not-6410 attachment-large size-large wp-post-image\" alt=\"\" srcset=\"https:\/\/www.courage-beratung.at\/wp-content\/uploads\/2025\/09\/Courage-Workshop-_-qmp-824x1030.png 824w, https:\/\/www.courage-beratung.at\/wp-content\/uploads\/2025\/09\/Courage-Workshop-_-qmp-240x300.png 240w, https:\/\/www.courage-beratung.at\/wp-content\/uploads\/2025\/09\/Courage-Workshop-_-qmp-768x960.png 768w, https:\/\/www.courage-beratung.at\/wp-content\/uploads\/2025\/09\/Courage-Workshop-_-qmp-10x12.png 10w, https:\/\/www.courage-beratung.at\/wp-content\/uploads\/2025\/09\/Courage-Workshop-_-qmp-564x705.png 564w, https:\/\/www.courage-beratung.at\/wp-content\/uploads\/2025\/09\/Courage-Workshop-_-qmp.png 1080w\" sizes=\"(max-width: 824px) 100vw, 824px\" \/><\/a><div class=\"slide-content\"><header class=\"entry-content-header\" aria-label=\"Slide: Transfemme \/ Nonbinary Q&amp;A\"><span class=\"blog-categories minor-meta\"><a href=\"https:\/\/www.courage-beratung.at\/en\/category\/projekte\/\" rel=\"tag\">Projekte<\/a>, <a href=\"https:\/\/www.courage-beratung.at\/en\/category\/sexuelle-bildung\/\" rel=\"tag\">Sexuelle Bildung<\/a> <\/span><h3 class='slide-entry-title entry-title'  itemprop=\"headline\" ><a href='https:\/\/www.courage-beratung.at\/en\/2025\/09\/29\/transfeeme-nonbinary-qa\/' title='Transfemme \/ Nonbinary Q&#038;A'>Transfemme \/ Nonbinary Q&#038;A<\/a><\/h3><span class=\"av-vertical-delimiter\"><\/span><\/header><div class='slide-entry-excerpt entry-content'  itemprop=\"text\" >in Kooperation mit Queer my Pleasure<br>\nOrt: COURAGE*Graz, Pl\u00fcddemanngasse 39, 8010 Graz<br>\nDatum: Freitag, 03. Oktober 2025<br>\nUhrzeit: 16:00 - 20:00 Uhr<br><\/div><\/div><footer class=\"entry-footer\"><div class=\"slide-meta\"><time class='slide-meta-time updated'  itemprop=\"datePublished\" datetime=\"2025-09-29T16:44:53+02:00\" >29. September 2025<\/time><\/div><\/footer><span class='hidden'>\n\t\t\t\t<span class='av-structured-data'  itemprop=\"image\" itemscope=\"itemscope\" itemtype=\"https:\/\/schema.org\/ImageObject\" >\n\t\t\t\t\t\t<span itemprop='url'>https:\/\/www.courage-beratung.at\/wp-content\/uploads\/2025\/09\/Courage-Workshop-_-qmp.png<\/span>\n\t\t\t\t\t\t<span itemprop='height'>1350<\/span>\n\t\t\t\t\t\t<span itemprop='width'>1080<\/span>\n\t\t\t\t<\/span>\n\t\t\t\t<span class='av-structured-data'  itemprop=\"publisher\" itemtype=\"https:\/\/schema.org\/Organization\" itemscope=\"itemscope\" >\n\t\t\t\t\t\t<span itemprop='name'>Nemanja<\/span>\n\t\t\t\t\t\t<span itemprop='logo' itemscope itemtype='https:\/\/schema.org\/ImageObject'>\n\t\t\t\t\t\t\t<span itemprop='url'>https:\/\/www.courage-beratung.at\/wp-content\/uploads\/2023\/12\/COURAGE_LOGO_WEB_2022_RGB.svg<\/span>\n\t\t\t\t\t\t<\/span>\n\t\t\t\t<\/span><span class='av-structured-data'  itemprop=\"author\" itemscope=\"itemscope\" itemtype=\"https:\/\/schema.org\/Person\" ><span itemprop='name'>Nemanja<\/span><\/span><span class='av-structured-data'  itemprop=\"datePublished\" datetime=\"2023-11-15T21:10:29+01:00\" >2025-09-29 16:44:53<\/span><span class='av-structured-data'  itemprop=\"dateModified\" itemtype=\"https:\/\/schema.org\/dateModified\" >2025-09-29 16:51:35<\/span><span class='av-structured-data'  itemprop=\"mainEntityOfPage\" itemtype=\"https:\/\/schema.org\/mainEntityOfPage\" ><span itemprop='name'>Transfemme \/ Nonbinary Q&#038;A<\/span><\/span><\/span><\/article><\/div><div class=\"slide-entry-wrap\"><article class='slide-entry flex_column  post-entry post-entry-5061 slide-entry-overview slide-loop-2 slide-parity-odd  av_fullwidth first real-thumbnail posttype-post post-format-standard'  itemscope=\"itemscope\" itemtype=\"https:\/\/schema.org\/CreativeWork\" ><a href='https:\/\/www.courage-beratung.at\/en\/2025\/02\/06\/ytic2025\/' data-rel='slide-2' class='slide-image' title='ACHTES YOUNG TRANS* UND INTER CAMP IM JUFA NEUTAL\/BURGENLAND'><img decoding=\"async\" fetchpriority=\"high\" width=\"1030\" height=\"660\" src=\"https:\/\/www.courage-beratung.at\/wp-content\/uploads\/2025\/02\/1721761569838-scaled-1-1030x660.jpg\" class=\"wp-image-5069 avia-img-lazy-loading-not-5069 attachment-large size-large wp-post-image\" alt=\"\" srcset=\"https:\/\/www.courage-beratung.at\/wp-content\/uploads\/2025\/02\/1721761569838-scaled-1-1030x660.jpg 1030w, https:\/\/www.courage-beratung.at\/wp-content\/uploads\/2025\/02\/1721761569838-scaled-1-300x192.jpg 300w, https:\/\/www.courage-beratung.at\/wp-content\/uploads\/2025\/02\/1721761569838-scaled-1-768x492.jpg 768w, https:\/\/www.courage-beratung.at\/wp-content\/uploads\/2025\/02\/1721761569838-scaled-1-1536x984.jpg 1536w, https:\/\/www.courage-beratung.at\/wp-content\/uploads\/2025\/02\/1721761569838-scaled-1-2048x1313.jpg 2048w, https:\/\/www.courage-beratung.at\/wp-content\/uploads\/2025\/02\/1721761569838-scaled-1-18x12.jpg 18w, https:\/\/www.courage-beratung.at\/wp-content\/uploads\/2025\/02\/1721761569838-scaled-1-1500x961.jpg 1500w, https:\/\/www.courage-beratung.at\/wp-content\/uploads\/2025\/02\/1721761569838-scaled-1-705x452.jpg 705w\" sizes=\"(max-width: 1030px) 100vw, 1030px\" \/><\/a><div class=\"slide-content\"><header class=\"entry-content-header\" aria-label=\"Slide: ACHTES YOUNG TRANS* UND INTER CAMP IM JUFA NEUTAL\/BURGENLAND\"><span class=\"blog-categories minor-meta\"><a href=\"https:\/\/www.courage-beratung.at\/en\/category\/projekte\/\" rel=\"tag\">Projekte<\/a> <\/span><h3 class='slide-entry-title entry-title'  itemprop=\"headline\" ><a href='https:\/\/www.courage-beratung.at\/en\/2025\/02\/06\/ytic2025\/' title='ACHTES YOUNG TRANS* UND INTER CAMP IM JUFA NEUTAL\/BURGENLAND'>ACHTES YOUNG TRANS* UND INTER CAMP IM JUFA NEUTAL\/BURGENLAND<\/a><\/h3><span class=\"av-vertical-delimiter\"><\/span><\/header><div class='slide-entry-excerpt entry-content'  itemprop=\"text\" >Anmeldung ab sofort m\u00f6glich! <\/div><\/div><footer class=\"entry-footer\"><div class=\"slide-meta\"><time class='slide-meta-time updated'  itemprop=\"datePublished\" datetime=\"2025-02-06T12:51:07+01:00\" >6. February 2025<\/time><\/div><\/footer><span class='hidden'>\n\t\t\t\t<span class='av-structured-data'  itemprop=\"image\" itemscope=\"itemscope\" itemtype=\"https:\/\/schema.org\/ImageObject\" >\n\t\t\t\t\t\t<span itemprop='url'>https:\/\/www.courage-beratung.at\/wp-content\/uploads\/2025\/02\/1721761569838-scaled-1.jpg<\/span>\n\t\t\t\t\t\t<span itemprop='height'>1410<\/span>\n\t\t\t\t\t\t<span itemprop='width'>2200<\/span>\n\t\t\t\t<\/span>\n\t\t\t\t<span class='av-structured-data'  itemprop=\"publisher\" itemtype=\"https:\/\/schema.org\/Organization\" itemscope=\"itemscope\" >\n\t\t\t\t\t\t<span itemprop='name'>Nemanja<\/span>\n\t\t\t\t\t\t<span itemprop='logo' itemscope itemtype='https:\/\/schema.org\/ImageObject'>\n\t\t\t\t\t\t\t<span itemprop='url'>https:\/\/www.courage-beratung.at\/wp-content\/uploads\/2023\/12\/COURAGE_LOGO_WEB_2022_RGB.svg<\/span>\n\t\t\t\t\t\t<\/span>\n\t\t\t\t<\/span><span class='av-structured-data'  itemprop=\"author\" itemscope=\"itemscope\" itemtype=\"https:\/\/schema.org\/Person\" ><span itemprop='name'>Nemanja<\/span><\/span><span class='av-structured-data'  itemprop=\"datePublished\" datetime=\"2023-11-15T21:10:29+01:00\" >2025-02-06 12:51:07<\/span><span class='av-structured-data'  itemprop=\"dateModified\" itemtype=\"https:\/\/schema.org\/dateModified\" >2025-03-29 11:50:21<\/span><span class='av-structured-data'  itemprop=\"mainEntityOfPage\" itemtype=\"https:\/\/schema.org\/mainEntityOfPage\" ><span itemprop='name'>ACHTES YOUNG TRANS* UND INTER CAMP IM JUFA NEUTAL\/BURGENLAND<\/span><\/span><\/span><\/article><\/div><div class=\"slide-entry-wrap\"><article class='slide-entry flex_column  post-entry post-entry-2131 slide-entry-overview slide-loop-3 slide-parity-odd  av_fullwidth first real-thumbnail posttype-post post-format-standard'  itemscope=\"itemscope\" itemtype=\"https:\/\/schema.org\/CreativeWork\" ><a href='https:\/\/www.courage-beratung.at\/en\/2024\/03\/05\/projekt-7\/' data-rel='slide-2' class='slide-image' title='SIEBTES YOUNG TRANS* UND INTER CAMP IM JUFA NEUTAL\/BURGENLAND'><img decoding=\"async\" fetchpriority=\"high\" width=\"940\" height=\"940\" src=\"https:\/\/www.courage-beratung.at\/wp-content\/uploads\/2024\/03\/Image_Editor.png\" class=\"wp-image-2279 avia-img-lazy-loading-not-2279 attachment-large size-large wp-post-image\" alt=\"\" srcset=\"https:\/\/www.courage-beratung.at\/wp-content\/uploads\/2024\/03\/Image_Editor.png 940w, https:\/\/www.courage-beratung.at\/wp-content\/uploads\/2024\/03\/Image_Editor-300x300.png 300w, https:\/\/www.courage-beratung.at\/wp-content\/uploads\/2024\/03\/Image_Editor-80x80.png 80w, https:\/\/www.courage-beratung.at\/wp-content\/uploads\/2024\/03\/Image_Editor-768x768.png 768w, https:\/\/www.courage-beratung.at\/wp-content\/uploads\/2024\/03\/Image_Editor-12x12.png 12w, https:\/\/www.courage-beratung.at\/wp-content\/uploads\/2024\/03\/Image_Editor-36x36.png 36w, https:\/\/www.courage-beratung.at\/wp-content\/uploads\/2024\/03\/Image_Editor-180x180.png 180w, https:\/\/www.courage-beratung.at\/wp-content\/uploads\/2024\/03\/Image_Editor-705x705.png 705w\" sizes=\"(max-width: 940px) 100vw, 940px\" \/><\/a><div class=\"slide-content\"><header class=\"entry-content-header\" aria-label=\"Slide: SIEBTES YOUNG TRANS* UND INTER CAMP IM JUFA NEUTAL\/BURGENLAND\"><span class=\"blog-categories minor-meta\"><a href=\"https:\/\/www.courage-beratung.at\/en\/category\/projekte\/\" rel=\"tag\">Projekte<\/a> <\/span><h3 class='slide-entry-title entry-title'  itemprop=\"headline\" ><a href='https:\/\/www.courage-beratung.at\/en\/2024\/03\/05\/projekt-7\/' title='SIEBTES YOUNG TRANS* UND INTER CAMP IM JUFA NEUTAL\/BURGENLAND'>SIEBTES YOUNG TRANS* UND INTER CAMP IM JUFA NEUTAL\/BURGENLAND<\/a><\/h3><span class=\"av-vertical-delimiter\"><\/span><\/header><div class='slide-entry-excerpt entry-content'  itemprop=\"text\" >Anmeldung ab sofort m\u00f6glich!<\/div><\/div><footer class=\"entry-footer\"><div class=\"slide-meta\"><time class='slide-meta-time updated'  itemprop=\"datePublished\" datetime=\"2024-03-05T14:05:16+01:00\" >5. March 2024<\/time><\/div><\/footer><span class='hidden'>\n\t\t\t\t<span class='av-structured-data'  itemprop=\"image\" itemscope=\"itemscope\" itemtype=\"https:\/\/schema.org\/ImageObject\" >\n\t\t\t\t\t\t<span itemprop='url'>https:\/\/www.courage-beratung.at\/wp-content\/uploads\/2024\/03\/Image_Editor.png<\/span>\n\t\t\t\t\t\t<span itemprop='height'>940<\/span>\n\t\t\t\t\t\t<span itemprop='width'>940<\/span>\n\t\t\t\t<\/span>\n\t\t\t\t<span class='av-structured-data'  itemprop=\"publisher\" itemtype=\"https:\/\/schema.org\/Organization\" itemscope=\"itemscope\" >\n\t\t\t\t\t\t<span itemprop='name'>Vincent<\/span>\n\t\t\t\t\t\t<span itemprop='logo' itemscope itemtype='https:\/\/schema.org\/ImageObject'>\n\t\t\t\t\t\t\t<span itemprop='url'>https:\/\/www.courage-beratung.at\/wp-content\/uploads\/2023\/12\/COURAGE_LOGO_WEB_2022_RGB.svg<\/span>\n\t\t\t\t\t\t<\/span>\n\t\t\t\t<\/span><span class='av-structured-data'  itemprop=\"author\" itemscope=\"itemscope\" itemtype=\"https:\/\/schema.org\/Person\" ><span itemprop='name'>Vincent<\/span><\/span><span class='av-structured-data'  itemprop=\"datePublished\" datetime=\"2023-11-15T21:10:29+01:00\" >2024-03-05 14:05:16<\/span><span class='av-structured-data'  itemprop=\"dateModified\" itemtype=\"https:\/\/schema.org\/dateModified\" >2024-03-21 11:47:34<\/span><span class='av-structured-data'  itemprop=\"mainEntityOfPage\" itemtype=\"https:\/\/schema.org\/mainEntityOfPage\" ><span itemprop='name'>SIEBTES YOUNG TRANS* UND INTER CAMP IM JUFA NEUTAL\/BURGENLAND<\/span><\/span><\/span><\/article><\/div><div class=\"slide-entry-wrap\"><article class='slide-entry flex_column  post-entry post-entry-1971 slide-entry-overview slide-loop-4 slide-parity-odd  av_fullwidth first real-thumbnail posttype-post post-format-standard'  itemscope=\"itemscope\" itemtype=\"https:\/\/schema.org\/CreativeWork\" ><a href='https:\/\/www.courage-beratung.at\/en\/2023\/02\/24\/projekt-3\/' data-rel='slide-2' class='slide-image' title='Young Trans*Inter*Camp 2023'><img decoding=\"async\" fetchpriority=\"high\" width=\"1024\" height=\"683\" src=\"https:\/\/www.courage-beratung.at\/wp-content\/uploads\/2024\/02\/17508179.jpg\" class=\"wp-image-2466 avia-img-lazy-loading-not-2466 attachment-large size-large wp-post-image\" alt=\"\" srcset=\"https:\/\/www.courage-beratung.at\/wp-content\/uploads\/2024\/02\/17508179.jpg 1024w, https:\/\/www.courage-beratung.at\/wp-content\/uploads\/2024\/02\/17508179-300x200.jpg 300w, https:\/\/www.courage-beratung.at\/wp-content\/uploads\/2024\/02\/17508179-768x512.jpg 768w, https:\/\/www.courage-beratung.at\/wp-content\/uploads\/2024\/02\/17508179-18x12.jpg 18w, https:\/\/www.courage-beratung.at\/wp-content\/uploads\/2024\/02\/17508179-705x470.jpg 705w\" sizes=\"(max-width: 1024px) 100vw, 1024px\" \/><\/a><div class=\"slide-content\"><header class=\"entry-content-header\" aria-label=\"Slide: Young Trans*Inter*Camp 2023\"><span class=\"blog-categories minor-meta\"><a href=\"https:\/\/www.courage-beratung.at\/en\/category\/projekte\/\" rel=\"tag\">Projekte<\/a> <\/span><h3 class='slide-entry-title entry-title'  itemprop=\"headline\" ><a href='https:\/\/www.courage-beratung.at\/en\/2023\/02\/24\/projekt-3\/' title='Young Trans*Inter*Camp 2023'>Young Trans*Inter*Camp 2023<\/a><\/h3><span class=\"av-vertical-delimiter\"><\/span><\/header><div class='slide-entry-excerpt entry-content'  itemprop=\"text\" >Vom 19.Juli 2022 \u2013 23.Juli 2022\n\nfindet erneut das Young Trans*Inter*Camp f\u00fcr Kinder und Jugendliche zwischen 10 und 22 Jahren statt. Heuer werden wir im Jufa in Bleiburg\/K\u00e4rnten sein. Ihr k\u00f6nnt euch ab jetzt daf\u00fcr anmelden. Die Anmeldung ist fix sobald der Campbeitrag bezahlt ist.<\/div><\/div><footer class=\"entry-footer\"><div class=\"slide-meta\"><time class='slide-meta-time updated'  itemprop=\"datePublished\" datetime=\"2023-02-24T10:44:00+01:00\" >24. February 2023<\/time><\/div><\/footer><span class='hidden'>\n\t\t\t\t<span class='av-structured-data'  itemprop=\"image\" itemscope=\"itemscope\" itemtype=\"https:\/\/schema.org\/ImageObject\" >\n\t\t\t\t\t\t<span itemprop='url'>https:\/\/www.courage-beratung.at\/wp-content\/uploads\/2024\/02\/17508179.jpg<\/span>\n\t\t\t\t\t\t<span itemprop='height'>683<\/span>\n\t\t\t\t\t\t<span itemprop='width'>1024<\/span>\n\t\t\t\t<\/span>\n\t\t\t\t<span class='av-structured-data'  itemprop=\"publisher\" itemtype=\"https:\/\/schema.org\/Organization\" itemscope=\"itemscope\" >\n\t\t\t\t\t\t<span itemprop='name'>Vincent<\/span>\n\t\t\t\t\t\t<span itemprop='logo' itemscope itemtype='https:\/\/schema.org\/ImageObject'>\n\t\t\t\t\t\t\t<span itemprop='url'>https:\/\/www.courage-beratung.at\/wp-content\/uploads\/2023\/12\/COURAGE_LOGO_WEB_2022_RGB.svg<\/span>\n\t\t\t\t\t\t<\/span>\n\t\t\t\t<\/span><span class='av-structured-data'  itemprop=\"author\" itemscope=\"itemscope\" itemtype=\"https:\/\/schema.org\/Person\" ><span itemprop='name'>Vincent<\/span><\/span><span class='av-structured-data'  itemprop=\"datePublished\" datetime=\"2023-11-15T21:10:29+01:00\" >2023-02-24 10:44:00<\/span><span class='av-structured-data'  itemprop=\"dateModified\" itemtype=\"https:\/\/schema.org\/dateModified\" >2024-03-18 16:02:28<\/span><span class='av-structured-data'  itemprop=\"mainEntityOfPage\" itemtype=\"https:\/\/schema.org\/mainEntityOfPage\" ><span itemprop='name'>Young Trans*Inter*Camp 2023<\/span><\/span><\/span><\/article><\/div><div class=\"slide-entry-wrap\"><article class='slide-entry flex_column  post-entry post-entry-1651 slide-entry-overview slide-loop-5 slide-parity-odd  post-entry-last  av_fullwidth first real-thumbnail posttype-post post-format-standard'  itemscope=\"itemscope\" itemtype=\"https:\/\/schema.org\/CreativeWork\" ><a href='https:\/\/www.courage-beratung.at\/en\/2022\/02\/07\/projekt-1\/' data-rel='slide-2' class='slide-image' title='Young Trans*Inter*Camp 2022'><img decoding=\"async\" fetchpriority=\"high\" width=\"1030\" height=\"687\" src=\"https:\/\/www.courage-beratung.at\/wp-content\/uploads\/2024\/02\/mur-murau-rathaus-sonnenschein-sommer-jufa-hotels-1030x687.jpg\" class=\"wp-image-2470 avia-img-lazy-loading-not-2470 attachment-large size-large wp-post-image\" alt=\"\" srcset=\"https:\/\/www.courage-beratung.at\/wp-content\/uploads\/2024\/02\/mur-murau-rathaus-sonnenschein-sommer-jufa-hotels-1030x687.jpg 1030w, https:\/\/www.courage-beratung.at\/wp-content\/uploads\/2024\/02\/mur-murau-rathaus-sonnenschein-sommer-jufa-hotels-300x200.jpg 300w, https:\/\/www.courage-beratung.at\/wp-content\/uploads\/2024\/02\/mur-murau-rathaus-sonnenschein-sommer-jufa-hotels-768x512.jpg 768w, https:\/\/www.courage-beratung.at\/wp-content\/uploads\/2024\/02\/mur-murau-rathaus-sonnenschein-sommer-jufa-hotels-18x12.jpg 18w, https:\/\/www.courage-beratung.at\/wp-content\/uploads\/2024\/02\/mur-murau-rathaus-sonnenschein-sommer-jufa-hotels-705x470.jpg 705w, https:\/\/www.courage-beratung.at\/wp-content\/uploads\/2024\/02\/mur-murau-rathaus-sonnenschein-sommer-jufa-hotels.jpg 1360w\" sizes=\"(max-width: 1030px) 100vw, 1030px\" \/><\/a><div class=\"slide-content\"><header class=\"entry-content-header\" aria-label=\"Slide: Young Trans*Inter*Camp 2022\"><span class=\"blog-categories minor-meta\"><a href=\"https:\/\/www.courage-beratung.at\/en\/category\/projekte\/\" rel=\"tag\">Projekte<\/a> <\/span><h3 class='slide-entry-title entry-title'  itemprop=\"headline\" ><a href='https:\/\/www.courage-beratung.at\/en\/2022\/02\/07\/projekt-1\/' title='Young Trans*Inter*Camp 2022'>Young Trans*Inter*Camp 2022<\/a><\/h3><span class=\"av-vertical-delimiter\"><\/span><\/header><div class='slide-entry-excerpt entry-content'  itemprop=\"text\" >Vom 13.Juli 2022 \u2013 17.Juli 2022\nfindet erneut das Young Trans*Inter*Camp f\u00fcr Kinder und Jugendliche zwischen 10 und 22 Jahren statt. Heuer werden wir im Jufa in Murau\/Steiermark sein. Ihr k\u00f6nnt euch ab jetzt daf\u00fcr anmelden. Die Anmeldung ist fix sobald der Campbeitrag bezahlt ist.<\/div><\/div><footer class=\"entry-footer\"><div class=\"slide-meta\"><time class='slide-meta-time updated'  itemprop=\"datePublished\" datetime=\"2022-02-07T12:25:00+01:00\" >7. February 2022<\/time><\/div><\/footer><span class='hidden'>\n\t\t\t\t<span class='av-structured-data'  itemprop=\"image\" itemscope=\"itemscope\" itemtype=\"https:\/\/schema.org\/ImageObject\" >\n\t\t\t\t\t\t<span itemprop='url'>https:\/\/www.courage-beratung.at\/wp-content\/uploads\/2024\/02\/mur-murau-rathaus-sonnenschein-sommer-jufa-hotels.jpg<\/span>\n\t\t\t\t\t\t<span itemprop='height'>907<\/span>\n\t\t\t\t\t\t<span itemprop='width'>1360<\/span>\n\t\t\t\t<\/span>\n\t\t\t\t<span class='av-structured-data'  itemprop=\"publisher\" itemtype=\"https:\/\/schema.org\/Organization\" itemscope=\"itemscope\" >\n\t\t\t\t\t\t<span itemprop='name'>Vincent<\/span>\n\t\t\t\t\t\t<span itemprop='logo' itemscope itemtype='https:\/\/schema.org\/ImageObject'>\n\t\t\t\t\t\t\t<span itemprop='url'>https:\/\/www.courage-beratung.at\/wp-content\/uploads\/2023\/12\/COURAGE_LOGO_WEB_2022_RGB.svg<\/span>\n\t\t\t\t\t\t<\/span>\n\t\t\t\t<\/span><span class='av-structured-data'  itemprop=\"author\" itemscope=\"itemscope\" itemtype=\"https:\/\/schema.org\/Person\" ><span itemprop='name'>Vincent<\/span><\/span><span class='av-structured-data'  itemprop=\"datePublished\" datetime=\"2023-11-15T21:10:29+01:00\" >2022-02-07 12:25:00<\/span><span class='av-structured-data'  itemprop=\"dateModified\" itemtype=\"https:\/\/schema.org\/dateModified\" >2024-03-18 16:01:45<\/span><span class='av-structured-data'  itemprop=\"mainEntityOfPage\" itemtype=\"https:\/\/schema.org\/mainEntityOfPage\" ><span itemprop='name'>Young Trans*Inter*Camp 2022<\/span><\/span><\/span><\/article><\/div><\/div><div class='avia-slideshow-arrows avia-slideshow-controls' ><a href='#prev' class='prev-slide  avia-svg-icon avia-font-svg_entypo-fontello' data-av_svg_icon='left-open-big' data-av_iconset='svg_entypo-fontello' tabindex='-1' title=\"Previous\"><svg version=\"1.1\" xmlns=\"http:\/\/www.w3.org\/2000\/svg\" width=\"15\" height=\"32\" viewbox=\"0 0 15 32\" preserveaspectratio=\"xMidYMid meet\" aria-labelledby='av-svg-title-13' aria-describedby='av-svg-desc-13' role=\"graphics-symbol\" aria-hidden=\"true\">\n<title id='av-svg-title-13'>Previous<\/title>\n<desc id='av-svg-desc-13'>Previous<\/desc>\n<path d=\"M14.464 27.84q0.832 0.832 0 1.536-0.832 0.832-1.536 0l-12.544-12.608q-0.768-0.768 0-1.6l12.544-12.608q0.704-0.832 1.536 0 0.832 0.704 0 1.536l-11.456 11.904z\"><\/path>\n<\/svg><span class='avia_hidden_link_text'>Previous<\/span><\/a><a href='#next' class='next-slide  avia-svg-icon avia-font-svg_entypo-fontello' data-av_svg_icon='right-open-big' data-av_iconset='svg_entypo-fontello' tabindex='-1' title=\"Next\"><svg version=\"1.1\" xmlns=\"http:\/\/www.w3.org\/2000\/svg\" width=\"15\" height=\"32\" viewbox=\"0 0 15 32\" preserveaspectratio=\"xMidYMid meet\" aria-labelledby='av-svg-title-14' aria-describedby='av-svg-desc-14' role=\"graphics-symbol\" aria-hidden=\"true\">\n<title id='av-svg-title-14'>Next<\/title>\n<desc id='av-svg-desc-14'>Next<\/desc>\n<path d=\"M0.416 27.84l11.456-11.84-11.456-11.904q-0.832-0.832 0-1.536 0.832-0.832 1.536 0l12.544 12.608q0.768 0.832 0 1.6l-12.544 12.608q-0.704 0.832-1.536 0-0.832-0.704 0-1.536z\"><\/path>\n<\/svg><span class='avia_hidden_link_text'>Next<\/span><\/a><\/div><\/div><\/p>\n<\/div><\/div><\/div>\n<style type=\"text\/css\" data-created_by=\"avia_inline_auto\" id=\"style-css-av-lpix0thv-84d4bef4c0c20cc1bbfd4e3a5aba5dc6\">\n.av-layout-tab.av-lpix0thv-84d4bef4c0c20cc1bbfd4e3a5aba5dc6{\nvertical-align:top;\nbackground-color:#555f8d;\n}\n#top .av-tab-section-outer-container.av-lpiw342s-afeca86a4d0f6fe1e778325dc4bc6198 .av-active-tab-title.av-section-tab-title.av-lpix0thv-84d4bef4c0c20cc1bbfd4e3a5aba5dc6 .av-tab-arrow-container span{\nbackground-color:#555f8d;\n}\n<\/style>\n<div id='av-tab-section-1-4' class='av-layout-tab av-lpix0thv-84d4bef4c0c20cc1bbfd4e3a5aba5dc6 av-animation-delay-container  avia-builder-el-13  el_after_av_tab_sub_section  avia-builder-el-last' data-av-deeplink-tabs=\"\" data-av-tab-section-content=\"4\" data-tab-section-id=\"infoabende\"><div class=\"av-layout-tab-inner\"><div class=\"container\"><p><div  data-slideshow-options=\"{&quot;animation&quot;:&quot;fade&quot;,&quot;autoplay&quot;:false,&quot;loop_autoplay&quot;:&quot;once&quot;,&quot;interval&quot;:&quot;5&quot;,&quot;loop_manual&quot;:&quot;manual-endless&quot;,&quot;autoplay_stopper&quot;:false,&quot;noNavigation&quot;:false,&quot;show_slide_delay&quot;:90}\" class='avia-content-slider avia-content-slider-active avia-content-slider3 avia-content-slider-even  avia-builder-el-14  el_before_av_postslider  avia-builder-el-first  projekte-slider av-slideshow-ui av-control-default   av-no-slider-navigation av-slideshow-manual av-loop-once av-loop-manual-endless'  itemscope=\"itemscope\" itemtype=\"https:\/\/schema.org\/Blog\" ><div class=\"avia-content-slider-inner\"><div class=\"slide-entry-wrap\"><article class='slide-entry flex_column  post-entry post-entry-8316 slide-entry-overview slide-loop-1 slide-parity-odd  av_one_fourth first real-thumbnail posttype-post post-format-standard'  itemscope=\"itemscope\" itemtype=\"https:\/\/schema.org\/CreativeWork\" ><a href='https:\/\/www.courage-beratung.at\/en\/2026\/03\/04\/multiplikatorinnen-abend-in-linz-2\/' data-rel='slide-3' class='slide-image' title='Multiplikator:innen Abend\u00a0in Linz'><img decoding=\"async\" fetchpriority=\"high\" width=\"260\" height=\"185\" src=\"https:\/\/www.courage-beratung.at\/wp-content\/uploads\/2025\/05\/freepik__network-of-multicolored-dots-linked-by-glowing-neo__78451-260x185.png\" class=\"wp-image-5508 avia-img-lazy-loading-not-5508 attachment-portfolio_small size-portfolio_small wp-post-image\" alt=\"\" \/><\/a><div class=\"slide-content\"><header class=\"entry-content-header\" aria-label=\"Slide: Multiplikator:innen Abend\u00a0in Linz\"><span class=\"blog-categories minor-meta\"><a href=\"https:\/\/www.courage-beratung.at\/en\/category\/allgemein\/\" rel=\"tag\">Allgemein<\/a>, <a href=\"https:\/\/www.courage-beratung.at\/en\/category\/infoabende\/\" rel=\"tag\">Infoabende<\/a> <\/span><h3 class='slide-entry-title entry-title'  itemprop=\"headline\" ><a href='https:\/\/www.courage-beratung.at\/en\/2026\/03\/04\/multiplikatorinnen-abend-in-linz-2\/' title='Multiplikator:innen Abend\u00a0in Linz'>Multiplikator:innen Abend\u00a0in Linz<\/a><\/h3><span class=\"av-vertical-delimiter\"><\/span><\/header><div class='slide-entry-excerpt entry-content'  itemprop=\"text\" >Ort: COURAGE* Linz, Weissenwolffstra\u00dfe 17a, 4020 Linz, 1. OG<br>\nDatum: Donnerstag 18. Juni 2026<br>\nUhrzeit: 18:00 - 20:00 Uhr<br>\nLeitung: Maike Pichler<br>\nKosten: freiwillige Spende<\/div><\/div><footer class=\"entry-footer\"><div class=\"slide-meta\"><time class='slide-meta-time updated'  itemprop=\"datePublished\" datetime=\"2026-03-04T16:23:25+01:00\" >4. March 2026<\/time><\/div><\/footer><span class='hidden'>\n\t\t\t\t<span class='av-structured-data'  itemprop=\"image\" itemscope=\"itemscope\" itemtype=\"https:\/\/schema.org\/ImageObject\" >\n\t\t\t\t\t\t<span itemprop='url'>https:\/\/www.courage-beratung.at\/wp-content\/uploads\/2025\/05\/freepik__network-of-multicolored-dots-linked-by-glowing-neo__78451.png<\/span>\n\t\t\t\t\t\t<span itemprop='height'>1152<\/span>\n\t\t\t\t\t\t<span itemprop='width'>896<\/span>\n\t\t\t\t<\/span>\n\t\t\t\t<span class='av-structured-data'  itemprop=\"publisher\" itemtype=\"https:\/\/schema.org\/Organization\" itemscope=\"itemscope\" >\n\t\t\t\t\t\t<span itemprop='name'>Sandra Ehn<\/span>\n\t\t\t\t\t\t<span itemprop='logo' itemscope itemtype='https:\/\/schema.org\/ImageObject'>\n\t\t\t\t\t\t\t<span itemprop='url'>https:\/\/www.courage-beratung.at\/wp-content\/uploads\/2023\/12\/COURAGE_LOGO_WEB_2022_RGB.svg<\/span>\n\t\t\t\t\t\t<\/span>\n\t\t\t\t<\/span><span class='av-structured-data'  itemprop=\"author\" itemscope=\"itemscope\" itemtype=\"https:\/\/schema.org\/Person\" ><span itemprop='name'>Sandra Ehn<\/span><\/span><span class='av-structured-data'  itemprop=\"datePublished\" datetime=\"2023-11-15T21:10:29+01:00\" >2026-03-04 16:23:25<\/span><span class='av-structured-data'  itemprop=\"dateModified\" itemtype=\"https:\/\/schema.org\/dateModified\" >2026-03-04 16:26:21<\/span><span class='av-structured-data'  itemprop=\"mainEntityOfPage\" itemtype=\"https:\/\/schema.org\/mainEntityOfPage\" ><span itemprop='name'>Multiplikator:innen Abend\u00a0in Linz<\/span><\/span><\/span><\/article><article class='slide-entry flex_column  post-entry post-entry-7932 slide-entry-overview slide-loop-2 slide-parity-even  av_one_fourth  real-thumbnail posttype-post post-format-standard'  itemscope=\"itemscope\" itemtype=\"https:\/\/schema.org\/CreativeWork\" ><a href='https:\/\/www.courage-beratung.at\/en\/2026\/01\/27\/zusatzlicher-trans-und-inter-parents-informationsabend-im-dezember\/' data-rel='slide-3' class='slide-image' title='TRANS* und INTER* PARENTS Informationsabend im M\u00e4rz'><img decoding=\"async\" fetchpriority=\"high\" width=\"260\" height=\"185\" src=\"https:\/\/www.courage-beratung.at\/wp-content\/uploads\/2024\/09\/Blog-Photos-3-1024x576-1-260x185.png\" class=\"wp-image-3397 avia-img-lazy-loading-not-3397 attachment-portfolio_small size-portfolio_small wp-post-image\" alt=\"\" \/><\/a><div class=\"slide-content\"><header class=\"entry-content-header\" aria-label=\"Slide: TRANS* und INTER* PARENTS Informationsabend im M\u00e4rz\"><span class=\"blog-categories minor-meta\"><a href=\"https:\/\/www.courage-beratung.at\/en\/category\/allgemein\/\" rel=\"tag\">Allgemein<\/a>, <a href=\"https:\/\/www.courage-beratung.at\/en\/category\/events-qbz\/\" rel=\"tag\">Events QBZ<\/a>, <a href=\"https:\/\/www.courage-beratung.at\/en\/category\/infoabende\/\" rel=\"tag\">Infoabende<\/a> <\/span><h3 class='slide-entry-title entry-title'  itemprop=\"headline\" ><a href='https:\/\/www.courage-beratung.at\/en\/2026\/01\/27\/zusatzlicher-trans-und-inter-parents-informationsabend-im-dezember\/' title='TRANS* und INTER* PARENTS Informationsabend im M\u00e4rz'>TRANS* und INTER* PARENTS Informationsabend im M\u00e4rz<\/a><\/h3><span class=\"av-vertical-delimiter\"><\/span><\/header><div class='slide-entry-excerpt entry-content'  itemprop=\"text\" >Am 4. M\u00e4rz 2026 findet unser n\u00e4chster TRANS* und INTER* PARENTS  Informationsabend statt! Eltern(-teile), Bezugspersonen und Angeh\u00f6rige k\u00f6nnen sich im Rahmen des Abends \u00fcber Trans*Identit\u00e4ten und Inter*Geschlechtlichkeiten informieren und austauschen.<\/div><\/div><footer class=\"entry-footer\"><div class=\"slide-meta\"><time class='slide-meta-time updated'  itemprop=\"datePublished\" datetime=\"2026-01-27T09:37:29+01:00\" >27. January 2026<\/time><\/div><\/footer><span class='hidden'>\n\t\t\t\t<span class='av-structured-data'  itemprop=\"image\" itemscope=\"itemscope\" itemtype=\"https:\/\/schema.org\/ImageObject\" >\n\t\t\t\t\t\t<span itemprop='url'>https:\/\/www.courage-beratung.at\/wp-content\/uploads\/2024\/09\/Blog-Photos-3-1024x576-1.png<\/span>\n\t\t\t\t\t\t<span itemprop='height'>576<\/span>\n\t\t\t\t\t\t<span itemprop='width'>1024<\/span>\n\t\t\t\t<\/span>\n\t\t\t\t<span class='av-structured-data'  itemprop=\"publisher\" itemtype=\"https:\/\/schema.org\/Organization\" itemscope=\"itemscope\" >\n\t\t\t\t\t\t<span itemprop='name'>Sandra Ehn<\/span>\n\t\t\t\t\t\t<span itemprop='logo' itemscope itemtype='https:\/\/schema.org\/ImageObject'>\n\t\t\t\t\t\t\t<span itemprop='url'>https:\/\/www.courage-beratung.at\/wp-content\/uploads\/2023\/12\/COURAGE_LOGO_WEB_2022_RGB.svg<\/span>\n\t\t\t\t\t\t<\/span>\n\t\t\t\t<\/span><span class='av-structured-data'  itemprop=\"author\" itemscope=\"itemscope\" itemtype=\"https:\/\/schema.org\/Person\" ><span itemprop='name'>Sandra Ehn<\/span><\/span><span class='av-structured-data'  itemprop=\"datePublished\" datetime=\"2023-11-15T21:10:29+01:00\" >2026-01-27 09:37:29<\/span><span class='av-structured-data'  itemprop=\"dateModified\" itemtype=\"https:\/\/schema.org\/dateModified\" >2026-02-27 11:41:09<\/span><span class='av-structured-data'  itemprop=\"mainEntityOfPage\" itemtype=\"https:\/\/schema.org\/mainEntityOfPage\" ><span itemprop='name'>TRANS* und INTER* PARENTS Informationsabend im M\u00e4rz<\/span><\/span><\/span><\/article><article class='slide-entry flex_column  post-entry post-entry-3391 slide-entry-overview slide-loop-3 slide-parity-odd  av_one_fourth  real-thumbnail posttype-post post-format-standard'  itemscope=\"itemscope\" itemtype=\"https:\/\/schema.org\/CreativeWork\" ><a href='https:\/\/www.courage-beratung.at\/en\/2025\/11\/18\/freunde-lieben-die-revolte-in-unseren-engsten-beziehungen\/' data-rel='slide-3' class='slide-image' title='TRANS* UND INTER* Parents Linz'><img decoding=\"async\" fetchpriority=\"high\" width=\"260\" height=\"185\" src=\"https:\/\/www.courage-beratung.at\/wp-content\/uploads\/2024\/09\/Blog-Photos-3-1024x576-1-260x185.png\" class=\"wp-image-3397 avia-img-lazy-loading-not-3397 attachment-portfolio_small size-portfolio_small wp-post-image\" alt=\"\" \/><\/a><div class=\"slide-content\"><header class=\"entry-content-header\" aria-label=\"Slide: TRANS* UND INTER* Parents Linz\"><span class=\"blog-categories minor-meta\"><a href=\"https:\/\/www.courage-beratung.at\/en\/category\/allgemein\/\" rel=\"tag\">Allgemein<\/a>, <a href=\"https:\/\/www.courage-beratung.at\/en\/category\/infoabende\/\" rel=\"tag\">Infoabende<\/a> <\/span><h3 class='slide-entry-title entry-title'  itemprop=\"headline\" ><a href='https:\/\/www.courage-beratung.at\/en\/2025\/11\/18\/freunde-lieben-die-revolte-in-unseren-engsten-beziehungen\/' title='TRANS* UND INTER* Parents Linz'>TRANS* UND INTER* Parents Linz<\/a><\/h3><span class=\"av-vertical-delimiter\"><\/span><\/header><div class='slide-entry-excerpt entry-content'  itemprop=\"text\" >Informationsabende zu Trans*Identit\u00e4ten und Inter*Geschlechtlichkeiten f\u00fcr Eltern(-teile), Bezugspersonen und Angeh\u00f6rige \n<br><br>\n23. M\u00e4rz, 18. Mai und 20. Juli 2026 je zwischen 17 und 20 Uhr\nWei\u00dfenwolffstra\u00dfe 7a, 1. Stock, 4020 Linz;\n<br><br>\nAnmeldung \u00fcber linz@courage-beratung.at<\/div><\/div><footer class=\"entry-footer\"><div class=\"slide-meta\"><time class='slide-meta-time updated'  itemprop=\"datePublished\" datetime=\"2025-11-18T13:50:00+01:00\" >18. November 2025<\/time><\/div><\/footer><span class='hidden'>\n\t\t\t\t<span class='av-structured-data'  itemprop=\"image\" itemscope=\"itemscope\" itemtype=\"https:\/\/schema.org\/ImageObject\" >\n\t\t\t\t\t\t<span itemprop='url'>https:\/\/www.courage-beratung.at\/wp-content\/uploads\/2024\/09\/Blog-Photos-3-1024x576-1.png<\/span>\n\t\t\t\t\t\t<span itemprop='height'>576<\/span>\n\t\t\t\t\t\t<span itemprop='width'>1024<\/span>\n\t\t\t\t<\/span>\n\t\t\t\t<span class='av-structured-data'  itemprop=\"publisher\" itemtype=\"https:\/\/schema.org\/Organization\" itemscope=\"itemscope\" >\n\t\t\t\t\t\t<span itemprop='name'>Nemanja<\/span>\n\t\t\t\t\t\t<span itemprop='logo' itemscope itemtype='https:\/\/schema.org\/ImageObject'>\n\t\t\t\t\t\t\t<span itemprop='url'>https:\/\/www.courage-beratung.at\/wp-content\/uploads\/2023\/12\/COURAGE_LOGO_WEB_2022_RGB.svg<\/span>\n\t\t\t\t\t\t<\/span>\n\t\t\t\t<\/span><span class='av-structured-data'  itemprop=\"author\" itemscope=\"itemscope\" itemtype=\"https:\/\/schema.org\/Person\" ><span itemprop='name'>Nemanja<\/span><\/span><span class='av-structured-data'  itemprop=\"datePublished\" datetime=\"2023-11-15T21:10:29+01:00\" >2025-11-18 13:50:00<\/span><span class='av-structured-data'  itemprop=\"dateModified\" itemtype=\"https:\/\/schema.org\/dateModified\" >2025-11-18 14:04:55<\/span><span class='av-structured-data'  itemprop=\"mainEntityOfPage\" itemtype=\"https:\/\/schema.org\/mainEntityOfPage\" ><span itemprop='name'>TRANS* UND INTER* Parents Linz<\/span><\/span><\/span><\/article><article class='slide-entry flex_column  post-entry post-entry-7024 slide-entry-overview slide-loop-4 slide-parity-even  av_one_fourth  real-thumbnail posttype-post post-format-standard'  itemscope=\"itemscope\" itemtype=\"https:\/\/schema.org\/CreativeWork\" ><a href='https:\/\/www.courage-beratung.at\/en\/2025\/11\/06\/zusatzlicher-trans-und-inter-parents-informationsabend\/' data-rel='slide-3' class='slide-image' title='Zus\u00e4tzlicher TRANS* und INTER* Parents Informationsabend im Dezember'><img decoding=\"async\" fetchpriority=\"high\" width=\"260\" height=\"185\" src=\"https:\/\/www.courage-beratung.at\/wp-content\/uploads\/2024\/09\/Blog-Photos-3-1024x576-1-260x185.png\" class=\"wp-image-3397 avia-img-lazy-loading-not-3397 attachment-portfolio_small size-portfolio_small wp-post-image\" alt=\"\" \/><\/a><div class=\"slide-content\"><header class=\"entry-content-header\" aria-label=\"Slide: Zus\u00e4tzlicher TRANS* und INTER* Parents Informationsabend im Dezember\"><span class=\"blog-categories minor-meta\"><a href=\"https:\/\/www.courage-beratung.at\/en\/category\/allgemein\/\" rel=\"tag\">Allgemein<\/a>, <a href=\"https:\/\/www.courage-beratung.at\/en\/category\/events-qbz\/\" rel=\"tag\">Events QBZ<\/a>, <a href=\"https:\/\/www.courage-beratung.at\/en\/category\/infoabende\/\" rel=\"tag\">Infoabende<\/a> <\/span><h3 class='slide-entry-title entry-title'  itemprop=\"headline\" ><a href='https:\/\/www.courage-beratung.at\/en\/2025\/11\/06\/zusatzlicher-trans-und-inter-parents-informationsabend\/' title='Zus\u00e4tzlicher TRANS* und INTER* Parents Informationsabend im Dezember'>Zus\u00e4tzlicher TRANS* und INTER* Parents Informationsabend im Dezember<\/a><\/h3><span class=\"av-vertical-delimiter\"><\/span><\/header><div class='slide-entry-excerpt entry-content'  itemprop=\"text\" >Am 10. Dezember 2025 findet ein zus\u00e4tzlicher TRANS* und INTER* Parents  Informationsabend statt! Eltern(-teile), Bezugspersonen und Angeh\u00f6rige k\u00f6nnen sich im Rahmen des Abends \u00fcber Trans*Identit\u00e4ten und Inter*Geschlechtlichkeiten informieren und austauschen.<\/div><\/div><footer class=\"entry-footer\"><div class=\"slide-meta\"><time class='slide-meta-time updated'  itemprop=\"datePublished\" datetime=\"2025-11-06T12:10:35+01:00\" >6. November 2025<\/time><\/div><\/footer><span class='hidden'>\n\t\t\t\t<span class='av-structured-data'  itemprop=\"image\" itemscope=\"itemscope\" itemtype=\"https:\/\/schema.org\/ImageObject\" >\n\t\t\t\t\t\t<span itemprop='url'>https:\/\/www.courage-beratung.at\/wp-content\/uploads\/2024\/09\/Blog-Photos-3-1024x576-1.png<\/span>\n\t\t\t\t\t\t<span itemprop='height'>576<\/span>\n\t\t\t\t\t\t<span itemprop='width'>1024<\/span>\n\t\t\t\t<\/span>\n\t\t\t\t<span class='av-structured-data'  itemprop=\"publisher\" itemtype=\"https:\/\/schema.org\/Organization\" itemscope=\"itemscope\" >\n\t\t\t\t\t\t<span itemprop='name'>Sandra Ehn<\/span>\n\t\t\t\t\t\t<span itemprop='logo' itemscope itemtype='https:\/\/schema.org\/ImageObject'>\n\t\t\t\t\t\t\t<span itemprop='url'>https:\/\/www.courage-beratung.at\/wp-content\/uploads\/2023\/12\/COURAGE_LOGO_WEB_2022_RGB.svg<\/span>\n\t\t\t\t\t\t<\/span>\n\t\t\t\t<\/span><span class='av-structured-data'  itemprop=\"author\" itemscope=\"itemscope\" itemtype=\"https:\/\/schema.org\/Person\" ><span itemprop='name'>Sandra Ehn<\/span><\/span><span class='av-structured-data'  itemprop=\"datePublished\" datetime=\"2023-11-15T21:10:29+01:00\" >2025-11-06 12:10:35<\/span><span class='av-structured-data'  itemprop=\"dateModified\" itemtype=\"https:\/\/schema.org\/dateModified\" >2025-11-18 14:17:26<\/span><span class='av-structured-data'  itemprop=\"mainEntityOfPage\" itemtype=\"https:\/\/schema.org\/mainEntityOfPage\" ><span itemprop='name'>Zus\u00e4tzlicher TRANS* und INTER* Parents Informationsabend im Dezember<\/span><\/span><\/span><\/article><\/div><div class=\"slide-entry-wrap\"><article class='slide-entry flex_column  post-entry post-entry-5504 slide-entry-overview slide-loop-5 slide-parity-odd  av_one_fourth first real-thumbnail posttype-post post-format-standard'  itemscope=\"itemscope\" itemtype=\"https:\/\/schema.org\/CreativeWork\" ><a href='https:\/\/www.courage-beratung.at\/en\/2025\/05\/02\/multiplikatorinnen-abend-in-linz\/' data-rel='slide-3' class='slide-image' title='Multiplikator:innen Abend\u00a0in Linz'><img decoding=\"async\" fetchpriority=\"high\" width=\"260\" height=\"185\" src=\"https:\/\/www.courage-beratung.at\/wp-content\/uploads\/2025\/05\/freepik__network-of-multicolored-dots-linked-by-glowing-neo__78451-260x185.png\" class=\"wp-image-5508 avia-img-lazy-loading-not-5508 attachment-portfolio_small size-portfolio_small wp-post-image\" alt=\"\" \/><\/a><div class=\"slide-content\"><header class=\"entry-content-header\" aria-label=\"Slide: Multiplikator:innen Abend\u00a0in Linz\"><span class=\"blog-categories minor-meta\"><a href=\"https:\/\/www.courage-beratung.at\/en\/category\/allgemein\/\" rel=\"tag\">Allgemein<\/a>, <a href=\"https:\/\/www.courage-beratung.at\/en\/category\/infoabende\/\" rel=\"tag\">Infoabende<\/a> <\/span><h3 class='slide-entry-title entry-title'  itemprop=\"headline\" ><a href='https:\/\/www.courage-beratung.at\/en\/2025\/05\/02\/multiplikatorinnen-abend-in-linz\/' title='Multiplikator:innen Abend\u00a0in Linz'>Multiplikator:innen Abend\u00a0in Linz<\/a><\/h3><span class=\"av-vertical-delimiter\"><\/span><\/header><div class='slide-entry-excerpt entry-content'  itemprop=\"text\" >Ort: Kompetenzzentrum LGBTIQ+*, Weissenwolffstra\u00dfe 17a, 4020 Linz, <br>\nDatum: 04. September 2025 und 04. Dezember 2025<br>\nUhrzeit: 17:00 - 19:00 Uhr<br>\nLeitung: Maike Pichler<br>\nKosten: freiwillige Spende<\/div><\/div><footer class=\"entry-footer\"><div class=\"slide-meta\"><time class='slide-meta-time updated'  itemprop=\"datePublished\" datetime=\"2025-05-02T13:07:06+02:00\" >2. May 2025<\/time><\/div><\/footer><span class='hidden'>\n\t\t\t\t<span class='av-structured-data'  itemprop=\"image\" itemscope=\"itemscope\" itemtype=\"https:\/\/schema.org\/ImageObject\" >\n\t\t\t\t\t\t<span itemprop='url'>https:\/\/www.courage-beratung.at\/wp-content\/uploads\/2025\/05\/freepik__network-of-multicolored-dots-linked-by-glowing-neo__78451.png<\/span>\n\t\t\t\t\t\t<span itemprop='height'>1152<\/span>\n\t\t\t\t\t\t<span itemprop='width'>896<\/span>\n\t\t\t\t<\/span>\n\t\t\t\t<span class='av-structured-data'  itemprop=\"publisher\" itemtype=\"https:\/\/schema.org\/Organization\" itemscope=\"itemscope\" >\n\t\t\t\t\t\t<span itemprop='name'>Nemanja<\/span>\n\t\t\t\t\t\t<span itemprop='logo' itemscope itemtype='https:\/\/schema.org\/ImageObject'>\n\t\t\t\t\t\t\t<span itemprop='url'>https:\/\/www.courage-beratung.at\/wp-content\/uploads\/2023\/12\/COURAGE_LOGO_WEB_2022_RGB.svg<\/span>\n\t\t\t\t\t\t<\/span>\n\t\t\t\t<\/span><span class='av-structured-data'  itemprop=\"author\" itemscope=\"itemscope\" itemtype=\"https:\/\/schema.org\/Person\" ><span itemprop='name'>Nemanja<\/span><\/span><span class='av-structured-data'  itemprop=\"datePublished\" datetime=\"2023-11-15T21:10:29+01:00\" >2025-05-02 13:07:06<\/span><span class='av-structured-data'  itemprop=\"dateModified\" itemtype=\"https:\/\/schema.org\/dateModified\" >2025-06-23 13:34:16<\/span><span class='av-structured-data'  itemprop=\"mainEntityOfPage\" itemtype=\"https:\/\/schema.org\/mainEntityOfPage\" ><span itemprop='name'>Multiplikator:innen Abend\u00a0in Linz<\/span><\/span><\/span><\/article><article class='slide-entry flex_column  post-entry post-entry-5208 slide-entry-overview slide-loop-6 slide-parity-even  av_one_fourth  real-thumbnail posttype-post post-format-standard'  itemscope=\"itemscope\" itemtype=\"https:\/\/schema.org\/CreativeWork\" ><a href='https:\/\/www.courage-beratung.at\/en\/2025\/02\/27\/trans-und-inter-parents\/' data-rel='slide-3' class='slide-image' title='TRANS* UND INTER* Parents'><img decoding=\"async\" fetchpriority=\"high\" width=\"260\" height=\"185\" src=\"https:\/\/www.courage-beratung.at\/wp-content\/uploads\/2024\/09\/Blog-Photos-3-1024x576-1-260x185.png\" class=\"wp-image-3397 avia-img-lazy-loading-not-3397 attachment-portfolio_small size-portfolio_small wp-post-image\" alt=\"\" \/><\/a><div class=\"slide-content\"><header class=\"entry-content-header\" aria-label=\"Slide: TRANS* UND INTER* Parents\"><span class=\"blog-categories minor-meta\"><a href=\"https:\/\/www.courage-beratung.at\/en\/category\/allgemein\/\" rel=\"tag\">Allgemein<\/a>, <a href=\"https:\/\/www.courage-beratung.at\/en\/category\/infoabende\/\" rel=\"tag\">Infoabende<\/a> <\/span><h3 class='slide-entry-title entry-title'  itemprop=\"headline\" ><a href='https:\/\/www.courage-beratung.at\/en\/2025\/02\/27\/trans-und-inter-parents\/' title='TRANS* UND INTER* Parents'>TRANS* UND INTER* Parents<\/a><\/h3><span class=\"av-vertical-delimiter\"><\/span><\/header><div class='slide-entry-excerpt entry-content'  itemprop=\"text\" >Informationsabende zu Trans*Identit\u00e4ten und Inter*Geschlechtlichkeiten f\u00fcr Eltern(-teile), Bezugspersonen und Angeh\u00f6rige\u00a0<br><br>Termin:\u00a0Montag, 28. April 2025, 18:00-21:00 Uhr<br>\nOrt:\u00a0Beratungsstelle Courage, 1060 Wien, Windm\u00fchlgasse 15\/1\/7<br>\nKosten:\u00a0freie Spende<br>\nInfo & Anmeldung:\u00a0Telefon: 01 \/ 585 69 66; Email: info@courage-beratung.at<\/div><\/div><footer class=\"entry-footer\"><div class=\"slide-meta\"><time class='slide-meta-time updated'  itemprop=\"datePublished\" datetime=\"2025-02-27T10:29:23+01:00\" >27. February 2025<\/time><\/div><\/footer><span class='hidden'>\n\t\t\t\t<span class='av-structured-data'  itemprop=\"image\" itemscope=\"itemscope\" itemtype=\"https:\/\/schema.org\/ImageObject\" >\n\t\t\t\t\t\t<span itemprop='url'>https:\/\/www.courage-beratung.at\/wp-content\/uploads\/2024\/09\/Blog-Photos-3-1024x576-1.png<\/span>\n\t\t\t\t\t\t<span itemprop='height'>576<\/span>\n\t\t\t\t\t\t<span itemprop='width'>1024<\/span>\n\t\t\t\t<\/span>\n\t\t\t\t<span class='av-structured-data'  itemprop=\"publisher\" itemtype=\"https:\/\/schema.org\/Organization\" itemscope=\"itemscope\" >\n\t\t\t\t\t\t<span itemprop='name'>Nemanja<\/span>\n\t\t\t\t\t\t<span itemprop='logo' itemscope itemtype='https:\/\/schema.org\/ImageObject'>\n\t\t\t\t\t\t\t<span itemprop='url'>https:\/\/www.courage-beratung.at\/wp-content\/uploads\/2023\/12\/COURAGE_LOGO_WEB_2022_RGB.svg<\/span>\n\t\t\t\t\t\t<\/span>\n\t\t\t\t<\/span><span class='av-structured-data'  itemprop=\"author\" itemscope=\"itemscope\" itemtype=\"https:\/\/schema.org\/Person\" ><span itemprop='name'>Nemanja<\/span><\/span><span class='av-structured-data'  itemprop=\"datePublished\" datetime=\"2023-11-15T21:10:29+01:00\" >2025-02-27 10:29:23<\/span><span class='av-structured-data'  itemprop=\"dateModified\" itemtype=\"https:\/\/schema.org\/dateModified\" >2025-02-27 10:34:02<\/span><span class='av-structured-data'  itemprop=\"mainEntityOfPage\" itemtype=\"https:\/\/schema.org\/mainEntityOfPage\" ><span itemprop='name'>TRANS* UND INTER* Parents<\/span><\/span><\/span><\/article><article class='slide-entry flex_column  post-entry post-entry-3914 slide-entry-overview slide-loop-7 slide-parity-odd  av_one_fourth  real-thumbnail posttype-post post-format-standard'  itemscope=\"itemscope\" itemtype=\"https:\/\/schema.org\/CreativeWork\" ><a href='https:\/\/www.courage-beratung.at\/en\/2025\/01\/14\/trans-und-inter-parentsinfoabend-courage-salzburg\/' data-rel='slide-3' class='slide-image' title='TRANS* UND INTER* PARENTSINFOABEND COURAGE SALZBURG'><img decoding=\"async\" fetchpriority=\"high\" width=\"260\" height=\"185\" src=\"https:\/\/www.courage-beratung.at\/wp-content\/uploads\/2024\/09\/Blog-Photos-3-1024x576-1-260x185.png\" class=\"wp-image-3397 avia-img-lazy-loading-not-3397 attachment-portfolio_small size-portfolio_small wp-post-image\" alt=\"\" \/><\/a><div class=\"slide-content\"><header class=\"entry-content-header\" aria-label=\"Slide: TRANS* UND INTER* PARENTSINFOABEND COURAGE SALZBURG\"><span class=\"blog-categories minor-meta\"><a href=\"https:\/\/www.courage-beratung.at\/en\/category\/allgemein\/\" rel=\"tag\">Allgemein<\/a>, <a href=\"https:\/\/www.courage-beratung.at\/en\/category\/infoabende\/\" rel=\"tag\">Infoabende<\/a> <\/span><h3 class='slide-entry-title entry-title'  itemprop=\"headline\" ><a href='https:\/\/www.courage-beratung.at\/en\/2025\/01\/14\/trans-und-inter-parentsinfoabend-courage-salzburg\/' title='TRANS* UND INTER* PARENTSINFOABEND COURAGE SALZBURG'>TRANS* UND INTER* PARENTSINFOABEND COURAGE SALZBURG<\/a><\/h3><span class=\"av-vertical-delimiter\"><\/span><\/header><div class='slide-entry-excerpt entry-content'  itemprop=\"text\" >Termin: 20. Februar von 18:00 bis 20:00 Uhr<br><br>\nOrt: Getreidegasse 21, 5020 Salzburg<br><br>\nKosten: freie Spende<br><br>\nAnmeldung \u00fcber salzburg@courage-beratung.at<\/div><\/div><footer class=\"entry-footer\"><div class=\"slide-meta\"><time class='slide-meta-time updated'  itemprop=\"datePublished\" datetime=\"2025-01-14T12:59:06+01:00\" >14. January 2025<\/time><\/div><\/footer><span class='hidden'>\n\t\t\t\t<span class='av-structured-data'  itemprop=\"image\" itemscope=\"itemscope\" itemtype=\"https:\/\/schema.org\/ImageObject\" >\n\t\t\t\t\t\t<span itemprop='url'>https:\/\/www.courage-beratung.at\/wp-content\/uploads\/2024\/09\/Blog-Photos-3-1024x576-1.png<\/span>\n\t\t\t\t\t\t<span itemprop='height'>576<\/span>\n\t\t\t\t\t\t<span itemprop='width'>1024<\/span>\n\t\t\t\t<\/span>\n\t\t\t\t<span class='av-structured-data'  itemprop=\"publisher\" itemtype=\"https:\/\/schema.org\/Organization\" itemscope=\"itemscope\" >\n\t\t\t\t\t\t<span itemprop='name'>Lukas<\/span>\n\t\t\t\t\t\t<span itemprop='logo' itemscope itemtype='https:\/\/schema.org\/ImageObject'>\n\t\t\t\t\t\t\t<span itemprop='url'>https:\/\/www.courage-beratung.at\/wp-content\/uploads\/2023\/12\/COURAGE_LOGO_WEB_2022_RGB.svg<\/span>\n\t\t\t\t\t\t<\/span>\n\t\t\t\t<\/span><span class='av-structured-data'  itemprop=\"author\" itemscope=\"itemscope\" itemtype=\"https:\/\/schema.org\/Person\" ><span itemprop='name'>Lukas<\/span><\/span><span class='av-structured-data'  itemprop=\"datePublished\" datetime=\"2023-11-15T21:10:29+01:00\" >2025-01-14 12:59:06<\/span><span class='av-structured-data'  itemprop=\"dateModified\" itemtype=\"https:\/\/schema.org\/dateModified\" >2025-01-14 12:59:18<\/span><span class='av-structured-data'  itemprop=\"mainEntityOfPage\" itemtype=\"https:\/\/schema.org\/mainEntityOfPage\" ><span itemprop='name'>TRANS* UND INTER* PARENTSINFOABEND COURAGE SALZBURG<\/span><\/span><\/span><\/article><article class='slide-entry flex_column  post-entry post-entry-3887 slide-entry-overview slide-loop-8 slide-parity-even  post-entry-last  av_one_fourth  real-thumbnail posttype-post post-format-standard'  itemscope=\"itemscope\" itemtype=\"https:\/\/schema.org\/CreativeWork\" ><a href='https:\/\/www.courage-beratung.at\/en\/2024\/09\/24\/trans-und-inter-parents-informationsabende-zu-transidentitaten-und-intergeschlechtlichkeiten-fur-eltern-teile-bezugspersonen-und-angehorige\/' data-rel='slide-3' class='slide-image' title='TRANS* UND INTER* Parents Wien \u2013 Informationsabend'><img decoding=\"async\" fetchpriority=\"high\" width=\"260\" height=\"185\" src=\"https:\/\/www.courage-beratung.at\/wp-content\/uploads\/2024\/09\/Blog-Photos-3-1024x576-1-260x185.png\" class=\"wp-image-3397 avia-img-lazy-loading-not-3397 attachment-portfolio_small size-portfolio_small wp-post-image\" alt=\"\" \/><\/a><div class=\"slide-content\"><header class=\"entry-content-header\" aria-label=\"Slide: TRANS* UND INTER* Parents Wien \u2013 Informationsabend\"><span class=\"blog-categories minor-meta\"><a href=\"https:\/\/www.courage-beratung.at\/en\/category\/allgemein\/\" rel=\"tag\">Allgemein<\/a>, <a href=\"https:\/\/www.courage-beratung.at\/en\/category\/events-qbz\/\" rel=\"tag\">Events QBZ<\/a>, <a href=\"https:\/\/www.courage-beratung.at\/en\/category\/infoabende\/\" rel=\"tag\">Infoabende<\/a> <\/span><h3 class='slide-entry-title entry-title'  itemprop=\"headline\" ><a href='https:\/\/www.courage-beratung.at\/en\/2024\/09\/24\/trans-und-inter-parents-informationsabende-zu-transidentitaten-und-intergeschlechtlichkeiten-fur-eltern-teile-bezugspersonen-und-angehorige\/' title='TRANS* UND INTER* Parents Wien \u2013 Informationsabend'>TRANS* UND INTER* Parents Wien \u2013 Informationsabend<\/a><\/h3><span class=\"av-vertical-delimiter\"><\/span><\/header><div class='slide-entry-excerpt entry-content'  itemprop=\"text\" >Wenn sich Kinder \/ Jugendliche als transident empfinden und in der Familie outen oder intergeschlechtlich sind, sehen sich Eltern, Bezugspersonen oder Angeh\u00f6rige oft zahlreichen Fragen und Herausforderungen gegen\u00fcber, die sie manchmal nicht bew\u00e4ltigen k\u00f6nnen. Damit aber auch sie Unterst\u00fctzung erfahren und fundierte Antworten erhalten, bietet die COURAGE regelm\u00e4\u00dfige Informationsabende an.<\/div><\/div><footer class=\"entry-footer\"><div class=\"slide-meta\"><time class='slide-meta-time updated'  itemprop=\"datePublished\" datetime=\"2024-09-24T15:38:41+02:00\" >24. September 2024<\/time><\/div><\/footer><span class='hidden'>\n\t\t\t\t<span class='av-structured-data'  itemprop=\"image\" itemscope=\"itemscope\" itemtype=\"https:\/\/schema.org\/ImageObject\" >\n\t\t\t\t\t\t<span itemprop='url'>https:\/\/www.courage-beratung.at\/wp-content\/uploads\/2024\/09\/Blog-Photos-3-1024x576-1.png<\/span>\n\t\t\t\t\t\t<span itemprop='height'>576<\/span>\n\t\t\t\t\t\t<span itemprop='width'>1024<\/span>\n\t\t\t\t<\/span>\n\t\t\t\t<span class='av-structured-data'  itemprop=\"publisher\" itemtype=\"https:\/\/schema.org\/Organization\" itemscope=\"itemscope\" >\n\t\t\t\t\t\t<span itemprop='name'>Lukas<\/span>\n\t\t\t\t\t\t<span itemprop='logo' itemscope itemtype='https:\/\/schema.org\/ImageObject'>\n\t\t\t\t\t\t\t<span itemprop='url'>https:\/\/www.courage-beratung.at\/wp-content\/uploads\/2023\/12\/COURAGE_LOGO_WEB_2022_RGB.svg<\/span>\n\t\t\t\t\t\t<\/span>\n\t\t\t\t<\/span><span class='av-structured-data'  itemprop=\"author\" itemscope=\"itemscope\" itemtype=\"https:\/\/schema.org\/Person\" ><span itemprop='name'>Lukas<\/span><\/span><span class='av-structured-data'  itemprop=\"datePublished\" datetime=\"2023-11-15T21:10:29+01:00\" >2024-09-24 15:38:41<\/span><span class='av-structured-data'  itemprop=\"dateModified\" itemtype=\"https:\/\/schema.org\/dateModified\" >2024-10-11 12:38:38<\/span><span class='av-structured-data'  itemprop=\"mainEntityOfPage\" itemtype=\"https:\/\/schema.org\/mainEntityOfPage\" ><span itemprop='name'>TRANS* UND INTER* Parents Wien \u2013 Informationsabend<\/span><\/span><\/span><\/article><\/div><\/div><div class='avia-slideshow-arrows avia-slideshow-controls' ><a href='#prev' class='prev-slide  avia-svg-icon avia-font-svg_entypo-fontello' data-av_svg_icon='left-open-big' data-av_iconset='svg_entypo-fontello' tabindex='-1' title=\"Previous\"><svg version=\"1.1\" xmlns=\"http:\/\/www.w3.org\/2000\/svg\" width=\"15\" height=\"32\" viewbox=\"0 0 15 32\" preserveaspectratio=\"xMidYMid meet\" aria-labelledby='av-svg-title-23' aria-describedby='av-svg-desc-23' role=\"graphics-symbol\" aria-hidden=\"true\">\n<title id='av-svg-title-23'>Previous<\/title>\n<desc id='av-svg-desc-23'>Previous<\/desc>\n<path d=\"M14.464 27.84q0.832 0.832 0 1.536-0.832 0.832-1.536 0l-12.544-12.608q-0.768-0.768 0-1.6l12.544-12.608q0.704-0.832 1.536 0 0.832 0.704 0 1.536l-11.456 11.904z\"><\/path>\n<\/svg><span class='avia_hidden_link_text'>Previous<\/span><\/a><a href='#next' class='next-slide  avia-svg-icon avia-font-svg_entypo-fontello' data-av_svg_icon='right-open-big' data-av_iconset='svg_entypo-fontello' tabindex='-1' title=\"Next\"><svg version=\"1.1\" xmlns=\"http:\/\/www.w3.org\/2000\/svg\" width=\"15\" height=\"32\" viewbox=\"0 0 15 32\" preserveaspectratio=\"xMidYMid meet\" aria-labelledby='av-svg-title-24' aria-describedby='av-svg-desc-24' role=\"graphics-symbol\" aria-hidden=\"true\">\n<title id='av-svg-title-24'>Next<\/title>\n<desc id='av-svg-desc-24'>Next<\/desc>\n<path d=\"M0.416 27.84l11.456-11.84-11.456-11.904q-0.832-0.832 0-1.536 0.832-0.832 1.536 0l12.544 12.608q0.768 0.832 0 1.6l-12.544 12.608q-0.704 0.832-1.536 0-0.832-0.704 0-1.536z\"><\/path>\n<\/svg><span class='avia_hidden_link_text'>Next<\/span><\/a><\/div><\/div><br \/>\n<div  data-slideshow-options=\"{&quot;animation&quot;:&quot;fade&quot;,&quot;autoplay&quot;:false,&quot;loop_autoplay&quot;:&quot;once&quot;,&quot;interval&quot;:&quot;5&quot;,&quot;loop_manual&quot;:&quot;manual-endless&quot;,&quot;autoplay_stopper&quot;:false,&quot;noNavigation&quot;:false,&quot;show_slide_delay&quot;:90}\" class='avia-content-slider avia-content-slider-active avia-content-slider4 avia-content-slider-odd  avia-builder-el-15  el_after_av_postslider  avia-builder-el-last  qbz-slider-mobile av-slideshow-ui av-control-default   av-no-slider-navigation av-slideshow-manual av-loop-once av-loop-manual-endless'  itemscope=\"itemscope\" itemtype=\"https:\/\/schema.org\/Blog\" ><div class=\"avia-content-slider-inner\"><div class=\"slide-entry-wrap\"><article class='slide-entry flex_column  post-entry post-entry-8316 slide-entry-overview slide-loop-1 slide-parity-odd  av_fullwidth first real-thumbnail posttype-post post-format-standard'  itemscope=\"itemscope\" itemtype=\"https:\/\/schema.org\/CreativeWork\" ><a href='https:\/\/www.courage-beratung.at\/en\/2026\/03\/04\/multiplikatorinnen-abend-in-linz-2\/' data-rel='slide-4' class='slide-image' title='Multiplikator:innen Abend\u00a0in Linz'><img decoding=\"async\" fetchpriority=\"high\" width=\"801\" height=\"1030\" src=\"https:\/\/www.courage-beratung.at\/wp-content\/uploads\/2025\/05\/freepik__network-of-multicolored-dots-linked-by-glowing-neo__78451-801x1030.png\" class=\"wp-image-5508 avia-img-lazy-loading-not-5508 attachment-large size-large wp-post-image\" alt=\"\" srcset=\"https:\/\/www.courage-beratung.at\/wp-content\/uploads\/2025\/05\/freepik__network-of-multicolored-dots-linked-by-glowing-neo__78451-801x1030.png 801w, https:\/\/www.courage-beratung.at\/wp-content\/uploads\/2025\/05\/freepik__network-of-multicolored-dots-linked-by-glowing-neo__78451-233x300.png 233w, https:\/\/www.courage-beratung.at\/wp-content\/uploads\/2025\/05\/freepik__network-of-multicolored-dots-linked-by-glowing-neo__78451-768x987.png 768w, https:\/\/www.courage-beratung.at\/wp-content\/uploads\/2025\/05\/freepik__network-of-multicolored-dots-linked-by-glowing-neo__78451-9x12.png 9w, https:\/\/www.courage-beratung.at\/wp-content\/uploads\/2025\/05\/freepik__network-of-multicolored-dots-linked-by-glowing-neo__78451-548x705.png 548w, https:\/\/www.courage-beratung.at\/wp-content\/uploads\/2025\/05\/freepik__network-of-multicolored-dots-linked-by-glowing-neo__78451.png 896w\" sizes=\"(max-width: 801px) 100vw, 801px\" \/><\/a><div class=\"slide-content\"><header class=\"entry-content-header\" aria-label=\"Slide: Multiplikator:innen Abend\u00a0in Linz\"><span class=\"blog-categories minor-meta\"><a href=\"https:\/\/www.courage-beratung.at\/en\/category\/allgemein\/\" rel=\"tag\">Allgemein<\/a>, <a href=\"https:\/\/www.courage-beratung.at\/en\/category\/infoabende\/\" rel=\"tag\">Infoabende<\/a> <\/span><h3 class='slide-entry-title entry-title'  itemprop=\"headline\" ><a href='https:\/\/www.courage-beratung.at\/en\/2026\/03\/04\/multiplikatorinnen-abend-in-linz-2\/' title='Multiplikator:innen Abend\u00a0in Linz'>Multiplikator:innen Abend\u00a0in Linz<\/a><\/h3><span class=\"av-vertical-delimiter\"><\/span><\/header><div class='slide-entry-excerpt entry-content'  itemprop=\"text\" >Ort: COURAGE* Linz, Weissenwolffstra\u00dfe 17a, 4020 Linz, 1. OG<br>\nDatum: Donnerstag 18. Juni 2026<br>\nUhrzeit: 18:00 - 20:00 Uhr<br>\nLeitung: Maike Pichler<br>\nKosten: freiwillige Spende<\/div><\/div><footer class=\"entry-footer\"><div class=\"slide-meta\"><time class='slide-meta-time updated'  itemprop=\"datePublished\" datetime=\"2026-03-04T16:23:25+01:00\" >4. March 2026<\/time><\/div><\/footer><span class='hidden'>\n\t\t\t\t<span class='av-structured-data'  itemprop=\"image\" itemscope=\"itemscope\" itemtype=\"https:\/\/schema.org\/ImageObject\" >\n\t\t\t\t\t\t<span itemprop='url'>https:\/\/www.courage-beratung.at\/wp-content\/uploads\/2025\/05\/freepik__network-of-multicolored-dots-linked-by-glowing-neo__78451.png<\/span>\n\t\t\t\t\t\t<span itemprop='height'>1152<\/span>\n\t\t\t\t\t\t<span itemprop='width'>896<\/span>\n\t\t\t\t<\/span>\n\t\t\t\t<span class='av-structured-data'  itemprop=\"publisher\" itemtype=\"https:\/\/schema.org\/Organization\" itemscope=\"itemscope\" >\n\t\t\t\t\t\t<span itemprop='name'>Sandra Ehn<\/span>\n\t\t\t\t\t\t<span itemprop='logo' itemscope itemtype='https:\/\/schema.org\/ImageObject'>\n\t\t\t\t\t\t\t<span itemprop='url'>https:\/\/www.courage-beratung.at\/wp-content\/uploads\/2023\/12\/COURAGE_LOGO_WEB_2022_RGB.svg<\/span>\n\t\t\t\t\t\t<\/span>\n\t\t\t\t<\/span><span class='av-structured-data'  itemprop=\"author\" itemscope=\"itemscope\" itemtype=\"https:\/\/schema.org\/Person\" ><span itemprop='name'>Sandra Ehn<\/span><\/span><span class='av-structured-data'  itemprop=\"datePublished\" datetime=\"2023-11-15T21:10:29+01:00\" >2026-03-04 16:23:25<\/span><span class='av-structured-data'  itemprop=\"dateModified\" itemtype=\"https:\/\/schema.org\/dateModified\" >2026-03-04 16:26:21<\/span><span class='av-structured-data'  itemprop=\"mainEntityOfPage\" itemtype=\"https:\/\/schema.org\/mainEntityOfPage\" ><span itemprop='name'>Multiplikator:innen Abend\u00a0in Linz<\/span><\/span><\/span><\/article><\/div><div class=\"slide-entry-wrap\"><article class='slide-entry flex_column  post-entry post-entry-7932 slide-entry-overview slide-loop-2 slide-parity-odd  av_fullwidth first real-thumbnail posttype-post post-format-standard'  itemscope=\"itemscope\" itemtype=\"https:\/\/schema.org\/CreativeWork\" ><a href='https:\/\/www.courage-beratung.at\/en\/2026\/01\/27\/zusatzlicher-trans-und-inter-parents-informationsabend-im-dezember\/' data-rel='slide-4' class='slide-image' title='TRANS* und INTER* PARENTS Informationsabend im M\u00e4rz'><img decoding=\"async\" fetchpriority=\"high\" width=\"1024\" height=\"576\" src=\"https:\/\/www.courage-beratung.at\/wp-content\/uploads\/2024\/09\/Blog-Photos-3-1024x576-1.png\" class=\"wp-image-3397 avia-img-lazy-loading-not-3397 attachment-large size-large wp-post-image\" alt=\"\" srcset=\"https:\/\/www.courage-beratung.at\/wp-content\/uploads\/2024\/09\/Blog-Photos-3-1024x576-1.png 1024w, https:\/\/www.courage-beratung.at\/wp-content\/uploads\/2024\/09\/Blog-Photos-3-1024x576-1-300x169.png 300w, https:\/\/www.courage-beratung.at\/wp-content\/uploads\/2024\/09\/Blog-Photos-3-1024x576-1-768x432.png 768w, https:\/\/www.courage-beratung.at\/wp-content\/uploads\/2024\/09\/Blog-Photos-3-1024x576-1-18x10.png 18w, https:\/\/www.courage-beratung.at\/wp-content\/uploads\/2024\/09\/Blog-Photos-3-1024x576-1-705x397.png 705w\" sizes=\"(max-width: 1024px) 100vw, 1024px\" \/><\/a><div class=\"slide-content\"><header class=\"entry-content-header\" aria-label=\"Slide: TRANS* und INTER* PARENTS Informationsabend im M\u00e4rz\"><span class=\"blog-categories minor-meta\"><a href=\"https:\/\/www.courage-beratung.at\/en\/category\/allgemein\/\" rel=\"tag\">Allgemein<\/a>, <a href=\"https:\/\/www.courage-beratung.at\/en\/category\/events-qbz\/\" rel=\"tag\">Events QBZ<\/a>, <a href=\"https:\/\/www.courage-beratung.at\/en\/category\/infoabende\/\" rel=\"tag\">Infoabende<\/a> <\/span><h3 class='slide-entry-title entry-title'  itemprop=\"headline\" ><a href='https:\/\/www.courage-beratung.at\/en\/2026\/01\/27\/zusatzlicher-trans-und-inter-parents-informationsabend-im-dezember\/' title='TRANS* und INTER* PARENTS Informationsabend im M\u00e4rz'>TRANS* und INTER* PARENTS Informationsabend im M\u00e4rz<\/a><\/h3><span class=\"av-vertical-delimiter\"><\/span><\/header><div class='slide-entry-excerpt entry-content'  itemprop=\"text\" >Am 4. M\u00e4rz 2026 findet unser n\u00e4chster TRANS* und INTER* PARENTS  Informationsabend statt! Eltern(-teile), Bezugspersonen und Angeh\u00f6rige k\u00f6nnen sich im Rahmen des Abends \u00fcber Trans*Identit\u00e4ten und Inter*Geschlechtlichkeiten informieren und austauschen.<\/div><\/div><footer class=\"entry-footer\"><div class=\"slide-meta\"><time class='slide-meta-time updated'  itemprop=\"datePublished\" datetime=\"2026-01-27T09:37:29+01:00\" >27. January 2026<\/time><\/div><\/footer><span class='hidden'>\n\t\t\t\t<span class='av-structured-data'  itemprop=\"image\" itemscope=\"itemscope\" itemtype=\"https:\/\/schema.org\/ImageObject\" >\n\t\t\t\t\t\t<span itemprop='url'>https:\/\/www.courage-beratung.at\/wp-content\/uploads\/2024\/09\/Blog-Photos-3-1024x576-1.png<\/span>\n\t\t\t\t\t\t<span itemprop='height'>576<\/span>\n\t\t\t\t\t\t<span itemprop='width'>1024<\/span>\n\t\t\t\t<\/span>\n\t\t\t\t<span class='av-structured-data'  itemprop=\"publisher\" itemtype=\"https:\/\/schema.org\/Organization\" itemscope=\"itemscope\" >\n\t\t\t\t\t\t<span itemprop='name'>Sandra Ehn<\/span>\n\t\t\t\t\t\t<span itemprop='logo' itemscope itemtype='https:\/\/schema.org\/ImageObject'>\n\t\t\t\t\t\t\t<span itemprop='url'>https:\/\/www.courage-beratung.at\/wp-content\/uploads\/2023\/12\/COURAGE_LOGO_WEB_2022_RGB.svg<\/span>\n\t\t\t\t\t\t<\/span>\n\t\t\t\t<\/span><span class='av-structured-data'  itemprop=\"author\" itemscope=\"itemscope\" itemtype=\"https:\/\/schema.org\/Person\" ><span itemprop='name'>Sandra Ehn<\/span><\/span><span class='av-structured-data'  itemprop=\"datePublished\" datetime=\"2023-11-15T21:10:29+01:00\" >2026-01-27 09:37:29<\/span><span class='av-structured-data'  itemprop=\"dateModified\" itemtype=\"https:\/\/schema.org\/dateModified\" >2026-02-27 11:41:09<\/span><span class='av-structured-data'  itemprop=\"mainEntityOfPage\" itemtype=\"https:\/\/schema.org\/mainEntityOfPage\" ><span itemprop='name'>TRANS* und INTER* PARENTS Informationsabend im M\u00e4rz<\/span><\/span><\/span><\/article><\/div><div class=\"slide-entry-wrap\"><article class='slide-entry flex_column  post-entry post-entry-3391 slide-entry-overview slide-loop-3 slide-parity-odd  av_fullwidth first real-thumbnail posttype-post post-format-standard'  itemscope=\"itemscope\" itemtype=\"https:\/\/schema.org\/CreativeWork\" ><a href='https:\/\/www.courage-beratung.at\/en\/2025\/11\/18\/freunde-lieben-die-revolte-in-unseren-engsten-beziehungen\/' data-rel='slide-4' class='slide-image' title='TRANS* UND INTER* Parents Linz'><img decoding=\"async\" fetchpriority=\"high\" width=\"1024\" height=\"576\" src=\"https:\/\/www.courage-beratung.at\/wp-content\/uploads\/2024\/09\/Blog-Photos-3-1024x576-1.png\" class=\"wp-image-3397 avia-img-lazy-loading-not-3397 attachment-large size-large wp-post-image\" alt=\"\" srcset=\"https:\/\/www.courage-beratung.at\/wp-content\/uploads\/2024\/09\/Blog-Photos-3-1024x576-1.png 1024w, https:\/\/www.courage-beratung.at\/wp-content\/uploads\/2024\/09\/Blog-Photos-3-1024x576-1-300x169.png 300w, https:\/\/www.courage-beratung.at\/wp-content\/uploads\/2024\/09\/Blog-Photos-3-1024x576-1-768x432.png 768w, https:\/\/www.courage-beratung.at\/wp-content\/uploads\/2024\/09\/Blog-Photos-3-1024x576-1-18x10.png 18w, https:\/\/www.courage-beratung.at\/wp-content\/uploads\/2024\/09\/Blog-Photos-3-1024x576-1-705x397.png 705w\" sizes=\"(max-width: 1024px) 100vw, 1024px\" \/><\/a><div class=\"slide-content\"><header class=\"entry-content-header\" aria-label=\"Slide: TRANS* UND INTER* Parents Linz\"><span class=\"blog-categories minor-meta\"><a href=\"https:\/\/www.courage-beratung.at\/en\/category\/allgemein\/\" rel=\"tag\">Allgemein<\/a>, <a href=\"https:\/\/www.courage-beratung.at\/en\/category\/infoabende\/\" rel=\"tag\">Infoabende<\/a> <\/span><h3 class='slide-entry-title entry-title'  itemprop=\"headline\" ><a href='https:\/\/www.courage-beratung.at\/en\/2025\/11\/18\/freunde-lieben-die-revolte-in-unseren-engsten-beziehungen\/' title='TRANS* UND INTER* Parents Linz'>TRANS* UND INTER* Parents Linz<\/a><\/h3><span class=\"av-vertical-delimiter\"><\/span><\/header><div class='slide-entry-excerpt entry-content'  itemprop=\"text\" >Informationsabende zu Trans*Identit\u00e4ten und Inter*Geschlechtlichkeiten f\u00fcr Eltern(-teile), Bezugspersonen und Angeh\u00f6rige \n<br><br>\n23. M\u00e4rz, 18. Mai und 20. Juli 2026 je zwischen 17 und 20 Uhr\nWei\u00dfenwolffstra\u00dfe 7a, 1. Stock, 4020 Linz;\n<br><br>\nAnmeldung \u00fcber linz@courage-beratung.at<\/div><\/div><footer class=\"entry-footer\"><div class=\"slide-meta\"><time class='slide-meta-time updated'  itemprop=\"datePublished\" datetime=\"2025-11-18T13:50:00+01:00\" >18. November 2025<\/time><\/div><\/footer><span class='hidden'>\n\t\t\t\t<span class='av-structured-data'  itemprop=\"image\" itemscope=\"itemscope\" itemtype=\"https:\/\/schema.org\/ImageObject\" >\n\t\t\t\t\t\t<span itemprop='url'>https:\/\/www.courage-beratung.at\/wp-content\/uploads\/2024\/09\/Blog-Photos-3-1024x576-1.png<\/span>\n\t\t\t\t\t\t<span itemprop='height'>576<\/span>\n\t\t\t\t\t\t<span itemprop='width'>1024<\/span>\n\t\t\t\t<\/span>\n\t\t\t\t<span class='av-structured-data'  itemprop=\"publisher\" itemtype=\"https:\/\/schema.org\/Organization\" itemscope=\"itemscope\" >\n\t\t\t\t\t\t<span itemprop='name'>Nemanja<\/span>\n\t\t\t\t\t\t<span itemprop='logo' itemscope itemtype='https:\/\/schema.org\/ImageObject'>\n\t\t\t\t\t\t\t<span itemprop='url'>https:\/\/www.courage-beratung.at\/wp-content\/uploads\/2023\/12\/COURAGE_LOGO_WEB_2022_RGB.svg<\/span>\n\t\t\t\t\t\t<\/span>\n\t\t\t\t<\/span><span class='av-structured-data'  itemprop=\"author\" itemscope=\"itemscope\" itemtype=\"https:\/\/schema.org\/Person\" ><span itemprop='name'>Nemanja<\/span><\/span><span class='av-structured-data'  itemprop=\"datePublished\" datetime=\"2023-11-15T21:10:29+01:00\" >2025-11-18 13:50:00<\/span><span class='av-structured-data'  itemprop=\"dateModified\" itemtype=\"https:\/\/schema.org\/dateModified\" >2025-11-18 14:04:55<\/span><span class='av-structured-data'  itemprop=\"mainEntityOfPage\" itemtype=\"https:\/\/schema.org\/mainEntityOfPage\" ><span itemprop='name'>TRANS* UND INTER* Parents Linz<\/span><\/span><\/span><\/article><\/div><div class=\"slide-entry-wrap\"><article class='slide-entry flex_column  post-entry post-entry-7024 slide-entry-overview slide-loop-4 slide-parity-odd  av_fullwidth first real-thumbnail posttype-post post-format-standard'  itemscope=\"itemscope\" itemtype=\"https:\/\/schema.org\/CreativeWork\" ><a href='https:\/\/www.courage-beratung.at\/en\/2025\/11\/06\/zusatzlicher-trans-und-inter-parents-informationsabend\/' data-rel='slide-4' class='slide-image' title='Zus\u00e4tzlicher TRANS* und INTER* Parents Informationsabend im Dezember'><img decoding=\"async\" fetchpriority=\"high\" width=\"1024\" height=\"576\" src=\"https:\/\/www.courage-beratung.at\/wp-content\/uploads\/2024\/09\/Blog-Photos-3-1024x576-1.png\" class=\"wp-image-3397 avia-img-lazy-loading-not-3397 attachment-large size-large wp-post-image\" alt=\"\" srcset=\"https:\/\/www.courage-beratung.at\/wp-content\/uploads\/2024\/09\/Blog-Photos-3-1024x576-1.png 1024w, https:\/\/www.courage-beratung.at\/wp-content\/uploads\/2024\/09\/Blog-Photos-3-1024x576-1-300x169.png 300w, https:\/\/www.courage-beratung.at\/wp-content\/uploads\/2024\/09\/Blog-Photos-3-1024x576-1-768x432.png 768w, https:\/\/www.courage-beratung.at\/wp-content\/uploads\/2024\/09\/Blog-Photos-3-1024x576-1-18x10.png 18w, https:\/\/www.courage-beratung.at\/wp-content\/uploads\/2024\/09\/Blog-Photos-3-1024x576-1-705x397.png 705w\" sizes=\"(max-width: 1024px) 100vw, 1024px\" \/><\/a><div class=\"slide-content\"><header class=\"entry-content-header\" aria-label=\"Slide: Zus\u00e4tzlicher TRANS* und INTER* Parents Informationsabend im Dezember\"><span class=\"blog-categories minor-meta\"><a href=\"https:\/\/www.courage-beratung.at\/en\/category\/allgemein\/\" rel=\"tag\">Allgemein<\/a>, <a href=\"https:\/\/www.courage-beratung.at\/en\/category\/events-qbz\/\" rel=\"tag\">Events QBZ<\/a>, <a href=\"https:\/\/www.courage-beratung.at\/en\/category\/infoabende\/\" rel=\"tag\">Infoabende<\/a> <\/span><h3 class='slide-entry-title entry-title'  itemprop=\"headline\" ><a href='https:\/\/www.courage-beratung.at\/en\/2025\/11\/06\/zusatzlicher-trans-und-inter-parents-informationsabend\/' title='Zus\u00e4tzlicher TRANS* und INTER* Parents Informationsabend im Dezember'>Zus\u00e4tzlicher TRANS* und INTER* Parents Informationsabend im Dezember<\/a><\/h3><span class=\"av-vertical-delimiter\"><\/span><\/header><div class='slide-entry-excerpt entry-content'  itemprop=\"text\" >Am 10. Dezember 2025 findet ein zus\u00e4tzlicher TRANS* und INTER* Parents  Informationsabend statt! Eltern(-teile), Bezugspersonen und Angeh\u00f6rige k\u00f6nnen sich im Rahmen des Abends \u00fcber Trans*Identit\u00e4ten und Inter*Geschlechtlichkeiten informieren und austauschen.<\/div><\/div><footer class=\"entry-footer\"><div class=\"slide-meta\"><time class='slide-meta-time updated'  itemprop=\"datePublished\" datetime=\"2025-11-06T12:10:35+01:00\" >6. November 2025<\/time><\/div><\/footer><span class='hidden'>\n\t\t\t\t<span class='av-structured-data'  itemprop=\"image\" itemscope=\"itemscope\" itemtype=\"https:\/\/schema.org\/ImageObject\" >\n\t\t\t\t\t\t<span itemprop='url'>https:\/\/www.courage-beratung.at\/wp-content\/uploads\/2024\/09\/Blog-Photos-3-1024x576-1.png<\/span>\n\t\t\t\t\t\t<span itemprop='height'>576<\/span>\n\t\t\t\t\t\t<span itemprop='width'>1024<\/span>\n\t\t\t\t<\/span>\n\t\t\t\t<span class='av-structured-data'  itemprop=\"publisher\" itemtype=\"https:\/\/schema.org\/Organization\" itemscope=\"itemscope\" >\n\t\t\t\t\t\t<span itemprop='name'>Sandra Ehn<\/span>\n\t\t\t\t\t\t<span itemprop='logo' itemscope itemtype='https:\/\/schema.org\/ImageObject'>\n\t\t\t\t\t\t\t<span itemprop='url'>https:\/\/www.courage-beratung.at\/wp-content\/uploads\/2023\/12\/COURAGE_LOGO_WEB_2022_RGB.svg<\/span>\n\t\t\t\t\t\t<\/span>\n\t\t\t\t<\/span><span class='av-structured-data'  itemprop=\"author\" itemscope=\"itemscope\" itemtype=\"https:\/\/schema.org\/Person\" ><span itemprop='name'>Sandra Ehn<\/span><\/span><span class='av-structured-data'  itemprop=\"datePublished\" datetime=\"2023-11-15T21:10:29+01:00\" >2025-11-06 12:10:35<\/span><span class='av-structured-data'  itemprop=\"dateModified\" itemtype=\"https:\/\/schema.org\/dateModified\" >2025-11-18 14:17:26<\/span><span class='av-structured-data'  itemprop=\"mainEntityOfPage\" itemtype=\"https:\/\/schema.org\/mainEntityOfPage\" ><span itemprop='name'>Zus\u00e4tzlicher TRANS* und INTER* Parents Informationsabend im Dezember<\/span><\/span><\/span><\/article><\/div><div class=\"slide-entry-wrap\"><article class='slide-entry flex_column  post-entry post-entry-5504 slide-entry-overview slide-loop-5 slide-parity-odd  av_fullwidth first real-thumbnail posttype-post post-format-standard'  itemscope=\"itemscope\" itemtype=\"https:\/\/schema.org\/CreativeWork\" ><a href='https:\/\/www.courage-beratung.at\/en\/2025\/05\/02\/multiplikatorinnen-abend-in-linz\/' data-rel='slide-4' class='slide-image' title='Multiplikator:innen Abend\u00a0in Linz'><img decoding=\"async\" fetchpriority=\"high\" width=\"801\" height=\"1030\" src=\"https:\/\/www.courage-beratung.at\/wp-content\/uploads\/2025\/05\/freepik__network-of-multicolored-dots-linked-by-glowing-neo__78451-801x1030.png\" class=\"wp-image-5508 avia-img-lazy-loading-not-5508 attachment-large size-large wp-post-image\" alt=\"\" srcset=\"https:\/\/www.courage-beratung.at\/wp-content\/uploads\/2025\/05\/freepik__network-of-multicolored-dots-linked-by-glowing-neo__78451-801x1030.png 801w, https:\/\/www.courage-beratung.at\/wp-content\/uploads\/2025\/05\/freepik__network-of-multicolored-dots-linked-by-glowing-neo__78451-233x300.png 233w, https:\/\/www.courage-beratung.at\/wp-content\/uploads\/2025\/05\/freepik__network-of-multicolored-dots-linked-by-glowing-neo__78451-768x987.png 768w, https:\/\/www.courage-beratung.at\/wp-content\/uploads\/2025\/05\/freepik__network-of-multicolored-dots-linked-by-glowing-neo__78451-9x12.png 9w, https:\/\/www.courage-beratung.at\/wp-content\/uploads\/2025\/05\/freepik__network-of-multicolored-dots-linked-by-glowing-neo__78451-548x705.png 548w, https:\/\/www.courage-beratung.at\/wp-content\/uploads\/2025\/05\/freepik__network-of-multicolored-dots-linked-by-glowing-neo__78451.png 896w\" sizes=\"(max-width: 801px) 100vw, 801px\" \/><\/a><div class=\"slide-content\"><header class=\"entry-content-header\" aria-label=\"Slide: Multiplikator:innen Abend\u00a0in Linz\"><span class=\"blog-categories minor-meta\"><a href=\"https:\/\/www.courage-beratung.at\/en\/category\/allgemein\/\" rel=\"tag\">Allgemein<\/a>, <a href=\"https:\/\/www.courage-beratung.at\/en\/category\/infoabende\/\" rel=\"tag\">Infoabende<\/a> <\/span><h3 class='slide-entry-title entry-title'  itemprop=\"headline\" ><a href='https:\/\/www.courage-beratung.at\/en\/2025\/05\/02\/multiplikatorinnen-abend-in-linz\/' title='Multiplikator:innen Abend\u00a0in Linz'>Multiplikator:innen Abend\u00a0in Linz<\/a><\/h3><span class=\"av-vertical-delimiter\"><\/span><\/header><div class='slide-entry-excerpt entry-content'  itemprop=\"text\" >Ort: Kompetenzzentrum LGBTIQ+*, Weissenwolffstra\u00dfe 17a, 4020 Linz, <br>\nDatum: 04. September 2025 und 04. Dezember 2025<br>\nUhrzeit: 17:00 - 19:00 Uhr<br>\nLeitung: Maike Pichler<br>\nKosten: freiwillige Spende<\/div><\/div><footer class=\"entry-footer\"><div class=\"slide-meta\"><time class='slide-meta-time updated'  itemprop=\"datePublished\" datetime=\"2025-05-02T13:07:06+02:00\" >2. May 2025<\/time><\/div><\/footer><span class='hidden'>\n\t\t\t\t<span class='av-structured-data'  itemprop=\"image\" itemscope=\"itemscope\" itemtype=\"https:\/\/schema.org\/ImageObject\" >\n\t\t\t\t\t\t<span itemprop='url'>https:\/\/www.courage-beratung.at\/wp-content\/uploads\/2025\/05\/freepik__network-of-multicolored-dots-linked-by-glowing-neo__78451.png<\/span>\n\t\t\t\t\t\t<span itemprop='height'>1152<\/span>\n\t\t\t\t\t\t<span itemprop='width'>896<\/span>\n\t\t\t\t<\/span>\n\t\t\t\t<span class='av-structured-data'  itemprop=\"publisher\" itemtype=\"https:\/\/schema.org\/Organization\" itemscope=\"itemscope\" >\n\t\t\t\t\t\t<span itemprop='name'>Nemanja<\/span>\n\t\t\t\t\t\t<span itemprop='logo' itemscope itemtype='https:\/\/schema.org\/ImageObject'>\n\t\t\t\t\t\t\t<span itemprop='url'>https:\/\/www.courage-beratung.at\/wp-content\/uploads\/2023\/12\/COURAGE_LOGO_WEB_2022_RGB.svg<\/span>\n\t\t\t\t\t\t<\/span>\n\t\t\t\t<\/span><span class='av-structured-data'  itemprop=\"author\" itemscope=\"itemscope\" itemtype=\"https:\/\/schema.org\/Person\" ><span itemprop='name'>Nemanja<\/span><\/span><span class='av-structured-data'  itemprop=\"datePublished\" datetime=\"2023-11-15T21:10:29+01:00\" >2025-05-02 13:07:06<\/span><span class='av-structured-data'  itemprop=\"dateModified\" itemtype=\"https:\/\/schema.org\/dateModified\" >2025-06-23 13:34:16<\/span><span class='av-structured-data'  itemprop=\"mainEntityOfPage\" itemtype=\"https:\/\/schema.org\/mainEntityOfPage\" ><span itemprop='name'>Multiplikator:innen Abend\u00a0in Linz<\/span><\/span><\/span><\/article><\/div><div class=\"slide-entry-wrap\"><article class='slide-entry flex_column  post-entry post-entry-5208 slide-entry-overview slide-loop-6 slide-parity-odd  av_fullwidth first real-thumbnail posttype-post post-format-standard'  itemscope=\"itemscope\" itemtype=\"https:\/\/schema.org\/CreativeWork\" ><a href='https:\/\/www.courage-beratung.at\/en\/2025\/02\/27\/trans-und-inter-parents\/' data-rel='slide-4' class='slide-image' title='TRANS* UND INTER* Parents'><img decoding=\"async\" fetchpriority=\"high\" width=\"1024\" height=\"576\" src=\"https:\/\/www.courage-beratung.at\/wp-content\/uploads\/2024\/09\/Blog-Photos-3-1024x576-1.png\" class=\"wp-image-3397 avia-img-lazy-loading-not-3397 attachment-large size-large wp-post-image\" alt=\"\" srcset=\"https:\/\/www.courage-beratung.at\/wp-content\/uploads\/2024\/09\/Blog-Photos-3-1024x576-1.png 1024w, https:\/\/www.courage-beratung.at\/wp-content\/uploads\/2024\/09\/Blog-Photos-3-1024x576-1-300x169.png 300w, https:\/\/www.courage-beratung.at\/wp-content\/uploads\/2024\/09\/Blog-Photos-3-1024x576-1-768x432.png 768w, https:\/\/www.courage-beratung.at\/wp-content\/uploads\/2024\/09\/Blog-Photos-3-1024x576-1-18x10.png 18w, https:\/\/www.courage-beratung.at\/wp-content\/uploads\/2024\/09\/Blog-Photos-3-1024x576-1-705x397.png 705w\" sizes=\"(max-width: 1024px) 100vw, 1024px\" \/><\/a><div class=\"slide-content\"><header class=\"entry-content-header\" aria-label=\"Slide: TRANS* UND INTER* Parents\"><span class=\"blog-categories minor-meta\"><a href=\"https:\/\/www.courage-beratung.at\/en\/category\/allgemein\/\" rel=\"tag\">Allgemein<\/a>, <a href=\"https:\/\/www.courage-beratung.at\/en\/category\/infoabende\/\" rel=\"tag\">Infoabende<\/a> <\/span><h3 class='slide-entry-title entry-title'  itemprop=\"headline\" ><a href='https:\/\/www.courage-beratung.at\/en\/2025\/02\/27\/trans-und-inter-parents\/' title='TRANS* UND INTER* Parents'>TRANS* UND INTER* Parents<\/a><\/h3><span class=\"av-vertical-delimiter\"><\/span><\/header><div class='slide-entry-excerpt entry-content'  itemprop=\"text\" >Informationsabende zu Trans*Identit\u00e4ten und Inter*Geschlechtlichkeiten f\u00fcr Eltern(-teile), Bezugspersonen und Angeh\u00f6rige\u00a0<br><br>Termin:\u00a0Montag, 28. April 2025, 18:00-21:00 Uhr<br>\nOrt:\u00a0Beratungsstelle Courage, 1060 Wien, Windm\u00fchlgasse 15\/1\/7<br>\nKosten:\u00a0freie Spende<br>\nInfo & Anmeldung:\u00a0Telefon: 01 \/ 585 69 66; Email: info@courage-beratung.at<\/div><\/div><footer class=\"entry-footer\"><div class=\"slide-meta\"><time class='slide-meta-time updated'  itemprop=\"datePublished\" datetime=\"2025-02-27T10:29:23+01:00\" >27. February 2025<\/time><\/div><\/footer><span class='hidden'>\n\t\t\t\t<span class='av-structured-data'  itemprop=\"image\" itemscope=\"itemscope\" itemtype=\"https:\/\/schema.org\/ImageObject\" >\n\t\t\t\t\t\t<span itemprop='url'>https:\/\/www.courage-beratung.at\/wp-content\/uploads\/2024\/09\/Blog-Photos-3-1024x576-1.png<\/span>\n\t\t\t\t\t\t<span itemprop='height'>576<\/span>\n\t\t\t\t\t\t<span itemprop='width'>1024<\/span>\n\t\t\t\t<\/span>\n\t\t\t\t<span class='av-structured-data'  itemprop=\"publisher\" itemtype=\"https:\/\/schema.org\/Organization\" itemscope=\"itemscope\" >\n\t\t\t\t\t\t<span itemprop='name'>Nemanja<\/span>\n\t\t\t\t\t\t<span itemprop='logo' itemscope itemtype='https:\/\/schema.org\/ImageObject'>\n\t\t\t\t\t\t\t<span itemprop='url'>https:\/\/www.courage-beratung.at\/wp-content\/uploads\/2023\/12\/COURAGE_LOGO_WEB_2022_RGB.svg<\/span>\n\t\t\t\t\t\t<\/span>\n\t\t\t\t<\/span><span class='av-structured-data'  itemprop=\"author\" itemscope=\"itemscope\" itemtype=\"https:\/\/schema.org\/Person\" ><span itemprop='name'>Nemanja<\/span><\/span><span class='av-structured-data'  itemprop=\"datePublished\" datetime=\"2023-11-15T21:10:29+01:00\" >2025-02-27 10:29:23<\/span><span class='av-structured-data'  itemprop=\"dateModified\" itemtype=\"https:\/\/schema.org\/dateModified\" >2025-02-27 10:34:02<\/span><span class='av-structured-data'  itemprop=\"mainEntityOfPage\" itemtype=\"https:\/\/schema.org\/mainEntityOfPage\" ><span itemprop='name'>TRANS* UND INTER* Parents<\/span><\/span><\/span><\/article><\/div><div class=\"slide-entry-wrap\"><article class='slide-entry flex_column  post-entry post-entry-3914 slide-entry-overview slide-loop-7 slide-parity-odd  av_fullwidth first real-thumbnail posttype-post post-format-standard'  itemscope=\"itemscope\" itemtype=\"https:\/\/schema.org\/CreativeWork\" ><a href='https:\/\/www.courage-beratung.at\/en\/2025\/01\/14\/trans-und-inter-parentsinfoabend-courage-salzburg\/' data-rel='slide-4' class='slide-image' title='TRANS* UND INTER* PARENTSINFOABEND COURAGE SALZBURG'><img decoding=\"async\" fetchpriority=\"high\" width=\"1024\" height=\"576\" src=\"https:\/\/www.courage-beratung.at\/wp-content\/uploads\/2024\/09\/Blog-Photos-3-1024x576-1.png\" class=\"wp-image-3397 avia-img-lazy-loading-not-3397 attachment-large size-large wp-post-image\" alt=\"\" srcset=\"https:\/\/www.courage-beratung.at\/wp-content\/uploads\/2024\/09\/Blog-Photos-3-1024x576-1.png 1024w, https:\/\/www.courage-beratung.at\/wp-content\/uploads\/2024\/09\/Blog-Photos-3-1024x576-1-300x169.png 300w, https:\/\/www.courage-beratung.at\/wp-content\/uploads\/2024\/09\/Blog-Photos-3-1024x576-1-768x432.png 768w, https:\/\/www.courage-beratung.at\/wp-content\/uploads\/2024\/09\/Blog-Photos-3-1024x576-1-18x10.png 18w, https:\/\/www.courage-beratung.at\/wp-content\/uploads\/2024\/09\/Blog-Photos-3-1024x576-1-705x397.png 705w\" sizes=\"(max-width: 1024px) 100vw, 1024px\" \/><\/a><div class=\"slide-content\"><header class=\"entry-content-header\" aria-label=\"Slide: TRANS* UND INTER* PARENTSINFOABEND COURAGE SALZBURG\"><span class=\"blog-categories minor-meta\"><a href=\"https:\/\/www.courage-beratung.at\/en\/category\/allgemein\/\" rel=\"tag\">Allgemein<\/a>, <a href=\"https:\/\/www.courage-beratung.at\/en\/category\/infoabende\/\" rel=\"tag\">Infoabende<\/a> <\/span><h3 class='slide-entry-title entry-title'  itemprop=\"headline\" ><a href='https:\/\/www.courage-beratung.at\/en\/2025\/01\/14\/trans-und-inter-parentsinfoabend-courage-salzburg\/' title='TRANS* UND INTER* PARENTSINFOABEND COURAGE SALZBURG'>TRANS* UND INTER* PARENTSINFOABEND COURAGE SALZBURG<\/a><\/h3><span class=\"av-vertical-delimiter\"><\/span><\/header><div class='slide-entry-excerpt entry-content'  itemprop=\"text\" >Termin: 20. Februar von 18:00 bis 20:00 Uhr<br><br>\nOrt: Getreidegasse 21, 5020 Salzburg<br><br>\nKosten: freie Spende<br><br>\nAnmeldung \u00fcber salzburg@courage-beratung.at<\/div><\/div><footer class=\"entry-footer\"><div class=\"slide-meta\"><time class='slide-meta-time updated'  itemprop=\"datePublished\" datetime=\"2025-01-14T12:59:06+01:00\" >14. January 2025<\/time><\/div><\/footer><span class='hidden'>\n\t\t\t\t<span class='av-structured-data'  itemprop=\"image\" itemscope=\"itemscope\" itemtype=\"https:\/\/schema.org\/ImageObject\" >\n\t\t\t\t\t\t<span itemprop='url'>https:\/\/www.courage-beratung.at\/wp-content\/uploads\/2024\/09\/Blog-Photos-3-1024x576-1.png<\/span>\n\t\t\t\t\t\t<span itemprop='height'>576<\/span>\n\t\t\t\t\t\t<span itemprop='width'>1024<\/span>\n\t\t\t\t<\/span>\n\t\t\t\t<span class='av-structured-data'  itemprop=\"publisher\" itemtype=\"https:\/\/schema.org\/Organization\" itemscope=\"itemscope\" >\n\t\t\t\t\t\t<span itemprop='name'>Lukas<\/span>\n\t\t\t\t\t\t<span itemprop='logo' itemscope itemtype='https:\/\/schema.org\/ImageObject'>\n\t\t\t\t\t\t\t<span itemprop='url'>https:\/\/www.courage-beratung.at\/wp-content\/uploads\/2023\/12\/COURAGE_LOGO_WEB_2022_RGB.svg<\/span>\n\t\t\t\t\t\t<\/span>\n\t\t\t\t<\/span><span class='av-structured-data'  itemprop=\"author\" itemscope=\"itemscope\" itemtype=\"https:\/\/schema.org\/Person\" ><span itemprop='name'>Lukas<\/span><\/span><span class='av-structured-data'  itemprop=\"datePublished\" datetime=\"2023-11-15T21:10:29+01:00\" >2025-01-14 12:59:06<\/span><span class='av-structured-data'  itemprop=\"dateModified\" itemtype=\"https:\/\/schema.org\/dateModified\" >2025-01-14 12:59:18<\/span><span class='av-structured-data'  itemprop=\"mainEntityOfPage\" itemtype=\"https:\/\/schema.org\/mainEntityOfPage\" ><span itemprop='name'>TRANS* UND INTER* PARENTSINFOABEND COURAGE SALZBURG<\/span><\/span><\/span><\/article><\/div><div class=\"slide-entry-wrap\"><article class='slide-entry flex_column  post-entry post-entry-3887 slide-entry-overview slide-loop-8 slide-parity-odd  post-entry-last  av_fullwidth first real-thumbnail posttype-post post-format-standard'  itemscope=\"itemscope\" itemtype=\"https:\/\/schema.org\/CreativeWork\" ><a href='https:\/\/www.courage-beratung.at\/en\/2024\/09\/24\/trans-und-inter-parents-informationsabende-zu-transidentitaten-und-intergeschlechtlichkeiten-fur-eltern-teile-bezugspersonen-und-angehorige\/' data-rel='slide-4' class='slide-image' title='TRANS* UND INTER* Parents Wien \u2013 Informationsabend'><img decoding=\"async\" fetchpriority=\"high\" width=\"1024\" height=\"576\" src=\"https:\/\/www.courage-beratung.at\/wp-content\/uploads\/2024\/09\/Blog-Photos-3-1024x576-1.png\" class=\"wp-image-3397 avia-img-lazy-loading-not-3397 attachment-large size-large wp-post-image\" alt=\"\" srcset=\"https:\/\/www.courage-beratung.at\/wp-content\/uploads\/2024\/09\/Blog-Photos-3-1024x576-1.png 1024w, https:\/\/www.courage-beratung.at\/wp-content\/uploads\/2024\/09\/Blog-Photos-3-1024x576-1-300x169.png 300w, https:\/\/www.courage-beratung.at\/wp-content\/uploads\/2024\/09\/Blog-Photos-3-1024x576-1-768x432.png 768w, https:\/\/www.courage-beratung.at\/wp-content\/uploads\/2024\/09\/Blog-Photos-3-1024x576-1-18x10.png 18w, https:\/\/www.courage-beratung.at\/wp-content\/uploads\/2024\/09\/Blog-Photos-3-1024x576-1-705x397.png 705w\" sizes=\"(max-width: 1024px) 100vw, 1024px\" \/><\/a><div class=\"slide-content\"><header class=\"entry-content-header\" aria-label=\"Slide: TRANS* UND INTER* Parents Wien \u2013 Informationsabend\"><span class=\"blog-categories minor-meta\"><a href=\"https:\/\/www.courage-beratung.at\/en\/category\/allgemein\/\" rel=\"tag\">Allgemein<\/a>, <a href=\"https:\/\/www.courage-beratung.at\/en\/category\/events-qbz\/\" rel=\"tag\">Events QBZ<\/a>, <a href=\"https:\/\/www.courage-beratung.at\/en\/category\/infoabende\/\" rel=\"tag\">Infoabende<\/a> <\/span><h3 class='slide-entry-title entry-title'  itemprop=\"headline\" ><a href='https:\/\/www.courage-beratung.at\/en\/2024\/09\/24\/trans-und-inter-parents-informationsabende-zu-transidentitaten-und-intergeschlechtlichkeiten-fur-eltern-teile-bezugspersonen-und-angehorige\/' title='TRANS* UND INTER* Parents Wien \u2013 Informationsabend'>TRANS* UND INTER* Parents Wien \u2013 Informationsabend<\/a><\/h3><span class=\"av-vertical-delimiter\"><\/span><\/header><div class='slide-entry-excerpt entry-content'  itemprop=\"text\" >Wenn sich Kinder \/ Jugendliche als transident empfinden und in der Familie outen oder intergeschlechtlich sind, sehen sich Eltern, Bezugspersonen oder Angeh\u00f6rige oft zahlreichen Fragen und Herausforderungen gegen\u00fcber, die sie manchmal nicht bew\u00e4ltigen k\u00f6nnen. Damit aber auch sie Unterst\u00fctzung erfahren und fundierte Antworten erhalten, bietet die COURAGE regelm\u00e4\u00dfige Informationsabende an.<\/div><\/div><footer class=\"entry-footer\"><div class=\"slide-meta\"><time class='slide-meta-time updated'  itemprop=\"datePublished\" datetime=\"2024-09-24T15:38:41+02:00\" >24. September 2024<\/time><\/div><\/footer><span class='hidden'>\n\t\t\t\t<span class='av-structured-data'  itemprop=\"image\" itemscope=\"itemscope\" itemtype=\"https:\/\/schema.org\/ImageObject\" >\n\t\t\t\t\t\t<span itemprop='url'>https:\/\/www.courage-beratung.at\/wp-content\/uploads\/2024\/09\/Blog-Photos-3-1024x576-1.png<\/span>\n\t\t\t\t\t\t<span itemprop='height'>576<\/span>\n\t\t\t\t\t\t<span itemprop='width'>1024<\/span>\n\t\t\t\t<\/span>\n\t\t\t\t<span class='av-structured-data'  itemprop=\"publisher\" itemtype=\"https:\/\/schema.org\/Organization\" itemscope=\"itemscope\" >\n\t\t\t\t\t\t<span itemprop='name'>Lukas<\/span>\n\t\t\t\t\t\t<span itemprop='logo' itemscope itemtype='https:\/\/schema.org\/ImageObject'>\n\t\t\t\t\t\t\t<span itemprop='url'>https:\/\/www.courage-beratung.at\/wp-content\/uploads\/2023\/12\/COURAGE_LOGO_WEB_2022_RGB.svg<\/span>\n\t\t\t\t\t\t<\/span>\n\t\t\t\t<\/span><span class='av-structured-data'  itemprop=\"author\" itemscope=\"itemscope\" itemtype=\"https:\/\/schema.org\/Person\" ><span itemprop='name'>Lukas<\/span><\/span><span class='av-structured-data'  itemprop=\"datePublished\" datetime=\"2023-11-15T21:10:29+01:00\" >2024-09-24 15:38:41<\/span><span class='av-structured-data'  itemprop=\"dateModified\" itemtype=\"https:\/\/schema.org\/dateModified\" >2024-10-11 12:38:38<\/span><span class='av-structured-data'  itemprop=\"mainEntityOfPage\" itemtype=\"https:\/\/schema.org\/mainEntityOfPage\" ><span itemprop='name'>TRANS* UND INTER* Parents Wien \u2013 Informationsabend<\/span><\/span><\/span><\/article><\/div><\/div><div class='avia-slideshow-arrows avia-slideshow-controls' ><a href='#prev' class='prev-slide  avia-svg-icon avia-font-svg_entypo-fontello' data-av_svg_icon='left-open-big' data-av_iconset='svg_entypo-fontello' tabindex='-1' title=\"Previous\"><svg version=\"1.1\" xmlns=\"http:\/\/www.w3.org\/2000\/svg\" width=\"15\" height=\"32\" viewbox=\"0 0 15 32\" preserveaspectratio=\"xMidYMid meet\" aria-labelledby='av-svg-title-33' aria-describedby='av-svg-desc-33' role=\"graphics-symbol\" aria-hidden=\"true\">\n<title id='av-svg-title-33'>Previous<\/title>\n<desc id='av-svg-desc-33'>Previous<\/desc>\n<path d=\"M14.464 27.84q0.832 0.832 0 1.536-0.832 0.832-1.536 0l-12.544-12.608q-0.768-0.768 0-1.6l12.544-12.608q0.704-0.832 1.536 0 0.832 0.704 0 1.536l-11.456 11.904z\"><\/path>\n<\/svg><span class='avia_hidden_link_text'>Previous<\/span><\/a><a href='#next' class='next-slide  avia-svg-icon avia-font-svg_entypo-fontello' data-av_svg_icon='right-open-big' data-av_iconset='svg_entypo-fontello' tabindex='-1' title=\"Next\"><svg version=\"1.1\" xmlns=\"http:\/\/www.w3.org\/2000\/svg\" width=\"15\" height=\"32\" viewbox=\"0 0 15 32\" preserveaspectratio=\"xMidYMid meet\" aria-labelledby='av-svg-title-34' aria-describedby='av-svg-desc-34' role=\"graphics-symbol\" aria-hidden=\"true\">\n<title id='av-svg-title-34'>Next<\/title>\n<desc id='av-svg-desc-34'>Next<\/desc>\n<path d=\"M0.416 27.84l11.456-11.84-11.456-11.904q-0.832-0.832 0-1.536 0.832-0.832 1.536 0l12.544 12.608q0.768 0.832 0 1.6l-12.544 12.608q-0.704 0.832-1.536 0-0.832-0.704 0-1.536z\"><\/path>\n<\/svg><span class='avia_hidden_link_text'>Next<\/span><\/a><\/div><\/div><\/p>\n<\/div><\/div><\/div><\/div><\/div><\/div>","protected":false},"excerpt":{"rendered":"","protected":false},"author":4,"featured_media":0,"parent":279,"menu_order":0,"comment_status":"closed","ping_status":"closed","template":"","meta":{"footnotes":""},"categories":[],"tags":[],"class_list":["post-1116","page","type-page","status-publish","hentry"],"_links":{"self":[{"href":"https:\/\/www.courage-beratung.at\/en\/wp-json\/wp\/v2\/pages\/1116","targetHints":{"allow":["GET"]}}],"collection":[{"href":"https:\/\/www.courage-beratung.at\/en\/wp-json\/wp\/v2\/pages"}],"about":[{"href":"https:\/\/www.courage-beratung.at\/en\/wp-json\/wp\/v2\/types\/page"}],"author":[{"embeddable":true,"href":"https:\/\/www.courage-beratung.at\/en\/wp-json\/wp\/v2\/users\/4"}],"replies":[{"embeddable":true,"href":"https:\/\/www.courage-beratung.at\/en\/wp-json\/wp\/v2\/comments?post=1116"}],"version-history":[{"count":242,"href":"https:\/\/www.courage-beratung.at\/en\/wp-json\/wp\/v2\/pages\/1116\/revisions"}],"predecessor-version":[{"id":8228,"href":"https:\/\/www.courage-beratung.at\/en\/wp-json\/wp\/v2\/pages\/1116\/revisions\/8228"}],"up":[{"embeddable":true,"href":"https:\/\/www.courage-beratung.at\/en\/wp-json\/wp\/v2\/pages\/279"}],"wp:attachment":[{"href":"https:\/\/www.courage-beratung.at\/en\/wp-json\/wp\/v2\/media?parent=1116"}],"wp:term":[{"taxonomy":"category","embeddable":true,"href":"https:\/\/www.courage-beratung.at\/en\/wp-json\/wp\/v2\/categories?post=1116"},{"taxonomy":"post_tag","embeddable":true,"href":"https:\/\/www.courage-beratung.at\/en\/wp-json\/wp\/v2\/tags?post=1116"}],"curies":[{"name":"wp","href":"https:\/\/api.w.org\/{rel}","templated":true}]}}