{"id":279,"date":"2023-06-03T08:03:02","date_gmt":"2023-06-03T06:03:02","guid":{"rendered":"https:\/\/w2023.courage-beratung.at\/?page_id=279"},"modified":"2026-04-03T13:16:24","modified_gmt":"2026-04-03T11:16:24","slug":"home_2","status":"publish","type":"page","link":"https:\/\/www.courage-beratung.at\/en\/","title":{"rendered":"HOME"},"content":{"rendered":"<style type=\"text\/css\" data-created_by=\"avia_inline_auto\" id=\"style-css-av-mkq32jr2-9a8d4cab58cdf22b7beb632a3268d63e\">\n#top .hr.hr-invisible.av-mkq32jr2-9a8d4cab58cdf22b7beb632a3268d63e{\nmargin-top:-30px;\nheight:1px;\n}\n<\/style>\n<div  class='hr av-mkq32jr2-9a8d4cab58cdf22b7beb632a3268d63e hr-invisible  avia-builder-el-0  el_before_av_buttonrow  avia-builder-el-first'><span class='hr-inner'><span class=\"hr-inner-style\"><\/span><\/span><\/div>\n\n<style type=\"text\/css\" data-created_by=\"avia_inline_auto\" id=\"style-css-av-m627j4fc-90940245a4a538276720aa5c2006d753\">\n.avia-buttonrow-wrap.av-m627j4fc-90940245a4a538276720aa5c2006d753 .avia-button{\nfont-size:14px;\n}\n<\/style>\n<div  id=\"languagebar\"  class='avia-buttonrow-wrap av-m627j4fc-90940245a4a538276720aa5c2006d753 avia-buttonrow-center  avia-builder-el-1  el_after_av_hr  el_before_av_codeblock'>\n\n<style type=\"text\/css\" data-created_by=\"avia_inline_auto\" id=\"style-css-av-1s4sq7-86c3b462f20d440cebdd7868f2e8447d\">\n#top #wrap_all .avia-button.av-1s4sq7-86c3b462f20d440cebdd7868f2e8447d{\nmargin-bottom:5px;\nmargin-right:3px;\nmargin-left:3px;\n}\n<\/style>\n<a href='https:\/\/www.courage-beratung.at\/en\/english-2\/'  class='avia-button av-1s4sq7-86c3b462f20d440cebdd7868f2e8447d avia-icon_select-no avia-size-small avia-color-theme-color'   aria-label=\"English\"><span class='avia_iconbox_title' >English<\/span><\/a>\n\n<style type=\"text\/css\" data-created_by=\"avia_inline_auto\" id=\"style-css-av-1l5vjr-5d37022076845a416a9ec419aabc813b\">\n#top #wrap_all .avia-button.av-1l5vjr-5d37022076845a416a9ec419aabc813b{\nmargin-bottom:5px;\nmargin-right:3px;\nmargin-left:3px;\n}\n<\/style>\n<a href='https:\/\/www.courage-beratung.at\/en\/serbian\/'  class='avia-button av-1l5vjr-5d37022076845a416a9ec419aabc813b avia-icon_select-no avia-size-small avia-color-theme-color'   aria-label=\"T\u00fcrk\u00e7e\"><span class='avia_iconbox_title' >T\u00fcrk\u00e7e<\/span><\/a>\n\n<style type=\"text\/css\" data-created_by=\"avia_inline_auto\" id=\"style-css-av-1fm5qf-216d9278ec193e8f7a985f247f7e2864\">\n#top #wrap_all .avia-button.av-1fm5qf-216d9278ec193e8f7a985f247f7e2864{\nmargin-bottom:5px;\nmargin-right:3px;\nmargin-left:3px;\n}\n<\/style>\n<a href='https:\/\/www.courage-beratung.at\/en\/arabic\/'  class='avia-button av-1fm5qf-216d9278ec193e8f7a985f247f7e2864 avia-icon_select-no avia-size-small avia-color-theme-color'   aria-label=\"Espa\u00f1ol\"><span class='avia_iconbox_title' >Espa\u00f1ol<\/span><\/a>\n\n<style type=\"text\/css\" data-created_by=\"avia_inline_auto\" id=\"style-css-av-18arhb-3e86943783d4317984e45590834240ea\">\n#top #wrap_all .avia-button.av-18arhb-3e86943783d4317984e45590834240ea{\nmargin-bottom:5px;\nmargin-right:3px;\nmargin-left:3px;\n}\n<\/style>\n<a href='https:\/\/www.courage-beratung.at\/en\/espanol\/'  class='avia-button av-18arhb-3e86943783d4317984e45590834240ea avia-icon_select-no avia-size-small avia-color-theme-color'   aria-label=\"Italiano\"><span class='avia_iconbox_title' >Italiano<\/span><\/a>\n\n<style type=\"text\/css\" data-created_by=\"avia_inline_auto\" id=\"style-css-av-12pp1z-80c941ddc1444a71cd548c8a1d06327b\">\n#top #wrap_all .avia-button.av-12pp1z-80c941ddc1444a71cd548c8a1d06327b{\nmargin-bottom:5px;\nmargin-right:3px;\nmargin-left:3px;\n}\n<\/style>\n<a href='https:\/\/www.courage-beratung.at\/en\/english\/'  class='avia-button av-12pp1z-80c941ddc1444a71cd548c8a1d06327b avia-icon_select-no avia-size-small avia-color-theme-color'   aria-label=\"Srpski-Hrvatski\"><span class='avia_iconbox_title' >Srpski-Hrvatski<\/span><\/a>\n\n<style type=\"text\/css\" data-created_by=\"avia_inline_auto\" id=\"style-css-av-vm0kv-f324f2b6d01c1deb8aa8c09030250410\">\n#top #wrap_all .avia-button.av-vm0kv-f324f2b6d01c1deb8aa8c09030250410{\nmargin-bottom:5px;\nmargin-right:3px;\nmargin-left:3px;\n}\n<\/style>\n<a href='https:\/\/www.courage-beratung.at\/en\/turkisch\/'  class='avia-button av-vm0kv-f324f2b6d01c1deb8aa8c09030250410 avia-icon_select-no avia-size-small avia-color-theme-color'   aria-label=\"\u0627\u064e\u0644\u0652\u0639\u064e\u0631\u064e\u0628\u0650\u064a\u064e\u0651\u0629\u064f\"><span class='avia_iconbox_title' >\u0627\u064e\u0644\u0652\u0639\u064e\u0631\u064e\u0628\u0650\u064a\u064e\u0651\u0629\u064f<\/span><\/a>\n\n<style type=\"text\/css\" data-created_by=\"avia_inline_auto\" id=\"style-css-av-rcknr-35b3f1b2de50e91144a9228350b4c63f\">\n#top #wrap_all .avia-button.av-rcknr-35b3f1b2de50e91144a9228350b4c63f{\nmargin-bottom:5px;\nmargin-right:3px;\nmargin-left:3px;\n}\n<\/style>\n<a href='https:\/\/www.courage-beratung.at\/en\/2647-2\/'  class='avia-button av-rcknr-35b3f1b2de50e91144a9228350b4c63f avia-icon_select-no avia-size-small avia-color-theme-color'   aria-label=\"Fran\u00e7ais\"><span class='avia_iconbox_title' >Fran\u00e7ais<\/span><\/a>\n\n<style type=\"text\/css\" data-created_by=\"avia_inline_auto\" id=\"style-css-av-kpi6f-456ffca24fc90edc74f7569f1fc00706\">\n#top #wrap_all .avia-button.av-kpi6f-456ffca24fc90edc74f7569f1fc00706{\nmargin-bottom:5px;\nmargin-right:3px;\nmargin-left:3px;\n}\n<\/style>\n<a href='https:\/\/www.courage-beratung.at\/en\/romanian\/'  class='avia-button av-kpi6f-456ffca24fc90edc74f7569f1fc00706 avia-icon_select-no avia-size-small avia-color-theme-color'   aria-label=\"Rom\u00e2n\u0103\"><span class='avia_iconbox_title' >Rom\u00e2n\u0103<\/span><\/a>\n\n<style type=\"text\/css\" data-created_by=\"avia_inline_auto\" id=\"style-css-av-1f8cn-add06dac0882d4f6823144f9dca08505\">\n#top #wrap_all .avia-button.av-1f8cn-add06dac0882d4f6823144f9dca08505{\nmargin-bottom:5px;\nmargin-right:3px;\nmargin-left:3px;\n}\n<\/style>\n<a href='https:\/\/www.courage-beratung.at\/en\/italiano\/'  class='avia-button av-1f8cn-add06dac0882d4f6823144f9dca08505 avia-icon_select-no avia-size-small avia-color-theme-color'   aria-label=\"Nederlands\"><span class='avia_iconbox_title' >Nederlands<\/span><\/a>\n\n<style type=\"text\/css\" data-created_by=\"avia_inline_auto\" id=\"style-css-av-869kv-66be898d09a34c36047f98db08aa45a9\">\n#top #wrap_all .avia-button.av-869kv-66be898d09a34c36047f98db08aa45a9{\nmargin-bottom:5px;\nmargin-right:3px;\nmargin-left:3px;\n}\n<\/style>\n<a href='https:\/\/www.courage-beratung.at\/en\/english-3\/'  class='avia-button av-869kv-66be898d09a34c36047f98db08aa45a9 avia-icon_select-no avia-size-small avia-color-theme-color'   aria-label=\"Magyar\"><span class='avia_iconbox_title' >Magyar<\/span><\/a>\n<\/div>\n\n\n<style type=\"text\/css\" data-created_by=\"avia_inline_auto\" id=\"style-css-av-mkr2r3pv-eca3baf3224b3e64adf6ebc9b4db21f1\">\n#top .hr.hr-invisible.av-mkr2r3pv-eca3baf3224b3e64adf6ebc9b4db21f1{\nmargin-top:-50px;\nheight:1px;\n}\n<\/style>\n<div  class='hr av-mkr2r3pv-eca3baf3224b3e64adf6ebc9b4db21f1 hr-invisible  avia-builder-el-3  el_after_av_codeblock  el_before_av_section  avia-builder-el-last'><span class='hr-inner'><span class=\"hr-inner-style\"><\/span><\/span><\/div>\n<\/div><\/div><\/div><!-- close content main div --><\/div><\/div>\n<style type=\"text\/css\" data-created_by=\"avia_inline_auto\" id=\"style-css-av-4r4pj-37b3e4543159222fca7f2fb9b53d5b91\">\n.avia-section.av-4r4pj-37b3e4543159222fca7f2fb9b53d5b91{\nbackground-color:#8ca1be;\nbackground-image:url(https:\/\/www.courage-beratung.at\/wp-content\/uploads\/2024\/01\/1.png);\nbackground-repeat:no-repeat;\nbackground-position:50% 100%;\nbackground-attachment:scroll;\nmargin-top:0px;\nmargin-bottom:0px;\n}\n\n@media only screen and (min-width: 990px){ \n.avia-section.av-4r4pj-37b3e4543159222fca7f2fb9b53d5b91{\nmargin-top:0;\nmargin-bottom:0;\n}\n}\n<\/style>\n<div id='av_section_1'  class='avia-section av-4r4pj-37b3e4543159222fca7f2fb9b53d5b91 main_color avia-section-default avia-no-border-styling  avia-builder-el-4  el_after_av_hr  el_before_av_codeblock  avia-full-stretch avia-bg-style-scroll av-minimum-height av-minimum-height-25 av-height-25  container_wrap fullsize'  data-section-bg-repeat='stretch' data-av_minimum_height_pc='25' data-av_min_height_opt='25'><div class='container av-section-cont-open' ><div class='template-page content  av-content-full alpha units'><div class='post-entry post-entry-type-page post-entry-279'><div class='entry-content-wrapper clearfix'>\n\n<style type=\"text\/css\" data-created_by=\"avia_inline_auto\" id=\"style-css-av-124nc7-9ec63d0e8eb744eca75506df2e1d692f\">\n#top .av_textblock_section.av-124nc7-9ec63d0e8eb744eca75506df2e1d692f .avia_textblock{\ncolor:#ffffff;\ntext-align:center;\n}\n<\/style>\n<section  id=\"naslov\"  class='av_textblock_section av-124nc7-9ec63d0e8eb744eca75506df2e1d692f'   itemscope=\"itemscope\" itemtype=\"https:\/\/schema.org\/CreativeWork\" ><div class='avia_textblock av_inherit_color'  itemprop=\"text\" ><h6 style=\"text-align: left; line-height: 40pt;\"><span style=\"font-size: 36pt;\">COURAGE*<\/span><\/h6>\n<h6 style=\"text-align: left; line-height: 32pt;\"><span style=\"font-size: 24pt;\">die Partner*innen-, Familien- &#038; Sexualberatungsstellen<\/span><\/h6>\n<\/div><\/section>\n\n<style type=\"text\/css\" data-created_by=\"avia_inline_auto\" id=\"style-css-av-yc3fz-c885264cacc576594c95e1d7c60294fd\">\n#top .hr.av-yc3fz-c885264cacc576594c95e1d7c60294fd{\nmargin-top:30;\nmargin-bottom:10;\n}\n.hr.av-yc3fz-c885264cacc576594c95e1d7c60294fd .hr-inner{\nwidth:75%;\n}\n<\/style>\n<div  class='hr av-yc3fz-c885264cacc576594c95e1d7c60294fd hr-custom  avia-builder-el-6  el_after_av_textblock  el_before_av_textblock  hr-left hr-icon-no'><span class='hr-inner inner-border-av-border-fat'><span class=\"hr-inner-style\"><\/span><\/span><\/div>\n\n<style type=\"text\/css\" data-created_by=\"avia_inline_auto\" id=\"style-css-av-qidgv-4324fe5556cea6154b9c3f248819f319\">\n#top .av_textblock_section.av-qidgv-4324fe5556cea6154b9c3f248819f319 .avia_textblock{\nfont-size:16px;\ntext-align:left;\n}\n<\/style>\n<section  class='av_textblock_section av-qidgv-4324fe5556cea6154b9c3f248819f319'   itemscope=\"itemscope\" itemtype=\"https:\/\/schema.org\/CreativeWork\" ><div class='avia_textblock'  itemprop=\"text\" ><p>Die COURAGE* sind Beratungsstellen nach dem Familienberatungsf\u00f6rderungsgesetz des Bundes: <strong><a href=\"http:\/\/www.familienberatung.gv.at\" target=\"_blank\" rel=\"noopener\" data-saferedirecturl=\"https:\/\/www.google.com\/url?q=http:\/\/www.familienberatung.gv.at&#038;source=gmail&#038;ust=1743343625590000&#038;usg=AOvVaw3AhrouieYYn7pF2b036eQm\">www.familienberatung.gv.at<\/a><\/strong><\/p>\n<p><strong>Unsere Schwerpunkte: <\/strong>Sexualit\u00e4ten &#038; Beziehungen | Gleichgeschlechtliche Lebensweisen | Trans* \/ Transidentit\u00e4ten | Nicht-Binarit\u00e4ten |<br class=\"avia-permanent-lb\" \/>Vielfalt von Geschlechtsvariationen | Inter* \/ Intergeschlechtlichkeit | Regenbogenfamilien | Gewalt und sexualisierte Gewalt | <br class=\"avia-permanent-lb\" \/>Gewalt gegen\u00fcber FLINTA sowie schwulen und bisexuellen M\u00e4nnern<\/p>\n<\/div><\/section>\n<\/div><\/div><\/div><!-- close content main div --><\/div><\/div><div id='after_section_1'  class='main_color av_default_container_wrap container_wrap fullsize'  ><div class='container av-section-cont-open' ><div class='template-page content  av-content-full alpha units'><div class='post-entry post-entry-type-page post-entry-279'><div class='entry-content-wrapper clearfix'>\n\n\n<style type=\"text\/css\" data-created_by=\"avia_inline_auto\" id=\"style-css-av-m32wf-e02236cc7318cafe2c5e60b3164552a2\">\n#top .hr.hr-invisible.av-m32wf-e02236cc7318cafe2c5e60b3164552a2{\nmargin-top:-20px;\nheight:1px;\n}\n<\/style>\n<div  class='hr av-m32wf-e02236cc7318cafe2c5e60b3164552a2 hr-invisible  avia-builder-el-9  el_after_av_codeblock  el_before_av_codeblock'><span class='hr-inner'><span class=\"hr-inner-style\"><\/span><\/span><\/div>\n\n<\/div><\/div><\/div><!-- close content main div --><\/div><\/div>\n<style type=\"text\/css\" data-created_by=\"avia_inline_auto\" id=\"style-css-av-m70lhkpn-ab76c210508b4e0aed2f1fa76531561f\">\n.avia-section.av-m70lhkpn-ab76c210508b4e0aed2f1fa76531561f{\nbackground-color:#555f8d;\nbackground-image:unset;\n}\n<\/style>\n<div id='av_section_2'  class='avia-section av-m70lhkpn-ab76c210508b4e0aed2f1fa76531561f main_color avia-section-small avia-no-border-styling  avia-builder-el-11  el_after_av_codeblock  el_before_av_codeblock  color section online shop invalid-custom-class-found avia-bg-style-scroll container_wrap fullsize'  ><div class='container av-section-cont-open' ><div class='template-page content  av-content-full alpha units'><div class='post-entry post-entry-type-page post-entry-279'><div class='entry-content-wrapper clearfix'>\n\n\n<style type=\"text\/css\" data-created_by=\"avia_inline_auto\" id=\"style-css-av-mk9npx59-8409da964a9f19a1cdf0c34a356acf1a\">\n#top .hr.av-mk9npx59-8409da964a9f19a1cdf0c34a356acf1a{\nmargin-top:10;\nmargin-bottom:30px;\n}\n.hr.av-mk9npx59-8409da964a9f19a1cdf0c34a356acf1a .hr-inner{\nwidth:500;\n}\n<\/style>\n<div  class='hr av-mk9npx59-8409da964a9f19a1cdf0c34a356acf1a hr-custom  avia-builder-el-13  el_after_av_codeblock  el_before_av_textblock  hr-center hr-icon-no'><span class='hr-inner inner-border-av-border-thin'><span class=\"hr-inner-style\"><\/span><\/span><\/div>\n<section  class='av_textblock_section av-mk9n167h-e373face6d3d13db0ba146dbb1a96fbb'   itemscope=\"itemscope\" itemtype=\"https:\/\/schema.org\/CreativeWork\" ><div class='avia_textblock av_inherit_color'  itemprop=\"text\" ><h3 style=\"text-align: center;\"><b>TRANSGESCHLECHLICHKEIT \/ NICHT BINARIT\u00c4T \/ GESCHLECHTSINKONGRUENZ<\/b><\/h3>\n<\/div><\/section>\n\n<style type=\"text\/css\" data-created_by=\"avia_inline_auto\" id=\"style-css-av-mk9ntjdn-d096163e8a428a8a2348eb27203bd1f3\">\n#top .hr.hr-invisible.av-mk9ntjdn-d096163e8a428a8a2348eb27203bd1f3{\nheight:10px;\n}\n<\/style>\n<div  class='hr av-mk9ntjdn-d096163e8a428a8a2348eb27203bd1f3 hr-invisible  avia-builder-el-15  el_after_av_textblock  el_before_av_codeblock'><span class='hr-inner'><span class=\"hr-inner-style\"><\/span><\/span><\/div>\n\n\n<style type=\"text\/css\" data-created_by=\"avia_inline_auto\" id=\"style-css-av-f30tr-ef4a25734c67f916b1ca0efef01e3132\">\n#top .hr.hr-invisible.av-f30tr-ef4a25734c67f916b1ca0efef01e3132{\nheight:10px;\n}\n<\/style>\n<div  class='hr av-f30tr-ef4a25734c67f916b1ca0efef01e3132 hr-invisible  avia-builder-el-17  el_after_av_codeblock  el_before_av_hr'><span class='hr-inner'><span class=\"hr-inner-style\"><\/span><\/span><\/div>\n\n<style type=\"text\/css\" data-created_by=\"avia_inline_auto\" id=\"style-css-av-6tgmv-0f19f7adee36c139a77d0c42f9588edf\">\n#top .hr.av-6tgmv-0f19f7adee36c139a77d0c42f9588edf{\nmargin-top:10;\nmargin-bottom:30px;\n}\n.hr.av-6tgmv-0f19f7adee36c139a77d0c42f9588edf .hr-inner{\nwidth:500;\n}\n<\/style>\n<div  class='hr av-6tgmv-0f19f7adee36c139a77d0c42f9588edf hr-custom  avia-builder-el-18  el_after_av_hr  el_before_av_codeblock  hr-center hr-icon-no'><span class='hr-inner inner-border-av-border-thin'><span class=\"hr-inner-style\"><\/span><\/span><\/div>\n\n\n<style type=\"text\/css\" data-created_by=\"avia_inline_auto\" id=\"style-css-av-2aaen-ad1320e358e4e20b85748715bcb3941e\">\n#top .hr.av-2aaen-ad1320e358e4e20b85748715bcb3941e{\nmargin-top:10;\nmargin-bottom:30px;\n}\n.hr.av-2aaen-ad1320e358e4e20b85748715bcb3941e .hr-inner{\nwidth:500;\n}\n<\/style>\n<div  class='hr av-2aaen-ad1320e358e4e20b85748715bcb3941e hr-custom  avia-builder-el-20  el_after_av_codeblock  avia-builder-el-last  hr-center hr-icon-no'><span class='hr-inner inner-border-av-border-thin'><span class=\"hr-inner-style\"><\/span><\/span><\/div>\n<\/div><\/div><\/div><!-- close content main div --><\/div><\/div><div id='after_section_2'  class='main_color av_default_container_wrap container_wrap fullsize'  ><div class='container av-section-cont-open' ><div class='template-page content  av-content-full alpha units'><div class='post-entry post-entry-type-page post-entry-279'><div class='entry-content-wrapper clearfix'><\/p>\n<\/div><\/div><\/div><!-- close content main div --><\/div><\/div><div id='layer_slider_1'  class='avia-layerslider main_color avia-shadow  avia-builder-el-22  el_after_av_codeblock  el_before_av_codeblock  slider-not-first container_wrap fullsize'  style='height: 321px; max-width: 800px; margin: 0 auto;'  ><\/div><div id='after_layer_slider_1'  class='main_color av_default_container_wrap container_wrap fullsize'  ><div class='container av-section-cont-open' ><div class='template-page content  av-content-full alpha units'><div class='post-entry post-entry-type-page post-entry-279'><div class='entry-content-wrapper clearfix'>\n\n<div  class='hr av-8e2fz-06416885fa73e4218b26b2278a250783 hr-default  avia-builder-el-24  el_after_av_codeblock  el_before_av_textblock'><span class='hr-inner'><span class=\"hr-inner-style\"><\/span><\/span><\/div>\n<section  class='av_textblock_section av-mk7lghri-08c9cb004549bd604ab926c6ea2b7f53'   itemscope=\"itemscope\" itemtype=\"https:\/\/schema.org\/CreativeWork\" ><div class='avia_textblock'  itemprop=\"text\" ><h1>NEWS MIT COURAGE<\/h1>\n<\/div><\/section>\n<div  data-slideshow-options=\"{&quot;animation&quot;:&quot;fade&quot;,&quot;autoplay&quot;:false,&quot;loop_autoplay&quot;:&quot;once&quot;,&quot;interval&quot;:&quot;5&quot;,&quot;loop_manual&quot;:&quot;manual-endless&quot;,&quot;autoplay_stopper&quot;:false,&quot;noNavigation&quot;:false,&quot;show_slide_delay&quot;:90}\" class='avia-content-slider avia-content-slider-active avia-content-slider1 avia-content-slider-even  avia-builder-el-26  el_after_av_textblock  el_before_av_postslider  news-post-slider av-slideshow-ui av-control-default av-nav-dots-visible  av-slideshow-manual av-loop-once av-loop-manual-endless'  itemscope=\"itemscope\" itemtype=\"https:\/\/schema.org\/Blog\" ><div class=\"avia-content-slider-inner\"><div class=\"slide-entry-wrap\"><article class='slide-entry flex_column  post-entry post-entry-8316 slide-entry-overview slide-loop-1 slide-parity-odd  av_one_fourth first real-thumbnail posttype-post post-format-standard'  itemscope=\"itemscope\" itemtype=\"https:\/\/schema.org\/CreativeWork\" ><a href='https:\/\/www.courage-beratung.at\/en\/2026\/03\/04\/multiplikatorinnen-abend-in-linz-2\/' data-rel='slide-1' class='slide-image' title='Multiplikator:innen Abend\u00a0in Linz'><img decoding=\"async\" fetchpriority=\"high\" width=\"260\" height=\"185\" src=\"https:\/\/www.courage-beratung.at\/wp-content\/uploads\/2025\/05\/freepik__network-of-multicolored-dots-linked-by-glowing-neo__78451-260x185.png\" class=\"wp-image-5508 avia-img-lazy-loading-not-5508 attachment-portfolio_small size-portfolio_small wp-post-image\" alt=\"\" \/><\/a><div class=\"slide-content\"><header class=\"entry-content-header\" aria-label=\"Slide: Multiplikator:innen Abend\u00a0in Linz\"><span class=\"blog-categories minor-meta\"><a href=\"https:\/\/www.courage-beratung.at\/en\/category\/allgemein\/\" rel=\"tag\">Allgemein<\/a>, <a href=\"https:\/\/www.courage-beratung.at\/en\/category\/infoabende\/\" rel=\"tag\">Infoabende<\/a> <\/span><h3 class='slide-entry-title entry-title'  itemprop=\"headline\" ><a href='https:\/\/www.courage-beratung.at\/en\/2026\/03\/04\/multiplikatorinnen-abend-in-linz-2\/' title='Multiplikator:innen Abend\u00a0in Linz'>Multiplikator:innen Abend\u00a0in Linz<\/a><\/h3><span class=\"av-vertical-delimiter\"><\/span><\/header><div class='slide-entry-excerpt entry-content'  itemprop=\"text\" >Ort: COURAGE* Linz, Weissenwolffstra\u00dfe 17a, 4020 Linz, 1. OG<br>\nDatum: Donnerstag 18. Juni 2026<br>\nUhrzeit: 18:00 - 20:00 Uhr<br>\nLeitung: Maike Pichler<br>\nKosten: freiwillige Spende<div class=\"read-more-link\"><a href=\"https:\/\/www.courage-beratung.at\/en\/2026\/03\/04\/multiplikatorinnen-abend-in-linz-2\/\" class=\"more-link\">Read more<span class='more-link-arrow avia-svg-icon avia-font-svg_entypo-fontello' data-av_svg_icon='right-open-big' data-av_iconset='svg_entypo-fontello'><svg version=\"1.1\" xmlns=\"http:\/\/www.w3.org\/2000\/svg\" width=\"15\" height=\"32\" viewbox=\"0 0 15 32\" preserveaspectratio=\"xMidYMid meet\" role=\"graphics-symbol\" aria-hidden=\"true\">\n<path d=\"M0.416 27.84l11.456-11.84-11.456-11.904q-0.832-0.832 0-1.536 0.832-0.832 1.536 0l12.544 12.608q0.768 0.832 0 1.6l-12.544 12.608q-0.704 0.832-1.536 0-0.832-0.704 0-1.536z\"><\/path>\n<\/svg><\/span><\/a><\/div><\/div><\/div><footer class=\"entry-footer\"><div class=\"slide-meta\"><time class='slide-meta-time updated'  itemprop=\"datePublished\" datetime=\"2026-03-04T16:23:25+01:00\" >4. March 2026<\/time><\/div><\/footer><span class='hidden'>\n\t\t\t\t<span class='av-structured-data'  itemprop=\"image\" itemscope=\"itemscope\" itemtype=\"https:\/\/schema.org\/ImageObject\" >\n\t\t\t\t\t\t<span itemprop='url'>https:\/\/www.courage-beratung.at\/wp-content\/uploads\/2025\/05\/freepik__network-of-multicolored-dots-linked-by-glowing-neo__78451.png<\/span>\n\t\t\t\t\t\t<span itemprop='height'>1152<\/span>\n\t\t\t\t\t\t<span itemprop='width'>896<\/span>\n\t\t\t\t<\/span>\n\t\t\t\t<span class='av-structured-data'  itemprop=\"publisher\" itemtype=\"https:\/\/schema.org\/Organization\" itemscope=\"itemscope\" >\n\t\t\t\t\t\t<span itemprop='name'>Sandra Ehn<\/span>\n\t\t\t\t\t\t<span itemprop='logo' itemscope itemtype='https:\/\/schema.org\/ImageObject'>\n\t\t\t\t\t\t\t<span itemprop='url'>https:\/\/www.courage-beratung.at\/wp-content\/uploads\/2023\/12\/COURAGE_LOGO_WEB_2022_RGB.svg<\/span>\n\t\t\t\t\t\t<\/span>\n\t\t\t\t<\/span><span class='av-structured-data'  itemprop=\"author\" itemscope=\"itemscope\" itemtype=\"https:\/\/schema.org\/Person\" ><span itemprop='name'>Sandra Ehn<\/span><\/span><span class='av-structured-data'  itemprop=\"datePublished\" datetime=\"2023-06-03T08:03:02+02:00\" >2026-03-04 16:23:25<\/span><span class='av-structured-data'  itemprop=\"dateModified\" itemtype=\"https:\/\/schema.org\/dateModified\" >2026-03-04 16:26:21<\/span><span class='av-structured-data'  itemprop=\"mainEntityOfPage\" itemtype=\"https:\/\/schema.org\/mainEntityOfPage\" ><span itemprop='name'>Multiplikator:innen Abend\u00a0in Linz<\/span><\/span><\/span><\/article><article class='slide-entry flex_column  post-entry post-entry-8231 slide-entry-overview slide-loop-2 slide-parity-even  av_one_fourth  real-thumbnail posttype-post post-format-standard'  itemscope=\"itemscope\" itemtype=\"https:\/\/schema.org\/CreativeWork\" ><a href='https:\/\/www.courage-beratung.at\/en\/2026\/02\/12\/sappho-2\/' data-rel='slide-1' class='slide-image' title='SAPPHO'><img decoding=\"async\" fetchpriority=\"high\" width=\"260\" height=\"185\" src=\"https:\/\/www.courage-beratung.at\/wp-content\/uploads\/2026\/02\/T03063-e1770891290860-260x185.jpg\" class=\"wp-image-8235 avia-img-lazy-loading-not-8235 attachment-portfolio_small size-portfolio_small wp-post-image\" alt=\"\" \/><\/a><div class=\"slide-content\"><header class=\"entry-content-header\" aria-label=\"Slide: SAPPHO\"><span class=\"blog-categories minor-meta\"><a href=\"https:\/\/www.courage-beratung.at\/en\/category\/allgemein\/\" rel=\"tag\">Allgemein<\/a> <\/span><h3 class='slide-entry-title entry-title'  itemprop=\"headline\" ><a href='https:\/\/www.courage-beratung.at\/en\/2026\/02\/12\/sappho-2\/' title='SAPPHO'>SAPPHO<\/a><\/h3><span class=\"av-vertical-delimiter\"><\/span><\/header><div class='slide-entry-excerpt entry-content'  itemprop=\"text\" >Begleitete Selbsthilfegruppe f\u00fcr lesbische, bi- oder pansexuelle Frauen <br>\nAnmeldungen ab sofort m\u00f6glich!<br>\nTeilnahme nur nach kostenlosem Vorgespr\u00e4ch; Termin per Mail an j.musger@courage-beratung.at<div class=\"read-more-link\"><a href=\"https:\/\/www.courage-beratung.at\/en\/2026\/02\/12\/sappho-2\/\" class=\"more-link\">Read more<span class='more-link-arrow avia-svg-icon avia-font-svg_entypo-fontello' data-av_svg_icon='right-open-big' data-av_iconset='svg_entypo-fontello'><svg version=\"1.1\" xmlns=\"http:\/\/www.w3.org\/2000\/svg\" width=\"15\" height=\"32\" viewbox=\"0 0 15 32\" preserveaspectratio=\"xMidYMid meet\" role=\"graphics-symbol\" aria-hidden=\"true\">\n<path d=\"M0.416 27.84l11.456-11.84-11.456-11.904q-0.832-0.832 0-1.536 0.832-0.832 1.536 0l12.544 12.608q0.768 0.832 0 1.6l-12.544 12.608q-0.704 0.832-1.536 0-0.832-0.704 0-1.536z\"><\/path>\n<\/svg><\/span><\/a><\/div><\/div><\/div><footer class=\"entry-footer\"><div class=\"slide-meta\"><time class='slide-meta-time updated'  itemprop=\"datePublished\" datetime=\"2026-02-12T10:21:12+01:00\" >12. February 2026<\/time><\/div><\/footer><span class='hidden'>\n\t\t\t\t<span class='av-structured-data'  itemprop=\"image\" itemscope=\"itemscope\" itemtype=\"https:\/\/schema.org\/ImageObject\" >\n\t\t\t\t\t\t<span itemprop='url'>https:\/\/www.courage-beratung.at\/wp-content\/uploads\/2026\/02\/T03063-e1770891290860.jpg<\/span>\n\t\t\t\t\t\t<span itemprop='height'>470<\/span>\n\t\t\t\t\t\t<span itemprop='width'>1536<\/span>\n\t\t\t\t<\/span>\n\t\t\t\t<span class='av-structured-data'  itemprop=\"publisher\" itemtype=\"https:\/\/schema.org\/Organization\" itemscope=\"itemscope\" >\n\t\t\t\t\t\t<span itemprop='name'>Nemanja<\/span>\n\t\t\t\t\t\t<span itemprop='logo' itemscope itemtype='https:\/\/schema.org\/ImageObject'>\n\t\t\t\t\t\t\t<span itemprop='url'>https:\/\/www.courage-beratung.at\/wp-content\/uploads\/2023\/12\/COURAGE_LOGO_WEB_2022_RGB.svg<\/span>\n\t\t\t\t\t\t<\/span>\n\t\t\t\t<\/span><span class='av-structured-data'  itemprop=\"author\" itemscope=\"itemscope\" itemtype=\"https:\/\/schema.org\/Person\" ><span itemprop='name'>Nemanja<\/span><\/span><span class='av-structured-data'  itemprop=\"datePublished\" datetime=\"2023-06-03T08:03:02+02:00\" >2026-02-12 10:21:12<\/span><span class='av-structured-data'  itemprop=\"dateModified\" itemtype=\"https:\/\/schema.org\/dateModified\" >2026-02-12 11:15:48<\/span><span class='av-structured-data'  itemprop=\"mainEntityOfPage\" itemtype=\"https:\/\/schema.org\/mainEntityOfPage\" ><span itemprop='name'>SAPPHO<\/span><\/span><\/span><\/article><article class='slide-entry flex_column  post-entry post-entry-8158 slide-entry-overview slide-loop-3 slide-parity-odd  av_one_fourth  real-thumbnail posttype-post post-format-standard'  itemscope=\"itemscope\" itemtype=\"https:\/\/schema.org\/CreativeWork\" ><a href='https:\/\/www.courage-beratung.at\/en\/2026\/02\/09\/verbal-self-defense\/' data-rel='slide-1' class='slide-image' title='ABGESAGT: VERBAL SELF-DEFENSE: WEHR DICH MIT WORTEN &amp; HALTUNG!'><img decoding=\"async\" fetchpriority=\"high\" width=\"260\" height=\"185\" src=\"https:\/\/www.courage-beratung.at\/wp-content\/uploads\/2026\/02\/generated-image-e1770655113996-260x185.png\" class=\"wp-image-8161 avia-img-lazy-loading-not-8161 attachment-portfolio_small size-portfolio_small wp-post-image\" alt=\"\" srcset=\"https:\/\/www.courage-beratung.at\/wp-content\/uploads\/2026\/02\/generated-image-e1770655113996-260x185.png 260w, https:\/\/www.courage-beratung.at\/wp-content\/uploads\/2026\/02\/generated-image-e1770655113996-18x12.png 18w\" sizes=\"(max-width: 260px) 100vw, 260px\" \/><\/a><div class=\"slide-content\"><header class=\"entry-content-header\" aria-label=\"Slide: ABGESAGT: VERBAL SELF-DEFENSE: WEHR DICH MIT WORTEN &amp; HALTUNG!\"><span class=\"blog-categories minor-meta\"><a href=\"https:\/\/www.courage-beratung.at\/en\/category\/events-qbz\/\" rel=\"tag\">Events QBZ<\/a>, <a href=\"https:\/\/www.courage-beratung.at\/en\/category\/vortrag-guest-lecture\/\" rel=\"tag\">Vortrag \/ Guest Lecture<\/a>, <a href=\"https:\/\/www.courage-beratung.at\/en\/category\/workshops\/\" rel=\"tag\">workshops<\/a> <\/span><h3 class='slide-entry-title entry-title'  itemprop=\"headline\" ><a href='https:\/\/www.courage-beratung.at\/en\/2026\/02\/09\/verbal-self-defense\/' title='ABGESAGT: VERBAL SELF-DEFENSE: WEHR DICH MIT WORTEN &amp; HALTUNG!'>ABGESAGT: VERBAL SELF-DEFENSE: WEHR DICH MIT WORTEN &amp; HALTUNG!<\/a><\/h3><span class=\"av-vertical-delimiter\"><\/span><\/header><div class='slide-entry-excerpt entry-content'  itemprop=\"text\" >ABGESAGT: Freitag, 27. M\u00e4rz 2026 18:00 - 21:00 Uhr<br>\nSamstag, 28. M\u00e4rz 2026 10:00 - 13:00 Uhr und 14:00 - 18:00 Uhr<br>\n\nOrt: Queeres Bildungszentrum, Windm\u00fchlgasse 15, 1060 Wien<br>\nKosten f\u00fcr die Teilnahme: 120,- Euro, Sozialtarif 80,- Euro<br>\nVerpflichtende Anmeldung unter: <br>\ninfo@courage-beratung.at oder telefonisch unter: 01 585 69 66\n\n<div class=\"read-more-link\"><a href=\"https:\/\/www.courage-beratung.at\/en\/2026\/02\/09\/verbal-self-defense\/\" class=\"more-link\">Read more<span class='more-link-arrow avia-svg-icon avia-font-svg_entypo-fontello' data-av_svg_icon='right-open-big' data-av_iconset='svg_entypo-fontello'><svg version=\"1.1\" xmlns=\"http:\/\/www.w3.org\/2000\/svg\" width=\"15\" height=\"32\" viewbox=\"0 0 15 32\" preserveaspectratio=\"xMidYMid meet\" role=\"graphics-symbol\" aria-hidden=\"true\">\n<path d=\"M0.416 27.84l11.456-11.84-11.456-11.904q-0.832-0.832 0-1.536 0.832-0.832 1.536 0l12.544 12.608q0.768 0.832 0 1.6l-12.544 12.608q-0.704 0.832-1.536 0-0.832-0.704 0-1.536z\"><\/path>\n<\/svg><\/span><\/a><\/div><\/div><\/div><footer class=\"entry-footer\"><div class=\"slide-meta\"><time class='slide-meta-time updated'  itemprop=\"datePublished\" datetime=\"2026-02-09T17:32:57+01:00\" >9. February 2026<\/time><\/div><\/footer><span class='hidden'>\n\t\t\t\t<span class='av-structured-data'  itemprop=\"image\" itemscope=\"itemscope\" itemtype=\"https:\/\/schema.org\/ImageObject\" >\n\t\t\t\t\t\t<span itemprop='url'>https:\/\/www.courage-beratung.at\/wp-content\/uploads\/2026\/02\/generated-image-e1770655113996.png<\/span>\n\t\t\t\t\t\t<span itemprop='height'>530<\/span>\n\t\t\t\t\t\t<span itemprop='width'>858<\/span>\n\t\t\t\t<\/span>\n\t\t\t\t<span class='av-structured-data'  itemprop=\"publisher\" itemtype=\"https:\/\/schema.org\/Organization\" itemscope=\"itemscope\" >\n\t\t\t\t\t\t<span itemprop='name'>Nemanja<\/span>\n\t\t\t\t\t\t<span itemprop='logo' itemscope itemtype='https:\/\/schema.org\/ImageObject'>\n\t\t\t\t\t\t\t<span itemprop='url'>https:\/\/www.courage-beratung.at\/wp-content\/uploads\/2023\/12\/COURAGE_LOGO_WEB_2022_RGB.svg<\/span>\n\t\t\t\t\t\t<\/span>\n\t\t\t\t<\/span><span class='av-structured-data'  itemprop=\"author\" itemscope=\"itemscope\" itemtype=\"https:\/\/schema.org\/Person\" ><span itemprop='name'>Nemanja<\/span><\/span><span class='av-structured-data'  itemprop=\"datePublished\" datetime=\"2023-06-03T08:03:02+02:00\" >2026-02-09 17:32:57<\/span><span class='av-structured-data'  itemprop=\"dateModified\" itemtype=\"https:\/\/schema.org\/dateModified\" >2026-03-24 09:31:28<\/span><span class='av-structured-data'  itemprop=\"mainEntityOfPage\" itemtype=\"https:\/\/schema.org\/mainEntityOfPage\" ><span itemprop='name'>ABGESAGT: VERBAL SELF-DEFENSE: WEHR DICH MIT WORTEN &amp; HALTUNG!<\/span><\/span><\/span><\/article><article class='slide-entry flex_column  post-entry post-entry-8127 slide-entry-overview slide-loop-4 slide-parity-even  av_one_fourth  real-thumbnail posttype-post post-format-standard'  itemscope=\"itemscope\" itemtype=\"https:\/\/schema.org\/CreativeWork\" ><a href='https:\/\/www.courage-beratung.at\/en\/2026\/02\/05\/courage-linz-sucht\/' data-rel='slide-1' class='slide-image' title='COURAGE* Linz sucht Administrator*in \/ Koordinator*in'><img decoding=\"async\" fetchpriority=\"high\" width=\"260\" height=\"185\" src=\"https:\/\/www.courage-beratung.at\/wp-content\/uploads\/2025\/06\/Your-paragraph-text1-e1770287537966-260x185.png\" class=\"wp-image-6383 avia-img-lazy-loading-not-6383 attachment-portfolio_small size-portfolio_small wp-post-image\" alt=\"\" srcset=\"https:\/\/www.courage-beratung.at\/wp-content\/uploads\/2025\/06\/Your-paragraph-text1-e1770287537966-260x185.png 260w, https:\/\/www.courage-beratung.at\/wp-content\/uploads\/2025\/06\/Your-paragraph-text1-e1770287537966-300x215.png 300w, https:\/\/www.courage-beratung.at\/wp-content\/uploads\/2025\/06\/Your-paragraph-text1-e1770287537966-1030x738.png 1030w, https:\/\/www.courage-beratung.at\/wp-content\/uploads\/2025\/06\/Your-paragraph-text1-e1770287537966-768x550.png 768w, https:\/\/www.courage-beratung.at\/wp-content\/uploads\/2025\/06\/Your-paragraph-text1-e1770287537966-18x12.png 18w, https:\/\/www.courage-beratung.at\/wp-content\/uploads\/2025\/06\/Your-paragraph-text1-e1770287537966-705x505.png 705w, https:\/\/www.courage-beratung.at\/wp-content\/uploads\/2025\/06\/Your-paragraph-text1-e1770287537966.png 1080w\" sizes=\"(max-width: 260px) 100vw, 260px\" \/><\/a><div class=\"slide-content\"><header class=\"entry-content-header\" aria-label=\"Slide: COURAGE* Linz sucht Administrator*in \/ Koordinator*in\"><span class=\"blog-categories minor-meta\"><a href=\"https:\/\/www.courage-beratung.at\/en\/category\/offene-stellen\/\" rel=\"tag\">Offene Stellen<\/a> <\/span><h3 class='slide-entry-title entry-title'  itemprop=\"headline\" ><a href='https:\/\/www.courage-beratung.at\/en\/2026\/02\/05\/courage-linz-sucht\/' title='COURAGE* Linz sucht Administrator*in \/ Koordinator*in'>COURAGE* Linz sucht Administrator*in \/ Koordinator*in<\/a><\/h3><span class=\"av-vertical-delimiter\"><\/span><\/header><div class='slide-entry-excerpt entry-content'  itemprop=\"text\" >Schriftliche Bewerbungen samt Lebenslauf und Motivationsschreiben ab sofort per E-Mail an: <br>\nMag. Johannes Wahala, Leiter der Beratungsstellen COURAGE*<br>\nj.wahala@courage-beratung.at<br>\n<div class=\"read-more-link\"><a href=\"https:\/\/www.courage-beratung.at\/en\/2026\/02\/05\/courage-linz-sucht\/\" class=\"more-link\">Read more<span class='more-link-arrow avia-svg-icon avia-font-svg_entypo-fontello' data-av_svg_icon='right-open-big' data-av_iconset='svg_entypo-fontello'><svg version=\"1.1\" xmlns=\"http:\/\/www.w3.org\/2000\/svg\" width=\"15\" height=\"32\" viewbox=\"0 0 15 32\" preserveaspectratio=\"xMidYMid meet\" role=\"graphics-symbol\" aria-hidden=\"true\">\n<path d=\"M0.416 27.84l11.456-11.84-11.456-11.904q-0.832-0.832 0-1.536 0.832-0.832 1.536 0l12.544 12.608q0.768 0.832 0 1.6l-12.544 12.608q-0.704 0.832-1.536 0-0.832-0.704 0-1.536z\"><\/path>\n<\/svg><\/span><\/a><\/div><\/div><\/div><footer class=\"entry-footer\"><div class=\"slide-meta\"><time class='slide-meta-time updated'  itemprop=\"datePublished\" datetime=\"2026-02-05T11:23:33+01:00\" >5. February 2026<\/time><\/div><\/footer><span class='hidden'>\n\t\t\t\t<span class='av-structured-data'  itemprop=\"image\" itemscope=\"itemscope\" itemtype=\"https:\/\/schema.org\/ImageObject\" >\n\t\t\t\t\t\t<span itemprop='url'>https:\/\/www.courage-beratung.at\/wp-content\/uploads\/2025\/06\/Your-paragraph-text1-e1770287537966.png<\/span>\n\t\t\t\t\t\t<span itemprop='height'>774<\/span>\n\t\t\t\t\t\t<span itemprop='width'>1080<\/span>\n\t\t\t\t<\/span>\n\t\t\t\t<span class='av-structured-data'  itemprop=\"publisher\" itemtype=\"https:\/\/schema.org\/Organization\" itemscope=\"itemscope\" >\n\t\t\t\t\t\t<span itemprop='name'>Nemanja<\/span>\n\t\t\t\t\t\t<span itemprop='logo' itemscope itemtype='https:\/\/schema.org\/ImageObject'>\n\t\t\t\t\t\t\t<span itemprop='url'>https:\/\/www.courage-beratung.at\/wp-content\/uploads\/2023\/12\/COURAGE_LOGO_WEB_2022_RGB.svg<\/span>\n\t\t\t\t\t\t<\/span>\n\t\t\t\t<\/span><span class='av-structured-data'  itemprop=\"author\" itemscope=\"itemscope\" itemtype=\"https:\/\/schema.org\/Person\" ><span itemprop='name'>Nemanja<\/span><\/span><span class='av-structured-data'  itemprop=\"datePublished\" datetime=\"2023-06-03T08:03:02+02:00\" >2026-02-05 11:23:33<\/span><span class='av-structured-data'  itemprop=\"dateModified\" itemtype=\"https:\/\/schema.org\/dateModified\" >2026-02-05 14:16:27<\/span><span class='av-structured-data'  itemprop=\"mainEntityOfPage\" itemtype=\"https:\/\/schema.org\/mainEntityOfPage\" ><span itemprop='name'>COURAGE* Linz sucht Administrator*in \/ Koordinator*in<\/span><\/span><\/span><\/article><\/div><div class=\"slide-entry-wrap\"><article class='slide-entry flex_column  post-entry post-entry-8016 slide-entry-overview slide-loop-5 slide-parity-odd  av_one_fourth first real-thumbnail posttype-post post-format-standard'  itemscope=\"itemscope\" itemtype=\"https:\/\/schema.org\/CreativeWork\" ><a href='https:\/\/www.courage-beratung.at\/en\/2026\/02\/02\/beratung-psychotherapie-bei-personlichkeitsstorungen\/' data-rel='slide-1' class='slide-image' title='Beratung \/ Psychotherapie bei Pers\u00f6nlichkeits- st\u00f6rungen'><img decoding=\"async\" fetchpriority=\"high\" width=\"260\" height=\"185\" src=\"https:\/\/www.courage-beratung.at\/wp-content\/uploads\/2026\/02\/generated-image3-e1770062502960-260x185.png\" class=\"wp-image-8027 avia-img-lazy-loading-not-8027 attachment-portfolio_small size-portfolio_small wp-post-image\" alt=\"\" srcset=\"https:\/\/www.courage-beratung.at\/wp-content\/uploads\/2026\/02\/generated-image3-e1770062502960-260x185.png 260w, https:\/\/www.courage-beratung.at\/wp-content\/uploads\/2026\/02\/generated-image3-e1770062502960-15x12.png 15w\" sizes=\"(max-width: 260px) 100vw, 260px\" \/><\/a><div class=\"slide-content\"><header class=\"entry-content-header\" aria-label=\"Slide: Beratung \/ Psychotherapie bei Pers\u00f6nlichkeits- st\u00f6rungen\"><span class=\"blog-categories minor-meta\"><a href=\"https:\/\/www.courage-beratung.at\/en\/category\/seminare\/\" rel=\"tag\">Seminare<\/a> <\/span><h3 class='slide-entry-title entry-title'  itemprop=\"headline\" ><a href='https:\/\/www.courage-beratung.at\/en\/2026\/02\/02\/beratung-psychotherapie-bei-personlichkeitsstorungen\/' title='Beratung \/ Psychotherapie bei Pers\u00f6nlichkeits- st\u00f6rungen'>Beratung \/ Psychotherapie bei Pers\u00f6nlichkeits- st\u00f6rungen<\/a><\/h3><span class=\"av-vertical-delimiter\"><\/span><\/header><div class='slide-entry-excerpt entry-content'  itemprop=\"text\" >Termin:<br>Freitag, 29. \u2013 Samstag, 30. Mai 2026<br>\nFreitag, 14.00 \u2013 19.15 Uhr; Samstag 9.30 \u2013 19.30 Uhr<br>Anmeldung bis 18.05.2026: info@courage-beratung.at<div class=\"read-more-link\"><a href=\"https:\/\/www.courage-beratung.at\/en\/2026\/02\/02\/beratung-psychotherapie-bei-personlichkeitsstorungen\/\" class=\"more-link\">Read more<span class='more-link-arrow avia-svg-icon avia-font-svg_entypo-fontello' data-av_svg_icon='right-open-big' data-av_iconset='svg_entypo-fontello'><svg version=\"1.1\" xmlns=\"http:\/\/www.w3.org\/2000\/svg\" width=\"15\" height=\"32\" viewbox=\"0 0 15 32\" preserveaspectratio=\"xMidYMid meet\" role=\"graphics-symbol\" aria-hidden=\"true\">\n<path d=\"M0.416 27.84l11.456-11.84-11.456-11.904q-0.832-0.832 0-1.536 0.832-0.832 1.536 0l12.544 12.608q0.768 0.832 0 1.6l-12.544 12.608q-0.704 0.832-1.536 0-0.832-0.704 0-1.536z\"><\/path>\n<\/svg><\/span><\/a><\/div><\/div><\/div><footer class=\"entry-footer\"><div class=\"slide-meta\"><time class='slide-meta-time updated'  itemprop=\"datePublished\" datetime=\"2026-02-02T20:35:11+01:00\" >2. February 2026<\/time><\/div><\/footer><span class='hidden'>\n\t\t\t\t<span class='av-structured-data'  itemprop=\"image\" itemscope=\"itemscope\" itemtype=\"https:\/\/schema.org\/ImageObject\" >\n\t\t\t\t\t\t<span itemprop='url'>https:\/\/www.courage-beratung.at\/wp-content\/uploads\/2026\/02\/generated-image3-e1770062502960.png<\/span>\n\t\t\t\t\t\t<span itemprop='height'>712<\/span>\n\t\t\t\t\t\t<span itemprop='width'>896<\/span>\n\t\t\t\t<\/span>\n\t\t\t\t<span class='av-structured-data'  itemprop=\"publisher\" itemtype=\"https:\/\/schema.org\/Organization\" itemscope=\"itemscope\" >\n\t\t\t\t\t\t<span itemprop='name'>Nemanja<\/span>\n\t\t\t\t\t\t<span itemprop='logo' itemscope itemtype='https:\/\/schema.org\/ImageObject'>\n\t\t\t\t\t\t\t<span itemprop='url'>https:\/\/www.courage-beratung.at\/wp-content\/uploads\/2023\/12\/COURAGE_LOGO_WEB_2022_RGB.svg<\/span>\n\t\t\t\t\t\t<\/span>\n\t\t\t\t<\/span><span class='av-structured-data'  itemprop=\"author\" itemscope=\"itemscope\" itemtype=\"https:\/\/schema.org\/Person\" ><span itemprop='name'>Nemanja<\/span><\/span><span class='av-structured-data'  itemprop=\"datePublished\" datetime=\"2023-06-03T08:03:02+02:00\" >2026-02-02 20:35:11<\/span><span class='av-structured-data'  itemprop=\"dateModified\" itemtype=\"https:\/\/schema.org\/dateModified\" >2026-02-03 00:13:23<\/span><span class='av-structured-data'  itemprop=\"mainEntityOfPage\" itemtype=\"https:\/\/schema.org\/mainEntityOfPage\" ><span itemprop='name'>Beratung \/ Psychotherapie bei Pers\u00f6nlichkeits- st\u00f6rungen<\/span><\/span><\/span><\/article><article class='slide-entry flex_column  post-entry post-entry-8015 slide-entry-overview slide-loop-6 slide-parity-even  av_one_fourth  real-thumbnail posttype-post post-format-standard'  itemscope=\"itemscope\" itemtype=\"https:\/\/schema.org\/CreativeWork\" ><a href='https:\/\/www.courage-beratung.at\/en\/2026\/02\/02\/gewaltberatung-und-gewaltpravention-bei-gewalt-gegen-lgbtiqa\/' data-rel='slide-1' class='slide-image' title='Gewaltberatung und Gewaltpr\u00e4vention bei Gewalt gegen LGBTIQA*'><img decoding=\"async\" fetchpriority=\"high\" width=\"260\" height=\"185\" src=\"https:\/\/www.courage-beratung.at\/wp-content\/uploads\/2026\/02\/generated-image1-e1770062057793-260x185.png\" class=\"wp-image-8025 avia-img-lazy-loading-not-8025 attachment-portfolio_small size-portfolio_small wp-post-image\" alt=\"\" srcset=\"https:\/\/www.courage-beratung.at\/wp-content\/uploads\/2026\/02\/generated-image1-e1770062057793-260x185.png 260w, https:\/\/www.courage-beratung.at\/wp-content\/uploads\/2026\/02\/generated-image1-e1770062057793-15x12.png 15w\" sizes=\"(max-width: 260px) 100vw, 260px\" \/><\/a><div class=\"slide-content\"><header class=\"entry-content-header\" aria-label=\"Slide: Gewaltberatung und Gewaltpr\u00e4vention bei Gewalt gegen LGBTIQA*\"><span class=\"blog-categories minor-meta\"><a href=\"https:\/\/www.courage-beratung.at\/en\/category\/seminare\/\" rel=\"tag\">Seminare<\/a> <\/span><h3 class='slide-entry-title entry-title'  itemprop=\"headline\" ><a href='https:\/\/www.courage-beratung.at\/en\/2026\/02\/02\/gewaltberatung-und-gewaltpravention-bei-gewalt-gegen-lgbtiqa\/' title='Gewaltberatung und Gewaltpr\u00e4vention bei Gewalt gegen LGBTIQA*'>Gewaltberatung und Gewaltpr\u00e4vention bei Gewalt gegen LGBTIQA*<\/a><\/h3><span class=\"av-vertical-delimiter\"><\/span><\/header><div class='slide-entry-excerpt entry-content'  itemprop=\"text\" >Termin:<br>Freitag, 13. \u2013 Samstag, 14. November 2026<br>Freitag: 15.00 \u2013 20.00 Uhr;<br>Samstag 9.30 \u2013 19.15 Uhr<br>Anmeldung bis 30.10-2026: info@courage-beratung.at<div class=\"read-more-link\"><a href=\"https:\/\/www.courage-beratung.at\/en\/2026\/02\/02\/gewaltberatung-und-gewaltpravention-bei-gewalt-gegen-lgbtiqa\/\" class=\"more-link\">Read more<span class='more-link-arrow avia-svg-icon avia-font-svg_entypo-fontello' data-av_svg_icon='right-open-big' data-av_iconset='svg_entypo-fontello'><svg version=\"1.1\" xmlns=\"http:\/\/www.w3.org\/2000\/svg\" width=\"15\" height=\"32\" viewbox=\"0 0 15 32\" preserveaspectratio=\"xMidYMid meet\" role=\"graphics-symbol\" aria-hidden=\"true\">\n<path d=\"M0.416 27.84l11.456-11.84-11.456-11.904q-0.832-0.832 0-1.536 0.832-0.832 1.536 0l12.544 12.608q0.768 0.832 0 1.6l-12.544 12.608q-0.704 0.832-1.536 0-0.832-0.704 0-1.536z\"><\/path>\n<\/svg><\/span><\/a><\/div><\/div><\/div><footer class=\"entry-footer\"><div class=\"slide-meta\"><time class='slide-meta-time updated'  itemprop=\"datePublished\" datetime=\"2026-02-02T20:35:09+01:00\" >2. February 2026<\/time><\/div><\/footer><span class='hidden'>\n\t\t\t\t<span class='av-structured-data'  itemprop=\"image\" itemscope=\"itemscope\" itemtype=\"https:\/\/schema.org\/ImageObject\" >\n\t\t\t\t\t\t<span itemprop='url'>https:\/\/www.courage-beratung.at\/wp-content\/uploads\/2026\/02\/generated-image1-e1770062057793.png<\/span>\n\t\t\t\t\t\t<span itemprop='height'>730<\/span>\n\t\t\t\t\t\t<span itemprop='width'>896<\/span>\n\t\t\t\t<\/span>\n\t\t\t\t<span class='av-structured-data'  itemprop=\"publisher\" itemtype=\"https:\/\/schema.org\/Organization\" itemscope=\"itemscope\" >\n\t\t\t\t\t\t<span itemprop='name'>Nemanja<\/span>\n\t\t\t\t\t\t<span itemprop='logo' itemscope itemtype='https:\/\/schema.org\/ImageObject'>\n\t\t\t\t\t\t\t<span itemprop='url'>https:\/\/www.courage-beratung.at\/wp-content\/uploads\/2023\/12\/COURAGE_LOGO_WEB_2022_RGB.svg<\/span>\n\t\t\t\t\t\t<\/span>\n\t\t\t\t<\/span><span class='av-structured-data'  itemprop=\"author\" itemscope=\"itemscope\" itemtype=\"https:\/\/schema.org\/Person\" ><span itemprop='name'>Nemanja<\/span><\/span><span class='av-structured-data'  itemprop=\"datePublished\" datetime=\"2023-06-03T08:03:02+02:00\" >2026-02-02 20:35:09<\/span><span class='av-structured-data'  itemprop=\"dateModified\" itemtype=\"https:\/\/schema.org\/dateModified\" >2026-02-26 11:59:06<\/span><span class='av-structured-data'  itemprop=\"mainEntityOfPage\" itemtype=\"https:\/\/schema.org\/mainEntityOfPage\" ><span itemprop='name'>Gewaltberatung und Gewaltpr\u00e4vention bei Gewalt gegen LGBTIQA*<\/span><\/span><\/span><\/article><article class='slide-entry flex_column  post-entry post-entry-8014 slide-entry-overview slide-loop-7 slide-parity-odd  av_one_fourth  real-thumbnail posttype-post post-format-standard'  itemscope=\"itemscope\" itemtype=\"https:\/\/schema.org\/CreativeWork\" ><a href='https:\/\/www.courage-beratung.at\/en\/2026\/02\/02\/beratung-von-trans-und-nichtbinaren-kindern-und-jugendlichen\/' data-rel='slide-1' class='slide-image' title='Beratung von trans* und nichtbin\u00e4ren Kindern und Jugendlichen'><img decoding=\"async\" fetchpriority=\"high\" width=\"260\" height=\"185\" src=\"https:\/\/www.courage-beratung.at\/wp-content\/uploads\/2026\/02\/generated-image2-260x185.jpg\" class=\"wp-image-8021 avia-img-lazy-loading-not-8021 attachment-portfolio_small size-portfolio_small wp-post-image\" alt=\"\" \/><\/a><div class=\"slide-content\"><header class=\"entry-content-header\" aria-label=\"Slide: Beratung von trans* und nichtbin\u00e4ren Kindern und Jugendlichen\"><span class=\"blog-categories minor-meta\"><a href=\"https:\/\/www.courage-beratung.at\/en\/category\/seminare\/\" rel=\"tag\">Seminare<\/a> <\/span><h3 class='slide-entry-title entry-title'  itemprop=\"headline\" ><a href='https:\/\/www.courage-beratung.at\/en\/2026\/02\/02\/beratung-von-trans-und-nichtbinaren-kindern-und-jugendlichen\/' title='Beratung von trans* und nichtbin\u00e4ren Kindern und Jugendlichen'>Beratung von trans* und nichtbin\u00e4ren Kindern und Jugendlichen<\/a><\/h3><span class=\"av-vertical-delimiter\"><\/span><\/header><div class='slide-entry-excerpt entry-content'  itemprop=\"text\" >Termin:<br>Freitag, 20. \u2013 Samstag, 21. November 2026<br>\nFreitag: 15.00 \u2013 20.00 Uhr; Samstag: 09.30 \u2013 19.15 Uhr<br>\nAnmeldung bis 06.11.2026: info@courage-beratung.at<div class=\"read-more-link\"><a href=\"https:\/\/www.courage-beratung.at\/en\/2026\/02\/02\/beratung-von-trans-und-nichtbinaren-kindern-und-jugendlichen\/\" class=\"more-link\">Read more<span class='more-link-arrow avia-svg-icon avia-font-svg_entypo-fontello' data-av_svg_icon='right-open-big' data-av_iconset='svg_entypo-fontello'><svg version=\"1.1\" xmlns=\"http:\/\/www.w3.org\/2000\/svg\" width=\"15\" height=\"32\" viewbox=\"0 0 15 32\" preserveaspectratio=\"xMidYMid meet\" role=\"graphics-symbol\" aria-hidden=\"true\">\n<path d=\"M0.416 27.84l11.456-11.84-11.456-11.904q-0.832-0.832 0-1.536 0.832-0.832 1.536 0l12.544 12.608q0.768 0.832 0 1.6l-12.544 12.608q-0.704 0.832-1.536 0-0.832-0.704 0-1.536z\"><\/path>\n<\/svg><\/span><\/a><\/div><\/div><\/div><footer class=\"entry-footer\"><div class=\"slide-meta\"><time class='slide-meta-time updated'  itemprop=\"datePublished\" datetime=\"2026-02-02T20:35:06+01:00\" >2. February 2026<\/time><\/div><\/footer><span class='hidden'>\n\t\t\t\t<span class='av-structured-data'  itemprop=\"image\" itemscope=\"itemscope\" itemtype=\"https:\/\/schema.org\/ImageObject\" >\n\t\t\t\t\t\t<span itemprop='url'>https:\/\/www.courage-beratung.at\/wp-content\/uploads\/2026\/02\/generated-image2.jpg<\/span>\n\t\t\t\t\t\t<span itemprop='height'>2240<\/span>\n\t\t\t\t\t\t<span itemprop='width'>1792<\/span>\n\t\t\t\t<\/span>\n\t\t\t\t<span class='av-structured-data'  itemprop=\"publisher\" itemtype=\"https:\/\/schema.org\/Organization\" itemscope=\"itemscope\" >\n\t\t\t\t\t\t<span itemprop='name'>Nemanja<\/span>\n\t\t\t\t\t\t<span itemprop='logo' itemscope itemtype='https:\/\/schema.org\/ImageObject'>\n\t\t\t\t\t\t\t<span itemprop='url'>https:\/\/www.courage-beratung.at\/wp-content\/uploads\/2023\/12\/COURAGE_LOGO_WEB_2022_RGB.svg<\/span>\n\t\t\t\t\t\t<\/span>\n\t\t\t\t<\/span><span class='av-structured-data'  itemprop=\"author\" itemscope=\"itemscope\" itemtype=\"https:\/\/schema.org\/Person\" ><span itemprop='name'>Nemanja<\/span><\/span><span class='av-structured-data'  itemprop=\"datePublished\" datetime=\"2023-06-03T08:03:02+02:00\" >2026-02-02 20:35:06<\/span><span class='av-structured-data'  itemprop=\"dateModified\" itemtype=\"https:\/\/schema.org\/dateModified\" >2026-02-02 21:06:15<\/span><span class='av-structured-data'  itemprop=\"mainEntityOfPage\" itemtype=\"https:\/\/schema.org\/mainEntityOfPage\" ><span itemprop='name'>Beratung von trans* und nichtbin\u00e4ren Kindern und Jugendlichen<\/span><\/span><\/span><\/article><article class='slide-entry flex_column  post-entry post-entry-7993 slide-entry-overview slide-loop-8 slide-parity-even  av_one_fourth  real-thumbnail posttype-post post-format-standard'  itemscope=\"itemscope\" itemtype=\"https:\/\/schema.org\/CreativeWork\" ><a href='https:\/\/www.courage-beratung.at\/en\/2026\/02\/02\/lebensqualitat-am-lebensende\/' data-rel='slide-1' class='slide-image' title='Lebensqualit\u00e4t am Lebensende'><img decoding=\"async\" fetchpriority=\"high\" width=\"260\" height=\"185\" src=\"https:\/\/www.courage-beratung.at\/wp-content\/uploads\/2026\/02\/generated-image4-e1770060128743-260x185.png\" class=\"wp-image-8005 avia-img-lazy-loading-not-8005 attachment-portfolio_small size-portfolio_small wp-post-image\" alt=\"\" srcset=\"https:\/\/www.courage-beratung.at\/wp-content\/uploads\/2026\/02\/generated-image4-e1770060128743-260x185.png 260w, https:\/\/www.courage-beratung.at\/wp-content\/uploads\/2026\/02\/generated-image4-e1770060128743-18x12.png 18w\" sizes=\"(max-width: 260px) 100vw, 260px\" \/><\/a><div class=\"slide-content\"><header class=\"entry-content-header\" aria-label=\"Slide: Lebensqualit\u00e4t am Lebensende\"><span class=\"blog-categories minor-meta\"><a href=\"https:\/\/www.courage-beratung.at\/en\/category\/seminare\/\" rel=\"tag\">Seminare<\/a> <\/span><h3 class='slide-entry-title entry-title'  itemprop=\"headline\" ><a href='https:\/\/www.courage-beratung.at\/en\/2026\/02\/02\/lebensqualitat-am-lebensende\/' title='Lebensqualit\u00e4t am Lebensende'>Lebensqualit\u00e4t am Lebensende<\/a><\/h3><span class=\"av-vertical-delimiter\"><\/span><\/header><div class='slide-entry-excerpt entry-content'  itemprop=\"text\" >Termin:<br>Freitag, 2. \u2013 Samstag, 3. Oktober 2026<br>\nFreitag, 16.00 \u2013 20.15 Uhr; Samstag 9.30 \u2013 18.45 Uhr<br>Anmeldung bis 25.09.2026: info@courage-beratung.at<div class=\"read-more-link\"><a href=\"https:\/\/www.courage-beratung.at\/en\/2026\/02\/02\/lebensqualitat-am-lebensende\/\" class=\"more-link\">Read more<span class='more-link-arrow avia-svg-icon avia-font-svg_entypo-fontello' data-av_svg_icon='right-open-big' data-av_iconset='svg_entypo-fontello'><svg version=\"1.1\" xmlns=\"http:\/\/www.w3.org\/2000\/svg\" width=\"15\" height=\"32\" viewbox=\"0 0 15 32\" preserveaspectratio=\"xMidYMid meet\" role=\"graphics-symbol\" aria-hidden=\"true\">\n<path d=\"M0.416 27.84l11.456-11.84-11.456-11.904q-0.832-0.832 0-1.536 0.832-0.832 1.536 0l12.544 12.608q0.768 0.832 0 1.6l-12.544 12.608q-0.704 0.832-1.536 0-0.832-0.704 0-1.536z\"><\/path>\n<\/svg><\/span><\/a><\/div><\/div><\/div><footer class=\"entry-footer\"><div class=\"slide-meta\"><time class='slide-meta-time updated'  itemprop=\"datePublished\" datetime=\"2026-02-02T19:54:38+01:00\" >2. February 2026<\/time><\/div><\/footer><span class='hidden'>\n\t\t\t\t<span class='av-structured-data'  itemprop=\"image\" itemscope=\"itemscope\" itemtype=\"https:\/\/schema.org\/ImageObject\" >\n\t\t\t\t\t\t<span itemprop='url'>https:\/\/www.courage-beratung.at\/wp-content\/uploads\/2026\/02\/generated-image4-e1770060128743.png<\/span>\n\t\t\t\t\t\t<span itemprop='height'>593<\/span>\n\t\t\t\t\t\t<span itemprop='width'>896<\/span>\n\t\t\t\t<\/span>\n\t\t\t\t<span class='av-structured-data'  itemprop=\"publisher\" itemtype=\"https:\/\/schema.org\/Organization\" itemscope=\"itemscope\" >\n\t\t\t\t\t\t<span itemprop='name'>Nemanja<\/span>\n\t\t\t\t\t\t<span itemprop='logo' itemscope itemtype='https:\/\/schema.org\/ImageObject'>\n\t\t\t\t\t\t\t<span itemprop='url'>https:\/\/www.courage-beratung.at\/wp-content\/uploads\/2023\/12\/COURAGE_LOGO_WEB_2022_RGB.svg<\/span>\n\t\t\t\t\t\t<\/span>\n\t\t\t\t<\/span><span class='av-structured-data'  itemprop=\"author\" itemscope=\"itemscope\" itemtype=\"https:\/\/schema.org\/Person\" ><span itemprop='name'>Nemanja<\/span><\/span><span class='av-structured-data'  itemprop=\"datePublished\" datetime=\"2023-06-03T08:03:02+02:00\" >2026-02-02 19:54:38<\/span><span class='av-structured-data'  itemprop=\"dateModified\" itemtype=\"https:\/\/schema.org\/dateModified\" >2026-02-02 21:06:10<\/span><span class='av-structured-data'  itemprop=\"mainEntityOfPage\" itemtype=\"https:\/\/schema.org\/mainEntityOfPage\" ><span itemprop='name'>Lebensqualit\u00e4t am Lebensende<\/span><\/span><\/span><\/article><\/div><div class=\"slide-entry-wrap\"><article class='slide-entry flex_column  post-entry post-entry-7932 slide-entry-overview slide-loop-9 slide-parity-odd  av_one_fourth first real-thumbnail posttype-post post-format-standard'  itemscope=\"itemscope\" itemtype=\"https:\/\/schema.org\/CreativeWork\" ><a href='https:\/\/www.courage-beratung.at\/en\/2026\/01\/27\/zusatzlicher-trans-und-inter-parents-informationsabend-im-dezember\/' data-rel='slide-1' class='slide-image' title='TRANS* und INTER* PARENTS Informationsabend im M\u00e4rz'><img decoding=\"async\" fetchpriority=\"high\" width=\"260\" height=\"185\" src=\"https:\/\/www.courage-beratung.at\/wp-content\/uploads\/2024\/09\/Blog-Photos-3-1024x576-1-260x185.png\" class=\"wp-image-3397 avia-img-lazy-loading-not-3397 attachment-portfolio_small size-portfolio_small wp-post-image\" alt=\"\" \/><\/a><div class=\"slide-content\"><header class=\"entry-content-header\" aria-label=\"Slide: TRANS* und INTER* PARENTS Informationsabend im M\u00e4rz\"><span class=\"blog-categories minor-meta\"><a href=\"https:\/\/www.courage-beratung.at\/en\/category\/allgemein\/\" rel=\"tag\">Allgemein<\/a>, <a href=\"https:\/\/www.courage-beratung.at\/en\/category\/events-qbz\/\" rel=\"tag\">Events QBZ<\/a>, <a href=\"https:\/\/www.courage-beratung.at\/en\/category\/infoabende\/\" rel=\"tag\">Infoabende<\/a> <\/span><h3 class='slide-entry-title entry-title'  itemprop=\"headline\" ><a href='https:\/\/www.courage-beratung.at\/en\/2026\/01\/27\/zusatzlicher-trans-und-inter-parents-informationsabend-im-dezember\/' title='TRANS* und INTER* PARENTS Informationsabend im M\u00e4rz'>TRANS* und INTER* PARENTS Informationsabend im M\u00e4rz<\/a><\/h3><span class=\"av-vertical-delimiter\"><\/span><\/header><div class='slide-entry-excerpt entry-content'  itemprop=\"text\" >Am 4. M\u00e4rz 2026 findet unser n\u00e4chster TRANS* und INTER* PARENTS  Informationsabend statt! Eltern(-teile), Bezugspersonen und Angeh\u00f6rige k\u00f6nnen sich im Rahmen des Abends \u00fcber Trans*Identit\u00e4ten und Inter*Geschlechtlichkeiten informieren und austauschen.<div class=\"read-more-link\"><a href=\"https:\/\/www.courage-beratung.at\/en\/2026\/01\/27\/zusatzlicher-trans-und-inter-parents-informationsabend-im-dezember\/\" class=\"more-link\">Read more<span class='more-link-arrow avia-svg-icon avia-font-svg_entypo-fontello' data-av_svg_icon='right-open-big' data-av_iconset='svg_entypo-fontello'><svg version=\"1.1\" xmlns=\"http:\/\/www.w3.org\/2000\/svg\" width=\"15\" height=\"32\" viewbox=\"0 0 15 32\" preserveaspectratio=\"xMidYMid meet\" role=\"graphics-symbol\" aria-hidden=\"true\">\n<path d=\"M0.416 27.84l11.456-11.84-11.456-11.904q-0.832-0.832 0-1.536 0.832-0.832 1.536 0l12.544 12.608q0.768 0.832 0 1.6l-12.544 12.608q-0.704 0.832-1.536 0-0.832-0.704 0-1.536z\"><\/path>\n<\/svg><\/span><\/a><\/div><\/div><\/div><footer class=\"entry-footer\"><div class=\"slide-meta\"><time class='slide-meta-time updated'  itemprop=\"datePublished\" datetime=\"2026-01-27T09:37:29+01:00\" >27. January 2026<\/time><\/div><\/footer><span class='hidden'>\n\t\t\t\t<span class='av-structured-data'  itemprop=\"image\" itemscope=\"itemscope\" itemtype=\"https:\/\/schema.org\/ImageObject\" >\n\t\t\t\t\t\t<span itemprop='url'>https:\/\/www.courage-beratung.at\/wp-content\/uploads\/2024\/09\/Blog-Photos-3-1024x576-1.png<\/span>\n\t\t\t\t\t\t<span itemprop='height'>576<\/span>\n\t\t\t\t\t\t<span itemprop='width'>1024<\/span>\n\t\t\t\t<\/span>\n\t\t\t\t<span class='av-structured-data'  itemprop=\"publisher\" itemtype=\"https:\/\/schema.org\/Organization\" itemscope=\"itemscope\" >\n\t\t\t\t\t\t<span itemprop='name'>Sandra Ehn<\/span>\n\t\t\t\t\t\t<span itemprop='logo' itemscope itemtype='https:\/\/schema.org\/ImageObject'>\n\t\t\t\t\t\t\t<span itemprop='url'>https:\/\/www.courage-beratung.at\/wp-content\/uploads\/2023\/12\/COURAGE_LOGO_WEB_2022_RGB.svg<\/span>\n\t\t\t\t\t\t<\/span>\n\t\t\t\t<\/span><span class='av-structured-data'  itemprop=\"author\" itemscope=\"itemscope\" itemtype=\"https:\/\/schema.org\/Person\" ><span itemprop='name'>Sandra Ehn<\/span><\/span><span class='av-structured-data'  itemprop=\"datePublished\" datetime=\"2023-06-03T08:03:02+02:00\" >2026-01-27 09:37:29<\/span><span class='av-structured-data'  itemprop=\"dateModified\" itemtype=\"https:\/\/schema.org\/dateModified\" >2026-02-27 11:41:09<\/span><span class='av-structured-data'  itemprop=\"mainEntityOfPage\" itemtype=\"https:\/\/schema.org\/mainEntityOfPage\" ><span itemprop='name'>TRANS* und INTER* PARENTS Informationsabend im M\u00e4rz<\/span><\/span><\/span><\/article><article class='slide-entry flex_column  post-entry post-entry-7737 slide-entry-overview slide-loop-10 slide-parity-even  av_one_fourth  real-thumbnail posttype-post post-format-standard'  itemscope=\"itemscope\" itemtype=\"https:\/\/schema.org\/CreativeWork\" ><a href='https:\/\/www.courage-beratung.at\/en\/2026\/01\/17\/courage-eisenstadt-sucht-psychotherapeutische-beraterinnen\/' data-rel='slide-1' class='slide-image' title='COURAGE* Eisenstadt sucht Psychotherapeutische Berater*innen und Sozialarbeiter*in'><img decoding=\"async\" fetchpriority=\"high\" width=\"260\" height=\"185\" src=\"https:\/\/www.courage-beratung.at\/wp-content\/uploads\/2025\/06\/Your-paragraph-text1-e1770287537966-260x185.png\" class=\"wp-image-6383 avia-img-lazy-loading-not-6383 attachment-portfolio_small size-portfolio_small wp-post-image\" alt=\"\" srcset=\"https:\/\/www.courage-beratung.at\/wp-content\/uploads\/2025\/06\/Your-paragraph-text1-e1770287537966-260x185.png 260w, https:\/\/www.courage-beratung.at\/wp-content\/uploads\/2025\/06\/Your-paragraph-text1-e1770287537966-300x215.png 300w, https:\/\/www.courage-beratung.at\/wp-content\/uploads\/2025\/06\/Your-paragraph-text1-e1770287537966-1030x738.png 1030w, https:\/\/www.courage-beratung.at\/wp-content\/uploads\/2025\/06\/Your-paragraph-text1-e1770287537966-768x550.png 768w, https:\/\/www.courage-beratung.at\/wp-content\/uploads\/2025\/06\/Your-paragraph-text1-e1770287537966-18x12.png 18w, https:\/\/www.courage-beratung.at\/wp-content\/uploads\/2025\/06\/Your-paragraph-text1-e1770287537966-705x505.png 705w, https:\/\/www.courage-beratung.at\/wp-content\/uploads\/2025\/06\/Your-paragraph-text1-e1770287537966.png 1080w\" sizes=\"(max-width: 260px) 100vw, 260px\" \/><\/a><div class=\"slide-content\"><header class=\"entry-content-header\" aria-label=\"Slide: COURAGE* Eisenstadt sucht Psychotherapeutische Berater*innen und Sozialarbeiter*in\"><span class=\"blog-categories minor-meta\"><a href=\"https:\/\/www.courage-beratung.at\/en\/category\/offene-stellen\/\" rel=\"tag\">Offene Stellen<\/a> <\/span><h3 class='slide-entry-title entry-title'  itemprop=\"headline\" ><a href='https:\/\/www.courage-beratung.at\/en\/2026\/01\/17\/courage-eisenstadt-sucht-psychotherapeutische-beraterinnen\/' title='COURAGE* Eisenstadt sucht Psychotherapeutische Berater*innen und Sozialarbeiter*in'>COURAGE* Eisenstadt sucht Psychotherapeutische Berater*innen und Sozialarbeiter*in<\/a><\/h3><span class=\"av-vertical-delimiter\"><\/span><\/header><div class='slide-entry-excerpt entry-content'  itemprop=\"text\" >Schriftliche Bewerbungen samt Lebenslauf und Motivationsschreiben ab sofort per E-Mail an: <br>\nMag. Johannes Wahala, Leiter der Beratungsstellen COURAGE*<br>\nj.wahala@courage-beratung.at<br>\n<div class=\"read-more-link\"><a href=\"https:\/\/www.courage-beratung.at\/en\/2026\/01\/17\/courage-eisenstadt-sucht-psychotherapeutische-beraterinnen\/\" class=\"more-link\">Read more<span class='more-link-arrow avia-svg-icon avia-font-svg_entypo-fontello' data-av_svg_icon='right-open-big' data-av_iconset='svg_entypo-fontello'><svg version=\"1.1\" xmlns=\"http:\/\/www.w3.org\/2000\/svg\" width=\"15\" height=\"32\" viewbox=\"0 0 15 32\" preserveaspectratio=\"xMidYMid meet\" role=\"graphics-symbol\" aria-hidden=\"true\">\n<path d=\"M0.416 27.84l11.456-11.84-11.456-11.904q-0.832-0.832 0-1.536 0.832-0.832 1.536 0l12.544 12.608q0.768 0.832 0 1.6l-12.544 12.608q-0.704 0.832-1.536 0-0.832-0.704 0-1.536z\"><\/path>\n<\/svg><\/span><\/a><\/div><\/div><\/div><footer class=\"entry-footer\"><div class=\"slide-meta\"><time class='slide-meta-time updated'  itemprop=\"datePublished\" datetime=\"2026-01-17T18:27:39+01:00\" >17. January 2026<\/time><\/div><\/footer><span class='hidden'>\n\t\t\t\t<span class='av-structured-data'  itemprop=\"image\" itemscope=\"itemscope\" itemtype=\"https:\/\/schema.org\/ImageObject\" >\n\t\t\t\t\t\t<span itemprop='url'>https:\/\/www.courage-beratung.at\/wp-content\/uploads\/2025\/06\/Your-paragraph-text1-e1770287537966.png<\/span>\n\t\t\t\t\t\t<span itemprop='height'>774<\/span>\n\t\t\t\t\t\t<span itemprop='width'>1080<\/span>\n\t\t\t\t<\/span>\n\t\t\t\t<span class='av-structured-data'  itemprop=\"publisher\" itemtype=\"https:\/\/schema.org\/Organization\" itemscope=\"itemscope\" >\n\t\t\t\t\t\t<span itemprop='name'>Nemanja<\/span>\n\t\t\t\t\t\t<span itemprop='logo' itemscope itemtype='https:\/\/schema.org\/ImageObject'>\n\t\t\t\t\t\t\t<span itemprop='url'>https:\/\/www.courage-beratung.at\/wp-content\/uploads\/2023\/12\/COURAGE_LOGO_WEB_2022_RGB.svg<\/span>\n\t\t\t\t\t\t<\/span>\n\t\t\t\t<\/span><span class='av-structured-data'  itemprop=\"author\" itemscope=\"itemscope\" itemtype=\"https:\/\/schema.org\/Person\" ><span itemprop='name'>Nemanja<\/span><\/span><span class='av-structured-data'  itemprop=\"datePublished\" datetime=\"2023-06-03T08:03:02+02:00\" >2026-01-17 18:27:39<\/span><span class='av-structured-data'  itemprop=\"dateModified\" itemtype=\"https:\/\/schema.org\/dateModified\" >2026-01-17 18:32:27<\/span><span class='av-structured-data'  itemprop=\"mainEntityOfPage\" itemtype=\"https:\/\/schema.org\/mainEntityOfPage\" ><span itemprop='name'>COURAGE* Eisenstadt sucht Psychotherapeutische Berater*innen und Sozialarbeiter*in<\/span><\/span><\/span><\/article><article class='slide-entry flex_column  post-entry post-entry-5855 slide-entry-overview slide-loop-11 slide-parity-odd  av_one_fourth  real-thumbnail posttype-post post-format-standard'  itemscope=\"itemscope\" itemtype=\"https:\/\/schema.org\/CreativeWork\" ><a href='https:\/\/www.courage-beratung.at\/en\/2025\/11\/19\/courage-sucht-psychotherapeutische-beraterinnen\/' data-rel='slide-1' class='slide-image' title='COURAGE* sucht Psychotherapeutische Berater*innen'><img decoding=\"async\" fetchpriority=\"high\" width=\"260\" height=\"185\" src=\"https:\/\/www.courage-beratung.at\/wp-content\/uploads\/2025\/06\/Your-paragraph-text1-e1770287537966-260x185.png\" class=\"wp-image-6383 avia-img-lazy-loading-not-6383 attachment-portfolio_small size-portfolio_small wp-post-image\" alt=\"\" srcset=\"https:\/\/www.courage-beratung.at\/wp-content\/uploads\/2025\/06\/Your-paragraph-text1-e1770287537966-260x185.png 260w, https:\/\/www.courage-beratung.at\/wp-content\/uploads\/2025\/06\/Your-paragraph-text1-e1770287537966-300x215.png 300w, https:\/\/www.courage-beratung.at\/wp-content\/uploads\/2025\/06\/Your-paragraph-text1-e1770287537966-1030x738.png 1030w, https:\/\/www.courage-beratung.at\/wp-content\/uploads\/2025\/06\/Your-paragraph-text1-e1770287537966-768x550.png 768w, https:\/\/www.courage-beratung.at\/wp-content\/uploads\/2025\/06\/Your-paragraph-text1-e1770287537966-18x12.png 18w, https:\/\/www.courage-beratung.at\/wp-content\/uploads\/2025\/06\/Your-paragraph-text1-e1770287537966-705x505.png 705w, https:\/\/www.courage-beratung.at\/wp-content\/uploads\/2025\/06\/Your-paragraph-text1-e1770287537966.png 1080w\" sizes=\"(max-width: 260px) 100vw, 260px\" \/><\/a><div class=\"slide-content\"><header class=\"entry-content-header\" aria-label=\"Slide: COURAGE* sucht Psychotherapeutische Berater*innen\"><span class=\"blog-categories minor-meta\"><a href=\"https:\/\/www.courage-beratung.at\/en\/category\/offene-stellen\/\" rel=\"tag\">Offene Stellen<\/a> <\/span><h3 class='slide-entry-title entry-title'  itemprop=\"headline\" ><a href='https:\/\/www.courage-beratung.at\/en\/2025\/11\/19\/courage-sucht-psychotherapeutische-beraterinnen\/' title='COURAGE* sucht Psychotherapeutische Berater*innen'>COURAGE* sucht Psychotherapeutische Berater*innen<\/a><\/h3><span class=\"av-vertical-delimiter\"><\/span><\/header><div class='slide-entry-excerpt entry-content'  itemprop=\"text\" >Schriftliche Bewerbungen samt Lebenslauf und Motivationsschreiben ab sofort per E-Mail an: <br>\nMag. Johannes Wahala, Leiter der Beratungsstellen COURAGE*<br>\nj.wahala@courage-beratung.at<br>\n<div class=\"read-more-link\"><a href=\"https:\/\/www.courage-beratung.at\/en\/2025\/11\/19\/courage-sucht-psychotherapeutische-beraterinnen\/\" class=\"more-link\">Read more<span class='more-link-arrow avia-svg-icon avia-font-svg_entypo-fontello' data-av_svg_icon='right-open-big' data-av_iconset='svg_entypo-fontello'><svg version=\"1.1\" xmlns=\"http:\/\/www.w3.org\/2000\/svg\" width=\"15\" height=\"32\" viewbox=\"0 0 15 32\" preserveaspectratio=\"xMidYMid meet\" role=\"graphics-symbol\" aria-hidden=\"true\">\n<path d=\"M0.416 27.84l11.456-11.84-11.456-11.904q-0.832-0.832 0-1.536 0.832-0.832 1.536 0l12.544 12.608q0.768 0.832 0 1.6l-12.544 12.608q-0.704 0.832-1.536 0-0.832-0.704 0-1.536z\"><\/path>\n<\/svg><\/span><\/a><\/div><\/div><\/div><footer class=\"entry-footer\"><div class=\"slide-meta\"><time class='slide-meta-time updated'  itemprop=\"datePublished\" datetime=\"2025-11-19T17:37:59+01:00\" >19. November 2025<\/time><\/div><\/footer><span class='hidden'>\n\t\t\t\t<span class='av-structured-data'  itemprop=\"image\" itemscope=\"itemscope\" itemtype=\"https:\/\/schema.org\/ImageObject\" >\n\t\t\t\t\t\t<span itemprop='url'>https:\/\/www.courage-beratung.at\/wp-content\/uploads\/2025\/06\/Your-paragraph-text1-e1770287537966.png<\/span>\n\t\t\t\t\t\t<span itemprop='height'>774<\/span>\n\t\t\t\t\t\t<span itemprop='width'>1080<\/span>\n\t\t\t\t<\/span>\n\t\t\t\t<span class='av-structured-data'  itemprop=\"publisher\" itemtype=\"https:\/\/schema.org\/Organization\" itemscope=\"itemscope\" >\n\t\t\t\t\t\t<span itemprop='name'>Nemanja<\/span>\n\t\t\t\t\t\t<span itemprop='logo' itemscope itemtype='https:\/\/schema.org\/ImageObject'>\n\t\t\t\t\t\t\t<span itemprop='url'>https:\/\/www.courage-beratung.at\/wp-content\/uploads\/2023\/12\/COURAGE_LOGO_WEB_2022_RGB.svg<\/span>\n\t\t\t\t\t\t<\/span>\n\t\t\t\t<\/span><span class='av-structured-data'  itemprop=\"author\" itemscope=\"itemscope\" itemtype=\"https:\/\/schema.org\/Person\" ><span itemprop='name'>Nemanja<\/span><\/span><span class='av-structured-data'  itemprop=\"datePublished\" datetime=\"2023-06-03T08:03:02+02:00\" >2025-11-19 17:37:59<\/span><span class='av-structured-data'  itemprop=\"dateModified\" itemtype=\"https:\/\/schema.org\/dateModified\" >2025-11-19 17:40:05<\/span><span class='av-structured-data'  itemprop=\"mainEntityOfPage\" itemtype=\"https:\/\/schema.org\/mainEntityOfPage\" ><span itemprop='name'>COURAGE* sucht Psychotherapeutische Berater*innen<\/span><\/span><\/span><\/article><article class='slide-entry flex_column  post-entry post-entry-3391 slide-entry-overview slide-loop-12 slide-parity-even  av_one_fourth  real-thumbnail posttype-post post-format-standard'  itemscope=\"itemscope\" itemtype=\"https:\/\/schema.org\/CreativeWork\" ><a href='https:\/\/www.courage-beratung.at\/en\/2025\/11\/18\/freunde-lieben-die-revolte-in-unseren-engsten-beziehungen\/' data-rel='slide-1' class='slide-image' title='TRANS* UND INTER* Parents Linz'><img decoding=\"async\" fetchpriority=\"high\" width=\"260\" height=\"185\" src=\"https:\/\/www.courage-beratung.at\/wp-content\/uploads\/2024\/09\/Blog-Photos-3-1024x576-1-260x185.png\" class=\"wp-image-3397 avia-img-lazy-loading-not-3397 attachment-portfolio_small size-portfolio_small wp-post-image\" alt=\"\" \/><\/a><div class=\"slide-content\"><header class=\"entry-content-header\" aria-label=\"Slide: TRANS* UND INTER* Parents Linz\"><span class=\"blog-categories minor-meta\"><a href=\"https:\/\/www.courage-beratung.at\/en\/category\/allgemein\/\" rel=\"tag\">Allgemein<\/a>, <a href=\"https:\/\/www.courage-beratung.at\/en\/category\/infoabende\/\" rel=\"tag\">Infoabende<\/a> <\/span><h3 class='slide-entry-title entry-title'  itemprop=\"headline\" ><a href='https:\/\/www.courage-beratung.at\/en\/2025\/11\/18\/freunde-lieben-die-revolte-in-unseren-engsten-beziehungen\/' title='TRANS* UND INTER* Parents Linz'>TRANS* UND INTER* Parents Linz<\/a><\/h3><span class=\"av-vertical-delimiter\"><\/span><\/header><div class='slide-entry-excerpt entry-content'  itemprop=\"text\" >Informationsabende zu Trans*Identit\u00e4ten und Inter*Geschlechtlichkeiten f\u00fcr Eltern(-teile), Bezugspersonen und Angeh\u00f6rige \n<br><br>\n23. M\u00e4rz, 18. Mai und 20. Juli 2026 je zwischen 17 und 20 Uhr\nWei\u00dfenwolffstra\u00dfe 7a, 1. Stock, 4020 Linz;\n<br><br>\nAnmeldung \u00fcber linz@courage-beratung.at<div class=\"read-more-link\"><a href=\"https:\/\/www.courage-beratung.at\/en\/2025\/11\/18\/freunde-lieben-die-revolte-in-unseren-engsten-beziehungen\/\" class=\"more-link\">Read more<span class='more-link-arrow avia-svg-icon avia-font-svg_entypo-fontello' data-av_svg_icon='right-open-big' data-av_iconset='svg_entypo-fontello'><svg version=\"1.1\" xmlns=\"http:\/\/www.w3.org\/2000\/svg\" width=\"15\" height=\"32\" viewbox=\"0 0 15 32\" preserveaspectratio=\"xMidYMid meet\" role=\"graphics-symbol\" aria-hidden=\"true\">\n<path d=\"M0.416 27.84l11.456-11.84-11.456-11.904q-0.832-0.832 0-1.536 0.832-0.832 1.536 0l12.544 12.608q0.768 0.832 0 1.6l-12.544 12.608q-0.704 0.832-1.536 0-0.832-0.704 0-1.536z\"><\/path>\n<\/svg><\/span><\/a><\/div><\/div><\/div><footer class=\"entry-footer\"><div class=\"slide-meta\"><time class='slide-meta-time updated'  itemprop=\"datePublished\" datetime=\"2025-11-18T13:50:00+01:00\" >18. November 2025<\/time><\/div><\/footer><span class='hidden'>\n\t\t\t\t<span class='av-structured-data'  itemprop=\"image\" itemscope=\"itemscope\" itemtype=\"https:\/\/schema.org\/ImageObject\" >\n\t\t\t\t\t\t<span itemprop='url'>https:\/\/www.courage-beratung.at\/wp-content\/uploads\/2024\/09\/Blog-Photos-3-1024x576-1.png<\/span>\n\t\t\t\t\t\t<span itemprop='height'>576<\/span>\n\t\t\t\t\t\t<span itemprop='width'>1024<\/span>\n\t\t\t\t<\/span>\n\t\t\t\t<span class='av-structured-data'  itemprop=\"publisher\" itemtype=\"https:\/\/schema.org\/Organization\" itemscope=\"itemscope\" >\n\t\t\t\t\t\t<span itemprop='name'>Nemanja<\/span>\n\t\t\t\t\t\t<span itemprop='logo' itemscope itemtype='https:\/\/schema.org\/ImageObject'>\n\t\t\t\t\t\t\t<span itemprop='url'>https:\/\/www.courage-beratung.at\/wp-content\/uploads\/2023\/12\/COURAGE_LOGO_WEB_2022_RGB.svg<\/span>\n\t\t\t\t\t\t<\/span>\n\t\t\t\t<\/span><span class='av-structured-data'  itemprop=\"author\" itemscope=\"itemscope\" itemtype=\"https:\/\/schema.org\/Person\" ><span itemprop='name'>Nemanja<\/span><\/span><span class='av-structured-data'  itemprop=\"datePublished\" datetime=\"2023-06-03T08:03:02+02:00\" >2025-11-18 13:50:00<\/span><span class='av-structured-data'  itemprop=\"dateModified\" itemtype=\"https:\/\/schema.org\/dateModified\" >2025-11-18 14:04:55<\/span><span class='av-structured-data'  itemprop=\"mainEntityOfPage\" itemtype=\"https:\/\/schema.org\/mainEntityOfPage\" ><span itemprop='name'>TRANS* UND INTER* Parents Linz<\/span><\/span><\/span><\/article><\/div><div class=\"slide-entry-wrap\"><article class='slide-entry flex_column  post-entry post-entry-7024 slide-entry-overview slide-loop-13 slide-parity-odd  av_one_fourth first real-thumbnail posttype-post post-format-standard'  itemscope=\"itemscope\" itemtype=\"https:\/\/schema.org\/CreativeWork\" ><a href='https:\/\/www.courage-beratung.at\/en\/2025\/11\/06\/zusatzlicher-trans-und-inter-parents-informationsabend\/' data-rel='slide-1' class='slide-image' title='Zus\u00e4tzlicher TRANS* und INTER* Parents Informationsabend im Dezember'><img decoding=\"async\" fetchpriority=\"high\" width=\"260\" height=\"185\" src=\"https:\/\/www.courage-beratung.at\/wp-content\/uploads\/2024\/09\/Blog-Photos-3-1024x576-1-260x185.png\" class=\"wp-image-3397 avia-img-lazy-loading-not-3397 attachment-portfolio_small size-portfolio_small wp-post-image\" alt=\"\" \/><\/a><div class=\"slide-content\"><header class=\"entry-content-header\" aria-label=\"Slide: Zus\u00e4tzlicher TRANS* und INTER* Parents Informationsabend im Dezember\"><span class=\"blog-categories minor-meta\"><a href=\"https:\/\/www.courage-beratung.at\/en\/category\/allgemein\/\" rel=\"tag\">Allgemein<\/a>, <a href=\"https:\/\/www.courage-beratung.at\/en\/category\/events-qbz\/\" rel=\"tag\">Events QBZ<\/a>, <a href=\"https:\/\/www.courage-beratung.at\/en\/category\/infoabende\/\" rel=\"tag\">Infoabende<\/a> <\/span><h3 class='slide-entry-title entry-title'  itemprop=\"headline\" ><a href='https:\/\/www.courage-beratung.at\/en\/2025\/11\/06\/zusatzlicher-trans-und-inter-parents-informationsabend\/' title='Zus\u00e4tzlicher TRANS* und INTER* Parents Informationsabend im Dezember'>Zus\u00e4tzlicher TRANS* und INTER* Parents Informationsabend im Dezember<\/a><\/h3><span class=\"av-vertical-delimiter\"><\/span><\/header><div class='slide-entry-excerpt entry-content'  itemprop=\"text\" >Am 10. Dezember 2025 findet ein zus\u00e4tzlicher TRANS* und INTER* Parents  Informationsabend statt! Eltern(-teile), Bezugspersonen und Angeh\u00f6rige k\u00f6nnen sich im Rahmen des Abends \u00fcber Trans*Identit\u00e4ten und Inter*Geschlechtlichkeiten informieren und austauschen.<div class=\"read-more-link\"><a href=\"https:\/\/www.courage-beratung.at\/en\/2025\/11\/06\/zusatzlicher-trans-und-inter-parents-informationsabend\/\" class=\"more-link\">Read more<span class='more-link-arrow avia-svg-icon avia-font-svg_entypo-fontello' data-av_svg_icon='right-open-big' data-av_iconset='svg_entypo-fontello'><svg version=\"1.1\" xmlns=\"http:\/\/www.w3.org\/2000\/svg\" width=\"15\" height=\"32\" viewbox=\"0 0 15 32\" preserveaspectratio=\"xMidYMid meet\" role=\"graphics-symbol\" aria-hidden=\"true\">\n<path d=\"M0.416 27.84l11.456-11.84-11.456-11.904q-0.832-0.832 0-1.536 0.832-0.832 1.536 0l12.544 12.608q0.768 0.832 0 1.6l-12.544 12.608q-0.704 0.832-1.536 0-0.832-0.704 0-1.536z\"><\/path>\n<\/svg><\/span><\/a><\/div><\/div><\/div><footer class=\"entry-footer\"><div class=\"slide-meta\"><time class='slide-meta-time updated'  itemprop=\"datePublished\" datetime=\"2025-11-06T12:10:35+01:00\" >6. November 2025<\/time><\/div><\/footer><span class='hidden'>\n\t\t\t\t<span class='av-structured-data'  itemprop=\"image\" itemscope=\"itemscope\" itemtype=\"https:\/\/schema.org\/ImageObject\" >\n\t\t\t\t\t\t<span itemprop='url'>https:\/\/www.courage-beratung.at\/wp-content\/uploads\/2024\/09\/Blog-Photos-3-1024x576-1.png<\/span>\n\t\t\t\t\t\t<span itemprop='height'>576<\/span>\n\t\t\t\t\t\t<span itemprop='width'>1024<\/span>\n\t\t\t\t<\/span>\n\t\t\t\t<span class='av-structured-data'  itemprop=\"publisher\" itemtype=\"https:\/\/schema.org\/Organization\" itemscope=\"itemscope\" >\n\t\t\t\t\t\t<span itemprop='name'>Sandra Ehn<\/span>\n\t\t\t\t\t\t<span itemprop='logo' itemscope itemtype='https:\/\/schema.org\/ImageObject'>\n\t\t\t\t\t\t\t<span itemprop='url'>https:\/\/www.courage-beratung.at\/wp-content\/uploads\/2023\/12\/COURAGE_LOGO_WEB_2022_RGB.svg<\/span>\n\t\t\t\t\t\t<\/span>\n\t\t\t\t<\/span><span class='av-structured-data'  itemprop=\"author\" itemscope=\"itemscope\" itemtype=\"https:\/\/schema.org\/Person\" ><span itemprop='name'>Sandra Ehn<\/span><\/span><span class='av-structured-data'  itemprop=\"datePublished\" datetime=\"2023-06-03T08:03:02+02:00\" >2025-11-06 12:10:35<\/span><span class='av-structured-data'  itemprop=\"dateModified\" itemtype=\"https:\/\/schema.org\/dateModified\" >2025-11-18 14:17:26<\/span><span class='av-structured-data'  itemprop=\"mainEntityOfPage\" itemtype=\"https:\/\/schema.org\/mainEntityOfPage\" ><span itemprop='name'>Zus\u00e4tzlicher TRANS* und INTER* Parents Informationsabend im Dezember<\/span><\/span><\/span><\/article><article class='slide-entry flex_column  post-entry post-entry-7017 slide-entry-overview slide-loop-14 slide-parity-even  av_one_fourth  real-thumbnail posttype-post post-format-standard'  itemscope=\"itemscope\" itemtype=\"https:\/\/schema.org\/CreativeWork\" ><a href='https:\/\/www.courage-beratung.at\/en\/2025\/11\/06\/stellungnahme-zum-fall-walter-alias-waltraud\/' data-rel='slide-1' class='slide-image' title='Stellungnahme der COURAGE zum Fall Walter alias Waltraud'><img decoding=\"async\" fetchpriority=\"high\" width=\"260\" height=\"185\" src=\"https:\/\/www.courage-beratung.at\/wp-content\/uploads\/2025\/11\/stellungnahme-1-e1762425882983-260x185.png\" class=\"wp-image-7023 avia-img-lazy-loading-not-7023 attachment-portfolio_small size-portfolio_small wp-post-image\" alt=\"\" \/><\/a><div class=\"slide-content\"><header class=\"entry-content-header\" aria-label=\"Slide: Stellungnahme der COURAGE zum Fall Walter alias Waltraud\"><span class=\"blog-categories minor-meta\"><a href=\"https:\/\/www.courage-beratung.at\/en\/category\/allgemein\/\" rel=\"tag\">Allgemein<\/a> <\/span><h3 class='slide-entry-title entry-title'  itemprop=\"headline\" ><a href='https:\/\/www.courage-beratung.at\/en\/2025\/11\/06\/stellungnahme-zum-fall-walter-alias-waltraud\/' title='Stellungnahme der COURAGE zum Fall Walter alias Waltraud'>Stellungnahme der COURAGE zum Fall Walter alias Waltraud<\/a><\/h3><span class=\"av-vertical-delimiter\"><\/span><\/header><div class='slide-entry-excerpt entry-content'  itemprop=\"text\" >Mag. Johannes Wahala, Leiter der COURAGE Beratungsstellen nimmt Stellung zur unseri\u00f6sen Berichterstattung der KRONEN ZEITUNG und anderer Medien.<div class=\"read-more-link\"><a href=\"https:\/\/www.courage-beratung.at\/en\/2025\/11\/06\/stellungnahme-zum-fall-walter-alias-waltraud\/\" class=\"more-link\">Read more<span class='more-link-arrow avia-svg-icon avia-font-svg_entypo-fontello' data-av_svg_icon='right-open-big' data-av_iconset='svg_entypo-fontello'><svg version=\"1.1\" xmlns=\"http:\/\/www.w3.org\/2000\/svg\" width=\"15\" height=\"32\" viewbox=\"0 0 15 32\" preserveaspectratio=\"xMidYMid meet\" role=\"graphics-symbol\" aria-hidden=\"true\">\n<path d=\"M0.416 27.84l11.456-11.84-11.456-11.904q-0.832-0.832 0-1.536 0.832-0.832 1.536 0l12.544 12.608q0.768 0.832 0 1.6l-12.544 12.608q-0.704 0.832-1.536 0-0.832-0.704 0-1.536z\"><\/path>\n<\/svg><\/span><\/a><\/div><\/div><\/div><footer class=\"entry-footer\"><div class=\"slide-meta\"><time class='slide-meta-time updated'  itemprop=\"datePublished\" datetime=\"2025-11-06T11:29:54+01:00\" >6. November 2025<\/time><\/div><\/footer><span class='hidden'>\n\t\t\t\t<span class='av-structured-data'  itemprop=\"image\" itemscope=\"itemscope\" itemtype=\"https:\/\/schema.org\/ImageObject\" >\n\t\t\t\t\t\t<span itemprop='url'>https:\/\/www.courage-beratung.at\/wp-content\/uploads\/2025\/11\/stellungnahme-1-e1762425882983.png<\/span>\n\t\t\t\t\t\t<span itemprop='height'>1080<\/span>\n\t\t\t\t\t\t<span itemprop='width'>1080<\/span>\n\t\t\t\t<\/span>\n\t\t\t\t<span class='av-structured-data'  itemprop=\"publisher\" itemtype=\"https:\/\/schema.org\/Organization\" itemscope=\"itemscope\" >\n\t\t\t\t\t\t<span itemprop='name'>Sandra Ehn<\/span>\n\t\t\t\t\t\t<span itemprop='logo' itemscope itemtype='https:\/\/schema.org\/ImageObject'>\n\t\t\t\t\t\t\t<span itemprop='url'>https:\/\/www.courage-beratung.at\/wp-content\/uploads\/2023\/12\/COURAGE_LOGO_WEB_2022_RGB.svg<\/span>\n\t\t\t\t\t\t<\/span>\n\t\t\t\t<\/span><span class='av-structured-data'  itemprop=\"author\" itemscope=\"itemscope\" itemtype=\"https:\/\/schema.org\/Person\" ><span itemprop='name'>Sandra Ehn<\/span><\/span><span class='av-structured-data'  itemprop=\"datePublished\" datetime=\"2023-06-03T08:03:02+02:00\" >2025-11-06 11:29:54<\/span><span class='av-structured-data'  itemprop=\"dateModified\" itemtype=\"https:\/\/schema.org\/dateModified\" >2025-11-06 14:15:28<\/span><span class='av-structured-data'  itemprop=\"mainEntityOfPage\" itemtype=\"https:\/\/schema.org\/mainEntityOfPage\" ><span itemprop='name'>Stellungnahme der COURAGE zum Fall Walter alias Waltraud<\/span><\/span><\/span><\/article><article class='slide-entry flex_column  post-entry post-entry-6615 slide-entry-overview slide-loop-15 slide-parity-odd  av_one_fourth  real-thumbnail posttype-post post-format-standard'  itemscope=\"itemscope\" itemtype=\"https:\/\/schema.org\/CreativeWork\" ><a href='https:\/\/www.courage-beratung.at\/en\/2025\/10\/22\/queere-seele\/' data-rel='slide-1' class='slide-image' title='QUEERE SEELE'><img decoding=\"async\" fetchpriority=\"high\" width=\"260\" height=\"185\" src=\"https:\/\/www.courage-beratung.at\/wp-content\/uploads\/2025\/10\/queere-sele-260x185.png\" class=\"wp-image-6618 avia-img-lazy-loading-not-6618 attachment-portfolio_small size-portfolio_small wp-post-image\" alt=\"\" \/><\/a><div class=\"slide-content\"><header class=\"entry-content-header\" aria-label=\"Slide: QUEERE SEELE\"><span class=\"blog-categories minor-meta\"><a href=\"https:\/\/www.courage-beratung.at\/en\/category\/events-qbz\/\" rel=\"tag\">Events QBZ<\/a>, <a href=\"https:\/\/www.courage-beratung.at\/en\/category\/vortrag-guest-lecture\/\" rel=\"tag\">Vortrag \/ Guest Lecture<\/a> <\/span><h3 class='slide-entry-title entry-title'  itemprop=\"headline\" ><a href='https:\/\/www.courage-beratung.at\/en\/2025\/10\/22\/queere-seele\/' title='QUEERE SEELE'>QUEERE SEELE<\/a><\/h3><span class=\"av-vertical-delimiter\"><\/span><\/header><div class='slide-entry-excerpt entry-content'  itemprop=\"text\" >Mittwoch, 05.11.2025, Queeres Bildungszentrum Wien, Windm\u00fchlgasse 15 <br>\nEintritt: freie Spende.<br>\nAnmeldung unter: info@courage-beratung.at oder telefonisch unter: 01585 69 66. <br>\n<div class=\"read-more-link\"><a href=\"https:\/\/www.courage-beratung.at\/en\/2025\/10\/22\/queere-seele\/\" class=\"more-link\">Read more<span class='more-link-arrow avia-svg-icon avia-font-svg_entypo-fontello' data-av_svg_icon='right-open-big' data-av_iconset='svg_entypo-fontello'><svg version=\"1.1\" xmlns=\"http:\/\/www.w3.org\/2000\/svg\" width=\"15\" height=\"32\" viewbox=\"0 0 15 32\" preserveaspectratio=\"xMidYMid meet\" role=\"graphics-symbol\" aria-hidden=\"true\">\n<path d=\"M0.416 27.84l11.456-11.84-11.456-11.904q-0.832-0.832 0-1.536 0.832-0.832 1.536 0l12.544 12.608q0.768 0.832 0 1.6l-12.544 12.608q-0.704 0.832-1.536 0-0.832-0.704 0-1.536z\"><\/path>\n<\/svg><\/span><\/a><\/div><\/div><\/div><footer class=\"entry-footer\"><div class=\"slide-meta\"><time class='slide-meta-time updated'  itemprop=\"datePublished\" datetime=\"2025-10-22T19:43:37+02:00\" >22. October 2025<\/time><\/div><\/footer><span class='hidden'>\n\t\t\t\t<span class='av-structured-data'  itemprop=\"image\" itemscope=\"itemscope\" itemtype=\"https:\/\/schema.org\/ImageObject\" >\n\t\t\t\t\t\t<span itemprop='url'>https:\/\/www.courage-beratung.at\/wp-content\/uploads\/2025\/10\/queere-sele-scaled.png<\/span>\n\t\t\t\t\t\t<span itemprop='height'>2560<\/span>\n\t\t\t\t\t\t<span itemprop='width'>1992<\/span>\n\t\t\t\t<\/span>\n\t\t\t\t<span class='av-structured-data'  itemprop=\"publisher\" itemtype=\"https:\/\/schema.org\/Organization\" itemscope=\"itemscope\" >\n\t\t\t\t\t\t<span itemprop='name'>Nemanja<\/span>\n\t\t\t\t\t\t<span itemprop='logo' itemscope itemtype='https:\/\/schema.org\/ImageObject'>\n\t\t\t\t\t\t\t<span itemprop='url'>https:\/\/www.courage-beratung.at\/wp-content\/uploads\/2023\/12\/COURAGE_LOGO_WEB_2022_RGB.svg<\/span>\n\t\t\t\t\t\t<\/span>\n\t\t\t\t<\/span><span class='av-structured-data'  itemprop=\"author\" itemscope=\"itemscope\" itemtype=\"https:\/\/schema.org\/Person\" ><span itemprop='name'>Nemanja<\/span><\/span><span class='av-structured-data'  itemprop=\"datePublished\" datetime=\"2023-06-03T08:03:02+02:00\" >2025-10-22 19:43:37<\/span><span class='av-structured-data'  itemprop=\"dateModified\" itemtype=\"https:\/\/schema.org\/dateModified\" >2025-10-22 20:19:32<\/span><span class='av-structured-data'  itemprop=\"mainEntityOfPage\" itemtype=\"https:\/\/schema.org\/mainEntityOfPage\" ><span itemprop='name'>QUEERE SEELE<\/span><\/span><\/span><\/article><article class='slide-entry flex_column  post-entry post-entry-6424 slide-entry-overview slide-loop-16 slide-parity-even  av_one_fourth  real-thumbnail posttype-post post-format-standard'  itemscope=\"itemscope\" itemtype=\"https:\/\/schema.org\/CreativeWork\" ><a href='https:\/\/www.courage-beratung.at\/en\/2025\/09\/30\/aro-ace-community-abend-2\/' data-rel='slide-1' class='slide-image' title='Aro\/Ace &#8211; Community Abend'><img decoding=\"async\" fetchpriority=\"high\" width=\"260\" height=\"185\" src=\"https:\/\/www.courage-beratung.at\/wp-content\/uploads\/2024\/11\/img-BltBNm480DQZkRsEHayEG-260x185.jpg\" class=\"wp-image-4320 avia-img-lazy-loading-not-4320 attachment-portfolio_small size-portfolio_small wp-post-image\" alt=\"\" \/><\/a><div class=\"slide-content\"><header class=\"entry-content-header\" aria-label=\"Slide: Aro\/Ace - Community Abend\"><span class=\"blog-categories minor-meta\"><a href=\"https:\/\/www.courage-beratung.at\/en\/category\/allgemein\/\" rel=\"tag\">Allgemein<\/a>, <a href=\"https:\/\/www.courage-beratung.at\/en\/category\/events-qbz\/\" rel=\"tag\">Events QBZ<\/a> <\/span><h3 class='slide-entry-title entry-title'  itemprop=\"headline\" ><a href='https:\/\/www.courage-beratung.at\/en\/2025\/09\/30\/aro-ace-community-abend-2\/' title='Aro\/Ace &#8211; Community Abend'>Aro\/Ace &#8211; Community Abend<\/a><\/h3><span class=\"av-vertical-delimiter\"><\/span><\/header><div class='slide-entry-excerpt entry-content'  itemprop=\"text\" >N\u00e4chster Termin: 23.10.2025, 18:30 Uhr\n<br>\nOrt: Queeres Bildungszentrum Wien, Windm\u00fchlgasse 15, 1060 Wien\n\nKosten: freiwillige Spende\n<br>\nAnmeldung: erforderlich unter: info@courage-beratung.at oder telefonisch unter 01 \/ 585 69 66<div class=\"read-more-link\"><a href=\"https:\/\/www.courage-beratung.at\/en\/2025\/09\/30\/aro-ace-community-abend-2\/\" class=\"more-link\">Read more<span class='more-link-arrow avia-svg-icon avia-font-svg_entypo-fontello' data-av_svg_icon='right-open-big' data-av_iconset='svg_entypo-fontello'><svg version=\"1.1\" xmlns=\"http:\/\/www.w3.org\/2000\/svg\" width=\"15\" height=\"32\" viewbox=\"0 0 15 32\" preserveaspectratio=\"xMidYMid meet\" role=\"graphics-symbol\" aria-hidden=\"true\">\n<path d=\"M0.416 27.84l11.456-11.84-11.456-11.904q-0.832-0.832 0-1.536 0.832-0.832 1.536 0l12.544 12.608q0.768 0.832 0 1.6l-12.544 12.608q-0.704 0.832-1.536 0-0.832-0.704 0-1.536z\"><\/path>\n<\/svg><\/span><\/a><\/div><\/div><\/div><footer class=\"entry-footer\"><div class=\"slide-meta\"><time class='slide-meta-time updated'  itemprop=\"datePublished\" datetime=\"2025-09-30T14:00:46+02:00\" >30. September 2025<\/time><\/div><\/footer><span class='hidden'>\n\t\t\t\t<span class='av-structured-data'  itemprop=\"image\" itemscope=\"itemscope\" itemtype=\"https:\/\/schema.org\/ImageObject\" >\n\t\t\t\t\t\t<span itemprop='url'>https:\/\/www.courage-beratung.at\/wp-content\/uploads\/2024\/11\/img-BltBNm480DQZkRsEHayEG.jpg<\/span>\n\t\t\t\t\t\t<span itemprop='height'>1280<\/span>\n\t\t\t\t\t\t<span itemprop='width'>720<\/span>\n\t\t\t\t<\/span>\n\t\t\t\t<span class='av-structured-data'  itemprop=\"publisher\" itemtype=\"https:\/\/schema.org\/Organization\" itemscope=\"itemscope\" >\n\t\t\t\t\t\t<span itemprop='name'>Sandra Ehn<\/span>\n\t\t\t\t\t\t<span itemprop='logo' itemscope itemtype='https:\/\/schema.org\/ImageObject'>\n\t\t\t\t\t\t\t<span itemprop='url'>https:\/\/www.courage-beratung.at\/wp-content\/uploads\/2023\/12\/COURAGE_LOGO_WEB_2022_RGB.svg<\/span>\n\t\t\t\t\t\t<\/span>\n\t\t\t\t<\/span><span class='av-structured-data'  itemprop=\"author\" itemscope=\"itemscope\" itemtype=\"https:\/\/schema.org\/Person\" ><span itemprop='name'>Sandra Ehn<\/span><\/span><span class='av-structured-data'  itemprop=\"datePublished\" datetime=\"2023-06-03T08:03:02+02:00\" >2025-09-30 14:00:46<\/span><span class='av-structured-data'  itemprop=\"dateModified\" itemtype=\"https:\/\/schema.org\/dateModified\" >2025-10-07 11:27:33<\/span><span class='av-structured-data'  itemprop=\"mainEntityOfPage\" itemtype=\"https:\/\/schema.org\/mainEntityOfPage\" ><span itemprop='name'>Aro\/Ace &#8211; Community Abend<\/span><\/span><\/span><\/article><\/div><div class=\"slide-entry-wrap\"><article class='slide-entry flex_column  post-entry post-entry-6407 slide-entry-overview slide-loop-17 slide-parity-odd  av_one_fourth first real-thumbnail posttype-post post-format-standard'  itemscope=\"itemscope\" itemtype=\"https:\/\/schema.org\/CreativeWork\" ><a href='https:\/\/www.courage-beratung.at\/en\/2025\/09\/29\/transfeeme-nonbinary-qa\/' data-rel='slide-1' class='slide-image' title='Transfemme \/ Nonbinary Q&#038;A'><img decoding=\"async\" fetchpriority=\"high\" width=\"260\" height=\"185\" src=\"https:\/\/www.courage-beratung.at\/wp-content\/uploads\/2025\/09\/Courage-Workshop-_-qmp-260x185.png\" class=\"wp-image-6410 avia-img-lazy-loading-not-6410 attachment-portfolio_small size-portfolio_small wp-post-image\" alt=\"\" \/><\/a><div class=\"slide-content\"><header class=\"entry-content-header\" aria-label=\"Slide: Transfemme \/ Nonbinary Q&amp;A\"><span class=\"blog-categories minor-meta\"><a href=\"https:\/\/www.courage-beratung.at\/en\/category\/projekte\/\" rel=\"tag\">Projekte<\/a>, <a href=\"https:\/\/www.courage-beratung.at\/en\/category\/sexuelle-bildung\/\" rel=\"tag\">Sexuelle Bildung<\/a> <\/span><h3 class='slide-entry-title entry-title'  itemprop=\"headline\" ><a href='https:\/\/www.courage-beratung.at\/en\/2025\/09\/29\/transfeeme-nonbinary-qa\/' title='Transfemme \/ Nonbinary Q&#038;A'>Transfemme \/ Nonbinary Q&#038;A<\/a><\/h3><span class=\"av-vertical-delimiter\"><\/span><\/header><div class='slide-entry-excerpt entry-content'  itemprop=\"text\" >in Kooperation mit Queer my Pleasure<br>\nOrt: COURAGE*Graz, Pl\u00fcddemanngasse 39, 8010 Graz<br>\nDatum: Freitag, 03. Oktober 2025<br>\nUhrzeit: 16:00 - 20:00 Uhr<br><div class=\"read-more-link\"><a href=\"https:\/\/www.courage-beratung.at\/en\/2025\/09\/29\/transfeeme-nonbinary-qa\/\" class=\"more-link\">Read more<span class='more-link-arrow avia-svg-icon avia-font-svg_entypo-fontello' data-av_svg_icon='right-open-big' data-av_iconset='svg_entypo-fontello'><svg version=\"1.1\" xmlns=\"http:\/\/www.w3.org\/2000\/svg\" width=\"15\" height=\"32\" viewbox=\"0 0 15 32\" preserveaspectratio=\"xMidYMid meet\" role=\"graphics-symbol\" aria-hidden=\"true\">\n<path d=\"M0.416 27.84l11.456-11.84-11.456-11.904q-0.832-0.832 0-1.536 0.832-0.832 1.536 0l12.544 12.608q0.768 0.832 0 1.6l-12.544 12.608q-0.704 0.832-1.536 0-0.832-0.704 0-1.536z\"><\/path>\n<\/svg><\/span><\/a><\/div><\/div><\/div><footer class=\"entry-footer\"><div class=\"slide-meta\"><time class='slide-meta-time updated'  itemprop=\"datePublished\" datetime=\"2025-09-29T16:44:53+02:00\" >29. September 2025<\/time><\/div><\/footer><span class='hidden'>\n\t\t\t\t<span class='av-structured-data'  itemprop=\"image\" itemscope=\"itemscope\" itemtype=\"https:\/\/schema.org\/ImageObject\" >\n\t\t\t\t\t\t<span itemprop='url'>https:\/\/www.courage-beratung.at\/wp-content\/uploads\/2025\/09\/Courage-Workshop-_-qmp.png<\/span>\n\t\t\t\t\t\t<span itemprop='height'>1350<\/span>\n\t\t\t\t\t\t<span itemprop='width'>1080<\/span>\n\t\t\t\t<\/span>\n\t\t\t\t<span class='av-structured-data'  itemprop=\"publisher\" itemtype=\"https:\/\/schema.org\/Organization\" itemscope=\"itemscope\" >\n\t\t\t\t\t\t<span itemprop='name'>Nemanja<\/span>\n\t\t\t\t\t\t<span itemprop='logo' itemscope itemtype='https:\/\/schema.org\/ImageObject'>\n\t\t\t\t\t\t\t<span itemprop='url'>https:\/\/www.courage-beratung.at\/wp-content\/uploads\/2023\/12\/COURAGE_LOGO_WEB_2022_RGB.svg<\/span>\n\t\t\t\t\t\t<\/span>\n\t\t\t\t<\/span><span class='av-structured-data'  itemprop=\"author\" itemscope=\"itemscope\" itemtype=\"https:\/\/schema.org\/Person\" ><span itemprop='name'>Nemanja<\/span><\/span><span class='av-structured-data'  itemprop=\"datePublished\" datetime=\"2023-06-03T08:03:02+02:00\" >2025-09-29 16:44:53<\/span><span class='av-structured-data'  itemprop=\"dateModified\" itemtype=\"https:\/\/schema.org\/dateModified\" >2025-09-29 16:51:35<\/span><span class='av-structured-data'  itemprop=\"mainEntityOfPage\" itemtype=\"https:\/\/schema.org\/mainEntityOfPage\" ><span itemprop='name'>Transfemme \/ Nonbinary Q&#038;A<\/span><\/span><\/span><\/article><article class='slide-entry flex_column  post-entry post-entry-6393 slide-entry-overview slide-loop-18 slide-parity-even  av_one_fourth  real-thumbnail posttype-post post-format-standard'  itemscope=\"itemscope\" itemtype=\"https:\/\/schema.org\/CreativeWork\" ><a href='https:\/\/www.courage-beratung.at\/en\/2025\/09\/26\/poly\/' data-rel='slide-1' class='slide-image' title='Das Ende der monogamen Partner*innenschaft?'><img decoding=\"async\" fetchpriority=\"high\" width=\"260\" height=\"185\" src=\"https:\/\/www.courage-beratung.at\/wp-content\/uploads\/2025\/09\/freepik__the-style-is-candid-image-photography-with-natural__28-260x185.png\" class=\"wp-image-6395 avia-img-lazy-loading-not-6395 attachment-portfolio_small size-portfolio_small wp-post-image\" alt=\"\" \/><\/a><div class=\"slide-content\"><header class=\"entry-content-header\" aria-label=\"Slide: Das Ende der monogamen Partner*innenschaft?\"><span class=\"blog-categories minor-meta\"><a href=\"https:\/\/www.courage-beratung.at\/en\/category\/events-qbz\/\" rel=\"tag\">Events QBZ<\/a>, <a href=\"https:\/\/www.courage-beratung.at\/en\/category\/vortrag-guest-lecture\/\" rel=\"tag\">Vortrag \/ Guest Lecture<\/a> <\/span><h3 class='slide-entry-title entry-title'  itemprop=\"headline\" ><a href='https:\/\/www.courage-beratung.at\/en\/2025\/09\/26\/poly\/' title='Das Ende der monogamen Partner*innenschaft?'>Das Ende der monogamen Partner*innenschaft?<\/a><\/h3><span class=\"av-vertical-delimiter\"><\/span><\/header><div class='slide-entry-excerpt entry-content'  itemprop=\"text\" >Mittwoch, 15.10.2025, Queeres Bildungszentrum Wien, Windm\u00fchlgasse 15 <br>\nEintritt: freie Spende.<br>\nAnmeldung unter: info@courage-beratung.at oder telefonisch unter: 01585 69 66. <br>\n<div class=\"read-more-link\"><a href=\"https:\/\/www.courage-beratung.at\/en\/2025\/09\/26\/poly\/\" class=\"more-link\">Read more<span class='more-link-arrow avia-svg-icon avia-font-svg_entypo-fontello' data-av_svg_icon='right-open-big' data-av_iconset='svg_entypo-fontello'><svg version=\"1.1\" xmlns=\"http:\/\/www.w3.org\/2000\/svg\" width=\"15\" height=\"32\" viewbox=\"0 0 15 32\" preserveaspectratio=\"xMidYMid meet\" role=\"graphics-symbol\" aria-hidden=\"true\">\n<path d=\"M0.416 27.84l11.456-11.84-11.456-11.904q-0.832-0.832 0-1.536 0.832-0.832 1.536 0l12.544 12.608q0.768 0.832 0 1.6l-12.544 12.608q-0.704 0.832-1.536 0-0.832-0.704 0-1.536z\"><\/path>\n<\/svg><\/span><\/a><\/div><\/div><\/div><footer class=\"entry-footer\"><div class=\"slide-meta\"><time class='slide-meta-time updated'  itemprop=\"datePublished\" datetime=\"2025-09-26T18:24:38+02:00\" >26. September 2025<\/time><\/div><\/footer><span class='hidden'>\n\t\t\t\t<span class='av-structured-data'  itemprop=\"image\" itemscope=\"itemscope\" itemtype=\"https:\/\/schema.org\/ImageObject\" >\n\t\t\t\t\t\t<span itemprop='url'>https:\/\/www.courage-beratung.at\/wp-content\/uploads\/2025\/09\/freepik__the-style-is-candid-image-photography-with-natural__28.png<\/span>\n\t\t\t\t\t\t<span itemprop='height'>1929<\/span>\n\t\t\t\t\t\t<span itemprop='width'>1500<\/span>\n\t\t\t\t<\/span>\n\t\t\t\t<span class='av-structured-data'  itemprop=\"publisher\" itemtype=\"https:\/\/schema.org\/Organization\" itemscope=\"itemscope\" >\n\t\t\t\t\t\t<span itemprop='name'>Nemanja<\/span>\n\t\t\t\t\t\t<span itemprop='logo' itemscope itemtype='https:\/\/schema.org\/ImageObject'>\n\t\t\t\t\t\t\t<span itemprop='url'>https:\/\/www.courage-beratung.at\/wp-content\/uploads\/2023\/12\/COURAGE_LOGO_WEB_2022_RGB.svg<\/span>\n\t\t\t\t\t\t<\/span>\n\t\t\t\t<\/span><span class='av-structured-data'  itemprop=\"author\" itemscope=\"itemscope\" itemtype=\"https:\/\/schema.org\/Person\" ><span itemprop='name'>Nemanja<\/span><\/span><span class='av-structured-data'  itemprop=\"datePublished\" datetime=\"2023-06-03T08:03:02+02:00\" >2025-09-26 18:24:38<\/span><span class='av-structured-data'  itemprop=\"dateModified\" itemtype=\"https:\/\/schema.org\/dateModified\" >2025-09-26 18:46:48<\/span><span class='av-structured-data'  itemprop=\"mainEntityOfPage\" itemtype=\"https:\/\/schema.org\/mainEntityOfPage\" ><span itemprop='name'>Das Ende der monogamen Partner*innenschaft?<\/span><\/span><\/span><\/article><article class='slide-entry flex_column  post-entry post-entry-5896 slide-entry-overview slide-loop-19 slide-parity-odd  av_one_fourth  real-thumbnail posttype-post post-format-standard'  itemscope=\"itemscope\" itemtype=\"https:\/\/schema.org\/CreativeWork\" ><a href='https:\/\/www.courage-beratung.at\/en\/2025\/06\/26\/neuer-vorstand\/' data-rel='slide-1' class='slide-image' title='Neuer Vorstand der COURAGE*'><img decoding=\"async\" fetchpriority=\"high\" width=\"260\" height=\"185\" src=\"https:\/\/www.courage-beratung.at\/wp-content\/uploads\/2025\/06\/istockphoto-496158107-612x612-1-260x185.jpg\" class=\"wp-image-5901 avia-img-lazy-loading-not-5901 attachment-portfolio_small size-portfolio_small wp-post-image\" alt=\"\" \/><\/a><div class=\"slide-content\"><header class=\"entry-content-header\" aria-label=\"Slide: Neuer Vorstand der COURAGE*\"><span class=\"blog-categories minor-meta\"><a href=\"https:\/\/www.courage-beratung.at\/en\/category\/allgemein\/\" rel=\"tag\">Allgemein<\/a> <\/span><h3 class='slide-entry-title entry-title'  itemprop=\"headline\" ><a href='https:\/\/www.courage-beratung.at\/en\/2025\/06\/26\/neuer-vorstand\/' title='Neuer Vorstand der COURAGE*'>Neuer Vorstand der COURAGE*<\/a><\/h3><span class=\"av-vertical-delimiter\"><\/span><\/header><div class='slide-entry-excerpt entry-content'  itemprop=\"text\" >\n\n<div class=\"read-more-link\"><a href=\"https:\/\/www.courage-beratung.at\/en\/2025\/06\/26\/neuer-vorstand\/\" class=\"more-link\">Read more<span class='more-link-arrow avia-svg-icon avia-font-svg_entypo-fontello' data-av_svg_icon='right-open-big' data-av_iconset='svg_entypo-fontello'><svg version=\"1.1\" xmlns=\"http:\/\/www.w3.org\/2000\/svg\" width=\"15\" height=\"32\" viewbox=\"0 0 15 32\" preserveaspectratio=\"xMidYMid meet\" role=\"graphics-symbol\" aria-hidden=\"true\">\n<path d=\"M0.416 27.84l11.456-11.84-11.456-11.904q-0.832-0.832 0-1.536 0.832-0.832 1.536 0l12.544 12.608q0.768 0.832 0 1.6l-12.544 12.608q-0.704 0.832-1.536 0-0.832-0.704 0-1.536z\"><\/path>\n<\/svg><\/span><\/a><\/div><\/div><\/div><footer class=\"entry-footer\"><div class=\"slide-meta\"><time class='slide-meta-time updated'  itemprop=\"datePublished\" datetime=\"2025-06-26T11:17:26+02:00\" >26. June 2025<\/time><\/div><\/footer><span class='hidden'>\n\t\t\t\t<span class='av-structured-data'  itemprop=\"image\" itemscope=\"itemscope\" itemtype=\"https:\/\/schema.org\/ImageObject\" >\n\t\t\t\t\t\t<span itemprop='url'>https:\/\/www.courage-beratung.at\/wp-content\/uploads\/2025\/06\/istockphoto-496158107-612x612-1.jpg<\/span>\n\t\t\t\t\t\t<span itemprop='height'>518<\/span>\n\t\t\t\t\t\t<span itemprop='width'>612<\/span>\n\t\t\t\t<\/span>\n\t\t\t\t<span class='av-structured-data'  itemprop=\"publisher\" itemtype=\"https:\/\/schema.org\/Organization\" itemscope=\"itemscope\" >\n\t\t\t\t\t\t<span itemprop='name'>Nemanja<\/span>\n\t\t\t\t\t\t<span itemprop='logo' itemscope itemtype='https:\/\/schema.org\/ImageObject'>\n\t\t\t\t\t\t\t<span itemprop='url'>https:\/\/www.courage-beratung.at\/wp-content\/uploads\/2023\/12\/COURAGE_LOGO_WEB_2022_RGB.svg<\/span>\n\t\t\t\t\t\t<\/span>\n\t\t\t\t<\/span><span class='av-structured-data'  itemprop=\"author\" itemscope=\"itemscope\" itemtype=\"https:\/\/schema.org\/Person\" ><span itemprop='name'>Nemanja<\/span><\/span><span class='av-structured-data'  itemprop=\"datePublished\" datetime=\"2023-06-03T08:03:02+02:00\" >2025-06-26 11:17:26<\/span><span class='av-structured-data'  itemprop=\"dateModified\" itemtype=\"https:\/\/schema.org\/dateModified\" >2025-06-26 11:27:07<\/span><span class='av-structured-data'  itemprop=\"mainEntityOfPage\" itemtype=\"https:\/\/schema.org\/mainEntityOfPage\" ><span itemprop='name'>Neuer Vorstand der COURAGE*<\/span><\/span><\/span><\/article><article class='slide-entry flex_column  post-entry post-entry-5699 slide-entry-overview slide-loop-20 slide-parity-even  av_one_fourth  real-thumbnail posttype-post post-format-standard'  itemscope=\"itemscope\" itemtype=\"https:\/\/schema.org\/CreativeWork\" ><a href='https:\/\/www.courage-beratung.at\/en\/2025\/06\/02\/bauchgefuhl\/' data-rel='slide-1' class='slide-image' title='Screening von \u201eBauchgef\u00fchl\u201c mit Regisseurin Esther Rauch'><img decoding=\"async\" fetchpriority=\"high\" width=\"260\" height=\"185\" src=\"https:\/\/www.courage-beratung.at\/wp-content\/uploads\/2025\/06\/88558-7-3-260x185.jpg\" class=\"wp-image-5703 avia-img-lazy-loading-not-5703 attachment-portfolio_small size-portfolio_small wp-post-image\" alt=\"\" \/><\/a><div class=\"slide-content\"><header class=\"entry-content-header\" aria-label=\"Slide: Screening von \u201eBauchgef\u00fchl\u201c mit Regisseurin Esther Rauch\"><span class=\"blog-categories minor-meta\"><a href=\"https:\/\/www.courage-beratung.at\/en\/category\/events-qbz\/\" rel=\"tag\">Events QBZ<\/a>, <a href=\"https:\/\/www.courage-beratung.at\/en\/category\/vortrag-guest-lecture\/\" rel=\"tag\">Vortrag \/ Guest Lecture<\/a> <\/span><h3 class='slide-entry-title entry-title'  itemprop=\"headline\" ><a href='https:\/\/www.courage-beratung.at\/en\/2025\/06\/02\/bauchgefuhl\/' title='Screening von \u201eBauchgef\u00fchl\u201c mit Regisseurin Esther Rauch'>Screening von \u201eBauchgef\u00fchl\u201c mit Regisseurin Esther Rauch<\/a><\/h3><span class=\"av-vertical-delimiter\"><\/span><\/header><div class='slide-entry-excerpt entry-content'  itemprop=\"text\" >Datum: 18.06. 2024, 18:00-21:00<br>\nOrt: Queeres Bildungszentrum, Windm\u00fchlgasse 15, 1060 Wien<br>\n\nEintritt frei, Voranmeldung erbeten unter info@courage-beratung.at oder 01 585 69 66<br><div class=\"read-more-link\"><a href=\"https:\/\/www.courage-beratung.at\/en\/2025\/06\/02\/bauchgefuhl\/\" class=\"more-link\">Read more<span class='more-link-arrow avia-svg-icon avia-font-svg_entypo-fontello' data-av_svg_icon='right-open-big' data-av_iconset='svg_entypo-fontello'><svg version=\"1.1\" xmlns=\"http:\/\/www.w3.org\/2000\/svg\" width=\"15\" height=\"32\" viewbox=\"0 0 15 32\" preserveaspectratio=\"xMidYMid meet\" role=\"graphics-symbol\" aria-hidden=\"true\">\n<path d=\"M0.416 27.84l11.456-11.84-11.456-11.904q-0.832-0.832 0-1.536 0.832-0.832 1.536 0l12.544 12.608q0.768 0.832 0 1.6l-12.544 12.608q-0.704 0.832-1.536 0-0.832-0.704 0-1.536z\"><\/path>\n<\/svg><\/span><\/a><\/div><\/div><\/div><footer class=\"entry-footer\"><div class=\"slide-meta\"><time class='slide-meta-time updated'  itemprop=\"datePublished\" datetime=\"2025-06-02T22:46:24+02:00\" >2. June 2025<\/time><\/div><\/footer><span class='hidden'>\n\t\t\t\t<span class='av-structured-data'  itemprop=\"image\" itemscope=\"itemscope\" itemtype=\"https:\/\/schema.org\/ImageObject\" >\n\t\t\t\t\t\t<span itemprop='url'>https:\/\/www.courage-beratung.at\/wp-content\/uploads\/2025\/06\/88558-7-3-scaled.jpg<\/span>\n\t\t\t\t\t\t<span itemprop='height'>2560<\/span>\n\t\t\t\t\t\t<span itemprop='width'>1810<\/span>\n\t\t\t\t<\/span>\n\t\t\t\t<span class='av-structured-data'  itemprop=\"publisher\" itemtype=\"https:\/\/schema.org\/Organization\" itemscope=\"itemscope\" >\n\t\t\t\t\t\t<span itemprop='name'>Nemanja<\/span>\n\t\t\t\t\t\t<span itemprop='logo' itemscope itemtype='https:\/\/schema.org\/ImageObject'>\n\t\t\t\t\t\t\t<span itemprop='url'>https:\/\/www.courage-beratung.at\/wp-content\/uploads\/2023\/12\/COURAGE_LOGO_WEB_2022_RGB.svg<\/span>\n\t\t\t\t\t\t<\/span>\n\t\t\t\t<\/span><span class='av-structured-data'  itemprop=\"author\" itemscope=\"itemscope\" itemtype=\"https:\/\/schema.org\/Person\" ><span itemprop='name'>Nemanja<\/span><\/span><span class='av-structured-data'  itemprop=\"datePublished\" datetime=\"2023-06-03T08:03:02+02:00\" >2025-06-02 22:46:24<\/span><span class='av-structured-data'  itemprop=\"dateModified\" itemtype=\"https:\/\/schema.org\/dateModified\" >2025-06-02 22:56:57<\/span><span class='av-structured-data'  itemprop=\"mainEntityOfPage\" itemtype=\"https:\/\/schema.org\/mainEntityOfPage\" ><span itemprop='name'>Screening von \u201eBauchgef\u00fchl\u201c mit Regisseurin Esther Rauch<\/span><\/span><\/span><\/article><\/div><div class=\"slide-entry-wrap\"><article class='slide-entry flex_column  post-entry post-entry-5523 slide-entry-overview slide-loop-21 slide-parity-odd  av_one_fourth first real-thumbnail posttype-post post-format-standard'  itemscope=\"itemscope\" itemtype=\"https:\/\/schema.org\/CreativeWork\" ><a href='https:\/\/www.courage-beratung.at\/en\/2025\/05\/03\/post-truth-porn\/' data-rel='slide-1' class='slide-image' title='Post-Truth Porn. M\u00e4nnerfantasien im Internetzeitalter'><img decoding=\"async\" fetchpriority=\"high\" width=\"260\" height=\"185\" src=\"https:\/\/www.courage-beratung.at\/wp-content\/uploads\/2025\/05\/freepik_edit_The-style-is-candid-image-photography-with-natural1-260x185.png\" class=\"wp-image-5527 avia-img-lazy-loading-not-5527 attachment-portfolio_small size-portfolio_small wp-post-image\" alt=\"\" \/><\/a><div class=\"slide-content\"><header class=\"entry-content-header\" aria-label=\"Slide: Post-Truth Porn. M\u00e4nnerfantasien im Internetzeitalter\"><span class=\"blog-categories minor-meta\"><a href=\"https:\/\/www.courage-beratung.at\/en\/category\/events-qbz\/\" rel=\"tag\">Events QBZ<\/a>, <a href=\"https:\/\/www.courage-beratung.at\/en\/category\/vortrag-guest-lecture\/\" rel=\"tag\">Vortrag \/ Guest Lecture<\/a> <\/span><h3 class='slide-entry-title entry-title'  itemprop=\"headline\" ><a href='https:\/\/www.courage-beratung.at\/en\/2025\/05\/03\/post-truth-porn\/' title='Post-Truth Porn. M\u00e4nnerfantasien im Internetzeitalter'>Post-Truth Porn. M\u00e4nnerfantasien im Internetzeitalter<\/a><\/h3><span class=\"av-vertical-delimiter\"><\/span><\/header><div class='slide-entry-excerpt entry-content'  itemprop=\"text\" >27. Mai 2025, 18-21:00, Queeres Bildungszentrum Wien, Windm\u00fchlgasse 15 <br>\nEintritt: freie Spende.<br>\nAnmeldung unter: info@courage-beratung.at oder telefonisch unter: 01585 69 66. <br>Die Teilnehmer*innenanzahl ist beschr\u00e4nkt.<br>\n\nHinweis: Es werden explizite Filmausschnitte gezeigt.<div class=\"read-more-link\"><a href=\"https:\/\/www.courage-beratung.at\/en\/2025\/05\/03\/post-truth-porn\/\" class=\"more-link\">Read more<span class='more-link-arrow avia-svg-icon avia-font-svg_entypo-fontello' data-av_svg_icon='right-open-big' data-av_iconset='svg_entypo-fontello'><svg version=\"1.1\" xmlns=\"http:\/\/www.w3.org\/2000\/svg\" width=\"15\" height=\"32\" viewbox=\"0 0 15 32\" preserveaspectratio=\"xMidYMid meet\" role=\"graphics-symbol\" aria-hidden=\"true\">\n<path d=\"M0.416 27.84l11.456-11.84-11.456-11.904q-0.832-0.832 0-1.536 0.832-0.832 1.536 0l12.544 12.608q0.768 0.832 0 1.6l-12.544 12.608q-0.704 0.832-1.536 0-0.832-0.704 0-1.536z\"><\/path>\n<\/svg><\/span><\/a><\/div><\/div><\/div><footer class=\"entry-footer\"><div class=\"slide-meta\"><time class='slide-meta-time updated'  itemprop=\"datePublished\" datetime=\"2025-05-03T10:01:56+02:00\" >3. May 2025<\/time><\/div><\/footer><span class='hidden'>\n\t\t\t\t<span class='av-structured-data'  itemprop=\"image\" itemscope=\"itemscope\" itemtype=\"https:\/\/schema.org\/ImageObject\" >\n\t\t\t\t\t\t<span itemprop='url'>https:\/\/www.courage-beratung.at\/wp-content\/uploads\/2025\/05\/freepik_edit_The-style-is-candid-image-photography-with-natural1-scaled.png<\/span>\n\t\t\t\t\t\t<span itemprop='height'>2560<\/span>\n\t\t\t\t\t\t<span itemprop='width'>1991<\/span>\n\t\t\t\t<\/span>\n\t\t\t\t<span class='av-structured-data'  itemprop=\"publisher\" itemtype=\"https:\/\/schema.org\/Organization\" itemscope=\"itemscope\" >\n\t\t\t\t\t\t<span itemprop='name'>Nemanja<\/span>\n\t\t\t\t\t\t<span itemprop='logo' itemscope itemtype='https:\/\/schema.org\/ImageObject'>\n\t\t\t\t\t\t\t<span itemprop='url'>https:\/\/www.courage-beratung.at\/wp-content\/uploads\/2023\/12\/COURAGE_LOGO_WEB_2022_RGB.svg<\/span>\n\t\t\t\t\t\t<\/span>\n\t\t\t\t<\/span><span class='av-structured-data'  itemprop=\"author\" itemscope=\"itemscope\" itemtype=\"https:\/\/schema.org\/Person\" ><span itemprop='name'>Nemanja<\/span><\/span><span class='av-structured-data'  itemprop=\"datePublished\" datetime=\"2023-06-03T08:03:02+02:00\" >2025-05-03 10:01:56<\/span><span class='av-structured-data'  itemprop=\"dateModified\" itemtype=\"https:\/\/schema.org\/dateModified\" >2025-05-03 10:35:14<\/span><span class='av-structured-data'  itemprop=\"mainEntityOfPage\" itemtype=\"https:\/\/schema.org\/mainEntityOfPage\" ><span itemprop='name'>Post-Truth Porn. M\u00e4nnerfantasien im Internetzeitalter<\/span><\/span><\/span><\/article><article class='slide-entry flex_column  post-entry post-entry-5504 slide-entry-overview slide-loop-22 slide-parity-even  av_one_fourth  real-thumbnail posttype-post post-format-standard'  itemscope=\"itemscope\" itemtype=\"https:\/\/schema.org\/CreativeWork\" ><a href='https:\/\/www.courage-beratung.at\/en\/2025\/05\/02\/multiplikatorinnen-abend-in-linz\/' data-rel='slide-1' class='slide-image' title='Multiplikator:innen Abend\u00a0in Linz'><img decoding=\"async\" fetchpriority=\"high\" width=\"260\" height=\"185\" src=\"https:\/\/www.courage-beratung.at\/wp-content\/uploads\/2025\/05\/freepik__network-of-multicolored-dots-linked-by-glowing-neo__78451-260x185.png\" class=\"wp-image-5508 avia-img-lazy-loading-not-5508 attachment-portfolio_small size-portfolio_small wp-post-image\" alt=\"\" \/><\/a><div class=\"slide-content\"><header class=\"entry-content-header\" aria-label=\"Slide: Multiplikator:innen Abend\u00a0in Linz\"><span class=\"blog-categories minor-meta\"><a href=\"https:\/\/www.courage-beratung.at\/en\/category\/allgemein\/\" rel=\"tag\">Allgemein<\/a>, <a href=\"https:\/\/www.courage-beratung.at\/en\/category\/infoabende\/\" rel=\"tag\">Infoabende<\/a> <\/span><h3 class='slide-entry-title entry-title'  itemprop=\"headline\" ><a href='https:\/\/www.courage-beratung.at\/en\/2025\/05\/02\/multiplikatorinnen-abend-in-linz\/' title='Multiplikator:innen Abend\u00a0in Linz'>Multiplikator:innen Abend\u00a0in Linz<\/a><\/h3><span class=\"av-vertical-delimiter\"><\/span><\/header><div class='slide-entry-excerpt entry-content'  itemprop=\"text\" >Ort: Kompetenzzentrum LGBTIQ+*, Weissenwolffstra\u00dfe 17a, 4020 Linz, <br>\nDatum: 04. September 2025 und 04. Dezember 2025<br>\nUhrzeit: 17:00 - 19:00 Uhr<br>\nLeitung: Maike Pichler<br>\nKosten: freiwillige Spende<div class=\"read-more-link\"><a href=\"https:\/\/www.courage-beratung.at\/en\/2025\/05\/02\/multiplikatorinnen-abend-in-linz\/\" class=\"more-link\">Read more<span class='more-link-arrow avia-svg-icon avia-font-svg_entypo-fontello' data-av_svg_icon='right-open-big' data-av_iconset='svg_entypo-fontello'><svg version=\"1.1\" xmlns=\"http:\/\/www.w3.org\/2000\/svg\" width=\"15\" height=\"32\" viewbox=\"0 0 15 32\" preserveaspectratio=\"xMidYMid meet\" role=\"graphics-symbol\" aria-hidden=\"true\">\n<path d=\"M0.416 27.84l11.456-11.84-11.456-11.904q-0.832-0.832 0-1.536 0.832-0.832 1.536 0l12.544 12.608q0.768 0.832 0 1.6l-12.544 12.608q-0.704 0.832-1.536 0-0.832-0.704 0-1.536z\"><\/path>\n<\/svg><\/span><\/a><\/div><\/div><\/div><footer class=\"entry-footer\"><div class=\"slide-meta\"><time class='slide-meta-time updated'  itemprop=\"datePublished\" datetime=\"2025-05-02T13:07:06+02:00\" >2. May 2025<\/time><\/div><\/footer><span class='hidden'>\n\t\t\t\t<span class='av-structured-data'  itemprop=\"image\" itemscope=\"itemscope\" itemtype=\"https:\/\/schema.org\/ImageObject\" >\n\t\t\t\t\t\t<span itemprop='url'>https:\/\/www.courage-beratung.at\/wp-content\/uploads\/2025\/05\/freepik__network-of-multicolored-dots-linked-by-glowing-neo__78451.png<\/span>\n\t\t\t\t\t\t<span itemprop='height'>1152<\/span>\n\t\t\t\t\t\t<span itemprop='width'>896<\/span>\n\t\t\t\t<\/span>\n\t\t\t\t<span class='av-structured-data'  itemprop=\"publisher\" itemtype=\"https:\/\/schema.org\/Organization\" itemscope=\"itemscope\" >\n\t\t\t\t\t\t<span itemprop='name'>Nemanja<\/span>\n\t\t\t\t\t\t<span itemprop='logo' itemscope itemtype='https:\/\/schema.org\/ImageObject'>\n\t\t\t\t\t\t\t<span itemprop='url'>https:\/\/www.courage-beratung.at\/wp-content\/uploads\/2023\/12\/COURAGE_LOGO_WEB_2022_RGB.svg<\/span>\n\t\t\t\t\t\t<\/span>\n\t\t\t\t<\/span><span class='av-structured-data'  itemprop=\"author\" itemscope=\"itemscope\" itemtype=\"https:\/\/schema.org\/Person\" ><span itemprop='name'>Nemanja<\/span><\/span><span class='av-structured-data'  itemprop=\"datePublished\" datetime=\"2023-06-03T08:03:02+02:00\" >2025-05-02 13:07:06<\/span><span class='av-structured-data'  itemprop=\"dateModified\" itemtype=\"https:\/\/schema.org\/dateModified\" >2025-06-23 13:34:16<\/span><span class='av-structured-data'  itemprop=\"mainEntityOfPage\" itemtype=\"https:\/\/schema.org\/mainEntityOfPage\" ><span itemprop='name'>Multiplikator:innen Abend\u00a0in Linz<\/span><\/span><\/span><\/article><article class='slide-entry flex_column  post-entry post-entry-5367 slide-entry-overview slide-loop-23 slide-parity-odd  av_one_fourth  real-thumbnail posttype-post post-format-standard'  itemscope=\"itemscope\" itemtype=\"https:\/\/schema.org\/CreativeWork\" ><a href='https:\/\/www.courage-beratung.at\/en\/2025\/04\/08\/queer-wahlen\/' data-rel='slide-1' class='slide-image' title='Initiative Queere W\u00e4hlen in Wien'><img decoding=\"async\" fetchpriority=\"high\" width=\"260\" height=\"185\" src=\"https:\/\/www.courage-beratung.at\/wp-content\/uploads\/2024\/03\/5a2449b0ab5bc9c9f004e818b8b4db7d-260x185.jpg\" class=\"wp-image-2403 avia-img-lazy-loading-not-2403 attachment-portfolio_small size-portfolio_small wp-post-image\" alt=\"\" srcset=\"https:\/\/www.courage-beratung.at\/wp-content\/uploads\/2024\/03\/5a2449b0ab5bc9c9f004e818b8b4db7d-260x185.jpg 260w, https:\/\/www.courage-beratung.at\/wp-content\/uploads\/2024\/03\/5a2449b0ab5bc9c9f004e818b8b4db7d-18x12.jpg 18w\" sizes=\"(max-width: 260px) 100vw, 260px\" \/><\/a><div class=\"slide-content\"><header class=\"entry-content-header\" aria-label=\"Slide: Initiative Queere W\u00e4hlen in Wien\"><span class=\"blog-categories minor-meta\"><a href=\"https:\/\/www.courage-beratung.at\/en\/category\/allgemein\/\" rel=\"tag\">Allgemein<\/a> <\/span><h3 class='slide-entry-title entry-title'  itemprop=\"headline\" ><a href='https:\/\/www.courage-beratung.at\/en\/2025\/04\/08\/queer-wahlen\/' title='Initiative Queere W\u00e4hlen in Wien'>Initiative Queere W\u00e4hlen in Wien<\/a><\/h3><span class=\"av-vertical-delimiter\"><\/span><\/header><div class='slide-entry-excerpt entry-content'  itemprop=\"text\" >\nVor der Wiener Landtagswahl 2025 wurden acht konkrete Fragen an die im Landtag vertretenen Parteien zum Thema LGBTIQA* gestellt. Geantwortet haben SP\u00d6, NEOS, Gr\u00fcne und \u00d6VP. Die FP\u00d6 hat keine Stellungnahmen \u00fcbermittelt.\n\n\n\nErste Antworten\u2026<div class=\"read-more-link\"><a href=\"https:\/\/www.courage-beratung.at\/en\/2025\/04\/08\/queer-wahlen\/\" class=\"more-link\">Read more<span class='more-link-arrow avia-svg-icon avia-font-svg_entypo-fontello' data-av_svg_icon='right-open-big' data-av_iconset='svg_entypo-fontello'><svg version=\"1.1\" xmlns=\"http:\/\/www.w3.org\/2000\/svg\" width=\"15\" height=\"32\" viewbox=\"0 0 15 32\" preserveaspectratio=\"xMidYMid meet\" role=\"graphics-symbol\" aria-hidden=\"true\">\n<path d=\"M0.416 27.84l11.456-11.84-11.456-11.904q-0.832-0.832 0-1.536 0.832-0.832 1.536 0l12.544 12.608q0.768 0.832 0 1.6l-12.544 12.608q-0.704 0.832-1.536 0-0.832-0.704 0-1.536z\"><\/path>\n<\/svg><\/span><\/a><\/div><\/div><\/div><footer class=\"entry-footer\"><div class=\"slide-meta\"><time class='slide-meta-time updated'  itemprop=\"datePublished\" datetime=\"2025-04-08T10:47:32+02:00\" >8. April 2025<\/time><\/div><\/footer><span class='hidden'>\n\t\t\t\t<span class='av-structured-data'  itemprop=\"image\" itemscope=\"itemscope\" itemtype=\"https:\/\/schema.org\/ImageObject\" >\n\t\t\t\t\t\t<span itemprop='url'>https:\/\/www.courage-beratung.at\/wp-content\/uploads\/2024\/03\/5a2449b0ab5bc9c9f004e818b8b4db7d.jpg<\/span>\n\t\t\t\t\t\t<span itemprop='height'>419<\/span>\n\t\t\t\t\t\t<span itemprop='width'>680<\/span>\n\t\t\t\t<\/span>\n\t\t\t\t<span class='av-structured-data'  itemprop=\"publisher\" itemtype=\"https:\/\/schema.org\/Organization\" itemscope=\"itemscope\" >\n\t\t\t\t\t\t<span itemprop='name'>Lukas<\/span>\n\t\t\t\t\t\t<span itemprop='logo' itemscope itemtype='https:\/\/schema.org\/ImageObject'>\n\t\t\t\t\t\t\t<span itemprop='url'>https:\/\/www.courage-beratung.at\/wp-content\/uploads\/2023\/12\/COURAGE_LOGO_WEB_2022_RGB.svg<\/span>\n\t\t\t\t\t\t<\/span>\n\t\t\t\t<\/span><span class='av-structured-data'  itemprop=\"author\" itemscope=\"itemscope\" itemtype=\"https:\/\/schema.org\/Person\" ><span itemprop='name'>Lukas<\/span><\/span><span class='av-structured-data'  itemprop=\"datePublished\" datetime=\"2023-06-03T08:03:02+02:00\" >2025-04-08 10:47:32<\/span><span class='av-structured-data'  itemprop=\"dateModified\" itemtype=\"https:\/\/schema.org\/dateModified\" >2025-05-02 13:08:53<\/span><span class='av-structured-data'  itemprop=\"mainEntityOfPage\" itemtype=\"https:\/\/schema.org\/mainEntityOfPage\" ><span itemprop='name'>Initiative Queere W\u00e4hlen in Wien<\/span><\/span><\/span><\/article><article class='slide-entry flex_column  post-entry post-entry-5307 slide-entry-overview slide-loop-24 slide-parity-even  av_one_fourth  real-thumbnail posttype-post post-format-standard'  itemscope=\"itemscope\" itemtype=\"https:\/\/schema.org\/CreativeWork\" ><a href='https:\/\/www.courage-beratung.at\/en\/2025\/03\/22\/chosen-family\/' data-rel='slide-1' class='slide-image' title='Chosen Family. Community Event mit Gazelle &#038; Gialu'><img decoding=\"async\" fetchpriority=\"high\" width=\"260\" height=\"185\" src=\"https:\/\/www.courage-beratung.at\/wp-content\/uploads\/2025\/03\/freepik_edit11-260x185.png\" class=\"wp-image-5310 avia-img-lazy-loading-not-5310 attachment-portfolio_small size-portfolio_small wp-post-image\" alt=\"\" \/><\/a><div class=\"slide-content\"><header class=\"entry-content-header\" aria-label=\"Slide: Chosen Family. Community Event mit Gazelle &amp; Gialu\"><span class=\"blog-categories minor-meta\"><a href=\"https:\/\/www.courage-beratung.at\/en\/category\/events-qbz\/\" rel=\"tag\">Events QBZ<\/a>, <a href=\"https:\/\/www.courage-beratung.at\/en\/category\/vortrag-guest-lecture\/\" rel=\"tag\">Vortrag \/ Guest Lecture<\/a> <\/span><h3 class='slide-entry-title entry-title'  itemprop=\"headline\" ><a href='https:\/\/www.courage-beratung.at\/en\/2025\/03\/22\/chosen-family\/' title='Chosen Family. Community Event mit Gazelle &#038; Gialu'>Chosen Family. Community Event mit Gazelle &#038; Gialu<\/a><\/h3><span class=\"av-vertical-delimiter\"><\/span><\/header><div class='slide-entry-excerpt entry-content'  itemprop=\"text\" >8. April 2025, 18:00\u201321:00 <br> Uhr Queeres Bildungszentrum, Windm\u00fchlgasse 15, 1060 Wien <br>verpflichtende Voranmeldung unter: info@courage-beratung.at oder telefonisch unter: 01585 69 66<div class=\"read-more-link\"><a href=\"https:\/\/www.courage-beratung.at\/en\/2025\/03\/22\/chosen-family\/\" class=\"more-link\">Read more<span class='more-link-arrow avia-svg-icon avia-font-svg_entypo-fontello' data-av_svg_icon='right-open-big' data-av_iconset='svg_entypo-fontello'><svg version=\"1.1\" xmlns=\"http:\/\/www.w3.org\/2000\/svg\" width=\"15\" height=\"32\" viewbox=\"0 0 15 32\" preserveaspectratio=\"xMidYMid meet\" role=\"graphics-symbol\" aria-hidden=\"true\">\n<path d=\"M0.416 27.84l11.456-11.84-11.456-11.904q-0.832-0.832 0-1.536 0.832-0.832 1.536 0l12.544 12.608q0.768 0.832 0 1.6l-12.544 12.608q-0.704 0.832-1.536 0-0.832-0.704 0-1.536z\"><\/path>\n<\/svg><\/span><\/a><\/div><\/div><\/div><footer class=\"entry-footer\"><div class=\"slide-meta\"><time class='slide-meta-time updated'  itemprop=\"datePublished\" datetime=\"2025-03-22T10:10:16+01:00\" >22. March 2025<\/time><\/div><\/footer><span class='hidden'>\n\t\t\t\t<span class='av-structured-data'  itemprop=\"image\" itemscope=\"itemscope\" itemtype=\"https:\/\/schema.org\/ImageObject\" >\n\t\t\t\t\t\t<span itemprop='url'>https:\/\/www.courage-beratung.at\/wp-content\/uploads\/2025\/03\/freepik_edit11.png<\/span>\n\t\t\t\t\t\t<span itemprop='height'>4608<\/span>\n\t\t\t\t\t\t<span itemprop='width'>3584<\/span>\n\t\t\t\t<\/span>\n\t\t\t\t<span class='av-structured-data'  itemprop=\"publisher\" itemtype=\"https:\/\/schema.org\/Organization\" itemscope=\"itemscope\" >\n\t\t\t\t\t\t<span itemprop='name'>Nemanja<\/span>\n\t\t\t\t\t\t<span itemprop='logo' itemscope itemtype='https:\/\/schema.org\/ImageObject'>\n\t\t\t\t\t\t\t<span itemprop='url'>https:\/\/www.courage-beratung.at\/wp-content\/uploads\/2023\/12\/COURAGE_LOGO_WEB_2022_RGB.svg<\/span>\n\t\t\t\t\t\t<\/span>\n\t\t\t\t<\/span><span class='av-structured-data'  itemprop=\"author\" itemscope=\"itemscope\" itemtype=\"https:\/\/schema.org\/Person\" ><span itemprop='name'>Nemanja<\/span><\/span><span class='av-structured-data'  itemprop=\"datePublished\" datetime=\"2023-06-03T08:03:02+02:00\" >2025-03-22 10:10:16<\/span><span class='av-structured-data'  itemprop=\"dateModified\" itemtype=\"https:\/\/schema.org\/dateModified\" >2025-03-22 10:24:33<\/span><span class='av-structured-data'  itemprop=\"mainEntityOfPage\" itemtype=\"https:\/\/schema.org\/mainEntityOfPage\" ><span itemprop='name'>Chosen Family. Community Event mit Gazelle &#038; Gialu<\/span><\/span><\/span><\/article><\/div><div class=\"slide-entry-wrap\"><article class='slide-entry flex_column  post-entry post-entry-3676 slide-entry-overview slide-loop-25 slide-parity-odd  av_one_fourth first real-thumbnail posttype-post post-format-standard'  itemscope=\"itemscope\" itemtype=\"https:\/\/schema.org\/CreativeWork\" ><a href='https:\/\/www.courage-beratung.at\/en\/2025\/03\/17\/aro-ace-community-abend\/' data-rel='slide-1' class='slide-image' title='Aro\/Ace &#8211; Community Abend'><img decoding=\"async\" fetchpriority=\"high\" width=\"260\" height=\"185\" src=\"https:\/\/www.courage-beratung.at\/wp-content\/uploads\/2024\/11\/img-BltBNm480DQZkRsEHayEG-260x185.jpg\" class=\"wp-image-4320 avia-img-lazy-loading-not-4320 attachment-portfolio_small size-portfolio_small wp-post-image\" alt=\"\" \/><\/a><div class=\"slide-content\"><header class=\"entry-content-header\" aria-label=\"Slide: Aro\/Ace - Community Abend\"><span class=\"blog-categories minor-meta\"><a href=\"https:\/\/www.courage-beratung.at\/en\/category\/allgemein\/\" rel=\"tag\">Allgemein<\/a>, <a href=\"https:\/\/www.courage-beratung.at\/en\/category\/events-qbz\/\" rel=\"tag\">Events QBZ<\/a> <\/span><h3 class='slide-entry-title entry-title'  itemprop=\"headline\" ><a href='https:\/\/www.courage-beratung.at\/en\/2025\/03\/17\/aro-ace-community-abend\/' title='Aro\/Ace &#8211; Community Abend'>Aro\/Ace &#8211; Community Abend<\/a><\/h3><span class=\"av-vertical-delimiter\"><\/span><\/header><div class='slide-entry-excerpt entry-content'  itemprop=\"text\" >N\u00e4chster Termin: 31.03.2025 von 18:30 bis 20:30 Uhr\n<br>\nOrt: Queeres Bildungszentrum Wien, Windm\u00fchlgasse 15, 1060 Wien\n\nKosten: freiwillige Spende\n<br>\nAnmeldung: erforderlich unter: info@courage-beratung.at oder telefonisch unter 01 \/ 585 69 66<div class=\"read-more-link\"><a href=\"https:\/\/www.courage-beratung.at\/en\/2025\/03\/17\/aro-ace-community-abend\/\" class=\"more-link\">Read more<span class='more-link-arrow avia-svg-icon avia-font-svg_entypo-fontello' data-av_svg_icon='right-open-big' data-av_iconset='svg_entypo-fontello'><svg version=\"1.1\" xmlns=\"http:\/\/www.w3.org\/2000\/svg\" width=\"15\" height=\"32\" viewbox=\"0 0 15 32\" preserveaspectratio=\"xMidYMid meet\" role=\"graphics-symbol\" aria-hidden=\"true\">\n<path d=\"M0.416 27.84l11.456-11.84-11.456-11.904q-0.832-0.832 0-1.536 0.832-0.832 1.536 0l12.544 12.608q0.768 0.832 0 1.6l-12.544 12.608q-0.704 0.832-1.536 0-0.832-0.704 0-1.536z\"><\/path>\n<\/svg><\/span><\/a><\/div><\/div><\/div><footer class=\"entry-footer\"><div class=\"slide-meta\"><time class='slide-meta-time updated'  itemprop=\"datePublished\" datetime=\"2025-03-17T11:57:00+01:00\" >17. March 2025<\/time><\/div><\/footer><span class='hidden'>\n\t\t\t\t<span class='av-structured-data'  itemprop=\"image\" itemscope=\"itemscope\" itemtype=\"https:\/\/schema.org\/ImageObject\" >\n\t\t\t\t\t\t<span itemprop='url'>https:\/\/www.courage-beratung.at\/wp-content\/uploads\/2024\/11\/img-BltBNm480DQZkRsEHayEG.jpg<\/span>\n\t\t\t\t\t\t<span itemprop='height'>1280<\/span>\n\t\t\t\t\t\t<span itemprop='width'>720<\/span>\n\t\t\t\t<\/span>\n\t\t\t\t<span class='av-structured-data'  itemprop=\"publisher\" itemtype=\"https:\/\/schema.org\/Organization\" itemscope=\"itemscope\" >\n\t\t\t\t\t\t<span itemprop='name'>Lukas<\/span>\n\t\t\t\t\t\t<span itemprop='logo' itemscope itemtype='https:\/\/schema.org\/ImageObject'>\n\t\t\t\t\t\t\t<span itemprop='url'>https:\/\/www.courage-beratung.at\/wp-content\/uploads\/2023\/12\/COURAGE_LOGO_WEB_2022_RGB.svg<\/span>\n\t\t\t\t\t\t<\/span>\n\t\t\t\t<\/span><span class='av-structured-data'  itemprop=\"author\" itemscope=\"itemscope\" itemtype=\"https:\/\/schema.org\/Person\" ><span itemprop='name'>Lukas<\/span><\/span><span class='av-structured-data'  itemprop=\"datePublished\" datetime=\"2023-06-03T08:03:02+02:00\" >2025-03-17 11:57:00<\/span><span class='av-structured-data'  itemprop=\"dateModified\" itemtype=\"https:\/\/schema.org\/dateModified\" >2025-03-18 10:32:06<\/span><span class='av-structured-data'  itemprop=\"mainEntityOfPage\" itemtype=\"https:\/\/schema.org\/mainEntityOfPage\" ><span itemprop='name'>Aro\/Ace &#8211; Community Abend<\/span><\/span><\/span><\/article><article class='slide-entry flex_column  post-entry post-entry-5208 slide-entry-overview slide-loop-26 slide-parity-even  av_one_fourth  real-thumbnail posttype-post post-format-standard'  itemscope=\"itemscope\" itemtype=\"https:\/\/schema.org\/CreativeWork\" ><a href='https:\/\/www.courage-beratung.at\/en\/2025\/02\/27\/trans-und-inter-parents\/' data-rel='slide-1' class='slide-image' title='TRANS* UND INTER* Parents'><img decoding=\"async\" fetchpriority=\"high\" width=\"260\" height=\"185\" src=\"https:\/\/www.courage-beratung.at\/wp-content\/uploads\/2024\/09\/Blog-Photos-3-1024x576-1-260x185.png\" class=\"wp-image-3397 avia-img-lazy-loading-not-3397 attachment-portfolio_small size-portfolio_small wp-post-image\" alt=\"\" \/><\/a><div class=\"slide-content\"><header class=\"entry-content-header\" aria-label=\"Slide: TRANS* UND INTER* Parents\"><span class=\"blog-categories minor-meta\"><a href=\"https:\/\/www.courage-beratung.at\/en\/category\/allgemein\/\" rel=\"tag\">Allgemein<\/a>, <a href=\"https:\/\/www.courage-beratung.at\/en\/category\/infoabende\/\" rel=\"tag\">Infoabende<\/a> <\/span><h3 class='slide-entry-title entry-title'  itemprop=\"headline\" ><a href='https:\/\/www.courage-beratung.at\/en\/2025\/02\/27\/trans-und-inter-parents\/' title='TRANS* UND INTER* Parents'>TRANS* UND INTER* Parents<\/a><\/h3><span class=\"av-vertical-delimiter\"><\/span><\/header><div class='slide-entry-excerpt entry-content'  itemprop=\"text\" >Informationsabende zu Trans*Identit\u00e4ten und Inter*Geschlechtlichkeiten f\u00fcr Eltern(-teile), Bezugspersonen und Angeh\u00f6rige\u00a0<br><br>Termin:\u00a0Montag, 28. April 2025, 18:00-21:00 Uhr<br>\nOrt:\u00a0Beratungsstelle Courage, 1060 Wien, Windm\u00fchlgasse 15\/1\/7<br>\nKosten:\u00a0freie Spende<br>\nInfo & Anmeldung:\u00a0Telefon: 01 \/ 585 69 66; Email: info@courage-beratung.at<div class=\"read-more-link\"><a href=\"https:\/\/www.courage-beratung.at\/en\/2025\/02\/27\/trans-und-inter-parents\/\" class=\"more-link\">Read more<span class='more-link-arrow avia-svg-icon avia-font-svg_entypo-fontello' data-av_svg_icon='right-open-big' data-av_iconset='svg_entypo-fontello'><svg version=\"1.1\" xmlns=\"http:\/\/www.w3.org\/2000\/svg\" width=\"15\" height=\"32\" viewbox=\"0 0 15 32\" preserveaspectratio=\"xMidYMid meet\" role=\"graphics-symbol\" aria-hidden=\"true\">\n<path d=\"M0.416 27.84l11.456-11.84-11.456-11.904q-0.832-0.832 0-1.536 0.832-0.832 1.536 0l12.544 12.608q0.768 0.832 0 1.6l-12.544 12.608q-0.704 0.832-1.536 0-0.832-0.704 0-1.536z\"><\/path>\n<\/svg><\/span><\/a><\/div><\/div><\/div><footer class=\"entry-footer\"><div class=\"slide-meta\"><time class='slide-meta-time updated'  itemprop=\"datePublished\" datetime=\"2025-02-27T10:29:23+01:00\" >27. February 2025<\/time><\/div><\/footer><span class='hidden'>\n\t\t\t\t<span class='av-structured-data'  itemprop=\"image\" itemscope=\"itemscope\" itemtype=\"https:\/\/schema.org\/ImageObject\" >\n\t\t\t\t\t\t<span itemprop='url'>https:\/\/www.courage-beratung.at\/wp-content\/uploads\/2024\/09\/Blog-Photos-3-1024x576-1.png<\/span>\n\t\t\t\t\t\t<span itemprop='height'>576<\/span>\n\t\t\t\t\t\t<span itemprop='width'>1024<\/span>\n\t\t\t\t<\/span>\n\t\t\t\t<span class='av-structured-data'  itemprop=\"publisher\" itemtype=\"https:\/\/schema.org\/Organization\" itemscope=\"itemscope\" >\n\t\t\t\t\t\t<span itemprop='name'>Nemanja<\/span>\n\t\t\t\t\t\t<span itemprop='logo' itemscope itemtype='https:\/\/schema.org\/ImageObject'>\n\t\t\t\t\t\t\t<span itemprop='url'>https:\/\/www.courage-beratung.at\/wp-content\/uploads\/2023\/12\/COURAGE_LOGO_WEB_2022_RGB.svg<\/span>\n\t\t\t\t\t\t<\/span>\n\t\t\t\t<\/span><span class='av-structured-data'  itemprop=\"author\" itemscope=\"itemscope\" itemtype=\"https:\/\/schema.org\/Person\" ><span itemprop='name'>Nemanja<\/span><\/span><span class='av-structured-data'  itemprop=\"datePublished\" datetime=\"2023-06-03T08:03:02+02:00\" >2025-02-27 10:29:23<\/span><span class='av-structured-data'  itemprop=\"dateModified\" itemtype=\"https:\/\/schema.org\/dateModified\" >2025-02-27 10:34:02<\/span><span class='av-structured-data'  itemprop=\"mainEntityOfPage\" itemtype=\"https:\/\/schema.org\/mainEntityOfPage\" ><span itemprop='name'>TRANS* UND INTER* Parents<\/span><\/span><\/span><\/article><article class='slide-entry flex_column  post-entry post-entry-5142 slide-entry-overview slide-loop-27 slide-parity-odd  av_one_fourth  real-thumbnail posttype-post post-format-standard'  itemscope=\"itemscope\" itemtype=\"https:\/\/schema.org\/CreativeWork\" ><a href='https:\/\/www.courage-beratung.at\/en\/2025\/02\/18\/von-fell-und-vielfalt\/' data-rel='slide-1' class='slide-image' title='Von Fell und Vielfalt: Die Geschichte des Furry-Fandoms und LGBTIQ+'><img decoding=\"async\" fetchpriority=\"high\" width=\"260\" height=\"185\" src=\"https:\/\/www.courage-beratung.at\/wp-content\/uploads\/2025\/02\/piclumen-1738020185327-gigapixel-art-scale-6_00x-Copy-260x185.png\" class=\"wp-image-5144 avia-img-lazy-loading-not-5144 attachment-portfolio_small size-portfolio_small wp-post-image\" alt=\"\" \/><\/a><div class=\"slide-content\"><header class=\"entry-content-header\" aria-label=\"Slide: Von Fell und Vielfalt: Die Geschichte des Furry-Fandoms und LGBTIQ+\"><span class=\"blog-categories minor-meta\"><a href=\"https:\/\/www.courage-beratung.at\/en\/category\/events-qbz\/\" rel=\"tag\">Events QBZ<\/a>, <a href=\"https:\/\/www.courage-beratung.at\/en\/category\/vortrag-guest-lecture\/\" rel=\"tag\">Vortrag \/ Guest Lecture<\/a> <\/span><h3 class='slide-entry-title entry-title'  itemprop=\"headline\" ><a href='https:\/\/www.courage-beratung.at\/en\/2025\/02\/18\/von-fell-und-vielfalt\/' title='Von Fell und Vielfalt: Die Geschichte des Furry-Fandoms und LGBTIQ+'>Von Fell und Vielfalt: Die Geschichte des Furry-Fandoms und LGBTIQ+<\/a><\/h3><span class=\"av-vertical-delimiter\"><\/span><\/header><div class='slide-entry-excerpt entry-content'  itemprop=\"text\" >Das Furry-Fandom ist weit mehr als nur bunte Fellkost\u00fcme und kreative Charaktere. Es ist eine globale Subkultur, die nicht nur durch seine k\u00fcnstlerische Vielfalt besticht, sondern auch durch seine Offenheit und Akzeptanz, insbesondere gegen\u00fcber der LGBTQI-Community. Doch wie hat sich das Fandom entwickelt, und warum ist es gerade f\u00fcr queere Menschen ein so sicherer und kreativer Raum?<div class=\"read-more-link\"><a href=\"https:\/\/www.courage-beratung.at\/en\/2025\/02\/18\/von-fell-und-vielfalt\/\" class=\"more-link\">Read more<span class='more-link-arrow avia-svg-icon avia-font-svg_entypo-fontello' data-av_svg_icon='right-open-big' data-av_iconset='svg_entypo-fontello'><svg version=\"1.1\" xmlns=\"http:\/\/www.w3.org\/2000\/svg\" width=\"15\" height=\"32\" viewbox=\"0 0 15 32\" preserveaspectratio=\"xMidYMid meet\" role=\"graphics-symbol\" aria-hidden=\"true\">\n<path d=\"M0.416 27.84l11.456-11.84-11.456-11.904q-0.832-0.832 0-1.536 0.832-0.832 1.536 0l12.544 12.608q0.768 0.832 0 1.6l-12.544 12.608q-0.704 0.832-1.536 0-0.832-0.704 0-1.536z\"><\/path>\n<\/svg><\/span><\/a><\/div><\/div><\/div><footer class=\"entry-footer\"><div class=\"slide-meta\"><time class='slide-meta-time updated'  itemprop=\"datePublished\" datetime=\"2025-02-18T11:07:23+01:00\" >18. February 2025<\/time><\/div><\/footer><span class='hidden'>\n\t\t\t\t<span class='av-structured-data'  itemprop=\"image\" itemscope=\"itemscope\" itemtype=\"https:\/\/schema.org\/ImageObject\" >\n\t\t\t\t\t\t<span itemprop='url'>https:\/\/www.courage-beratung.at\/wp-content\/uploads\/2025\/02\/piclumen-1738020185327-gigapixel-art-scale-6_00x-Copy.png<\/span>\n\t\t\t\t\t\t<span itemprop='height'>1653<\/span>\n\t\t\t\t\t\t<span itemprop='width'>1000<\/span>\n\t\t\t\t<\/span>\n\t\t\t\t<span class='av-structured-data'  itemprop=\"publisher\" itemtype=\"https:\/\/schema.org\/Organization\" itemscope=\"itemscope\" >\n\t\t\t\t\t\t<span itemprop='name'>Nemanja<\/span>\n\t\t\t\t\t\t<span itemprop='logo' itemscope itemtype='https:\/\/schema.org\/ImageObject'>\n\t\t\t\t\t\t\t<span itemprop='url'>https:\/\/www.courage-beratung.at\/wp-content\/uploads\/2023\/12\/COURAGE_LOGO_WEB_2022_RGB.svg<\/span>\n\t\t\t\t\t\t<\/span>\n\t\t\t\t<\/span><span class='av-structured-data'  itemprop=\"author\" itemscope=\"itemscope\" itemtype=\"https:\/\/schema.org\/Person\" ><span itemprop='name'>Nemanja<\/span><\/span><span class='av-structured-data'  itemprop=\"datePublished\" datetime=\"2023-06-03T08:03:02+02:00\" >2025-02-18 11:07:23<\/span><span class='av-structured-data'  itemprop=\"dateModified\" itemtype=\"https:\/\/schema.org\/dateModified\" >2025-02-19 09:04:22<\/span><span class='av-structured-data'  itemprop=\"mainEntityOfPage\" itemtype=\"https:\/\/schema.org\/mainEntityOfPage\" ><span itemprop='name'>Von Fell und Vielfalt: Die Geschichte des Furry-Fandoms und LGBTIQ+<\/span><\/span><\/span><\/article><article class='slide-entry flex_column  post-entry post-entry-5061 slide-entry-overview slide-loop-28 slide-parity-even  av_one_fourth  real-thumbnail posttype-post post-format-standard'  itemscope=\"itemscope\" itemtype=\"https:\/\/schema.org\/CreativeWork\" ><a href='https:\/\/www.courage-beratung.at\/en\/2025\/02\/06\/ytic2025\/' data-rel='slide-1' class='slide-image' title='ACHTES YOUNG TRANS* UND INTER CAMP IM JUFA NEUTAL\/BURGENLAND'><img decoding=\"async\" fetchpriority=\"high\" width=\"260\" height=\"185\" src=\"https:\/\/www.courage-beratung.at\/wp-content\/uploads\/2025\/02\/1721761569838-scaled-1-260x185.jpg\" class=\"wp-image-5069 avia-img-lazy-loading-not-5069 attachment-portfolio_small size-portfolio_small wp-post-image\" alt=\"\" srcset=\"https:\/\/www.courage-beratung.at\/wp-content\/uploads\/2025\/02\/1721761569838-scaled-1-260x185.jpg 260w, https:\/\/www.courage-beratung.at\/wp-content\/uploads\/2025\/02\/1721761569838-scaled-1-18x12.jpg 18w\" sizes=\"(max-width: 260px) 100vw, 260px\" \/><\/a><div class=\"slide-content\"><header class=\"entry-content-header\" aria-label=\"Slide: ACHTES YOUNG TRANS* UND INTER CAMP IM JUFA NEUTAL\/BURGENLAND\"><span class=\"blog-categories minor-meta\"><a href=\"https:\/\/www.courage-beratung.at\/en\/category\/projekte\/\" rel=\"tag\">Projekte<\/a> <\/span><h3 class='slide-entry-title entry-title'  itemprop=\"headline\" ><a href='https:\/\/www.courage-beratung.at\/en\/2025\/02\/06\/ytic2025\/' title='ACHTES YOUNG TRANS* UND INTER CAMP IM JUFA NEUTAL\/BURGENLAND'>ACHTES YOUNG TRANS* UND INTER CAMP IM JUFA NEUTAL\/BURGENLAND<\/a><\/h3><span class=\"av-vertical-delimiter\"><\/span><\/header><div class='slide-entry-excerpt entry-content'  itemprop=\"text\" >Anmeldung ab sofort m\u00f6glich! <div class=\"read-more-link\"><a href=\"https:\/\/www.courage-beratung.at\/en\/2025\/02\/06\/ytic2025\/\" class=\"more-link\">Read more<span class='more-link-arrow avia-svg-icon avia-font-svg_entypo-fontello' data-av_svg_icon='right-open-big' data-av_iconset='svg_entypo-fontello'><svg version=\"1.1\" xmlns=\"http:\/\/www.w3.org\/2000\/svg\" width=\"15\" height=\"32\" viewbox=\"0 0 15 32\" preserveaspectratio=\"xMidYMid meet\" role=\"graphics-symbol\" aria-hidden=\"true\">\n<path d=\"M0.416 27.84l11.456-11.84-11.456-11.904q-0.832-0.832 0-1.536 0.832-0.832 1.536 0l12.544 12.608q0.768 0.832 0 1.6l-12.544 12.608q-0.704 0.832-1.536 0-0.832-0.704 0-1.536z\"><\/path>\n<\/svg><\/span><\/a><\/div><\/div><\/div><footer class=\"entry-footer\"><div class=\"slide-meta\"><time class='slide-meta-time updated'  itemprop=\"datePublished\" datetime=\"2025-02-06T12:51:07+01:00\" >6. February 2025<\/time><\/div><\/footer><span class='hidden'>\n\t\t\t\t<span class='av-structured-data'  itemprop=\"image\" itemscope=\"itemscope\" itemtype=\"https:\/\/schema.org\/ImageObject\" >\n\t\t\t\t\t\t<span itemprop='url'>https:\/\/www.courage-beratung.at\/wp-content\/uploads\/2025\/02\/1721761569838-scaled-1.jpg<\/span>\n\t\t\t\t\t\t<span itemprop='height'>1410<\/span>\n\t\t\t\t\t\t<span itemprop='width'>2200<\/span>\n\t\t\t\t<\/span>\n\t\t\t\t<span class='av-structured-data'  itemprop=\"publisher\" itemtype=\"https:\/\/schema.org\/Organization\" itemscope=\"itemscope\" >\n\t\t\t\t\t\t<span itemprop='name'>Nemanja<\/span>\n\t\t\t\t\t\t<span itemprop='logo' itemscope itemtype='https:\/\/schema.org\/ImageObject'>\n\t\t\t\t\t\t\t<span itemprop='url'>https:\/\/www.courage-beratung.at\/wp-content\/uploads\/2023\/12\/COURAGE_LOGO_WEB_2022_RGB.svg<\/span>\n\t\t\t\t\t\t<\/span>\n\t\t\t\t<\/span><span class='av-structured-data'  itemprop=\"author\" itemscope=\"itemscope\" itemtype=\"https:\/\/schema.org\/Person\" ><span itemprop='name'>Nemanja<\/span><\/span><span class='av-structured-data'  itemprop=\"datePublished\" datetime=\"2023-06-03T08:03:02+02:00\" >2025-02-06 12:51:07<\/span><span class='av-structured-data'  itemprop=\"dateModified\" itemtype=\"https:\/\/schema.org\/dateModified\" >2025-03-29 11:50:21<\/span><span class='av-structured-data'  itemprop=\"mainEntityOfPage\" itemtype=\"https:\/\/schema.org\/mainEntityOfPage\" ><span itemprop='name'>ACHTES YOUNG TRANS* UND INTER CAMP IM JUFA NEUTAL\/BURGENLAND<\/span><\/span><\/span><\/article><\/div><div class=\"slide-entry-wrap\"><article class='slide-entry flex_column  post-entry post-entry-5044 slide-entry-overview slide-loop-29 slide-parity-odd  av_one_fourth first real-thumbnail posttype-post post-format-standard'  itemscope=\"itemscope\" itemtype=\"https:\/\/schema.org\/CreativeWork\" ><a href='https:\/\/www.courage-beratung.at\/en\/2025\/02\/05\/sappho\/' data-rel='slide-1' class='slide-image' title='SAPPHO'><img decoding=\"async\" fetchpriority=\"high\" width=\"260\" height=\"185\" src=\"https:\/\/www.courage-beratung.at\/wp-content\/uploads\/2025\/02\/Sappho-e1738754934950-260x185.jpg\" class=\"wp-image-5047 avia-img-lazy-loading-not-5047 attachment-portfolio_small size-portfolio_small wp-post-image\" alt=\"\" srcset=\"https:\/\/www.courage-beratung.at\/wp-content\/uploads\/2025\/02\/Sappho-e1738754934950-260x185.jpg 260w, https:\/\/www.courage-beratung.at\/wp-content\/uploads\/2025\/02\/Sappho-e1738754934950-18x12.jpg 18w\" sizes=\"(max-width: 260px) 100vw, 260px\" \/><\/a><div class=\"slide-content\"><header class=\"entry-content-header\" aria-label=\"Slide: SAPPHO\"><span class=\"blog-categories minor-meta\"><a href=\"https:\/\/www.courage-beratung.at\/en\/category\/allgemein\/\" rel=\"tag\">Allgemein<\/a> <\/span><h3 class='slide-entry-title entry-title'  itemprop=\"headline\" ><a href='https:\/\/www.courage-beratung.at\/en\/2025\/02\/05\/sappho\/' title='SAPPHO'>SAPPHO<\/a><\/h3><span class=\"av-vertical-delimiter\"><\/span><\/header><div class='slide-entry-excerpt entry-content'  itemprop=\"text\" >SAPPHO \u2013 Begleitete Selbsthilfegruppe f\u00fcr lesbische, bi- oder pansexuelle Frauen<br><br>\nTermine: monatlich, jeweils Montag, 18.00\u201320:00 Uhr\n<div class=\"read-more-link\"><a href=\"https:\/\/www.courage-beratung.at\/en\/2025\/02\/05\/sappho\/\" class=\"more-link\">Read more<span class='more-link-arrow avia-svg-icon avia-font-svg_entypo-fontello' data-av_svg_icon='right-open-big' data-av_iconset='svg_entypo-fontello'><svg version=\"1.1\" xmlns=\"http:\/\/www.w3.org\/2000\/svg\" width=\"15\" height=\"32\" viewbox=\"0 0 15 32\" preserveaspectratio=\"xMidYMid meet\" role=\"graphics-symbol\" aria-hidden=\"true\">\n<path d=\"M0.416 27.84l11.456-11.84-11.456-11.904q-0.832-0.832 0-1.536 0.832-0.832 1.536 0l12.544 12.608q0.768 0.832 0 1.6l-12.544 12.608q-0.704 0.832-1.536 0-0.832-0.704 0-1.536z\"><\/path>\n<\/svg><\/span><\/a><\/div><\/div><\/div><footer class=\"entry-footer\"><div class=\"slide-meta\"><time class='slide-meta-time updated'  itemprop=\"datePublished\" datetime=\"2025-02-05T12:21:17+01:00\" >5. February 2025<\/time><\/div><\/footer><span class='hidden'>\n\t\t\t\t<span class='av-structured-data'  itemprop=\"image\" itemscope=\"itemscope\" itemtype=\"https:\/\/schema.org\/ImageObject\" >\n\t\t\t\t\t\t<span itemprop='url'>https:\/\/www.courage-beratung.at\/wp-content\/uploads\/2025\/02\/Sappho-e1738754934950.jpg<\/span>\n\t\t\t\t\t\t<span itemprop='height'>1114<\/span>\n\t\t\t\t\t\t<span itemprop='width'>1536<\/span>\n\t\t\t\t<\/span>\n\t\t\t\t<span class='av-structured-data'  itemprop=\"publisher\" itemtype=\"https:\/\/schema.org\/Organization\" itemscope=\"itemscope\" >\n\t\t\t\t\t\t<span itemprop='name'>Nemanja<\/span>\n\t\t\t\t\t\t<span itemprop='logo' itemscope itemtype='https:\/\/schema.org\/ImageObject'>\n\t\t\t\t\t\t\t<span itemprop='url'>https:\/\/www.courage-beratung.at\/wp-content\/uploads\/2023\/12\/COURAGE_LOGO_WEB_2022_RGB.svg<\/span>\n\t\t\t\t\t\t<\/span>\n\t\t\t\t<\/span><span class='av-structured-data'  itemprop=\"author\" itemscope=\"itemscope\" itemtype=\"https:\/\/schema.org\/Person\" ><span itemprop='name'>Nemanja<\/span><\/span><span class='av-structured-data'  itemprop=\"datePublished\" datetime=\"2023-06-03T08:03:02+02:00\" >2025-02-05 12:21:17<\/span><span class='av-structured-data'  itemprop=\"dateModified\" itemtype=\"https:\/\/schema.org\/dateModified\" >2025-02-05 12:31:34<\/span><span class='av-structured-data'  itemprop=\"mainEntityOfPage\" itemtype=\"https:\/\/schema.org\/mainEntityOfPage\" ><span itemprop='name'>SAPPHO<\/span><\/span><\/span><\/article><article class='slide-entry flex_column  post-entry post-entry-4815 slide-entry-overview slide-loop-30 slide-parity-even  av_one_fourth  real-thumbnail posttype-post post-format-standard'  itemscope=\"itemscope\" itemtype=\"https:\/\/schema.org\/CreativeWork\" ><a href='https:\/\/www.courage-beratung.at\/en\/2025\/01\/18\/lgbtiq-und-neurodiversitat-2\/' data-rel='slide-1' class='slide-image' title='Schreibworkshop: Ich und meine lesbischen Vorbilder'><img decoding=\"async\" fetchpriority=\"high\" width=\"260\" height=\"185\" src=\"https:\/\/www.courage-beratung.at\/wp-content\/uploads\/2025\/01\/Screenshot-2025-01-17-at-17-38-33-Craiyon-Your-FREE-AI-image-generator-tool-Create-AI-art-1-260x185.jpg\" class=\"wp-image-5030 avia-img-lazy-loading-not-5030 attachment-portfolio_small size-portfolio_small wp-post-image\" alt=\"\" \/><\/a><div class=\"slide-content\"><header class=\"entry-content-header\" aria-label=\"Slide: Schreibworkshop: Ich und meine lesbischen Vorbilder\"><span class=\"blog-categories minor-meta\"><a href=\"https:\/\/www.courage-beratung.at\/en\/category\/events-qbz\/\" rel=\"tag\">Events QBZ<\/a>, <a href=\"https:\/\/www.courage-beratung.at\/en\/category\/vortrag-guest-lecture\/\" rel=\"tag\">Vortrag \/ Guest Lecture<\/a> <\/span><h3 class='slide-entry-title entry-title'  itemprop=\"headline\" ><a href='https:\/\/www.courage-beratung.at\/en\/2025\/01\/18\/lgbtiq-und-neurodiversitat-2\/' title='Schreibworkshop: Ich und meine lesbischen Vorbilder'>Schreibworkshop: Ich und meine lesbischen Vorbilder<\/a><\/h3><span class=\"av-vertical-delimiter\"><\/span><\/header><div class='slide-entry-excerpt entry-content'  itemprop=\"text\" >Ein Schreibworkshop mit Autorin Norma del Camino <br><br>\nTermin: Freitag, 21. Februar 2025 von 18:00 bis 21:00 Uhr<br>\nOrt: Queeres Bildungszentrum (Windm\u00fchlgasse 15, Gassenlokal, 1060 Wien)<br>\nKosten: freiwillige Spende<br>\nVerpflichtende Anmeldung unter info@courage-beratung.at oder telefonisch unter: 01\u00a0585 69 66<div class=\"read-more-link\"><a href=\"https:\/\/www.courage-beratung.at\/en\/2025\/01\/18\/lgbtiq-und-neurodiversitat-2\/\" class=\"more-link\">Read more<span class='more-link-arrow avia-svg-icon avia-font-svg_entypo-fontello' data-av_svg_icon='right-open-big' data-av_iconset='svg_entypo-fontello'><svg version=\"1.1\" xmlns=\"http:\/\/www.w3.org\/2000\/svg\" width=\"15\" height=\"32\" viewbox=\"0 0 15 32\" preserveaspectratio=\"xMidYMid meet\" role=\"graphics-symbol\" aria-hidden=\"true\">\n<path d=\"M0.416 27.84l11.456-11.84-11.456-11.904q-0.832-0.832 0-1.536 0.832-0.832 1.536 0l12.544 12.608q0.768 0.832 0 1.6l-12.544 12.608q-0.704 0.832-1.536 0-0.832-0.704 0-1.536z\"><\/path>\n<\/svg><\/span><\/a><\/div><\/div><\/div><footer class=\"entry-footer\"><div class=\"slide-meta\"><time class='slide-meta-time updated'  itemprop=\"datePublished\" datetime=\"2025-01-18T10:26:55+01:00\" >18. January 2025<\/time><\/div><\/footer><span class='hidden'>\n\t\t\t\t<span class='av-structured-data'  itemprop=\"image\" itemscope=\"itemscope\" itemtype=\"https:\/\/schema.org\/ImageObject\" >\n\t\t\t\t\t\t<span itemprop='url'>https:\/\/www.courage-beratung.at\/wp-content\/uploads\/2025\/01\/Screenshot-2025-01-17-at-17-38-33-Craiyon-Your-FREE-AI-image-generator-tool-Create-AI-art-1.jpg<\/span>\n\t\t\t\t\t\t<span itemprop='height'>697<\/span>\n\t\t\t\t\t\t<span itemprop='width'>697<\/span>\n\t\t\t\t<\/span>\n\t\t\t\t<span class='av-structured-data'  itemprop=\"publisher\" itemtype=\"https:\/\/schema.org\/Organization\" itemscope=\"itemscope\" >\n\t\t\t\t\t\t<span itemprop='name'>Nemanja<\/span>\n\t\t\t\t\t\t<span itemprop='logo' itemscope itemtype='https:\/\/schema.org\/ImageObject'>\n\t\t\t\t\t\t\t<span itemprop='url'>https:\/\/www.courage-beratung.at\/wp-content\/uploads\/2023\/12\/COURAGE_LOGO_WEB_2022_RGB.svg<\/span>\n\t\t\t\t\t\t<\/span>\n\t\t\t\t<\/span><span class='av-structured-data'  itemprop=\"author\" itemscope=\"itemscope\" itemtype=\"https:\/\/schema.org\/Person\" ><span itemprop='name'>Nemanja<\/span><\/span><span class='av-structured-data'  itemprop=\"datePublished\" datetime=\"2023-06-03T08:03:02+02:00\" >2025-01-18 10:26:55<\/span><span class='av-structured-data'  itemprop=\"dateModified\" itemtype=\"https:\/\/schema.org\/dateModified\" >2025-02-04 01:31:10<\/span><span class='av-structured-data'  itemprop=\"mainEntityOfPage\" itemtype=\"https:\/\/schema.org\/mainEntityOfPage\" ><span itemprop='name'>Schreibworkshop: Ich und meine lesbischen Vorbilder<\/span><\/span><\/span><\/article><article class='slide-entry flex_column  post-entry post-entry-4784 slide-entry-overview slide-loop-31 slide-parity-odd  av_one_fourth  real-thumbnail posttype-post post-format-standard'  itemscope=\"itemscope\" itemtype=\"https:\/\/schema.org\/CreativeWork\" ><a href='https:\/\/www.courage-beratung.at\/en\/2025\/01\/14\/lgbtiq-und-neurodiversitat\/' data-rel='slide-1' class='slide-image' title='LGBTIQ* und Neurodiversit\u00e4t'><img decoding=\"async\" fetchpriority=\"high\" width=\"260\" height=\"185\" src=\"https:\/\/www.courage-beratung.at\/wp-content\/uploads\/2025\/01\/neurodivergenz-psychologie-100-original-260x185.jpg\" class=\"wp-image-4781 avia-img-lazy-loading-not-4781 attachment-portfolio_small size-portfolio_small wp-post-image\" alt=\"\" \/><\/a><div class=\"slide-content\"><header class=\"entry-content-header\" aria-label=\"Slide: LGBTIQ* und Neurodiversit\u00e4t\"><span class=\"blog-categories minor-meta\"><a href=\"https:\/\/www.courage-beratung.at\/en\/category\/seminare\/\" rel=\"tag\">Seminare<\/a> <\/span><h3 class='slide-entry-title entry-title'  itemprop=\"headline\" ><a href='https:\/\/www.courage-beratung.at\/en\/2025\/01\/14\/lgbtiq-und-neurodiversitat\/' title='LGBTIQ* und Neurodiversit\u00e4t'>LGBTIQ* und Neurodiversit\u00e4t<\/a><\/h3><span class=\"av-vertical-delimiter\"><\/span><\/header><div class='slide-entry-excerpt entry-content'  itemprop=\"text\" >\nFort- und Weiterbildungsseminar, Freitag 30. \u2013 Samstag 31. Mai 2025\n\n\n\nIn der Beratung erleben wir \u2013 vor allem seit der Corona-Pandemie \u2013 mehr und mehr Menschen, v.a. LGBTIQ+* Kinder und Jugendliche, mit neurodivergenten \u201eSt\u00f6rungen\u201c.\u2026<div class=\"read-more-link\"><a href=\"https:\/\/www.courage-beratung.at\/en\/2025\/01\/14\/lgbtiq-und-neurodiversitat\/\" class=\"more-link\">Read more<span class='more-link-arrow avia-svg-icon avia-font-svg_entypo-fontello' data-av_svg_icon='right-open-big' data-av_iconset='svg_entypo-fontello'><svg version=\"1.1\" xmlns=\"http:\/\/www.w3.org\/2000\/svg\" width=\"15\" height=\"32\" viewbox=\"0 0 15 32\" preserveaspectratio=\"xMidYMid meet\" role=\"graphics-symbol\" aria-hidden=\"true\">\n<path d=\"M0.416 27.84l11.456-11.84-11.456-11.904q-0.832-0.832 0-1.536 0.832-0.832 1.536 0l12.544 12.608q0.768 0.832 0 1.6l-12.544 12.608q-0.704 0.832-1.536 0-0.832-0.704 0-1.536z\"><\/path>\n<\/svg><\/span><\/a><\/div><\/div><\/div><footer class=\"entry-footer\"><div class=\"slide-meta\"><time class='slide-meta-time updated'  itemprop=\"datePublished\" datetime=\"2025-01-14T15:19:49+01:00\" >14. January 2025<\/time><\/div><\/footer><span class='hidden'>\n\t\t\t\t<span class='av-structured-data'  itemprop=\"image\" itemscope=\"itemscope\" itemtype=\"https:\/\/schema.org\/ImageObject\" >\n\t\t\t\t\t\t<span itemprop='url'>https:\/\/www.courage-beratung.at\/wp-content\/uploads\/2025\/01\/neurodivergenz-psychologie-100-original-scaled.jpg<\/span>\n\t\t\t\t\t\t<span itemprop='height'>1340<\/span>\n\t\t\t\t\t\t<span itemprop='width'>2560<\/span>\n\t\t\t\t<\/span>\n\t\t\t\t<span class='av-structured-data'  itemprop=\"publisher\" itemtype=\"https:\/\/schema.org\/Organization\" itemscope=\"itemscope\" >\n\t\t\t\t\t\t<span itemprop='name'>Lukas<\/span>\n\t\t\t\t\t\t<span itemprop='logo' itemscope itemtype='https:\/\/schema.org\/ImageObject'>\n\t\t\t\t\t\t\t<span itemprop='url'>https:\/\/www.courage-beratung.at\/wp-content\/uploads\/2023\/12\/COURAGE_LOGO_WEB_2022_RGB.svg<\/span>\n\t\t\t\t\t\t<\/span>\n\t\t\t\t<\/span><span class='av-structured-data'  itemprop=\"author\" itemscope=\"itemscope\" itemtype=\"https:\/\/schema.org\/Person\" ><span itemprop='name'>Lukas<\/span><\/span><span class='av-structured-data'  itemprop=\"datePublished\" datetime=\"2023-06-03T08:03:02+02:00\" >2025-01-14 15:19:49<\/span><span class='av-structured-data'  itemprop=\"dateModified\" itemtype=\"https:\/\/schema.org\/dateModified\" >2025-01-14 20:09:05<\/span><span class='av-structured-data'  itemprop=\"mainEntityOfPage\" itemtype=\"https:\/\/schema.org\/mainEntityOfPage\" ><span itemprop='name'>LGBTIQ* und Neurodiversit\u00e4t<\/span><\/span><\/span><\/article><article class='slide-entry flex_column  post-entry post-entry-3914 slide-entry-overview slide-loop-32 slide-parity-even  av_one_fourth  real-thumbnail posttype-post post-format-standard'  itemscope=\"itemscope\" itemtype=\"https:\/\/schema.org\/CreativeWork\" ><a href='https:\/\/www.courage-beratung.at\/en\/2025\/01\/14\/trans-und-inter-parentsinfoabend-courage-salzburg\/' data-rel='slide-1' class='slide-image' title='TRANS* UND INTER* PARENTSINFOABEND COURAGE SALZBURG'><img decoding=\"async\" fetchpriority=\"high\" width=\"260\" height=\"185\" src=\"https:\/\/www.courage-beratung.at\/wp-content\/uploads\/2024\/09\/Blog-Photos-3-1024x576-1-260x185.png\" class=\"wp-image-3397 avia-img-lazy-loading-not-3397 attachment-portfolio_small size-portfolio_small wp-post-image\" alt=\"\" \/><\/a><div class=\"slide-content\"><header class=\"entry-content-header\" aria-label=\"Slide: TRANS* UND INTER* PARENTSINFOABEND COURAGE SALZBURG\"><span class=\"blog-categories minor-meta\"><a href=\"https:\/\/www.courage-beratung.at\/en\/category\/allgemein\/\" rel=\"tag\">Allgemein<\/a>, <a href=\"https:\/\/www.courage-beratung.at\/en\/category\/infoabende\/\" rel=\"tag\">Infoabende<\/a> <\/span><h3 class='slide-entry-title entry-title'  itemprop=\"headline\" ><a href='https:\/\/www.courage-beratung.at\/en\/2025\/01\/14\/trans-und-inter-parentsinfoabend-courage-salzburg\/' title='TRANS* UND INTER* PARENTSINFOABEND COURAGE SALZBURG'>TRANS* UND INTER* PARENTSINFOABEND COURAGE SALZBURG<\/a><\/h3><span class=\"av-vertical-delimiter\"><\/span><\/header><div class='slide-entry-excerpt entry-content'  itemprop=\"text\" >Termin: 20. Februar von 18:00 bis 20:00 Uhr<br><br>\nOrt: Getreidegasse 21, 5020 Salzburg<br><br>\nKosten: freie Spende<br><br>\nAnmeldung \u00fcber salzburg@courage-beratung.at<div class=\"read-more-link\"><a href=\"https:\/\/www.courage-beratung.at\/en\/2025\/01\/14\/trans-und-inter-parentsinfoabend-courage-salzburg\/\" class=\"more-link\">Read more<span class='more-link-arrow avia-svg-icon avia-font-svg_entypo-fontello' data-av_svg_icon='right-open-big' data-av_iconset='svg_entypo-fontello'><svg version=\"1.1\" xmlns=\"http:\/\/www.w3.org\/2000\/svg\" width=\"15\" height=\"32\" viewbox=\"0 0 15 32\" preserveaspectratio=\"xMidYMid meet\" role=\"graphics-symbol\" aria-hidden=\"true\">\n<path d=\"M0.416 27.84l11.456-11.84-11.456-11.904q-0.832-0.832 0-1.536 0.832-0.832 1.536 0l12.544 12.608q0.768 0.832 0 1.6l-12.544 12.608q-0.704 0.832-1.536 0-0.832-0.704 0-1.536z\"><\/path>\n<\/svg><\/span><\/a><\/div><\/div><\/div><footer class=\"entry-footer\"><div class=\"slide-meta\"><time class='slide-meta-time updated'  itemprop=\"datePublished\" datetime=\"2025-01-14T12:59:06+01:00\" >14. January 2025<\/time><\/div><\/footer><span class='hidden'>\n\t\t\t\t<span class='av-structured-data'  itemprop=\"image\" itemscope=\"itemscope\" itemtype=\"https:\/\/schema.org\/ImageObject\" >\n\t\t\t\t\t\t<span itemprop='url'>https:\/\/www.courage-beratung.at\/wp-content\/uploads\/2024\/09\/Blog-Photos-3-1024x576-1.png<\/span>\n\t\t\t\t\t\t<span itemprop='height'>576<\/span>\n\t\t\t\t\t\t<span itemprop='width'>1024<\/span>\n\t\t\t\t<\/span>\n\t\t\t\t<span class='av-structured-data'  itemprop=\"publisher\" itemtype=\"https:\/\/schema.org\/Organization\" itemscope=\"itemscope\" >\n\t\t\t\t\t\t<span itemprop='name'>Lukas<\/span>\n\t\t\t\t\t\t<span itemprop='logo' itemscope itemtype='https:\/\/schema.org\/ImageObject'>\n\t\t\t\t\t\t\t<span itemprop='url'>https:\/\/www.courage-beratung.at\/wp-content\/uploads\/2023\/12\/COURAGE_LOGO_WEB_2022_RGB.svg<\/span>\n\t\t\t\t\t\t<\/span>\n\t\t\t\t<\/span><span class='av-structured-data'  itemprop=\"author\" itemscope=\"itemscope\" itemtype=\"https:\/\/schema.org\/Person\" ><span itemprop='name'>Lukas<\/span><\/span><span class='av-structured-data'  itemprop=\"datePublished\" datetime=\"2023-06-03T08:03:02+02:00\" >2025-01-14 12:59:06<\/span><span class='av-structured-data'  itemprop=\"dateModified\" itemtype=\"https:\/\/schema.org\/dateModified\" >2025-01-14 12:59:18<\/span><span class='av-structured-data'  itemprop=\"mainEntityOfPage\" itemtype=\"https:\/\/schema.org\/mainEntityOfPage\" ><span itemprop='name'>TRANS* UND INTER* PARENTSINFOABEND COURAGE SALZBURG<\/span><\/span><\/span><\/article><\/div><div class=\"slide-entry-wrap\"><article class='slide-entry flex_column  post-entry post-entry-4755 slide-entry-overview slide-loop-33 slide-parity-odd  av_one_fourth first real-thumbnail posttype-post post-format-standard'  itemscope=\"itemscope\" itemtype=\"https:\/\/schema.org\/CreativeWork\" ><a href='https:\/\/www.courage-beratung.at\/en\/2025\/01\/13\/systemische-beratung-im-kontext-der-vielfalt-von-partnerschafts-familien-und-elternformen-2\/' data-rel='slide-1' class='slide-image' title='Systemische Beratung im Kontext der Vielfalt von Partnerschafts-, Familien- und Elternformen'><img decoding=\"async\" fetchpriority=\"high\" width=\"260\" height=\"185\" src=\"https:\/\/www.courage-beratung.at\/wp-content\/uploads\/2025\/01\/istockphoto-1431406266-612x612-1-260x185.jpg\" class=\"wp-image-4760 avia-img-lazy-loading-not-4760 attachment-portfolio_small size-portfolio_small wp-post-image\" alt=\"\" srcset=\"https:\/\/www.courage-beratung.at\/wp-content\/uploads\/2025\/01\/istockphoto-1431406266-612x612-1-260x185.jpg 260w, https:\/\/www.courage-beratung.at\/wp-content\/uploads\/2025\/01\/istockphoto-1431406266-612x612-1-300x212.jpg 300w, https:\/\/www.courage-beratung.at\/wp-content\/uploads\/2025\/01\/istockphoto-1431406266-612x612-1-18x12.jpg 18w, https:\/\/www.courage-beratung.at\/wp-content\/uploads\/2025\/01\/istockphoto-1431406266-612x612-1.jpg 612w\" sizes=\"(max-width: 260px) 100vw, 260px\" \/><\/a><div class=\"slide-content\"><header class=\"entry-content-header\" aria-label=\"Slide: Systemische Beratung im Kontext der Vielfalt von Partnerschafts-, Familien- und Elternformen\"><span class=\"blog-categories minor-meta\"><a href=\"https:\/\/www.courage-beratung.at\/en\/category\/seminare\/\" rel=\"tag\">Seminare<\/a> <\/span><h3 class='slide-entry-title entry-title'  itemprop=\"headline\" ><a href='https:\/\/www.courage-beratung.at\/en\/2025\/01\/13\/systemische-beratung-im-kontext-der-vielfalt-von-partnerschafts-familien-und-elternformen-2\/' title='Systemische Beratung im Kontext der Vielfalt von Partnerschafts-, Familien- und Elternformen'>Systemische Beratung im Kontext der Vielfalt von Partnerschafts-, Familien- und Elternformen<\/a><\/h3><span class=\"av-vertical-delimiter\"><\/span><\/header><div class='slide-entry-excerpt entry-content'  itemprop=\"text\" >\nFort- und Weiterbildungsseminare, Freitag 12. \u2013 Samstag 13. September 2025\n\n\n\nZiel der Fortbildung ist die Kompetenzerweiterung f\u00fcr die Beratung im Mehrpersonensetting unter besonderer Ber\u00fccksichtigung diverser und queerer Lebenskonzepte,\u2026<div class=\"read-more-link\"><a href=\"https:\/\/www.courage-beratung.at\/en\/2025\/01\/13\/systemische-beratung-im-kontext-der-vielfalt-von-partnerschafts-familien-und-elternformen-2\/\" class=\"more-link\">Read more<span class='more-link-arrow avia-svg-icon avia-font-svg_entypo-fontello' data-av_svg_icon='right-open-big' data-av_iconset='svg_entypo-fontello'><svg version=\"1.1\" xmlns=\"http:\/\/www.w3.org\/2000\/svg\" width=\"15\" height=\"32\" viewbox=\"0 0 15 32\" preserveaspectratio=\"xMidYMid meet\" role=\"graphics-symbol\" aria-hidden=\"true\">\n<path d=\"M0.416 27.84l11.456-11.84-11.456-11.904q-0.832-0.832 0-1.536 0.832-0.832 1.536 0l12.544 12.608q0.768 0.832 0 1.6l-12.544 12.608q-0.704 0.832-1.536 0-0.832-0.704 0-1.536z\"><\/path>\n<\/svg><\/span><\/a><\/div><\/div><\/div><footer class=\"entry-footer\"><div class=\"slide-meta\"><time class='slide-meta-time updated'  itemprop=\"datePublished\" datetime=\"2025-01-13T12:44:04+01:00\" >13. January 2025<\/time><\/div><\/footer><span class='hidden'>\n\t\t\t\t<span class='av-structured-data'  itemprop=\"image\" itemscope=\"itemscope\" itemtype=\"https:\/\/schema.org\/ImageObject\" >\n\t\t\t\t\t\t<span itemprop='url'>https:\/\/www.courage-beratung.at\/wp-content\/uploads\/2025\/01\/istockphoto-1431406266-612x612-1.jpg<\/span>\n\t\t\t\t\t\t<span itemprop='height'>432<\/span>\n\t\t\t\t\t\t<span itemprop='width'>612<\/span>\n\t\t\t\t<\/span>\n\t\t\t\t<span class='av-structured-data'  itemprop=\"publisher\" itemtype=\"https:\/\/schema.org\/Organization\" itemscope=\"itemscope\" >\n\t\t\t\t\t\t<span itemprop='name'>Lukas<\/span>\n\t\t\t\t\t\t<span itemprop='logo' itemscope itemtype='https:\/\/schema.org\/ImageObject'>\n\t\t\t\t\t\t\t<span itemprop='url'>https:\/\/www.courage-beratung.at\/wp-content\/uploads\/2023\/12\/COURAGE_LOGO_WEB_2022_RGB.svg<\/span>\n\t\t\t\t\t\t<\/span>\n\t\t\t\t<\/span><span class='av-structured-data'  itemprop=\"author\" itemscope=\"itemscope\" itemtype=\"https:\/\/schema.org\/Person\" ><span itemprop='name'>Lukas<\/span><\/span><span class='av-structured-data'  itemprop=\"datePublished\" datetime=\"2023-06-03T08:03:02+02:00\" >2025-01-13 12:44:04<\/span><span class='av-structured-data'  itemprop=\"dateModified\" itemtype=\"https:\/\/schema.org\/dateModified\" >2025-01-14 12:00:57<\/span><span class='av-structured-data'  itemprop=\"mainEntityOfPage\" itemtype=\"https:\/\/schema.org\/mainEntityOfPage\" ><span itemprop='name'>Systemische Beratung im Kontext der Vielfalt von Partnerschafts-, Familien- und Elternformen<\/span><\/span><\/span><\/article><article class='slide-entry flex_column  post-entry post-entry-4748 slide-entry-overview slide-loop-34 slide-parity-even  av_one_fourth  real-thumbnail posttype-post post-format-standard'  itemscope=\"itemscope\" itemtype=\"https:\/\/schema.org\/CreativeWork\" ><a href='https:\/\/www.courage-beratung.at\/en\/2025\/01\/13\/lgbtiqa-queere-elternschaft\/' data-rel='slide-1' class='slide-image' title='LGBTIQA* &amp; Queere Elternschaft'><img decoding=\"async\" fetchpriority=\"high\" width=\"260\" height=\"185\" src=\"https:\/\/www.courage-beratung.at\/wp-content\/uploads\/2024\/09\/regenbogenfamilie-260x185.png\" class=\"wp-image-3878 avia-img-lazy-loading-not-3878 attachment-portfolio_small size-portfolio_small wp-post-image\" alt=\"\" \/><\/a><div class=\"slide-content\"><header class=\"entry-content-header\" aria-label=\"Slide: LGBTIQA* &amp; Queere Elternschaft\"><span class=\"blog-categories minor-meta\"><a href=\"https:\/\/www.courage-beratung.at\/en\/category\/seminare\/\" rel=\"tag\">Seminare<\/a> <\/span><h3 class='slide-entry-title entry-title'  itemprop=\"headline\" ><a href='https:\/\/www.courage-beratung.at\/en\/2025\/01\/13\/lgbtiqa-queere-elternschaft\/' title='LGBTIQA* &amp; Queere Elternschaft'>LGBTIQA* &amp; Queere Elternschaft<\/a><\/h3><span class=\"av-vertical-delimiter\"><\/span><\/header><div class='slide-entry-excerpt entry-content'  itemprop=\"text\" >\nZu diesem Thema wird es 2025 drei Seminartermine geben:\n\n\n\n\nFreitag, 12.12.2025 an der Beratungsstelle COURAGE in Wien (Queeres Bildungszentrum), Windm\u00fchlgasse 15, Gassenlokal\n\n\n\nFreitag, 26.09.2025 an der Beratungsstelle COURAGE in Klagenfurt,\u2026<div class=\"read-more-link\"><a href=\"https:\/\/www.courage-beratung.at\/en\/2025\/01\/13\/lgbtiqa-queere-elternschaft\/\" class=\"more-link\">Read more<span class='more-link-arrow avia-svg-icon avia-font-svg_entypo-fontello' data-av_svg_icon='right-open-big' data-av_iconset='svg_entypo-fontello'><svg version=\"1.1\" xmlns=\"http:\/\/www.w3.org\/2000\/svg\" width=\"15\" height=\"32\" viewbox=\"0 0 15 32\" preserveaspectratio=\"xMidYMid meet\" role=\"graphics-symbol\" aria-hidden=\"true\">\n<path d=\"M0.416 27.84l11.456-11.84-11.456-11.904q-0.832-0.832 0-1.536 0.832-0.832 1.536 0l12.544 12.608q0.768 0.832 0 1.6l-12.544 12.608q-0.704 0.832-1.536 0-0.832-0.704 0-1.536z\"><\/path>\n<\/svg><\/span><\/a><\/div><\/div><\/div><footer class=\"entry-footer\"><div class=\"slide-meta\"><time class='slide-meta-time updated'  itemprop=\"datePublished\" datetime=\"2025-01-13T12:38:55+01:00\" >13. January 2025<\/time><\/div><\/footer><span class='hidden'>\n\t\t\t\t<span class='av-structured-data'  itemprop=\"image\" itemscope=\"itemscope\" itemtype=\"https:\/\/schema.org\/ImageObject\" >\n\t\t\t\t\t\t<span itemprop='url'>https:\/\/www.courage-beratung.at\/wp-content\/uploads\/2024\/09\/regenbogenfamilie.png<\/span>\n\t\t\t\t\t\t<span itemprop='height'>1020<\/span>\n\t\t\t\t\t\t<span itemprop='width'>2400<\/span>\n\t\t\t\t<\/span>\n\t\t\t\t<span class='av-structured-data'  itemprop=\"publisher\" itemtype=\"https:\/\/schema.org\/Organization\" itemscope=\"itemscope\" >\n\t\t\t\t\t\t<span itemprop='name'>Lukas<\/span>\n\t\t\t\t\t\t<span itemprop='logo' itemscope itemtype='https:\/\/schema.org\/ImageObject'>\n\t\t\t\t\t\t\t<span itemprop='url'>https:\/\/www.courage-beratung.at\/wp-content\/uploads\/2023\/12\/COURAGE_LOGO_WEB_2022_RGB.svg<\/span>\n\t\t\t\t\t\t<\/span>\n\t\t\t\t<\/span><span class='av-structured-data'  itemprop=\"author\" itemscope=\"itemscope\" itemtype=\"https:\/\/schema.org\/Person\" ><span itemprop='name'>Lukas<\/span><\/span><span class='av-structured-data'  itemprop=\"datePublished\" datetime=\"2023-06-03T08:03:02+02:00\" >2025-01-13 12:38:55<\/span><span class='av-structured-data'  itemprop=\"dateModified\" itemtype=\"https:\/\/schema.org\/dateModified\" >2025-01-14 12:02:54<\/span><span class='av-structured-data'  itemprop=\"mainEntityOfPage\" itemtype=\"https:\/\/schema.org\/mainEntityOfPage\" ><span itemprop='name'>LGBTIQA* &amp; Queere Elternschaft<\/span><\/span><\/span><\/article><article class='slide-entry flex_column  post-entry post-entry-4736 slide-entry-overview slide-loop-35 slide-parity-odd  av_one_fourth  real-thumbnail posttype-post post-format-standard'  itemscope=\"itemscope\" itemtype=\"https:\/\/schema.org\/CreativeWork\" ><a href='https:\/\/www.courage-beratung.at\/en\/2025\/01\/13\/beratung-von-trans-und-nichtbinaren-kindern-und-jugendlichen-sowie-deren-familien-und-relevanten-unwelten\/' data-rel='slide-1' class='slide-image' title='Beratung von trans* und nicht-bin\u00e4ren Kindern und Jugendlichen sowie deren Familien und relevanten Umwelten'><img decoding=\"async\" fetchpriority=\"high\" width=\"260\" height=\"185\" src=\"https:\/\/www.courage-beratung.at\/wp-content\/uploads\/2025\/01\/Trans-VE2-1-260x185.jpg\" class=\"wp-image-4745 avia-img-lazy-loading-not-4745 attachment-portfolio_small size-portfolio_small wp-post-image\" alt=\"\" \/><\/a><div class=\"slide-content\"><header class=\"entry-content-header\" aria-label=\"Slide: Beratung von trans* und nicht-bin\u00e4ren Kindern und Jugendlichen sowie deren Familien und relevanten Umwelten\"><span class=\"blog-categories minor-meta\"><a href=\"https:\/\/www.courage-beratung.at\/en\/category\/seminare\/\" rel=\"tag\">Seminare<\/a> <\/span><h3 class='slide-entry-title entry-title'  itemprop=\"headline\" ><a href='https:\/\/www.courage-beratung.at\/en\/2025\/01\/13\/beratung-von-trans-und-nichtbinaren-kindern-und-jugendlichen-sowie-deren-familien-und-relevanten-unwelten\/' title='Beratung von trans* und nicht-bin\u00e4ren Kindern und Jugendlichen sowie deren Familien und relevanten Umwelten'>Beratung von trans* und nicht-bin\u00e4ren Kindern und Jugendlichen sowie deren Familien und relevanten Umwelten<\/a><\/h3><span class=\"av-vertical-delimiter\"><\/span><\/header><div class='slide-entry-excerpt entry-content'  itemprop=\"text\" >\nAchtung: Verlegung auf 12.\/13. Dezember wegen zahlreicher Krankheitsf\u00e4lle!\n\n\n\nInhalt: \n\n\n\nIm Seminar geht es um eine Sensibilisierung f\u00fcr die Vielfalt von Geschlechtsvariationen sowie um die lebensspezifischen Themen von gendernonkonform\u2026<div class=\"read-more-link\"><a href=\"https:\/\/www.courage-beratung.at\/en\/2025\/01\/13\/beratung-von-trans-und-nichtbinaren-kindern-und-jugendlichen-sowie-deren-familien-und-relevanten-unwelten\/\" class=\"more-link\">Read more<span class='more-link-arrow avia-svg-icon avia-font-svg_entypo-fontello' data-av_svg_icon='right-open-big' data-av_iconset='svg_entypo-fontello'><svg version=\"1.1\" xmlns=\"http:\/\/www.w3.org\/2000\/svg\" width=\"15\" height=\"32\" viewbox=\"0 0 15 32\" preserveaspectratio=\"xMidYMid meet\" role=\"graphics-symbol\" aria-hidden=\"true\">\n<path d=\"M0.416 27.84l11.456-11.84-11.456-11.904q-0.832-0.832 0-1.536 0.832-0.832 1.536 0l12.544 12.608q0.768 0.832 0 1.6l-12.544 12.608q-0.704 0.832-1.536 0-0.832-0.704 0-1.536z\"><\/path>\n<\/svg><\/span><\/a><\/div><\/div><\/div><footer class=\"entry-footer\"><div class=\"slide-meta\"><time class='slide-meta-time updated'  itemprop=\"datePublished\" datetime=\"2025-01-13T12:17:10+01:00\" >13. January 2025<\/time><\/div><\/footer><span class='hidden'>\n\t\t\t\t<span class='av-structured-data'  itemprop=\"image\" itemscope=\"itemscope\" itemtype=\"https:\/\/schema.org\/ImageObject\" >\n\t\t\t\t\t\t<span itemprop='url'>https:\/\/www.courage-beratung.at\/wp-content\/uploads\/2025\/01\/Trans-VE2-1.jpg<\/span>\n\t\t\t\t\t\t<span itemprop='height'>709<\/span>\n\t\t\t\t\t\t<span itemprop='width'>2500<\/span>\n\t\t\t\t<\/span>\n\t\t\t\t<span class='av-structured-data'  itemprop=\"publisher\" itemtype=\"https:\/\/schema.org\/Organization\" itemscope=\"itemscope\" >\n\t\t\t\t\t\t<span itemprop='name'>Lukas<\/span>\n\t\t\t\t\t\t<span itemprop='logo' itemscope itemtype='https:\/\/schema.org\/ImageObject'>\n\t\t\t\t\t\t\t<span itemprop='url'>https:\/\/www.courage-beratung.at\/wp-content\/uploads\/2023\/12\/COURAGE_LOGO_WEB_2022_RGB.svg<\/span>\n\t\t\t\t\t\t<\/span>\n\t\t\t\t<\/span><span class='av-structured-data'  itemprop=\"author\" itemscope=\"itemscope\" itemtype=\"https:\/\/schema.org\/Person\" ><span itemprop='name'>Lukas<\/span><\/span><span class='av-structured-data'  itemprop=\"datePublished\" datetime=\"2023-06-03T08:03:02+02:00\" >2025-01-13 12:17:10<\/span><span class='av-structured-data'  itemprop=\"dateModified\" itemtype=\"https:\/\/schema.org\/dateModified\" >2025-10-09 17:29:15<\/span><span class='av-structured-data'  itemprop=\"mainEntityOfPage\" itemtype=\"https:\/\/schema.org\/mainEntityOfPage\" ><span itemprop='name'>Beratung von trans* und nicht-bin\u00e4ren Kindern und Jugendlichen sowie deren Familien und relevanten Umwelten<\/span><\/span><\/span><\/article><article class='slide-entry flex_column  post-entry post-entry-3877 slide-entry-overview slide-loop-36 slide-parity-even  av_one_fourth  real-thumbnail posttype-post post-format-standard'  itemscope=\"itemscope\" itemtype=\"https:\/\/schema.org\/CreativeWork\" ><a href='https:\/\/www.courage-beratung.at\/en\/2025\/01\/13\/02-10-und-14-11-weiterbildungscurriculum-elternberatung-im-zuge-des-eltern-kind-passes\/' data-rel='slide-1' class='slide-image' title='27.02.2025: Weiterbildungs-curriculum Elternberatung im Zuge des Eltern-Kind-Passes'><img decoding=\"async\" fetchpriority=\"high\" width=\"260\" height=\"185\" src=\"https:\/\/www.courage-beratung.at\/wp-content\/uploads\/2024\/09\/360_F_230591124_cyK6JESsdTipk1VgFk9iUIj0FCdHvx8O-260x185.jpg\" class=\"wp-image-3880 avia-img-lazy-loading-not-3880 attachment-portfolio_small size-portfolio_small wp-post-image\" alt=\"\" \/><\/a><div class=\"slide-content\"><header class=\"entry-content-header\" aria-label=\"Slide: 27.02.2025: Weiterbildungs-curriculum Elternberatung im Zuge des Eltern-Kind-Passes\"><span class=\"blog-categories minor-meta\"><a href=\"https:\/\/www.courage-beratung.at\/en\/category\/allgemein\/\" rel=\"tag\">Allgemein<\/a>, <a href=\"https:\/\/www.courage-beratung.at\/en\/category\/events-qbz\/\" rel=\"tag\">Events QBZ<\/a>, <a href=\"https:\/\/www.courage-beratung.at\/en\/category\/seminare\/\" rel=\"tag\">Seminare<\/a> <\/span><h3 class='slide-entry-title entry-title'  itemprop=\"headline\" ><a href='https:\/\/www.courage-beratung.at\/en\/2025\/01\/13\/02-10-und-14-11-weiterbildungscurriculum-elternberatung-im-zuge-des-eltern-kind-passes\/' title='27.02.2025: Weiterbildungs-curriculum Elternberatung im Zuge des Eltern-Kind-Passes'>27.02.2025: Weiterbildungs-curriculum Elternberatung im Zuge des Eltern-Kind-Passes<\/a><\/h3><span class=\"av-vertical-delimiter\"><\/span><\/header><div class='slide-entry-excerpt entry-content'  itemprop=\"text\" >\nZielgruppe:Dieses Weiterbildungscurriculum wendet sich an alle Berater*innen, die nach dem Familienberatungsf\u00f6rderungsgesetz anerkannt sind und am Pilotprojekt ELTERNBERATUNG IM ZUGE DES ELTERN-KIND-PASSES teilnehmen.\n\n\n\nInhalte des Curriculums:Das\u2026<div class=\"read-more-link\"><a href=\"https:\/\/www.courage-beratung.at\/en\/2025\/01\/13\/02-10-und-14-11-weiterbildungscurriculum-elternberatung-im-zuge-des-eltern-kind-passes\/\" class=\"more-link\">Read more<span class='more-link-arrow avia-svg-icon avia-font-svg_entypo-fontello' data-av_svg_icon='right-open-big' data-av_iconset='svg_entypo-fontello'><svg version=\"1.1\" xmlns=\"http:\/\/www.w3.org\/2000\/svg\" width=\"15\" height=\"32\" viewbox=\"0 0 15 32\" preserveaspectratio=\"xMidYMid meet\" role=\"graphics-symbol\" aria-hidden=\"true\">\n<path d=\"M0.416 27.84l11.456-11.84-11.456-11.904q-0.832-0.832 0-1.536 0.832-0.832 1.536 0l12.544 12.608q0.768 0.832 0 1.6l-12.544 12.608q-0.704 0.832-1.536 0-0.832-0.704 0-1.536z\"><\/path>\n<\/svg><\/span><\/a><\/div><\/div><\/div><footer class=\"entry-footer\"><div class=\"slide-meta\"><time class='slide-meta-time updated'  itemprop=\"datePublished\" datetime=\"2025-01-13T12:12:53+01:00\" >13. January 2025<\/time><\/div><\/footer><span class='hidden'>\n\t\t\t\t<span class='av-structured-data'  itemprop=\"image\" itemscope=\"itemscope\" itemtype=\"https:\/\/schema.org\/ImageObject\" >\n\t\t\t\t\t\t<span itemprop='url'>https:\/\/www.courage-beratung.at\/wp-content\/uploads\/2024\/09\/360_F_230591124_cyK6JESsdTipk1VgFk9iUIj0FCdHvx8O.jpg<\/span>\n\t\t\t\t\t\t<span itemprop='height'>360<\/span>\n\t\t\t\t\t\t<span itemprop='width'>360<\/span>\n\t\t\t\t<\/span>\n\t\t\t\t<span class='av-structured-data'  itemprop=\"publisher\" itemtype=\"https:\/\/schema.org\/Organization\" itemscope=\"itemscope\" >\n\t\t\t\t\t\t<span itemprop='name'>Lukas<\/span>\n\t\t\t\t\t\t<span itemprop='logo' itemscope itemtype='https:\/\/schema.org\/ImageObject'>\n\t\t\t\t\t\t\t<span itemprop='url'>https:\/\/www.courage-beratung.at\/wp-content\/uploads\/2023\/12\/COURAGE_LOGO_WEB_2022_RGB.svg<\/span>\n\t\t\t\t\t\t<\/span>\n\t\t\t\t<\/span><span class='av-structured-data'  itemprop=\"author\" itemscope=\"itemscope\" itemtype=\"https:\/\/schema.org\/Person\" ><span itemprop='name'>Lukas<\/span><\/span><span class='av-structured-data'  itemprop=\"datePublished\" datetime=\"2023-06-03T08:03:02+02:00\" >2025-01-13 12:12:53<\/span><span class='av-structured-data'  itemprop=\"dateModified\" itemtype=\"https:\/\/schema.org\/dateModified\" >2025-01-13 12:12:53<\/span><span class='av-structured-data'  itemprop=\"mainEntityOfPage\" itemtype=\"https:\/\/schema.org\/mainEntityOfPage\" ><span itemprop='name'>27.02.2025: Weiterbildungs-curriculum Elternberatung im Zuge des Eltern-Kind-Passes<\/span><\/span><\/span><\/article><\/div><div class=\"slide-entry-wrap\"><article class='slide-entry flex_column  post-entry post-entry-4006 slide-entry-overview slide-loop-37 slide-parity-odd  av_one_fourth first real-thumbnail posttype-post post-format-standard'  itemscope=\"itemscope\" itemtype=\"https:\/\/schema.org\/CreativeWork\" ><a href='https:\/\/www.courage-beratung.at\/en\/2024\/10\/08\/themenabend-das-vergessene-b-in-lgbtqia\/' data-rel='slide-1' class='slide-image' title='Themenabend: Das vergessene B in LGBTQIA+'><img decoding=\"async\" fetchpriority=\"high\" width=\"260\" height=\"185\" src=\"https:\/\/www.courage-beratung.at\/wp-content\/uploads\/2024\/10\/Vergessenes-B-Background-260x185.png\" class=\"wp-image-4049 avia-img-lazy-loading-not-4049 attachment-portfolio_small size-portfolio_small wp-post-image\" alt=\"\" \/><\/a><div class=\"slide-content\"><header class=\"entry-content-header\" aria-label=\"Slide: Themenabend: Das vergessene B in LGBTQIA+\"><span class=\"blog-categories minor-meta\"><a href=\"https:\/\/www.courage-beratung.at\/en\/category\/allgemein\/\" rel=\"tag\">Allgemein<\/a>, <a href=\"https:\/\/www.courage-beratung.at\/en\/category\/events-qbz\/\" rel=\"tag\">Events QBZ<\/a> <\/span><h3 class='slide-entry-title entry-title'  itemprop=\"headline\" ><a href='https:\/\/www.courage-beratung.at\/en\/2024\/10\/08\/themenabend-das-vergessene-b-in-lgbtqia\/' title='Themenabend: Das vergessene B in LGBTQIA+'>Themenabend: Das vergessene B in LGBTQIA+<\/a><\/h3><span class=\"av-vertical-delimiter\"><\/span><\/header><div class='slide-entry-excerpt entry-content'  itemprop=\"text\" >Sind wir nicht alle ein bisschen bi? Und wenn ja, warum reden wir dann so wenig dar\u00fcber? Warum benutzen nur so wenige von uns dieses Label f\u00fcr sich \u2013 und ist es \u00fcberhaupt noch\nzeitgem\u00e4\u00df? ...\n<div class=\"read-more-link\"><a href=\"https:\/\/www.courage-beratung.at\/en\/2024\/10\/08\/themenabend-das-vergessene-b-in-lgbtqia\/\" class=\"more-link\">Read more<span class='more-link-arrow avia-svg-icon avia-font-svg_entypo-fontello' data-av_svg_icon='right-open-big' data-av_iconset='svg_entypo-fontello'><svg version=\"1.1\" xmlns=\"http:\/\/www.w3.org\/2000\/svg\" width=\"15\" height=\"32\" viewbox=\"0 0 15 32\" preserveaspectratio=\"xMidYMid meet\" role=\"graphics-symbol\" aria-hidden=\"true\">\n<path d=\"M0.416 27.84l11.456-11.84-11.456-11.904q-0.832-0.832 0-1.536 0.832-0.832 1.536 0l12.544 12.608q0.768 0.832 0 1.6l-12.544 12.608q-0.704 0.832-1.536 0-0.832-0.704 0-1.536z\"><\/path>\n<\/svg><\/span><\/a><\/div><\/div><\/div><footer class=\"entry-footer\"><div class=\"slide-meta\"><time class='slide-meta-time updated'  itemprop=\"datePublished\" datetime=\"2024-10-08T08:53:45+02:00\" >8. October 2024<\/time><\/div><\/footer><span class='hidden'>\n\t\t\t\t<span class='av-structured-data'  itemprop=\"image\" itemscope=\"itemscope\" itemtype=\"https:\/\/schema.org\/ImageObject\" >\n\t\t\t\t\t\t<span itemprop='url'>https:\/\/www.courage-beratung.at\/wp-content\/uploads\/2024\/10\/Vergessenes-B-Background.png<\/span>\n\t\t\t\t\t\t<span itemprop='height'>6144<\/span>\n\t\t\t\t\t\t<span itemprop='width'>4608<\/span>\n\t\t\t\t<\/span>\n\t\t\t\t<span class='av-structured-data'  itemprop=\"publisher\" itemtype=\"https:\/\/schema.org\/Organization\" itemscope=\"itemscope\" >\n\t\t\t\t\t\t<span itemprop='name'>Lukas<\/span>\n\t\t\t\t\t\t<span itemprop='logo' itemscope itemtype='https:\/\/schema.org\/ImageObject'>\n\t\t\t\t\t\t\t<span itemprop='url'>https:\/\/www.courage-beratung.at\/wp-content\/uploads\/2023\/12\/COURAGE_LOGO_WEB_2022_RGB.svg<\/span>\n\t\t\t\t\t\t<\/span>\n\t\t\t\t<\/span><span class='av-structured-data'  itemprop=\"author\" itemscope=\"itemscope\" itemtype=\"https:\/\/schema.org\/Person\" ><span itemprop='name'>Lukas<\/span><\/span><span class='av-structured-data'  itemprop=\"datePublished\" datetime=\"2023-06-03T08:03:02+02:00\" >2024-10-08 08:53:45<\/span><span class='av-structured-data'  itemprop=\"dateModified\" itemtype=\"https:\/\/schema.org\/dateModified\" >2024-10-28 14:59:06<\/span><span class='av-structured-data'  itemprop=\"mainEntityOfPage\" itemtype=\"https:\/\/schema.org\/mainEntityOfPage\" ><span itemprop='name'>Themenabend: Das vergessene B in LGBTQIA+<\/span><\/span><\/span><\/article><article class='slide-entry flex_column  post-entry post-entry-4054 slide-entry-overview slide-loop-38 slide-parity-even  av_one_fourth  real-thumbnail posttype-post post-format-standard'  itemscope=\"itemscope\" itemtype=\"https:\/\/schema.org\/CreativeWork\" ><a href='https:\/\/www.courage-beratung.at\/en\/2024\/10\/07\/themenabend-das-vergessene-b-in-lgbtqia-2\/' data-rel='slide-1' class='slide-image' title='Die Grenze zwischen Perversion und Normalit\u00e4t: Sadomasochismus, BDSM, Kinks und Fetische'><img decoding=\"async\" fetchpriority=\"high\" width=\"260\" height=\"185\" src=\"https:\/\/www.courage-beratung.at\/wp-content\/uploads\/2024\/10\/bdsm-e1729601799651-260x185.png\" class=\"wp-image-4058 avia-img-lazy-loading-not-4058 attachment-portfolio_small size-portfolio_small wp-post-image\" alt=\"\" srcset=\"https:\/\/www.courage-beratung.at\/wp-content\/uploads\/2024\/10\/bdsm-e1729601799651-260x185.png 260w, https:\/\/www.courage-beratung.at\/wp-content\/uploads\/2024\/10\/bdsm-e1729601799651-15x12.png 15w\" sizes=\"(max-width: 260px) 100vw, 260px\" \/><\/a><div class=\"slide-content\"><header class=\"entry-content-header\" aria-label=\"Slide: Die Grenze zwischen Perversion und Normalit\u00e4t: Sadomasochismus, BDSM, Kinks und Fetische\"><span class=\"blog-categories minor-meta\"><a href=\"https:\/\/www.courage-beratung.at\/en\/category\/allgemein\/\" rel=\"tag\">Allgemein<\/a>, <a href=\"https:\/\/www.courage-beratung.at\/en\/category\/events-qbz\/\" rel=\"tag\">Events QBZ<\/a> <\/span><h3 class='slide-entry-title entry-title'  itemprop=\"headline\" ><a href='https:\/\/www.courage-beratung.at\/en\/2024\/10\/07\/themenabend-das-vergessene-b-in-lgbtqia-2\/' title='Die Grenze zwischen Perversion und Normalit\u00e4t: Sadomasochismus, BDSM, Kinks und Fetische'>Die Grenze zwischen Perversion und Normalit\u00e4t: Sadomasochismus, BDSM, Kinks und Fetische<\/a><\/h3><span class=\"av-vertical-delimiter\"><\/span><\/header><div class='slide-entry-excerpt entry-content'  itemprop=\"text\" >Termin: 12.11.2024 von 18:00 \u2013 21:00 Uhr <br>\nThemenabend mit Mag. Astrid Pfneisl<br>\nUm Anmeldung wird gebeten per Mail: info@courage-beratung.at oder per Telefon: 01 585 69 66<br>\nKosten: freiwillige Spende<br>\nOrt: Queeres Bildungszentrum (Windm\u00fchlgasse 15, Gassenlokal, 1060 Wien)\n<div class=\"read-more-link\"><a href=\"https:\/\/www.courage-beratung.at\/en\/2024\/10\/07\/themenabend-das-vergessene-b-in-lgbtqia-2\/\" class=\"more-link\">Read more<span class='more-link-arrow avia-svg-icon avia-font-svg_entypo-fontello' data-av_svg_icon='right-open-big' data-av_iconset='svg_entypo-fontello'><svg version=\"1.1\" xmlns=\"http:\/\/www.w3.org\/2000\/svg\" width=\"15\" height=\"32\" viewbox=\"0 0 15 32\" preserveaspectratio=\"xMidYMid meet\" role=\"graphics-symbol\" aria-hidden=\"true\">\n<path d=\"M0.416 27.84l11.456-11.84-11.456-11.904q-0.832-0.832 0-1.536 0.832-0.832 1.536 0l12.544 12.608q0.768 0.832 0 1.6l-12.544 12.608q-0.704 0.832-1.536 0-0.832-0.704 0-1.536z\"><\/path>\n<\/svg><\/span><\/a><\/div><\/div><\/div><footer class=\"entry-footer\"><div class=\"slide-meta\"><time class='slide-meta-time updated'  itemprop=\"datePublished\" datetime=\"2024-10-07T14:47:15+02:00\" >7. October 2024<\/time><\/div><\/footer><span class='hidden'>\n\t\t\t\t<span class='av-structured-data'  itemprop=\"image\" itemscope=\"itemscope\" itemtype=\"https:\/\/schema.org\/ImageObject\" >\n\t\t\t\t\t\t<span itemprop='url'>https:\/\/www.courage-beratung.at\/wp-content\/uploads\/2024\/10\/bdsm-e1729601799651.png<\/span>\n\t\t\t\t\t\t<span itemprop='height'>2446<\/span>\n\t\t\t\t\t\t<span itemprop='width'>2956<\/span>\n\t\t\t\t<\/span>\n\t\t\t\t<span class='av-structured-data'  itemprop=\"publisher\" itemtype=\"https:\/\/schema.org\/Organization\" itemscope=\"itemscope\" >\n\t\t\t\t\t\t<span itemprop='name'>Nemanja<\/span>\n\t\t\t\t\t\t<span itemprop='logo' itemscope itemtype='https:\/\/schema.org\/ImageObject'>\n\t\t\t\t\t\t\t<span itemprop='url'>https:\/\/www.courage-beratung.at\/wp-content\/uploads\/2023\/12\/COURAGE_LOGO_WEB_2022_RGB.svg<\/span>\n\t\t\t\t\t\t<\/span>\n\t\t\t\t<\/span><span class='av-structured-data'  itemprop=\"author\" itemscope=\"itemscope\" itemtype=\"https:\/\/schema.org\/Person\" ><span itemprop='name'>Nemanja<\/span><\/span><span class='av-structured-data'  itemprop=\"datePublished\" datetime=\"2023-06-03T08:03:02+02:00\" >2024-10-07 14:47:15<\/span><span class='av-structured-data'  itemprop=\"dateModified\" itemtype=\"https:\/\/schema.org\/dateModified\" >2024-10-22 15:01:24<\/span><span class='av-structured-data'  itemprop=\"mainEntityOfPage\" itemtype=\"https:\/\/schema.org\/mainEntityOfPage\" ><span itemprop='name'>Die Grenze zwischen Perversion und Normalit\u00e4t: Sadomasochismus, BDSM, Kinks und Fetische<\/span><\/span><\/span><\/article><article class='slide-entry flex_column  post-entry post-entry-3887 slide-entry-overview slide-loop-39 slide-parity-odd  av_one_fourth  real-thumbnail posttype-post post-format-standard'  itemscope=\"itemscope\" itemtype=\"https:\/\/schema.org\/CreativeWork\" ><a href='https:\/\/www.courage-beratung.at\/en\/2024\/09\/24\/trans-und-inter-parents-informationsabende-zu-transidentitaten-und-intergeschlechtlichkeiten-fur-eltern-teile-bezugspersonen-und-angehorige\/' data-rel='slide-1' class='slide-image' title='TRANS* UND INTER* Parents Wien \u2013 Informationsabend'><img decoding=\"async\" fetchpriority=\"high\" width=\"260\" height=\"185\" src=\"https:\/\/www.courage-beratung.at\/wp-content\/uploads\/2024\/09\/Blog-Photos-3-1024x576-1-260x185.png\" class=\"wp-image-3397 avia-img-lazy-loading-not-3397 attachment-portfolio_small size-portfolio_small wp-post-image\" alt=\"\" \/><\/a><div class=\"slide-content\"><header class=\"entry-content-header\" aria-label=\"Slide: TRANS* UND INTER* Parents Wien \u2013 Informationsabend\"><span class=\"blog-categories minor-meta\"><a href=\"https:\/\/www.courage-beratung.at\/en\/category\/allgemein\/\" rel=\"tag\">Allgemein<\/a>, <a href=\"https:\/\/www.courage-beratung.at\/en\/category\/events-qbz\/\" rel=\"tag\">Events QBZ<\/a>, <a href=\"https:\/\/www.courage-beratung.at\/en\/category\/infoabende\/\" rel=\"tag\">Infoabende<\/a> <\/span><h3 class='slide-entry-title entry-title'  itemprop=\"headline\" ><a href='https:\/\/www.courage-beratung.at\/en\/2024\/09\/24\/trans-und-inter-parents-informationsabende-zu-transidentitaten-und-intergeschlechtlichkeiten-fur-eltern-teile-bezugspersonen-und-angehorige\/' title='TRANS* UND INTER* Parents Wien \u2013 Informationsabend'>TRANS* UND INTER* Parents Wien \u2013 Informationsabend<\/a><\/h3><span class=\"av-vertical-delimiter\"><\/span><\/header><div class='slide-entry-excerpt entry-content'  itemprop=\"text\" >Wenn sich Kinder \/ Jugendliche als transident empfinden und in der Familie outen oder intergeschlechtlich sind, sehen sich Eltern, Bezugspersonen oder Angeh\u00f6rige oft zahlreichen Fragen und Herausforderungen gegen\u00fcber, die sie manchmal nicht bew\u00e4ltigen k\u00f6nnen. Damit aber auch sie Unterst\u00fctzung erfahren und fundierte Antworten erhalten, bietet die COURAGE regelm\u00e4\u00dfige Informationsabende an.<div class=\"read-more-link\"><a href=\"https:\/\/www.courage-beratung.at\/en\/2024\/09\/24\/trans-und-inter-parents-informationsabende-zu-transidentitaten-und-intergeschlechtlichkeiten-fur-eltern-teile-bezugspersonen-und-angehorige\/\" class=\"more-link\">Read more<span class='more-link-arrow avia-svg-icon avia-font-svg_entypo-fontello' data-av_svg_icon='right-open-big' data-av_iconset='svg_entypo-fontello'><svg version=\"1.1\" xmlns=\"http:\/\/www.w3.org\/2000\/svg\" width=\"15\" height=\"32\" viewbox=\"0 0 15 32\" preserveaspectratio=\"xMidYMid meet\" role=\"graphics-symbol\" aria-hidden=\"true\">\n<path d=\"M0.416 27.84l11.456-11.84-11.456-11.904q-0.832-0.832 0-1.536 0.832-0.832 1.536 0l12.544 12.608q0.768 0.832 0 1.6l-12.544 12.608q-0.704 0.832-1.536 0-0.832-0.704 0-1.536z\"><\/path>\n<\/svg><\/span><\/a><\/div><\/div><\/div><footer class=\"entry-footer\"><div class=\"slide-meta\"><time class='slide-meta-time updated'  itemprop=\"datePublished\" datetime=\"2024-09-24T15:38:41+02:00\" >24. September 2024<\/time><\/div><\/footer><span class='hidden'>\n\t\t\t\t<span class='av-structured-data'  itemprop=\"image\" itemscope=\"itemscope\" itemtype=\"https:\/\/schema.org\/ImageObject\" >\n\t\t\t\t\t\t<span itemprop='url'>https:\/\/www.courage-beratung.at\/wp-content\/uploads\/2024\/09\/Blog-Photos-3-1024x576-1.png<\/span>\n\t\t\t\t\t\t<span itemprop='height'>576<\/span>\n\t\t\t\t\t\t<span itemprop='width'>1024<\/span>\n\t\t\t\t<\/span>\n\t\t\t\t<span class='av-structured-data'  itemprop=\"publisher\" itemtype=\"https:\/\/schema.org\/Organization\" itemscope=\"itemscope\" >\n\t\t\t\t\t\t<span itemprop='name'>Lukas<\/span>\n\t\t\t\t\t\t<span itemprop='logo' itemscope itemtype='https:\/\/schema.org\/ImageObject'>\n\t\t\t\t\t\t\t<span itemprop='url'>https:\/\/www.courage-beratung.at\/wp-content\/uploads\/2023\/12\/COURAGE_LOGO_WEB_2022_RGB.svg<\/span>\n\t\t\t\t\t\t<\/span>\n\t\t\t\t<\/span><span class='av-structured-data'  itemprop=\"author\" itemscope=\"itemscope\" itemtype=\"https:\/\/schema.org\/Person\" ><span itemprop='name'>Lukas<\/span><\/span><span class='av-structured-data'  itemprop=\"datePublished\" datetime=\"2023-06-03T08:03:02+02:00\" >2024-09-24 15:38:41<\/span><span class='av-structured-data'  itemprop=\"dateModified\" itemtype=\"https:\/\/schema.org\/dateModified\" >2024-10-11 12:38:38<\/span><span class='av-structured-data'  itemprop=\"mainEntityOfPage\" itemtype=\"https:\/\/schema.org\/mainEntityOfPage\" ><span itemprop='name'>TRANS* UND INTER* Parents Wien \u2013 Informationsabend<\/span><\/span><\/span><\/article><article class='slide-entry flex_column  post-entry post-entry-3665 slide-entry-overview slide-loop-40 slide-parity-even  av_one_fourth  real-thumbnail posttype-post post-format-standard'  itemscope=\"itemscope\" itemtype=\"https:\/\/schema.org\/CreativeWork\" ><a href='https:\/\/www.courage-beratung.at\/en\/2024\/09\/17\/die-grenze-zwischen-perversion-und-normalitat-sadomasochismus-bdsm-kinks-und-fetische\/' data-rel='slide-1' class='slide-image' title='Die Grenze zwischen Perversion und Normalit\u00e4t: Sadomasochismus, BDSM, Kinks und Fetische'><img decoding=\"async\" fetchpriority=\"high\" width=\"260\" height=\"185\" src=\"https:\/\/www.courage-beratung.at\/wp-content\/uploads\/2024\/09\/Fetisch-Was-ist-ein-Kink--260x185.jpg\" class=\"wp-image-3666 avia-img-lazy-loading-not-3666 attachment-portfolio_small size-portfolio_small wp-post-image\" alt=\"\" srcset=\"https:\/\/www.courage-beratung.at\/wp-content\/uploads\/2024\/09\/Fetisch-Was-ist-ein-Kink--260x185.jpg 260w, https:\/\/www.courage-beratung.at\/wp-content\/uploads\/2024\/09\/Fetisch-Was-ist-ein-Kink--18x12.jpg 18w\" sizes=\"(max-width: 260px) 100vw, 260px\" \/><\/a><div class=\"slide-content\"><header class=\"entry-content-header\" aria-label=\"Slide: Die Grenze zwischen Perversion und Normalit\u00e4t: Sadomasochismus, BDSM, Kinks und Fetische\"><span class=\"blog-categories minor-meta\"><a href=\"https:\/\/www.courage-beratung.at\/en\/category\/allgemein\/\" rel=\"tag\">Allgemein<\/a>, <a href=\"https:\/\/www.courage-beratung.at\/en\/category\/events-qbz\/\" rel=\"tag\">Events QBZ<\/a> <\/span><h3 class='slide-entry-title entry-title'  itemprop=\"headline\" ><a href='https:\/\/www.courage-beratung.at\/en\/2024\/09\/17\/die-grenze-zwischen-perversion-und-normalitat-sadomasochismus-bdsm-kinks-und-fetische\/' title='Die Grenze zwischen Perversion und Normalit\u00e4t: Sadomasochismus, BDSM, Kinks und Fetische'>Die Grenze zwischen Perversion und Normalit\u00e4t: Sadomasochismus, BDSM, Kinks und Fetische<\/a><\/h3><span class=\"av-vertical-delimiter\"><\/span><\/header><div class='slide-entry-excerpt entry-content'  itemprop=\"text\" >\nThemenabend mit Astrid Pfneisl am 12.11.2024 von 18:00 bis 21:00 Uhr\n\n\n\nSadomasochismus wurde 1886 zum ersten Mal von Richard Krafft-Ebing beschrieben. Er war Gerichtspsychiater und hatte naturgem\u00e4\u00df ausschlie\u00dflich mit F\u00e4llen zu tun, in\u2026<div class=\"read-more-link\"><a href=\"https:\/\/www.courage-beratung.at\/en\/2024\/09\/17\/die-grenze-zwischen-perversion-und-normalitat-sadomasochismus-bdsm-kinks-und-fetische\/\" class=\"more-link\">Read more<span class='more-link-arrow avia-svg-icon avia-font-svg_entypo-fontello' data-av_svg_icon='right-open-big' data-av_iconset='svg_entypo-fontello'><svg version=\"1.1\" xmlns=\"http:\/\/www.w3.org\/2000\/svg\" width=\"15\" height=\"32\" viewbox=\"0 0 15 32\" preserveaspectratio=\"xMidYMid meet\" role=\"graphics-symbol\" aria-hidden=\"true\">\n<path d=\"M0.416 27.84l11.456-11.84-11.456-11.904q-0.832-0.832 0-1.536 0.832-0.832 1.536 0l12.544 12.608q0.768 0.832 0 1.6l-12.544 12.608q-0.704 0.832-1.536 0-0.832-0.704 0-1.536z\"><\/path>\n<\/svg><\/span><\/a><\/div><\/div><\/div><footer class=\"entry-footer\"><div class=\"slide-meta\"><time class='slide-meta-time updated'  itemprop=\"datePublished\" datetime=\"2024-09-17T11:46:09+02:00\" >17. September 2024<\/time><\/div><\/footer><span class='hidden'>\n\t\t\t\t<span class='av-structured-data'  itemprop=\"image\" itemscope=\"itemscope\" itemtype=\"https:\/\/schema.org\/ImageObject\" >\n\t\t\t\t\t\t<span itemprop='url'>https:\/\/www.courage-beratung.at\/wp-content\/uploads\/2024\/09\/Fetisch-Was-ist-ein-Kink-.jpg<\/span>\n\t\t\t\t\t\t<span itemprop='height'>1000<\/span>\n\t\t\t\t\t\t<span itemprop='width'>1500<\/span>\n\t\t\t\t<\/span>\n\t\t\t\t<span class='av-structured-data'  itemprop=\"publisher\" itemtype=\"https:\/\/schema.org\/Organization\" itemscope=\"itemscope\" >\n\t\t\t\t\t\t<span itemprop='name'>Lukas<\/span>\n\t\t\t\t\t\t<span itemprop='logo' itemscope itemtype='https:\/\/schema.org\/ImageObject'>\n\t\t\t\t\t\t\t<span itemprop='url'>https:\/\/www.courage-beratung.at\/wp-content\/uploads\/2023\/12\/COURAGE_LOGO_WEB_2022_RGB.svg<\/span>\n\t\t\t\t\t\t<\/span>\n\t\t\t\t<\/span><span class='av-structured-data'  itemprop=\"author\" itemscope=\"itemscope\" itemtype=\"https:\/\/schema.org\/Person\" ><span itemprop='name'>Lukas<\/span><\/span><span class='av-structured-data'  itemprop=\"datePublished\" datetime=\"2023-06-03T08:03:02+02:00\" >2024-09-17 11:46:09<\/span><span class='av-structured-data'  itemprop=\"dateModified\" itemtype=\"https:\/\/schema.org\/dateModified\" >2024-09-17 11:51:39<\/span><span class='av-structured-data'  itemprop=\"mainEntityOfPage\" itemtype=\"https:\/\/schema.org\/mainEntityOfPage\" ><span itemprop='name'>Die Grenze zwischen Perversion und Normalit\u00e4t: Sadomasochismus, BDSM, Kinks und Fetische<\/span><\/span><\/span><\/article><\/div><div class=\"slide-entry-wrap\"><article class='slide-entry flex_column  post-entry post-entry-3234 slide-entry-overview slide-loop-41 slide-parity-odd  av_one_fourth first real-thumbnail posttype-post post-format-standard'  itemscope=\"itemscope\" itemtype=\"https:\/\/schema.org\/CreativeWork\" ><a href='https:\/\/www.courage-beratung.at\/en\/2024\/07\/30\/queer-visions-2\/' data-rel='slide-1' class='slide-image' title='Freunde lieben &#8211; Die Revolte in unseren engsten Beziehungen'><img decoding=\"async\" fetchpriority=\"high\" width=\"260\" height=\"185\" src=\"https:\/\/www.courage-beratung.at\/wp-content\/uploads\/2024\/08\/insta-2-260x185.png\" class=\"wp-image-3238 avia-img-lazy-loading-not-3238 attachment-portfolio_small size-portfolio_small wp-post-image\" alt=\"\" srcset=\"https:\/\/www.courage-beratung.at\/wp-content\/uploads\/2024\/08\/insta-2-260x185.png 260w, https:\/\/www.courage-beratung.at\/wp-content\/uploads\/2024\/08\/insta-2-18x12.png 18w\" sizes=\"(max-width: 260px) 100vw, 260px\" \/><\/a><div class=\"slide-content\"><header class=\"entry-content-header\" aria-label=\"Slide: Freunde lieben - Die Revolte in unseren engsten Beziehungen\"><span class=\"blog-categories minor-meta\"><a href=\"https:\/\/www.courage-beratung.at\/en\/category\/events-qbz\/\" rel=\"tag\">Events QBZ<\/a> <\/span><h3 class='slide-entry-title entry-title'  itemprop=\"headline\" ><a href='https:\/\/www.courage-beratung.at\/en\/2024\/07\/30\/queer-visions-2\/' title='Freunde lieben &#8211; Die Revolte in unseren engsten Beziehungen'>Freunde lieben &#8211; Die Revolte in unseren engsten Beziehungen<\/a><\/h3><span class=\"av-vertical-delimiter\"><\/span><\/header><div class='slide-entry-excerpt entry-content'  itemprop=\"text\" >Wir freuen uns auf die Lesung mit Ole Liebl am 18. September bei uns im Queeren\nBildungszentrum! \n<br><br>\nMittwoch, 18. September 2024, 18:00h;\nQueeres Bildungszentrum, Windm\u00fchlgasse 15, 1060 Wien;\nEINTRITT FREI<div class=\"read-more-link\"><a href=\"https:\/\/www.courage-beratung.at\/en\/2024\/07\/30\/queer-visions-2\/\" class=\"more-link\">Read more<span class='more-link-arrow avia-svg-icon avia-font-svg_entypo-fontello' data-av_svg_icon='right-open-big' data-av_iconset='svg_entypo-fontello'><svg version=\"1.1\" xmlns=\"http:\/\/www.w3.org\/2000\/svg\" width=\"15\" height=\"32\" viewbox=\"0 0 15 32\" preserveaspectratio=\"xMidYMid meet\" role=\"graphics-symbol\" aria-hidden=\"true\">\n<path d=\"M0.416 27.84l11.456-11.84-11.456-11.904q-0.832-0.832 0-1.536 0.832-0.832 1.536 0l12.544 12.608q0.768 0.832 0 1.6l-12.544 12.608q-0.704 0.832-1.536 0-0.832-0.704 0-1.536z\"><\/path>\n<\/svg><\/span><\/a><\/div><\/div><\/div><footer class=\"entry-footer\"><div class=\"slide-meta\"><time class='slide-meta-time updated'  itemprop=\"datePublished\" datetime=\"2024-07-30T22:47:22+02:00\" >30. July 2024<\/time><\/div><\/footer><span class='hidden'>\n\t\t\t\t<span class='av-structured-data'  itemprop=\"image\" itemscope=\"itemscope\" itemtype=\"https:\/\/schema.org\/ImageObject\" >\n\t\t\t\t\t\t<span itemprop='url'>https:\/\/www.courage-beratung.at\/wp-content\/uploads\/2024\/08\/insta-2.png<\/span>\n\t\t\t\t\t\t<span itemprop='height'>5144<\/span>\n\t\t\t\t\t\t<span itemprop='width'>8000<\/span>\n\t\t\t\t<\/span>\n\t\t\t\t<span class='av-structured-data'  itemprop=\"publisher\" itemtype=\"https:\/\/schema.org\/Organization\" itemscope=\"itemscope\" >\n\t\t\t\t\t\t<span itemprop='name'>Vincent<\/span>\n\t\t\t\t\t\t<span itemprop='logo' itemscope itemtype='https:\/\/schema.org\/ImageObject'>\n\t\t\t\t\t\t\t<span itemprop='url'>https:\/\/www.courage-beratung.at\/wp-content\/uploads\/2023\/12\/COURAGE_LOGO_WEB_2022_RGB.svg<\/span>\n\t\t\t\t\t\t<\/span>\n\t\t\t\t<\/span><span class='av-structured-data'  itemprop=\"author\" itemscope=\"itemscope\" itemtype=\"https:\/\/schema.org\/Person\" ><span itemprop='name'>Vincent<\/span><\/span><span class='av-structured-data'  itemprop=\"datePublished\" datetime=\"2023-06-03T08:03:02+02:00\" >2024-07-30 22:47:22<\/span><span class='av-structured-data'  itemprop=\"dateModified\" itemtype=\"https:\/\/schema.org\/dateModified\" >2024-08-06 23:04:37<\/span><span class='av-structured-data'  itemprop=\"mainEntityOfPage\" itemtype=\"https:\/\/schema.org\/mainEntityOfPage\" ><span itemprop='name'>Freunde lieben &#8211; Die Revolte in unseren engsten Beziehungen<\/span><\/span><\/span><\/article><article class='slide-entry flex_column  post-entry post-entry-3217 slide-entry-overview slide-loop-42 slide-parity-even  av_one_fourth  real-thumbnail posttype-post post-format-standard'  itemscope=\"itemscope\" itemtype=\"https:\/\/schema.org\/CreativeWork\" ><a href='https:\/\/www.courage-beratung.at\/en\/2024\/07\/28\/queer-visions\/' data-rel='slide-1' class='slide-image' title='Baustart f\u00fcr erstes LGBTIQA+ Kompetenzzentrum \u00d6sterreichs in Linz'><img decoding=\"async\" fetchpriority=\"high\" width=\"260\" height=\"185\" src=\"https:\/\/www.courage-beratung.at\/wp-content\/uploads\/2024\/07\/linz-zentrum-260x185.jpg\" class=\"wp-image-3221 avia-img-lazy-loading-not-3221 attachment-portfolio_small size-portfolio_small wp-post-image\" alt=\"\" srcset=\"https:\/\/www.courage-beratung.at\/wp-content\/uploads\/2024\/07\/linz-zentrum-260x185.jpg 260w, https:\/\/www.courage-beratung.at\/wp-content\/uploads\/2024\/07\/linz-zentrum-18x12.jpg 18w\" sizes=\"(max-width: 260px) 100vw, 260px\" \/><\/a><div class=\"slide-content\"><header class=\"entry-content-header\" aria-label=\"Slide: Baustart f\u00fcr erstes LGBTIQA+ Kompetenzzentrum \u00d6sterreichs in Linz\"><span class=\"blog-categories minor-meta\"><a href=\"https:\/\/www.courage-beratung.at\/en\/category\/allgemein\/\" rel=\"tag\">Allgemein<\/a> <\/span><h3 class='slide-entry-title entry-title'  itemprop=\"headline\" ><a href='https:\/\/www.courage-beratung.at\/en\/2024\/07\/28\/queer-visions\/' title='Baustart f\u00fcr erstes LGBTIQA+ Kompetenzzentrum \u00d6sterreichs in Linz'>Baustart f\u00fcr erstes LGBTIQA+ Kompetenzzentrum \u00d6sterreichs in Linz<\/a><\/h3><span class=\"av-vertical-delimiter\"><\/span><\/header><div class='slide-entry-excerpt entry-content'  itemprop=\"text\" >Am 16. September \u00f6ffnet mit dem LGBTIQA+ Kompetenzzentrum eine Anlaufstelle in der Wei\u00dfenwolffstra\u00dfe 17a. Das Projekt wird gemeinsam von der Stadt sowie den Vereinen Bily und COURAGE kooperativ betrieben<div class=\"read-more-link\"><a href=\"https:\/\/www.courage-beratung.at\/en\/2024\/07\/28\/queer-visions\/\" class=\"more-link\">Read more<span class='more-link-arrow avia-svg-icon avia-font-svg_entypo-fontello' data-av_svg_icon='right-open-big' data-av_iconset='svg_entypo-fontello'><svg version=\"1.1\" xmlns=\"http:\/\/www.w3.org\/2000\/svg\" width=\"15\" height=\"32\" viewbox=\"0 0 15 32\" preserveaspectratio=\"xMidYMid meet\" role=\"graphics-symbol\" aria-hidden=\"true\">\n<path d=\"M0.416 27.84l11.456-11.84-11.456-11.904q-0.832-0.832 0-1.536 0.832-0.832 1.536 0l12.544 12.608q0.768 0.832 0 1.6l-12.544 12.608q-0.704 0.832-1.536 0-0.832-0.704 0-1.536z\"><\/path>\n<\/svg><\/span><\/a><\/div><\/div><\/div><footer class=\"entry-footer\"><div class=\"slide-meta\"><time class='slide-meta-time updated'  itemprop=\"datePublished\" datetime=\"2024-07-28T18:32:56+02:00\" >28. July 2024<\/time><\/div><\/footer><span class='hidden'>\n\t\t\t\t<span class='av-structured-data'  itemprop=\"image\" itemscope=\"itemscope\" itemtype=\"https:\/\/schema.org\/ImageObject\" >\n\t\t\t\t\t\t<span itemprop='url'>https:\/\/www.courage-beratung.at\/wp-content\/uploads\/2024\/07\/linz-zentrum.jpg<\/span>\n\t\t\t\t\t\t<span itemprop='height'>1366<\/span>\n\t\t\t\t\t\t<span itemprop='width'>2048<\/span>\n\t\t\t\t<\/span>\n\t\t\t\t<span class='av-structured-data'  itemprop=\"publisher\" itemtype=\"https:\/\/schema.org\/Organization\" itemscope=\"itemscope\" >\n\t\t\t\t\t\t<span itemprop='name'>Vincent<\/span>\n\t\t\t\t\t\t<span itemprop='logo' itemscope itemtype='https:\/\/schema.org\/ImageObject'>\n\t\t\t\t\t\t\t<span itemprop='url'>https:\/\/www.courage-beratung.at\/wp-content\/uploads\/2023\/12\/COURAGE_LOGO_WEB_2022_RGB.svg<\/span>\n\t\t\t\t\t\t<\/span>\n\t\t\t\t<\/span><span class='av-structured-data'  itemprop=\"author\" itemscope=\"itemscope\" itemtype=\"https:\/\/schema.org\/Person\" ><span itemprop='name'>Vincent<\/span><\/span><span class='av-structured-data'  itemprop=\"datePublished\" datetime=\"2023-06-03T08:03:02+02:00\" >2024-07-28 18:32:56<\/span><span class='av-structured-data'  itemprop=\"dateModified\" itemtype=\"https:\/\/schema.org\/dateModified\" >2024-07-28 18:45:13<\/span><span class='av-structured-data'  itemprop=\"mainEntityOfPage\" itemtype=\"https:\/\/schema.org\/mainEntityOfPage\" ><span itemprop='name'>Baustart f\u00fcr erstes LGBTIQA+ Kompetenzzentrum \u00d6sterreichs in Linz<\/span><\/span><\/span><\/article><article class='slide-entry flex_column  post-entry post-entry-3138 slide-entry-overview slide-loop-43 slide-parity-odd  av_one_fourth  real-thumbnail posttype-post post-format-standard'  itemscope=\"itemscope\" itemtype=\"https:\/\/schema.org\/CreativeWork\" ><a href='https:\/\/www.courage-beratung.at\/en\/2024\/06\/11\/i-am-what-i-am\/' data-rel='slide-1' class='slide-image' title='QUEER VISIONS'><img decoding=\"async\" fetchpriority=\"high\" width=\"260\" height=\"185\" src=\"https:\/\/www.courage-beratung.at\/wp-content\/uploads\/2024\/06\/intro-screen-260x185.png\" class=\"wp-image-3142 avia-img-lazy-loading-not-3142 attachment-portfolio_small size-portfolio_small wp-post-image\" alt=\"\" \/><\/a><div class=\"slide-content\"><header class=\"entry-content-header\" aria-label=\"Slide: QUEER VISIONS\"><span class=\"blog-categories minor-meta\"><a href=\"https:\/\/www.courage-beratung.at\/en\/category\/events-qbz\/\" rel=\"tag\">Events QBZ<\/a> <\/span><h3 class='slide-entry-title entry-title'  itemprop=\"headline\" ><a href='https:\/\/www.courage-beratung.at\/en\/2024\/06\/11\/i-am-what-i-am\/' title='QUEER VISIONS'>QUEER VISIONS<\/a><\/h3><span class=\"av-vertical-delimiter\"><\/span><\/header><div class='slide-entry-excerpt entry-content'  itemprop=\"text\" >QUEER VISIONS\nMini-Festival f\u00fcr queere Kurzfilme und Videoarbeiten\n<br><br>\n14.06 \u2013 15.06.2024; 18:00h \u2013 21:00h\nQueeres Bildungszentrum,\nWidm\u00fchlgasse 15, 1060 Wien\n<br><br>\nAnmeldung: <br>\ninfo@courage-beratung.at<div class=\"read-more-link\"><a href=\"https:\/\/www.courage-beratung.at\/en\/2024\/06\/11\/i-am-what-i-am\/\" class=\"more-link\">Read more<span class='more-link-arrow avia-svg-icon avia-font-svg_entypo-fontello' data-av_svg_icon='right-open-big' data-av_iconset='svg_entypo-fontello'><svg version=\"1.1\" xmlns=\"http:\/\/www.w3.org\/2000\/svg\" width=\"15\" height=\"32\" viewbox=\"0 0 15 32\" preserveaspectratio=\"xMidYMid meet\" role=\"graphics-symbol\" aria-hidden=\"true\">\n<path d=\"M0.416 27.84l11.456-11.84-11.456-11.904q-0.832-0.832 0-1.536 0.832-0.832 1.536 0l12.544 12.608q0.768 0.832 0 1.6l-12.544 12.608q-0.704 0.832-1.536 0-0.832-0.704 0-1.536z\"><\/path>\n<\/svg><\/span><\/a><\/div><\/div><\/div><footer class=\"entry-footer\"><div class=\"slide-meta\"><time class='slide-meta-time updated'  itemprop=\"datePublished\" datetime=\"2024-06-11T17:57:40+02:00\" >11. June 2024<\/time><\/div><\/footer><span class='hidden'>\n\t\t\t\t<span class='av-structured-data'  itemprop=\"image\" itemscope=\"itemscope\" itemtype=\"https:\/\/schema.org\/ImageObject\" >\n\t\t\t\t\t\t<span itemprop='url'>https:\/\/www.courage-beratung.at\/wp-content\/uploads\/2024\/06\/intro-screen.png<\/span>\n\t\t\t\t\t\t<span itemprop='height'>1080<\/span>\n\t\t\t\t\t\t<span itemprop='width'>1920<\/span>\n\t\t\t\t<\/span>\n\t\t\t\t<span class='av-structured-data'  itemprop=\"publisher\" itemtype=\"https:\/\/schema.org\/Organization\" itemscope=\"itemscope\" >\n\t\t\t\t\t\t<span itemprop='name'>Vincent<\/span>\n\t\t\t\t\t\t<span itemprop='logo' itemscope itemtype='https:\/\/schema.org\/ImageObject'>\n\t\t\t\t\t\t\t<span itemprop='url'>https:\/\/www.courage-beratung.at\/wp-content\/uploads\/2023\/12\/COURAGE_LOGO_WEB_2022_RGB.svg<\/span>\n\t\t\t\t\t\t<\/span>\n\t\t\t\t<\/span><span class='av-structured-data'  itemprop=\"author\" itemscope=\"itemscope\" itemtype=\"https:\/\/schema.org\/Person\" ><span itemprop='name'>Vincent<\/span><\/span><span class='av-structured-data'  itemprop=\"datePublished\" datetime=\"2023-06-03T08:03:02+02:00\" >2024-06-11 17:57:40<\/span><span class='av-structured-data'  itemprop=\"dateModified\" itemtype=\"https:\/\/schema.org\/dateModified\" >2024-06-11 18:05:31<\/span><span class='av-structured-data'  itemprop=\"mainEntityOfPage\" itemtype=\"https:\/\/schema.org\/mainEntityOfPage\" ><span itemprop='name'>QUEER VISIONS<\/span><\/span><\/span><\/article><article class='slide-entry flex_column  post-entry post-entry-3026 slide-entry-overview slide-loop-44 slide-parity-even  av_one_fourth  real-thumbnail posttype-post post-format-standard'  itemscope=\"itemscope\" itemtype=\"https:\/\/schema.org\/CreativeWork\" ><a href='https:\/\/www.courage-beratung.at\/en\/2024\/04\/20\/die-courage-macht-fruhlingspause\/' data-rel='slide-1' class='slide-image' title='FRAU* SEIN'><img decoding=\"async\" fetchpriority=\"high\" width=\"260\" height=\"185\" src=\"https:\/\/www.courage-beratung.at\/wp-content\/uploads\/2024\/04\/frau-sein-1-260x185.png\" class=\"wp-image-3031 avia-img-lazy-loading-not-3031 attachment-portfolio_small size-portfolio_small wp-post-image\" alt=\"\" \/><\/a><div class=\"slide-content\"><header class=\"entry-content-header\" aria-label=\"Slide: FRAU* SEIN\"><span class=\"blog-categories minor-meta\"><a href=\"https:\/\/www.courage-beratung.at\/en\/category\/allgemein\/\" rel=\"tag\">Allgemein<\/a> <\/span><h3 class='slide-entry-title entry-title'  itemprop=\"headline\" ><a href='https:\/\/www.courage-beratung.at\/en\/2024\/04\/20\/die-courage-macht-fruhlingspause\/' title='FRAU* SEIN'>FRAU* SEIN<\/a><\/h3><span class=\"av-vertical-delimiter\"><\/span><\/header><div class='slide-entry-excerpt entry-content'  itemprop=\"text\" >JETZT ANMELDEN f\u00fcr die Teilnahme an unserer Frauen*Gruppe an der Beratungsstelle COURAGE Wien\n<br><br>\nAnmeldung: <br>\ninfo@courage-beratung.at<div class=\"read-more-link\"><a href=\"https:\/\/www.courage-beratung.at\/en\/2024\/04\/20\/die-courage-macht-fruhlingspause\/\" class=\"more-link\">Read more<span class='more-link-arrow avia-svg-icon avia-font-svg_entypo-fontello' data-av_svg_icon='right-open-big' data-av_iconset='svg_entypo-fontello'><svg version=\"1.1\" xmlns=\"http:\/\/www.w3.org\/2000\/svg\" width=\"15\" height=\"32\" viewbox=\"0 0 15 32\" preserveaspectratio=\"xMidYMid meet\" role=\"graphics-symbol\" aria-hidden=\"true\">\n<path d=\"M0.416 27.84l11.456-11.84-11.456-11.904q-0.832-0.832 0-1.536 0.832-0.832 1.536 0l12.544 12.608q0.768 0.832 0 1.6l-12.544 12.608q-0.704 0.832-1.536 0-0.832-0.704 0-1.536z\"><\/path>\n<\/svg><\/span><\/a><\/div><\/div><\/div><footer class=\"entry-footer\"><div class=\"slide-meta\"><time class='slide-meta-time updated'  itemprop=\"datePublished\" datetime=\"2024-04-20T12:12:19+02:00\" >20. April 2024<\/time><\/div><\/footer><span class='hidden'>\n\t\t\t\t<span class='av-structured-data'  itemprop=\"image\" itemscope=\"itemscope\" itemtype=\"https:\/\/schema.org\/ImageObject\" >\n\t\t\t\t\t\t<span itemprop='url'>https:\/\/www.courage-beratung.at\/wp-content\/uploads\/2024\/04\/frau-sein-1.png<\/span>\n\t\t\t\t\t\t<span itemprop='height'>1595<\/span>\n\t\t\t\t\t\t<span itemprop='width'>1748<\/span>\n\t\t\t\t<\/span>\n\t\t\t\t<span class='av-structured-data'  itemprop=\"publisher\" itemtype=\"https:\/\/schema.org\/Organization\" itemscope=\"itemscope\" >\n\t\t\t\t\t\t<span itemprop='name'>Vincent<\/span>\n\t\t\t\t\t\t<span itemprop='logo' itemscope itemtype='https:\/\/schema.org\/ImageObject'>\n\t\t\t\t\t\t\t<span itemprop='url'>https:\/\/www.courage-beratung.at\/wp-content\/uploads\/2023\/12\/COURAGE_LOGO_WEB_2022_RGB.svg<\/span>\n\t\t\t\t\t\t<\/span>\n\t\t\t\t<\/span><span class='av-structured-data'  itemprop=\"author\" itemscope=\"itemscope\" itemtype=\"https:\/\/schema.org\/Person\" ><span itemprop='name'>Vincent<\/span><\/span><span class='av-structured-data'  itemprop=\"datePublished\" datetime=\"2023-06-03T08:03:02+02:00\" >2024-04-20 12:12:19<\/span><span class='av-structured-data'  itemprop=\"dateModified\" itemtype=\"https:\/\/schema.org\/dateModified\" >2024-08-26 17:16:27<\/span><span class='av-structured-data'  itemprop=\"mainEntityOfPage\" itemtype=\"https:\/\/schema.org\/mainEntityOfPage\" ><span itemprop='name'>FRAU* SEIN<\/span><\/span><\/span><\/article><\/div><div class=\"slide-entry-wrap\"><article class='slide-entry flex_column  post-entry post-entry-2764 slide-entry-overview slide-loop-45 slide-parity-odd  av_one_fourth first real-thumbnail posttype-post post-format-standard'  itemscope=\"itemscope\" itemtype=\"https:\/\/schema.org\/CreativeWork\" ><a href='https:\/\/www.courage-beratung.at\/en\/2024\/03\/29\/systemische-beratung-im-kontext-der-vielfalt-von-partnerschafts-familien-und-elternformen\/' data-rel='slide-1' class='slide-image' title='AUSGEBUCHT: Beratung von trans* und nichtbin\u00e4ren Kindern und Jugendlichen sowie deren Familien und relevanten Umwelten'><img decoding=\"async\" fetchpriority=\"high\" width=\"260\" height=\"185\" src=\"https:\/\/www.courage-beratung.at\/wp-content\/uploads\/2024\/03\/nicht-bin-260x185.jpg\" class=\"wp-image-2768 avia-img-lazy-loading-not-2768 attachment-portfolio_small size-portfolio_small wp-post-image\" alt=\"\" \/><\/a><div class=\"slide-content\"><header class=\"entry-content-header\" aria-label=\"Slide: AUSGEBUCHT: Beratung von trans* und nichtbin\u00e4ren Kindern und Jugendlichen sowie deren Familien und relevanten Umwelten\"><span class=\"blog-categories minor-meta\"><a href=\"https:\/\/www.courage-beratung.at\/en\/category\/seminare\/\" rel=\"tag\">Seminare<\/a> <\/span><h3 class='slide-entry-title entry-title'  itemprop=\"headline\" ><a href='https:\/\/www.courage-beratung.at\/en\/2024\/03\/29\/systemische-beratung-im-kontext-der-vielfalt-von-partnerschafts-familien-und-elternformen\/' title='AUSGEBUCHT: Beratung von trans* und nichtbin\u00e4ren Kindern und Jugendlichen sowie deren Familien und relevanten Umwelten'>AUSGEBUCHT: Beratung von trans* und nichtbin\u00e4ren Kindern und Jugendlichen sowie deren Familien und relevanten Umwelten<\/a><\/h3><span class=\"av-vertical-delimiter\"><\/span><\/header><div class='slide-entry-excerpt entry-content'  itemprop=\"text\" >Freitag, 15. \u2013 Samstag, 16. November 2024;\n<br>\nAnmeldung: bis 8. November 2023<div class=\"read-more-link\"><a href=\"https:\/\/www.courage-beratung.at\/en\/2024\/03\/29\/systemische-beratung-im-kontext-der-vielfalt-von-partnerschafts-familien-und-elternformen\/\" class=\"more-link\">Read more<span class='more-link-arrow avia-svg-icon avia-font-svg_entypo-fontello' data-av_svg_icon='right-open-big' data-av_iconset='svg_entypo-fontello'><svg version=\"1.1\" xmlns=\"http:\/\/www.w3.org\/2000\/svg\" width=\"15\" height=\"32\" viewbox=\"0 0 15 32\" preserveaspectratio=\"xMidYMid meet\" role=\"graphics-symbol\" aria-hidden=\"true\">\n<path d=\"M0.416 27.84l11.456-11.84-11.456-11.904q-0.832-0.832 0-1.536 0.832-0.832 1.536 0l12.544 12.608q0.768 0.832 0 1.6l-12.544 12.608q-0.704 0.832-1.536 0-0.832-0.704 0-1.536z\"><\/path>\n<\/svg><\/span><\/a><\/div><\/div><\/div><footer class=\"entry-footer\"><div class=\"slide-meta\"><time class='slide-meta-time updated'  itemprop=\"datePublished\" datetime=\"2024-03-29T14:24:52+01:00\" >29. March 2024<\/time><\/div><\/footer><span class='hidden'>\n\t\t\t\t<span class='av-structured-data'  itemprop=\"image\" itemscope=\"itemscope\" itemtype=\"https:\/\/schema.org\/ImageObject\" >\n\t\t\t\t\t\t<span itemprop='url'>https:\/\/www.courage-beratung.at\/wp-content\/uploads\/2024\/03\/nicht-bin.jpg<\/span>\n\t\t\t\t\t\t<span itemprop='height'>360<\/span>\n\t\t\t\t\t\t<span itemprop='width'>640<\/span>\n\t\t\t\t<\/span>\n\t\t\t\t<span class='av-structured-data'  itemprop=\"publisher\" itemtype=\"https:\/\/schema.org\/Organization\" itemscope=\"itemscope\" >\n\t\t\t\t\t\t<span itemprop='name'>Vincent<\/span>\n\t\t\t\t\t\t<span itemprop='logo' itemscope itemtype='https:\/\/schema.org\/ImageObject'>\n\t\t\t\t\t\t\t<span itemprop='url'>https:\/\/www.courage-beratung.at\/wp-content\/uploads\/2023\/12\/COURAGE_LOGO_WEB_2022_RGB.svg<\/span>\n\t\t\t\t\t\t<\/span>\n\t\t\t\t<\/span><span class='av-structured-data'  itemprop=\"author\" itemscope=\"itemscope\" itemtype=\"https:\/\/schema.org\/Person\" ><span itemprop='name'>Vincent<\/span><\/span><span class='av-structured-data'  itemprop=\"datePublished\" datetime=\"2023-06-03T08:03:02+02:00\" >2024-03-29 14:24:52<\/span><span class='av-structured-data'  itemprop=\"dateModified\" itemtype=\"https:\/\/schema.org\/dateModified\" >2024-08-27 13:33:27<\/span><span class='av-structured-data'  itemprop=\"mainEntityOfPage\" itemtype=\"https:\/\/schema.org\/mainEntityOfPage\" ><span itemprop='name'>AUSGEBUCHT: Beratung von trans* und nichtbin\u00e4ren Kindern und Jugendlichen sowie deren Familien und relevanten Umwelten<\/span><\/span><\/span><\/article><article class='slide-entry flex_column  post-entry post-entry-2756 slide-entry-overview slide-loop-46 slide-parity-even  av_one_fourth  real-thumbnail posttype-post post-format-standard'  itemscope=\"itemscope\" itemtype=\"https:\/\/schema.org\/CreativeWork\" ><a href='https:\/\/www.courage-beratung.at\/en\/2024\/03\/29\/sexualitat-und-sexuelle-bildung-in-einer-transkulturellen-gesellschaft-2\/' data-rel='slide-1' class='slide-image' title='AUSGEBUCHT: Systemische Beratung im Kontext der Vielfalt von Partnerschafts-, Familien- und Elternformen'><img decoding=\"async\" fetchpriority=\"high\" width=\"260\" height=\"185\" src=\"https:\/\/www.courage-beratung.at\/wp-content\/uploads\/2024\/03\/vielfalt-260x185.webp\" class=\"wp-image-2760 avia-img-lazy-loading-not-2760 attachment-portfolio_small size-portfolio_small wp-post-image\" alt=\"\" \/><\/a><div class=\"slide-content\"><header class=\"entry-content-header\" aria-label=\"Slide: AUSGEBUCHT: Systemische Beratung im Kontext der Vielfalt von Partnerschafts-, Familien- und Elternformen\"><span class=\"blog-categories minor-meta\"><a href=\"https:\/\/www.courage-beratung.at\/en\/category\/seminare\/\" rel=\"tag\">Seminare<\/a> <\/span><h3 class='slide-entry-title entry-title'  itemprop=\"headline\" ><a href='https:\/\/www.courage-beratung.at\/en\/2024\/03\/29\/sexualitat-und-sexuelle-bildung-in-einer-transkulturellen-gesellschaft-2\/' title='AUSGEBUCHT: Systemische Beratung im Kontext der Vielfalt von Partnerschafts-, Familien- und Elternformen'>AUSGEBUCHT: Systemische Beratung im Kontext der Vielfalt von Partnerschafts-, Familien- und Elternformen<\/a><\/h3><span class=\"av-vertical-delimiter\"><\/span><\/header><div class='slide-entry-excerpt entry-content'  itemprop=\"text\" >Freitag, 20. \u2013 Samstag, 21. September 2024;\nAnmeldung: bis 13. November 2023<div class=\"read-more-link\"><a href=\"https:\/\/www.courage-beratung.at\/en\/2024\/03\/29\/sexualitat-und-sexuelle-bildung-in-einer-transkulturellen-gesellschaft-2\/\" class=\"more-link\">Read more<span class='more-link-arrow avia-svg-icon avia-font-svg_entypo-fontello' data-av_svg_icon='right-open-big' data-av_iconset='svg_entypo-fontello'><svg version=\"1.1\" xmlns=\"http:\/\/www.w3.org\/2000\/svg\" width=\"15\" height=\"32\" viewbox=\"0 0 15 32\" preserveaspectratio=\"xMidYMid meet\" role=\"graphics-symbol\" aria-hidden=\"true\">\n<path d=\"M0.416 27.84l11.456-11.84-11.456-11.904q-0.832-0.832 0-1.536 0.832-0.832 1.536 0l12.544 12.608q0.768 0.832 0 1.6l-12.544 12.608q-0.704 0.832-1.536 0-0.832-0.704 0-1.536z\"><\/path>\n<\/svg><\/span><\/a><\/div><\/div><\/div><footer class=\"entry-footer\"><div class=\"slide-meta\"><time class='slide-meta-time updated'  itemprop=\"datePublished\" datetime=\"2024-03-29T14:16:34+01:00\" >29. March 2024<\/time><\/div><\/footer><span class='hidden'>\n\t\t\t\t<span class='av-structured-data'  itemprop=\"image\" itemscope=\"itemscope\" itemtype=\"https:\/\/schema.org\/ImageObject\" >\n\t\t\t\t\t\t<span itemprop='url'>https:\/\/www.courage-beratung.at\/wp-content\/uploads\/2024\/03\/vielfalt.webp<\/span>\n\t\t\t\t\t\t<span itemprop='height'>675<\/span>\n\t\t\t\t\t\t<span itemprop='width'>1200<\/span>\n\t\t\t\t<\/span>\n\t\t\t\t<span class='av-structured-data'  itemprop=\"publisher\" itemtype=\"https:\/\/schema.org\/Organization\" itemscope=\"itemscope\" >\n\t\t\t\t\t\t<span itemprop='name'>Vincent<\/span>\n\t\t\t\t\t\t<span itemprop='logo' itemscope itemtype='https:\/\/schema.org\/ImageObject'>\n\t\t\t\t\t\t\t<span itemprop='url'>https:\/\/www.courage-beratung.at\/wp-content\/uploads\/2023\/12\/COURAGE_LOGO_WEB_2022_RGB.svg<\/span>\n\t\t\t\t\t\t<\/span>\n\t\t\t\t<\/span><span class='av-structured-data'  itemprop=\"author\" itemscope=\"itemscope\" itemtype=\"https:\/\/schema.org\/Person\" ><span itemprop='name'>Vincent<\/span><\/span><span class='av-structured-data'  itemprop=\"datePublished\" datetime=\"2023-06-03T08:03:02+02:00\" >2024-03-29 14:16:34<\/span><span class='av-structured-data'  itemprop=\"dateModified\" itemtype=\"https:\/\/schema.org\/dateModified\" >2024-09-19 11:25:12<\/span><span class='av-structured-data'  itemprop=\"mainEntityOfPage\" itemtype=\"https:\/\/schema.org\/mainEntityOfPage\" ><span itemprop='name'>AUSGEBUCHT: Systemische Beratung im Kontext der Vielfalt von Partnerschafts-, Familien- und Elternformen<\/span><\/span><\/span><\/article><article class='slide-entry flex_column  post-entry post-entry-2557 slide-entry-overview slide-loop-47 slide-parity-odd  av_one_fourth  real-thumbnail posttype-post post-format-standard'  itemscope=\"itemscope\" itemtype=\"https:\/\/schema.org\/CreativeWork\" ><a href='https:\/\/www.courage-beratung.at\/en\/2024\/03\/21\/jetzt-anmelden-fur-informationsabend-trans-und-inter-parents-wien\/' data-rel='slide-1' class='slide-image' title='Die COURAGE* macht Fr\u00fchlingspause'><img decoding=\"async\" fetchpriority=\"high\" width=\"260\" height=\"185\" src=\"https:\/\/www.courage-beratung.at\/wp-content\/uploads\/2024\/03\/bluetenpracht-in-wiener-park-260x185.webp\" class=\"wp-image-2561 avia-img-lazy-loading-not-2561 attachment-portfolio_small size-portfolio_small wp-post-image\" alt=\"\" srcset=\"https:\/\/www.courage-beratung.at\/wp-content\/uploads\/2024\/03\/bluetenpracht-in-wiener-park-260x185.webp 260w, https:\/\/www.courage-beratung.at\/wp-content\/uploads\/2024\/03\/bluetenpracht-in-wiener-park-18x12.webp 18w\" sizes=\"(max-width: 260px) 100vw, 260px\" \/><\/a><div class=\"slide-content\"><header class=\"entry-content-header\" aria-label=\"Slide: Die COURAGE* macht Fr\u00fchlingspause\"><span class=\"blog-categories minor-meta\"><a href=\"https:\/\/www.courage-beratung.at\/en\/category\/allgemein\/\" rel=\"tag\">Allgemein<\/a> <\/span><h3 class='slide-entry-title entry-title'  itemprop=\"headline\" ><a href='https:\/\/www.courage-beratung.at\/en\/2024\/03\/21\/jetzt-anmelden-fur-informationsabend-trans-und-inter-parents-wien\/' title='Die COURAGE* macht Fr\u00fchlingspause'>Die COURAGE* macht Fr\u00fchlingspause<\/a><\/h3><span class=\"av-vertical-delimiter\"><\/span><\/header><div class='slide-entry-excerpt entry-content'  itemprop=\"text\" >Die COURAGE* macht Fr\u00fchlingspause und ist von 23.03. bis 01.04. geschlossen.\n\nWir sind ab dem 02.04. wieder zu den gewohnten Zeiten von Montag bis Donnerstag von 09:00 bis 15:00 telefonisch erreichbar.<div class=\"read-more-link\"><a href=\"https:\/\/www.courage-beratung.at\/en\/2024\/03\/21\/jetzt-anmelden-fur-informationsabend-trans-und-inter-parents-wien\/\" class=\"more-link\">Read more<span class='more-link-arrow avia-svg-icon avia-font-svg_entypo-fontello' data-av_svg_icon='right-open-big' data-av_iconset='svg_entypo-fontello'><svg version=\"1.1\" xmlns=\"http:\/\/www.w3.org\/2000\/svg\" width=\"15\" height=\"32\" viewbox=\"0 0 15 32\" preserveaspectratio=\"xMidYMid meet\" role=\"graphics-symbol\" aria-hidden=\"true\">\n<path d=\"M0.416 27.84l11.456-11.84-11.456-11.904q-0.832-0.832 0-1.536 0.832-0.832 1.536 0l12.544 12.608q0.768 0.832 0 1.6l-12.544 12.608q-0.704 0.832-1.536 0-0.832-0.704 0-1.536z\"><\/path>\n<\/svg><\/span><\/a><\/div><\/div><\/div><footer class=\"entry-footer\"><div class=\"slide-meta\"><time class='slide-meta-time updated'  itemprop=\"datePublished\" datetime=\"2024-03-21T12:27:58+01:00\" >21. March 2024<\/time><\/div><\/footer><span class='hidden'>\n\t\t\t\t<span class='av-structured-data'  itemprop=\"image\" itemscope=\"itemscope\" itemtype=\"https:\/\/schema.org\/ImageObject\" >\n\t\t\t\t\t\t<span itemprop='url'>https:\/\/www.courage-beratung.at\/wp-content\/uploads\/2024\/03\/bluetenpracht-in-wiener-park.webp<\/span>\n\t\t\t\t\t\t<span itemprop='height'>233<\/span>\n\t\t\t\t\t\t<span itemprop='width'>350<\/span>\n\t\t\t\t<\/span>\n\t\t\t\t<span class='av-structured-data'  itemprop=\"publisher\" itemtype=\"https:\/\/schema.org\/Organization\" itemscope=\"itemscope\" >\n\t\t\t\t\t\t<span itemprop='name'>Vincent<\/span>\n\t\t\t\t\t\t<span itemprop='logo' itemscope itemtype='https:\/\/schema.org\/ImageObject'>\n\t\t\t\t\t\t\t<span itemprop='url'>https:\/\/www.courage-beratung.at\/wp-content\/uploads\/2023\/12\/COURAGE_LOGO_WEB_2022_RGB.svg<\/span>\n\t\t\t\t\t\t<\/span>\n\t\t\t\t<\/span><span class='av-structured-data'  itemprop=\"author\" itemscope=\"itemscope\" itemtype=\"https:\/\/schema.org\/Person\" ><span itemprop='name'>Vincent<\/span><\/span><span class='av-structured-data'  itemprop=\"datePublished\" datetime=\"2023-06-03T08:03:02+02:00\" >2024-03-21 12:27:58<\/span><span class='av-structured-data'  itemprop=\"dateModified\" itemtype=\"https:\/\/schema.org\/dateModified\" >2024-03-27 20:52:55<\/span><span class='av-structured-data'  itemprop=\"mainEntityOfPage\" itemtype=\"https:\/\/schema.org\/mainEntityOfPage\" ><span itemprop='name'>Die COURAGE* macht Fr\u00fchlingspause<\/span><\/span><\/span><\/article><article class='slide-entry flex_column  post-entry post-entry-2131 slide-entry-overview slide-loop-48 slide-parity-even  av_one_fourth  real-thumbnail posttype-post post-format-standard'  itemscope=\"itemscope\" itemtype=\"https:\/\/schema.org\/CreativeWork\" ><a href='https:\/\/www.courage-beratung.at\/en\/2024\/03\/05\/projekt-7\/' data-rel='slide-1' class='slide-image' title='SIEBTES YOUNG TRANS* UND INTER CAMP IM JUFA NEUTAL\/BURGENLAND'><img decoding=\"async\" fetchpriority=\"high\" width=\"260\" height=\"185\" src=\"https:\/\/www.courage-beratung.at\/wp-content\/uploads\/2024\/03\/Image_Editor-260x185.png\" class=\"wp-image-2279 avia-img-lazy-loading-not-2279 attachment-portfolio_small size-portfolio_small wp-post-image\" alt=\"\" \/><\/a><div class=\"slide-content\"><header class=\"entry-content-header\" aria-label=\"Slide: SIEBTES YOUNG TRANS* UND INTER CAMP IM JUFA NEUTAL\/BURGENLAND\"><span class=\"blog-categories minor-meta\"><a href=\"https:\/\/www.courage-beratung.at\/en\/category\/projekte\/\" rel=\"tag\">Projekte<\/a> <\/span><h3 class='slide-entry-title entry-title'  itemprop=\"headline\" ><a href='https:\/\/www.courage-beratung.at\/en\/2024\/03\/05\/projekt-7\/' title='SIEBTES YOUNG TRANS* UND INTER CAMP IM JUFA NEUTAL\/BURGENLAND'>SIEBTES YOUNG TRANS* UND INTER CAMP IM JUFA NEUTAL\/BURGENLAND<\/a><\/h3><span class=\"av-vertical-delimiter\"><\/span><\/header><div class='slide-entry-excerpt entry-content'  itemprop=\"text\" >Anmeldung ab sofort m\u00f6glich!<div class=\"read-more-link\"><a href=\"https:\/\/www.courage-beratung.at\/en\/2024\/03\/05\/projekt-7\/\" class=\"more-link\">Read more<span class='more-link-arrow avia-svg-icon avia-font-svg_entypo-fontello' data-av_svg_icon='right-open-big' data-av_iconset='svg_entypo-fontello'><svg version=\"1.1\" xmlns=\"http:\/\/www.w3.org\/2000\/svg\" width=\"15\" height=\"32\" viewbox=\"0 0 15 32\" preserveaspectratio=\"xMidYMid meet\" role=\"graphics-symbol\" aria-hidden=\"true\">\n<path d=\"M0.416 27.84l11.456-11.84-11.456-11.904q-0.832-0.832 0-1.536 0.832-0.832 1.536 0l12.544 12.608q0.768 0.832 0 1.6l-12.544 12.608q-0.704 0.832-1.536 0-0.832-0.704 0-1.536z\"><\/path>\n<\/svg><\/span><\/a><\/div><\/div><\/div><footer class=\"entry-footer\"><div class=\"slide-meta\"><time class='slide-meta-time updated'  itemprop=\"datePublished\" datetime=\"2024-03-05T14:05:16+01:00\" >5. March 2024<\/time><\/div><\/footer><span class='hidden'>\n\t\t\t\t<span class='av-structured-data'  itemprop=\"image\" itemscope=\"itemscope\" itemtype=\"https:\/\/schema.org\/ImageObject\" >\n\t\t\t\t\t\t<span itemprop='url'>https:\/\/www.courage-beratung.at\/wp-content\/uploads\/2024\/03\/Image_Editor.png<\/span>\n\t\t\t\t\t\t<span itemprop='height'>940<\/span>\n\t\t\t\t\t\t<span itemprop='width'>940<\/span>\n\t\t\t\t<\/span>\n\t\t\t\t<span class='av-structured-data'  itemprop=\"publisher\" itemtype=\"https:\/\/schema.org\/Organization\" itemscope=\"itemscope\" >\n\t\t\t\t\t\t<span itemprop='name'>Vincent<\/span>\n\t\t\t\t\t\t<span itemprop='logo' itemscope itemtype='https:\/\/schema.org\/ImageObject'>\n\t\t\t\t\t\t\t<span itemprop='url'>https:\/\/www.courage-beratung.at\/wp-content\/uploads\/2023\/12\/COURAGE_LOGO_WEB_2022_RGB.svg<\/span>\n\t\t\t\t\t\t<\/span>\n\t\t\t\t<\/span><span class='av-structured-data'  itemprop=\"author\" itemscope=\"itemscope\" itemtype=\"https:\/\/schema.org\/Person\" ><span itemprop='name'>Vincent<\/span><\/span><span class='av-structured-data'  itemprop=\"datePublished\" datetime=\"2023-06-03T08:03:02+02:00\" >2024-03-05 14:05:16<\/span><span class='av-structured-data'  itemprop=\"dateModified\" itemtype=\"https:\/\/schema.org\/dateModified\" >2024-03-21 11:47:34<\/span><span class='av-structured-data'  itemprop=\"mainEntityOfPage\" itemtype=\"https:\/\/schema.org\/mainEntityOfPage\" ><span itemprop='name'>SIEBTES YOUNG TRANS* UND INTER CAMP IM JUFA NEUTAL\/BURGENLAND<\/span><\/span><\/span><\/article><\/div><div class=\"slide-entry-wrap\"><article class='slide-entry flex_column  post-entry post-entry-2913 slide-entry-overview slide-loop-49 slide-parity-odd  av_one_fourth first real-thumbnail posttype-post post-format-standard'  itemscope=\"itemscope\" itemtype=\"https:\/\/schema.org\/CreativeWork\" ><a href='https:\/\/www.courage-beratung.at\/en\/2024\/03\/01\/queer-sex-education\/' data-rel='slide-1' class='slide-image' title='QUEER SEX EDUCATION'><img decoding=\"async\" fetchpriority=\"high\" width=\"260\" height=\"185\" src=\"https:\/\/www.courage-beratung.at\/wp-content\/uploads\/2024\/03\/queer-sex-education-260x185.png\" class=\"wp-image-2919 avia-img-lazy-loading-not-2919 attachment-portfolio_small size-portfolio_small wp-post-image\" alt=\"\" srcset=\"https:\/\/www.courage-beratung.at\/wp-content\/uploads\/2024\/03\/queer-sex-education-260x185.png 260w, https:\/\/www.courage-beratung.at\/wp-content\/uploads\/2024\/03\/queer-sex-education-18x12.png 18w\" sizes=\"(max-width: 260px) 100vw, 260px\" \/><\/a><div class=\"slide-content\"><header class=\"entry-content-header\" aria-label=\"Slide: QUEER SEX EDUCATION\"><span class=\"blog-categories minor-meta\"><a href=\"https:\/\/www.courage-beratung.at\/en\/category\/sexuelle-bildung\/\" rel=\"tag\">Sexuelle Bildung<\/a> <\/span><h3 class='slide-entry-title entry-title'  itemprop=\"headline\" ><a href='https:\/\/www.courage-beratung.at\/en\/2024\/03\/01\/queer-sex-education\/' title='QUEER SEX EDUCATION'>QUEER SEX EDUCATION<\/a><\/h3><span class=\"av-vertical-delimiter\"><\/span><\/header><div class='slide-entry-excerpt entry-content'  itemprop=\"text\" >QUEER SEX EDUCATION ist das neue sexualp\u00e4dagogische Workshopformat der Beratungsstellen COURAGE*. Es richtet seinen Fokus auf LGBTIQ+ Sensibilisierung in der (au\u00dfer-)schulischen Bildungsarbeit und richtet sich an Jugendliche ab 12 Jahren. Die Workshops k\u00f6nnen von Schulen, Jugendzentren oder anderen Bildungseinrichtungen gebucht werden.<div class=\"read-more-link\"><a href=\"https:\/\/www.courage-beratung.at\/en\/2024\/03\/01\/queer-sex-education\/\" class=\"more-link\">Read more<span class='more-link-arrow avia-svg-icon avia-font-svg_entypo-fontello' data-av_svg_icon='right-open-big' data-av_iconset='svg_entypo-fontello'><svg version=\"1.1\" xmlns=\"http:\/\/www.w3.org\/2000\/svg\" width=\"15\" height=\"32\" viewbox=\"0 0 15 32\" preserveaspectratio=\"xMidYMid meet\" role=\"graphics-symbol\" aria-hidden=\"true\">\n<path d=\"M0.416 27.84l11.456-11.84-11.456-11.904q-0.832-0.832 0-1.536 0.832-0.832 1.536 0l12.544 12.608q0.768 0.832 0 1.6l-12.544 12.608q-0.704 0.832-1.536 0-0.832-0.704 0-1.536z\"><\/path>\n<\/svg><\/span><\/a><\/div><\/div><\/div><footer class=\"entry-footer\"><div class=\"slide-meta\"><time class='slide-meta-time updated'  itemprop=\"datePublished\" datetime=\"2024-03-01T20:58:57+01:00\" >1. March 2024<\/time><\/div><\/footer><span class='hidden'>\n\t\t\t\t<span class='av-structured-data'  itemprop=\"image\" itemscope=\"itemscope\" itemtype=\"https:\/\/schema.org\/ImageObject\" >\n\t\t\t\t\t\t<span itemprop='url'>https:\/\/www.courage-beratung.at\/wp-content\/uploads\/2024\/03\/queer-sex-education.png<\/span>\n\t\t\t\t\t\t<span itemprop='height'>261<\/span>\n\t\t\t\t\t\t<span itemprop='width'>381<\/span>\n\t\t\t\t<\/span>\n\t\t\t\t<span class='av-structured-data'  itemprop=\"publisher\" itemtype=\"https:\/\/schema.org\/Organization\" itemscope=\"itemscope\" >\n\t\t\t\t\t\t<span itemprop='name'>Vincent<\/span>\n\t\t\t\t\t\t<span itemprop='logo' itemscope itemtype='https:\/\/schema.org\/ImageObject'>\n\t\t\t\t\t\t\t<span itemprop='url'>https:\/\/www.courage-beratung.at\/wp-content\/uploads\/2023\/12\/COURAGE_LOGO_WEB_2022_RGB.svg<\/span>\n\t\t\t\t\t\t<\/span>\n\t\t\t\t<\/span><span class='av-structured-data'  itemprop=\"author\" itemscope=\"itemscope\" itemtype=\"https:\/\/schema.org\/Person\" ><span itemprop='name'>Vincent<\/span><\/span><span class='av-structured-data'  itemprop=\"datePublished\" datetime=\"2023-06-03T08:03:02+02:00\" >2024-03-01 20:58:57<\/span><span class='av-structured-data'  itemprop=\"dateModified\" itemtype=\"https:\/\/schema.org\/dateModified\" >2025-11-15 11:28:58<\/span><span class='av-structured-data'  itemprop=\"mainEntityOfPage\" itemtype=\"https:\/\/schema.org\/mainEntityOfPage\" ><span itemprop='name'>QUEER SEX EDUCATION<\/span><\/span><\/span><\/article><article class='slide-entry flex_column  post-entry post-entry-2069 slide-entry-overview slide-loop-50 slide-parity-even  av_one_fourth  real-thumbnail posttype-post post-format-standard'  itemscope=\"itemscope\" itemtype=\"https:\/\/schema.org\/CreativeWork\" ><a href='https:\/\/www.courage-beratung.at\/en\/2024\/03\/01\/projekt-6\/' data-rel='slide-1' class='slide-image' title='JETZT ANMELDEN F\u00dcR INFORMATIONSABEND &#8222;TRANS* UND INTER* PARENTS WIEN&#8220;'><img decoding=\"async\" fetchpriority=\"high\" width=\"260\" height=\"185\" src=\"https:\/\/www.courage-beratung.at\/wp-content\/uploads\/2024\/03\/istockphoto-1399611601-612x612-1-260x185.jpg\" class=\"wp-image-2294 avia-img-lazy-loading-not-2294 attachment-portfolio_small size-portfolio_small wp-post-image\" alt=\"\" \/><\/a><div class=\"slide-content\"><header class=\"entry-content-header\" aria-label=\"Slide: JETZT ANMELDEN F\u00dcR INFORMATIONSABEND &quot;TRANS* UND INTER* PARENTS WIEN&quot;\"><span class=\"blog-categories minor-meta\"><a href=\"https:\/\/www.courage-beratung.at\/en\/category\/allgemein\/\" rel=\"tag\">Allgemein<\/a> <\/span><h3 class='slide-entry-title entry-title'  itemprop=\"headline\" ><a href='https:\/\/www.courage-beratung.at\/en\/2024\/03\/01\/projekt-6\/' title='JETZT ANMELDEN F\u00dcR INFORMATIONSABEND &#8222;TRANS* UND INTER* PARENTS WIEN&#8220;'>JETZT ANMELDEN F\u00dcR INFORMATIONSABEND &#8222;TRANS* UND INTER* PARENTS WIEN&#8220;<\/a><\/h3><span class=\"av-vertical-delimiter\"><\/span><\/header><div class='slide-entry-excerpt entry-content'  itemprop=\"text\" >Informationsabende zu Trans*Identit\u00e4ten und Inter*Geschlechtlichkeiten f\u00fcr Eltern(-teile), Bezugspersonen und Angeh\u00f6rige<div class=\"read-more-link\"><a href=\"https:\/\/www.courage-beratung.at\/en\/2024\/03\/01\/projekt-6\/\" class=\"more-link\">Read more<span class='more-link-arrow avia-svg-icon avia-font-svg_entypo-fontello' data-av_svg_icon='right-open-big' data-av_iconset='svg_entypo-fontello'><svg version=\"1.1\" xmlns=\"http:\/\/www.w3.org\/2000\/svg\" width=\"15\" height=\"32\" viewbox=\"0 0 15 32\" preserveaspectratio=\"xMidYMid meet\" role=\"graphics-symbol\" aria-hidden=\"true\">\n<path d=\"M0.416 27.84l11.456-11.84-11.456-11.904q-0.832-0.832 0-1.536 0.832-0.832 1.536 0l12.544 12.608q0.768 0.832 0 1.6l-12.544 12.608q-0.704 0.832-1.536 0-0.832-0.704 0-1.536z\"><\/path>\n<\/svg><\/span><\/a><\/div><\/div><\/div><footer class=\"entry-footer\"><div class=\"slide-meta\"><time class='slide-meta-time updated'  itemprop=\"datePublished\" datetime=\"2024-03-01T17:03:05+01:00\" >1. March 2024<\/time><\/div><\/footer><span class='hidden'>\n\t\t\t\t<span class='av-structured-data'  itemprop=\"image\" itemscope=\"itemscope\" itemtype=\"https:\/\/schema.org\/ImageObject\" >\n\t\t\t\t\t\t<span itemprop='url'>https:\/\/www.courage-beratung.at\/wp-content\/uploads\/2024\/03\/istockphoto-1399611601-612x612-1.jpg<\/span>\n\t\t\t\t\t\t<span itemprop='height'>521<\/span>\n\t\t\t\t\t\t<span itemprop='width'>612<\/span>\n\t\t\t\t<\/span>\n\t\t\t\t<span class='av-structured-data'  itemprop=\"publisher\" itemtype=\"https:\/\/schema.org\/Organization\" itemscope=\"itemscope\" >\n\t\t\t\t\t\t<span itemprop='name'>Vincent<\/span>\n\t\t\t\t\t\t<span itemprop='logo' itemscope itemtype='https:\/\/schema.org\/ImageObject'>\n\t\t\t\t\t\t\t<span itemprop='url'>https:\/\/www.courage-beratung.at\/wp-content\/uploads\/2023\/12\/COURAGE_LOGO_WEB_2022_RGB.svg<\/span>\n\t\t\t\t\t\t<\/span>\n\t\t\t\t<\/span><span class='av-structured-data'  itemprop=\"author\" itemscope=\"itemscope\" itemtype=\"https:\/\/schema.org\/Person\" ><span itemprop='name'>Vincent<\/span><\/span><span class='av-structured-data'  itemprop=\"datePublished\" datetime=\"2023-06-03T08:03:02+02:00\" >2024-03-01 17:03:05<\/span><span class='av-structured-data'  itemprop=\"dateModified\" itemtype=\"https:\/\/schema.org\/dateModified\" >2024-03-08 12:06:07<\/span><span class='av-structured-data'  itemprop=\"mainEntityOfPage\" itemtype=\"https:\/\/schema.org\/mainEntityOfPage\" ><span itemprop='name'>JETZT ANMELDEN F\u00dcR INFORMATIONSABEND &#8222;TRANS* UND INTER* PARENTS WIEN&#8220;<\/span><\/span><\/span><\/article><article class='slide-entry flex_column  post-entry post-entry-1998 slide-entry-overview slide-loop-51 slide-parity-odd  av_one_fourth  real-thumbnail posttype-post post-format-standard'  itemscope=\"itemscope\" itemtype=\"https:\/\/schema.org\/CreativeWork\" ><a href='https:\/\/www.courage-beratung.at\/en\/2024\/02\/24\/projekt-5\/' data-rel='slide-1' class='slide-image' title='Erstes Queeres Bildungszentrum \u00d6sterreichs er\u00f6ffnet'><img decoding=\"async\" fetchpriority=\"high\" width=\"260\" height=\"185\" src=\"https:\/\/www.courage-beratung.at\/wp-content\/uploads\/2024\/02\/36728615_XXL-260x185.jpg\" class=\"wp-image-2301 avia-img-lazy-loading-not-2301 attachment-portfolio_small size-portfolio_small wp-post-image\" alt=\"\" srcset=\"https:\/\/www.courage-beratung.at\/wp-content\/uploads\/2024\/02\/36728615_XXL-260x185.jpg 260w, https:\/\/www.courage-beratung.at\/wp-content\/uploads\/2024\/02\/36728615_XXL-18x12.jpg 18w\" sizes=\"(max-width: 260px) 100vw, 260px\" \/><\/a><div class=\"slide-content\"><header class=\"entry-content-header\" aria-label=\"Slide: Erstes Queeres Bildungszentrum \u00d6sterreichs er\u00f6ffnet\"><span class=\"blog-categories minor-meta\"><a href=\"https:\/\/www.courage-beratung.at\/en\/category\/allgemein\/\" rel=\"tag\">Allgemein<\/a> <\/span><h3 class='slide-entry-title entry-title'  itemprop=\"headline\" ><a href='https:\/\/www.courage-beratung.at\/en\/2024\/02\/24\/projekt-5\/' title='Erstes Queeres Bildungszentrum \u00d6sterreichs er\u00f6ffnet'>Erstes Queeres Bildungszentrum \u00d6sterreichs er\u00f6ffnet<\/a><\/h3><span class=\"av-vertical-delimiter\"><\/span><\/header><div class='slide-entry-excerpt entry-content'  itemprop=\"text\" >Am 12. Oktober 2023 um 18.00 Uhr er\u00f6ffneten die Beratungsstellen Courage und die \u00d6sterreichische Gesellschaft f\u00fcr Sexualwissenschaften gemeinsam mit Vizeb\u00fcrgermeister Christoph Wiederkehr, MA, Stadtrat f\u00fcr Bildung, Jugend, Integration und Transparenz, feierlich das \u00f6sterreichweit   erste Queere Bildungszentrum.<div class=\"read-more-link\"><a href=\"https:\/\/www.courage-beratung.at\/en\/2024\/02\/24\/projekt-5\/\" class=\"more-link\">Read more<span class='more-link-arrow avia-svg-icon avia-font-svg_entypo-fontello' data-av_svg_icon='right-open-big' data-av_iconset='svg_entypo-fontello'><svg version=\"1.1\" xmlns=\"http:\/\/www.w3.org\/2000\/svg\" width=\"15\" height=\"32\" viewbox=\"0 0 15 32\" preserveaspectratio=\"xMidYMid meet\" role=\"graphics-symbol\" aria-hidden=\"true\">\n<path d=\"M0.416 27.84l11.456-11.84-11.456-11.904q-0.832-0.832 0-1.536 0.832-0.832 1.536 0l12.544 12.608q0.768 0.832 0 1.6l-12.544 12.608q-0.704 0.832-1.536 0-0.832-0.704 0-1.536z\"><\/path>\n<\/svg><\/span><\/a><\/div><\/div><\/div><footer class=\"entry-footer\"><div class=\"slide-meta\"><time class='slide-meta-time updated'  itemprop=\"datePublished\" datetime=\"2024-02-24T14:07:30+01:00\" >24. February 2024<\/time><\/div><\/footer><span class='hidden'>\n\t\t\t\t<span class='av-structured-data'  itemprop=\"image\" itemscope=\"itemscope\" itemtype=\"https:\/\/schema.org\/ImageObject\" >\n\t\t\t\t\t\t<span itemprop='url'>https:\/\/www.courage-beratung.at\/wp-content\/uploads\/2024\/02\/36728615_XXL.jpg<\/span>\n\t\t\t\t\t\t<span itemprop='height'>1365<\/span>\n\t\t\t\t\t\t<span itemprop='width'>2048<\/span>\n\t\t\t\t<\/span>\n\t\t\t\t<span class='av-structured-data'  itemprop=\"publisher\" itemtype=\"https:\/\/schema.org\/Organization\" itemscope=\"itemscope\" >\n\t\t\t\t\t\t<span itemprop='name'>Vincent<\/span>\n\t\t\t\t\t\t<span itemprop='logo' itemscope itemtype='https:\/\/schema.org\/ImageObject'>\n\t\t\t\t\t\t\t<span itemprop='url'>https:\/\/www.courage-beratung.at\/wp-content\/uploads\/2023\/12\/COURAGE_LOGO_WEB_2022_RGB.svg<\/span>\n\t\t\t\t\t\t<\/span>\n\t\t\t\t<\/span><span class='av-structured-data'  itemprop=\"author\" itemscope=\"itemscope\" itemtype=\"https:\/\/schema.org\/Person\" ><span itemprop='name'>Vincent<\/span><\/span><span class='av-structured-data'  itemprop=\"datePublished\" datetime=\"2023-06-03T08:03:02+02:00\" >2024-02-24 14:07:30<\/span><span class='av-structured-data'  itemprop=\"dateModified\" itemtype=\"https:\/\/schema.org\/dateModified\" >2024-03-08 12:15:43<\/span><span class='av-structured-data'  itemprop=\"mainEntityOfPage\" itemtype=\"https:\/\/schema.org\/mainEntityOfPage\" ><span itemprop='name'>Erstes Queeres Bildungszentrum \u00d6sterreichs er\u00f6ffnet<\/span><\/span><\/span><\/article><article class='slide-entry flex_column  post-entry post-entry-2401 slide-entry-overview slide-loop-52 slide-parity-even  av_one_fourth  real-thumbnail posttype-post post-format-standard'  itemscope=\"itemscope\" itemtype=\"https:\/\/schema.org\/CreativeWork\" ><a href='https:\/\/www.courage-beratung.at\/en\/2023\/10\/15\/ausgebucht-trans-und-nicht-binare-personen-und-ihre-angehorigen-in-der-beratung-psychotherapie\/' data-rel='slide-1' class='slide-image' title='Sexualit\u00e4t und Sexuelle Bildung in einer transkulturellen Gesellschaft'><img decoding=\"async\" fetchpriority=\"high\" width=\"260\" height=\"185\" src=\"https:\/\/www.courage-beratung.at\/wp-content\/uploads\/2024\/03\/5a2449b0ab5bc9c9f004e818b8b4db7d-260x185.jpg\" class=\"wp-image-2403 avia-img-lazy-loading-not-2403 attachment-portfolio_small size-portfolio_small wp-post-image\" alt=\"\" srcset=\"https:\/\/www.courage-beratung.at\/wp-content\/uploads\/2024\/03\/5a2449b0ab5bc9c9f004e818b8b4db7d-260x185.jpg 260w, https:\/\/www.courage-beratung.at\/wp-content\/uploads\/2024\/03\/5a2449b0ab5bc9c9f004e818b8b4db7d-18x12.jpg 18w\" sizes=\"(max-width: 260px) 100vw, 260px\" \/><\/a><div class=\"slide-content\"><header class=\"entry-content-header\" aria-label=\"Slide: Sexualit\u00e4t und Sexuelle Bildung in einer transkulturellen Gesellschaft\"><span class=\"blog-categories minor-meta\"><a href=\"https:\/\/www.courage-beratung.at\/en\/category\/seminare\/\" rel=\"tag\">Seminare<\/a> <\/span><h3 class='slide-entry-title entry-title'  itemprop=\"headline\" ><a href='https:\/\/www.courage-beratung.at\/en\/2023\/10\/15\/ausgebucht-trans-und-nicht-binare-personen-und-ihre-angehorigen-in-der-beratung-psychotherapie\/' title='Sexualit\u00e4t und Sexuelle Bildung in einer transkulturellen Gesellschaft'>Sexualit\u00e4t und Sexuelle Bildung in einer transkulturellen Gesellschaft<\/a><\/h3><span class=\"av-vertical-delimiter\"><\/span><\/header><div class='slide-entry-excerpt entry-content'  itemprop=\"text\" >In diesem Seminar besch\u00e4ftigen wir uns mit den vielf\u00e4ltigen Einfl\u00fcssen, die Kulturen und Religionen\nauf Sexualit\u00e4t und Beziehungen haben k\u00f6nnen, und wie damit in der Sexuellen Bildung umgegangen\nwerden kann.<div class=\"read-more-link\"><a href=\"https:\/\/www.courage-beratung.at\/en\/2023\/10\/15\/ausgebucht-trans-und-nicht-binare-personen-und-ihre-angehorigen-in-der-beratung-psychotherapie\/\" class=\"more-link\">Read more<span class='more-link-arrow avia-svg-icon avia-font-svg_entypo-fontello' data-av_svg_icon='right-open-big' data-av_iconset='svg_entypo-fontello'><svg version=\"1.1\" xmlns=\"http:\/\/www.w3.org\/2000\/svg\" width=\"15\" height=\"32\" viewbox=\"0 0 15 32\" preserveaspectratio=\"xMidYMid meet\" role=\"graphics-symbol\" aria-hidden=\"true\">\n<path d=\"M0.416 27.84l11.456-11.84-11.456-11.904q-0.832-0.832 0-1.536 0.832-0.832 1.536 0l12.544 12.608q0.768 0.832 0 1.6l-12.544 12.608q-0.704 0.832-1.536 0-0.832-0.704 0-1.536z\"><\/path>\n<\/svg><\/span><\/a><\/div><\/div><\/div><footer class=\"entry-footer\"><div class=\"slide-meta\"><time class='slide-meta-time updated'  itemprop=\"datePublished\" datetime=\"2023-10-15T09:35:00+02:00\" >15. October 2023<\/time><\/div><\/footer><span class='hidden'>\n\t\t\t\t<span class='av-structured-data'  itemprop=\"image\" itemscope=\"itemscope\" itemtype=\"https:\/\/schema.org\/ImageObject\" >\n\t\t\t\t\t\t<span itemprop='url'>https:\/\/www.courage-beratung.at\/wp-content\/uploads\/2024\/03\/5a2449b0ab5bc9c9f004e818b8b4db7d.jpg<\/span>\n\t\t\t\t\t\t<span itemprop='height'>419<\/span>\n\t\t\t\t\t\t<span itemprop='width'>680<\/span>\n\t\t\t\t<\/span>\n\t\t\t\t<span class='av-structured-data'  itemprop=\"publisher\" itemtype=\"https:\/\/schema.org\/Organization\" itemscope=\"itemscope\" >\n\t\t\t\t\t\t<span itemprop='name'>Vincent<\/span>\n\t\t\t\t\t\t<span itemprop='logo' itemscope itemtype='https:\/\/schema.org\/ImageObject'>\n\t\t\t\t\t\t\t<span itemprop='url'>https:\/\/www.courage-beratung.at\/wp-content\/uploads\/2023\/12\/COURAGE_LOGO_WEB_2022_RGB.svg<\/span>\n\t\t\t\t\t\t<\/span>\n\t\t\t\t<\/span><span class='av-structured-data'  itemprop=\"author\" itemscope=\"itemscope\" itemtype=\"https:\/\/schema.org\/Person\" ><span itemprop='name'>Vincent<\/span><\/span><span class='av-structured-data'  itemprop=\"datePublished\" datetime=\"2023-06-03T08:03:02+02:00\" >2023-10-15 09:35:00<\/span><span class='av-structured-data'  itemprop=\"dateModified\" itemtype=\"https:\/\/schema.org\/dateModified\" >2024-03-14 13:50:57<\/span><span class='av-structured-data'  itemprop=\"mainEntityOfPage\" itemtype=\"https:\/\/schema.org\/mainEntityOfPage\" ><span itemprop='name'>Sexualit\u00e4t und Sexuelle Bildung in einer transkulturellen Gesellschaft<\/span><\/span><\/span><\/article><\/div><div class=\"slide-entry-wrap\"><article class='slide-entry flex_column  post-entry post-entry-2405 slide-entry-overview slide-loop-53 slide-parity-odd  av_one_fourth first real-thumbnail posttype-post post-format-standard'  itemscope=\"itemscope\" itemtype=\"https:\/\/schema.org\/CreativeWork\" ><a href='https:\/\/www.courage-beratung.at\/en\/2023\/10\/02\/sexualitat-und-sexuelle-bildung-in-einer-transkulturellen-gesellschaft\/' data-rel='slide-1' class='slide-image' title='Kompetenzentwicklung in der Beratungsarbeit im Kontext von ChemSex und sexualisierter Substanzkonsum'><img decoding=\"async\" fetchpriority=\"high\" width=\"260\" height=\"185\" src=\"https:\/\/www.courage-beratung.at\/wp-content\/uploads\/2024\/03\/chemsex_RS-260x185.jpg\" class=\"wp-image-2407 avia-img-lazy-loading-not-2407 attachment-portfolio_small size-portfolio_small wp-post-image\" alt=\"\" srcset=\"https:\/\/www.courage-beratung.at\/wp-content\/uploads\/2024\/03\/chemsex_RS-260x185.jpg 260w, https:\/\/www.courage-beratung.at\/wp-content\/uploads\/2024\/03\/chemsex_RS-18x12.jpg 18w\" sizes=\"(max-width: 260px) 100vw, 260px\" \/><\/a><div class=\"slide-content\"><header class=\"entry-content-header\" aria-label=\"Slide: Kompetenzentwicklung in der Beratungsarbeit im Kontext von ChemSex und sexualisierter Substanzkonsum\"><span class=\"blog-categories minor-meta\"><a href=\"https:\/\/www.courage-beratung.at\/en\/category\/seminare\/\" rel=\"tag\">Seminare<\/a> <\/span><h3 class='slide-entry-title entry-title'  itemprop=\"headline\" ><a href='https:\/\/www.courage-beratung.at\/en\/2023\/10\/02\/sexualitat-und-sexuelle-bildung-in-einer-transkulturellen-gesellschaft\/' title='Kompetenzentwicklung in der Beratungsarbeit im Kontext von ChemSex und sexualisierter Substanzkonsum'>Kompetenzentwicklung in der Beratungsarbeit im Kontext von ChemSex und sexualisierter Substanzkonsum<\/a><\/h3><span class=\"av-vertical-delimiter\"><\/span><\/header><div class='slide-entry-excerpt entry-content'  itemprop=\"text\" >Diskriminierungs- und Ausgrenzungserfahrungen ist noch immer ein Bestandteil von vielen LGBTIQ+. Diese Erfahrungen wirken sich auf die Leben von Betroffenen aus. Hieraus resultieren h\u00e4ufig spezifische Beratungsbedarfe.<div class=\"read-more-link\"><a href=\"https:\/\/www.courage-beratung.at\/en\/2023\/10\/02\/sexualitat-und-sexuelle-bildung-in-einer-transkulturellen-gesellschaft\/\" class=\"more-link\">Read more<span class='more-link-arrow avia-svg-icon avia-font-svg_entypo-fontello' data-av_svg_icon='right-open-big' data-av_iconset='svg_entypo-fontello'><svg version=\"1.1\" xmlns=\"http:\/\/www.w3.org\/2000\/svg\" width=\"15\" height=\"32\" viewbox=\"0 0 15 32\" preserveaspectratio=\"xMidYMid meet\" role=\"graphics-symbol\" aria-hidden=\"true\">\n<path d=\"M0.416 27.84l11.456-11.84-11.456-11.904q-0.832-0.832 0-1.536 0.832-0.832 1.536 0l12.544 12.608q0.768 0.832 0 1.6l-12.544 12.608q-0.704 0.832-1.536 0-0.832-0.704 0-1.536z\"><\/path>\n<\/svg><\/span><\/a><\/div><\/div><\/div><footer class=\"entry-footer\"><div class=\"slide-meta\"><time class='slide-meta-time updated'  itemprop=\"datePublished\" datetime=\"2023-10-02T10:00:00+02:00\" >2. October 2023<\/time><\/div><\/footer><span class='hidden'>\n\t\t\t\t<span class='av-structured-data'  itemprop=\"image\" itemscope=\"itemscope\" itemtype=\"https:\/\/schema.org\/ImageObject\" >\n\t\t\t\t\t\t<span itemprop='url'>https:\/\/www.courage-beratung.at\/wp-content\/uploads\/2024\/03\/chemsex_RS.jpg<\/span>\n\t\t\t\t\t\t<span itemprop='height'>534<\/span>\n\t\t\t\t\t\t<span itemprop='width'>800<\/span>\n\t\t\t\t<\/span>\n\t\t\t\t<span class='av-structured-data'  itemprop=\"publisher\" itemtype=\"https:\/\/schema.org\/Organization\" itemscope=\"itemscope\" >\n\t\t\t\t\t\t<span itemprop='name'>Vincent<\/span>\n\t\t\t\t\t\t<span itemprop='logo' itemscope itemtype='https:\/\/schema.org\/ImageObject'>\n\t\t\t\t\t\t\t<span itemprop='url'>https:\/\/www.courage-beratung.at\/wp-content\/uploads\/2023\/12\/COURAGE_LOGO_WEB_2022_RGB.svg<\/span>\n\t\t\t\t\t\t<\/span>\n\t\t\t\t<\/span><span class='av-structured-data'  itemprop=\"author\" itemscope=\"itemscope\" itemtype=\"https:\/\/schema.org\/Person\" ><span itemprop='name'>Vincent<\/span><\/span><span class='av-structured-data'  itemprop=\"datePublished\" datetime=\"2023-06-03T08:03:02+02:00\" >2023-10-02 10:00:00<\/span><span class='av-structured-data'  itemprop=\"dateModified\" itemtype=\"https:\/\/schema.org\/dateModified\" >2024-03-14 13:43:47<\/span><span class='av-structured-data'  itemprop=\"mainEntityOfPage\" itemtype=\"https:\/\/schema.org\/mainEntityOfPage\" ><span itemprop='name'>Kompetenzentwicklung in der Beratungsarbeit im Kontext von ChemSex und sexualisierter Substanzkonsum<\/span><\/span><\/span><\/article><article class='slide-entry flex_column  post-entry post-entry-2397 slide-entry-overview slide-loop-54 slide-parity-even  av_one_fourth  real-thumbnail posttype-post post-format-standard'  itemscope=\"itemscope\" itemtype=\"https:\/\/schema.org\/CreativeWork\" ><a href='https:\/\/www.courage-beratung.at\/en\/2023\/10\/01\/die-beratungsstelle-courage-linz-sucht-administratorin-koordinatorin\/' data-rel='slide-1' class='slide-image' title='Trans* und nicht-bin\u00e4re Personen und ihre Angeh\u00f6rigen in der Beratung\/ Psychotherapie'><img decoding=\"async\" fetchpriority=\"high\" width=\"260\" height=\"185\" src=\"https:\/\/www.courage-beratung.at\/wp-content\/uploads\/2024\/03\/stsmall507x507-pad600x600f8f8f8-260x185.jpg\" class=\"wp-image-2399 avia-img-lazy-loading-not-2399 attachment-portfolio_small size-portfolio_small wp-post-image\" alt=\"\" srcset=\"https:\/\/www.courage-beratung.at\/wp-content\/uploads\/2024\/03\/stsmall507x507-pad600x600f8f8f8-260x185.jpg 260w, https:\/\/www.courage-beratung.at\/wp-content\/uploads\/2024\/03\/stsmall507x507-pad600x600f8f8f8-600x430.jpg 600w\" sizes=\"(max-width: 260px) 100vw, 260px\" \/><\/a><div class=\"slide-content\"><header class=\"entry-content-header\" aria-label=\"Slide: Trans* und nicht-bin\u00e4re Personen und ihre Angeh\u00f6rigen in der Beratung\/ Psychotherapie\"><span class=\"blog-categories minor-meta\"><a href=\"https:\/\/www.courage-beratung.at\/en\/category\/seminare\/\" rel=\"tag\">Seminare<\/a> <\/span><h3 class='slide-entry-title entry-title'  itemprop=\"headline\" ><a href='https:\/\/www.courage-beratung.at\/en\/2023\/10\/01\/die-beratungsstelle-courage-linz-sucht-administratorin-koordinatorin\/' title='Trans* und nicht-bin\u00e4re Personen und ihre Angeh\u00f6rigen in der Beratung\/ Psychotherapie'>Trans* und nicht-bin\u00e4re Personen und ihre Angeh\u00f6rigen in der Beratung\/ Psychotherapie<\/a><\/h3><span class=\"av-vertical-delimiter\"><\/span><\/header><div class='slide-entry-excerpt entry-content'  itemprop=\"text\" >Trans*Gender, Trans*Identit\u00e4ten, Gender*Fluid, Nonbinary*Gender, Gender*Dysphorie, Gender* Inkongruenz\u2026 Alle diese Begriffe bezeichnen Personen, die in unterschiedlichster Weise nicht den g\u00e4ngigen Vorstellungen von Geschlecht und\/oder Geschlechts*Identit\u00e4t folgen k\u00f6nnen bzw. folgen wollen, sondern andere Wege gehen.\n<div class=\"read-more-link\"><a href=\"https:\/\/www.courage-beratung.at\/en\/2023\/10\/01\/die-beratungsstelle-courage-linz-sucht-administratorin-koordinatorin\/\" class=\"more-link\">Read more<span class='more-link-arrow avia-svg-icon avia-font-svg_entypo-fontello' data-av_svg_icon='right-open-big' data-av_iconset='svg_entypo-fontello'><svg version=\"1.1\" xmlns=\"http:\/\/www.w3.org\/2000\/svg\" width=\"15\" height=\"32\" viewbox=\"0 0 15 32\" preserveaspectratio=\"xMidYMid meet\" role=\"graphics-symbol\" aria-hidden=\"true\">\n<path d=\"M0.416 27.84l11.456-11.84-11.456-11.904q-0.832-0.832 0-1.536 0.832-0.832 1.536 0l12.544 12.608q0.768 0.832 0 1.6l-12.544 12.608q-0.704 0.832-1.536 0-0.832-0.704 0-1.536z\"><\/path>\n<\/svg><\/span><\/a><\/div><\/div><\/div><footer class=\"entry-footer\"><div class=\"slide-meta\"><time class='slide-meta-time updated'  itemprop=\"datePublished\" datetime=\"2023-10-01T09:19:00+02:00\" >1. October 2023<\/time><\/div><\/footer><span class='hidden'>\n\t\t\t\t<span class='av-structured-data'  itemprop=\"image\" itemscope=\"itemscope\" itemtype=\"https:\/\/schema.org\/ImageObject\" >\n\t\t\t\t\t\t<span itemprop='url'>https:\/\/www.courage-beratung.at\/wp-content\/uploads\/2024\/03\/stsmall507x507-pad600x600f8f8f8.jpg<\/span>\n\t\t\t\t\t\t<span itemprop='height'>600<\/span>\n\t\t\t\t\t\t<span itemprop='width'>600<\/span>\n\t\t\t\t<\/span>\n\t\t\t\t<span class='av-structured-data'  itemprop=\"publisher\" itemtype=\"https:\/\/schema.org\/Organization\" itemscope=\"itemscope\" >\n\t\t\t\t\t\t<span itemprop='name'>Vincent<\/span>\n\t\t\t\t\t\t<span itemprop='logo' itemscope itemtype='https:\/\/schema.org\/ImageObject'>\n\t\t\t\t\t\t\t<span itemprop='url'>https:\/\/www.courage-beratung.at\/wp-content\/uploads\/2023\/12\/COURAGE_LOGO_WEB_2022_RGB.svg<\/span>\n\t\t\t\t\t\t<\/span>\n\t\t\t\t<\/span><span class='av-structured-data'  itemprop=\"author\" itemscope=\"itemscope\" itemtype=\"https:\/\/schema.org\/Person\" ><span itemprop='name'>Vincent<\/span><\/span><span class='av-structured-data'  itemprop=\"datePublished\" datetime=\"2023-06-03T08:03:02+02:00\" >2023-10-01 09:19:00<\/span><span class='av-structured-data'  itemprop=\"dateModified\" itemtype=\"https:\/\/schema.org\/dateModified\" >2024-03-14 13:42:46<\/span><span class='av-structured-data'  itemprop=\"mainEntityOfPage\" itemtype=\"https:\/\/schema.org\/mainEntityOfPage\" ><span itemprop='name'>Trans* und nicht-bin\u00e4re Personen und ihre Angeh\u00f6rigen in der Beratung\/ Psychotherapie<\/span><\/span><\/span><\/article><article class='slide-entry flex_column  post-entry post-entry-1971 slide-entry-overview slide-loop-55 slide-parity-odd  av_one_fourth  real-thumbnail posttype-post post-format-standard'  itemscope=\"itemscope\" itemtype=\"https:\/\/schema.org\/CreativeWork\" ><a href='https:\/\/www.courage-beratung.at\/en\/2023\/02\/24\/projekt-3\/' data-rel='slide-1' class='slide-image' title='Young Trans*Inter*Camp 2023'><img decoding=\"async\" fetchpriority=\"high\" width=\"260\" height=\"185\" src=\"https:\/\/www.courage-beratung.at\/wp-content\/uploads\/2024\/02\/17508179-260x185.jpg\" class=\"wp-image-2466 avia-img-lazy-loading-not-2466 attachment-portfolio_small size-portfolio_small wp-post-image\" alt=\"\" srcset=\"https:\/\/www.courage-beratung.at\/wp-content\/uploads\/2024\/02\/17508179-260x185.jpg 260w, https:\/\/www.courage-beratung.at\/wp-content\/uploads\/2024\/02\/17508179-18x12.jpg 18w\" sizes=\"(max-width: 260px) 100vw, 260px\" \/><\/a><div class=\"slide-content\"><header class=\"entry-content-header\" aria-label=\"Slide: Young Trans*Inter*Camp 2023\"><span class=\"blog-categories minor-meta\"><a href=\"https:\/\/www.courage-beratung.at\/en\/category\/projekte\/\" rel=\"tag\">Projekte<\/a> <\/span><h3 class='slide-entry-title entry-title'  itemprop=\"headline\" ><a href='https:\/\/www.courage-beratung.at\/en\/2023\/02\/24\/projekt-3\/' title='Young Trans*Inter*Camp 2023'>Young Trans*Inter*Camp 2023<\/a><\/h3><span class=\"av-vertical-delimiter\"><\/span><\/header><div class='slide-entry-excerpt entry-content'  itemprop=\"text\" >Vom 19.Juli 2022 \u2013 23.Juli 2022\n\nfindet erneut das Young Trans*Inter*Camp f\u00fcr Kinder und Jugendliche zwischen 10 und 22 Jahren statt. Heuer werden wir im Jufa in Bleiburg\/K\u00e4rnten sein. Ihr k\u00f6nnt euch ab jetzt daf\u00fcr anmelden. Die Anmeldung ist fix sobald der Campbeitrag bezahlt ist.<div class=\"read-more-link\"><a href=\"https:\/\/www.courage-beratung.at\/en\/2023\/02\/24\/projekt-3\/\" class=\"more-link\">Read more<span class='more-link-arrow avia-svg-icon avia-font-svg_entypo-fontello' data-av_svg_icon='right-open-big' data-av_iconset='svg_entypo-fontello'><svg version=\"1.1\" xmlns=\"http:\/\/www.w3.org\/2000\/svg\" width=\"15\" height=\"32\" viewbox=\"0 0 15 32\" preserveaspectratio=\"xMidYMid meet\" role=\"graphics-symbol\" aria-hidden=\"true\">\n<path d=\"M0.416 27.84l11.456-11.84-11.456-11.904q-0.832-0.832 0-1.536 0.832-0.832 1.536 0l12.544 12.608q0.768 0.832 0 1.6l-12.544 12.608q-0.704 0.832-1.536 0-0.832-0.704 0-1.536z\"><\/path>\n<\/svg><\/span><\/a><\/div><\/div><\/div><footer class=\"entry-footer\"><div class=\"slide-meta\"><time class='slide-meta-time updated'  itemprop=\"datePublished\" datetime=\"2023-02-24T10:44:00+01:00\" >24. February 2023<\/time><\/div><\/footer><span class='hidden'>\n\t\t\t\t<span class='av-structured-data'  itemprop=\"image\" itemscope=\"itemscope\" itemtype=\"https:\/\/schema.org\/ImageObject\" >\n\t\t\t\t\t\t<span itemprop='url'>https:\/\/www.courage-beratung.at\/wp-content\/uploads\/2024\/02\/17508179.jpg<\/span>\n\t\t\t\t\t\t<span itemprop='height'>683<\/span>\n\t\t\t\t\t\t<span itemprop='width'>1024<\/span>\n\t\t\t\t<\/span>\n\t\t\t\t<span class='av-structured-data'  itemprop=\"publisher\" itemtype=\"https:\/\/schema.org\/Organization\" itemscope=\"itemscope\" >\n\t\t\t\t\t\t<span itemprop='name'>Vincent<\/span>\n\t\t\t\t\t\t<span itemprop='logo' itemscope itemtype='https:\/\/schema.org\/ImageObject'>\n\t\t\t\t\t\t\t<span itemprop='url'>https:\/\/www.courage-beratung.at\/wp-content\/uploads\/2023\/12\/COURAGE_LOGO_WEB_2022_RGB.svg<\/span>\n\t\t\t\t\t\t<\/span>\n\t\t\t\t<\/span><span class='av-structured-data'  itemprop=\"author\" itemscope=\"itemscope\" itemtype=\"https:\/\/schema.org\/Person\" ><span itemprop='name'>Vincent<\/span><\/span><span class='av-structured-data'  itemprop=\"datePublished\" datetime=\"2023-06-03T08:03:02+02:00\" >2023-02-24 10:44:00<\/span><span class='av-structured-data'  itemprop=\"dateModified\" itemtype=\"https:\/\/schema.org\/dateModified\" >2024-03-18 16:02:28<\/span><span class='av-structured-data'  itemprop=\"mainEntityOfPage\" itemtype=\"https:\/\/schema.org\/mainEntityOfPage\" ><span itemprop='name'>Young Trans*Inter*Camp 2023<\/span><\/span><\/span><\/article><article class='slide-entry flex_column  post-entry post-entry-2415 slide-entry-overview slide-loop-56 slide-parity-even  av_one_fourth  real-thumbnail posttype-post post-format-standard'  itemscope=\"itemscope\" itemtype=\"https:\/\/schema.org\/CreativeWork\" ><a href='https:\/\/www.courage-beratung.at\/en\/2022\/09\/01\/substanzkonsum-im-kontext-von-lgbtiq-sexualisierter-substanzkonsum-und-chemsex\/' data-rel='slide-1' class='slide-image' title='Sexualit\u00e4t in Beratung und Psychotherapie'><img decoding=\"async\" fetchpriority=\"high\" width=\"260\" height=\"185\" src=\"https:\/\/www.courage-beratung.at\/wp-content\/uploads\/2024\/03\/lgbtq-flag-puzzle-1628776797-hero-260x185.jpg\" class=\"wp-image-2417 avia-img-lazy-loading-not-2417 attachment-portfolio_small size-portfolio_small wp-post-image\" alt=\"\" srcset=\"https:\/\/www.courage-beratung.at\/wp-content\/uploads\/2024\/03\/lgbtq-flag-puzzle-1628776797-hero-260x185.jpg 260w, https:\/\/www.courage-beratung.at\/wp-content\/uploads\/2024\/03\/lgbtq-flag-puzzle-1628776797-hero-18x12.jpg 18w\" sizes=\"(max-width: 260px) 100vw, 260px\" \/><\/a><div class=\"slide-content\"><header class=\"entry-content-header\" aria-label=\"Slide: Sexualit\u00e4t in Beratung und Psychotherapie\"><span class=\"blog-categories minor-meta\"><a href=\"https:\/\/www.courage-beratung.at\/en\/category\/seminare\/\" rel=\"tag\">Seminare<\/a> <\/span><h3 class='slide-entry-title entry-title'  itemprop=\"headline\" ><a href='https:\/\/www.courage-beratung.at\/en\/2022\/09\/01\/substanzkonsum-im-kontext-von-lgbtiq-sexualisierter-substanzkonsum-und-chemsex\/' title='Sexualit\u00e4t in Beratung und Psychotherapie'>Sexualit\u00e4t in Beratung und Psychotherapie<\/a><\/h3><span class=\"av-vertical-delimiter\"><\/span><\/header><div class='slide-entry-excerpt entry-content'  itemprop=\"text\" >Sexuelle Unsicherheiten, Probleme und St\u00f6rungen sind f\u00fcr Klient*innen in den unterschiedlichen Lebensphasen oft enorm belastend und f\u00fchren nicht selten zu starken seelischen Verstimmungen, depressiven Episoden, Angstzust\u00e4nden, Panikattacken, S\u00fcchten, exzessiven Internetverhalten, Trennungen, Perversionen bis hin zu suizidalen Gedanken.<div class=\"read-more-link\"><a href=\"https:\/\/www.courage-beratung.at\/en\/2022\/09\/01\/substanzkonsum-im-kontext-von-lgbtiq-sexualisierter-substanzkonsum-und-chemsex\/\" class=\"more-link\">Read more<span class='more-link-arrow avia-svg-icon avia-font-svg_entypo-fontello' data-av_svg_icon='right-open-big' data-av_iconset='svg_entypo-fontello'><svg version=\"1.1\" xmlns=\"http:\/\/www.w3.org\/2000\/svg\" width=\"15\" height=\"32\" viewbox=\"0 0 15 32\" preserveaspectratio=\"xMidYMid meet\" role=\"graphics-symbol\" aria-hidden=\"true\">\n<path d=\"M0.416 27.84l11.456-11.84-11.456-11.904q-0.832-0.832 0-1.536 0.832-0.832 1.536 0l12.544 12.608q0.768 0.832 0 1.6l-12.544 12.608q-0.704 0.832-1.536 0-0.832-0.704 0-1.536z\"><\/path>\n<\/svg><\/span><\/a><\/div><\/div><\/div><footer class=\"entry-footer\"><div class=\"slide-meta\"><time class='slide-meta-time updated'  itemprop=\"datePublished\" datetime=\"2022-09-01T12:30:00+02:00\" >1. September 2022<\/time><\/div><\/footer><span class='hidden'>\n\t\t\t\t<span class='av-structured-data'  itemprop=\"image\" itemscope=\"itemscope\" itemtype=\"https:\/\/schema.org\/ImageObject\" >\n\t\t\t\t\t\t<span itemprop='url'>https:\/\/www.courage-beratung.at\/wp-content\/uploads\/2024\/03\/lgbtq-flag-puzzle-1628776797-hero.jpg<\/span>\n\t\t\t\t\t\t<span itemprop='height'>500<\/span>\n\t\t\t\t\t\t<span itemprop='width'>812<\/span>\n\t\t\t\t<\/span>\n\t\t\t\t<span class='av-structured-data'  itemprop=\"publisher\" itemtype=\"https:\/\/schema.org\/Organization\" itemscope=\"itemscope\" >\n\t\t\t\t\t\t<span itemprop='name'>Vincent<\/span>\n\t\t\t\t\t\t<span itemprop='logo' itemscope itemtype='https:\/\/schema.org\/ImageObject'>\n\t\t\t\t\t\t\t<span itemprop='url'>https:\/\/www.courage-beratung.at\/wp-content\/uploads\/2023\/12\/COURAGE_LOGO_WEB_2022_RGB.svg<\/span>\n\t\t\t\t\t\t<\/span>\n\t\t\t\t<\/span><span class='av-structured-data'  itemprop=\"author\" itemscope=\"itemscope\" itemtype=\"https:\/\/schema.org\/Person\" ><span itemprop='name'>Vincent<\/span><\/span><span class='av-structured-data'  itemprop=\"datePublished\" datetime=\"2023-06-03T08:03:02+02:00\" >2022-09-01 12:30:00<\/span><span class='av-structured-data'  itemprop=\"dateModified\" itemtype=\"https:\/\/schema.org\/dateModified\" >2024-03-14 13:47:02<\/span><span class='av-structured-data'  itemprop=\"mainEntityOfPage\" itemtype=\"https:\/\/schema.org\/mainEntityOfPage\" ><span itemprop='name'>Sexualit\u00e4t in Beratung und Psychotherapie<\/span><\/span><\/span><\/article><\/div><div class=\"slide-entry-wrap\"><article class='slide-entry flex_column  post-entry post-entry-2411 slide-entry-overview slide-loop-57 slide-parity-odd  av_one_fourth first real-thumbnail posttype-post post-format-standard'  itemscope=\"itemscope\" itemtype=\"https:\/\/schema.org\/CreativeWork\" ><a href='https:\/\/www.courage-beratung.at\/en\/2022\/07\/14\/kompetenzentwicklung-in-der-beratungsarbeit-im-kontext-von-chemsex-und-sexualisierter-substanzkonsum\/' data-rel='slide-1' class='slide-image' title='Substanzkonsum im Kontext von LGBTIQ+, sexualisierter Substanzkonsum und ChemSex'><img decoding=\"async\" fetchpriority=\"high\" width=\"260\" height=\"185\" src=\"https:\/\/www.courage-beratung.at\/wp-content\/uploads\/2024\/03\/image-260x185.jpg\" class=\"wp-image-2413 avia-img-lazy-loading-not-2413 attachment-portfolio_small size-portfolio_small wp-post-image\" alt=\"\" \/><\/a><div class=\"slide-content\"><header class=\"entry-content-header\" aria-label=\"Slide: Substanzkonsum im Kontext von LGBTIQ+, sexualisierter Substanzkonsum und ChemSex\"><span class=\"blog-categories minor-meta\"><a href=\"https:\/\/www.courage-beratung.at\/en\/category\/seminare\/\" rel=\"tag\">Seminare<\/a> <\/span><h3 class='slide-entry-title entry-title'  itemprop=\"headline\" ><a href='https:\/\/www.courage-beratung.at\/en\/2022\/07\/14\/kompetenzentwicklung-in-der-beratungsarbeit-im-kontext-von-chemsex-und-sexualisierter-substanzkonsum\/' title='Substanzkonsum im Kontext von LGBTIQ+, sexualisierter Substanzkonsum und ChemSex'>Substanzkonsum im Kontext von LGBTIQ+, sexualisierter Substanzkonsum und ChemSex<\/a><\/h3><span class=\"av-vertical-delimiter\"><\/span><\/header><div class='slide-entry-excerpt entry-content'  itemprop=\"text\" >Diskriminierungs- und Ausgrenzungserfahrungen ist noch immer ein Bestandteil von vielen LGBTIQ+. Diese Erfahrungen wirken sich auf die Leben von Betroffenen aus. Hieraus resultieren h\u00e4ufig spezifische Beratungsbedarfe.<div class=\"read-more-link\"><a href=\"https:\/\/www.courage-beratung.at\/en\/2022\/07\/14\/kompetenzentwicklung-in-der-beratungsarbeit-im-kontext-von-chemsex-und-sexualisierter-substanzkonsum\/\" class=\"more-link\">Read more<span class='more-link-arrow avia-svg-icon avia-font-svg_entypo-fontello' data-av_svg_icon='right-open-big' data-av_iconset='svg_entypo-fontello'><svg version=\"1.1\" xmlns=\"http:\/\/www.w3.org\/2000\/svg\" width=\"15\" height=\"32\" viewbox=\"0 0 15 32\" preserveaspectratio=\"xMidYMid meet\" role=\"graphics-symbol\" aria-hidden=\"true\">\n<path d=\"M0.416 27.84l11.456-11.84-11.456-11.904q-0.832-0.832 0-1.536 0.832-0.832 1.536 0l12.544 12.608q0.768 0.832 0 1.6l-12.544 12.608q-0.704 0.832-1.536 0-0.832-0.704 0-1.536z\"><\/path>\n<\/svg><\/span><\/a><\/div><\/div><\/div><footer class=\"entry-footer\"><div class=\"slide-meta\"><time class='slide-meta-time updated'  itemprop=\"datePublished\" datetime=\"2022-07-14T11:04:00+02:00\" >14. July 2022<\/time><\/div><\/footer><span class='hidden'>\n\t\t\t\t<span class='av-structured-data'  itemprop=\"image\" itemscope=\"itemscope\" itemtype=\"https:\/\/schema.org\/ImageObject\" >\n\t\t\t\t\t\t<span itemprop='url'>https:\/\/www.courage-beratung.at\/wp-content\/uploads\/2024\/03\/image.jpg<\/span>\n\t\t\t\t\t\t<span itemprop='height'>500<\/span>\n\t\t\t\t\t\t<span itemprop='width'>885<\/span>\n\t\t\t\t<\/span>\n\t\t\t\t<span class='av-structured-data'  itemprop=\"publisher\" itemtype=\"https:\/\/schema.org\/Organization\" itemscope=\"itemscope\" >\n\t\t\t\t\t\t<span itemprop='name'>Vincent<\/span>\n\t\t\t\t\t\t<span itemprop='logo' itemscope itemtype='https:\/\/schema.org\/ImageObject'>\n\t\t\t\t\t\t\t<span itemprop='url'>https:\/\/www.courage-beratung.at\/wp-content\/uploads\/2023\/12\/COURAGE_LOGO_WEB_2022_RGB.svg<\/span>\n\t\t\t\t\t\t<\/span>\n\t\t\t\t<\/span><span class='av-structured-data'  itemprop=\"author\" itemscope=\"itemscope\" itemtype=\"https:\/\/schema.org\/Person\" ><span itemprop='name'>Vincent<\/span><\/span><span class='av-structured-data'  itemprop=\"datePublished\" datetime=\"2023-06-03T08:03:02+02:00\" >2022-07-14 11:04:00<\/span><span class='av-structured-data'  itemprop=\"dateModified\" itemtype=\"https:\/\/schema.org\/dateModified\" >2024-03-14 13:46:50<\/span><span class='av-structured-data'  itemprop=\"mainEntityOfPage\" itemtype=\"https:\/\/schema.org\/mainEntityOfPage\" ><span itemprop='name'>Substanzkonsum im Kontext von LGBTIQ+, sexualisierter Substanzkonsum und ChemSex<\/span><\/span><\/span><\/article><article class='slide-entry flex_column  post-entry post-entry-1651 slide-entry-overview slide-loop-58 slide-parity-even  post-entry-last  av_one_fourth  real-thumbnail posttype-post post-format-standard'  itemscope=\"itemscope\" itemtype=\"https:\/\/schema.org\/CreativeWork\" ><a href='https:\/\/www.courage-beratung.at\/en\/2022\/02\/07\/projekt-1\/' data-rel='slide-1' class='slide-image' title='Young Trans*Inter*Camp 2022'><img decoding=\"async\" fetchpriority=\"high\" width=\"260\" height=\"185\" src=\"https:\/\/www.courage-beratung.at\/wp-content\/uploads\/2024\/02\/mur-murau-rathaus-sonnenschein-sommer-jufa-hotels-260x185.jpg\" class=\"wp-image-2470 avia-img-lazy-loading-not-2470 attachment-portfolio_small size-portfolio_small wp-post-image\" alt=\"\" srcset=\"https:\/\/www.courage-beratung.at\/wp-content\/uploads\/2024\/02\/mur-murau-rathaus-sonnenschein-sommer-jufa-hotels-260x185.jpg 260w, https:\/\/www.courage-beratung.at\/wp-content\/uploads\/2024\/02\/mur-murau-rathaus-sonnenschein-sommer-jufa-hotels-18x12.jpg 18w\" sizes=\"(max-width: 260px) 100vw, 260px\" \/><\/a><div class=\"slide-content\"><header class=\"entry-content-header\" aria-label=\"Slide: Young Trans*Inter*Camp 2022\"><span class=\"blog-categories minor-meta\"><a href=\"https:\/\/www.courage-beratung.at\/en\/category\/projekte\/\" rel=\"tag\">Projekte<\/a> <\/span><h3 class='slide-entry-title entry-title'  itemprop=\"headline\" ><a href='https:\/\/www.courage-beratung.at\/en\/2022\/02\/07\/projekt-1\/' title='Young Trans*Inter*Camp 2022'>Young Trans*Inter*Camp 2022<\/a><\/h3><span class=\"av-vertical-delimiter\"><\/span><\/header><div class='slide-entry-excerpt entry-content'  itemprop=\"text\" >Vom 13.Juli 2022 \u2013 17.Juli 2022\nfindet erneut das Young Trans*Inter*Camp f\u00fcr Kinder und Jugendliche zwischen 10 und 22 Jahren statt. Heuer werden wir im Jufa in Murau\/Steiermark sein. Ihr k\u00f6nnt euch ab jetzt daf\u00fcr anmelden. Die Anmeldung ist fix sobald der Campbeitrag bezahlt ist.<div class=\"read-more-link\"><a href=\"https:\/\/www.courage-beratung.at\/en\/2022\/02\/07\/projekt-1\/\" class=\"more-link\">Read more<span class='more-link-arrow avia-svg-icon avia-font-svg_entypo-fontello' data-av_svg_icon='right-open-big' data-av_iconset='svg_entypo-fontello'><svg version=\"1.1\" xmlns=\"http:\/\/www.w3.org\/2000\/svg\" width=\"15\" height=\"32\" viewbox=\"0 0 15 32\" preserveaspectratio=\"xMidYMid meet\" role=\"graphics-symbol\" aria-hidden=\"true\">\n<path d=\"M0.416 27.84l11.456-11.84-11.456-11.904q-0.832-0.832 0-1.536 0.832-0.832 1.536 0l12.544 12.608q0.768 0.832 0 1.6l-12.544 12.608q-0.704 0.832-1.536 0-0.832-0.704 0-1.536z\"><\/path>\n<\/svg><\/span><\/a><\/div><\/div><\/div><footer class=\"entry-footer\"><div class=\"slide-meta\"><time class='slide-meta-time updated'  itemprop=\"datePublished\" datetime=\"2022-02-07T12:25:00+01:00\" >7. February 2022<\/time><\/div><\/footer><span class='hidden'>\n\t\t\t\t<span class='av-structured-data'  itemprop=\"image\" itemscope=\"itemscope\" itemtype=\"https:\/\/schema.org\/ImageObject\" >\n\t\t\t\t\t\t<span itemprop='url'>https:\/\/www.courage-beratung.at\/wp-content\/uploads\/2024\/02\/mur-murau-rathaus-sonnenschein-sommer-jufa-hotels.jpg<\/span>\n\t\t\t\t\t\t<span itemprop='height'>907<\/span>\n\t\t\t\t\t\t<span itemprop='width'>1360<\/span>\n\t\t\t\t<\/span>\n\t\t\t\t<span class='av-structured-data'  itemprop=\"publisher\" itemtype=\"https:\/\/schema.org\/Organization\" itemscope=\"itemscope\" >\n\t\t\t\t\t\t<span itemprop='name'>Vincent<\/span>\n\t\t\t\t\t\t<span itemprop='logo' itemscope itemtype='https:\/\/schema.org\/ImageObject'>\n\t\t\t\t\t\t\t<span itemprop='url'>https:\/\/www.courage-beratung.at\/wp-content\/uploads\/2023\/12\/COURAGE_LOGO_WEB_2022_RGB.svg<\/span>\n\t\t\t\t\t\t<\/span>\n\t\t\t\t<\/span><span class='av-structured-data'  itemprop=\"author\" itemscope=\"itemscope\" itemtype=\"https:\/\/schema.org\/Person\" ><span itemprop='name'>Vincent<\/span><\/span><span class='av-structured-data'  itemprop=\"datePublished\" datetime=\"2023-06-03T08:03:02+02:00\" >2022-02-07 12:25:00<\/span><span class='av-structured-data'  itemprop=\"dateModified\" itemtype=\"https:\/\/schema.org\/dateModified\" >2024-03-18 16:01:45<\/span><span class='av-structured-data'  itemprop=\"mainEntityOfPage\" itemtype=\"https:\/\/schema.org\/mainEntityOfPage\" ><span itemprop='name'>Young Trans*Inter*Camp 2022<\/span><\/span><\/span><\/article><\/div><\/div><div class='avia-slideshow-arrows avia-slideshow-controls' ><a href='#prev' class='prev-slide  avia-svg-icon avia-font-svg_entypo-fontello' data-av_svg_icon='left-open-big' data-av_iconset='svg_entypo-fontello' tabindex='-1' title=\"Previous\"><svg version=\"1.1\" xmlns=\"http:\/\/www.w3.org\/2000\/svg\" width=\"15\" height=\"32\" viewbox=\"0 0 15 32\" preserveaspectratio=\"xMidYMid meet\" aria-labelledby='av-svg-title-59' aria-describedby='av-svg-desc-59' role=\"graphics-symbol\" aria-hidden=\"true\">\n<title id='av-svg-title-59'>Previous<\/title>\n<desc id='av-svg-desc-59'>Previous<\/desc>\n<path d=\"M14.464 27.84q0.832 0.832 0 1.536-0.832 0.832-1.536 0l-12.544-12.608q-0.768-0.768 0-1.6l12.544-12.608q0.704-0.832 1.536 0 0.832 0.704 0 1.536l-11.456 11.904z\"><\/path>\n<\/svg><span class='avia_hidden_link_text'>Previous<\/span><\/a><a href='#next' class='next-slide  avia-svg-icon avia-font-svg_entypo-fontello' data-av_svg_icon='right-open-big' data-av_iconset='svg_entypo-fontello' tabindex='-1' title=\"Next\"><svg version=\"1.1\" xmlns=\"http:\/\/www.w3.org\/2000\/svg\" width=\"15\" height=\"32\" viewbox=\"0 0 15 32\" preserveaspectratio=\"xMidYMid meet\" aria-labelledby='av-svg-title-60' aria-describedby='av-svg-desc-60' role=\"graphics-symbol\" aria-hidden=\"true\">\n<title id='av-svg-title-60'>Next<\/title>\n<desc id='av-svg-desc-60'>Next<\/desc>\n<path d=\"M0.416 27.84l11.456-11.84-11.456-11.904q-0.832-0.832 0-1.536 0.832-0.832 1.536 0l12.544 12.608q0.768 0.832 0 1.6l-12.544 12.608q-0.704 0.832-1.536 0-0.832-0.704 0-1.536z\"><\/path>\n<\/svg><span class='avia_hidden_link_text'>Next<\/span><\/a><\/div><div class='avia-slideshow-dots avia-slideshow-controls avia-post-slider fade-in'><a href='#1' class='goto-slide active' >1<\/a><a href='#2' class='goto-slide' >2<\/a><a href='#3' class='goto-slide' >3<\/a><a href='#4' class='goto-slide' >4<\/a><a href='#5' class='goto-slide' >5<\/a><a href='#6' class='goto-slide' >6<\/a><a href='#7' class='goto-slide' >7<\/a><a href='#8' class='goto-slide' >8<\/a><a href='#9' class='goto-slide' >9<\/a><a href='#10' class='goto-slide' >10<\/a><a href='#11' class='goto-slide' >11<\/a><a href='#12' class='goto-slide' >12<\/a><a href='#13' class='goto-slide' >13<\/a><a href='#14' class='goto-slide' >14<\/a><a href='#15' class='goto-slide' >15<\/a><\/div><\/div>\n<div  data-slideshow-options=\"{&quot;animation&quot;:&quot;fade&quot;,&quot;autoplay&quot;:false,&quot;loop_autoplay&quot;:&quot;once&quot;,&quot;interval&quot;:&quot;5&quot;,&quot;loop_manual&quot;:&quot;manual-endless&quot;,&quot;autoplay_stopper&quot;:false,&quot;noNavigation&quot;:false,&quot;show_slide_delay&quot;:90}\" class='avia-content-slider avia-content-slider-active avia-content-slider2 avia-content-slider-odd  avia-builder-el-27  el_after_av_postslider  el_before_av_hr  news-post-slider-mobile av-slideshow-ui av-control-default av-nav-dots-visible  av-slideshow-manual av-loop-once av-loop-manual-endless'  itemscope=\"itemscope\" itemtype=\"https:\/\/schema.org\/Blog\" ><div class=\"avia-content-slider-inner\"><div class=\"slide-entry-wrap\"><article class='slide-entry flex_column  post-entry post-entry-8316 slide-entry-overview slide-loop-1 slide-parity-odd  av_fullwidth first real-thumbnail posttype-post post-format-standard'  itemscope=\"itemscope\" itemtype=\"https:\/\/schema.org\/CreativeWork\" ><a href='https:\/\/www.courage-beratung.at\/en\/2026\/03\/04\/multiplikatorinnen-abend-in-linz-2\/' data-rel='slide-2' class='slide-image' title='Multiplikator:innen Abend\u00a0in Linz'><img decoding=\"async\" fetchpriority=\"high\" width=\"801\" height=\"1030\" src=\"https:\/\/www.courage-beratung.at\/wp-content\/uploads\/2025\/05\/freepik__network-of-multicolored-dots-linked-by-glowing-neo__78451-801x1030.png\" class=\"wp-image-5508 avia-img-lazy-loading-not-5508 attachment-large size-large wp-post-image\" alt=\"\" srcset=\"https:\/\/www.courage-beratung.at\/wp-content\/uploads\/2025\/05\/freepik__network-of-multicolored-dots-linked-by-glowing-neo__78451-801x1030.png 801w, https:\/\/www.courage-beratung.at\/wp-content\/uploads\/2025\/05\/freepik__network-of-multicolored-dots-linked-by-glowing-neo__78451-233x300.png 233w, https:\/\/www.courage-beratung.at\/wp-content\/uploads\/2025\/05\/freepik__network-of-multicolored-dots-linked-by-glowing-neo__78451-768x987.png 768w, https:\/\/www.courage-beratung.at\/wp-content\/uploads\/2025\/05\/freepik__network-of-multicolored-dots-linked-by-glowing-neo__78451-9x12.png 9w, https:\/\/www.courage-beratung.at\/wp-content\/uploads\/2025\/05\/freepik__network-of-multicolored-dots-linked-by-glowing-neo__78451-548x705.png 548w, https:\/\/www.courage-beratung.at\/wp-content\/uploads\/2025\/05\/freepik__network-of-multicolored-dots-linked-by-glowing-neo__78451.png 896w\" sizes=\"(max-width: 801px) 100vw, 801px\" \/><\/a><div class=\"slide-content\"><header class=\"entry-content-header\" aria-label=\"Slide: Multiplikator:innen Abend\u00a0in Linz\"><span class=\"blog-categories minor-meta\"><a href=\"https:\/\/www.courage-beratung.at\/en\/category\/allgemein\/\" rel=\"tag\">Allgemein<\/a>, <a href=\"https:\/\/www.courage-beratung.at\/en\/category\/infoabende\/\" rel=\"tag\">Infoabende<\/a> <\/span><h3 class='slide-entry-title entry-title'  itemprop=\"headline\" ><a href='https:\/\/www.courage-beratung.at\/en\/2026\/03\/04\/multiplikatorinnen-abend-in-linz-2\/' title='Multiplikator:innen Abend\u00a0in Linz'>Multiplikator:innen Abend\u00a0in Linz<\/a><\/h3><span class=\"av-vertical-delimiter\"><\/span><\/header><div class='slide-entry-excerpt entry-content'  itemprop=\"text\" >Ort: COURAGE* Linz, Weissenwolffstra\u00dfe 17a, 4020 Linz, 1. OG<br>\nDatum: Donnerstag 18. Juni 2026<br>\nUhrzeit: 18:00 - 20:00 Uhr<br>\nLeitung: Maike Pichler<br>\nKosten: freiwillige Spende<div class=\"read-more-link\"><a href=\"https:\/\/www.courage-beratung.at\/en\/2026\/03\/04\/multiplikatorinnen-abend-in-linz-2\/\" class=\"more-link\">Read more<span class='more-link-arrow avia-svg-icon avia-font-svg_entypo-fontello' data-av_svg_icon='right-open-big' data-av_iconset='svg_entypo-fontello'><svg version=\"1.1\" xmlns=\"http:\/\/www.w3.org\/2000\/svg\" width=\"15\" height=\"32\" viewbox=\"0 0 15 32\" preserveaspectratio=\"xMidYMid meet\" role=\"graphics-symbol\" aria-hidden=\"true\">\n<path d=\"M0.416 27.84l11.456-11.84-11.456-11.904q-0.832-0.832 0-1.536 0.832-0.832 1.536 0l12.544 12.608q0.768 0.832 0 1.6l-12.544 12.608q-0.704 0.832-1.536 0-0.832-0.704 0-1.536z\"><\/path>\n<\/svg><\/span><\/a><\/div><\/div><\/div><footer class=\"entry-footer\"><div class=\"slide-meta\"><time class='slide-meta-time updated'  itemprop=\"datePublished\" datetime=\"2026-03-04T16:23:25+01:00\" >4. March 2026<\/time><\/div><\/footer><span class='hidden'>\n\t\t\t\t<span class='av-structured-data'  itemprop=\"image\" itemscope=\"itemscope\" itemtype=\"https:\/\/schema.org\/ImageObject\" >\n\t\t\t\t\t\t<span itemprop='url'>https:\/\/www.courage-beratung.at\/wp-content\/uploads\/2025\/05\/freepik__network-of-multicolored-dots-linked-by-glowing-neo__78451.png<\/span>\n\t\t\t\t\t\t<span itemprop='height'>1152<\/span>\n\t\t\t\t\t\t<span itemprop='width'>896<\/span>\n\t\t\t\t<\/span>\n\t\t\t\t<span class='av-structured-data'  itemprop=\"publisher\" itemtype=\"https:\/\/schema.org\/Organization\" itemscope=\"itemscope\" >\n\t\t\t\t\t\t<span itemprop='name'>Sandra Ehn<\/span>\n\t\t\t\t\t\t<span itemprop='logo' itemscope itemtype='https:\/\/schema.org\/ImageObject'>\n\t\t\t\t\t\t\t<span itemprop='url'>https:\/\/www.courage-beratung.at\/wp-content\/uploads\/2023\/12\/COURAGE_LOGO_WEB_2022_RGB.svg<\/span>\n\t\t\t\t\t\t<\/span>\n\t\t\t\t<\/span><span class='av-structured-data'  itemprop=\"author\" itemscope=\"itemscope\" itemtype=\"https:\/\/schema.org\/Person\" ><span itemprop='name'>Sandra Ehn<\/span><\/span><span class='av-structured-data'  itemprop=\"datePublished\" datetime=\"2023-06-03T08:03:02+02:00\" >2026-03-04 16:23:25<\/span><span class='av-structured-data'  itemprop=\"dateModified\" itemtype=\"https:\/\/schema.org\/dateModified\" >2026-03-04 16:26:21<\/span><span class='av-structured-data'  itemprop=\"mainEntityOfPage\" itemtype=\"https:\/\/schema.org\/mainEntityOfPage\" ><span itemprop='name'>Multiplikator:innen Abend\u00a0in Linz<\/span><\/span><\/span><\/article><\/div><div class=\"slide-entry-wrap\"><article class='slide-entry flex_column  post-entry post-entry-8231 slide-entry-overview slide-loop-2 slide-parity-odd  av_fullwidth first real-thumbnail posttype-post post-format-standard'  itemscope=\"itemscope\" itemtype=\"https:\/\/schema.org\/CreativeWork\" ><a href='https:\/\/www.courage-beratung.at\/en\/2026\/02\/12\/sappho-2\/' data-rel='slide-2' class='slide-image' title='SAPPHO'><img decoding=\"async\" fetchpriority=\"high\" width=\"1030\" height=\"315\" src=\"https:\/\/www.courage-beratung.at\/wp-content\/uploads\/2026\/02\/T03063-e1770891290860-1030x315.jpg\" class=\"wp-image-8235 avia-img-lazy-loading-not-8235 attachment-large size-large wp-post-image\" alt=\"\" srcset=\"https:\/\/www.courage-beratung.at\/wp-content\/uploads\/2026\/02\/T03063-e1770891290860-1030x315.jpg 1030w, https:\/\/www.courage-beratung.at\/wp-content\/uploads\/2026\/02\/T03063-e1770891290860-300x92.jpg 300w, https:\/\/www.courage-beratung.at\/wp-content\/uploads\/2026\/02\/T03063-e1770891290860-768x235.jpg 768w, https:\/\/www.courage-beratung.at\/wp-content\/uploads\/2026\/02\/T03063-e1770891290860-18x6.jpg 18w, https:\/\/www.courage-beratung.at\/wp-content\/uploads\/2026\/02\/T03063-e1770891290860-1500x459.jpg 1500w, https:\/\/www.courage-beratung.at\/wp-content\/uploads\/2026\/02\/T03063-e1770891290860-705x216.jpg 705w, https:\/\/www.courage-beratung.at\/wp-content\/uploads\/2026\/02\/T03063-e1770891290860.jpg 1536w\" sizes=\"(max-width: 1030px) 100vw, 1030px\" \/><\/a><div class=\"slide-content\"><header class=\"entry-content-header\" aria-label=\"Slide: SAPPHO\"><span class=\"blog-categories minor-meta\"><a href=\"https:\/\/www.courage-beratung.at\/en\/category\/allgemein\/\" rel=\"tag\">Allgemein<\/a> <\/span><h3 class='slide-entry-title entry-title'  itemprop=\"headline\" ><a href='https:\/\/www.courage-beratung.at\/en\/2026\/02\/12\/sappho-2\/' title='SAPPHO'>SAPPHO<\/a><\/h3><span class=\"av-vertical-delimiter\"><\/span><\/header><div class='slide-entry-excerpt entry-content'  itemprop=\"text\" >Begleitete Selbsthilfegruppe f\u00fcr lesbische, bi- oder pansexuelle Frauen <br>\nAnmeldungen ab sofort m\u00f6glich!<br>\nTeilnahme nur nach kostenlosem Vorgespr\u00e4ch; Termin per Mail an j.musger@courage-beratung.at<div class=\"read-more-link\"><a href=\"https:\/\/www.courage-beratung.at\/en\/2026\/02\/12\/sappho-2\/\" class=\"more-link\">Read more<span class='more-link-arrow avia-svg-icon avia-font-svg_entypo-fontello' data-av_svg_icon='right-open-big' data-av_iconset='svg_entypo-fontello'><svg version=\"1.1\" xmlns=\"http:\/\/www.w3.org\/2000\/svg\" width=\"15\" height=\"32\" viewbox=\"0 0 15 32\" preserveaspectratio=\"xMidYMid meet\" role=\"graphics-symbol\" aria-hidden=\"true\">\n<path d=\"M0.416 27.84l11.456-11.84-11.456-11.904q-0.832-0.832 0-1.536 0.832-0.832 1.536 0l12.544 12.608q0.768 0.832 0 1.6l-12.544 12.608q-0.704 0.832-1.536 0-0.832-0.704 0-1.536z\"><\/path>\n<\/svg><\/span><\/a><\/div><\/div><\/div><footer class=\"entry-footer\"><div class=\"slide-meta\"><time class='slide-meta-time updated'  itemprop=\"datePublished\" datetime=\"2026-02-12T10:21:12+01:00\" >12. February 2026<\/time><\/div><\/footer><span class='hidden'>\n\t\t\t\t<span class='av-structured-data'  itemprop=\"image\" itemscope=\"itemscope\" itemtype=\"https:\/\/schema.org\/ImageObject\" >\n\t\t\t\t\t\t<span itemprop='url'>https:\/\/www.courage-beratung.at\/wp-content\/uploads\/2026\/02\/T03063-e1770891290860.jpg<\/span>\n\t\t\t\t\t\t<span itemprop='height'>470<\/span>\n\t\t\t\t\t\t<span itemprop='width'>1536<\/span>\n\t\t\t\t<\/span>\n\t\t\t\t<span class='av-structured-data'  itemprop=\"publisher\" itemtype=\"https:\/\/schema.org\/Organization\" itemscope=\"itemscope\" >\n\t\t\t\t\t\t<span itemprop='name'>Nemanja<\/span>\n\t\t\t\t\t\t<span itemprop='logo' itemscope itemtype='https:\/\/schema.org\/ImageObject'>\n\t\t\t\t\t\t\t<span itemprop='url'>https:\/\/www.courage-beratung.at\/wp-content\/uploads\/2023\/12\/COURAGE_LOGO_WEB_2022_RGB.svg<\/span>\n\t\t\t\t\t\t<\/span>\n\t\t\t\t<\/span><span class='av-structured-data'  itemprop=\"author\" itemscope=\"itemscope\" itemtype=\"https:\/\/schema.org\/Person\" ><span itemprop='name'>Nemanja<\/span><\/span><span class='av-structured-data'  itemprop=\"datePublished\" datetime=\"2023-06-03T08:03:02+02:00\" >2026-02-12 10:21:12<\/span><span class='av-structured-data'  itemprop=\"dateModified\" itemtype=\"https:\/\/schema.org\/dateModified\" >2026-02-12 11:15:48<\/span><span class='av-structured-data'  itemprop=\"mainEntityOfPage\" itemtype=\"https:\/\/schema.org\/mainEntityOfPage\" ><span itemprop='name'>SAPPHO<\/span><\/span><\/span><\/article><\/div><div class=\"slide-entry-wrap\"><article class='slide-entry flex_column  post-entry post-entry-8158 slide-entry-overview slide-loop-3 slide-parity-odd  av_fullwidth first real-thumbnail posttype-post post-format-standard'  itemscope=\"itemscope\" itemtype=\"https:\/\/schema.org\/CreativeWork\" ><a href='https:\/\/www.courage-beratung.at\/en\/2026\/02\/09\/verbal-self-defense\/' data-rel='slide-2' class='slide-image' title='ABGESAGT: VERBAL SELF-DEFENSE: WEHR DICH MIT WORTEN &amp; HALTUNG!'><img decoding=\"async\" fetchpriority=\"high\" width=\"752\" height=\"1030\" src=\"https:\/\/www.courage-beratung.at\/wp-content\/uploads\/2026\/02\/generated-image-752x1030.png\" class=\"wp-image-8161 avia-img-lazy-loading-not-8161 attachment-large size-large wp-post-image\" alt=\"\" \/><\/a><div class=\"slide-content\"><header class=\"entry-content-header\" aria-label=\"Slide: ABGESAGT: VERBAL SELF-DEFENSE: WEHR DICH MIT WORTEN &amp; HALTUNG!\"><span class=\"blog-categories minor-meta\"><a href=\"https:\/\/www.courage-beratung.at\/en\/category\/events-qbz\/\" rel=\"tag\">Events QBZ<\/a>, <a href=\"https:\/\/www.courage-beratung.at\/en\/category\/vortrag-guest-lecture\/\" rel=\"tag\">Vortrag \/ Guest Lecture<\/a>, <a href=\"https:\/\/www.courage-beratung.at\/en\/category\/workshops\/\" rel=\"tag\">workshops<\/a> <\/span><h3 class='slide-entry-title entry-title'  itemprop=\"headline\" ><a href='https:\/\/www.courage-beratung.at\/en\/2026\/02\/09\/verbal-self-defense\/' title='ABGESAGT: VERBAL SELF-DEFENSE: WEHR DICH MIT WORTEN &amp; HALTUNG!'>ABGESAGT: VERBAL SELF-DEFENSE: WEHR DICH MIT WORTEN &amp; HALTUNG!<\/a><\/h3><span class=\"av-vertical-delimiter\"><\/span><\/header><div class='slide-entry-excerpt entry-content'  itemprop=\"text\" >ABGESAGT: Freitag, 27. M\u00e4rz 2026 18:00 - 21:00 Uhr<br>\nSamstag, 28. M\u00e4rz 2026 10:00 - 13:00 Uhr und 14:00 - 18:00 Uhr<br>\n\nOrt: Queeres Bildungszentrum, Windm\u00fchlgasse 15, 1060 Wien<br>\nKosten f\u00fcr die Teilnahme: 120,- Euro, Sozialtarif 80,- Euro<br>\nVerpflichtende Anmeldung unter: <br>\ninfo@courage-beratung.at oder telefonisch unter: 01 585 69 66\n\n<div class=\"read-more-link\"><a href=\"https:\/\/www.courage-beratung.at\/en\/2026\/02\/09\/verbal-self-defense\/\" class=\"more-link\">Read more<span class='more-link-arrow avia-svg-icon avia-font-svg_entypo-fontello' data-av_svg_icon='right-open-big' data-av_iconset='svg_entypo-fontello'><svg version=\"1.1\" xmlns=\"http:\/\/www.w3.org\/2000\/svg\" width=\"15\" height=\"32\" viewbox=\"0 0 15 32\" preserveaspectratio=\"xMidYMid meet\" role=\"graphics-symbol\" aria-hidden=\"true\">\n<path d=\"M0.416 27.84l11.456-11.84-11.456-11.904q-0.832-0.832 0-1.536 0.832-0.832 1.536 0l12.544 12.608q0.768 0.832 0 1.6l-12.544 12.608q-0.704 0.832-1.536 0-0.832-0.704 0-1.536z\"><\/path>\n<\/svg><\/span><\/a><\/div><\/div><\/div><footer class=\"entry-footer\"><div class=\"slide-meta\"><time class='slide-meta-time updated'  itemprop=\"datePublished\" datetime=\"2026-02-09T17:32:57+01:00\" >9. February 2026<\/time><\/div><\/footer><span class='hidden'>\n\t\t\t\t<span class='av-structured-data'  itemprop=\"image\" itemscope=\"itemscope\" itemtype=\"https:\/\/schema.org\/ImageObject\" >\n\t\t\t\t\t\t<span itemprop='url'>https:\/\/www.courage-beratung.at\/wp-content\/uploads\/2026\/02\/generated-image-e1770655113996.png<\/span>\n\t\t\t\t\t\t<span itemprop='height'>530<\/span>\n\t\t\t\t\t\t<span itemprop='width'>858<\/span>\n\t\t\t\t<\/span>\n\t\t\t\t<span class='av-structured-data'  itemprop=\"publisher\" itemtype=\"https:\/\/schema.org\/Organization\" itemscope=\"itemscope\" >\n\t\t\t\t\t\t<span itemprop='name'>Nemanja<\/span>\n\t\t\t\t\t\t<span itemprop='logo' itemscope itemtype='https:\/\/schema.org\/ImageObject'>\n\t\t\t\t\t\t\t<span itemprop='url'>https:\/\/www.courage-beratung.at\/wp-content\/uploads\/2023\/12\/COURAGE_LOGO_WEB_2022_RGB.svg<\/span>\n\t\t\t\t\t\t<\/span>\n\t\t\t\t<\/span><span class='av-structured-data'  itemprop=\"author\" itemscope=\"itemscope\" itemtype=\"https:\/\/schema.org\/Person\" ><span itemprop='name'>Nemanja<\/span><\/span><span class='av-structured-data'  itemprop=\"datePublished\" datetime=\"2023-06-03T08:03:02+02:00\" >2026-02-09 17:32:57<\/span><span class='av-structured-data'  itemprop=\"dateModified\" itemtype=\"https:\/\/schema.org\/dateModified\" >2026-03-24 09:31:28<\/span><span class='av-structured-data'  itemprop=\"mainEntityOfPage\" itemtype=\"https:\/\/schema.org\/mainEntityOfPage\" ><span itemprop='name'>ABGESAGT: VERBAL SELF-DEFENSE: WEHR DICH MIT WORTEN &amp; HALTUNG!<\/span><\/span><\/span><\/article><\/div><div class=\"slide-entry-wrap\"><article class='slide-entry flex_column  post-entry post-entry-8127 slide-entry-overview slide-loop-4 slide-parity-odd  av_fullwidth first real-thumbnail posttype-post post-format-standard'  itemscope=\"itemscope\" itemtype=\"https:\/\/schema.org\/CreativeWork\" ><a href='https:\/\/www.courage-beratung.at\/en\/2026\/02\/05\/courage-linz-sucht\/' data-rel='slide-2' class='slide-image' title='COURAGE* Linz sucht Administrator*in \/ Koordinator*in'><img decoding=\"async\" fetchpriority=\"high\" width=\"1030\" height=\"738\" src=\"https:\/\/www.courage-beratung.at\/wp-content\/uploads\/2025\/06\/Your-paragraph-text1-e1770287537966-1030x738.png\" class=\"wp-image-6383 avia-img-lazy-loading-not-6383 attachment-large size-large wp-post-image\" alt=\"\" srcset=\"https:\/\/www.courage-beratung.at\/wp-content\/uploads\/2025\/06\/Your-paragraph-text1-e1770287537966-1030x738.png 1030w, https:\/\/www.courage-beratung.at\/wp-content\/uploads\/2025\/06\/Your-paragraph-text1-e1770287537966-300x215.png 300w, https:\/\/www.courage-beratung.at\/wp-content\/uploads\/2025\/06\/Your-paragraph-text1-e1770287537966-768x550.png 768w, https:\/\/www.courage-beratung.at\/wp-content\/uploads\/2025\/06\/Your-paragraph-text1-e1770287537966-18x12.png 18w, https:\/\/www.courage-beratung.at\/wp-content\/uploads\/2025\/06\/Your-paragraph-text1-e1770287537966-260x185.png 260w, https:\/\/www.courage-beratung.at\/wp-content\/uploads\/2025\/06\/Your-paragraph-text1-e1770287537966-705x505.png 705w, https:\/\/www.courage-beratung.at\/wp-content\/uploads\/2025\/06\/Your-paragraph-text1-e1770287537966.png 1080w\" sizes=\"(max-width: 1030px) 100vw, 1030px\" \/><\/a><div class=\"slide-content\"><header class=\"entry-content-header\" aria-label=\"Slide: COURAGE* Linz sucht Administrator*in \/ Koordinator*in\"><span class=\"blog-categories minor-meta\"><a href=\"https:\/\/www.courage-beratung.at\/en\/category\/offene-stellen\/\" rel=\"tag\">Offene Stellen<\/a> <\/span><h3 class='slide-entry-title entry-title'  itemprop=\"headline\" ><a href='https:\/\/www.courage-beratung.at\/en\/2026\/02\/05\/courage-linz-sucht\/' title='COURAGE* Linz sucht Administrator*in \/ Koordinator*in'>COURAGE* Linz sucht Administrator*in \/ Koordinator*in<\/a><\/h3><span class=\"av-vertical-delimiter\"><\/span><\/header><div class='slide-entry-excerpt entry-content'  itemprop=\"text\" >Schriftliche Bewerbungen samt Lebenslauf und Motivationsschreiben ab sofort per E-Mail an: <br>\nMag. Johannes Wahala, Leiter der Beratungsstellen COURAGE*<br>\nj.wahala@courage-beratung.at<br>\n<div class=\"read-more-link\"><a href=\"https:\/\/www.courage-beratung.at\/en\/2026\/02\/05\/courage-linz-sucht\/\" class=\"more-link\">Read more<span class='more-link-arrow avia-svg-icon avia-font-svg_entypo-fontello' data-av_svg_icon='right-open-big' data-av_iconset='svg_entypo-fontello'><svg version=\"1.1\" xmlns=\"http:\/\/www.w3.org\/2000\/svg\" width=\"15\" height=\"32\" viewbox=\"0 0 15 32\" preserveaspectratio=\"xMidYMid meet\" role=\"graphics-symbol\" aria-hidden=\"true\">\n<path d=\"M0.416 27.84l11.456-11.84-11.456-11.904q-0.832-0.832 0-1.536 0.832-0.832 1.536 0l12.544 12.608q0.768 0.832 0 1.6l-12.544 12.608q-0.704 0.832-1.536 0-0.832-0.704 0-1.536z\"><\/path>\n<\/svg><\/span><\/a><\/div><\/div><\/div><footer class=\"entry-footer\"><div class=\"slide-meta\"><time class='slide-meta-time updated'  itemprop=\"datePublished\" datetime=\"2026-02-05T11:23:33+01:00\" >5. February 2026<\/time><\/div><\/footer><span class='hidden'>\n\t\t\t\t<span class='av-structured-data'  itemprop=\"image\" itemscope=\"itemscope\" itemtype=\"https:\/\/schema.org\/ImageObject\" >\n\t\t\t\t\t\t<span itemprop='url'>https:\/\/www.courage-beratung.at\/wp-content\/uploads\/2025\/06\/Your-paragraph-text1-e1770287537966.png<\/span>\n\t\t\t\t\t\t<span itemprop='height'>774<\/span>\n\t\t\t\t\t\t<span itemprop='width'>1080<\/span>\n\t\t\t\t<\/span>\n\t\t\t\t<span class='av-structured-data'  itemprop=\"publisher\" itemtype=\"https:\/\/schema.org\/Organization\" itemscope=\"itemscope\" >\n\t\t\t\t\t\t<span itemprop='name'>Nemanja<\/span>\n\t\t\t\t\t\t<span itemprop='logo' itemscope itemtype='https:\/\/schema.org\/ImageObject'>\n\t\t\t\t\t\t\t<span itemprop='url'>https:\/\/www.courage-beratung.at\/wp-content\/uploads\/2023\/12\/COURAGE_LOGO_WEB_2022_RGB.svg<\/span>\n\t\t\t\t\t\t<\/span>\n\t\t\t\t<\/span><span class='av-structured-data'  itemprop=\"author\" itemscope=\"itemscope\" itemtype=\"https:\/\/schema.org\/Person\" ><span itemprop='name'>Nemanja<\/span><\/span><span class='av-structured-data'  itemprop=\"datePublished\" datetime=\"2023-06-03T08:03:02+02:00\" >2026-02-05 11:23:33<\/span><span class='av-structured-data'  itemprop=\"dateModified\" itemtype=\"https:\/\/schema.org\/dateModified\" >2026-02-05 14:16:27<\/span><span class='av-structured-data'  itemprop=\"mainEntityOfPage\" itemtype=\"https:\/\/schema.org\/mainEntityOfPage\" ><span itemprop='name'>COURAGE* Linz sucht Administrator*in \/ Koordinator*in<\/span><\/span><\/span><\/article><\/div><div class=\"slide-entry-wrap\"><article class='slide-entry flex_column  post-entry post-entry-8016 slide-entry-overview slide-loop-5 slide-parity-odd  av_fullwidth first real-thumbnail posttype-post post-format-standard'  itemscope=\"itemscope\" itemtype=\"https:\/\/schema.org\/CreativeWork\" ><a href='https:\/\/www.courage-beratung.at\/en\/2026\/02\/02\/beratung-psychotherapie-bei-personlichkeitsstorungen\/' data-rel='slide-2' class='slide-image' title='Beratung \/ Psychotherapie bei Pers\u00f6nlichkeits- st\u00f6rungen'><img decoding=\"async\" fetchpriority=\"high\" width=\"801\" height=\"1030\" src=\"https:\/\/www.courage-beratung.at\/wp-content\/uploads\/2026\/02\/generated-image3-801x1030.png\" class=\"wp-image-8027 avia-img-lazy-loading-not-8027 attachment-large size-large wp-post-image\" alt=\"\" \/><\/a><div class=\"slide-content\"><header class=\"entry-content-header\" aria-label=\"Slide: Beratung \/ Psychotherapie bei Pers\u00f6nlichkeits- st\u00f6rungen\"><span class=\"blog-categories minor-meta\"><a href=\"https:\/\/www.courage-beratung.at\/en\/category\/seminare\/\" rel=\"tag\">Seminare<\/a> <\/span><h3 class='slide-entry-title entry-title'  itemprop=\"headline\" ><a href='https:\/\/www.courage-beratung.at\/en\/2026\/02\/02\/beratung-psychotherapie-bei-personlichkeitsstorungen\/' title='Beratung \/ Psychotherapie bei Pers\u00f6nlichkeits- st\u00f6rungen'>Beratung \/ Psychotherapie bei Pers\u00f6nlichkeits- st\u00f6rungen<\/a><\/h3><span class=\"av-vertical-delimiter\"><\/span><\/header><div class='slide-entry-excerpt entry-content'  itemprop=\"text\" >Termin:<br>Freitag, 29. \u2013 Samstag, 30. Mai 2026<br>\nFreitag, 14.00 \u2013 19.15 Uhr; Samstag 9.30 \u2013 19.30 Uhr<br>Anmeldung bis 18.05.2026: info@courage-beratung.at<div class=\"read-more-link\"><a href=\"https:\/\/www.courage-beratung.at\/en\/2026\/02\/02\/beratung-psychotherapie-bei-personlichkeitsstorungen\/\" class=\"more-link\">Read more<span class='more-link-arrow avia-svg-icon avia-font-svg_entypo-fontello' data-av_svg_icon='right-open-big' data-av_iconset='svg_entypo-fontello'><svg version=\"1.1\" xmlns=\"http:\/\/www.w3.org\/2000\/svg\" width=\"15\" height=\"32\" viewbox=\"0 0 15 32\" preserveaspectratio=\"xMidYMid meet\" role=\"graphics-symbol\" aria-hidden=\"true\">\n<path d=\"M0.416 27.84l11.456-11.84-11.456-11.904q-0.832-0.832 0-1.536 0.832-0.832 1.536 0l12.544 12.608q0.768 0.832 0 1.6l-12.544 12.608q-0.704 0.832-1.536 0-0.832-0.704 0-1.536z\"><\/path>\n<\/svg><\/span><\/a><\/div><\/div><\/div><footer class=\"entry-footer\"><div class=\"slide-meta\"><time class='slide-meta-time updated'  itemprop=\"datePublished\" datetime=\"2026-02-02T20:35:11+01:00\" >2. February 2026<\/time><\/div><\/footer><span class='hidden'>\n\t\t\t\t<span class='av-structured-data'  itemprop=\"image\" itemscope=\"itemscope\" itemtype=\"https:\/\/schema.org\/ImageObject\" >\n\t\t\t\t\t\t<span itemprop='url'>https:\/\/www.courage-beratung.at\/wp-content\/uploads\/2026\/02\/generated-image3-e1770062502960.png<\/span>\n\t\t\t\t\t\t<span itemprop='height'>712<\/span>\n\t\t\t\t\t\t<span itemprop='width'>896<\/span>\n\t\t\t\t<\/span>\n\t\t\t\t<span class='av-structured-data'  itemprop=\"publisher\" itemtype=\"https:\/\/schema.org\/Organization\" itemscope=\"itemscope\" >\n\t\t\t\t\t\t<span itemprop='name'>Nemanja<\/span>\n\t\t\t\t\t\t<span itemprop='logo' itemscope itemtype='https:\/\/schema.org\/ImageObject'>\n\t\t\t\t\t\t\t<span itemprop='url'>https:\/\/www.courage-beratung.at\/wp-content\/uploads\/2023\/12\/COURAGE_LOGO_WEB_2022_RGB.svg<\/span>\n\t\t\t\t\t\t<\/span>\n\t\t\t\t<\/span><span class='av-structured-data'  itemprop=\"author\" itemscope=\"itemscope\" itemtype=\"https:\/\/schema.org\/Person\" ><span itemprop='name'>Nemanja<\/span><\/span><span class='av-structured-data'  itemprop=\"datePublished\" datetime=\"2023-06-03T08:03:02+02:00\" >2026-02-02 20:35:11<\/span><span class='av-structured-data'  itemprop=\"dateModified\" itemtype=\"https:\/\/schema.org\/dateModified\" >2026-02-03 00:13:23<\/span><span class='av-structured-data'  itemprop=\"mainEntityOfPage\" itemtype=\"https:\/\/schema.org\/mainEntityOfPage\" ><span itemprop='name'>Beratung \/ Psychotherapie bei Pers\u00f6nlichkeits- st\u00f6rungen<\/span><\/span><\/span><\/article><\/div><div class=\"slide-entry-wrap\"><article class='slide-entry flex_column  post-entry post-entry-8015 slide-entry-overview slide-loop-6 slide-parity-odd  av_fullwidth first real-thumbnail posttype-post post-format-standard'  itemscope=\"itemscope\" itemtype=\"https:\/\/schema.org\/CreativeWork\" ><a href='https:\/\/www.courage-beratung.at\/en\/2026\/02\/02\/gewaltberatung-und-gewaltpravention-bei-gewalt-gegen-lgbtiqa\/' data-rel='slide-2' class='slide-image' title='Gewaltberatung und Gewaltpr\u00e4vention bei Gewalt gegen LGBTIQA*'><img decoding=\"async\" fetchpriority=\"high\" width=\"801\" height=\"1030\" src=\"https:\/\/www.courage-beratung.at\/wp-content\/uploads\/2026\/02\/generated-image1-801x1030.png\" class=\"wp-image-8025 avia-img-lazy-loading-not-8025 attachment-large size-large wp-post-image\" alt=\"\" \/><\/a><div class=\"slide-content\"><header class=\"entry-content-header\" aria-label=\"Slide: Gewaltberatung und Gewaltpr\u00e4vention bei Gewalt gegen LGBTIQA*\"><span class=\"blog-categories minor-meta\"><a href=\"https:\/\/www.courage-beratung.at\/en\/category\/seminare\/\" rel=\"tag\">Seminare<\/a> <\/span><h3 class='slide-entry-title entry-title'  itemprop=\"headline\" ><a href='https:\/\/www.courage-beratung.at\/en\/2026\/02\/02\/gewaltberatung-und-gewaltpravention-bei-gewalt-gegen-lgbtiqa\/' title='Gewaltberatung und Gewaltpr\u00e4vention bei Gewalt gegen LGBTIQA*'>Gewaltberatung und Gewaltpr\u00e4vention bei Gewalt gegen LGBTIQA*<\/a><\/h3><span class=\"av-vertical-delimiter\"><\/span><\/header><div class='slide-entry-excerpt entry-content'  itemprop=\"text\" >Termin:<br>Freitag, 13. \u2013 Samstag, 14. November 2026<br>Freitag: 15.00 \u2013 20.00 Uhr;<br>Samstag 9.30 \u2013 19.15 Uhr<br>Anmeldung bis 30.10-2026: info@courage-beratung.at<div class=\"read-more-link\"><a href=\"https:\/\/www.courage-beratung.at\/en\/2026\/02\/02\/gewaltberatung-und-gewaltpravention-bei-gewalt-gegen-lgbtiqa\/\" class=\"more-link\">Read more<span class='more-link-arrow avia-svg-icon avia-font-svg_entypo-fontello' data-av_svg_icon='right-open-big' data-av_iconset='svg_entypo-fontello'><svg version=\"1.1\" xmlns=\"http:\/\/www.w3.org\/2000\/svg\" width=\"15\" height=\"32\" viewbox=\"0 0 15 32\" preserveaspectratio=\"xMidYMid meet\" role=\"graphics-symbol\" aria-hidden=\"true\">\n<path d=\"M0.416 27.84l11.456-11.84-11.456-11.904q-0.832-0.832 0-1.536 0.832-0.832 1.536 0l12.544 12.608q0.768 0.832 0 1.6l-12.544 12.608q-0.704 0.832-1.536 0-0.832-0.704 0-1.536z\"><\/path>\n<\/svg><\/span><\/a><\/div><\/div><\/div><footer class=\"entry-footer\"><div class=\"slide-meta\"><time class='slide-meta-time updated'  itemprop=\"datePublished\" datetime=\"2026-02-02T20:35:09+01:00\" >2. February 2026<\/time><\/div><\/footer><span class='hidden'>\n\t\t\t\t<span class='av-structured-data'  itemprop=\"image\" itemscope=\"itemscope\" itemtype=\"https:\/\/schema.org\/ImageObject\" >\n\t\t\t\t\t\t<span itemprop='url'>https:\/\/www.courage-beratung.at\/wp-content\/uploads\/2026\/02\/generated-image1-e1770062057793.png<\/span>\n\t\t\t\t\t\t<span itemprop='height'>730<\/span>\n\t\t\t\t\t\t<span itemprop='width'>896<\/span>\n\t\t\t\t<\/span>\n\t\t\t\t<span class='av-structured-data'  itemprop=\"publisher\" itemtype=\"https:\/\/schema.org\/Organization\" itemscope=\"itemscope\" >\n\t\t\t\t\t\t<span itemprop='name'>Nemanja<\/span>\n\t\t\t\t\t\t<span itemprop='logo' itemscope itemtype='https:\/\/schema.org\/ImageObject'>\n\t\t\t\t\t\t\t<span itemprop='url'>https:\/\/www.courage-beratung.at\/wp-content\/uploads\/2023\/12\/COURAGE_LOGO_WEB_2022_RGB.svg<\/span>\n\t\t\t\t\t\t<\/span>\n\t\t\t\t<\/span><span class='av-structured-data'  itemprop=\"author\" itemscope=\"itemscope\" itemtype=\"https:\/\/schema.org\/Person\" ><span itemprop='name'>Nemanja<\/span><\/span><span class='av-structured-data'  itemprop=\"datePublished\" datetime=\"2023-06-03T08:03:02+02:00\" >2026-02-02 20:35:09<\/span><span class='av-structured-data'  itemprop=\"dateModified\" itemtype=\"https:\/\/schema.org\/dateModified\" >2026-02-26 11:59:06<\/span><span class='av-structured-data'  itemprop=\"mainEntityOfPage\" itemtype=\"https:\/\/schema.org\/mainEntityOfPage\" ><span itemprop='name'>Gewaltberatung und Gewaltpr\u00e4vention bei Gewalt gegen LGBTIQA*<\/span><\/span><\/span><\/article><\/div><div class=\"slide-entry-wrap\"><article class='slide-entry flex_column  post-entry post-entry-8014 slide-entry-overview slide-loop-7 slide-parity-odd  av_fullwidth first real-thumbnail posttype-post post-format-standard'  itemscope=\"itemscope\" itemtype=\"https:\/\/schema.org\/CreativeWork\" ><a href='https:\/\/www.courage-beratung.at\/en\/2026\/02\/02\/beratung-von-trans-und-nichtbinaren-kindern-und-jugendlichen\/' data-rel='slide-2' class='slide-image' title='Beratung von trans* und nichtbin\u00e4ren Kindern und Jugendlichen'><img decoding=\"async\" fetchpriority=\"high\" width=\"824\" height=\"1030\" src=\"https:\/\/www.courage-beratung.at\/wp-content\/uploads\/2026\/02\/generated-image2-824x1030.jpg\" class=\"wp-image-8021 avia-img-lazy-loading-not-8021 attachment-large size-large wp-post-image\" alt=\"\" srcset=\"https:\/\/www.courage-beratung.at\/wp-content\/uploads\/2026\/02\/generated-image2-824x1030.jpg 824w, https:\/\/www.courage-beratung.at\/wp-content\/uploads\/2026\/02\/generated-image2-240x300.jpg 240w, https:\/\/www.courage-beratung.at\/wp-content\/uploads\/2026\/02\/generated-image2-768x960.jpg 768w, https:\/\/www.courage-beratung.at\/wp-content\/uploads\/2026\/02\/generated-image2-1229x1536.jpg 1229w, https:\/\/www.courage-beratung.at\/wp-content\/uploads\/2026\/02\/generated-image2-1638x2048.jpg 1638w, https:\/\/www.courage-beratung.at\/wp-content\/uploads\/2026\/02\/generated-image2-10x12.jpg 10w, https:\/\/www.courage-beratung.at\/wp-content\/uploads\/2026\/02\/generated-image2-1200x1500.jpg 1200w, https:\/\/www.courage-beratung.at\/wp-content\/uploads\/2026\/02\/generated-image2-564x705.jpg 564w, https:\/\/www.courage-beratung.at\/wp-content\/uploads\/2026\/02\/generated-image2.jpg 1792w\" sizes=\"(max-width: 824px) 100vw, 824px\" \/><\/a><div class=\"slide-content\"><header class=\"entry-content-header\" aria-label=\"Slide: Beratung von trans* und nichtbin\u00e4ren Kindern und Jugendlichen\"><span class=\"blog-categories minor-meta\"><a href=\"https:\/\/www.courage-beratung.at\/en\/category\/seminare\/\" rel=\"tag\">Seminare<\/a> <\/span><h3 class='slide-entry-title entry-title'  itemprop=\"headline\" ><a href='https:\/\/www.courage-beratung.at\/en\/2026\/02\/02\/beratung-von-trans-und-nichtbinaren-kindern-und-jugendlichen\/' title='Beratung von trans* und nichtbin\u00e4ren Kindern und Jugendlichen'>Beratung von trans* und nichtbin\u00e4ren Kindern und Jugendlichen<\/a><\/h3><span class=\"av-vertical-delimiter\"><\/span><\/header><div class='slide-entry-excerpt entry-content'  itemprop=\"text\" >Termin:<br>Freitag, 20. \u2013 Samstag, 21. November 2026<br>\nFreitag: 15.00 \u2013 20.00 Uhr; Samstag: 09.30 \u2013 19.15 Uhr<br>\nAnmeldung bis 06.11.2026: info@courage-beratung.at<div class=\"read-more-link\"><a href=\"https:\/\/www.courage-beratung.at\/en\/2026\/02\/02\/beratung-von-trans-und-nichtbinaren-kindern-und-jugendlichen\/\" class=\"more-link\">Read more<span class='more-link-arrow avia-svg-icon avia-font-svg_entypo-fontello' data-av_svg_icon='right-open-big' data-av_iconset='svg_entypo-fontello'><svg version=\"1.1\" xmlns=\"http:\/\/www.w3.org\/2000\/svg\" width=\"15\" height=\"32\" viewbox=\"0 0 15 32\" preserveaspectratio=\"xMidYMid meet\" role=\"graphics-symbol\" aria-hidden=\"true\">\n<path d=\"M0.416 27.84l11.456-11.84-11.456-11.904q-0.832-0.832 0-1.536 0.832-0.832 1.536 0l12.544 12.608q0.768 0.832 0 1.6l-12.544 12.608q-0.704 0.832-1.536 0-0.832-0.704 0-1.536z\"><\/path>\n<\/svg><\/span><\/a><\/div><\/div><\/div><footer class=\"entry-footer\"><div class=\"slide-meta\"><time class='slide-meta-time updated'  itemprop=\"datePublished\" datetime=\"2026-02-02T20:35:06+01:00\" >2. February 2026<\/time><\/div><\/footer><span class='hidden'>\n\t\t\t\t<span class='av-structured-data'  itemprop=\"image\" itemscope=\"itemscope\" itemtype=\"https:\/\/schema.org\/ImageObject\" >\n\t\t\t\t\t\t<span itemprop='url'>https:\/\/www.courage-beratung.at\/wp-content\/uploads\/2026\/02\/generated-image2.jpg<\/span>\n\t\t\t\t\t\t<span itemprop='height'>2240<\/span>\n\t\t\t\t\t\t<span itemprop='width'>1792<\/span>\n\t\t\t\t<\/span>\n\t\t\t\t<span class='av-structured-data'  itemprop=\"publisher\" itemtype=\"https:\/\/schema.org\/Organization\" itemscope=\"itemscope\" >\n\t\t\t\t\t\t<span itemprop='name'>Nemanja<\/span>\n\t\t\t\t\t\t<span itemprop='logo' itemscope itemtype='https:\/\/schema.org\/ImageObject'>\n\t\t\t\t\t\t\t<span itemprop='url'>https:\/\/www.courage-beratung.at\/wp-content\/uploads\/2023\/12\/COURAGE_LOGO_WEB_2022_RGB.svg<\/span>\n\t\t\t\t\t\t<\/span>\n\t\t\t\t<\/span><span class='av-structured-data'  itemprop=\"author\" itemscope=\"itemscope\" itemtype=\"https:\/\/schema.org\/Person\" ><span itemprop='name'>Nemanja<\/span><\/span><span class='av-structured-data'  itemprop=\"datePublished\" datetime=\"2023-06-03T08:03:02+02:00\" >2026-02-02 20:35:06<\/span><span class='av-structured-data'  itemprop=\"dateModified\" itemtype=\"https:\/\/schema.org\/dateModified\" >2026-02-02 21:06:15<\/span><span class='av-structured-data'  itemprop=\"mainEntityOfPage\" itemtype=\"https:\/\/schema.org\/mainEntityOfPage\" ><span itemprop='name'>Beratung von trans* und nichtbin\u00e4ren Kindern und Jugendlichen<\/span><\/span><\/span><\/article><\/div><div class=\"slide-entry-wrap\"><article class='slide-entry flex_column  post-entry post-entry-7993 slide-entry-overview slide-loop-8 slide-parity-odd  av_fullwidth first real-thumbnail posttype-post post-format-standard'  itemscope=\"itemscope\" itemtype=\"https:\/\/schema.org\/CreativeWork\" ><a href='https:\/\/www.courage-beratung.at\/en\/2026\/02\/02\/lebensqualitat-am-lebensende\/' data-rel='slide-2' class='slide-image' title='Lebensqualit\u00e4t am Lebensende'><img decoding=\"async\" fetchpriority=\"high\" width=\"801\" height=\"1030\" src=\"https:\/\/www.courage-beratung.at\/wp-content\/uploads\/2026\/02\/generated-image4-801x1030.png\" class=\"wp-image-8005 avia-img-lazy-loading-not-8005 attachment-large size-large wp-post-image\" alt=\"\" \/><\/a><div class=\"slide-content\"><header class=\"entry-content-header\" aria-label=\"Slide: Lebensqualit\u00e4t am Lebensende\"><span class=\"blog-categories minor-meta\"><a href=\"https:\/\/www.courage-beratung.at\/en\/category\/seminare\/\" rel=\"tag\">Seminare<\/a> <\/span><h3 class='slide-entry-title entry-title'  itemprop=\"headline\" ><a href='https:\/\/www.courage-beratung.at\/en\/2026\/02\/02\/lebensqualitat-am-lebensende\/' title='Lebensqualit\u00e4t am Lebensende'>Lebensqualit\u00e4t am Lebensende<\/a><\/h3><span class=\"av-vertical-delimiter\"><\/span><\/header><div class='slide-entry-excerpt entry-content'  itemprop=\"text\" >Termin:<br>Freitag, 2. \u2013 Samstag, 3. Oktober 2026<br>\nFreitag, 16.00 \u2013 20.15 Uhr; Samstag 9.30 \u2013 18.45 Uhr<br>Anmeldung bis 25.09.2026: info@courage-beratung.at<div class=\"read-more-link\"><a href=\"https:\/\/www.courage-beratung.at\/en\/2026\/02\/02\/lebensqualitat-am-lebensende\/\" class=\"more-link\">Read more<span class='more-link-arrow avia-svg-icon avia-font-svg_entypo-fontello' data-av_svg_icon='right-open-big' data-av_iconset='svg_entypo-fontello'><svg version=\"1.1\" xmlns=\"http:\/\/www.w3.org\/2000\/svg\" width=\"15\" height=\"32\" viewbox=\"0 0 15 32\" preserveaspectratio=\"xMidYMid meet\" role=\"graphics-symbol\" aria-hidden=\"true\">\n<path d=\"M0.416 27.84l11.456-11.84-11.456-11.904q-0.832-0.832 0-1.536 0.832-0.832 1.536 0l12.544 12.608q0.768 0.832 0 1.6l-12.544 12.608q-0.704 0.832-1.536 0-0.832-0.704 0-1.536z\"><\/path>\n<\/svg><\/span><\/a><\/div><\/div><\/div><footer class=\"entry-footer\"><div class=\"slide-meta\"><time class='slide-meta-time updated'  itemprop=\"datePublished\" datetime=\"2026-02-02T19:54:38+01:00\" >2. February 2026<\/time><\/div><\/footer><span class='hidden'>\n\t\t\t\t<span class='av-structured-data'  itemprop=\"image\" itemscope=\"itemscope\" itemtype=\"https:\/\/schema.org\/ImageObject\" >\n\t\t\t\t\t\t<span itemprop='url'>https:\/\/www.courage-beratung.at\/wp-content\/uploads\/2026\/02\/generated-image4-e1770060128743.png<\/span>\n\t\t\t\t\t\t<span itemprop='height'>593<\/span>\n\t\t\t\t\t\t<span itemprop='width'>896<\/span>\n\t\t\t\t<\/span>\n\t\t\t\t<span class='av-structured-data'  itemprop=\"publisher\" itemtype=\"https:\/\/schema.org\/Organization\" itemscope=\"itemscope\" >\n\t\t\t\t\t\t<span itemprop='name'>Nemanja<\/span>\n\t\t\t\t\t\t<span itemprop='logo' itemscope itemtype='https:\/\/schema.org\/ImageObject'>\n\t\t\t\t\t\t\t<span itemprop='url'>https:\/\/www.courage-beratung.at\/wp-content\/uploads\/2023\/12\/COURAGE_LOGO_WEB_2022_RGB.svg<\/span>\n\t\t\t\t\t\t<\/span>\n\t\t\t\t<\/span><span class='av-structured-data'  itemprop=\"author\" itemscope=\"itemscope\" itemtype=\"https:\/\/schema.org\/Person\" ><span itemprop='name'>Nemanja<\/span><\/span><span class='av-structured-data'  itemprop=\"datePublished\" datetime=\"2023-06-03T08:03:02+02:00\" >2026-02-02 19:54:38<\/span><span class='av-structured-data'  itemprop=\"dateModified\" itemtype=\"https:\/\/schema.org\/dateModified\" >2026-02-02 21:06:10<\/span><span class='av-structured-data'  itemprop=\"mainEntityOfPage\" itemtype=\"https:\/\/schema.org\/mainEntityOfPage\" ><span itemprop='name'>Lebensqualit\u00e4t am Lebensende<\/span><\/span><\/span><\/article><\/div><div class=\"slide-entry-wrap\"><article class='slide-entry flex_column  post-entry post-entry-7932 slide-entry-overview slide-loop-9 slide-parity-odd  av_fullwidth first real-thumbnail posttype-post post-format-standard'  itemscope=\"itemscope\" itemtype=\"https:\/\/schema.org\/CreativeWork\" ><a href='https:\/\/www.courage-beratung.at\/en\/2026\/01\/27\/zusatzlicher-trans-und-inter-parents-informationsabend-im-dezember\/' data-rel='slide-2' class='slide-image' title='TRANS* und INTER* PARENTS Informationsabend im M\u00e4rz'><img decoding=\"async\" fetchpriority=\"high\" width=\"1024\" height=\"576\" src=\"https:\/\/www.courage-beratung.at\/wp-content\/uploads\/2024\/09\/Blog-Photos-3-1024x576-1.png\" class=\"wp-image-3397 avia-img-lazy-loading-not-3397 attachment-large size-large wp-post-image\" alt=\"\" srcset=\"https:\/\/www.courage-beratung.at\/wp-content\/uploads\/2024\/09\/Blog-Photos-3-1024x576-1.png 1024w, https:\/\/www.courage-beratung.at\/wp-content\/uploads\/2024\/09\/Blog-Photos-3-1024x576-1-300x169.png 300w, https:\/\/www.courage-beratung.at\/wp-content\/uploads\/2024\/09\/Blog-Photos-3-1024x576-1-768x432.png 768w, https:\/\/www.courage-beratung.at\/wp-content\/uploads\/2024\/09\/Blog-Photos-3-1024x576-1-18x10.png 18w, https:\/\/www.courage-beratung.at\/wp-content\/uploads\/2024\/09\/Blog-Photos-3-1024x576-1-705x397.png 705w\" sizes=\"(max-width: 1024px) 100vw, 1024px\" \/><\/a><div class=\"slide-content\"><header class=\"entry-content-header\" aria-label=\"Slide: TRANS* und INTER* PARENTS Informationsabend im M\u00e4rz\"><span class=\"blog-categories minor-meta\"><a href=\"https:\/\/www.courage-beratung.at\/en\/category\/allgemein\/\" rel=\"tag\">Allgemein<\/a>, <a href=\"https:\/\/www.courage-beratung.at\/en\/category\/events-qbz\/\" rel=\"tag\">Events QBZ<\/a>, <a href=\"https:\/\/www.courage-beratung.at\/en\/category\/infoabende\/\" rel=\"tag\">Infoabende<\/a> <\/span><h3 class='slide-entry-title entry-title'  itemprop=\"headline\" ><a href='https:\/\/www.courage-beratung.at\/en\/2026\/01\/27\/zusatzlicher-trans-und-inter-parents-informationsabend-im-dezember\/' title='TRANS* und INTER* PARENTS Informationsabend im M\u00e4rz'>TRANS* und INTER* PARENTS Informationsabend im M\u00e4rz<\/a><\/h3><span class=\"av-vertical-delimiter\"><\/span><\/header><div class='slide-entry-excerpt entry-content'  itemprop=\"text\" >Am 4. M\u00e4rz 2026 findet unser n\u00e4chster TRANS* und INTER* PARENTS  Informationsabend statt! Eltern(-teile), Bezugspersonen und Angeh\u00f6rige k\u00f6nnen sich im Rahmen des Abends \u00fcber Trans*Identit\u00e4ten und Inter*Geschlechtlichkeiten informieren und austauschen.<div class=\"read-more-link\"><a href=\"https:\/\/www.courage-beratung.at\/en\/2026\/01\/27\/zusatzlicher-trans-und-inter-parents-informationsabend-im-dezember\/\" class=\"more-link\">Read more<span class='more-link-arrow avia-svg-icon avia-font-svg_entypo-fontello' data-av_svg_icon='right-open-big' data-av_iconset='svg_entypo-fontello'><svg version=\"1.1\" xmlns=\"http:\/\/www.w3.org\/2000\/svg\" width=\"15\" height=\"32\" viewbox=\"0 0 15 32\" preserveaspectratio=\"xMidYMid meet\" role=\"graphics-symbol\" aria-hidden=\"true\">\n<path d=\"M0.416 27.84l11.456-11.84-11.456-11.904q-0.832-0.832 0-1.536 0.832-0.832 1.536 0l12.544 12.608q0.768 0.832 0 1.6l-12.544 12.608q-0.704 0.832-1.536 0-0.832-0.704 0-1.536z\"><\/path>\n<\/svg><\/span><\/a><\/div><\/div><\/div><footer class=\"entry-footer\"><div class=\"slide-meta\"><time class='slide-meta-time updated'  itemprop=\"datePublished\" datetime=\"2026-01-27T09:37:29+01:00\" >27. January 2026<\/time><\/div><\/footer><span class='hidden'>\n\t\t\t\t<span class='av-structured-data'  itemprop=\"image\" itemscope=\"itemscope\" itemtype=\"https:\/\/schema.org\/ImageObject\" >\n\t\t\t\t\t\t<span itemprop='url'>https:\/\/www.courage-beratung.at\/wp-content\/uploads\/2024\/09\/Blog-Photos-3-1024x576-1.png<\/span>\n\t\t\t\t\t\t<span itemprop='height'>576<\/span>\n\t\t\t\t\t\t<span itemprop='width'>1024<\/span>\n\t\t\t\t<\/span>\n\t\t\t\t<span class='av-structured-data'  itemprop=\"publisher\" itemtype=\"https:\/\/schema.org\/Organization\" itemscope=\"itemscope\" >\n\t\t\t\t\t\t<span itemprop='name'>Sandra Ehn<\/span>\n\t\t\t\t\t\t<span itemprop='logo' itemscope itemtype='https:\/\/schema.org\/ImageObject'>\n\t\t\t\t\t\t\t<span itemprop='url'>https:\/\/www.courage-beratung.at\/wp-content\/uploads\/2023\/12\/COURAGE_LOGO_WEB_2022_RGB.svg<\/span>\n\t\t\t\t\t\t<\/span>\n\t\t\t\t<\/span><span class='av-structured-data'  itemprop=\"author\" itemscope=\"itemscope\" itemtype=\"https:\/\/schema.org\/Person\" ><span itemprop='name'>Sandra Ehn<\/span><\/span><span class='av-structured-data'  itemprop=\"datePublished\" datetime=\"2023-06-03T08:03:02+02:00\" >2026-01-27 09:37:29<\/span><span class='av-structured-data'  itemprop=\"dateModified\" itemtype=\"https:\/\/schema.org\/dateModified\" >2026-02-27 11:41:09<\/span><span class='av-structured-data'  itemprop=\"mainEntityOfPage\" itemtype=\"https:\/\/schema.org\/mainEntityOfPage\" ><span itemprop='name'>TRANS* und INTER* PARENTS Informationsabend im M\u00e4rz<\/span><\/span><\/span><\/article><\/div><div class=\"slide-entry-wrap\"><article class='slide-entry flex_column  post-entry post-entry-7737 slide-entry-overview slide-loop-10 slide-parity-odd  av_fullwidth first real-thumbnail posttype-post post-format-standard'  itemscope=\"itemscope\" itemtype=\"https:\/\/schema.org\/CreativeWork\" ><a href='https:\/\/www.courage-beratung.at\/en\/2026\/01\/17\/courage-eisenstadt-sucht-psychotherapeutische-beraterinnen\/' data-rel='slide-2' class='slide-image' title='COURAGE* Eisenstadt sucht Psychotherapeutische Berater*innen und Sozialarbeiter*in'><img decoding=\"async\" fetchpriority=\"high\" width=\"1030\" height=\"738\" src=\"https:\/\/www.courage-beratung.at\/wp-content\/uploads\/2025\/06\/Your-paragraph-text1-e1770287537966-1030x738.png\" class=\"wp-image-6383 avia-img-lazy-loading-not-6383 attachment-large size-large wp-post-image\" alt=\"\" srcset=\"https:\/\/www.courage-beratung.at\/wp-content\/uploads\/2025\/06\/Your-paragraph-text1-e1770287537966-1030x738.png 1030w, https:\/\/www.courage-beratung.at\/wp-content\/uploads\/2025\/06\/Your-paragraph-text1-e1770287537966-300x215.png 300w, https:\/\/www.courage-beratung.at\/wp-content\/uploads\/2025\/06\/Your-paragraph-text1-e1770287537966-768x550.png 768w, https:\/\/www.courage-beratung.at\/wp-content\/uploads\/2025\/06\/Your-paragraph-text1-e1770287537966-18x12.png 18w, https:\/\/www.courage-beratung.at\/wp-content\/uploads\/2025\/06\/Your-paragraph-text1-e1770287537966-260x185.png 260w, https:\/\/www.courage-beratung.at\/wp-content\/uploads\/2025\/06\/Your-paragraph-text1-e1770287537966-705x505.png 705w, https:\/\/www.courage-beratung.at\/wp-content\/uploads\/2025\/06\/Your-paragraph-text1-e1770287537966.png 1080w\" sizes=\"(max-width: 1030px) 100vw, 1030px\" \/><\/a><div class=\"slide-content\"><header class=\"entry-content-header\" aria-label=\"Slide: COURAGE* Eisenstadt sucht Psychotherapeutische Berater*innen und Sozialarbeiter*in\"><span class=\"blog-categories minor-meta\"><a href=\"https:\/\/www.courage-beratung.at\/en\/category\/offene-stellen\/\" rel=\"tag\">Offene Stellen<\/a> <\/span><h3 class='slide-entry-title entry-title'  itemprop=\"headline\" ><a href='https:\/\/www.courage-beratung.at\/en\/2026\/01\/17\/courage-eisenstadt-sucht-psychotherapeutische-beraterinnen\/' title='COURAGE* Eisenstadt sucht Psychotherapeutische Berater*innen und Sozialarbeiter*in'>COURAGE* Eisenstadt sucht Psychotherapeutische Berater*innen und Sozialarbeiter*in<\/a><\/h3><span class=\"av-vertical-delimiter\"><\/span><\/header><div class='slide-entry-excerpt entry-content'  itemprop=\"text\" >Schriftliche Bewerbungen samt Lebenslauf und Motivationsschreiben ab sofort per E-Mail an: <br>\nMag. Johannes Wahala, Leiter der Beratungsstellen COURAGE*<br>\nj.wahala@courage-beratung.at<br>\n<div class=\"read-more-link\"><a href=\"https:\/\/www.courage-beratung.at\/en\/2026\/01\/17\/courage-eisenstadt-sucht-psychotherapeutische-beraterinnen\/\" class=\"more-link\">Read more<span class='more-link-arrow avia-svg-icon avia-font-svg_entypo-fontello' data-av_svg_icon='right-open-big' data-av_iconset='svg_entypo-fontello'><svg version=\"1.1\" xmlns=\"http:\/\/www.w3.org\/2000\/svg\" width=\"15\" height=\"32\" viewbox=\"0 0 15 32\" preserveaspectratio=\"xMidYMid meet\" role=\"graphics-symbol\" aria-hidden=\"true\">\n<path d=\"M0.416 27.84l11.456-11.84-11.456-11.904q-0.832-0.832 0-1.536 0.832-0.832 1.536 0l12.544 12.608q0.768 0.832 0 1.6l-12.544 12.608q-0.704 0.832-1.536 0-0.832-0.704 0-1.536z\"><\/path>\n<\/svg><\/span><\/a><\/div><\/div><\/div><footer class=\"entry-footer\"><div class=\"slide-meta\"><time class='slide-meta-time updated'  itemprop=\"datePublished\" datetime=\"2026-01-17T18:27:39+01:00\" >17. January 2026<\/time><\/div><\/footer><span class='hidden'>\n\t\t\t\t<span class='av-structured-data'  itemprop=\"image\" itemscope=\"itemscope\" itemtype=\"https:\/\/schema.org\/ImageObject\" >\n\t\t\t\t\t\t<span itemprop='url'>https:\/\/www.courage-beratung.at\/wp-content\/uploads\/2025\/06\/Your-paragraph-text1-e1770287537966.png<\/span>\n\t\t\t\t\t\t<span itemprop='height'>774<\/span>\n\t\t\t\t\t\t<span itemprop='width'>1080<\/span>\n\t\t\t\t<\/span>\n\t\t\t\t<span class='av-structured-data'  itemprop=\"publisher\" itemtype=\"https:\/\/schema.org\/Organization\" itemscope=\"itemscope\" >\n\t\t\t\t\t\t<span itemprop='name'>Nemanja<\/span>\n\t\t\t\t\t\t<span itemprop='logo' itemscope itemtype='https:\/\/schema.org\/ImageObject'>\n\t\t\t\t\t\t\t<span itemprop='url'>https:\/\/www.courage-beratung.at\/wp-content\/uploads\/2023\/12\/COURAGE_LOGO_WEB_2022_RGB.svg<\/span>\n\t\t\t\t\t\t<\/span>\n\t\t\t\t<\/span><span class='av-structured-data'  itemprop=\"author\" itemscope=\"itemscope\" itemtype=\"https:\/\/schema.org\/Person\" ><span itemprop='name'>Nemanja<\/span><\/span><span class='av-structured-data'  itemprop=\"datePublished\" datetime=\"2023-06-03T08:03:02+02:00\" >2026-01-17 18:27:39<\/span><span class='av-structured-data'  itemprop=\"dateModified\" itemtype=\"https:\/\/schema.org\/dateModified\" >2026-01-17 18:32:27<\/span><span class='av-structured-data'  itemprop=\"mainEntityOfPage\" itemtype=\"https:\/\/schema.org\/mainEntityOfPage\" ><span itemprop='name'>COURAGE* Eisenstadt sucht Psychotherapeutische Berater*innen und Sozialarbeiter*in<\/span><\/span><\/span><\/article><\/div><div class=\"slide-entry-wrap\"><article class='slide-entry flex_column  post-entry post-entry-5855 slide-entry-overview slide-loop-11 slide-parity-odd  av_fullwidth first real-thumbnail posttype-post post-format-standard'  itemscope=\"itemscope\" itemtype=\"https:\/\/schema.org\/CreativeWork\" ><a href='https:\/\/www.courage-beratung.at\/en\/2025\/11\/19\/courage-sucht-psychotherapeutische-beraterinnen\/' data-rel='slide-2' class='slide-image' title='COURAGE* sucht Psychotherapeutische Berater*innen'><img decoding=\"async\" fetchpriority=\"high\" width=\"1030\" height=\"738\" src=\"https:\/\/www.courage-beratung.at\/wp-content\/uploads\/2025\/06\/Your-paragraph-text1-e1770287537966-1030x738.png\" class=\"wp-image-6383 avia-img-lazy-loading-not-6383 attachment-large size-large wp-post-image\" alt=\"\" srcset=\"https:\/\/www.courage-beratung.at\/wp-content\/uploads\/2025\/06\/Your-paragraph-text1-e1770287537966-1030x738.png 1030w, https:\/\/www.courage-beratung.at\/wp-content\/uploads\/2025\/06\/Your-paragraph-text1-e1770287537966-300x215.png 300w, https:\/\/www.courage-beratung.at\/wp-content\/uploads\/2025\/06\/Your-paragraph-text1-e1770287537966-768x550.png 768w, https:\/\/www.courage-beratung.at\/wp-content\/uploads\/2025\/06\/Your-paragraph-text1-e1770287537966-18x12.png 18w, https:\/\/www.courage-beratung.at\/wp-content\/uploads\/2025\/06\/Your-paragraph-text1-e1770287537966-260x185.png 260w, https:\/\/www.courage-beratung.at\/wp-content\/uploads\/2025\/06\/Your-paragraph-text1-e1770287537966-705x505.png 705w, https:\/\/www.courage-beratung.at\/wp-content\/uploads\/2025\/06\/Your-paragraph-text1-e1770287537966.png 1080w\" sizes=\"(max-width: 1030px) 100vw, 1030px\" \/><\/a><div class=\"slide-content\"><header class=\"entry-content-header\" aria-label=\"Slide: COURAGE* sucht Psychotherapeutische Berater*innen\"><span class=\"blog-categories minor-meta\"><a href=\"https:\/\/www.courage-beratung.at\/en\/category\/offene-stellen\/\" rel=\"tag\">Offene Stellen<\/a> <\/span><h3 class='slide-entry-title entry-title'  itemprop=\"headline\" ><a href='https:\/\/www.courage-beratung.at\/en\/2025\/11\/19\/courage-sucht-psychotherapeutische-beraterinnen\/' title='COURAGE* sucht Psychotherapeutische Berater*innen'>COURAGE* sucht Psychotherapeutische Berater*innen<\/a><\/h3><span class=\"av-vertical-delimiter\"><\/span><\/header><div class='slide-entry-excerpt entry-content'  itemprop=\"text\" >Schriftliche Bewerbungen samt Lebenslauf und Motivationsschreiben ab sofort per E-Mail an: <br>\nMag. Johannes Wahala, Leiter der Beratungsstellen COURAGE*<br>\nj.wahala@courage-beratung.at<br>\n<div class=\"read-more-link\"><a href=\"https:\/\/www.courage-beratung.at\/en\/2025\/11\/19\/courage-sucht-psychotherapeutische-beraterinnen\/\" class=\"more-link\">Read more<span class='more-link-arrow avia-svg-icon avia-font-svg_entypo-fontello' data-av_svg_icon='right-open-big' data-av_iconset='svg_entypo-fontello'><svg version=\"1.1\" xmlns=\"http:\/\/www.w3.org\/2000\/svg\" width=\"15\" height=\"32\" viewbox=\"0 0 15 32\" preserveaspectratio=\"xMidYMid meet\" role=\"graphics-symbol\" aria-hidden=\"true\">\n<path d=\"M0.416 27.84l11.456-11.84-11.456-11.904q-0.832-0.832 0-1.536 0.832-0.832 1.536 0l12.544 12.608q0.768 0.832 0 1.6l-12.544 12.608q-0.704 0.832-1.536 0-0.832-0.704 0-1.536z\"><\/path>\n<\/svg><\/span><\/a><\/div><\/div><\/div><footer class=\"entry-footer\"><div class=\"slide-meta\"><time class='slide-meta-time updated'  itemprop=\"datePublished\" datetime=\"2025-11-19T17:37:59+01:00\" >19. November 2025<\/time><\/div><\/footer><span class='hidden'>\n\t\t\t\t<span class='av-structured-data'  itemprop=\"image\" itemscope=\"itemscope\" itemtype=\"https:\/\/schema.org\/ImageObject\" >\n\t\t\t\t\t\t<span itemprop='url'>https:\/\/www.courage-beratung.at\/wp-content\/uploads\/2025\/06\/Your-paragraph-text1-e1770287537966.png<\/span>\n\t\t\t\t\t\t<span itemprop='height'>774<\/span>\n\t\t\t\t\t\t<span itemprop='width'>1080<\/span>\n\t\t\t\t<\/span>\n\t\t\t\t<span class='av-structured-data'  itemprop=\"publisher\" itemtype=\"https:\/\/schema.org\/Organization\" itemscope=\"itemscope\" >\n\t\t\t\t\t\t<span itemprop='name'>Nemanja<\/span>\n\t\t\t\t\t\t<span itemprop='logo' itemscope itemtype='https:\/\/schema.org\/ImageObject'>\n\t\t\t\t\t\t\t<span itemprop='url'>https:\/\/www.courage-beratung.at\/wp-content\/uploads\/2023\/12\/COURAGE_LOGO_WEB_2022_RGB.svg<\/span>\n\t\t\t\t\t\t<\/span>\n\t\t\t\t<\/span><span class='av-structured-data'  itemprop=\"author\" itemscope=\"itemscope\" itemtype=\"https:\/\/schema.org\/Person\" ><span itemprop='name'>Nemanja<\/span><\/span><span class='av-structured-data'  itemprop=\"datePublished\" datetime=\"2023-06-03T08:03:02+02:00\" >2025-11-19 17:37:59<\/span><span class='av-structured-data'  itemprop=\"dateModified\" itemtype=\"https:\/\/schema.org\/dateModified\" >2025-11-19 17:40:05<\/span><span class='av-structured-data'  itemprop=\"mainEntityOfPage\" itemtype=\"https:\/\/schema.org\/mainEntityOfPage\" ><span itemprop='name'>COURAGE* sucht Psychotherapeutische Berater*innen<\/span><\/span><\/span><\/article><\/div><div class=\"slide-entry-wrap\"><article class='slide-entry flex_column  post-entry post-entry-3391 slide-entry-overview slide-loop-12 slide-parity-odd  av_fullwidth first real-thumbnail posttype-post post-format-standard'  itemscope=\"itemscope\" itemtype=\"https:\/\/schema.org\/CreativeWork\" ><a href='https:\/\/www.courage-beratung.at\/en\/2025\/11\/18\/freunde-lieben-die-revolte-in-unseren-engsten-beziehungen\/' data-rel='slide-2' class='slide-image' title='TRANS* UND INTER* Parents Linz'><img decoding=\"async\" fetchpriority=\"high\" width=\"1024\" height=\"576\" src=\"https:\/\/www.courage-beratung.at\/wp-content\/uploads\/2024\/09\/Blog-Photos-3-1024x576-1.png\" class=\"wp-image-3397 avia-img-lazy-loading-not-3397 attachment-large size-large wp-post-image\" alt=\"\" srcset=\"https:\/\/www.courage-beratung.at\/wp-content\/uploads\/2024\/09\/Blog-Photos-3-1024x576-1.png 1024w, https:\/\/www.courage-beratung.at\/wp-content\/uploads\/2024\/09\/Blog-Photos-3-1024x576-1-300x169.png 300w, https:\/\/www.courage-beratung.at\/wp-content\/uploads\/2024\/09\/Blog-Photos-3-1024x576-1-768x432.png 768w, https:\/\/www.courage-beratung.at\/wp-content\/uploads\/2024\/09\/Blog-Photos-3-1024x576-1-18x10.png 18w, https:\/\/www.courage-beratung.at\/wp-content\/uploads\/2024\/09\/Blog-Photos-3-1024x576-1-705x397.png 705w\" sizes=\"(max-width: 1024px) 100vw, 1024px\" \/><\/a><div class=\"slide-content\"><header class=\"entry-content-header\" aria-label=\"Slide: TRANS* UND INTER* Parents Linz\"><span class=\"blog-categories minor-meta\"><a href=\"https:\/\/www.courage-beratung.at\/en\/category\/allgemein\/\" rel=\"tag\">Allgemein<\/a>, <a href=\"https:\/\/www.courage-beratung.at\/en\/category\/infoabende\/\" rel=\"tag\">Infoabende<\/a> <\/span><h3 class='slide-entry-title entry-title'  itemprop=\"headline\" ><a href='https:\/\/www.courage-beratung.at\/en\/2025\/11\/18\/freunde-lieben-die-revolte-in-unseren-engsten-beziehungen\/' title='TRANS* UND INTER* Parents Linz'>TRANS* UND INTER* Parents Linz<\/a><\/h3><span class=\"av-vertical-delimiter\"><\/span><\/header><div class='slide-entry-excerpt entry-content'  itemprop=\"text\" >Informationsabende zu Trans*Identit\u00e4ten und Inter*Geschlechtlichkeiten f\u00fcr Eltern(-teile), Bezugspersonen und Angeh\u00f6rige \n<br><br>\n23. M\u00e4rz, 18. Mai und 20. Juli 2026 je zwischen 17 und 20 Uhr\nWei\u00dfenwolffstra\u00dfe 7a, 1. Stock, 4020 Linz;\n<br><br>\nAnmeldung \u00fcber linz@courage-beratung.at<div class=\"read-more-link\"><a href=\"https:\/\/www.courage-beratung.at\/en\/2025\/11\/18\/freunde-lieben-die-revolte-in-unseren-engsten-beziehungen\/\" class=\"more-link\">Read more<span class='more-link-arrow avia-svg-icon avia-font-svg_entypo-fontello' data-av_svg_icon='right-open-big' data-av_iconset='svg_entypo-fontello'><svg version=\"1.1\" xmlns=\"http:\/\/www.w3.org\/2000\/svg\" width=\"15\" height=\"32\" viewbox=\"0 0 15 32\" preserveaspectratio=\"xMidYMid meet\" role=\"graphics-symbol\" aria-hidden=\"true\">\n<path d=\"M0.416 27.84l11.456-11.84-11.456-11.904q-0.832-0.832 0-1.536 0.832-0.832 1.536 0l12.544 12.608q0.768 0.832 0 1.6l-12.544 12.608q-0.704 0.832-1.536 0-0.832-0.704 0-1.536z\"><\/path>\n<\/svg><\/span><\/a><\/div><\/div><\/div><footer class=\"entry-footer\"><div class=\"slide-meta\"><time class='slide-meta-time updated'  itemprop=\"datePublished\" datetime=\"2025-11-18T13:50:00+01:00\" >18. November 2025<\/time><\/div><\/footer><span class='hidden'>\n\t\t\t\t<span class='av-structured-data'  itemprop=\"image\" itemscope=\"itemscope\" itemtype=\"https:\/\/schema.org\/ImageObject\" >\n\t\t\t\t\t\t<span itemprop='url'>https:\/\/www.courage-beratung.at\/wp-content\/uploads\/2024\/09\/Blog-Photos-3-1024x576-1.png<\/span>\n\t\t\t\t\t\t<span itemprop='height'>576<\/span>\n\t\t\t\t\t\t<span itemprop='width'>1024<\/span>\n\t\t\t\t<\/span>\n\t\t\t\t<span class='av-structured-data'  itemprop=\"publisher\" itemtype=\"https:\/\/schema.org\/Organization\" itemscope=\"itemscope\" >\n\t\t\t\t\t\t<span itemprop='name'>Nemanja<\/span>\n\t\t\t\t\t\t<span itemprop='logo' itemscope itemtype='https:\/\/schema.org\/ImageObject'>\n\t\t\t\t\t\t\t<span itemprop='url'>https:\/\/www.courage-beratung.at\/wp-content\/uploads\/2023\/12\/COURAGE_LOGO_WEB_2022_RGB.svg<\/span>\n\t\t\t\t\t\t<\/span>\n\t\t\t\t<\/span><span class='av-structured-data'  itemprop=\"author\" itemscope=\"itemscope\" itemtype=\"https:\/\/schema.org\/Person\" ><span itemprop='name'>Nemanja<\/span><\/span><span class='av-structured-data'  itemprop=\"datePublished\" datetime=\"2023-06-03T08:03:02+02:00\" >2025-11-18 13:50:00<\/span><span class='av-structured-data'  itemprop=\"dateModified\" itemtype=\"https:\/\/schema.org\/dateModified\" >2025-11-18 14:04:55<\/span><span class='av-structured-data'  itemprop=\"mainEntityOfPage\" itemtype=\"https:\/\/schema.org\/mainEntityOfPage\" ><span itemprop='name'>TRANS* UND INTER* Parents Linz<\/span><\/span><\/span><\/article><\/div><div class=\"slide-entry-wrap\"><article class='slide-entry flex_column  post-entry post-entry-7024 slide-entry-overview slide-loop-13 slide-parity-odd  av_fullwidth first real-thumbnail posttype-post post-format-standard'  itemscope=\"itemscope\" itemtype=\"https:\/\/schema.org\/CreativeWork\" ><a href='https:\/\/www.courage-beratung.at\/en\/2025\/11\/06\/zusatzlicher-trans-und-inter-parents-informationsabend\/' data-rel='slide-2' class='slide-image' title='Zus\u00e4tzlicher TRANS* und INTER* Parents Informationsabend im Dezember'><img decoding=\"async\" fetchpriority=\"high\" width=\"1024\" height=\"576\" src=\"https:\/\/www.courage-beratung.at\/wp-content\/uploads\/2024\/09\/Blog-Photos-3-1024x576-1.png\" class=\"wp-image-3397 avia-img-lazy-loading-not-3397 attachment-large size-large wp-post-image\" alt=\"\" srcset=\"https:\/\/www.courage-beratung.at\/wp-content\/uploads\/2024\/09\/Blog-Photos-3-1024x576-1.png 1024w, https:\/\/www.courage-beratung.at\/wp-content\/uploads\/2024\/09\/Blog-Photos-3-1024x576-1-300x169.png 300w, https:\/\/www.courage-beratung.at\/wp-content\/uploads\/2024\/09\/Blog-Photos-3-1024x576-1-768x432.png 768w, https:\/\/www.courage-beratung.at\/wp-content\/uploads\/2024\/09\/Blog-Photos-3-1024x576-1-18x10.png 18w, https:\/\/www.courage-beratung.at\/wp-content\/uploads\/2024\/09\/Blog-Photos-3-1024x576-1-705x397.png 705w\" sizes=\"(max-width: 1024px) 100vw, 1024px\" \/><\/a><div class=\"slide-content\"><header class=\"entry-content-header\" aria-label=\"Slide: Zus\u00e4tzlicher TRANS* und INTER* Parents Informationsabend im Dezember\"><span class=\"blog-categories minor-meta\"><a href=\"https:\/\/www.courage-beratung.at\/en\/category\/allgemein\/\" rel=\"tag\">Allgemein<\/a>, <a href=\"https:\/\/www.courage-beratung.at\/en\/category\/events-qbz\/\" rel=\"tag\">Events QBZ<\/a>, <a href=\"https:\/\/www.courage-beratung.at\/en\/category\/infoabende\/\" rel=\"tag\">Infoabende<\/a> <\/span><h3 class='slide-entry-title entry-title'  itemprop=\"headline\" ><a href='https:\/\/www.courage-beratung.at\/en\/2025\/11\/06\/zusatzlicher-trans-und-inter-parents-informationsabend\/' title='Zus\u00e4tzlicher TRANS* und INTER* Parents Informationsabend im Dezember'>Zus\u00e4tzlicher TRANS* und INTER* Parents Informationsabend im Dezember<\/a><\/h3><span class=\"av-vertical-delimiter\"><\/span><\/header><div class='slide-entry-excerpt entry-content'  itemprop=\"text\" >Am 10. Dezember 2025 findet ein zus\u00e4tzlicher TRANS* und INTER* Parents  Informationsabend statt! Eltern(-teile), Bezugspersonen und Angeh\u00f6rige k\u00f6nnen sich im Rahmen des Abends \u00fcber Trans*Identit\u00e4ten und Inter*Geschlechtlichkeiten informieren und austauschen.<div class=\"read-more-link\"><a href=\"https:\/\/www.courage-beratung.at\/en\/2025\/11\/06\/zusatzlicher-trans-und-inter-parents-informationsabend\/\" class=\"more-link\">Read more<span class='more-link-arrow avia-svg-icon avia-font-svg_entypo-fontello' data-av_svg_icon='right-open-big' data-av_iconset='svg_entypo-fontello'><svg version=\"1.1\" xmlns=\"http:\/\/www.w3.org\/2000\/svg\" width=\"15\" height=\"32\" viewbox=\"0 0 15 32\" preserveaspectratio=\"xMidYMid meet\" role=\"graphics-symbol\" aria-hidden=\"true\">\n<path d=\"M0.416 27.84l11.456-11.84-11.456-11.904q-0.832-0.832 0-1.536 0.832-0.832 1.536 0l12.544 12.608q0.768 0.832 0 1.6l-12.544 12.608q-0.704 0.832-1.536 0-0.832-0.704 0-1.536z\"><\/path>\n<\/svg><\/span><\/a><\/div><\/div><\/div><footer class=\"entry-footer\"><div class=\"slide-meta\"><time class='slide-meta-time updated'  itemprop=\"datePublished\" datetime=\"2025-11-06T12:10:35+01:00\" >6. November 2025<\/time><\/div><\/footer><span class='hidden'>\n\t\t\t\t<span class='av-structured-data'  itemprop=\"image\" itemscope=\"itemscope\" itemtype=\"https:\/\/schema.org\/ImageObject\" >\n\t\t\t\t\t\t<span itemprop='url'>https:\/\/www.courage-beratung.at\/wp-content\/uploads\/2024\/09\/Blog-Photos-3-1024x576-1.png<\/span>\n\t\t\t\t\t\t<span itemprop='height'>576<\/span>\n\t\t\t\t\t\t<span itemprop='width'>1024<\/span>\n\t\t\t\t<\/span>\n\t\t\t\t<span class='av-structured-data'  itemprop=\"publisher\" itemtype=\"https:\/\/schema.org\/Organization\" itemscope=\"itemscope\" >\n\t\t\t\t\t\t<span itemprop='name'>Sandra Ehn<\/span>\n\t\t\t\t\t\t<span itemprop='logo' itemscope itemtype='https:\/\/schema.org\/ImageObject'>\n\t\t\t\t\t\t\t<span itemprop='url'>https:\/\/www.courage-beratung.at\/wp-content\/uploads\/2023\/12\/COURAGE_LOGO_WEB_2022_RGB.svg<\/span>\n\t\t\t\t\t\t<\/span>\n\t\t\t\t<\/span><span class='av-structured-data'  itemprop=\"author\" itemscope=\"itemscope\" itemtype=\"https:\/\/schema.org\/Person\" ><span itemprop='name'>Sandra Ehn<\/span><\/span><span class='av-structured-data'  itemprop=\"datePublished\" datetime=\"2023-06-03T08:03:02+02:00\" >2025-11-06 12:10:35<\/span><span class='av-structured-data'  itemprop=\"dateModified\" itemtype=\"https:\/\/schema.org\/dateModified\" >2025-11-18 14:17:26<\/span><span class='av-structured-data'  itemprop=\"mainEntityOfPage\" itemtype=\"https:\/\/schema.org\/mainEntityOfPage\" ><span itemprop='name'>Zus\u00e4tzlicher TRANS* und INTER* Parents Informationsabend im Dezember<\/span><\/span><\/span><\/article><\/div><div class=\"slide-entry-wrap\"><article class='slide-entry flex_column  post-entry post-entry-7017 slide-entry-overview slide-loop-14 slide-parity-odd  av_fullwidth first real-thumbnail posttype-post post-format-standard'  itemscope=\"itemscope\" itemtype=\"https:\/\/schema.org\/CreativeWork\" ><a href='https:\/\/www.courage-beratung.at\/en\/2025\/11\/06\/stellungnahme-zum-fall-walter-alias-waltraud\/' data-rel='slide-2' class='slide-image' title='Stellungnahme der COURAGE zum Fall Walter alias Waltraud'><img decoding=\"async\" fetchpriority=\"high\" width=\"1030\" height=\"1030\" src=\"https:\/\/www.courage-beratung.at\/wp-content\/uploads\/2025\/11\/stellungnahme-1-e1762425882983-1030x1030.png\" class=\"wp-image-7023 avia-img-lazy-loading-not-7023 attachment-large size-large wp-post-image\" alt=\"\" srcset=\"https:\/\/www.courage-beratung.at\/wp-content\/uploads\/2025\/11\/stellungnahme-1-e1762425882983-1030x1030.png 1030w, https:\/\/www.courage-beratung.at\/wp-content\/uploads\/2025\/11\/stellungnahme-1-e1762425882983-300x300.png 300w, https:\/\/www.courage-beratung.at\/wp-content\/uploads\/2025\/11\/stellungnahme-1-e1762425882983-80x80.png 80w, https:\/\/www.courage-beratung.at\/wp-content\/uploads\/2025\/11\/stellungnahme-1-e1762425882983-768x768.png 768w, https:\/\/www.courage-beratung.at\/wp-content\/uploads\/2025\/11\/stellungnahme-1-e1762425882983-12x12.png 12w, https:\/\/www.courage-beratung.at\/wp-content\/uploads\/2025\/11\/stellungnahme-1-e1762425882983-36x36.png 36w, https:\/\/www.courage-beratung.at\/wp-content\/uploads\/2025\/11\/stellungnahme-1-e1762425882983-180x180.png 180w, https:\/\/www.courage-beratung.at\/wp-content\/uploads\/2025\/11\/stellungnahme-1-e1762425882983-705x705.png 705w, https:\/\/www.courage-beratung.at\/wp-content\/uploads\/2025\/11\/stellungnahme-1-e1762425882983.png 1080w\" sizes=\"(max-width: 1030px) 100vw, 1030px\" \/><\/a><div class=\"slide-content\"><header class=\"entry-content-header\" aria-label=\"Slide: Stellungnahme der COURAGE zum Fall Walter alias Waltraud\"><span class=\"blog-categories minor-meta\"><a href=\"https:\/\/www.courage-beratung.at\/en\/category\/allgemein\/\" rel=\"tag\">Allgemein<\/a> <\/span><h3 class='slide-entry-title entry-title'  itemprop=\"headline\" ><a href='https:\/\/www.courage-beratung.at\/en\/2025\/11\/06\/stellungnahme-zum-fall-walter-alias-waltraud\/' title='Stellungnahme der COURAGE zum Fall Walter alias Waltraud'>Stellungnahme der COURAGE zum Fall Walter alias Waltraud<\/a><\/h3><span class=\"av-vertical-delimiter\"><\/span><\/header><div class='slide-entry-excerpt entry-content'  itemprop=\"text\" >Mag. Johannes Wahala, Leiter der COURAGE Beratungsstellen nimmt Stellung zur unseri\u00f6sen Berichterstattung der KRONEN ZEITUNG und anderer Medien.<div class=\"read-more-link\"><a href=\"https:\/\/www.courage-beratung.at\/en\/2025\/11\/06\/stellungnahme-zum-fall-walter-alias-waltraud\/\" class=\"more-link\">Read more<span class='more-link-arrow avia-svg-icon avia-font-svg_entypo-fontello' data-av_svg_icon='right-open-big' data-av_iconset='svg_entypo-fontello'><svg version=\"1.1\" xmlns=\"http:\/\/www.w3.org\/2000\/svg\" width=\"15\" height=\"32\" viewbox=\"0 0 15 32\" preserveaspectratio=\"xMidYMid meet\" role=\"graphics-symbol\" aria-hidden=\"true\">\n<path d=\"M0.416 27.84l11.456-11.84-11.456-11.904q-0.832-0.832 0-1.536 0.832-0.832 1.536 0l12.544 12.608q0.768 0.832 0 1.6l-12.544 12.608q-0.704 0.832-1.536 0-0.832-0.704 0-1.536z\"><\/path>\n<\/svg><\/span><\/a><\/div><\/div><\/div><footer class=\"entry-footer\"><div class=\"slide-meta\"><time class='slide-meta-time updated'  itemprop=\"datePublished\" datetime=\"2025-11-06T11:29:54+01:00\" >6. November 2025<\/time><\/div><\/footer><span class='hidden'>\n\t\t\t\t<span class='av-structured-data'  itemprop=\"image\" itemscope=\"itemscope\" itemtype=\"https:\/\/schema.org\/ImageObject\" >\n\t\t\t\t\t\t<span itemprop='url'>https:\/\/www.courage-beratung.at\/wp-content\/uploads\/2025\/11\/stellungnahme-1-e1762425882983.png<\/span>\n\t\t\t\t\t\t<span itemprop='height'>1080<\/span>\n\t\t\t\t\t\t<span itemprop='width'>1080<\/span>\n\t\t\t\t<\/span>\n\t\t\t\t<span class='av-structured-data'  itemprop=\"publisher\" itemtype=\"https:\/\/schema.org\/Organization\" itemscope=\"itemscope\" >\n\t\t\t\t\t\t<span itemprop='name'>Sandra Ehn<\/span>\n\t\t\t\t\t\t<span itemprop='logo' itemscope itemtype='https:\/\/schema.org\/ImageObject'>\n\t\t\t\t\t\t\t<span itemprop='url'>https:\/\/www.courage-beratung.at\/wp-content\/uploads\/2023\/12\/COURAGE_LOGO_WEB_2022_RGB.svg<\/span>\n\t\t\t\t\t\t<\/span>\n\t\t\t\t<\/span><span class='av-structured-data'  itemprop=\"author\" itemscope=\"itemscope\" itemtype=\"https:\/\/schema.org\/Person\" ><span itemprop='name'>Sandra Ehn<\/span><\/span><span class='av-structured-data'  itemprop=\"datePublished\" datetime=\"2023-06-03T08:03:02+02:00\" >2025-11-06 11:29:54<\/span><span class='av-structured-data'  itemprop=\"dateModified\" itemtype=\"https:\/\/schema.org\/dateModified\" >2025-11-06 14:15:28<\/span><span class='av-structured-data'  itemprop=\"mainEntityOfPage\" itemtype=\"https:\/\/schema.org\/mainEntityOfPage\" ><span itemprop='name'>Stellungnahme der COURAGE zum Fall Walter alias Waltraud<\/span><\/span><\/span><\/article><\/div><div class=\"slide-entry-wrap\"><article class='slide-entry flex_column  post-entry post-entry-6615 slide-entry-overview slide-loop-15 slide-parity-odd  av_fullwidth first real-thumbnail posttype-post post-format-standard'  itemscope=\"itemscope\" itemtype=\"https:\/\/schema.org\/CreativeWork\" ><a href='https:\/\/www.courage-beratung.at\/en\/2025\/10\/22\/queere-seele\/' data-rel='slide-2' class='slide-image' title='QUEERE SEELE'><img decoding=\"async\" fetchpriority=\"high\" width=\"801\" height=\"1030\" src=\"https:\/\/www.courage-beratung.at\/wp-content\/uploads\/2025\/10\/queere-sele-801x1030.png\" class=\"wp-image-6618 avia-img-lazy-loading-not-6618 attachment-large size-large wp-post-image\" alt=\"\" srcset=\"https:\/\/www.courage-beratung.at\/wp-content\/uploads\/2025\/10\/queere-sele-801x1030.png 801w, https:\/\/www.courage-beratung.at\/wp-content\/uploads\/2025\/10\/queere-sele-233x300.png 233w, https:\/\/www.courage-beratung.at\/wp-content\/uploads\/2025\/10\/queere-sele-768x987.png 768w, https:\/\/www.courage-beratung.at\/wp-content\/uploads\/2025\/10\/queere-sele-1195x1536.png 1195w, https:\/\/www.courage-beratung.at\/wp-content\/uploads\/2025\/10\/queere-sele-1593x2048.png 1593w, https:\/\/www.courage-beratung.at\/wp-content\/uploads\/2025\/10\/queere-sele-9x12.png 9w, https:\/\/www.courage-beratung.at\/wp-content\/uploads\/2025\/10\/queere-sele-1167x1500.png 1167w, https:\/\/www.courage-beratung.at\/wp-content\/uploads\/2025\/10\/queere-sele-548x705.png 548w, https:\/\/www.courage-beratung.at\/wp-content\/uploads\/2025\/10\/queere-sele-scaled.png 1992w\" sizes=\"(max-width: 801px) 100vw, 801px\" \/><\/a><div class=\"slide-content\"><header class=\"entry-content-header\" aria-label=\"Slide: QUEERE SEELE\"><span class=\"blog-categories minor-meta\"><a href=\"https:\/\/www.courage-beratung.at\/en\/category\/events-qbz\/\" rel=\"tag\">Events QBZ<\/a>, <a href=\"https:\/\/www.courage-beratung.at\/en\/category\/vortrag-guest-lecture\/\" rel=\"tag\">Vortrag \/ Guest Lecture<\/a> <\/span><h3 class='slide-entry-title entry-title'  itemprop=\"headline\" ><a href='https:\/\/www.courage-beratung.at\/en\/2025\/10\/22\/queere-seele\/' title='QUEERE SEELE'>QUEERE SEELE<\/a><\/h3><span class=\"av-vertical-delimiter\"><\/span><\/header><div class='slide-entry-excerpt entry-content'  itemprop=\"text\" >Mittwoch, 05.11.2025, Queeres Bildungszentrum Wien, Windm\u00fchlgasse 15 <br>\nEintritt: freie Spende.<br>\nAnmeldung unter: info@courage-beratung.at oder telefonisch unter: 01585 69 66. <br>\n<div class=\"read-more-link\"><a href=\"https:\/\/www.courage-beratung.at\/en\/2025\/10\/22\/queere-seele\/\" class=\"more-link\">Read more<span class='more-link-arrow avia-svg-icon avia-font-svg_entypo-fontello' data-av_svg_icon='right-open-big' data-av_iconset='svg_entypo-fontello'><svg version=\"1.1\" xmlns=\"http:\/\/www.w3.org\/2000\/svg\" width=\"15\" height=\"32\" viewbox=\"0 0 15 32\" preserveaspectratio=\"xMidYMid meet\" role=\"graphics-symbol\" aria-hidden=\"true\">\n<path d=\"M0.416 27.84l11.456-11.84-11.456-11.904q-0.832-0.832 0-1.536 0.832-0.832 1.536 0l12.544 12.608q0.768 0.832 0 1.6l-12.544 12.608q-0.704 0.832-1.536 0-0.832-0.704 0-1.536z\"><\/path>\n<\/svg><\/span><\/a><\/div><\/div><\/div><footer class=\"entry-footer\"><div class=\"slide-meta\"><time class='slide-meta-time updated'  itemprop=\"datePublished\" datetime=\"2025-10-22T19:43:37+02:00\" >22. October 2025<\/time><\/div><\/footer><span class='hidden'>\n\t\t\t\t<span class='av-structured-data'  itemprop=\"image\" itemscope=\"itemscope\" itemtype=\"https:\/\/schema.org\/ImageObject\" >\n\t\t\t\t\t\t<span itemprop='url'>https:\/\/www.courage-beratung.at\/wp-content\/uploads\/2025\/10\/queere-sele-scaled.png<\/span>\n\t\t\t\t\t\t<span itemprop='height'>2560<\/span>\n\t\t\t\t\t\t<span itemprop='width'>1992<\/span>\n\t\t\t\t<\/span>\n\t\t\t\t<span class='av-structured-data'  itemprop=\"publisher\" itemtype=\"https:\/\/schema.org\/Organization\" itemscope=\"itemscope\" >\n\t\t\t\t\t\t<span itemprop='name'>Nemanja<\/span>\n\t\t\t\t\t\t<span itemprop='logo' itemscope itemtype='https:\/\/schema.org\/ImageObject'>\n\t\t\t\t\t\t\t<span itemprop='url'>https:\/\/www.courage-beratung.at\/wp-content\/uploads\/2023\/12\/COURAGE_LOGO_WEB_2022_RGB.svg<\/span>\n\t\t\t\t\t\t<\/span>\n\t\t\t\t<\/span><span class='av-structured-data'  itemprop=\"author\" itemscope=\"itemscope\" itemtype=\"https:\/\/schema.org\/Person\" ><span itemprop='name'>Nemanja<\/span><\/span><span class='av-structured-data'  itemprop=\"datePublished\" datetime=\"2023-06-03T08:03:02+02:00\" >2025-10-22 19:43:37<\/span><span class='av-structured-data'  itemprop=\"dateModified\" itemtype=\"https:\/\/schema.org\/dateModified\" >2025-10-22 20:19:32<\/span><span class='av-structured-data'  itemprop=\"mainEntityOfPage\" itemtype=\"https:\/\/schema.org\/mainEntityOfPage\" ><span itemprop='name'>QUEERE SEELE<\/span><\/span><\/span><\/article><\/div><div class=\"slide-entry-wrap\"><article class='slide-entry flex_column  post-entry post-entry-6424 slide-entry-overview slide-loop-16 slide-parity-odd  av_fullwidth first real-thumbnail posttype-post post-format-standard'  itemscope=\"itemscope\" itemtype=\"https:\/\/schema.org\/CreativeWork\" ><a href='https:\/\/www.courage-beratung.at\/en\/2025\/09\/30\/aro-ace-community-abend-2\/' data-rel='slide-2' class='slide-image' title='Aro\/Ace &#8211; Community Abend'><img decoding=\"async\" fetchpriority=\"high\" width=\"579\" height=\"1030\" src=\"https:\/\/www.courage-beratung.at\/wp-content\/uploads\/2024\/11\/img-BltBNm480DQZkRsEHayEG-579x1030.jpg\" class=\"wp-image-4320 avia-img-lazy-loading-not-4320 attachment-large size-large wp-post-image\" alt=\"\" srcset=\"https:\/\/www.courage-beratung.at\/wp-content\/uploads\/2024\/11\/img-BltBNm480DQZkRsEHayEG-579x1030.jpg 579w, https:\/\/www.courage-beratung.at\/wp-content\/uploads\/2024\/11\/img-BltBNm480DQZkRsEHayEG-169x300.jpg 169w, https:\/\/www.courage-beratung.at\/wp-content\/uploads\/2024\/11\/img-BltBNm480DQZkRsEHayEG-7x12.jpg 7w, https:\/\/www.courage-beratung.at\/wp-content\/uploads\/2024\/11\/img-BltBNm480DQZkRsEHayEG-397x705.jpg 397w, https:\/\/www.courage-beratung.at\/wp-content\/uploads\/2024\/11\/img-BltBNm480DQZkRsEHayEG.jpg 720w\" sizes=\"(max-width: 579px) 100vw, 579px\" \/><\/a><div class=\"slide-content\"><header class=\"entry-content-header\" aria-label=\"Slide: Aro\/Ace - Community Abend\"><span class=\"blog-categories minor-meta\"><a href=\"https:\/\/www.courage-beratung.at\/en\/category\/allgemein\/\" rel=\"tag\">Allgemein<\/a>, <a href=\"https:\/\/www.courage-beratung.at\/en\/category\/events-qbz\/\" rel=\"tag\">Events QBZ<\/a> <\/span><h3 class='slide-entry-title entry-title'  itemprop=\"headline\" ><a href='https:\/\/www.courage-beratung.at\/en\/2025\/09\/30\/aro-ace-community-abend-2\/' title='Aro\/Ace &#8211; Community Abend'>Aro\/Ace &#8211; Community Abend<\/a><\/h3><span class=\"av-vertical-delimiter\"><\/span><\/header><div class='slide-entry-excerpt entry-content'  itemprop=\"text\" >N\u00e4chster Termin: 23.10.2025, 18:30 Uhr\n<br>\nOrt: Queeres Bildungszentrum Wien, Windm\u00fchlgasse 15, 1060 Wien\n\nKosten: freiwillige Spende\n<br>\nAnmeldung: erforderlich unter: info@courage-beratung.at oder telefonisch unter 01 \/ 585 69 66<div class=\"read-more-link\"><a href=\"https:\/\/www.courage-beratung.at\/en\/2025\/09\/30\/aro-ace-community-abend-2\/\" class=\"more-link\">Read more<span class='more-link-arrow avia-svg-icon avia-font-svg_entypo-fontello' data-av_svg_icon='right-open-big' data-av_iconset='svg_entypo-fontello'><svg version=\"1.1\" xmlns=\"http:\/\/www.w3.org\/2000\/svg\" width=\"15\" height=\"32\" viewbox=\"0 0 15 32\" preserveaspectratio=\"xMidYMid meet\" role=\"graphics-symbol\" aria-hidden=\"true\">\n<path d=\"M0.416 27.84l11.456-11.84-11.456-11.904q-0.832-0.832 0-1.536 0.832-0.832 1.536 0l12.544 12.608q0.768 0.832 0 1.6l-12.544 12.608q-0.704 0.832-1.536 0-0.832-0.704 0-1.536z\"><\/path>\n<\/svg><\/span><\/a><\/div><\/div><\/div><footer class=\"entry-footer\"><div class=\"slide-meta\"><time class='slide-meta-time updated'  itemprop=\"datePublished\" datetime=\"2025-09-30T14:00:46+02:00\" >30. September 2025<\/time><\/div><\/footer><span class='hidden'>\n\t\t\t\t<span class='av-structured-data'  itemprop=\"image\" itemscope=\"itemscope\" itemtype=\"https:\/\/schema.org\/ImageObject\" >\n\t\t\t\t\t\t<span itemprop='url'>https:\/\/www.courage-beratung.at\/wp-content\/uploads\/2024\/11\/img-BltBNm480DQZkRsEHayEG.jpg<\/span>\n\t\t\t\t\t\t<span itemprop='height'>1280<\/span>\n\t\t\t\t\t\t<span itemprop='width'>720<\/span>\n\t\t\t\t<\/span>\n\t\t\t\t<span class='av-structured-data'  itemprop=\"publisher\" itemtype=\"https:\/\/schema.org\/Organization\" itemscope=\"itemscope\" >\n\t\t\t\t\t\t<span itemprop='name'>Sandra Ehn<\/span>\n\t\t\t\t\t\t<span itemprop='logo' itemscope itemtype='https:\/\/schema.org\/ImageObject'>\n\t\t\t\t\t\t\t<span itemprop='url'>https:\/\/www.courage-beratung.at\/wp-content\/uploads\/2023\/12\/COURAGE_LOGO_WEB_2022_RGB.svg<\/span>\n\t\t\t\t\t\t<\/span>\n\t\t\t\t<\/span><span class='av-structured-data'  itemprop=\"author\" itemscope=\"itemscope\" itemtype=\"https:\/\/schema.org\/Person\" ><span itemprop='name'>Sandra Ehn<\/span><\/span><span class='av-structured-data'  itemprop=\"datePublished\" datetime=\"2023-06-03T08:03:02+02:00\" >2025-09-30 14:00:46<\/span><span class='av-structured-data'  itemprop=\"dateModified\" itemtype=\"https:\/\/schema.org\/dateModified\" >2025-10-07 11:27:33<\/span><span class='av-structured-data'  itemprop=\"mainEntityOfPage\" itemtype=\"https:\/\/schema.org\/mainEntityOfPage\" ><span itemprop='name'>Aro\/Ace &#8211; Community Abend<\/span><\/span><\/span><\/article><\/div><div class=\"slide-entry-wrap\"><article class='slide-entry flex_column  post-entry post-entry-6407 slide-entry-overview slide-loop-17 slide-parity-odd  av_fullwidth first real-thumbnail posttype-post post-format-standard'  itemscope=\"itemscope\" itemtype=\"https:\/\/schema.org\/CreativeWork\" ><a href='https:\/\/www.courage-beratung.at\/en\/2025\/09\/29\/transfeeme-nonbinary-qa\/' data-rel='slide-2' class='slide-image' title='Transfemme \/ Nonbinary Q&#038;A'><img decoding=\"async\" fetchpriority=\"high\" width=\"824\" height=\"1030\" src=\"https:\/\/www.courage-beratung.at\/wp-content\/uploads\/2025\/09\/Courage-Workshop-_-qmp-824x1030.png\" class=\"wp-image-6410 avia-img-lazy-loading-not-6410 attachment-large size-large wp-post-image\" alt=\"\" srcset=\"https:\/\/www.courage-beratung.at\/wp-content\/uploads\/2025\/09\/Courage-Workshop-_-qmp-824x1030.png 824w, https:\/\/www.courage-beratung.at\/wp-content\/uploads\/2025\/09\/Courage-Workshop-_-qmp-240x300.png 240w, https:\/\/www.courage-beratung.at\/wp-content\/uploads\/2025\/09\/Courage-Workshop-_-qmp-768x960.png 768w, https:\/\/www.courage-beratung.at\/wp-content\/uploads\/2025\/09\/Courage-Workshop-_-qmp-10x12.png 10w, https:\/\/www.courage-beratung.at\/wp-content\/uploads\/2025\/09\/Courage-Workshop-_-qmp-564x705.png 564w, https:\/\/www.courage-beratung.at\/wp-content\/uploads\/2025\/09\/Courage-Workshop-_-qmp.png 1080w\" sizes=\"(max-width: 824px) 100vw, 824px\" \/><\/a><div class=\"slide-content\"><header class=\"entry-content-header\" aria-label=\"Slide: Transfemme \/ Nonbinary Q&amp;A\"><span class=\"blog-categories minor-meta\"><a href=\"https:\/\/www.courage-beratung.at\/en\/category\/projekte\/\" rel=\"tag\">Projekte<\/a>, <a href=\"https:\/\/www.courage-beratung.at\/en\/category\/sexuelle-bildung\/\" rel=\"tag\">Sexuelle Bildung<\/a> <\/span><h3 class='slide-entry-title entry-title'  itemprop=\"headline\" ><a href='https:\/\/www.courage-beratung.at\/en\/2025\/09\/29\/transfeeme-nonbinary-qa\/' title='Transfemme \/ Nonbinary Q&#038;A'>Transfemme \/ Nonbinary Q&#038;A<\/a><\/h3><span class=\"av-vertical-delimiter\"><\/span><\/header><div class='slide-entry-excerpt entry-content'  itemprop=\"text\" >in Kooperation mit Queer my Pleasure<br>\nOrt: COURAGE*Graz, Pl\u00fcddemanngasse 39, 8010 Graz<br>\nDatum: Freitag, 03. Oktober 2025<br>\nUhrzeit: 16:00 - 20:00 Uhr<br><div class=\"read-more-link\"><a href=\"https:\/\/www.courage-beratung.at\/en\/2025\/09\/29\/transfeeme-nonbinary-qa\/\" class=\"more-link\">Read more<span class='more-link-arrow avia-svg-icon avia-font-svg_entypo-fontello' data-av_svg_icon='right-open-big' data-av_iconset='svg_entypo-fontello'><svg version=\"1.1\" xmlns=\"http:\/\/www.w3.org\/2000\/svg\" width=\"15\" height=\"32\" viewbox=\"0 0 15 32\" preserveaspectratio=\"xMidYMid meet\" role=\"graphics-symbol\" aria-hidden=\"true\">\n<path d=\"M0.416 27.84l11.456-11.84-11.456-11.904q-0.832-0.832 0-1.536 0.832-0.832 1.536 0l12.544 12.608q0.768 0.832 0 1.6l-12.544 12.608q-0.704 0.832-1.536 0-0.832-0.704 0-1.536z\"><\/path>\n<\/svg><\/span><\/a><\/div><\/div><\/div><footer class=\"entry-footer\"><div class=\"slide-meta\"><time class='slide-meta-time updated'  itemprop=\"datePublished\" datetime=\"2025-09-29T16:44:53+02:00\" >29. September 2025<\/time><\/div><\/footer><span class='hidden'>\n\t\t\t\t<span class='av-structured-data'  itemprop=\"image\" itemscope=\"itemscope\" itemtype=\"https:\/\/schema.org\/ImageObject\" >\n\t\t\t\t\t\t<span itemprop='url'>https:\/\/www.courage-beratung.at\/wp-content\/uploads\/2025\/09\/Courage-Workshop-_-qmp.png<\/span>\n\t\t\t\t\t\t<span itemprop='height'>1350<\/span>\n\t\t\t\t\t\t<span itemprop='width'>1080<\/span>\n\t\t\t\t<\/span>\n\t\t\t\t<span class='av-structured-data'  itemprop=\"publisher\" itemtype=\"https:\/\/schema.org\/Organization\" itemscope=\"itemscope\" >\n\t\t\t\t\t\t<span itemprop='name'>Nemanja<\/span>\n\t\t\t\t\t\t<span itemprop='logo' itemscope itemtype='https:\/\/schema.org\/ImageObject'>\n\t\t\t\t\t\t\t<span itemprop='url'>https:\/\/www.courage-beratung.at\/wp-content\/uploads\/2023\/12\/COURAGE_LOGO_WEB_2022_RGB.svg<\/span>\n\t\t\t\t\t\t<\/span>\n\t\t\t\t<\/span><span class='av-structured-data'  itemprop=\"author\" itemscope=\"itemscope\" itemtype=\"https:\/\/schema.org\/Person\" ><span itemprop='name'>Nemanja<\/span><\/span><span class='av-structured-data'  itemprop=\"datePublished\" datetime=\"2023-06-03T08:03:02+02:00\" >2025-09-29 16:44:53<\/span><span class='av-structured-data'  itemprop=\"dateModified\" itemtype=\"https:\/\/schema.org\/dateModified\" >2025-09-29 16:51:35<\/span><span class='av-structured-data'  itemprop=\"mainEntityOfPage\" itemtype=\"https:\/\/schema.org\/mainEntityOfPage\" ><span itemprop='name'>Transfemme \/ Nonbinary Q&#038;A<\/span><\/span><\/span><\/article><\/div><div class=\"slide-entry-wrap\"><article class='slide-entry flex_column  post-entry post-entry-6393 slide-entry-overview slide-loop-18 slide-parity-odd  av_fullwidth first real-thumbnail posttype-post post-format-standard'  itemscope=\"itemscope\" itemtype=\"https:\/\/schema.org\/CreativeWork\" ><a href='https:\/\/www.courage-beratung.at\/en\/2025\/09\/26\/poly\/' data-rel='slide-2' class='slide-image' title='Das Ende der monogamen Partner*innenschaft?'><img decoding=\"async\" fetchpriority=\"high\" width=\"801\" height=\"1030\" src=\"https:\/\/www.courage-beratung.at\/wp-content\/uploads\/2025\/09\/freepik__the-style-is-candid-image-photography-with-natural__28-801x1030.png\" class=\"wp-image-6395 avia-img-lazy-loading-not-6395 attachment-large size-large wp-post-image\" alt=\"\" srcset=\"https:\/\/www.courage-beratung.at\/wp-content\/uploads\/2025\/09\/freepik__the-style-is-candid-image-photography-with-natural__28-801x1030.png 801w, https:\/\/www.courage-beratung.at\/wp-content\/uploads\/2025\/09\/freepik__the-style-is-candid-image-photography-with-natural__28-233x300.png 233w, https:\/\/www.courage-beratung.at\/wp-content\/uploads\/2025\/09\/freepik__the-style-is-candid-image-photography-with-natural__28-768x988.png 768w, https:\/\/www.courage-beratung.at\/wp-content\/uploads\/2025\/09\/freepik__the-style-is-candid-image-photography-with-natural__28-1194x1536.png 1194w, https:\/\/www.courage-beratung.at\/wp-content\/uploads\/2025\/09\/freepik__the-style-is-candid-image-photography-with-natural__28-9x12.png 9w, https:\/\/www.courage-beratung.at\/wp-content\/uploads\/2025\/09\/freepik__the-style-is-candid-image-photography-with-natural__28-1166x1500.png 1166w, https:\/\/www.courage-beratung.at\/wp-content\/uploads\/2025\/09\/freepik__the-style-is-candid-image-photography-with-natural__28-548x705.png 548w, https:\/\/www.courage-beratung.at\/wp-content\/uploads\/2025\/09\/freepik__the-style-is-candid-image-photography-with-natural__28.png 1500w\" sizes=\"(max-width: 801px) 100vw, 801px\" \/><\/a><div class=\"slide-content\"><header class=\"entry-content-header\" aria-label=\"Slide: Das Ende der monogamen Partner*innenschaft?\"><span class=\"blog-categories minor-meta\"><a href=\"https:\/\/www.courage-beratung.at\/en\/category\/events-qbz\/\" rel=\"tag\">Events QBZ<\/a>, <a href=\"https:\/\/www.courage-beratung.at\/en\/category\/vortrag-guest-lecture\/\" rel=\"tag\">Vortrag \/ Guest Lecture<\/a> <\/span><h3 class='slide-entry-title entry-title'  itemprop=\"headline\" ><a href='https:\/\/www.courage-beratung.at\/en\/2025\/09\/26\/poly\/' title='Das Ende der monogamen Partner*innenschaft?'>Das Ende der monogamen Partner*innenschaft?<\/a><\/h3><span class=\"av-vertical-delimiter\"><\/span><\/header><div class='slide-entry-excerpt entry-content'  itemprop=\"text\" >Mittwoch, 15.10.2025, Queeres Bildungszentrum Wien, Windm\u00fchlgasse 15 <br>\nEintritt: freie Spende.<br>\nAnmeldung unter: info@courage-beratung.at oder telefonisch unter: 01585 69 66. <br>\n<div class=\"read-more-link\"><a href=\"https:\/\/www.courage-beratung.at\/en\/2025\/09\/26\/poly\/\" class=\"more-link\">Read more<span class='more-link-arrow avia-svg-icon avia-font-svg_entypo-fontello' data-av_svg_icon='right-open-big' data-av_iconset='svg_entypo-fontello'><svg version=\"1.1\" xmlns=\"http:\/\/www.w3.org\/2000\/svg\" width=\"15\" height=\"32\" viewbox=\"0 0 15 32\" preserveaspectratio=\"xMidYMid meet\" role=\"graphics-symbol\" aria-hidden=\"true\">\n<path d=\"M0.416 27.84l11.456-11.84-11.456-11.904q-0.832-0.832 0-1.536 0.832-0.832 1.536 0l12.544 12.608q0.768 0.832 0 1.6l-12.544 12.608q-0.704 0.832-1.536 0-0.832-0.704 0-1.536z\"><\/path>\n<\/svg><\/span><\/a><\/div><\/div><\/div><footer class=\"entry-footer\"><div class=\"slide-meta\"><time class='slide-meta-time updated'  itemprop=\"datePublished\" datetime=\"2025-09-26T18:24:38+02:00\" >26. September 2025<\/time><\/div><\/footer><span class='hidden'>\n\t\t\t\t<span class='av-structured-data'  itemprop=\"image\" itemscope=\"itemscope\" itemtype=\"https:\/\/schema.org\/ImageObject\" >\n\t\t\t\t\t\t<span itemprop='url'>https:\/\/www.courage-beratung.at\/wp-content\/uploads\/2025\/09\/freepik__the-style-is-candid-image-photography-with-natural__28.png<\/span>\n\t\t\t\t\t\t<span itemprop='height'>1929<\/span>\n\t\t\t\t\t\t<span itemprop='width'>1500<\/span>\n\t\t\t\t<\/span>\n\t\t\t\t<span class='av-structured-data'  itemprop=\"publisher\" itemtype=\"https:\/\/schema.org\/Organization\" itemscope=\"itemscope\" >\n\t\t\t\t\t\t<span itemprop='name'>Nemanja<\/span>\n\t\t\t\t\t\t<span itemprop='logo' itemscope itemtype='https:\/\/schema.org\/ImageObject'>\n\t\t\t\t\t\t\t<span itemprop='url'>https:\/\/www.courage-beratung.at\/wp-content\/uploads\/2023\/12\/COURAGE_LOGO_WEB_2022_RGB.svg<\/span>\n\t\t\t\t\t\t<\/span>\n\t\t\t\t<\/span><span class='av-structured-data'  itemprop=\"author\" itemscope=\"itemscope\" itemtype=\"https:\/\/schema.org\/Person\" ><span itemprop='name'>Nemanja<\/span><\/span><span class='av-structured-data'  itemprop=\"datePublished\" datetime=\"2023-06-03T08:03:02+02:00\" >2025-09-26 18:24:38<\/span><span class='av-structured-data'  itemprop=\"dateModified\" itemtype=\"https:\/\/schema.org\/dateModified\" >2025-09-26 18:46:48<\/span><span class='av-structured-data'  itemprop=\"mainEntityOfPage\" itemtype=\"https:\/\/schema.org\/mainEntityOfPage\" ><span itemprop='name'>Das Ende der monogamen Partner*innenschaft?<\/span><\/span><\/span><\/article><\/div><div class=\"slide-entry-wrap\"><article class='slide-entry flex_column  post-entry post-entry-5896 slide-entry-overview slide-loop-19 slide-parity-odd  av_fullwidth first real-thumbnail posttype-post post-format-standard'  itemscope=\"itemscope\" itemtype=\"https:\/\/schema.org\/CreativeWork\" ><a href='https:\/\/www.courage-beratung.at\/en\/2025\/06\/26\/neuer-vorstand\/' data-rel='slide-2' class='slide-image' title='Neuer Vorstand der COURAGE*'><img decoding=\"async\" fetchpriority=\"high\" width=\"612\" height=\"518\" src=\"https:\/\/www.courage-beratung.at\/wp-content\/uploads\/2025\/06\/istockphoto-496158107-612x612-1.jpg\" class=\"wp-image-5901 avia-img-lazy-loading-not-5901 attachment-large size-large wp-post-image\" alt=\"\" srcset=\"https:\/\/www.courage-beratung.at\/wp-content\/uploads\/2025\/06\/istockphoto-496158107-612x612-1.jpg 612w, https:\/\/www.courage-beratung.at\/wp-content\/uploads\/2025\/06\/istockphoto-496158107-612x612-1-300x254.jpg 300w, https:\/\/www.courage-beratung.at\/wp-content\/uploads\/2025\/06\/istockphoto-496158107-612x612-1-14x12.jpg 14w\" sizes=\"(max-width: 612px) 100vw, 612px\" \/><\/a><div class=\"slide-content\"><header class=\"entry-content-header\" aria-label=\"Slide: Neuer Vorstand der COURAGE*\"><span class=\"blog-categories minor-meta\"><a href=\"https:\/\/www.courage-beratung.at\/en\/category\/allgemein\/\" rel=\"tag\">Allgemein<\/a> <\/span><h3 class='slide-entry-title entry-title'  itemprop=\"headline\" ><a href='https:\/\/www.courage-beratung.at\/en\/2025\/06\/26\/neuer-vorstand\/' title='Neuer Vorstand der COURAGE*'>Neuer Vorstand der COURAGE*<\/a><\/h3><span class=\"av-vertical-delimiter\"><\/span><\/header><div class='slide-entry-excerpt entry-content'  itemprop=\"text\" >\n\n<div class=\"read-more-link\"><a href=\"https:\/\/www.courage-beratung.at\/en\/2025\/06\/26\/neuer-vorstand\/\" class=\"more-link\">Read more<span class='more-link-arrow avia-svg-icon avia-font-svg_entypo-fontello' data-av_svg_icon='right-open-big' data-av_iconset='svg_entypo-fontello'><svg version=\"1.1\" xmlns=\"http:\/\/www.w3.org\/2000\/svg\" width=\"15\" height=\"32\" viewbox=\"0 0 15 32\" preserveaspectratio=\"xMidYMid meet\" role=\"graphics-symbol\" aria-hidden=\"true\">\n<path d=\"M0.416 27.84l11.456-11.84-11.456-11.904q-0.832-0.832 0-1.536 0.832-0.832 1.536 0l12.544 12.608q0.768 0.832 0 1.6l-12.544 12.608q-0.704 0.832-1.536 0-0.832-0.704 0-1.536z\"><\/path>\n<\/svg><\/span><\/a><\/div><\/div><\/div><footer class=\"entry-footer\"><div class=\"slide-meta\"><time class='slide-meta-time updated'  itemprop=\"datePublished\" datetime=\"2025-06-26T11:17:26+02:00\" >26. June 2025<\/time><\/div><\/footer><span class='hidden'>\n\t\t\t\t<span class='av-structured-data'  itemprop=\"image\" itemscope=\"itemscope\" itemtype=\"https:\/\/schema.org\/ImageObject\" >\n\t\t\t\t\t\t<span itemprop='url'>https:\/\/www.courage-beratung.at\/wp-content\/uploads\/2025\/06\/istockphoto-496158107-612x612-1.jpg<\/span>\n\t\t\t\t\t\t<span itemprop='height'>518<\/span>\n\t\t\t\t\t\t<span itemprop='width'>612<\/span>\n\t\t\t\t<\/span>\n\t\t\t\t<span class='av-structured-data'  itemprop=\"publisher\" itemtype=\"https:\/\/schema.org\/Organization\" itemscope=\"itemscope\" >\n\t\t\t\t\t\t<span itemprop='name'>Nemanja<\/span>\n\t\t\t\t\t\t<span itemprop='logo' itemscope itemtype='https:\/\/schema.org\/ImageObject'>\n\t\t\t\t\t\t\t<span itemprop='url'>https:\/\/www.courage-beratung.at\/wp-content\/uploads\/2023\/12\/COURAGE_LOGO_WEB_2022_RGB.svg<\/span>\n\t\t\t\t\t\t<\/span>\n\t\t\t\t<\/span><span class='av-structured-data'  itemprop=\"author\" itemscope=\"itemscope\" itemtype=\"https:\/\/schema.org\/Person\" ><span itemprop='name'>Nemanja<\/span><\/span><span class='av-structured-data'  itemprop=\"datePublished\" datetime=\"2023-06-03T08:03:02+02:00\" >2025-06-26 11:17:26<\/span><span class='av-structured-data'  itemprop=\"dateModified\" itemtype=\"https:\/\/schema.org\/dateModified\" >2025-06-26 11:27:07<\/span><span class='av-structured-data'  itemprop=\"mainEntityOfPage\" itemtype=\"https:\/\/schema.org\/mainEntityOfPage\" ><span itemprop='name'>Neuer Vorstand der COURAGE*<\/span><\/span><\/span><\/article><\/div><div class=\"slide-entry-wrap\"><article class='slide-entry flex_column  post-entry post-entry-5699 slide-entry-overview slide-loop-20 slide-parity-odd  av_fullwidth first real-thumbnail posttype-post post-format-standard'  itemscope=\"itemscope\" itemtype=\"https:\/\/schema.org\/CreativeWork\" ><a href='https:\/\/www.courage-beratung.at\/en\/2025\/06\/02\/bauchgefuhl\/' data-rel='slide-2' class='slide-image' title='Screening von \u201eBauchgef\u00fchl\u201c mit Regisseurin Esther Rauch'><img decoding=\"async\" fetchpriority=\"high\" width=\"728\" height=\"1030\" src=\"https:\/\/www.courage-beratung.at\/wp-content\/uploads\/2025\/06\/88558-7-3-728x1030.jpg\" class=\"wp-image-5703 avia-img-lazy-loading-not-5703 attachment-large size-large wp-post-image\" alt=\"\" srcset=\"https:\/\/www.courage-beratung.at\/wp-content\/uploads\/2025\/06\/88558-7-3-728x1030.jpg 728w, https:\/\/www.courage-beratung.at\/wp-content\/uploads\/2025\/06\/88558-7-3-212x300.jpg 212w, https:\/\/www.courage-beratung.at\/wp-content\/uploads\/2025\/06\/88558-7-3-768x1086.jpg 768w, https:\/\/www.courage-beratung.at\/wp-content\/uploads\/2025\/06\/88558-7-3-1086x1536.jpg 1086w, https:\/\/www.courage-beratung.at\/wp-content\/uploads\/2025\/06\/88558-7-3-1448x2048.jpg 1448w, https:\/\/www.courage-beratung.at\/wp-content\/uploads\/2025\/06\/88558-7-3-8x12.jpg 8w, https:\/\/www.courage-beratung.at\/wp-content\/uploads\/2025\/06\/88558-7-3-1061x1500.jpg 1061w, https:\/\/www.courage-beratung.at\/wp-content\/uploads\/2025\/06\/88558-7-3-499x705.jpg 499w, https:\/\/www.courage-beratung.at\/wp-content\/uploads\/2025\/06\/88558-7-3-scaled.jpg 1810w\" sizes=\"(max-width: 728px) 100vw, 728px\" \/><\/a><div class=\"slide-content\"><header class=\"entry-content-header\" aria-label=\"Slide: Screening von \u201eBauchgef\u00fchl\u201c mit Regisseurin Esther Rauch\"><span class=\"blog-categories minor-meta\"><a href=\"https:\/\/www.courage-beratung.at\/en\/category\/events-qbz\/\" rel=\"tag\">Events QBZ<\/a>, <a href=\"https:\/\/www.courage-beratung.at\/en\/category\/vortrag-guest-lecture\/\" rel=\"tag\">Vortrag \/ Guest Lecture<\/a> <\/span><h3 class='slide-entry-title entry-title'  itemprop=\"headline\" ><a href='https:\/\/www.courage-beratung.at\/en\/2025\/06\/02\/bauchgefuhl\/' title='Screening von \u201eBauchgef\u00fchl\u201c mit Regisseurin Esther Rauch'>Screening von \u201eBauchgef\u00fchl\u201c mit Regisseurin Esther Rauch<\/a><\/h3><span class=\"av-vertical-delimiter\"><\/span><\/header><div class='slide-entry-excerpt entry-content'  itemprop=\"text\" >Datum: 18.06. 2024, 18:00-21:00<br>\nOrt: Queeres Bildungszentrum, Windm\u00fchlgasse 15, 1060 Wien<br>\n\nEintritt frei, Voranmeldung erbeten unter info@courage-beratung.at oder 01 585 69 66<br><div class=\"read-more-link\"><a href=\"https:\/\/www.courage-beratung.at\/en\/2025\/06\/02\/bauchgefuhl\/\" class=\"more-link\">Read more<span class='more-link-arrow avia-svg-icon avia-font-svg_entypo-fontello' data-av_svg_icon='right-open-big' data-av_iconset='svg_entypo-fontello'><svg version=\"1.1\" xmlns=\"http:\/\/www.w3.org\/2000\/svg\" width=\"15\" height=\"32\" viewbox=\"0 0 15 32\" preserveaspectratio=\"xMidYMid meet\" role=\"graphics-symbol\" aria-hidden=\"true\">\n<path d=\"M0.416 27.84l11.456-11.84-11.456-11.904q-0.832-0.832 0-1.536 0.832-0.832 1.536 0l12.544 12.608q0.768 0.832 0 1.6l-12.544 12.608q-0.704 0.832-1.536 0-0.832-0.704 0-1.536z\"><\/path>\n<\/svg><\/span><\/a><\/div><\/div><\/div><footer class=\"entry-footer\"><div class=\"slide-meta\"><time class='slide-meta-time updated'  itemprop=\"datePublished\" datetime=\"2025-06-02T22:46:24+02:00\" >2. June 2025<\/time><\/div><\/footer><span class='hidden'>\n\t\t\t\t<span class='av-structured-data'  itemprop=\"image\" itemscope=\"itemscope\" itemtype=\"https:\/\/schema.org\/ImageObject\" >\n\t\t\t\t\t\t<span itemprop='url'>https:\/\/www.courage-beratung.at\/wp-content\/uploads\/2025\/06\/88558-7-3-scaled.jpg<\/span>\n\t\t\t\t\t\t<span itemprop='height'>2560<\/span>\n\t\t\t\t\t\t<span itemprop='width'>1810<\/span>\n\t\t\t\t<\/span>\n\t\t\t\t<span class='av-structured-data'  itemprop=\"publisher\" itemtype=\"https:\/\/schema.org\/Organization\" itemscope=\"itemscope\" >\n\t\t\t\t\t\t<span itemprop='name'>Nemanja<\/span>\n\t\t\t\t\t\t<span itemprop='logo' itemscope itemtype='https:\/\/schema.org\/ImageObject'>\n\t\t\t\t\t\t\t<span itemprop='url'>https:\/\/www.courage-beratung.at\/wp-content\/uploads\/2023\/12\/COURAGE_LOGO_WEB_2022_RGB.svg<\/span>\n\t\t\t\t\t\t<\/span>\n\t\t\t\t<\/span><span class='av-structured-data'  itemprop=\"author\" itemscope=\"itemscope\" itemtype=\"https:\/\/schema.org\/Person\" ><span itemprop='name'>Nemanja<\/span><\/span><span class='av-structured-data'  itemprop=\"datePublished\" datetime=\"2023-06-03T08:03:02+02:00\" >2025-06-02 22:46:24<\/span><span class='av-structured-data'  itemprop=\"dateModified\" itemtype=\"https:\/\/schema.org\/dateModified\" >2025-06-02 22:56:57<\/span><span class='av-structured-data'  itemprop=\"mainEntityOfPage\" itemtype=\"https:\/\/schema.org\/mainEntityOfPage\" ><span itemprop='name'>Screening von \u201eBauchgef\u00fchl\u201c mit Regisseurin Esther Rauch<\/span><\/span><\/span><\/article><\/div><div class=\"slide-entry-wrap\"><article class='slide-entry flex_column  post-entry post-entry-5523 slide-entry-overview slide-loop-21 slide-parity-odd  av_fullwidth first real-thumbnail posttype-post post-format-standard'  itemscope=\"itemscope\" itemtype=\"https:\/\/schema.org\/CreativeWork\" ><a href='https:\/\/www.courage-beratung.at\/en\/2025\/05\/03\/post-truth-porn\/' data-rel='slide-2' class='slide-image' title='Post-Truth Porn. M\u00e4nnerfantasien im Internetzeitalter'><img decoding=\"async\" fetchpriority=\"high\" width=\"801\" height=\"1030\" src=\"https:\/\/www.courage-beratung.at\/wp-content\/uploads\/2025\/05\/freepik_edit_The-style-is-candid-image-photography-with-natural1-801x1030.png\" class=\"wp-image-5527 avia-img-lazy-loading-not-5527 attachment-large size-large wp-post-image\" alt=\"\" srcset=\"https:\/\/www.courage-beratung.at\/wp-content\/uploads\/2025\/05\/freepik_edit_The-style-is-candid-image-photography-with-natural1-801x1030.png 801w, https:\/\/www.courage-beratung.at\/wp-content\/uploads\/2025\/05\/freepik_edit_The-style-is-candid-image-photography-with-natural1-233x300.png 233w, https:\/\/www.courage-beratung.at\/wp-content\/uploads\/2025\/05\/freepik_edit_The-style-is-candid-image-photography-with-natural1-768x987.png 768w, https:\/\/www.courage-beratung.at\/wp-content\/uploads\/2025\/05\/freepik_edit_The-style-is-candid-image-photography-with-natural1-1195x1536.png 1195w, https:\/\/www.courage-beratung.at\/wp-content\/uploads\/2025\/05\/freepik_edit_The-style-is-candid-image-photography-with-natural1-1593x2048.png 1593w, https:\/\/www.courage-beratung.at\/wp-content\/uploads\/2025\/05\/freepik_edit_The-style-is-candid-image-photography-with-natural1-9x12.png 9w, https:\/\/www.courage-beratung.at\/wp-content\/uploads\/2025\/05\/freepik_edit_The-style-is-candid-image-photography-with-natural1-1167x1500.png 1167w, https:\/\/www.courage-beratung.at\/wp-content\/uploads\/2025\/05\/freepik_edit_The-style-is-candid-image-photography-with-natural1-548x705.png 548w, https:\/\/www.courage-beratung.at\/wp-content\/uploads\/2025\/05\/freepik_edit_The-style-is-candid-image-photography-with-natural1-scaled.png 1991w\" sizes=\"(max-width: 801px) 100vw, 801px\" \/><\/a><div class=\"slide-content\"><header class=\"entry-content-header\" aria-label=\"Slide: Post-Truth Porn. M\u00e4nnerfantasien im Internetzeitalter\"><span class=\"blog-categories minor-meta\"><a href=\"https:\/\/www.courage-beratung.at\/en\/category\/events-qbz\/\" rel=\"tag\">Events QBZ<\/a>, <a href=\"https:\/\/www.courage-beratung.at\/en\/category\/vortrag-guest-lecture\/\" rel=\"tag\">Vortrag \/ Guest Lecture<\/a> <\/span><h3 class='slide-entry-title entry-title'  itemprop=\"headline\" ><a href='https:\/\/www.courage-beratung.at\/en\/2025\/05\/03\/post-truth-porn\/' title='Post-Truth Porn. M\u00e4nnerfantasien im Internetzeitalter'>Post-Truth Porn. M\u00e4nnerfantasien im Internetzeitalter<\/a><\/h3><span class=\"av-vertical-delimiter\"><\/span><\/header><div class='slide-entry-excerpt entry-content'  itemprop=\"text\" >27. Mai 2025, 18-21:00, Queeres Bildungszentrum Wien, Windm\u00fchlgasse 15 <br>\nEintritt: freie Spende.<br>\nAnmeldung unter: info@courage-beratung.at oder telefonisch unter: 01585 69 66. <br>Die Teilnehmer*innenanzahl ist beschr\u00e4nkt.<br>\n\nHinweis: Es werden explizite Filmausschnitte gezeigt.<div class=\"read-more-link\"><a href=\"https:\/\/www.courage-beratung.at\/en\/2025\/05\/03\/post-truth-porn\/\" class=\"more-link\">Read more<span class='more-link-arrow avia-svg-icon avia-font-svg_entypo-fontello' data-av_svg_icon='right-open-big' data-av_iconset='svg_entypo-fontello'><svg version=\"1.1\" xmlns=\"http:\/\/www.w3.org\/2000\/svg\" width=\"15\" height=\"32\" viewbox=\"0 0 15 32\" preserveaspectratio=\"xMidYMid meet\" role=\"graphics-symbol\" aria-hidden=\"true\">\n<path d=\"M0.416 27.84l11.456-11.84-11.456-11.904q-0.832-0.832 0-1.536 0.832-0.832 1.536 0l12.544 12.608q0.768 0.832 0 1.6l-12.544 12.608q-0.704 0.832-1.536 0-0.832-0.704 0-1.536z\"><\/path>\n<\/svg><\/span><\/a><\/div><\/div><\/div><footer class=\"entry-footer\"><div class=\"slide-meta\"><time class='slide-meta-time updated'  itemprop=\"datePublished\" datetime=\"2025-05-03T10:01:56+02:00\" >3. May 2025<\/time><\/div><\/footer><span class='hidden'>\n\t\t\t\t<span class='av-structured-data'  itemprop=\"image\" itemscope=\"itemscope\" itemtype=\"https:\/\/schema.org\/ImageObject\" >\n\t\t\t\t\t\t<span itemprop='url'>https:\/\/www.courage-beratung.at\/wp-content\/uploads\/2025\/05\/freepik_edit_The-style-is-candid-image-photography-with-natural1-scaled.png<\/span>\n\t\t\t\t\t\t<span itemprop='height'>2560<\/span>\n\t\t\t\t\t\t<span itemprop='width'>1991<\/span>\n\t\t\t\t<\/span>\n\t\t\t\t<span class='av-structured-data'  itemprop=\"publisher\" itemtype=\"https:\/\/schema.org\/Organization\" itemscope=\"itemscope\" >\n\t\t\t\t\t\t<span itemprop='name'>Nemanja<\/span>\n\t\t\t\t\t\t<span itemprop='logo' itemscope itemtype='https:\/\/schema.org\/ImageObject'>\n\t\t\t\t\t\t\t<span itemprop='url'>https:\/\/www.courage-beratung.at\/wp-content\/uploads\/2023\/12\/COURAGE_LOGO_WEB_2022_RGB.svg<\/span>\n\t\t\t\t\t\t<\/span>\n\t\t\t\t<\/span><span class='av-structured-data'  itemprop=\"author\" itemscope=\"itemscope\" itemtype=\"https:\/\/schema.org\/Person\" ><span itemprop='name'>Nemanja<\/span><\/span><span class='av-structured-data'  itemprop=\"datePublished\" datetime=\"2023-06-03T08:03:02+02:00\" >2025-05-03 10:01:56<\/span><span class='av-structured-data'  itemprop=\"dateModified\" itemtype=\"https:\/\/schema.org\/dateModified\" >2025-05-03 10:35:14<\/span><span class='av-structured-data'  itemprop=\"mainEntityOfPage\" itemtype=\"https:\/\/schema.org\/mainEntityOfPage\" ><span itemprop='name'>Post-Truth Porn. M\u00e4nnerfantasien im Internetzeitalter<\/span><\/span><\/span><\/article><\/div><div class=\"slide-entry-wrap\"><article class='slide-entry flex_column  post-entry post-entry-5504 slide-entry-overview slide-loop-22 slide-parity-odd  av_fullwidth first real-thumbnail posttype-post post-format-standard'  itemscope=\"itemscope\" itemtype=\"https:\/\/schema.org\/CreativeWork\" ><a href='https:\/\/www.courage-beratung.at\/en\/2025\/05\/02\/multiplikatorinnen-abend-in-linz\/' data-rel='slide-2' class='slide-image' title='Multiplikator:innen Abend\u00a0in Linz'><img decoding=\"async\" fetchpriority=\"high\" width=\"801\" height=\"1030\" src=\"https:\/\/www.courage-beratung.at\/wp-content\/uploads\/2025\/05\/freepik__network-of-multicolored-dots-linked-by-glowing-neo__78451-801x1030.png\" class=\"wp-image-5508 avia-img-lazy-loading-not-5508 attachment-large size-large wp-post-image\" alt=\"\" srcset=\"https:\/\/www.courage-beratung.at\/wp-content\/uploads\/2025\/05\/freepik__network-of-multicolored-dots-linked-by-glowing-neo__78451-801x1030.png 801w, https:\/\/www.courage-beratung.at\/wp-content\/uploads\/2025\/05\/freepik__network-of-multicolored-dots-linked-by-glowing-neo__78451-233x300.png 233w, https:\/\/www.courage-beratung.at\/wp-content\/uploads\/2025\/05\/freepik__network-of-multicolored-dots-linked-by-glowing-neo__78451-768x987.png 768w, https:\/\/www.courage-beratung.at\/wp-content\/uploads\/2025\/05\/freepik__network-of-multicolored-dots-linked-by-glowing-neo__78451-9x12.png 9w, https:\/\/www.courage-beratung.at\/wp-content\/uploads\/2025\/05\/freepik__network-of-multicolored-dots-linked-by-glowing-neo__78451-548x705.png 548w, https:\/\/www.courage-beratung.at\/wp-content\/uploads\/2025\/05\/freepik__network-of-multicolored-dots-linked-by-glowing-neo__78451.png 896w\" sizes=\"(max-width: 801px) 100vw, 801px\" \/><\/a><div class=\"slide-content\"><header class=\"entry-content-header\" aria-label=\"Slide: Multiplikator:innen Abend\u00a0in Linz\"><span class=\"blog-categories minor-meta\"><a href=\"https:\/\/www.courage-beratung.at\/en\/category\/allgemein\/\" rel=\"tag\">Allgemein<\/a>, <a href=\"https:\/\/www.courage-beratung.at\/en\/category\/infoabende\/\" rel=\"tag\">Infoabende<\/a> <\/span><h3 class='slide-entry-title entry-title'  itemprop=\"headline\" ><a href='https:\/\/www.courage-beratung.at\/en\/2025\/05\/02\/multiplikatorinnen-abend-in-linz\/' title='Multiplikator:innen Abend\u00a0in Linz'>Multiplikator:innen Abend\u00a0in Linz<\/a><\/h3><span class=\"av-vertical-delimiter\"><\/span><\/header><div class='slide-entry-excerpt entry-content'  itemprop=\"text\" >Ort: Kompetenzzentrum LGBTIQ+*, Weissenwolffstra\u00dfe 17a, 4020 Linz, <br>\nDatum: 04. September 2025 und 04. Dezember 2025<br>\nUhrzeit: 17:00 - 19:00 Uhr<br>\nLeitung: Maike Pichler<br>\nKosten: freiwillige Spende<div class=\"read-more-link\"><a href=\"https:\/\/www.courage-beratung.at\/en\/2025\/05\/02\/multiplikatorinnen-abend-in-linz\/\" class=\"more-link\">Read more<span class='more-link-arrow avia-svg-icon avia-font-svg_entypo-fontello' data-av_svg_icon='right-open-big' data-av_iconset='svg_entypo-fontello'><svg version=\"1.1\" xmlns=\"http:\/\/www.w3.org\/2000\/svg\" width=\"15\" height=\"32\" viewbox=\"0 0 15 32\" preserveaspectratio=\"xMidYMid meet\" role=\"graphics-symbol\" aria-hidden=\"true\">\n<path d=\"M0.416 27.84l11.456-11.84-11.456-11.904q-0.832-0.832 0-1.536 0.832-0.832 1.536 0l12.544 12.608q0.768 0.832 0 1.6l-12.544 12.608q-0.704 0.832-1.536 0-0.832-0.704 0-1.536z\"><\/path>\n<\/svg><\/span><\/a><\/div><\/div><\/div><footer class=\"entry-footer\"><div class=\"slide-meta\"><time class='slide-meta-time updated'  itemprop=\"datePublished\" datetime=\"2025-05-02T13:07:06+02:00\" >2. May 2025<\/time><\/div><\/footer><span class='hidden'>\n\t\t\t\t<span class='av-structured-data'  itemprop=\"image\" itemscope=\"itemscope\" itemtype=\"https:\/\/schema.org\/ImageObject\" >\n\t\t\t\t\t\t<span itemprop='url'>https:\/\/www.courage-beratung.at\/wp-content\/uploads\/2025\/05\/freepik__network-of-multicolored-dots-linked-by-glowing-neo__78451.png<\/span>\n\t\t\t\t\t\t<span itemprop='height'>1152<\/span>\n\t\t\t\t\t\t<span itemprop='width'>896<\/span>\n\t\t\t\t<\/span>\n\t\t\t\t<span class='av-structured-data'  itemprop=\"publisher\" itemtype=\"https:\/\/schema.org\/Organization\" itemscope=\"itemscope\" >\n\t\t\t\t\t\t<span itemprop='name'>Nemanja<\/span>\n\t\t\t\t\t\t<span itemprop='logo' itemscope itemtype='https:\/\/schema.org\/ImageObject'>\n\t\t\t\t\t\t\t<span itemprop='url'>https:\/\/www.courage-beratung.at\/wp-content\/uploads\/2023\/12\/COURAGE_LOGO_WEB_2022_RGB.svg<\/span>\n\t\t\t\t\t\t<\/span>\n\t\t\t\t<\/span><span class='av-structured-data'  itemprop=\"author\" itemscope=\"itemscope\" itemtype=\"https:\/\/schema.org\/Person\" ><span itemprop='name'>Nemanja<\/span><\/span><span class='av-structured-data'  itemprop=\"datePublished\" datetime=\"2023-06-03T08:03:02+02:00\" >2025-05-02 13:07:06<\/span><span class='av-structured-data'  itemprop=\"dateModified\" itemtype=\"https:\/\/schema.org\/dateModified\" >2025-06-23 13:34:16<\/span><span class='av-structured-data'  itemprop=\"mainEntityOfPage\" itemtype=\"https:\/\/schema.org\/mainEntityOfPage\" ><span itemprop='name'>Multiplikator:innen Abend\u00a0in Linz<\/span><\/span><\/span><\/article><\/div><div class=\"slide-entry-wrap\"><article class='slide-entry flex_column  post-entry post-entry-5367 slide-entry-overview slide-loop-23 slide-parity-odd  av_fullwidth first real-thumbnail posttype-post post-format-standard'  itemscope=\"itemscope\" itemtype=\"https:\/\/schema.org\/CreativeWork\" ><a href='https:\/\/www.courage-beratung.at\/en\/2025\/04\/08\/queer-wahlen\/' data-rel='slide-2' class='slide-image' title='Initiative Queere W\u00e4hlen in Wien'><img decoding=\"async\" fetchpriority=\"high\" width=\"680\" height=\"419\" src=\"https:\/\/www.courage-beratung.at\/wp-content\/uploads\/2024\/03\/5a2449b0ab5bc9c9f004e818b8b4db7d.jpg\" class=\"wp-image-2403 avia-img-lazy-loading-not-2403 attachment-large size-large wp-post-image\" alt=\"\" srcset=\"https:\/\/www.courage-beratung.at\/wp-content\/uploads\/2024\/03\/5a2449b0ab5bc9c9f004e818b8b4db7d.jpg 680w, https:\/\/www.courage-beratung.at\/wp-content\/uploads\/2024\/03\/5a2449b0ab5bc9c9f004e818b8b4db7d-300x185.jpg 300w, https:\/\/www.courage-beratung.at\/wp-content\/uploads\/2024\/03\/5a2449b0ab5bc9c9f004e818b8b4db7d-18x12.jpg 18w\" sizes=\"(max-width: 680px) 100vw, 680px\" \/><\/a><div class=\"slide-content\"><header class=\"entry-content-header\" aria-label=\"Slide: Initiative Queere W\u00e4hlen in Wien\"><span class=\"blog-categories minor-meta\"><a href=\"https:\/\/www.courage-beratung.at\/en\/category\/allgemein\/\" rel=\"tag\">Allgemein<\/a> <\/span><h3 class='slide-entry-title entry-title'  itemprop=\"headline\" ><a href='https:\/\/www.courage-beratung.at\/en\/2025\/04\/08\/queer-wahlen\/' title='Initiative Queere W\u00e4hlen in Wien'>Initiative Queere W\u00e4hlen in Wien<\/a><\/h3><span class=\"av-vertical-delimiter\"><\/span><\/header><div class='slide-entry-excerpt entry-content'  itemprop=\"text\" >\nVor der Wiener Landtagswahl 2025 wurden acht konkrete Fragen an die im Landtag vertretenen Parteien zum Thema LGBTIQA* gestellt. Geantwortet haben SP\u00d6, NEOS, Gr\u00fcne und \u00d6VP. Die FP\u00d6 hat keine Stellungnahmen \u00fcbermittelt.\n\n\n\nErste Antworten\u2026<div class=\"read-more-link\"><a href=\"https:\/\/www.courage-beratung.at\/en\/2025\/04\/08\/queer-wahlen\/\" class=\"more-link\">Read more<span class='more-link-arrow avia-svg-icon avia-font-svg_entypo-fontello' data-av_svg_icon='right-open-big' data-av_iconset='svg_entypo-fontello'><svg version=\"1.1\" xmlns=\"http:\/\/www.w3.org\/2000\/svg\" width=\"15\" height=\"32\" viewbox=\"0 0 15 32\" preserveaspectratio=\"xMidYMid meet\" role=\"graphics-symbol\" aria-hidden=\"true\">\n<path d=\"M0.416 27.84l11.456-11.84-11.456-11.904q-0.832-0.832 0-1.536 0.832-0.832 1.536 0l12.544 12.608q0.768 0.832 0 1.6l-12.544 12.608q-0.704 0.832-1.536 0-0.832-0.704 0-1.536z\"><\/path>\n<\/svg><\/span><\/a><\/div><\/div><\/div><footer class=\"entry-footer\"><div class=\"slide-meta\"><time class='slide-meta-time updated'  itemprop=\"datePublished\" datetime=\"2025-04-08T10:47:32+02:00\" >8. April 2025<\/time><\/div><\/footer><span class='hidden'>\n\t\t\t\t<span class='av-structured-data'  itemprop=\"image\" itemscope=\"itemscope\" itemtype=\"https:\/\/schema.org\/ImageObject\" >\n\t\t\t\t\t\t<span itemprop='url'>https:\/\/www.courage-beratung.at\/wp-content\/uploads\/2024\/03\/5a2449b0ab5bc9c9f004e818b8b4db7d.jpg<\/span>\n\t\t\t\t\t\t<span itemprop='height'>419<\/span>\n\t\t\t\t\t\t<span itemprop='width'>680<\/span>\n\t\t\t\t<\/span>\n\t\t\t\t<span class='av-structured-data'  itemprop=\"publisher\" itemtype=\"https:\/\/schema.org\/Organization\" itemscope=\"itemscope\" >\n\t\t\t\t\t\t<span itemprop='name'>Lukas<\/span>\n\t\t\t\t\t\t<span itemprop='logo' itemscope itemtype='https:\/\/schema.org\/ImageObject'>\n\t\t\t\t\t\t\t<span itemprop='url'>https:\/\/www.courage-beratung.at\/wp-content\/uploads\/2023\/12\/COURAGE_LOGO_WEB_2022_RGB.svg<\/span>\n\t\t\t\t\t\t<\/span>\n\t\t\t\t<\/span><span class='av-structured-data'  itemprop=\"author\" itemscope=\"itemscope\" itemtype=\"https:\/\/schema.org\/Person\" ><span itemprop='name'>Lukas<\/span><\/span><span class='av-structured-data'  itemprop=\"datePublished\" datetime=\"2023-06-03T08:03:02+02:00\" >2025-04-08 10:47:32<\/span><span class='av-structured-data'  itemprop=\"dateModified\" itemtype=\"https:\/\/schema.org\/dateModified\" >2025-05-02 13:08:53<\/span><span class='av-structured-data'  itemprop=\"mainEntityOfPage\" itemtype=\"https:\/\/schema.org\/mainEntityOfPage\" ><span itemprop='name'>Initiative Queere W\u00e4hlen in Wien<\/span><\/span><\/span><\/article><\/div><div class=\"slide-entry-wrap\"><article class='slide-entry flex_column  post-entry post-entry-5307 slide-entry-overview slide-loop-24 slide-parity-odd  av_fullwidth first real-thumbnail posttype-post post-format-standard'  itemscope=\"itemscope\" itemtype=\"https:\/\/schema.org\/CreativeWork\" ><a href='https:\/\/www.courage-beratung.at\/en\/2025\/03\/22\/chosen-family\/' data-rel='slide-2' class='slide-image' title='Chosen Family. Community Event mit Gazelle &#038; Gialu'><img decoding=\"async\" fetchpriority=\"high\" width=\"801\" height=\"1030\" src=\"https:\/\/www.courage-beratung.at\/wp-content\/uploads\/2025\/03\/freepik_edit11-801x1030.png\" class=\"wp-image-5310 avia-img-lazy-loading-not-5310 attachment-large size-large wp-post-image\" alt=\"\" srcset=\"https:\/\/www.courage-beratung.at\/wp-content\/uploads\/2025\/03\/freepik_edit11-801x1030.png 801w, https:\/\/www.courage-beratung.at\/wp-content\/uploads\/2025\/03\/freepik_edit11-233x300.png 233w, https:\/\/www.courage-beratung.at\/wp-content\/uploads\/2025\/03\/freepik_edit11-768x987.png 768w, https:\/\/www.courage-beratung.at\/wp-content\/uploads\/2025\/03\/freepik_edit11-1195x1536.png 1195w, https:\/\/www.courage-beratung.at\/wp-content\/uploads\/2025\/03\/freepik_edit11-1593x2048.png 1593w, https:\/\/www.courage-beratung.at\/wp-content\/uploads\/2025\/03\/freepik_edit11-9x12.png 9w, https:\/\/www.courage-beratung.at\/wp-content\/uploads\/2025\/03\/freepik_edit11-1167x1500.png 1167w, https:\/\/www.courage-beratung.at\/wp-content\/uploads\/2025\/03\/freepik_edit11-548x705.png 548w\" sizes=\"(max-width: 801px) 100vw, 801px\" \/><\/a><div class=\"slide-content\"><header class=\"entry-content-header\" aria-label=\"Slide: Chosen Family. Community Event mit Gazelle &amp; Gialu\"><span class=\"blog-categories minor-meta\"><a href=\"https:\/\/www.courage-beratung.at\/en\/category\/events-qbz\/\" rel=\"tag\">Events QBZ<\/a>, <a href=\"https:\/\/www.courage-beratung.at\/en\/category\/vortrag-guest-lecture\/\" rel=\"tag\">Vortrag \/ Guest Lecture<\/a> <\/span><h3 class='slide-entry-title entry-title'  itemprop=\"headline\" ><a href='https:\/\/www.courage-beratung.at\/en\/2025\/03\/22\/chosen-family\/' title='Chosen Family. Community Event mit Gazelle &#038; Gialu'>Chosen Family. Community Event mit Gazelle &#038; Gialu<\/a><\/h3><span class=\"av-vertical-delimiter\"><\/span><\/header><div class='slide-entry-excerpt entry-content'  itemprop=\"text\" >8. April 2025, 18:00\u201321:00 <br> Uhr Queeres Bildungszentrum, Windm\u00fchlgasse 15, 1060 Wien <br>verpflichtende Voranmeldung unter: info@courage-beratung.at oder telefonisch unter: 01585 69 66<div class=\"read-more-link\"><a href=\"https:\/\/www.courage-beratung.at\/en\/2025\/03\/22\/chosen-family\/\" class=\"more-link\">Read more<span class='more-link-arrow avia-svg-icon avia-font-svg_entypo-fontello' data-av_svg_icon='right-open-big' data-av_iconset='svg_entypo-fontello'><svg version=\"1.1\" xmlns=\"http:\/\/www.w3.org\/2000\/svg\" width=\"15\" height=\"32\" viewbox=\"0 0 15 32\" preserveaspectratio=\"xMidYMid meet\" role=\"graphics-symbol\" aria-hidden=\"true\">\n<path d=\"M0.416 27.84l11.456-11.84-11.456-11.904q-0.832-0.832 0-1.536 0.832-0.832 1.536 0l12.544 12.608q0.768 0.832 0 1.6l-12.544 12.608q-0.704 0.832-1.536 0-0.832-0.704 0-1.536z\"><\/path>\n<\/svg><\/span><\/a><\/div><\/div><\/div><footer class=\"entry-footer\"><div class=\"slide-meta\"><time class='slide-meta-time updated'  itemprop=\"datePublished\" datetime=\"2025-03-22T10:10:16+01:00\" >22. March 2025<\/time><\/div><\/footer><span class='hidden'>\n\t\t\t\t<span class='av-structured-data'  itemprop=\"image\" itemscope=\"itemscope\" itemtype=\"https:\/\/schema.org\/ImageObject\" >\n\t\t\t\t\t\t<span itemprop='url'>https:\/\/www.courage-beratung.at\/wp-content\/uploads\/2025\/03\/freepik_edit11.png<\/span>\n\t\t\t\t\t\t<span itemprop='height'>4608<\/span>\n\t\t\t\t\t\t<span itemprop='width'>3584<\/span>\n\t\t\t\t<\/span>\n\t\t\t\t<span class='av-structured-data'  itemprop=\"publisher\" itemtype=\"https:\/\/schema.org\/Organization\" itemscope=\"itemscope\" >\n\t\t\t\t\t\t<span itemprop='name'>Nemanja<\/span>\n\t\t\t\t\t\t<span itemprop='logo' itemscope itemtype='https:\/\/schema.org\/ImageObject'>\n\t\t\t\t\t\t\t<span itemprop='url'>https:\/\/www.courage-beratung.at\/wp-content\/uploads\/2023\/12\/COURAGE_LOGO_WEB_2022_RGB.svg<\/span>\n\t\t\t\t\t\t<\/span>\n\t\t\t\t<\/span><span class='av-structured-data'  itemprop=\"author\" itemscope=\"itemscope\" itemtype=\"https:\/\/schema.org\/Person\" ><span itemprop='name'>Nemanja<\/span><\/span><span class='av-structured-data'  itemprop=\"datePublished\" datetime=\"2023-06-03T08:03:02+02:00\" >2025-03-22 10:10:16<\/span><span class='av-structured-data'  itemprop=\"dateModified\" itemtype=\"https:\/\/schema.org\/dateModified\" >2025-03-22 10:24:33<\/span><span class='av-structured-data'  itemprop=\"mainEntityOfPage\" itemtype=\"https:\/\/schema.org\/mainEntityOfPage\" ><span itemprop='name'>Chosen Family. Community Event mit Gazelle &#038; Gialu<\/span><\/span><\/span><\/article><\/div><div class=\"slide-entry-wrap\"><article class='slide-entry flex_column  post-entry post-entry-3676 slide-entry-overview slide-loop-25 slide-parity-odd  av_fullwidth first real-thumbnail posttype-post post-format-standard'  itemscope=\"itemscope\" itemtype=\"https:\/\/schema.org\/CreativeWork\" ><a href='https:\/\/www.courage-beratung.at\/en\/2025\/03\/17\/aro-ace-community-abend\/' data-rel='slide-2' class='slide-image' title='Aro\/Ace &#8211; Community Abend'><img decoding=\"async\" fetchpriority=\"high\" width=\"579\" height=\"1030\" src=\"https:\/\/www.courage-beratung.at\/wp-content\/uploads\/2024\/11\/img-BltBNm480DQZkRsEHayEG-579x1030.jpg\" class=\"wp-image-4320 avia-img-lazy-loading-not-4320 attachment-large size-large wp-post-image\" alt=\"\" srcset=\"https:\/\/www.courage-beratung.at\/wp-content\/uploads\/2024\/11\/img-BltBNm480DQZkRsEHayEG-579x1030.jpg 579w, https:\/\/www.courage-beratung.at\/wp-content\/uploads\/2024\/11\/img-BltBNm480DQZkRsEHayEG-169x300.jpg 169w, https:\/\/www.courage-beratung.at\/wp-content\/uploads\/2024\/11\/img-BltBNm480DQZkRsEHayEG-7x12.jpg 7w, https:\/\/www.courage-beratung.at\/wp-content\/uploads\/2024\/11\/img-BltBNm480DQZkRsEHayEG-397x705.jpg 397w, https:\/\/www.courage-beratung.at\/wp-content\/uploads\/2024\/11\/img-BltBNm480DQZkRsEHayEG.jpg 720w\" sizes=\"(max-width: 579px) 100vw, 579px\" \/><\/a><div class=\"slide-content\"><header class=\"entry-content-header\" aria-label=\"Slide: Aro\/Ace - Community Abend\"><span class=\"blog-categories minor-meta\"><a href=\"https:\/\/www.courage-beratung.at\/en\/category\/allgemein\/\" rel=\"tag\">Allgemein<\/a>, <a href=\"https:\/\/www.courage-beratung.at\/en\/category\/events-qbz\/\" rel=\"tag\">Events QBZ<\/a> <\/span><h3 class='slide-entry-title entry-title'  itemprop=\"headline\" ><a href='https:\/\/www.courage-beratung.at\/en\/2025\/03\/17\/aro-ace-community-abend\/' title='Aro\/Ace &#8211; Community Abend'>Aro\/Ace &#8211; Community Abend<\/a><\/h3><span class=\"av-vertical-delimiter\"><\/span><\/header><div class='slide-entry-excerpt entry-content'  itemprop=\"text\" >N\u00e4chster Termin: 31.03.2025 von 18:30 bis 20:30 Uhr\n<br>\nOrt: Queeres Bildungszentrum Wien, Windm\u00fchlgasse 15, 1060 Wien\n\nKosten: freiwillige Spende\n<br>\nAnmeldung: erforderlich unter: info@courage-beratung.at oder telefonisch unter 01 \/ 585 69 66<div class=\"read-more-link\"><a href=\"https:\/\/www.courage-beratung.at\/en\/2025\/03\/17\/aro-ace-community-abend\/\" class=\"more-link\">Read more<span class='more-link-arrow avia-svg-icon avia-font-svg_entypo-fontello' data-av_svg_icon='right-open-big' data-av_iconset='svg_entypo-fontello'><svg version=\"1.1\" xmlns=\"http:\/\/www.w3.org\/2000\/svg\" width=\"15\" height=\"32\" viewbox=\"0 0 15 32\" preserveaspectratio=\"xMidYMid meet\" role=\"graphics-symbol\" aria-hidden=\"true\">\n<path d=\"M0.416 27.84l11.456-11.84-11.456-11.904q-0.832-0.832 0-1.536 0.832-0.832 1.536 0l12.544 12.608q0.768 0.832 0 1.6l-12.544 12.608q-0.704 0.832-1.536 0-0.832-0.704 0-1.536z\"><\/path>\n<\/svg><\/span><\/a><\/div><\/div><\/div><footer class=\"entry-footer\"><div class=\"slide-meta\"><time class='slide-meta-time updated'  itemprop=\"datePublished\" datetime=\"2025-03-17T11:57:00+01:00\" >17. March 2025<\/time><\/div><\/footer><span class='hidden'>\n\t\t\t\t<span class='av-structured-data'  itemprop=\"image\" itemscope=\"itemscope\" itemtype=\"https:\/\/schema.org\/ImageObject\" >\n\t\t\t\t\t\t<span itemprop='url'>https:\/\/www.courage-beratung.at\/wp-content\/uploads\/2024\/11\/img-BltBNm480DQZkRsEHayEG.jpg<\/span>\n\t\t\t\t\t\t<span itemprop='height'>1280<\/span>\n\t\t\t\t\t\t<span itemprop='width'>720<\/span>\n\t\t\t\t<\/span>\n\t\t\t\t<span class='av-structured-data'  itemprop=\"publisher\" itemtype=\"https:\/\/schema.org\/Organization\" itemscope=\"itemscope\" >\n\t\t\t\t\t\t<span itemprop='name'>Lukas<\/span>\n\t\t\t\t\t\t<span itemprop='logo' itemscope itemtype='https:\/\/schema.org\/ImageObject'>\n\t\t\t\t\t\t\t<span itemprop='url'>https:\/\/www.courage-beratung.at\/wp-content\/uploads\/2023\/12\/COURAGE_LOGO_WEB_2022_RGB.svg<\/span>\n\t\t\t\t\t\t<\/span>\n\t\t\t\t<\/span><span class='av-structured-data'  itemprop=\"author\" itemscope=\"itemscope\" itemtype=\"https:\/\/schema.org\/Person\" ><span itemprop='name'>Lukas<\/span><\/span><span class='av-structured-data'  itemprop=\"datePublished\" datetime=\"2023-06-03T08:03:02+02:00\" >2025-03-17 11:57:00<\/span><span class='av-structured-data'  itemprop=\"dateModified\" itemtype=\"https:\/\/schema.org\/dateModified\" >2025-03-18 10:32:06<\/span><span class='av-structured-data'  itemprop=\"mainEntityOfPage\" itemtype=\"https:\/\/schema.org\/mainEntityOfPage\" ><span itemprop='name'>Aro\/Ace &#8211; Community Abend<\/span><\/span><\/span><\/article><\/div><div class=\"slide-entry-wrap\"><article class='slide-entry flex_column  post-entry post-entry-5208 slide-entry-overview slide-loop-26 slide-parity-odd  av_fullwidth first real-thumbnail posttype-post post-format-standard'  itemscope=\"itemscope\" itemtype=\"https:\/\/schema.org\/CreativeWork\" ><a href='https:\/\/www.courage-beratung.at\/en\/2025\/02\/27\/trans-und-inter-parents\/' data-rel='slide-2' class='slide-image' title='TRANS* UND INTER* Parents'><img decoding=\"async\" fetchpriority=\"high\" width=\"1024\" height=\"576\" src=\"https:\/\/www.courage-beratung.at\/wp-content\/uploads\/2024\/09\/Blog-Photos-3-1024x576-1.png\" class=\"wp-image-3397 avia-img-lazy-loading-not-3397 attachment-large size-large wp-post-image\" alt=\"\" srcset=\"https:\/\/www.courage-beratung.at\/wp-content\/uploads\/2024\/09\/Blog-Photos-3-1024x576-1.png 1024w, https:\/\/www.courage-beratung.at\/wp-content\/uploads\/2024\/09\/Blog-Photos-3-1024x576-1-300x169.png 300w, https:\/\/www.courage-beratung.at\/wp-content\/uploads\/2024\/09\/Blog-Photos-3-1024x576-1-768x432.png 768w, https:\/\/www.courage-beratung.at\/wp-content\/uploads\/2024\/09\/Blog-Photos-3-1024x576-1-18x10.png 18w, https:\/\/www.courage-beratung.at\/wp-content\/uploads\/2024\/09\/Blog-Photos-3-1024x576-1-705x397.png 705w\" sizes=\"(max-width: 1024px) 100vw, 1024px\" \/><\/a><div class=\"slide-content\"><header class=\"entry-content-header\" aria-label=\"Slide: TRANS* UND INTER* Parents\"><span class=\"blog-categories minor-meta\"><a href=\"https:\/\/www.courage-beratung.at\/en\/category\/allgemein\/\" rel=\"tag\">Allgemein<\/a>, <a href=\"https:\/\/www.courage-beratung.at\/en\/category\/infoabende\/\" rel=\"tag\">Infoabende<\/a> <\/span><h3 class='slide-entry-title entry-title'  itemprop=\"headline\" ><a href='https:\/\/www.courage-beratung.at\/en\/2025\/02\/27\/trans-und-inter-parents\/' title='TRANS* UND INTER* Parents'>TRANS* UND INTER* Parents<\/a><\/h3><span class=\"av-vertical-delimiter\"><\/span><\/header><div class='slide-entry-excerpt entry-content'  itemprop=\"text\" >Informationsabende zu Trans*Identit\u00e4ten und Inter*Geschlechtlichkeiten f\u00fcr Eltern(-teile), Bezugspersonen und Angeh\u00f6rige\u00a0<br><br>Termin:\u00a0Montag, 28. April 2025, 18:00-21:00 Uhr<br>\nOrt:\u00a0Beratungsstelle Courage, 1060 Wien, Windm\u00fchlgasse 15\/1\/7<br>\nKosten:\u00a0freie Spende<br>\nInfo & Anmeldung:\u00a0Telefon: 01 \/ 585 69 66; Email: info@courage-beratung.at<div class=\"read-more-link\"><a href=\"https:\/\/www.courage-beratung.at\/en\/2025\/02\/27\/trans-und-inter-parents\/\" class=\"more-link\">Read more<span class='more-link-arrow avia-svg-icon avia-font-svg_entypo-fontello' data-av_svg_icon='right-open-big' data-av_iconset='svg_entypo-fontello'><svg version=\"1.1\" xmlns=\"http:\/\/www.w3.org\/2000\/svg\" width=\"15\" height=\"32\" viewbox=\"0 0 15 32\" preserveaspectratio=\"xMidYMid meet\" role=\"graphics-symbol\" aria-hidden=\"true\">\n<path d=\"M0.416 27.84l11.456-11.84-11.456-11.904q-0.832-0.832 0-1.536 0.832-0.832 1.536 0l12.544 12.608q0.768 0.832 0 1.6l-12.544 12.608q-0.704 0.832-1.536 0-0.832-0.704 0-1.536z\"><\/path>\n<\/svg><\/span><\/a><\/div><\/div><\/div><footer class=\"entry-footer\"><div class=\"slide-meta\"><time class='slide-meta-time updated'  itemprop=\"datePublished\" datetime=\"2025-02-27T10:29:23+01:00\" >27. February 2025<\/time><\/div><\/footer><span class='hidden'>\n\t\t\t\t<span class='av-structured-data'  itemprop=\"image\" itemscope=\"itemscope\" itemtype=\"https:\/\/schema.org\/ImageObject\" >\n\t\t\t\t\t\t<span itemprop='url'>https:\/\/www.courage-beratung.at\/wp-content\/uploads\/2024\/09\/Blog-Photos-3-1024x576-1.png<\/span>\n\t\t\t\t\t\t<span itemprop='height'>576<\/span>\n\t\t\t\t\t\t<span itemprop='width'>1024<\/span>\n\t\t\t\t<\/span>\n\t\t\t\t<span class='av-structured-data'  itemprop=\"publisher\" itemtype=\"https:\/\/schema.org\/Organization\" itemscope=\"itemscope\" >\n\t\t\t\t\t\t<span itemprop='name'>Nemanja<\/span>\n\t\t\t\t\t\t<span itemprop='logo' itemscope itemtype='https:\/\/schema.org\/ImageObject'>\n\t\t\t\t\t\t\t<span itemprop='url'>https:\/\/www.courage-beratung.at\/wp-content\/uploads\/2023\/12\/COURAGE_LOGO_WEB_2022_RGB.svg<\/span>\n\t\t\t\t\t\t<\/span>\n\t\t\t\t<\/span><span class='av-structured-data'  itemprop=\"author\" itemscope=\"itemscope\" itemtype=\"https:\/\/schema.org\/Person\" ><span itemprop='name'>Nemanja<\/span><\/span><span class='av-structured-data'  itemprop=\"datePublished\" datetime=\"2023-06-03T08:03:02+02:00\" >2025-02-27 10:29:23<\/span><span class='av-structured-data'  itemprop=\"dateModified\" itemtype=\"https:\/\/schema.org\/dateModified\" >2025-02-27 10:34:02<\/span><span class='av-structured-data'  itemprop=\"mainEntityOfPage\" itemtype=\"https:\/\/schema.org\/mainEntityOfPage\" ><span itemprop='name'>TRANS* UND INTER* Parents<\/span><\/span><\/span><\/article><\/div><div class=\"slide-entry-wrap\"><article class='slide-entry flex_column  post-entry post-entry-5142 slide-entry-overview slide-loop-27 slide-parity-odd  av_fullwidth first real-thumbnail posttype-post post-format-standard'  itemscope=\"itemscope\" itemtype=\"https:\/\/schema.org\/CreativeWork\" ><a href='https:\/\/www.courage-beratung.at\/en\/2025\/02\/18\/von-fell-und-vielfalt\/' data-rel='slide-2' class='slide-image' title='Von Fell und Vielfalt: Die Geschichte des Furry-Fandoms und LGBTIQ+'><img decoding=\"async\" fetchpriority=\"high\" width=\"623\" height=\"1030\" src=\"https:\/\/www.courage-beratung.at\/wp-content\/uploads\/2025\/02\/piclumen-1738020185327-gigapixel-art-scale-6_00x-Copy-623x1030.png\" class=\"wp-image-5144 avia-img-lazy-loading-not-5144 attachment-large size-large wp-post-image\" alt=\"\" srcset=\"https:\/\/www.courage-beratung.at\/wp-content\/uploads\/2025\/02\/piclumen-1738020185327-gigapixel-art-scale-6_00x-Copy-623x1030.png 623w, https:\/\/www.courage-beratung.at\/wp-content\/uploads\/2025\/02\/piclumen-1738020185327-gigapixel-art-scale-6_00x-Copy-181x300.png 181w, https:\/\/www.courage-beratung.at\/wp-content\/uploads\/2025\/02\/piclumen-1738020185327-gigapixel-art-scale-6_00x-Copy-768x1270.png 768w, https:\/\/www.courage-beratung.at\/wp-content\/uploads\/2025\/02\/piclumen-1738020185327-gigapixel-art-scale-6_00x-Copy-929x1536.png 929w, https:\/\/www.courage-beratung.at\/wp-content\/uploads\/2025\/02\/piclumen-1738020185327-gigapixel-art-scale-6_00x-Copy-7x12.png 7w, https:\/\/www.courage-beratung.at\/wp-content\/uploads\/2025\/02\/piclumen-1738020185327-gigapixel-art-scale-6_00x-Copy-907x1500.png 907w, https:\/\/www.courage-beratung.at\/wp-content\/uploads\/2025\/02\/piclumen-1738020185327-gigapixel-art-scale-6_00x-Copy-426x705.png 426w, https:\/\/www.courage-beratung.at\/wp-content\/uploads\/2025\/02\/piclumen-1738020185327-gigapixel-art-scale-6_00x-Copy.png 1000w\" sizes=\"(max-width: 623px) 100vw, 623px\" \/><\/a><div class=\"slide-content\"><header class=\"entry-content-header\" aria-label=\"Slide: Von Fell und Vielfalt: Die Geschichte des Furry-Fandoms und LGBTIQ+\"><span class=\"blog-categories minor-meta\"><a href=\"https:\/\/www.courage-beratung.at\/en\/category\/events-qbz\/\" rel=\"tag\">Events QBZ<\/a>, <a href=\"https:\/\/www.courage-beratung.at\/en\/category\/vortrag-guest-lecture\/\" rel=\"tag\">Vortrag \/ Guest Lecture<\/a> <\/span><h3 class='slide-entry-title entry-title'  itemprop=\"headline\" ><a href='https:\/\/www.courage-beratung.at\/en\/2025\/02\/18\/von-fell-und-vielfalt\/' title='Von Fell und Vielfalt: Die Geschichte des Furry-Fandoms und LGBTIQ+'>Von Fell und Vielfalt: Die Geschichte des Furry-Fandoms und LGBTIQ+<\/a><\/h3><span class=\"av-vertical-delimiter\"><\/span><\/header><div class='slide-entry-excerpt entry-content'  itemprop=\"text\" >Das Furry-Fandom ist weit mehr als nur bunte Fellkost\u00fcme und kreative Charaktere. Es ist eine globale Subkultur, die nicht nur durch seine k\u00fcnstlerische Vielfalt besticht, sondern auch durch seine Offenheit und Akzeptanz, insbesondere gegen\u00fcber der LGBTQI-Community. Doch wie hat sich das Fandom entwickelt, und warum ist es gerade f\u00fcr queere Menschen ein so sicherer und kreativer Raum?<div class=\"read-more-link\"><a href=\"https:\/\/www.courage-beratung.at\/en\/2025\/02\/18\/von-fell-und-vielfalt\/\" class=\"more-link\">Read more<span class='more-link-arrow avia-svg-icon avia-font-svg_entypo-fontello' data-av_svg_icon='right-open-big' data-av_iconset='svg_entypo-fontello'><svg version=\"1.1\" xmlns=\"http:\/\/www.w3.org\/2000\/svg\" width=\"15\" height=\"32\" viewbox=\"0 0 15 32\" preserveaspectratio=\"xMidYMid meet\" role=\"graphics-symbol\" aria-hidden=\"true\">\n<path d=\"M0.416 27.84l11.456-11.84-11.456-11.904q-0.832-0.832 0-1.536 0.832-0.832 1.536 0l12.544 12.608q0.768 0.832 0 1.6l-12.544 12.608q-0.704 0.832-1.536 0-0.832-0.704 0-1.536z\"><\/path>\n<\/svg><\/span><\/a><\/div><\/div><\/div><footer class=\"entry-footer\"><div class=\"slide-meta\"><time class='slide-meta-time updated'  itemprop=\"datePublished\" datetime=\"2025-02-18T11:07:23+01:00\" >18. February 2025<\/time><\/div><\/footer><span class='hidden'>\n\t\t\t\t<span class='av-structured-data'  itemprop=\"image\" itemscope=\"itemscope\" itemtype=\"https:\/\/schema.org\/ImageObject\" >\n\t\t\t\t\t\t<span itemprop='url'>https:\/\/www.courage-beratung.at\/wp-content\/uploads\/2025\/02\/piclumen-1738020185327-gigapixel-art-scale-6_00x-Copy.png<\/span>\n\t\t\t\t\t\t<span itemprop='height'>1653<\/span>\n\t\t\t\t\t\t<span itemprop='width'>1000<\/span>\n\t\t\t\t<\/span>\n\t\t\t\t<span class='av-structured-data'  itemprop=\"publisher\" itemtype=\"https:\/\/schema.org\/Organization\" itemscope=\"itemscope\" >\n\t\t\t\t\t\t<span itemprop='name'>Nemanja<\/span>\n\t\t\t\t\t\t<span itemprop='logo' itemscope itemtype='https:\/\/schema.org\/ImageObject'>\n\t\t\t\t\t\t\t<span itemprop='url'>https:\/\/www.courage-beratung.at\/wp-content\/uploads\/2023\/12\/COURAGE_LOGO_WEB_2022_RGB.svg<\/span>\n\t\t\t\t\t\t<\/span>\n\t\t\t\t<\/span><span class='av-structured-data'  itemprop=\"author\" itemscope=\"itemscope\" itemtype=\"https:\/\/schema.org\/Person\" ><span itemprop='name'>Nemanja<\/span><\/span><span class='av-structured-data'  itemprop=\"datePublished\" datetime=\"2023-06-03T08:03:02+02:00\" >2025-02-18 11:07:23<\/span><span class='av-structured-data'  itemprop=\"dateModified\" itemtype=\"https:\/\/schema.org\/dateModified\" >2025-02-19 09:04:22<\/span><span class='av-structured-data'  itemprop=\"mainEntityOfPage\" itemtype=\"https:\/\/schema.org\/mainEntityOfPage\" ><span itemprop='name'>Von Fell und Vielfalt: Die Geschichte des Furry-Fandoms und LGBTIQ+<\/span><\/span><\/span><\/article><\/div><div class=\"slide-entry-wrap\"><article class='slide-entry flex_column  post-entry post-entry-5061 slide-entry-overview slide-loop-28 slide-parity-odd  av_fullwidth first real-thumbnail posttype-post post-format-standard'  itemscope=\"itemscope\" itemtype=\"https:\/\/schema.org\/CreativeWork\" ><a href='https:\/\/www.courage-beratung.at\/en\/2025\/02\/06\/ytic2025\/' data-rel='slide-2' class='slide-image' title='ACHTES YOUNG TRANS* UND INTER CAMP IM JUFA NEUTAL\/BURGENLAND'><img decoding=\"async\" fetchpriority=\"high\" width=\"1030\" height=\"660\" src=\"https:\/\/www.courage-beratung.at\/wp-content\/uploads\/2025\/02\/1721761569838-scaled-1-1030x660.jpg\" class=\"wp-image-5069 avia-img-lazy-loading-not-5069 attachment-large size-large wp-post-image\" alt=\"\" srcset=\"https:\/\/www.courage-beratung.at\/wp-content\/uploads\/2025\/02\/1721761569838-scaled-1-1030x660.jpg 1030w, https:\/\/www.courage-beratung.at\/wp-content\/uploads\/2025\/02\/1721761569838-scaled-1-300x192.jpg 300w, https:\/\/www.courage-beratung.at\/wp-content\/uploads\/2025\/02\/1721761569838-scaled-1-768x492.jpg 768w, https:\/\/www.courage-beratung.at\/wp-content\/uploads\/2025\/02\/1721761569838-scaled-1-1536x984.jpg 1536w, https:\/\/www.courage-beratung.at\/wp-content\/uploads\/2025\/02\/1721761569838-scaled-1-2048x1313.jpg 2048w, https:\/\/www.courage-beratung.at\/wp-content\/uploads\/2025\/02\/1721761569838-scaled-1-18x12.jpg 18w, https:\/\/www.courage-beratung.at\/wp-content\/uploads\/2025\/02\/1721761569838-scaled-1-1500x961.jpg 1500w, https:\/\/www.courage-beratung.at\/wp-content\/uploads\/2025\/02\/1721761569838-scaled-1-705x452.jpg 705w\" sizes=\"(max-width: 1030px) 100vw, 1030px\" \/><\/a><div class=\"slide-content\"><header class=\"entry-content-header\" aria-label=\"Slide: ACHTES YOUNG TRANS* UND INTER CAMP IM JUFA NEUTAL\/BURGENLAND\"><span class=\"blog-categories minor-meta\"><a href=\"https:\/\/www.courage-beratung.at\/en\/category\/projekte\/\" rel=\"tag\">Projekte<\/a> <\/span><h3 class='slide-entry-title entry-title'  itemprop=\"headline\" ><a href='https:\/\/www.courage-beratung.at\/en\/2025\/02\/06\/ytic2025\/' title='ACHTES YOUNG TRANS* UND INTER CAMP IM JUFA NEUTAL\/BURGENLAND'>ACHTES YOUNG TRANS* UND INTER CAMP IM JUFA NEUTAL\/BURGENLAND<\/a><\/h3><span class=\"av-vertical-delimiter\"><\/span><\/header><div class='slide-entry-excerpt entry-content'  itemprop=\"text\" >Anmeldung ab sofort m\u00f6glich! <div class=\"read-more-link\"><a href=\"https:\/\/www.courage-beratung.at\/en\/2025\/02\/06\/ytic2025\/\" class=\"more-link\">Read more<span class='more-link-arrow avia-svg-icon avia-font-svg_entypo-fontello' data-av_svg_icon='right-open-big' data-av_iconset='svg_entypo-fontello'><svg version=\"1.1\" xmlns=\"http:\/\/www.w3.org\/2000\/svg\" width=\"15\" height=\"32\" viewbox=\"0 0 15 32\" preserveaspectratio=\"xMidYMid meet\" role=\"graphics-symbol\" aria-hidden=\"true\">\n<path d=\"M0.416 27.84l11.456-11.84-11.456-11.904q-0.832-0.832 0-1.536 0.832-0.832 1.536 0l12.544 12.608q0.768 0.832 0 1.6l-12.544 12.608q-0.704 0.832-1.536 0-0.832-0.704 0-1.536z\"><\/path>\n<\/svg><\/span><\/a><\/div><\/div><\/div><footer class=\"entry-footer\"><div class=\"slide-meta\"><time class='slide-meta-time updated'  itemprop=\"datePublished\" datetime=\"2025-02-06T12:51:07+01:00\" >6. February 2025<\/time><\/div><\/footer><span class='hidden'>\n\t\t\t\t<span class='av-structured-data'  itemprop=\"image\" itemscope=\"itemscope\" itemtype=\"https:\/\/schema.org\/ImageObject\" >\n\t\t\t\t\t\t<span itemprop='url'>https:\/\/www.courage-beratung.at\/wp-content\/uploads\/2025\/02\/1721761569838-scaled-1.jpg<\/span>\n\t\t\t\t\t\t<span itemprop='height'>1410<\/span>\n\t\t\t\t\t\t<span itemprop='width'>2200<\/span>\n\t\t\t\t<\/span>\n\t\t\t\t<span class='av-structured-data'  itemprop=\"publisher\" itemtype=\"https:\/\/schema.org\/Organization\" itemscope=\"itemscope\" >\n\t\t\t\t\t\t<span itemprop='name'>Nemanja<\/span>\n\t\t\t\t\t\t<span itemprop='logo' itemscope itemtype='https:\/\/schema.org\/ImageObject'>\n\t\t\t\t\t\t\t<span itemprop='url'>https:\/\/www.courage-beratung.at\/wp-content\/uploads\/2023\/12\/COURAGE_LOGO_WEB_2022_RGB.svg<\/span>\n\t\t\t\t\t\t<\/span>\n\t\t\t\t<\/span><span class='av-structured-data'  itemprop=\"author\" itemscope=\"itemscope\" itemtype=\"https:\/\/schema.org\/Person\" ><span itemprop='name'>Nemanja<\/span><\/span><span class='av-structured-data'  itemprop=\"datePublished\" datetime=\"2023-06-03T08:03:02+02:00\" >2025-02-06 12:51:07<\/span><span class='av-structured-data'  itemprop=\"dateModified\" itemtype=\"https:\/\/schema.org\/dateModified\" >2025-03-29 11:50:21<\/span><span class='av-structured-data'  itemprop=\"mainEntityOfPage\" itemtype=\"https:\/\/schema.org\/mainEntityOfPage\" ><span itemprop='name'>ACHTES YOUNG TRANS* UND INTER CAMP IM JUFA NEUTAL\/BURGENLAND<\/span><\/span><\/span><\/article><\/div><div class=\"slide-entry-wrap\"><article class='slide-entry flex_column  post-entry post-entry-5044 slide-entry-overview slide-loop-29 slide-parity-odd  av_fullwidth first real-thumbnail posttype-post post-format-standard'  itemscope=\"itemscope\" itemtype=\"https:\/\/schema.org\/CreativeWork\" ><a href='https:\/\/www.courage-beratung.at\/en\/2025\/02\/05\/sappho\/' data-rel='slide-2' class='slide-image' title='SAPPHO'><img decoding=\"async\" fetchpriority=\"high\" width=\"1030\" height=\"747\" src=\"https:\/\/www.courage-beratung.at\/wp-content\/uploads\/2025\/02\/Sappho-e1738754934950-1030x747.jpg\" class=\"wp-image-5047 avia-img-lazy-loading-not-5047 attachment-large size-large wp-post-image\" alt=\"\" srcset=\"https:\/\/www.courage-beratung.at\/wp-content\/uploads\/2025\/02\/Sappho-e1738754934950-1030x747.jpg 1030w, https:\/\/www.courage-beratung.at\/wp-content\/uploads\/2025\/02\/Sappho-e1738754934950-300x218.jpg 300w, https:\/\/www.courage-beratung.at\/wp-content\/uploads\/2025\/02\/Sappho-e1738754934950-768x557.jpg 768w, https:\/\/www.courage-beratung.at\/wp-content\/uploads\/2025\/02\/Sappho-e1738754934950-18x12.jpg 18w, https:\/\/www.courage-beratung.at\/wp-content\/uploads\/2025\/02\/Sappho-e1738754934950-1500x1088.jpg 1500w, https:\/\/www.courage-beratung.at\/wp-content\/uploads\/2025\/02\/Sappho-e1738754934950-705x511.jpg 705w, https:\/\/www.courage-beratung.at\/wp-content\/uploads\/2025\/02\/Sappho-e1738754934950.jpg 1536w\" sizes=\"(max-width: 1030px) 100vw, 1030px\" \/><\/a><div class=\"slide-content\"><header class=\"entry-content-header\" aria-label=\"Slide: SAPPHO\"><span class=\"blog-categories minor-meta\"><a href=\"https:\/\/www.courage-beratung.at\/en\/category\/allgemein\/\" rel=\"tag\">Allgemein<\/a> <\/span><h3 class='slide-entry-title entry-title'  itemprop=\"headline\" ><a href='https:\/\/www.courage-beratung.at\/en\/2025\/02\/05\/sappho\/' title='SAPPHO'>SAPPHO<\/a><\/h3><span class=\"av-vertical-delimiter\"><\/span><\/header><div class='slide-entry-excerpt entry-content'  itemprop=\"text\" >SAPPHO \u2013 Begleitete Selbsthilfegruppe f\u00fcr lesbische, bi- oder pansexuelle Frauen<br><br>\nTermine: monatlich, jeweils Montag, 18.00\u201320:00 Uhr\n<div class=\"read-more-link\"><a href=\"https:\/\/www.courage-beratung.at\/en\/2025\/02\/05\/sappho\/\" class=\"more-link\">Read more<span class='more-link-arrow avia-svg-icon avia-font-svg_entypo-fontello' data-av_svg_icon='right-open-big' data-av_iconset='svg_entypo-fontello'><svg version=\"1.1\" xmlns=\"http:\/\/www.w3.org\/2000\/svg\" width=\"15\" height=\"32\" viewbox=\"0 0 15 32\" preserveaspectratio=\"xMidYMid meet\" role=\"graphics-symbol\" aria-hidden=\"true\">\n<path d=\"M0.416 27.84l11.456-11.84-11.456-11.904q-0.832-0.832 0-1.536 0.832-0.832 1.536 0l12.544 12.608q0.768 0.832 0 1.6l-12.544 12.608q-0.704 0.832-1.536 0-0.832-0.704 0-1.536z\"><\/path>\n<\/svg><\/span><\/a><\/div><\/div><\/div><footer class=\"entry-footer\"><div class=\"slide-meta\"><time class='slide-meta-time updated'  itemprop=\"datePublished\" datetime=\"2025-02-05T12:21:17+01:00\" >5. February 2025<\/time><\/div><\/footer><span class='hidden'>\n\t\t\t\t<span class='av-structured-data'  itemprop=\"image\" itemscope=\"itemscope\" itemtype=\"https:\/\/schema.org\/ImageObject\" >\n\t\t\t\t\t\t<span itemprop='url'>https:\/\/www.courage-beratung.at\/wp-content\/uploads\/2025\/02\/Sappho-e1738754934950.jpg<\/span>\n\t\t\t\t\t\t<span itemprop='height'>1114<\/span>\n\t\t\t\t\t\t<span itemprop='width'>1536<\/span>\n\t\t\t\t<\/span>\n\t\t\t\t<span class='av-structured-data'  itemprop=\"publisher\" itemtype=\"https:\/\/schema.org\/Organization\" itemscope=\"itemscope\" >\n\t\t\t\t\t\t<span itemprop='name'>Nemanja<\/span>\n\t\t\t\t\t\t<span itemprop='logo' itemscope itemtype='https:\/\/schema.org\/ImageObject'>\n\t\t\t\t\t\t\t<span itemprop='url'>https:\/\/www.courage-beratung.at\/wp-content\/uploads\/2023\/12\/COURAGE_LOGO_WEB_2022_RGB.svg<\/span>\n\t\t\t\t\t\t<\/span>\n\t\t\t\t<\/span><span class='av-structured-data'  itemprop=\"author\" itemscope=\"itemscope\" itemtype=\"https:\/\/schema.org\/Person\" ><span itemprop='name'>Nemanja<\/span><\/span><span class='av-structured-data'  itemprop=\"datePublished\" datetime=\"2023-06-03T08:03:02+02:00\" >2025-02-05 12:21:17<\/span><span class='av-structured-data'  itemprop=\"dateModified\" itemtype=\"https:\/\/schema.org\/dateModified\" >2025-02-05 12:31:34<\/span><span class='av-structured-data'  itemprop=\"mainEntityOfPage\" itemtype=\"https:\/\/schema.org\/mainEntityOfPage\" ><span itemprop='name'>SAPPHO<\/span><\/span><\/span><\/article><\/div><div class=\"slide-entry-wrap\"><article class='slide-entry flex_column  post-entry post-entry-4815 slide-entry-overview slide-loop-30 slide-parity-odd  av_fullwidth first real-thumbnail posttype-post post-format-standard'  itemscope=\"itemscope\" itemtype=\"https:\/\/schema.org\/CreativeWork\" ><a href='https:\/\/www.courage-beratung.at\/en\/2025\/01\/18\/lgbtiq-und-neurodiversitat-2\/' data-rel='slide-2' class='slide-image' title='Schreibworkshop: Ich und meine lesbischen Vorbilder'><img decoding=\"async\" fetchpriority=\"high\" width=\"697\" height=\"697\" src=\"https:\/\/www.courage-beratung.at\/wp-content\/uploads\/2025\/01\/Screenshot-2025-01-17-at-17-38-33-Craiyon-Your-FREE-AI-image-generator-tool-Create-AI-art-1.jpg\" class=\"wp-image-5030 avia-img-lazy-loading-not-5030 attachment-large size-large wp-post-image\" alt=\"\" srcset=\"https:\/\/www.courage-beratung.at\/wp-content\/uploads\/2025\/01\/Screenshot-2025-01-17-at-17-38-33-Craiyon-Your-FREE-AI-image-generator-tool-Create-AI-art-1.jpg 697w, https:\/\/www.courage-beratung.at\/wp-content\/uploads\/2025\/01\/Screenshot-2025-01-17-at-17-38-33-Craiyon-Your-FREE-AI-image-generator-tool-Create-AI-art-1-300x300.jpg 300w, https:\/\/www.courage-beratung.at\/wp-content\/uploads\/2025\/01\/Screenshot-2025-01-17-at-17-38-33-Craiyon-Your-FREE-AI-image-generator-tool-Create-AI-art-1-80x80.jpg 80w, https:\/\/www.courage-beratung.at\/wp-content\/uploads\/2025\/01\/Screenshot-2025-01-17-at-17-38-33-Craiyon-Your-FREE-AI-image-generator-tool-Create-AI-art-1-12x12.jpg 12w, https:\/\/www.courage-beratung.at\/wp-content\/uploads\/2025\/01\/Screenshot-2025-01-17-at-17-38-33-Craiyon-Your-FREE-AI-image-generator-tool-Create-AI-art-1-36x36.jpg 36w, https:\/\/www.courage-beratung.at\/wp-content\/uploads\/2025\/01\/Screenshot-2025-01-17-at-17-38-33-Craiyon-Your-FREE-AI-image-generator-tool-Create-AI-art-1-180x180.jpg 180w\" sizes=\"(max-width: 697px) 100vw, 697px\" \/><\/a><div class=\"slide-content\"><header class=\"entry-content-header\" aria-label=\"Slide: Schreibworkshop: Ich und meine lesbischen Vorbilder\"><span class=\"blog-categories minor-meta\"><a href=\"https:\/\/www.courage-beratung.at\/en\/category\/events-qbz\/\" rel=\"tag\">Events QBZ<\/a>, <a href=\"https:\/\/www.courage-beratung.at\/en\/category\/vortrag-guest-lecture\/\" rel=\"tag\">Vortrag \/ Guest Lecture<\/a> <\/span><h3 class='slide-entry-title entry-title'  itemprop=\"headline\" ><a href='https:\/\/www.courage-beratung.at\/en\/2025\/01\/18\/lgbtiq-und-neurodiversitat-2\/' title='Schreibworkshop: Ich und meine lesbischen Vorbilder'>Schreibworkshop: Ich und meine lesbischen Vorbilder<\/a><\/h3><span class=\"av-vertical-delimiter\"><\/span><\/header><div class='slide-entry-excerpt entry-content'  itemprop=\"text\" >Ein Schreibworkshop mit Autorin Norma del Camino <br><br>\nTermin: Freitag, 21. Februar 2025 von 18:00 bis 21:00 Uhr<br>\nOrt: Queeres Bildungszentrum (Windm\u00fchlgasse 15, Gassenlokal, 1060 Wien)<br>\nKosten: freiwillige Spende<br>\nVerpflichtende Anmeldung unter info@courage-beratung.at oder telefonisch unter: 01\u00a0585 69 66<div class=\"read-more-link\"><a href=\"https:\/\/www.courage-beratung.at\/en\/2025\/01\/18\/lgbtiq-und-neurodiversitat-2\/\" class=\"more-link\">Read more<span class='more-link-arrow avia-svg-icon avia-font-svg_entypo-fontello' data-av_svg_icon='right-open-big' data-av_iconset='svg_entypo-fontello'><svg version=\"1.1\" xmlns=\"http:\/\/www.w3.org\/2000\/svg\" width=\"15\" height=\"32\" viewbox=\"0 0 15 32\" preserveaspectratio=\"xMidYMid meet\" role=\"graphics-symbol\" aria-hidden=\"true\">\n<path d=\"M0.416 27.84l11.456-11.84-11.456-11.904q-0.832-0.832 0-1.536 0.832-0.832 1.536 0l12.544 12.608q0.768 0.832 0 1.6l-12.544 12.608q-0.704 0.832-1.536 0-0.832-0.704 0-1.536z\"><\/path>\n<\/svg><\/span><\/a><\/div><\/div><\/div><footer class=\"entry-footer\"><div class=\"slide-meta\"><time class='slide-meta-time updated'  itemprop=\"datePublished\" datetime=\"2025-01-18T10:26:55+01:00\" >18. January 2025<\/time><\/div><\/footer><span class='hidden'>\n\t\t\t\t<span class='av-structured-data'  itemprop=\"image\" itemscope=\"itemscope\" itemtype=\"https:\/\/schema.org\/ImageObject\" >\n\t\t\t\t\t\t<span itemprop='url'>https:\/\/www.courage-beratung.at\/wp-content\/uploads\/2025\/01\/Screenshot-2025-01-17-at-17-38-33-Craiyon-Your-FREE-AI-image-generator-tool-Create-AI-art-1.jpg<\/span>\n\t\t\t\t\t\t<span itemprop='height'>697<\/span>\n\t\t\t\t\t\t<span itemprop='width'>697<\/span>\n\t\t\t\t<\/span>\n\t\t\t\t<span class='av-structured-data'  itemprop=\"publisher\" itemtype=\"https:\/\/schema.org\/Organization\" itemscope=\"itemscope\" >\n\t\t\t\t\t\t<span itemprop='name'>Nemanja<\/span>\n\t\t\t\t\t\t<span itemprop='logo' itemscope itemtype='https:\/\/schema.org\/ImageObject'>\n\t\t\t\t\t\t\t<span itemprop='url'>https:\/\/www.courage-beratung.at\/wp-content\/uploads\/2023\/12\/COURAGE_LOGO_WEB_2022_RGB.svg<\/span>\n\t\t\t\t\t\t<\/span>\n\t\t\t\t<\/span><span class='av-structured-data'  itemprop=\"author\" itemscope=\"itemscope\" itemtype=\"https:\/\/schema.org\/Person\" ><span itemprop='name'>Nemanja<\/span><\/span><span class='av-structured-data'  itemprop=\"datePublished\" datetime=\"2023-06-03T08:03:02+02:00\" >2025-01-18 10:26:55<\/span><span class='av-structured-data'  itemprop=\"dateModified\" itemtype=\"https:\/\/schema.org\/dateModified\" >2025-02-04 01:31:10<\/span><span class='av-structured-data'  itemprop=\"mainEntityOfPage\" itemtype=\"https:\/\/schema.org\/mainEntityOfPage\" ><span itemprop='name'>Schreibworkshop: Ich und meine lesbischen Vorbilder<\/span><\/span><\/span><\/article><\/div><div class=\"slide-entry-wrap\"><article class='slide-entry flex_column  post-entry post-entry-4784 slide-entry-overview slide-loop-31 slide-parity-odd  av_fullwidth first real-thumbnail posttype-post post-format-standard'  itemscope=\"itemscope\" itemtype=\"https:\/\/schema.org\/CreativeWork\" ><a href='https:\/\/www.courage-beratung.at\/en\/2025\/01\/14\/lgbtiq-und-neurodiversitat\/' data-rel='slide-2' class='slide-image' title='LGBTIQ* und Neurodiversit\u00e4t'><img decoding=\"async\" fetchpriority=\"high\" width=\"1030\" height=\"539\" src=\"https:\/\/www.courage-beratung.at\/wp-content\/uploads\/2025\/01\/neurodivergenz-psychologie-100-original-1030x539.jpg\" class=\"wp-image-4781 avia-img-lazy-loading-not-4781 attachment-large size-large wp-post-image\" alt=\"\" srcset=\"https:\/\/www.courage-beratung.at\/wp-content\/uploads\/2025\/01\/neurodivergenz-psychologie-100-original-1030x539.jpg 1030w, https:\/\/www.courage-beratung.at\/wp-content\/uploads\/2025\/01\/neurodivergenz-psychologie-100-original-300x157.jpg 300w, https:\/\/www.courage-beratung.at\/wp-content\/uploads\/2025\/01\/neurodivergenz-psychologie-100-original-768x402.jpg 768w, https:\/\/www.courage-beratung.at\/wp-content\/uploads\/2025\/01\/neurodivergenz-psychologie-100-original-1536x804.jpg 1536w, https:\/\/www.courage-beratung.at\/wp-content\/uploads\/2025\/01\/neurodivergenz-psychologie-100-original-2048x1072.jpg 2048w, https:\/\/www.courage-beratung.at\/wp-content\/uploads\/2025\/01\/neurodivergenz-psychologie-100-original-18x9.jpg 18w, https:\/\/www.courage-beratung.at\/wp-content\/uploads\/2025\/01\/neurodivergenz-psychologie-100-original-1500x785.jpg 1500w, https:\/\/www.courage-beratung.at\/wp-content\/uploads\/2025\/01\/neurodivergenz-psychologie-100-original-705x369.jpg 705w\" sizes=\"(max-width: 1030px) 100vw, 1030px\" \/><\/a><div class=\"slide-content\"><header class=\"entry-content-header\" aria-label=\"Slide: LGBTIQ* und Neurodiversit\u00e4t\"><span class=\"blog-categories minor-meta\"><a href=\"https:\/\/www.courage-beratung.at\/en\/category\/seminare\/\" rel=\"tag\">Seminare<\/a> <\/span><h3 class='slide-entry-title entry-title'  itemprop=\"headline\" ><a href='https:\/\/www.courage-beratung.at\/en\/2025\/01\/14\/lgbtiq-und-neurodiversitat\/' title='LGBTIQ* und Neurodiversit\u00e4t'>LGBTIQ* und Neurodiversit\u00e4t<\/a><\/h3><span class=\"av-vertical-delimiter\"><\/span><\/header><div class='slide-entry-excerpt entry-content'  itemprop=\"text\" >\nFort- und Weiterbildungsseminar, Freitag 30. \u2013 Samstag 31. Mai 2025\n\n\n\nIn der Beratung erleben wir \u2013 vor allem seit der Corona-Pandemie \u2013 mehr und mehr Menschen, v.a. LGBTIQ+* Kinder und Jugendliche, mit neurodivergenten \u201eSt\u00f6rungen\u201c.\u2026<div class=\"read-more-link\"><a href=\"https:\/\/www.courage-beratung.at\/en\/2025\/01\/14\/lgbtiq-und-neurodiversitat\/\" class=\"more-link\">Read more<span class='more-link-arrow avia-svg-icon avia-font-svg_entypo-fontello' data-av_svg_icon='right-open-big' data-av_iconset='svg_entypo-fontello'><svg version=\"1.1\" xmlns=\"http:\/\/www.w3.org\/2000\/svg\" width=\"15\" height=\"32\" viewbox=\"0 0 15 32\" preserveaspectratio=\"xMidYMid meet\" role=\"graphics-symbol\" aria-hidden=\"true\">\n<path d=\"M0.416 27.84l11.456-11.84-11.456-11.904q-0.832-0.832 0-1.536 0.832-0.832 1.536 0l12.544 12.608q0.768 0.832 0 1.6l-12.544 12.608q-0.704 0.832-1.536 0-0.832-0.704 0-1.536z\"><\/path>\n<\/svg><\/span><\/a><\/div><\/div><\/div><footer class=\"entry-footer\"><div class=\"slide-meta\"><time class='slide-meta-time updated'  itemprop=\"datePublished\" datetime=\"2025-01-14T15:19:49+01:00\" >14. January 2025<\/time><\/div><\/footer><span class='hidden'>\n\t\t\t\t<span class='av-structured-data'  itemprop=\"image\" itemscope=\"itemscope\" itemtype=\"https:\/\/schema.org\/ImageObject\" >\n\t\t\t\t\t\t<span itemprop='url'>https:\/\/www.courage-beratung.at\/wp-content\/uploads\/2025\/01\/neurodivergenz-psychologie-100-original-scaled.jpg<\/span>\n\t\t\t\t\t\t<span itemprop='height'>1340<\/span>\n\t\t\t\t\t\t<span itemprop='width'>2560<\/span>\n\t\t\t\t<\/span>\n\t\t\t\t<span class='av-structured-data'  itemprop=\"publisher\" itemtype=\"https:\/\/schema.org\/Organization\" itemscope=\"itemscope\" >\n\t\t\t\t\t\t<span itemprop='name'>Lukas<\/span>\n\t\t\t\t\t\t<span itemprop='logo' itemscope itemtype='https:\/\/schema.org\/ImageObject'>\n\t\t\t\t\t\t\t<span itemprop='url'>https:\/\/www.courage-beratung.at\/wp-content\/uploads\/2023\/12\/COURAGE_LOGO_WEB_2022_RGB.svg<\/span>\n\t\t\t\t\t\t<\/span>\n\t\t\t\t<\/span><span class='av-structured-data'  itemprop=\"author\" itemscope=\"itemscope\" itemtype=\"https:\/\/schema.org\/Person\" ><span itemprop='name'>Lukas<\/span><\/span><span class='av-structured-data'  itemprop=\"datePublished\" datetime=\"2023-06-03T08:03:02+02:00\" >2025-01-14 15:19:49<\/span><span class='av-structured-data'  itemprop=\"dateModified\" itemtype=\"https:\/\/schema.org\/dateModified\" >2025-01-14 20:09:05<\/span><span class='av-structured-data'  itemprop=\"mainEntityOfPage\" itemtype=\"https:\/\/schema.org\/mainEntityOfPage\" ><span itemprop='name'>LGBTIQ* und Neurodiversit\u00e4t<\/span><\/span><\/span><\/article><\/div><div class=\"slide-entry-wrap\"><article class='slide-entry flex_column  post-entry post-entry-3914 slide-entry-overview slide-loop-32 slide-parity-odd  av_fullwidth first real-thumbnail posttype-post post-format-standard'  itemscope=\"itemscope\" itemtype=\"https:\/\/schema.org\/CreativeWork\" ><a href='https:\/\/www.courage-beratung.at\/en\/2025\/01\/14\/trans-und-inter-parentsinfoabend-courage-salzburg\/' data-rel='slide-2' class='slide-image' title='TRANS* UND INTER* PARENTSINFOABEND COURAGE SALZBURG'><img decoding=\"async\" fetchpriority=\"high\" width=\"1024\" height=\"576\" src=\"https:\/\/www.courage-beratung.at\/wp-content\/uploads\/2024\/09\/Blog-Photos-3-1024x576-1.png\" class=\"wp-image-3397 avia-img-lazy-loading-not-3397 attachment-large size-large wp-post-image\" alt=\"\" srcset=\"https:\/\/www.courage-beratung.at\/wp-content\/uploads\/2024\/09\/Blog-Photos-3-1024x576-1.png 1024w, https:\/\/www.courage-beratung.at\/wp-content\/uploads\/2024\/09\/Blog-Photos-3-1024x576-1-300x169.png 300w, https:\/\/www.courage-beratung.at\/wp-content\/uploads\/2024\/09\/Blog-Photos-3-1024x576-1-768x432.png 768w, https:\/\/www.courage-beratung.at\/wp-content\/uploads\/2024\/09\/Blog-Photos-3-1024x576-1-18x10.png 18w, https:\/\/www.courage-beratung.at\/wp-content\/uploads\/2024\/09\/Blog-Photos-3-1024x576-1-705x397.png 705w\" sizes=\"(max-width: 1024px) 100vw, 1024px\" \/><\/a><div class=\"slide-content\"><header class=\"entry-content-header\" aria-label=\"Slide: TRANS* UND INTER* PARENTSINFOABEND COURAGE SALZBURG\"><span class=\"blog-categories minor-meta\"><a href=\"https:\/\/www.courage-beratung.at\/en\/category\/allgemein\/\" rel=\"tag\">Allgemein<\/a>, <a href=\"https:\/\/www.courage-beratung.at\/en\/category\/infoabende\/\" rel=\"tag\">Infoabende<\/a> <\/span><h3 class='slide-entry-title entry-title'  itemprop=\"headline\" ><a href='https:\/\/www.courage-beratung.at\/en\/2025\/01\/14\/trans-und-inter-parentsinfoabend-courage-salzburg\/' title='TRANS* UND INTER* PARENTSINFOABEND COURAGE SALZBURG'>TRANS* UND INTER* PARENTSINFOABEND COURAGE SALZBURG<\/a><\/h3><span class=\"av-vertical-delimiter\"><\/span><\/header><div class='slide-entry-excerpt entry-content'  itemprop=\"text\" >Termin: 20. Februar von 18:00 bis 20:00 Uhr<br><br>\nOrt: Getreidegasse 21, 5020 Salzburg<br><br>\nKosten: freie Spende<br><br>\nAnmeldung \u00fcber salzburg@courage-beratung.at<div class=\"read-more-link\"><a href=\"https:\/\/www.courage-beratung.at\/en\/2025\/01\/14\/trans-und-inter-parentsinfoabend-courage-salzburg\/\" class=\"more-link\">Read more<span class='more-link-arrow avia-svg-icon avia-font-svg_entypo-fontello' data-av_svg_icon='right-open-big' data-av_iconset='svg_entypo-fontello'><svg version=\"1.1\" xmlns=\"http:\/\/www.w3.org\/2000\/svg\" width=\"15\" height=\"32\" viewbox=\"0 0 15 32\" preserveaspectratio=\"xMidYMid meet\" role=\"graphics-symbol\" aria-hidden=\"true\">\n<path d=\"M0.416 27.84l11.456-11.84-11.456-11.904q-0.832-0.832 0-1.536 0.832-0.832 1.536 0l12.544 12.608q0.768 0.832 0 1.6l-12.544 12.608q-0.704 0.832-1.536 0-0.832-0.704 0-1.536z\"><\/path>\n<\/svg><\/span><\/a><\/div><\/div><\/div><footer class=\"entry-footer\"><div class=\"slide-meta\"><time class='slide-meta-time updated'  itemprop=\"datePublished\" datetime=\"2025-01-14T12:59:06+01:00\" >14. January 2025<\/time><\/div><\/footer><span class='hidden'>\n\t\t\t\t<span class='av-structured-data'  itemprop=\"image\" itemscope=\"itemscope\" itemtype=\"https:\/\/schema.org\/ImageObject\" >\n\t\t\t\t\t\t<span itemprop='url'>https:\/\/www.courage-beratung.at\/wp-content\/uploads\/2024\/09\/Blog-Photos-3-1024x576-1.png<\/span>\n\t\t\t\t\t\t<span itemprop='height'>576<\/span>\n\t\t\t\t\t\t<span itemprop='width'>1024<\/span>\n\t\t\t\t<\/span>\n\t\t\t\t<span class='av-structured-data'  itemprop=\"publisher\" itemtype=\"https:\/\/schema.org\/Organization\" itemscope=\"itemscope\" >\n\t\t\t\t\t\t<span itemprop='name'>Lukas<\/span>\n\t\t\t\t\t\t<span itemprop='logo' itemscope itemtype='https:\/\/schema.org\/ImageObject'>\n\t\t\t\t\t\t\t<span itemprop='url'>https:\/\/www.courage-beratung.at\/wp-content\/uploads\/2023\/12\/COURAGE_LOGO_WEB_2022_RGB.svg<\/span>\n\t\t\t\t\t\t<\/span>\n\t\t\t\t<\/span><span class='av-structured-data'  itemprop=\"author\" itemscope=\"itemscope\" itemtype=\"https:\/\/schema.org\/Person\" ><span itemprop='name'>Lukas<\/span><\/span><span class='av-structured-data'  itemprop=\"datePublished\" datetime=\"2023-06-03T08:03:02+02:00\" >2025-01-14 12:59:06<\/span><span class='av-structured-data'  itemprop=\"dateModified\" itemtype=\"https:\/\/schema.org\/dateModified\" >2025-01-14 12:59:18<\/span><span class='av-structured-data'  itemprop=\"mainEntityOfPage\" itemtype=\"https:\/\/schema.org\/mainEntityOfPage\" ><span itemprop='name'>TRANS* UND INTER* PARENTSINFOABEND COURAGE SALZBURG<\/span><\/span><\/span><\/article><\/div><div class=\"slide-entry-wrap\"><article class='slide-entry flex_column  post-entry post-entry-4755 slide-entry-overview slide-loop-33 slide-parity-odd  av_fullwidth first real-thumbnail posttype-post post-format-standard'  itemscope=\"itemscope\" itemtype=\"https:\/\/schema.org\/CreativeWork\" ><a href='https:\/\/www.courage-beratung.at\/en\/2025\/01\/13\/systemische-beratung-im-kontext-der-vielfalt-von-partnerschafts-familien-und-elternformen-2\/' data-rel='slide-2' class='slide-image' title='Systemische Beratung im Kontext der Vielfalt von Partnerschafts-, Familien- und Elternformen'><img decoding=\"async\" fetchpriority=\"high\" width=\"612\" height=\"432\" src=\"https:\/\/www.courage-beratung.at\/wp-content\/uploads\/2025\/01\/istockphoto-1431406266-612x612-1.jpg\" class=\"wp-image-4760 avia-img-lazy-loading-not-4760 attachment-large size-large wp-post-image\" alt=\"\" srcset=\"https:\/\/www.courage-beratung.at\/wp-content\/uploads\/2025\/01\/istockphoto-1431406266-612x612-1.jpg 612w, https:\/\/www.courage-beratung.at\/wp-content\/uploads\/2025\/01\/istockphoto-1431406266-612x612-1-300x212.jpg 300w, https:\/\/www.courage-beratung.at\/wp-content\/uploads\/2025\/01\/istockphoto-1431406266-612x612-1-18x12.jpg 18w, https:\/\/www.courage-beratung.at\/wp-content\/uploads\/2025\/01\/istockphoto-1431406266-612x612-1-260x185.jpg 260w\" sizes=\"(max-width: 612px) 100vw, 612px\" \/><\/a><div class=\"slide-content\"><header class=\"entry-content-header\" aria-label=\"Slide: Systemische Beratung im Kontext der Vielfalt von Partnerschafts-, Familien- und Elternformen\"><span class=\"blog-categories minor-meta\"><a href=\"https:\/\/www.courage-beratung.at\/en\/category\/seminare\/\" rel=\"tag\">Seminare<\/a> <\/span><h3 class='slide-entry-title entry-title'  itemprop=\"headline\" ><a href='https:\/\/www.courage-beratung.at\/en\/2025\/01\/13\/systemische-beratung-im-kontext-der-vielfalt-von-partnerschafts-familien-und-elternformen-2\/' title='Systemische Beratung im Kontext der Vielfalt von Partnerschafts-, Familien- und Elternformen'>Systemische Beratung im Kontext der Vielfalt von Partnerschafts-, Familien- und Elternformen<\/a><\/h3><span class=\"av-vertical-delimiter\"><\/span><\/header><div class='slide-entry-excerpt entry-content'  itemprop=\"text\" >\nFort- und Weiterbildungsseminare, Freitag 12. \u2013 Samstag 13. September 2025\n\n\n\nZiel der Fortbildung ist die Kompetenzerweiterung f\u00fcr die Beratung im Mehrpersonensetting unter besonderer Ber\u00fccksichtigung diverser und queerer Lebenskonzepte,\u2026<div class=\"read-more-link\"><a href=\"https:\/\/www.courage-beratung.at\/en\/2025\/01\/13\/systemische-beratung-im-kontext-der-vielfalt-von-partnerschafts-familien-und-elternformen-2\/\" class=\"more-link\">Read more<span class='more-link-arrow avia-svg-icon avia-font-svg_entypo-fontello' data-av_svg_icon='right-open-big' data-av_iconset='svg_entypo-fontello'><svg version=\"1.1\" xmlns=\"http:\/\/www.w3.org\/2000\/svg\" width=\"15\" height=\"32\" viewbox=\"0 0 15 32\" preserveaspectratio=\"xMidYMid meet\" role=\"graphics-symbol\" aria-hidden=\"true\">\n<path d=\"M0.416 27.84l11.456-11.84-11.456-11.904q-0.832-0.832 0-1.536 0.832-0.832 1.536 0l12.544 12.608q0.768 0.832 0 1.6l-12.544 12.608q-0.704 0.832-1.536 0-0.832-0.704 0-1.536z\"><\/path>\n<\/svg><\/span><\/a><\/div><\/div><\/div><footer class=\"entry-footer\"><div class=\"slide-meta\"><time class='slide-meta-time updated'  itemprop=\"datePublished\" datetime=\"2025-01-13T12:44:04+01:00\" >13. January 2025<\/time><\/div><\/footer><span class='hidden'>\n\t\t\t\t<span class='av-structured-data'  itemprop=\"image\" itemscope=\"itemscope\" itemtype=\"https:\/\/schema.org\/ImageObject\" >\n\t\t\t\t\t\t<span itemprop='url'>https:\/\/www.courage-beratung.at\/wp-content\/uploads\/2025\/01\/istockphoto-1431406266-612x612-1.jpg<\/span>\n\t\t\t\t\t\t<span itemprop='height'>432<\/span>\n\t\t\t\t\t\t<span itemprop='width'>612<\/span>\n\t\t\t\t<\/span>\n\t\t\t\t<span class='av-structured-data'  itemprop=\"publisher\" itemtype=\"https:\/\/schema.org\/Organization\" itemscope=\"itemscope\" >\n\t\t\t\t\t\t<span itemprop='name'>Lukas<\/span>\n\t\t\t\t\t\t<span itemprop='logo' itemscope itemtype='https:\/\/schema.org\/ImageObject'>\n\t\t\t\t\t\t\t<span itemprop='url'>https:\/\/www.courage-beratung.at\/wp-content\/uploads\/2023\/12\/COURAGE_LOGO_WEB_2022_RGB.svg<\/span>\n\t\t\t\t\t\t<\/span>\n\t\t\t\t<\/span><span class='av-structured-data'  itemprop=\"author\" itemscope=\"itemscope\" itemtype=\"https:\/\/schema.org\/Person\" ><span itemprop='name'>Lukas<\/span><\/span><span class='av-structured-data'  itemprop=\"datePublished\" datetime=\"2023-06-03T08:03:02+02:00\" >2025-01-13 12:44:04<\/span><span class='av-structured-data'  itemprop=\"dateModified\" itemtype=\"https:\/\/schema.org\/dateModified\" >2025-01-14 12:00:57<\/span><span class='av-structured-data'  itemprop=\"mainEntityOfPage\" itemtype=\"https:\/\/schema.org\/mainEntityOfPage\" ><span itemprop='name'>Systemische Beratung im Kontext der Vielfalt von Partnerschafts-, Familien- und Elternformen<\/span><\/span><\/span><\/article><\/div><div class=\"slide-entry-wrap\"><article class='slide-entry flex_column  post-entry post-entry-4748 slide-entry-overview slide-loop-34 slide-parity-odd  av_fullwidth first real-thumbnail posttype-post post-format-standard'  itemscope=\"itemscope\" itemtype=\"https:\/\/schema.org\/CreativeWork\" ><a href='https:\/\/www.courage-beratung.at\/en\/2025\/01\/13\/lgbtiqa-queere-elternschaft\/' data-rel='slide-2' class='slide-image' title='LGBTIQA* &amp; Queere Elternschaft'><img decoding=\"async\" fetchpriority=\"high\" width=\"1030\" height=\"438\" src=\"https:\/\/www.courage-beratung.at\/wp-content\/uploads\/2024\/09\/regenbogenfamilie-1030x438.png\" class=\"wp-image-3878 avia-img-lazy-loading-not-3878 attachment-large size-large wp-post-image\" alt=\"\" srcset=\"https:\/\/www.courage-beratung.at\/wp-content\/uploads\/2024\/09\/regenbogenfamilie-1030x438.png 1030w, https:\/\/www.courage-beratung.at\/wp-content\/uploads\/2024\/09\/regenbogenfamilie-300x128.png 300w, https:\/\/www.courage-beratung.at\/wp-content\/uploads\/2024\/09\/regenbogenfamilie-768x326.png 768w, https:\/\/www.courage-beratung.at\/wp-content\/uploads\/2024\/09\/regenbogenfamilie-1536x653.png 1536w, https:\/\/www.courage-beratung.at\/wp-content\/uploads\/2024\/09\/regenbogenfamilie-2048x870.png 2048w, https:\/\/www.courage-beratung.at\/wp-content\/uploads\/2024\/09\/regenbogenfamilie-18x8.png 18w, https:\/\/www.courage-beratung.at\/wp-content\/uploads\/2024\/09\/regenbogenfamilie-1500x638.png 1500w, https:\/\/www.courage-beratung.at\/wp-content\/uploads\/2024\/09\/regenbogenfamilie-705x300.png 705w\" sizes=\"(max-width: 1030px) 100vw, 1030px\" \/><\/a><div class=\"slide-content\"><header class=\"entry-content-header\" aria-label=\"Slide: LGBTIQA* &amp; Queere Elternschaft\"><span class=\"blog-categories minor-meta\"><a href=\"https:\/\/www.courage-beratung.at\/en\/category\/seminare\/\" rel=\"tag\">Seminare<\/a> <\/span><h3 class='slide-entry-title entry-title'  itemprop=\"headline\" ><a href='https:\/\/www.courage-beratung.at\/en\/2025\/01\/13\/lgbtiqa-queere-elternschaft\/' title='LGBTIQA* &amp; Queere Elternschaft'>LGBTIQA* &amp; Queere Elternschaft<\/a><\/h3><span class=\"av-vertical-delimiter\"><\/span><\/header><div class='slide-entry-excerpt entry-content'  itemprop=\"text\" >\nZu diesem Thema wird es 2025 drei Seminartermine geben:\n\n\n\n\nFreitag, 12.12.2025 an der Beratungsstelle COURAGE in Wien (Queeres Bildungszentrum), Windm\u00fchlgasse 15, Gassenlokal\n\n\n\nFreitag, 26.09.2025 an der Beratungsstelle COURAGE in Klagenfurt,\u2026<div class=\"read-more-link\"><a href=\"https:\/\/www.courage-beratung.at\/en\/2025\/01\/13\/lgbtiqa-queere-elternschaft\/\" class=\"more-link\">Read more<span class='more-link-arrow avia-svg-icon avia-font-svg_entypo-fontello' data-av_svg_icon='right-open-big' data-av_iconset='svg_entypo-fontello'><svg version=\"1.1\" xmlns=\"http:\/\/www.w3.org\/2000\/svg\" width=\"15\" height=\"32\" viewbox=\"0 0 15 32\" preserveaspectratio=\"xMidYMid meet\" role=\"graphics-symbol\" aria-hidden=\"true\">\n<path d=\"M0.416 27.84l11.456-11.84-11.456-11.904q-0.832-0.832 0-1.536 0.832-0.832 1.536 0l12.544 12.608q0.768 0.832 0 1.6l-12.544 12.608q-0.704 0.832-1.536 0-0.832-0.704 0-1.536z\"><\/path>\n<\/svg><\/span><\/a><\/div><\/div><\/div><footer class=\"entry-footer\"><div class=\"slide-meta\"><time class='slide-meta-time updated'  itemprop=\"datePublished\" datetime=\"2025-01-13T12:38:55+01:00\" >13. January 2025<\/time><\/div><\/footer><span class='hidden'>\n\t\t\t\t<span class='av-structured-data'  itemprop=\"image\" itemscope=\"itemscope\" itemtype=\"https:\/\/schema.org\/ImageObject\" >\n\t\t\t\t\t\t<span itemprop='url'>https:\/\/www.courage-beratung.at\/wp-content\/uploads\/2024\/09\/regenbogenfamilie.png<\/span>\n\t\t\t\t\t\t<span itemprop='height'>1020<\/span>\n\t\t\t\t\t\t<span itemprop='width'>2400<\/span>\n\t\t\t\t<\/span>\n\t\t\t\t<span class='av-structured-data'  itemprop=\"publisher\" itemtype=\"https:\/\/schema.org\/Organization\" itemscope=\"itemscope\" >\n\t\t\t\t\t\t<span itemprop='name'>Lukas<\/span>\n\t\t\t\t\t\t<span itemprop='logo' itemscope itemtype='https:\/\/schema.org\/ImageObject'>\n\t\t\t\t\t\t\t<span itemprop='url'>https:\/\/www.courage-beratung.at\/wp-content\/uploads\/2023\/12\/COURAGE_LOGO_WEB_2022_RGB.svg<\/span>\n\t\t\t\t\t\t<\/span>\n\t\t\t\t<\/span><span class='av-structured-data'  itemprop=\"author\" itemscope=\"itemscope\" itemtype=\"https:\/\/schema.org\/Person\" ><span itemprop='name'>Lukas<\/span><\/span><span class='av-structured-data'  itemprop=\"datePublished\" datetime=\"2023-06-03T08:03:02+02:00\" >2025-01-13 12:38:55<\/span><span class='av-structured-data'  itemprop=\"dateModified\" itemtype=\"https:\/\/schema.org\/dateModified\" >2025-01-14 12:02:54<\/span><span class='av-structured-data'  itemprop=\"mainEntityOfPage\" itemtype=\"https:\/\/schema.org\/mainEntityOfPage\" ><span itemprop='name'>LGBTIQA* &amp; Queere Elternschaft<\/span><\/span><\/span><\/article><\/div><div class=\"slide-entry-wrap\"><article class='slide-entry flex_column  post-entry post-entry-4736 slide-entry-overview slide-loop-35 slide-parity-odd  av_fullwidth first real-thumbnail posttype-post post-format-standard'  itemscope=\"itemscope\" itemtype=\"https:\/\/schema.org\/CreativeWork\" ><a href='https:\/\/www.courage-beratung.at\/en\/2025\/01\/13\/beratung-von-trans-und-nichtbinaren-kindern-und-jugendlichen-sowie-deren-familien-und-relevanten-unwelten\/' data-rel='slide-2' class='slide-image' title='Beratung von trans* und nicht-bin\u00e4ren Kindern und Jugendlichen sowie deren Familien und relevanten Umwelten'><img decoding=\"async\" fetchpriority=\"high\" width=\"1030\" height=\"292\" src=\"https:\/\/www.courage-beratung.at\/wp-content\/uploads\/2025\/01\/Trans-VE2-1-1030x292.jpg\" class=\"wp-image-4745 avia-img-lazy-loading-not-4745 attachment-large size-large wp-post-image\" alt=\"\" srcset=\"https:\/\/www.courage-beratung.at\/wp-content\/uploads\/2025\/01\/Trans-VE2-1-1030x292.jpg 1030w, https:\/\/www.courage-beratung.at\/wp-content\/uploads\/2025\/01\/Trans-VE2-1-300x85.jpg 300w, https:\/\/www.courage-beratung.at\/wp-content\/uploads\/2025\/01\/Trans-VE2-1-768x218.jpg 768w, https:\/\/www.courage-beratung.at\/wp-content\/uploads\/2025\/01\/Trans-VE2-1-1536x436.jpg 1536w, https:\/\/www.courage-beratung.at\/wp-content\/uploads\/2025\/01\/Trans-VE2-1-2048x581.jpg 2048w, https:\/\/www.courage-beratung.at\/wp-content\/uploads\/2025\/01\/Trans-VE2-1-18x5.jpg 18w, https:\/\/www.courage-beratung.at\/wp-content\/uploads\/2025\/01\/Trans-VE2-1-1500x425.jpg 1500w, https:\/\/www.courage-beratung.at\/wp-content\/uploads\/2025\/01\/Trans-VE2-1-705x200.jpg 705w\" sizes=\"(max-width: 1030px) 100vw, 1030px\" \/><\/a><div class=\"slide-content\"><header class=\"entry-content-header\" aria-label=\"Slide: Beratung von trans* und nicht-bin\u00e4ren Kindern und Jugendlichen sowie deren Familien und relevanten Umwelten\"><span class=\"blog-categories minor-meta\"><a href=\"https:\/\/www.courage-beratung.at\/en\/category\/seminare\/\" rel=\"tag\">Seminare<\/a> <\/span><h3 class='slide-entry-title entry-title'  itemprop=\"headline\" ><a href='https:\/\/www.courage-beratung.at\/en\/2025\/01\/13\/beratung-von-trans-und-nichtbinaren-kindern-und-jugendlichen-sowie-deren-familien-und-relevanten-unwelten\/' title='Beratung von trans* und nicht-bin\u00e4ren Kindern und Jugendlichen sowie deren Familien und relevanten Umwelten'>Beratung von trans* und nicht-bin\u00e4ren Kindern und Jugendlichen sowie deren Familien und relevanten Umwelten<\/a><\/h3><span class=\"av-vertical-delimiter\"><\/span><\/header><div class='slide-entry-excerpt entry-content'  itemprop=\"text\" >\nAchtung: Verlegung auf 12.\/13. Dezember wegen zahlreicher Krankheitsf\u00e4lle!\n\n\n\nInhalt: \n\n\n\nIm Seminar geht es um eine Sensibilisierung f\u00fcr die Vielfalt von Geschlechtsvariationen sowie um die lebensspezifischen Themen von gendernonkonform\u2026<div class=\"read-more-link\"><a href=\"https:\/\/www.courage-beratung.at\/en\/2025\/01\/13\/beratung-von-trans-und-nichtbinaren-kindern-und-jugendlichen-sowie-deren-familien-und-relevanten-unwelten\/\" class=\"more-link\">Read more<span class='more-link-arrow avia-svg-icon avia-font-svg_entypo-fontello' data-av_svg_icon='right-open-big' data-av_iconset='svg_entypo-fontello'><svg version=\"1.1\" xmlns=\"http:\/\/www.w3.org\/2000\/svg\" width=\"15\" height=\"32\" viewbox=\"0 0 15 32\" preserveaspectratio=\"xMidYMid meet\" role=\"graphics-symbol\" aria-hidden=\"true\">\n<path d=\"M0.416 27.84l11.456-11.84-11.456-11.904q-0.832-0.832 0-1.536 0.832-0.832 1.536 0l12.544 12.608q0.768 0.832 0 1.6l-12.544 12.608q-0.704 0.832-1.536 0-0.832-0.704 0-1.536z\"><\/path>\n<\/svg><\/span><\/a><\/div><\/div><\/div><footer class=\"entry-footer\"><div class=\"slide-meta\"><time class='slide-meta-time updated'  itemprop=\"datePublished\" datetime=\"2025-01-13T12:17:10+01:00\" >13. January 2025<\/time><\/div><\/footer><span class='hidden'>\n\t\t\t\t<span class='av-structured-data'  itemprop=\"image\" itemscope=\"itemscope\" itemtype=\"https:\/\/schema.org\/ImageObject\" >\n\t\t\t\t\t\t<span itemprop='url'>https:\/\/www.courage-beratung.at\/wp-content\/uploads\/2025\/01\/Trans-VE2-1.jpg<\/span>\n\t\t\t\t\t\t<span itemprop='height'>709<\/span>\n\t\t\t\t\t\t<span itemprop='width'>2500<\/span>\n\t\t\t\t<\/span>\n\t\t\t\t<span class='av-structured-data'  itemprop=\"publisher\" itemtype=\"https:\/\/schema.org\/Organization\" itemscope=\"itemscope\" >\n\t\t\t\t\t\t<span itemprop='name'>Lukas<\/span>\n\t\t\t\t\t\t<span itemprop='logo' itemscope itemtype='https:\/\/schema.org\/ImageObject'>\n\t\t\t\t\t\t\t<span itemprop='url'>https:\/\/www.courage-beratung.at\/wp-content\/uploads\/2023\/12\/COURAGE_LOGO_WEB_2022_RGB.svg<\/span>\n\t\t\t\t\t\t<\/span>\n\t\t\t\t<\/span><span class='av-structured-data'  itemprop=\"author\" itemscope=\"itemscope\" itemtype=\"https:\/\/schema.org\/Person\" ><span itemprop='name'>Lukas<\/span><\/span><span class='av-structured-data'  itemprop=\"datePublished\" datetime=\"2023-06-03T08:03:02+02:00\" >2025-01-13 12:17:10<\/span><span class='av-structured-data'  itemprop=\"dateModified\" itemtype=\"https:\/\/schema.org\/dateModified\" >2025-10-09 17:29:15<\/span><span class='av-structured-data'  itemprop=\"mainEntityOfPage\" itemtype=\"https:\/\/schema.org\/mainEntityOfPage\" ><span itemprop='name'>Beratung von trans* und nicht-bin\u00e4ren Kindern und Jugendlichen sowie deren Familien und relevanten Umwelten<\/span><\/span><\/span><\/article><\/div><div class=\"slide-entry-wrap\"><article class='slide-entry flex_column  post-entry post-entry-3877 slide-entry-overview slide-loop-36 slide-parity-odd  av_fullwidth first real-thumbnail posttype-post post-format-standard'  itemscope=\"itemscope\" itemtype=\"https:\/\/schema.org\/CreativeWork\" ><a href='https:\/\/www.courage-beratung.at\/en\/2025\/01\/13\/02-10-und-14-11-weiterbildungscurriculum-elternberatung-im-zuge-des-eltern-kind-passes\/' data-rel='slide-2' class='slide-image' title='27.02.2025: Weiterbildungs-curriculum Elternberatung im Zuge des Eltern-Kind-Passes'><img decoding=\"async\" fetchpriority=\"high\" width=\"360\" height=\"360\" src=\"https:\/\/www.courage-beratung.at\/wp-content\/uploads\/2024\/09\/360_F_230591124_cyK6JESsdTipk1VgFk9iUIj0FCdHvx8O.jpg\" class=\"wp-image-3880 avia-img-lazy-loading-not-3880 attachment-large size-large wp-post-image\" alt=\"\" srcset=\"https:\/\/www.courage-beratung.at\/wp-content\/uploads\/2024\/09\/360_F_230591124_cyK6JESsdTipk1VgFk9iUIj0FCdHvx8O.jpg 360w, https:\/\/www.courage-beratung.at\/wp-content\/uploads\/2024\/09\/360_F_230591124_cyK6JESsdTipk1VgFk9iUIj0FCdHvx8O-300x300.jpg 300w, https:\/\/www.courage-beratung.at\/wp-content\/uploads\/2024\/09\/360_F_230591124_cyK6JESsdTipk1VgFk9iUIj0FCdHvx8O-80x80.jpg 80w, https:\/\/www.courage-beratung.at\/wp-content\/uploads\/2024\/09\/360_F_230591124_cyK6JESsdTipk1VgFk9iUIj0FCdHvx8O-12x12.jpg 12w, https:\/\/www.courage-beratung.at\/wp-content\/uploads\/2024\/09\/360_F_230591124_cyK6JESsdTipk1VgFk9iUIj0FCdHvx8O-36x36.jpg 36w, https:\/\/www.courage-beratung.at\/wp-content\/uploads\/2024\/09\/360_F_230591124_cyK6JESsdTipk1VgFk9iUIj0FCdHvx8O-180x180.jpg 180w\" sizes=\"(max-width: 360px) 100vw, 360px\" \/><\/a><div class=\"slide-content\"><header class=\"entry-content-header\" aria-label=\"Slide: 27.02.2025: Weiterbildungs-curriculum Elternberatung im Zuge des Eltern-Kind-Passes\"><span class=\"blog-categories minor-meta\"><a href=\"https:\/\/www.courage-beratung.at\/en\/category\/allgemein\/\" rel=\"tag\">Allgemein<\/a>, <a href=\"https:\/\/www.courage-beratung.at\/en\/category\/events-qbz\/\" rel=\"tag\">Events QBZ<\/a>, <a href=\"https:\/\/www.courage-beratung.at\/en\/category\/seminare\/\" rel=\"tag\">Seminare<\/a> <\/span><h3 class='slide-entry-title entry-title'  itemprop=\"headline\" ><a href='https:\/\/www.courage-beratung.at\/en\/2025\/01\/13\/02-10-und-14-11-weiterbildungscurriculum-elternberatung-im-zuge-des-eltern-kind-passes\/' title='27.02.2025: Weiterbildungs-curriculum Elternberatung im Zuge des Eltern-Kind-Passes'>27.02.2025: Weiterbildungs-curriculum Elternberatung im Zuge des Eltern-Kind-Passes<\/a><\/h3><span class=\"av-vertical-delimiter\"><\/span><\/header><div class='slide-entry-excerpt entry-content'  itemprop=\"text\" >\nZielgruppe:Dieses Weiterbildungscurriculum wendet sich an alle Berater*innen, die nach dem Familienberatungsf\u00f6rderungsgesetz anerkannt sind und am Pilotprojekt ELTERNBERATUNG IM ZUGE DES ELTERN-KIND-PASSES teilnehmen.\n\n\n\nInhalte des Curriculums:Das\u2026<div class=\"read-more-link\"><a href=\"https:\/\/www.courage-beratung.at\/en\/2025\/01\/13\/02-10-und-14-11-weiterbildungscurriculum-elternberatung-im-zuge-des-eltern-kind-passes\/\" class=\"more-link\">Read more<span class='more-link-arrow avia-svg-icon avia-font-svg_entypo-fontello' data-av_svg_icon='right-open-big' data-av_iconset='svg_entypo-fontello'><svg version=\"1.1\" xmlns=\"http:\/\/www.w3.org\/2000\/svg\" width=\"15\" height=\"32\" viewbox=\"0 0 15 32\" preserveaspectratio=\"xMidYMid meet\" role=\"graphics-symbol\" aria-hidden=\"true\">\n<path d=\"M0.416 27.84l11.456-11.84-11.456-11.904q-0.832-0.832 0-1.536 0.832-0.832 1.536 0l12.544 12.608q0.768 0.832 0 1.6l-12.544 12.608q-0.704 0.832-1.536 0-0.832-0.704 0-1.536z\"><\/path>\n<\/svg><\/span><\/a><\/div><\/div><\/div><footer class=\"entry-footer\"><div class=\"slide-meta\"><time class='slide-meta-time updated'  itemprop=\"datePublished\" datetime=\"2025-01-13T12:12:53+01:00\" >13. January 2025<\/time><\/div><\/footer><span class='hidden'>\n\t\t\t\t<span class='av-structured-data'  itemprop=\"image\" itemscope=\"itemscope\" itemtype=\"https:\/\/schema.org\/ImageObject\" >\n\t\t\t\t\t\t<span itemprop='url'>https:\/\/www.courage-beratung.at\/wp-content\/uploads\/2024\/09\/360_F_230591124_cyK6JESsdTipk1VgFk9iUIj0FCdHvx8O.jpg<\/span>\n\t\t\t\t\t\t<span itemprop='height'>360<\/span>\n\t\t\t\t\t\t<span itemprop='width'>360<\/span>\n\t\t\t\t<\/span>\n\t\t\t\t<span class='av-structured-data'  itemprop=\"publisher\" itemtype=\"https:\/\/schema.org\/Organization\" itemscope=\"itemscope\" >\n\t\t\t\t\t\t<span itemprop='name'>Lukas<\/span>\n\t\t\t\t\t\t<span itemprop='logo' itemscope itemtype='https:\/\/schema.org\/ImageObject'>\n\t\t\t\t\t\t\t<span itemprop='url'>https:\/\/www.courage-beratung.at\/wp-content\/uploads\/2023\/12\/COURAGE_LOGO_WEB_2022_RGB.svg<\/span>\n\t\t\t\t\t\t<\/span>\n\t\t\t\t<\/span><span class='av-structured-data'  itemprop=\"author\" itemscope=\"itemscope\" itemtype=\"https:\/\/schema.org\/Person\" ><span itemprop='name'>Lukas<\/span><\/span><span class='av-structured-data'  itemprop=\"datePublished\" datetime=\"2023-06-03T08:03:02+02:00\" >2025-01-13 12:12:53<\/span><span class='av-structured-data'  itemprop=\"dateModified\" itemtype=\"https:\/\/schema.org\/dateModified\" >2025-01-13 12:12:53<\/span><span class='av-structured-data'  itemprop=\"mainEntityOfPage\" itemtype=\"https:\/\/schema.org\/mainEntityOfPage\" ><span itemprop='name'>27.02.2025: Weiterbildungs-curriculum Elternberatung im Zuge des Eltern-Kind-Passes<\/span><\/span><\/span><\/article><\/div><div class=\"slide-entry-wrap\"><article class='slide-entry flex_column  post-entry post-entry-4006 slide-entry-overview slide-loop-37 slide-parity-odd  av_fullwidth first real-thumbnail posttype-post post-format-standard'  itemscope=\"itemscope\" itemtype=\"https:\/\/schema.org\/CreativeWork\" ><a href='https:\/\/www.courage-beratung.at\/en\/2024\/10\/08\/themenabend-das-vergessene-b-in-lgbtqia\/' data-rel='slide-2' class='slide-image' title='Themenabend: Das vergessene B in LGBTQIA+'><img decoding=\"async\" fetchpriority=\"high\" width=\"773\" height=\"1030\" src=\"https:\/\/www.courage-beratung.at\/wp-content\/uploads\/2024\/10\/Vergessenes-B-Background-773x1030.png\" class=\"wp-image-4049 avia-img-lazy-loading-not-4049 attachment-large size-large wp-post-image\" alt=\"\" srcset=\"https:\/\/www.courage-beratung.at\/wp-content\/uploads\/2024\/10\/Vergessenes-B-Background-773x1030.png 773w, https:\/\/www.courage-beratung.at\/wp-content\/uploads\/2024\/10\/Vergessenes-B-Background-225x300.png 225w, https:\/\/www.courage-beratung.at\/wp-content\/uploads\/2024\/10\/Vergessenes-B-Background-768x1024.png 768w, https:\/\/www.courage-beratung.at\/wp-content\/uploads\/2024\/10\/Vergessenes-B-Background-1152x1536.png 1152w, https:\/\/www.courage-beratung.at\/wp-content\/uploads\/2024\/10\/Vergessenes-B-Background-1536x2048.png 1536w, https:\/\/www.courage-beratung.at\/wp-content\/uploads\/2024\/10\/Vergessenes-B-Background-9x12.png 9w, https:\/\/www.courage-beratung.at\/wp-content\/uploads\/2024\/10\/Vergessenes-B-Background-1125x1500.png 1125w, https:\/\/www.courage-beratung.at\/wp-content\/uploads\/2024\/10\/Vergessenes-B-Background-529x705.png 529w\" sizes=\"(max-width: 773px) 100vw, 773px\" \/><\/a><div class=\"slide-content\"><header class=\"entry-content-header\" aria-label=\"Slide: Themenabend: Das vergessene B in LGBTQIA+\"><span class=\"blog-categories minor-meta\"><a href=\"https:\/\/www.courage-beratung.at\/en\/category\/allgemein\/\" rel=\"tag\">Allgemein<\/a>, <a href=\"https:\/\/www.courage-beratung.at\/en\/category\/events-qbz\/\" rel=\"tag\">Events QBZ<\/a> <\/span><h3 class='slide-entry-title entry-title'  itemprop=\"headline\" ><a href='https:\/\/www.courage-beratung.at\/en\/2024\/10\/08\/themenabend-das-vergessene-b-in-lgbtqia\/' title='Themenabend: Das vergessene B in LGBTQIA+'>Themenabend: Das vergessene B in LGBTQIA+<\/a><\/h3><span class=\"av-vertical-delimiter\"><\/span><\/header><div class='slide-entry-excerpt entry-content'  itemprop=\"text\" >Sind wir nicht alle ein bisschen bi? Und wenn ja, warum reden wir dann so wenig dar\u00fcber? Warum benutzen nur so wenige von uns dieses Label f\u00fcr sich \u2013 und ist es \u00fcberhaupt noch\nzeitgem\u00e4\u00df? ...\n<div class=\"read-more-link\"><a href=\"https:\/\/www.courage-beratung.at\/en\/2024\/10\/08\/themenabend-das-vergessene-b-in-lgbtqia\/\" class=\"more-link\">Read more<span class='more-link-arrow avia-svg-icon avia-font-svg_entypo-fontello' data-av_svg_icon='right-open-big' data-av_iconset='svg_entypo-fontello'><svg version=\"1.1\" xmlns=\"http:\/\/www.w3.org\/2000\/svg\" width=\"15\" height=\"32\" viewbox=\"0 0 15 32\" preserveaspectratio=\"xMidYMid meet\" role=\"graphics-symbol\" aria-hidden=\"true\">\n<path d=\"M0.416 27.84l11.456-11.84-11.456-11.904q-0.832-0.832 0-1.536 0.832-0.832 1.536 0l12.544 12.608q0.768 0.832 0 1.6l-12.544 12.608q-0.704 0.832-1.536 0-0.832-0.704 0-1.536z\"><\/path>\n<\/svg><\/span><\/a><\/div><\/div><\/div><footer class=\"entry-footer\"><div class=\"slide-meta\"><time class='slide-meta-time updated'  itemprop=\"datePublished\" datetime=\"2024-10-08T08:53:45+02:00\" >8. October 2024<\/time><\/div><\/footer><span class='hidden'>\n\t\t\t\t<span class='av-structured-data'  itemprop=\"image\" itemscope=\"itemscope\" itemtype=\"https:\/\/schema.org\/ImageObject\" >\n\t\t\t\t\t\t<span itemprop='url'>https:\/\/www.courage-beratung.at\/wp-content\/uploads\/2024\/10\/Vergessenes-B-Background.png<\/span>\n\t\t\t\t\t\t<span itemprop='height'>6144<\/span>\n\t\t\t\t\t\t<span itemprop='width'>4608<\/span>\n\t\t\t\t<\/span>\n\t\t\t\t<span class='av-structured-data'  itemprop=\"publisher\" itemtype=\"https:\/\/schema.org\/Organization\" itemscope=\"itemscope\" >\n\t\t\t\t\t\t<span itemprop='name'>Lukas<\/span>\n\t\t\t\t\t\t<span itemprop='logo' itemscope itemtype='https:\/\/schema.org\/ImageObject'>\n\t\t\t\t\t\t\t<span itemprop='url'>https:\/\/www.courage-beratung.at\/wp-content\/uploads\/2023\/12\/COURAGE_LOGO_WEB_2022_RGB.svg<\/span>\n\t\t\t\t\t\t<\/span>\n\t\t\t\t<\/span><span class='av-structured-data'  itemprop=\"author\" itemscope=\"itemscope\" itemtype=\"https:\/\/schema.org\/Person\" ><span itemprop='name'>Lukas<\/span><\/span><span class='av-structured-data'  itemprop=\"datePublished\" datetime=\"2023-06-03T08:03:02+02:00\" >2024-10-08 08:53:45<\/span><span class='av-structured-data'  itemprop=\"dateModified\" itemtype=\"https:\/\/schema.org\/dateModified\" >2024-10-28 14:59:06<\/span><span class='av-structured-data'  itemprop=\"mainEntityOfPage\" itemtype=\"https:\/\/schema.org\/mainEntityOfPage\" ><span itemprop='name'>Themenabend: Das vergessene B in LGBTQIA+<\/span><\/span><\/span><\/article><\/div><div class=\"slide-entry-wrap\"><article class='slide-entry flex_column  post-entry post-entry-4054 slide-entry-overview slide-loop-38 slide-parity-odd  av_fullwidth first real-thumbnail posttype-post post-format-standard'  itemscope=\"itemscope\" itemtype=\"https:\/\/schema.org\/CreativeWork\" ><a href='https:\/\/www.courage-beratung.at\/en\/2024\/10\/07\/themenabend-das-vergessene-b-in-lgbtqia-2\/' data-rel='slide-2' class='slide-image' title='Die Grenze zwischen Perversion und Normalit\u00e4t: Sadomasochismus, BDSM, Kinks und Fetische'><img decoding=\"async\" fetchpriority=\"high\" width=\"1030\" height=\"852\" src=\"https:\/\/www.courage-beratung.at\/wp-content\/uploads\/2024\/10\/bdsm-e1729601799651-1030x852.png\" class=\"wp-image-4058 avia-img-lazy-loading-not-4058 attachment-large size-large wp-post-image\" alt=\"\" srcset=\"https:\/\/www.courage-beratung.at\/wp-content\/uploads\/2024\/10\/bdsm-e1729601799651-1030x852.png 1030w, https:\/\/www.courage-beratung.at\/wp-content\/uploads\/2024\/10\/bdsm-e1729601799651-300x248.png 300w, https:\/\/www.courage-beratung.at\/wp-content\/uploads\/2024\/10\/bdsm-e1729601799651-768x635.png 768w, https:\/\/www.courage-beratung.at\/wp-content\/uploads\/2024\/10\/bdsm-e1729601799651-1536x1271.png 1536w, https:\/\/www.courage-beratung.at\/wp-content\/uploads\/2024\/10\/bdsm-e1729601799651-2048x1695.png 2048w, https:\/\/www.courage-beratung.at\/wp-content\/uploads\/2024\/10\/bdsm-e1729601799651-15x12.png 15w, https:\/\/www.courage-beratung.at\/wp-content\/uploads\/2024\/10\/bdsm-e1729601799651-1500x1241.png 1500w, https:\/\/www.courage-beratung.at\/wp-content\/uploads\/2024\/10\/bdsm-e1729601799651-705x583.png 705w\" sizes=\"(max-width: 1030px) 100vw, 1030px\" \/><\/a><div class=\"slide-content\"><header class=\"entry-content-header\" aria-label=\"Slide: Die Grenze zwischen Perversion und Normalit\u00e4t: Sadomasochismus, BDSM, Kinks und Fetische\"><span class=\"blog-categories minor-meta\"><a href=\"https:\/\/www.courage-beratung.at\/en\/category\/allgemein\/\" rel=\"tag\">Allgemein<\/a>, <a href=\"https:\/\/www.courage-beratung.at\/en\/category\/events-qbz\/\" rel=\"tag\">Events QBZ<\/a> <\/span><h3 class='slide-entry-title entry-title'  itemprop=\"headline\" ><a href='https:\/\/www.courage-beratung.at\/en\/2024\/10\/07\/themenabend-das-vergessene-b-in-lgbtqia-2\/' title='Die Grenze zwischen Perversion und Normalit\u00e4t: Sadomasochismus, BDSM, Kinks und Fetische'>Die Grenze zwischen Perversion und Normalit\u00e4t: Sadomasochismus, BDSM, Kinks und Fetische<\/a><\/h3><span class=\"av-vertical-delimiter\"><\/span><\/header><div class='slide-entry-excerpt entry-content'  itemprop=\"text\" >Termin: 12.11.2024 von 18:00 \u2013 21:00 Uhr <br>\nThemenabend mit Mag. Astrid Pfneisl<br>\nUm Anmeldung wird gebeten per Mail: info@courage-beratung.at oder per Telefon: 01 585 69 66<br>\nKosten: freiwillige Spende<br>\nOrt: Queeres Bildungszentrum (Windm\u00fchlgasse 15, Gassenlokal, 1060 Wien)\n<div class=\"read-more-link\"><a href=\"https:\/\/www.courage-beratung.at\/en\/2024\/10\/07\/themenabend-das-vergessene-b-in-lgbtqia-2\/\" class=\"more-link\">Read more<span class='more-link-arrow avia-svg-icon avia-font-svg_entypo-fontello' data-av_svg_icon='right-open-big' data-av_iconset='svg_entypo-fontello'><svg version=\"1.1\" xmlns=\"http:\/\/www.w3.org\/2000\/svg\" width=\"15\" height=\"32\" viewbox=\"0 0 15 32\" preserveaspectratio=\"xMidYMid meet\" role=\"graphics-symbol\" aria-hidden=\"true\">\n<path d=\"M0.416 27.84l11.456-11.84-11.456-11.904q-0.832-0.832 0-1.536 0.832-0.832 1.536 0l12.544 12.608q0.768 0.832 0 1.6l-12.544 12.608q-0.704 0.832-1.536 0-0.832-0.704 0-1.536z\"><\/path>\n<\/svg><\/span><\/a><\/div><\/div><\/div><footer class=\"entry-footer\"><div class=\"slide-meta\"><time class='slide-meta-time updated'  itemprop=\"datePublished\" datetime=\"2024-10-07T14:47:15+02:00\" >7. October 2024<\/time><\/div><\/footer><span class='hidden'>\n\t\t\t\t<span class='av-structured-data'  itemprop=\"image\" itemscope=\"itemscope\" itemtype=\"https:\/\/schema.org\/ImageObject\" >\n\t\t\t\t\t\t<span itemprop='url'>https:\/\/www.courage-beratung.at\/wp-content\/uploads\/2024\/10\/bdsm-e1729601799651.png<\/span>\n\t\t\t\t\t\t<span itemprop='height'>2446<\/span>\n\t\t\t\t\t\t<span itemprop='width'>2956<\/span>\n\t\t\t\t<\/span>\n\t\t\t\t<span class='av-structured-data'  itemprop=\"publisher\" itemtype=\"https:\/\/schema.org\/Organization\" itemscope=\"itemscope\" >\n\t\t\t\t\t\t<span itemprop='name'>Nemanja<\/span>\n\t\t\t\t\t\t<span itemprop='logo' itemscope itemtype='https:\/\/schema.org\/ImageObject'>\n\t\t\t\t\t\t\t<span itemprop='url'>https:\/\/www.courage-beratung.at\/wp-content\/uploads\/2023\/12\/COURAGE_LOGO_WEB_2022_RGB.svg<\/span>\n\t\t\t\t\t\t<\/span>\n\t\t\t\t<\/span><span class='av-structured-data'  itemprop=\"author\" itemscope=\"itemscope\" itemtype=\"https:\/\/schema.org\/Person\" ><span itemprop='name'>Nemanja<\/span><\/span><span class='av-structured-data'  itemprop=\"datePublished\" datetime=\"2023-06-03T08:03:02+02:00\" >2024-10-07 14:47:15<\/span><span class='av-structured-data'  itemprop=\"dateModified\" itemtype=\"https:\/\/schema.org\/dateModified\" >2024-10-22 15:01:24<\/span><span class='av-structured-data'  itemprop=\"mainEntityOfPage\" itemtype=\"https:\/\/schema.org\/mainEntityOfPage\" ><span itemprop='name'>Die Grenze zwischen Perversion und Normalit\u00e4t: Sadomasochismus, BDSM, Kinks und Fetische<\/span><\/span><\/span><\/article><\/div><div class=\"slide-entry-wrap\"><article class='slide-entry flex_column  post-entry post-entry-3887 slide-entry-overview slide-loop-39 slide-parity-odd  av_fullwidth first real-thumbnail posttype-post post-format-standard'  itemscope=\"itemscope\" itemtype=\"https:\/\/schema.org\/CreativeWork\" ><a href='https:\/\/www.courage-beratung.at\/en\/2024\/09\/24\/trans-und-inter-parents-informationsabende-zu-transidentitaten-und-intergeschlechtlichkeiten-fur-eltern-teile-bezugspersonen-und-angehorige\/' data-rel='slide-2' class='slide-image' title='TRANS* UND INTER* Parents Wien \u2013 Informationsabend'><img decoding=\"async\" fetchpriority=\"high\" width=\"1024\" height=\"576\" src=\"https:\/\/www.courage-beratung.at\/wp-content\/uploads\/2024\/09\/Blog-Photos-3-1024x576-1.png\" class=\"wp-image-3397 avia-img-lazy-loading-not-3397 attachment-large size-large wp-post-image\" alt=\"\" srcset=\"https:\/\/www.courage-beratung.at\/wp-content\/uploads\/2024\/09\/Blog-Photos-3-1024x576-1.png 1024w, https:\/\/www.courage-beratung.at\/wp-content\/uploads\/2024\/09\/Blog-Photos-3-1024x576-1-300x169.png 300w, https:\/\/www.courage-beratung.at\/wp-content\/uploads\/2024\/09\/Blog-Photos-3-1024x576-1-768x432.png 768w, https:\/\/www.courage-beratung.at\/wp-content\/uploads\/2024\/09\/Blog-Photos-3-1024x576-1-18x10.png 18w, https:\/\/www.courage-beratung.at\/wp-content\/uploads\/2024\/09\/Blog-Photos-3-1024x576-1-705x397.png 705w\" sizes=\"(max-width: 1024px) 100vw, 1024px\" \/><\/a><div class=\"slide-content\"><header class=\"entry-content-header\" aria-label=\"Slide: TRANS* UND INTER* Parents Wien \u2013 Informationsabend\"><span class=\"blog-categories minor-meta\"><a href=\"https:\/\/www.courage-beratung.at\/en\/category\/allgemein\/\" rel=\"tag\">Allgemein<\/a>, <a href=\"https:\/\/www.courage-beratung.at\/en\/category\/events-qbz\/\" rel=\"tag\">Events QBZ<\/a>, <a href=\"https:\/\/www.courage-beratung.at\/en\/category\/infoabende\/\" rel=\"tag\">Infoabende<\/a> <\/span><h3 class='slide-entry-title entry-title'  itemprop=\"headline\" ><a href='https:\/\/www.courage-beratung.at\/en\/2024\/09\/24\/trans-und-inter-parents-informationsabende-zu-transidentitaten-und-intergeschlechtlichkeiten-fur-eltern-teile-bezugspersonen-und-angehorige\/' title='TRANS* UND INTER* Parents Wien \u2013 Informationsabend'>TRANS* UND INTER* Parents Wien \u2013 Informationsabend<\/a><\/h3><span class=\"av-vertical-delimiter\"><\/span><\/header><div class='slide-entry-excerpt entry-content'  itemprop=\"text\" >Wenn sich Kinder \/ Jugendliche als transident empfinden und in der Familie outen oder intergeschlechtlich sind, sehen sich Eltern, Bezugspersonen oder Angeh\u00f6rige oft zahlreichen Fragen und Herausforderungen gegen\u00fcber, die sie manchmal nicht bew\u00e4ltigen k\u00f6nnen. Damit aber auch sie Unterst\u00fctzung erfahren und fundierte Antworten erhalten, bietet die COURAGE regelm\u00e4\u00dfige Informationsabende an.<div class=\"read-more-link\"><a href=\"https:\/\/www.courage-beratung.at\/en\/2024\/09\/24\/trans-und-inter-parents-informationsabende-zu-transidentitaten-und-intergeschlechtlichkeiten-fur-eltern-teile-bezugspersonen-und-angehorige\/\" class=\"more-link\">Read more<span class='more-link-arrow avia-svg-icon avia-font-svg_entypo-fontello' data-av_svg_icon='right-open-big' data-av_iconset='svg_entypo-fontello'><svg version=\"1.1\" xmlns=\"http:\/\/www.w3.org\/2000\/svg\" width=\"15\" height=\"32\" viewbox=\"0 0 15 32\" preserveaspectratio=\"xMidYMid meet\" role=\"graphics-symbol\" aria-hidden=\"true\">\n<path d=\"M0.416 27.84l11.456-11.84-11.456-11.904q-0.832-0.832 0-1.536 0.832-0.832 1.536 0l12.544 12.608q0.768 0.832 0 1.6l-12.544 12.608q-0.704 0.832-1.536 0-0.832-0.704 0-1.536z\"><\/path>\n<\/svg><\/span><\/a><\/div><\/div><\/div><footer class=\"entry-footer\"><div class=\"slide-meta\"><time class='slide-meta-time updated'  itemprop=\"datePublished\" datetime=\"2024-09-24T15:38:41+02:00\" >24. September 2024<\/time><\/div><\/footer><span class='hidden'>\n\t\t\t\t<span class='av-structured-data'  itemprop=\"image\" itemscope=\"itemscope\" itemtype=\"https:\/\/schema.org\/ImageObject\" >\n\t\t\t\t\t\t<span itemprop='url'>https:\/\/www.courage-beratung.at\/wp-content\/uploads\/2024\/09\/Blog-Photos-3-1024x576-1.png<\/span>\n\t\t\t\t\t\t<span itemprop='height'>576<\/span>\n\t\t\t\t\t\t<span itemprop='width'>1024<\/span>\n\t\t\t\t<\/span>\n\t\t\t\t<span class='av-structured-data'  itemprop=\"publisher\" itemtype=\"https:\/\/schema.org\/Organization\" itemscope=\"itemscope\" >\n\t\t\t\t\t\t<span itemprop='name'>Lukas<\/span>\n\t\t\t\t\t\t<span itemprop='logo' itemscope itemtype='https:\/\/schema.org\/ImageObject'>\n\t\t\t\t\t\t\t<span itemprop='url'>https:\/\/www.courage-beratung.at\/wp-content\/uploads\/2023\/12\/COURAGE_LOGO_WEB_2022_RGB.svg<\/span>\n\t\t\t\t\t\t<\/span>\n\t\t\t\t<\/span><span class='av-structured-data'  itemprop=\"author\" itemscope=\"itemscope\" itemtype=\"https:\/\/schema.org\/Person\" ><span itemprop='name'>Lukas<\/span><\/span><span class='av-structured-data'  itemprop=\"datePublished\" datetime=\"2023-06-03T08:03:02+02:00\" >2024-09-24 15:38:41<\/span><span class='av-structured-data'  itemprop=\"dateModified\" itemtype=\"https:\/\/schema.org\/dateModified\" >2024-10-11 12:38:38<\/span><span class='av-structured-data'  itemprop=\"mainEntityOfPage\" itemtype=\"https:\/\/schema.org\/mainEntityOfPage\" ><span itemprop='name'>TRANS* UND INTER* Parents Wien \u2013 Informationsabend<\/span><\/span><\/span><\/article><\/div><div class=\"slide-entry-wrap\"><article class='slide-entry flex_column  post-entry post-entry-3665 slide-entry-overview slide-loop-40 slide-parity-odd  av_fullwidth first real-thumbnail posttype-post post-format-standard'  itemscope=\"itemscope\" itemtype=\"https:\/\/schema.org\/CreativeWork\" ><a href='https:\/\/www.courage-beratung.at\/en\/2024\/09\/17\/die-grenze-zwischen-perversion-und-normalitat-sadomasochismus-bdsm-kinks-und-fetische\/' data-rel='slide-2' class='slide-image' title='Die Grenze zwischen Perversion und Normalit\u00e4t: Sadomasochismus, BDSM, Kinks und Fetische'><img decoding=\"async\" fetchpriority=\"high\" width=\"1030\" height=\"687\" src=\"https:\/\/www.courage-beratung.at\/wp-content\/uploads\/2024\/09\/Fetisch-Was-ist-ein-Kink--1030x687.jpg\" class=\"wp-image-3666 avia-img-lazy-loading-not-3666 attachment-large size-large wp-post-image\" alt=\"\" srcset=\"https:\/\/www.courage-beratung.at\/wp-content\/uploads\/2024\/09\/Fetisch-Was-ist-ein-Kink--1030x687.jpg 1030w, https:\/\/www.courage-beratung.at\/wp-content\/uploads\/2024\/09\/Fetisch-Was-ist-ein-Kink--300x200.jpg 300w, https:\/\/www.courage-beratung.at\/wp-content\/uploads\/2024\/09\/Fetisch-Was-ist-ein-Kink--768x512.jpg 768w, https:\/\/www.courage-beratung.at\/wp-content\/uploads\/2024\/09\/Fetisch-Was-ist-ein-Kink--18x12.jpg 18w, https:\/\/www.courage-beratung.at\/wp-content\/uploads\/2024\/09\/Fetisch-Was-ist-ein-Kink--705x470.jpg 705w, https:\/\/www.courage-beratung.at\/wp-content\/uploads\/2024\/09\/Fetisch-Was-ist-ein-Kink-.jpg 1500w\" sizes=\"(max-width: 1030px) 100vw, 1030px\" \/><\/a><div class=\"slide-content\"><header class=\"entry-content-header\" aria-label=\"Slide: Die Grenze zwischen Perversion und Normalit\u00e4t: Sadomasochismus, BDSM, Kinks und Fetische\"><span class=\"blog-categories minor-meta\"><a href=\"https:\/\/www.courage-beratung.at\/en\/category\/allgemein\/\" rel=\"tag\">Allgemein<\/a>, <a href=\"https:\/\/www.courage-beratung.at\/en\/category\/events-qbz\/\" rel=\"tag\">Events QBZ<\/a> <\/span><h3 class='slide-entry-title entry-title'  itemprop=\"headline\" ><a href='https:\/\/www.courage-beratung.at\/en\/2024\/09\/17\/die-grenze-zwischen-perversion-und-normalitat-sadomasochismus-bdsm-kinks-und-fetische\/' title='Die Grenze zwischen Perversion und Normalit\u00e4t: Sadomasochismus, BDSM, Kinks und Fetische'>Die Grenze zwischen Perversion und Normalit\u00e4t: Sadomasochismus, BDSM, Kinks und Fetische<\/a><\/h3><span class=\"av-vertical-delimiter\"><\/span><\/header><div class='slide-entry-excerpt entry-content'  itemprop=\"text\" >\nThemenabend mit Astrid Pfneisl am 12.11.2024 von 18:00 bis 21:00 Uhr\n\n\n\nSadomasochismus wurde 1886 zum ersten Mal von Richard Krafft-Ebing beschrieben. Er war Gerichtspsychiater und hatte naturgem\u00e4\u00df ausschlie\u00dflich mit F\u00e4llen zu tun, in\u2026<div class=\"read-more-link\"><a href=\"https:\/\/www.courage-beratung.at\/en\/2024\/09\/17\/die-grenze-zwischen-perversion-und-normalitat-sadomasochismus-bdsm-kinks-und-fetische\/\" class=\"more-link\">Read more<span class='more-link-arrow avia-svg-icon avia-font-svg_entypo-fontello' data-av_svg_icon='right-open-big' data-av_iconset='svg_entypo-fontello'><svg version=\"1.1\" xmlns=\"http:\/\/www.w3.org\/2000\/svg\" width=\"15\" height=\"32\" viewbox=\"0 0 15 32\" preserveaspectratio=\"xMidYMid meet\" role=\"graphics-symbol\" aria-hidden=\"true\">\n<path d=\"M0.416 27.84l11.456-11.84-11.456-11.904q-0.832-0.832 0-1.536 0.832-0.832 1.536 0l12.544 12.608q0.768 0.832 0 1.6l-12.544 12.608q-0.704 0.832-1.536 0-0.832-0.704 0-1.536z\"><\/path>\n<\/svg><\/span><\/a><\/div><\/div><\/div><footer class=\"entry-footer\"><div class=\"slide-meta\"><time class='slide-meta-time updated'  itemprop=\"datePublished\" datetime=\"2024-09-17T11:46:09+02:00\" >17. September 2024<\/time><\/div><\/footer><span class='hidden'>\n\t\t\t\t<span class='av-structured-data'  itemprop=\"image\" itemscope=\"itemscope\" itemtype=\"https:\/\/schema.org\/ImageObject\" >\n\t\t\t\t\t\t<span itemprop='url'>https:\/\/www.courage-beratung.at\/wp-content\/uploads\/2024\/09\/Fetisch-Was-ist-ein-Kink-.jpg<\/span>\n\t\t\t\t\t\t<span itemprop='height'>1000<\/span>\n\t\t\t\t\t\t<span itemprop='width'>1500<\/span>\n\t\t\t\t<\/span>\n\t\t\t\t<span class='av-structured-data'  itemprop=\"publisher\" itemtype=\"https:\/\/schema.org\/Organization\" itemscope=\"itemscope\" >\n\t\t\t\t\t\t<span itemprop='name'>Lukas<\/span>\n\t\t\t\t\t\t<span itemprop='logo' itemscope itemtype='https:\/\/schema.org\/ImageObject'>\n\t\t\t\t\t\t\t<span itemprop='url'>https:\/\/www.courage-beratung.at\/wp-content\/uploads\/2023\/12\/COURAGE_LOGO_WEB_2022_RGB.svg<\/span>\n\t\t\t\t\t\t<\/span>\n\t\t\t\t<\/span><span class='av-structured-data'  itemprop=\"author\" itemscope=\"itemscope\" itemtype=\"https:\/\/schema.org\/Person\" ><span itemprop='name'>Lukas<\/span><\/span><span class='av-structured-data'  itemprop=\"datePublished\" datetime=\"2023-06-03T08:03:02+02:00\" >2024-09-17 11:46:09<\/span><span class='av-structured-data'  itemprop=\"dateModified\" itemtype=\"https:\/\/schema.org\/dateModified\" >2024-09-17 11:51:39<\/span><span class='av-structured-data'  itemprop=\"mainEntityOfPage\" itemtype=\"https:\/\/schema.org\/mainEntityOfPage\" ><span itemprop='name'>Die Grenze zwischen Perversion und Normalit\u00e4t: Sadomasochismus, BDSM, Kinks und Fetische<\/span><\/span><\/span><\/article><\/div><div class=\"slide-entry-wrap\"><article class='slide-entry flex_column  post-entry post-entry-3234 slide-entry-overview slide-loop-41 slide-parity-odd  av_fullwidth first real-thumbnail posttype-post post-format-standard'  itemscope=\"itemscope\" itemtype=\"https:\/\/schema.org\/CreativeWork\" ><a href='https:\/\/www.courage-beratung.at\/en\/2024\/07\/30\/queer-visions-2\/' data-rel='slide-2' class='slide-image' title='Freunde lieben &#8211; Die Revolte in unseren engsten Beziehungen'><img decoding=\"async\" fetchpriority=\"high\" width=\"1030\" height=\"662\" src=\"https:\/\/www.courage-beratung.at\/wp-content\/uploads\/2024\/08\/insta-2-1030x662.png\" class=\"wp-image-3238 avia-img-lazy-loading-not-3238 attachment-large size-large wp-post-image\" alt=\"\" srcset=\"https:\/\/www.courage-beratung.at\/wp-content\/uploads\/2024\/08\/insta-2-1030x662.png 1030w, https:\/\/www.courage-beratung.at\/wp-content\/uploads\/2024\/08\/insta-2-300x193.png 300w, https:\/\/www.courage-beratung.at\/wp-content\/uploads\/2024\/08\/insta-2-768x494.png 768w, https:\/\/www.courage-beratung.at\/wp-content\/uploads\/2024\/08\/insta-2-1536x988.png 1536w, https:\/\/www.courage-beratung.at\/wp-content\/uploads\/2024\/08\/insta-2-2048x1317.png 2048w, https:\/\/www.courage-beratung.at\/wp-content\/uploads\/2024\/08\/insta-2-18x12.png 18w, https:\/\/www.courage-beratung.at\/wp-content\/uploads\/2024\/08\/insta-2-1500x965.png 1500w, https:\/\/www.courage-beratung.at\/wp-content\/uploads\/2024\/08\/insta-2-705x453.png 705w\" sizes=\"(max-width: 1030px) 100vw, 1030px\" \/><\/a><div class=\"slide-content\"><header class=\"entry-content-header\" aria-label=\"Slide: Freunde lieben - Die Revolte in unseren engsten Beziehungen\"><span class=\"blog-categories minor-meta\"><a href=\"https:\/\/www.courage-beratung.at\/en\/category\/events-qbz\/\" rel=\"tag\">Events QBZ<\/a> <\/span><h3 class='slide-entry-title entry-title'  itemprop=\"headline\" ><a href='https:\/\/www.courage-beratung.at\/en\/2024\/07\/30\/queer-visions-2\/' title='Freunde lieben &#8211; Die Revolte in unseren engsten Beziehungen'>Freunde lieben &#8211; Die Revolte in unseren engsten Beziehungen<\/a><\/h3><span class=\"av-vertical-delimiter\"><\/span><\/header><div class='slide-entry-excerpt entry-content'  itemprop=\"text\" >Wir freuen uns auf die Lesung mit Ole Liebl am 18. September bei uns im Queeren\nBildungszentrum! \n<br><br>\nMittwoch, 18. September 2024, 18:00h;\nQueeres Bildungszentrum, Windm\u00fchlgasse 15, 1060 Wien;\nEINTRITT FREI<div class=\"read-more-link\"><a href=\"https:\/\/www.courage-beratung.at\/en\/2024\/07\/30\/queer-visions-2\/\" class=\"more-link\">Read more<span class='more-link-arrow avia-svg-icon avia-font-svg_entypo-fontello' data-av_svg_icon='right-open-big' data-av_iconset='svg_entypo-fontello'><svg version=\"1.1\" xmlns=\"http:\/\/www.w3.org\/2000\/svg\" width=\"15\" height=\"32\" viewbox=\"0 0 15 32\" preserveaspectratio=\"xMidYMid meet\" role=\"graphics-symbol\" aria-hidden=\"true\">\n<path d=\"M0.416 27.84l11.456-11.84-11.456-11.904q-0.832-0.832 0-1.536 0.832-0.832 1.536 0l12.544 12.608q0.768 0.832 0 1.6l-12.544 12.608q-0.704 0.832-1.536 0-0.832-0.704 0-1.536z\"><\/path>\n<\/svg><\/span><\/a><\/div><\/div><\/div><footer class=\"entry-footer\"><div class=\"slide-meta\"><time class='slide-meta-time updated'  itemprop=\"datePublished\" datetime=\"2024-07-30T22:47:22+02:00\" >30. July 2024<\/time><\/div><\/footer><span class='hidden'>\n\t\t\t\t<span class='av-structured-data'  itemprop=\"image\" itemscope=\"itemscope\" itemtype=\"https:\/\/schema.org\/ImageObject\" >\n\t\t\t\t\t\t<span itemprop='url'>https:\/\/www.courage-beratung.at\/wp-content\/uploads\/2024\/08\/insta-2.png<\/span>\n\t\t\t\t\t\t<span itemprop='height'>5144<\/span>\n\t\t\t\t\t\t<span itemprop='width'>8000<\/span>\n\t\t\t\t<\/span>\n\t\t\t\t<span class='av-structured-data'  itemprop=\"publisher\" itemtype=\"https:\/\/schema.org\/Organization\" itemscope=\"itemscope\" >\n\t\t\t\t\t\t<span itemprop='name'>Vincent<\/span>\n\t\t\t\t\t\t<span itemprop='logo' itemscope itemtype='https:\/\/schema.org\/ImageObject'>\n\t\t\t\t\t\t\t<span itemprop='url'>https:\/\/www.courage-beratung.at\/wp-content\/uploads\/2023\/12\/COURAGE_LOGO_WEB_2022_RGB.svg<\/span>\n\t\t\t\t\t\t<\/span>\n\t\t\t\t<\/span><span class='av-structured-data'  itemprop=\"author\" itemscope=\"itemscope\" itemtype=\"https:\/\/schema.org\/Person\" ><span itemprop='name'>Vincent<\/span><\/span><span class='av-structured-data'  itemprop=\"datePublished\" datetime=\"2023-06-03T08:03:02+02:00\" >2024-07-30 22:47:22<\/span><span class='av-structured-data'  itemprop=\"dateModified\" itemtype=\"https:\/\/schema.org\/dateModified\" >2024-08-06 23:04:37<\/span><span class='av-structured-data'  itemprop=\"mainEntityOfPage\" itemtype=\"https:\/\/schema.org\/mainEntityOfPage\" ><span itemprop='name'>Freunde lieben &#8211; Die Revolte in unseren engsten Beziehungen<\/span><\/span><\/span><\/article><\/div><div class=\"slide-entry-wrap\"><article class='slide-entry flex_column  post-entry post-entry-3217 slide-entry-overview slide-loop-42 slide-parity-odd  av_fullwidth first real-thumbnail posttype-post post-format-standard'  itemscope=\"itemscope\" itemtype=\"https:\/\/schema.org\/CreativeWork\" ><a href='https:\/\/www.courage-beratung.at\/en\/2024\/07\/28\/queer-visions\/' data-rel='slide-2' class='slide-image' title='Baustart f\u00fcr erstes LGBTIQA+ Kompetenzzentrum \u00d6sterreichs in Linz'><img decoding=\"async\" fetchpriority=\"high\" width=\"1030\" height=\"687\" src=\"https:\/\/www.courage-beratung.at\/wp-content\/uploads\/2024\/07\/linz-zentrum-1030x687.jpg\" class=\"wp-image-3221 avia-img-lazy-loading-not-3221 attachment-large size-large wp-post-image\" alt=\"\" srcset=\"https:\/\/www.courage-beratung.at\/wp-content\/uploads\/2024\/07\/linz-zentrum-1030x687.jpg 1030w, https:\/\/www.courage-beratung.at\/wp-content\/uploads\/2024\/07\/linz-zentrum-300x200.jpg 300w, https:\/\/www.courage-beratung.at\/wp-content\/uploads\/2024\/07\/linz-zentrum-768x512.jpg 768w, https:\/\/www.courage-beratung.at\/wp-content\/uploads\/2024\/07\/linz-zentrum-1536x1025.jpg 1536w, https:\/\/www.courage-beratung.at\/wp-content\/uploads\/2024\/07\/linz-zentrum-18x12.jpg 18w, https:\/\/www.courage-beratung.at\/wp-content\/uploads\/2024\/07\/linz-zentrum-1500x1000.jpg 1500w, https:\/\/www.courage-beratung.at\/wp-content\/uploads\/2024\/07\/linz-zentrum-705x470.jpg 705w, https:\/\/www.courage-beratung.at\/wp-content\/uploads\/2024\/07\/linz-zentrum.jpg 2048w\" sizes=\"(max-width: 1030px) 100vw, 1030px\" \/><\/a><div class=\"slide-content\"><header class=\"entry-content-header\" aria-label=\"Slide: Baustart f\u00fcr erstes LGBTIQA+ Kompetenzzentrum \u00d6sterreichs in Linz\"><span class=\"blog-categories minor-meta\"><a href=\"https:\/\/www.courage-beratung.at\/en\/category\/allgemein\/\" rel=\"tag\">Allgemein<\/a> <\/span><h3 class='slide-entry-title entry-title'  itemprop=\"headline\" ><a href='https:\/\/www.courage-beratung.at\/en\/2024\/07\/28\/queer-visions\/' title='Baustart f\u00fcr erstes LGBTIQA+ Kompetenzzentrum \u00d6sterreichs in Linz'>Baustart f\u00fcr erstes LGBTIQA+ Kompetenzzentrum \u00d6sterreichs in Linz<\/a><\/h3><span class=\"av-vertical-delimiter\"><\/span><\/header><div class='slide-entry-excerpt entry-content'  itemprop=\"text\" >Am 16. September \u00f6ffnet mit dem LGBTIQA+ Kompetenzzentrum eine Anlaufstelle in der Wei\u00dfenwolffstra\u00dfe 17a. Das Projekt wird gemeinsam von der Stadt sowie den Vereinen Bily und COURAGE kooperativ betrieben<div class=\"read-more-link\"><a href=\"https:\/\/www.courage-beratung.at\/en\/2024\/07\/28\/queer-visions\/\" class=\"more-link\">Read more<span class='more-link-arrow avia-svg-icon avia-font-svg_entypo-fontello' data-av_svg_icon='right-open-big' data-av_iconset='svg_entypo-fontello'><svg version=\"1.1\" xmlns=\"http:\/\/www.w3.org\/2000\/svg\" width=\"15\" height=\"32\" viewbox=\"0 0 15 32\" preserveaspectratio=\"xMidYMid meet\" role=\"graphics-symbol\" aria-hidden=\"true\">\n<path d=\"M0.416 27.84l11.456-11.84-11.456-11.904q-0.832-0.832 0-1.536 0.832-0.832 1.536 0l12.544 12.608q0.768 0.832 0 1.6l-12.544 12.608q-0.704 0.832-1.536 0-0.832-0.704 0-1.536z\"><\/path>\n<\/svg><\/span><\/a><\/div><\/div><\/div><footer class=\"entry-footer\"><div class=\"slide-meta\"><time class='slide-meta-time updated'  itemprop=\"datePublished\" datetime=\"2024-07-28T18:32:56+02:00\" >28. July 2024<\/time><\/div><\/footer><span class='hidden'>\n\t\t\t\t<span class='av-structured-data'  itemprop=\"image\" itemscope=\"itemscope\" itemtype=\"https:\/\/schema.org\/ImageObject\" >\n\t\t\t\t\t\t<span itemprop='url'>https:\/\/www.courage-beratung.at\/wp-content\/uploads\/2024\/07\/linz-zentrum.jpg<\/span>\n\t\t\t\t\t\t<span itemprop='height'>1366<\/span>\n\t\t\t\t\t\t<span itemprop='width'>2048<\/span>\n\t\t\t\t<\/span>\n\t\t\t\t<span class='av-structured-data'  itemprop=\"publisher\" itemtype=\"https:\/\/schema.org\/Organization\" itemscope=\"itemscope\" >\n\t\t\t\t\t\t<span itemprop='name'>Vincent<\/span>\n\t\t\t\t\t\t<span itemprop='logo' itemscope itemtype='https:\/\/schema.org\/ImageObject'>\n\t\t\t\t\t\t\t<span itemprop='url'>https:\/\/www.courage-beratung.at\/wp-content\/uploads\/2023\/12\/COURAGE_LOGO_WEB_2022_RGB.svg<\/span>\n\t\t\t\t\t\t<\/span>\n\t\t\t\t<\/span><span class='av-structured-data'  itemprop=\"author\" itemscope=\"itemscope\" itemtype=\"https:\/\/schema.org\/Person\" ><span itemprop='name'>Vincent<\/span><\/span><span class='av-structured-data'  itemprop=\"datePublished\" datetime=\"2023-06-03T08:03:02+02:00\" >2024-07-28 18:32:56<\/span><span class='av-structured-data'  itemprop=\"dateModified\" itemtype=\"https:\/\/schema.org\/dateModified\" >2024-07-28 18:45:13<\/span><span class='av-structured-data'  itemprop=\"mainEntityOfPage\" itemtype=\"https:\/\/schema.org\/mainEntityOfPage\" ><span itemprop='name'>Baustart f\u00fcr erstes LGBTIQA+ Kompetenzzentrum \u00d6sterreichs in Linz<\/span><\/span><\/span><\/article><\/div><div class=\"slide-entry-wrap\"><article class='slide-entry flex_column  post-entry post-entry-3138 slide-entry-overview slide-loop-43 slide-parity-odd  av_fullwidth first real-thumbnail posttype-post post-format-standard'  itemscope=\"itemscope\" itemtype=\"https:\/\/schema.org\/CreativeWork\" ><a href='https:\/\/www.courage-beratung.at\/en\/2024\/06\/11\/i-am-what-i-am\/' data-rel='slide-2' class='slide-image' title='QUEER VISIONS'><img decoding=\"async\" fetchpriority=\"high\" width=\"1030\" height=\"579\" src=\"https:\/\/www.courage-beratung.at\/wp-content\/uploads\/2024\/06\/intro-screen-1030x579.png\" class=\"wp-image-3142 avia-img-lazy-loading-not-3142 attachment-large size-large wp-post-image\" alt=\"\" srcset=\"https:\/\/www.courage-beratung.at\/wp-content\/uploads\/2024\/06\/intro-screen-1030x579.png 1030w, https:\/\/www.courage-beratung.at\/wp-content\/uploads\/2024\/06\/intro-screen-300x169.png 300w, https:\/\/www.courage-beratung.at\/wp-content\/uploads\/2024\/06\/intro-screen-768x432.png 768w, https:\/\/www.courage-beratung.at\/wp-content\/uploads\/2024\/06\/intro-screen-1536x864.png 1536w, https:\/\/www.courage-beratung.at\/wp-content\/uploads\/2024\/06\/intro-screen-18x10.png 18w, https:\/\/www.courage-beratung.at\/wp-content\/uploads\/2024\/06\/intro-screen-1500x844.png 1500w, https:\/\/www.courage-beratung.at\/wp-content\/uploads\/2024\/06\/intro-screen-705x397.png 705w, https:\/\/www.courage-beratung.at\/wp-content\/uploads\/2024\/06\/intro-screen.png 1920w\" sizes=\"(max-width: 1030px) 100vw, 1030px\" \/><\/a><div class=\"slide-content\"><header class=\"entry-content-header\" aria-label=\"Slide: QUEER VISIONS\"><span class=\"blog-categories minor-meta\"><a href=\"https:\/\/www.courage-beratung.at\/en\/category\/events-qbz\/\" rel=\"tag\">Events QBZ<\/a> <\/span><h3 class='slide-entry-title entry-title'  itemprop=\"headline\" ><a href='https:\/\/www.courage-beratung.at\/en\/2024\/06\/11\/i-am-what-i-am\/' title='QUEER VISIONS'>QUEER VISIONS<\/a><\/h3><span class=\"av-vertical-delimiter\"><\/span><\/header><div class='slide-entry-excerpt entry-content'  itemprop=\"text\" >QUEER VISIONS\nMini-Festival f\u00fcr queere Kurzfilme und Videoarbeiten\n<br><br>\n14.06 \u2013 15.06.2024; 18:00h \u2013 21:00h\nQueeres Bildungszentrum,\nWidm\u00fchlgasse 15, 1060 Wien\n<br><br>\nAnmeldung: <br>\ninfo@courage-beratung.at<div class=\"read-more-link\"><a href=\"https:\/\/www.courage-beratung.at\/en\/2024\/06\/11\/i-am-what-i-am\/\" class=\"more-link\">Read more<span class='more-link-arrow avia-svg-icon avia-font-svg_entypo-fontello' data-av_svg_icon='right-open-big' data-av_iconset='svg_entypo-fontello'><svg version=\"1.1\" xmlns=\"http:\/\/www.w3.org\/2000\/svg\" width=\"15\" height=\"32\" viewbox=\"0 0 15 32\" preserveaspectratio=\"xMidYMid meet\" role=\"graphics-symbol\" aria-hidden=\"true\">\n<path d=\"M0.416 27.84l11.456-11.84-11.456-11.904q-0.832-0.832 0-1.536 0.832-0.832 1.536 0l12.544 12.608q0.768 0.832 0 1.6l-12.544 12.608q-0.704 0.832-1.536 0-0.832-0.704 0-1.536z\"><\/path>\n<\/svg><\/span><\/a><\/div><\/div><\/div><footer class=\"entry-footer\"><div class=\"slide-meta\"><time class='slide-meta-time updated'  itemprop=\"datePublished\" datetime=\"2024-06-11T17:57:40+02:00\" >11. June 2024<\/time><\/div><\/footer><span class='hidden'>\n\t\t\t\t<span class='av-structured-data'  itemprop=\"image\" itemscope=\"itemscope\" itemtype=\"https:\/\/schema.org\/ImageObject\" >\n\t\t\t\t\t\t<span itemprop='url'>https:\/\/www.courage-beratung.at\/wp-content\/uploads\/2024\/06\/intro-screen.png<\/span>\n\t\t\t\t\t\t<span itemprop='height'>1080<\/span>\n\t\t\t\t\t\t<span itemprop='width'>1920<\/span>\n\t\t\t\t<\/span>\n\t\t\t\t<span class='av-structured-data'  itemprop=\"publisher\" itemtype=\"https:\/\/schema.org\/Organization\" itemscope=\"itemscope\" >\n\t\t\t\t\t\t<span itemprop='name'>Vincent<\/span>\n\t\t\t\t\t\t<span itemprop='logo' itemscope itemtype='https:\/\/schema.org\/ImageObject'>\n\t\t\t\t\t\t\t<span itemprop='url'>https:\/\/www.courage-beratung.at\/wp-content\/uploads\/2023\/12\/COURAGE_LOGO_WEB_2022_RGB.svg<\/span>\n\t\t\t\t\t\t<\/span>\n\t\t\t\t<\/span><span class='av-structured-data'  itemprop=\"author\" itemscope=\"itemscope\" itemtype=\"https:\/\/schema.org\/Person\" ><span itemprop='name'>Vincent<\/span><\/span><span class='av-structured-data'  itemprop=\"datePublished\" datetime=\"2023-06-03T08:03:02+02:00\" >2024-06-11 17:57:40<\/span><span class='av-structured-data'  itemprop=\"dateModified\" itemtype=\"https:\/\/schema.org\/dateModified\" >2024-06-11 18:05:31<\/span><span class='av-structured-data'  itemprop=\"mainEntityOfPage\" itemtype=\"https:\/\/schema.org\/mainEntityOfPage\" ><span itemprop='name'>QUEER VISIONS<\/span><\/span><\/span><\/article><\/div><div class=\"slide-entry-wrap\"><article class='slide-entry flex_column  post-entry post-entry-3026 slide-entry-overview slide-loop-44 slide-parity-odd  av_fullwidth first real-thumbnail posttype-post post-format-standard'  itemscope=\"itemscope\" itemtype=\"https:\/\/schema.org\/CreativeWork\" ><a href='https:\/\/www.courage-beratung.at\/en\/2024\/04\/20\/die-courage-macht-fruhlingspause\/' data-rel='slide-2' class='slide-image' title='FRAU* SEIN'><img decoding=\"async\" fetchpriority=\"high\" width=\"1030\" height=\"940\" src=\"https:\/\/www.courage-beratung.at\/wp-content\/uploads\/2024\/04\/frau-sein-1-1030x940.png\" class=\"wp-image-3031 avia-img-lazy-loading-not-3031 attachment-large size-large wp-post-image\" alt=\"\" srcset=\"https:\/\/www.courage-beratung.at\/wp-content\/uploads\/2024\/04\/frau-sein-1-1030x940.png 1030w, https:\/\/www.courage-beratung.at\/wp-content\/uploads\/2024\/04\/frau-sein-1-300x274.png 300w, https:\/\/www.courage-beratung.at\/wp-content\/uploads\/2024\/04\/frau-sein-1-768x701.png 768w, https:\/\/www.courage-beratung.at\/wp-content\/uploads\/2024\/04\/frau-sein-1-1536x1402.png 1536w, https:\/\/www.courage-beratung.at\/wp-content\/uploads\/2024\/04\/frau-sein-1-13x12.png 13w, https:\/\/www.courage-beratung.at\/wp-content\/uploads\/2024\/04\/frau-sein-1-1500x1369.png 1500w, https:\/\/www.courage-beratung.at\/wp-content\/uploads\/2024\/04\/frau-sein-1-705x643.png 705w, https:\/\/www.courage-beratung.at\/wp-content\/uploads\/2024\/04\/frau-sein-1.png 1748w\" sizes=\"(max-width: 1030px) 100vw, 1030px\" \/><\/a><div class=\"slide-content\"><header class=\"entry-content-header\" aria-label=\"Slide: FRAU* SEIN\"><span class=\"blog-categories minor-meta\"><a href=\"https:\/\/www.courage-beratung.at\/en\/category\/allgemein\/\" rel=\"tag\">Allgemein<\/a> <\/span><h3 class='slide-entry-title entry-title'  itemprop=\"headline\" ><a href='https:\/\/www.courage-beratung.at\/en\/2024\/04\/20\/die-courage-macht-fruhlingspause\/' title='FRAU* SEIN'>FRAU* SEIN<\/a><\/h3><span class=\"av-vertical-delimiter\"><\/span><\/header><div class='slide-entry-excerpt entry-content'  itemprop=\"text\" >JETZT ANMELDEN f\u00fcr die Teilnahme an unserer Frauen*Gruppe an der Beratungsstelle COURAGE Wien\n<br><br>\nAnmeldung: <br>\ninfo@courage-beratung.at<div class=\"read-more-link\"><a href=\"https:\/\/www.courage-beratung.at\/en\/2024\/04\/20\/die-courage-macht-fruhlingspause\/\" class=\"more-link\">Read more<span class='more-link-arrow avia-svg-icon avia-font-svg_entypo-fontello' data-av_svg_icon='right-open-big' data-av_iconset='svg_entypo-fontello'><svg version=\"1.1\" xmlns=\"http:\/\/www.w3.org\/2000\/svg\" width=\"15\" height=\"32\" viewbox=\"0 0 15 32\" preserveaspectratio=\"xMidYMid meet\" role=\"graphics-symbol\" aria-hidden=\"true\">\n<path d=\"M0.416 27.84l11.456-11.84-11.456-11.904q-0.832-0.832 0-1.536 0.832-0.832 1.536 0l12.544 12.608q0.768 0.832 0 1.6l-12.544 12.608q-0.704 0.832-1.536 0-0.832-0.704 0-1.536z\"><\/path>\n<\/svg><\/span><\/a><\/div><\/div><\/div><footer class=\"entry-footer\"><div class=\"slide-meta\"><time class='slide-meta-time updated'  itemprop=\"datePublished\" datetime=\"2024-04-20T12:12:19+02:00\" >20. April 2024<\/time><\/div><\/footer><span class='hidden'>\n\t\t\t\t<span class='av-structured-data'  itemprop=\"image\" itemscope=\"itemscope\" itemtype=\"https:\/\/schema.org\/ImageObject\" >\n\t\t\t\t\t\t<span itemprop='url'>https:\/\/www.courage-beratung.at\/wp-content\/uploads\/2024\/04\/frau-sein-1.png<\/span>\n\t\t\t\t\t\t<span itemprop='height'>1595<\/span>\n\t\t\t\t\t\t<span itemprop='width'>1748<\/span>\n\t\t\t\t<\/span>\n\t\t\t\t<span class='av-structured-data'  itemprop=\"publisher\" itemtype=\"https:\/\/schema.org\/Organization\" itemscope=\"itemscope\" >\n\t\t\t\t\t\t<span itemprop='name'>Vincent<\/span>\n\t\t\t\t\t\t<span itemprop='logo' itemscope itemtype='https:\/\/schema.org\/ImageObject'>\n\t\t\t\t\t\t\t<span itemprop='url'>https:\/\/www.courage-beratung.at\/wp-content\/uploads\/2023\/12\/COURAGE_LOGO_WEB_2022_RGB.svg<\/span>\n\t\t\t\t\t\t<\/span>\n\t\t\t\t<\/span><span class='av-structured-data'  itemprop=\"author\" itemscope=\"itemscope\" itemtype=\"https:\/\/schema.org\/Person\" ><span itemprop='name'>Vincent<\/span><\/span><span class='av-structured-data'  itemprop=\"datePublished\" datetime=\"2023-06-03T08:03:02+02:00\" >2024-04-20 12:12:19<\/span><span class='av-structured-data'  itemprop=\"dateModified\" itemtype=\"https:\/\/schema.org\/dateModified\" >2024-08-26 17:16:27<\/span><span class='av-structured-data'  itemprop=\"mainEntityOfPage\" itemtype=\"https:\/\/schema.org\/mainEntityOfPage\" ><span itemprop='name'>FRAU* SEIN<\/span><\/span><\/span><\/article><\/div><div class=\"slide-entry-wrap\"><article class='slide-entry flex_column  post-entry post-entry-2764 slide-entry-overview slide-loop-45 slide-parity-odd  av_fullwidth first real-thumbnail posttype-post post-format-standard'  itemscope=\"itemscope\" itemtype=\"https:\/\/schema.org\/CreativeWork\" ><a href='https:\/\/www.courage-beratung.at\/en\/2024\/03\/29\/systemische-beratung-im-kontext-der-vielfalt-von-partnerschafts-familien-und-elternformen\/' data-rel='slide-2' class='slide-image' title='AUSGEBUCHT: Beratung von trans* und nichtbin\u00e4ren Kindern und Jugendlichen sowie deren Familien und relevanten Umwelten'><img decoding=\"async\" fetchpriority=\"high\" width=\"640\" height=\"360\" src=\"https:\/\/www.courage-beratung.at\/wp-content\/uploads\/2024\/03\/nicht-bin.jpg\" class=\"wp-image-2768 avia-img-lazy-loading-not-2768 attachment-large size-large wp-post-image\" alt=\"\" srcset=\"https:\/\/www.courage-beratung.at\/wp-content\/uploads\/2024\/03\/nicht-bin.jpg 640w, https:\/\/www.courage-beratung.at\/wp-content\/uploads\/2024\/03\/nicht-bin-300x169.jpg 300w, https:\/\/www.courage-beratung.at\/wp-content\/uploads\/2024\/03\/nicht-bin-18x10.jpg 18w\" sizes=\"(max-width: 640px) 100vw, 640px\" \/><\/a><div class=\"slide-content\"><header class=\"entry-content-header\" aria-label=\"Slide: AUSGEBUCHT: Beratung von trans* und nichtbin\u00e4ren Kindern und Jugendlichen sowie deren Familien und relevanten Umwelten\"><span class=\"blog-categories minor-meta\"><a href=\"https:\/\/www.courage-beratung.at\/en\/category\/seminare\/\" rel=\"tag\">Seminare<\/a> <\/span><h3 class='slide-entry-title entry-title'  itemprop=\"headline\" ><a href='https:\/\/www.courage-beratung.at\/en\/2024\/03\/29\/systemische-beratung-im-kontext-der-vielfalt-von-partnerschafts-familien-und-elternformen\/' title='AUSGEBUCHT: Beratung von trans* und nichtbin\u00e4ren Kindern und Jugendlichen sowie deren Familien und relevanten Umwelten'>AUSGEBUCHT: Beratung von trans* und nichtbin\u00e4ren Kindern und Jugendlichen sowie deren Familien und relevanten Umwelten<\/a><\/h3><span class=\"av-vertical-delimiter\"><\/span><\/header><div class='slide-entry-excerpt entry-content'  itemprop=\"text\" >Freitag, 15. \u2013 Samstag, 16. November 2024;\n<br>\nAnmeldung: bis 8. November 2023<div class=\"read-more-link\"><a href=\"https:\/\/www.courage-beratung.at\/en\/2024\/03\/29\/systemische-beratung-im-kontext-der-vielfalt-von-partnerschafts-familien-und-elternformen\/\" class=\"more-link\">Read more<span class='more-link-arrow avia-svg-icon avia-font-svg_entypo-fontello' data-av_svg_icon='right-open-big' data-av_iconset='svg_entypo-fontello'><svg version=\"1.1\" xmlns=\"http:\/\/www.w3.org\/2000\/svg\" width=\"15\" height=\"32\" viewbox=\"0 0 15 32\" preserveaspectratio=\"xMidYMid meet\" role=\"graphics-symbol\" aria-hidden=\"true\">\n<path d=\"M0.416 27.84l11.456-11.84-11.456-11.904q-0.832-0.832 0-1.536 0.832-0.832 1.536 0l12.544 12.608q0.768 0.832 0 1.6l-12.544 12.608q-0.704 0.832-1.536 0-0.832-0.704 0-1.536z\"><\/path>\n<\/svg><\/span><\/a><\/div><\/div><\/div><footer class=\"entry-footer\"><div class=\"slide-meta\"><time class='slide-meta-time updated'  itemprop=\"datePublished\" datetime=\"2024-03-29T14:24:52+01:00\" >29. March 2024<\/time><\/div><\/footer><span class='hidden'>\n\t\t\t\t<span class='av-structured-data'  itemprop=\"image\" itemscope=\"itemscope\" itemtype=\"https:\/\/schema.org\/ImageObject\" >\n\t\t\t\t\t\t<span itemprop='url'>https:\/\/www.courage-beratung.at\/wp-content\/uploads\/2024\/03\/nicht-bin.jpg<\/span>\n\t\t\t\t\t\t<span itemprop='height'>360<\/span>\n\t\t\t\t\t\t<span itemprop='width'>640<\/span>\n\t\t\t\t<\/span>\n\t\t\t\t<span class='av-structured-data'  itemprop=\"publisher\" itemtype=\"https:\/\/schema.org\/Organization\" itemscope=\"itemscope\" >\n\t\t\t\t\t\t<span itemprop='name'>Vincent<\/span>\n\t\t\t\t\t\t<span itemprop='logo' itemscope itemtype='https:\/\/schema.org\/ImageObject'>\n\t\t\t\t\t\t\t<span itemprop='url'>https:\/\/www.courage-beratung.at\/wp-content\/uploads\/2023\/12\/COURAGE_LOGO_WEB_2022_RGB.svg<\/span>\n\t\t\t\t\t\t<\/span>\n\t\t\t\t<\/span><span class='av-structured-data'  itemprop=\"author\" itemscope=\"itemscope\" itemtype=\"https:\/\/schema.org\/Person\" ><span itemprop='name'>Vincent<\/span><\/span><span class='av-structured-data'  itemprop=\"datePublished\" datetime=\"2023-06-03T08:03:02+02:00\" >2024-03-29 14:24:52<\/span><span class='av-structured-data'  itemprop=\"dateModified\" itemtype=\"https:\/\/schema.org\/dateModified\" >2024-08-27 13:33:27<\/span><span class='av-structured-data'  itemprop=\"mainEntityOfPage\" itemtype=\"https:\/\/schema.org\/mainEntityOfPage\" ><span itemprop='name'>AUSGEBUCHT: Beratung von trans* und nichtbin\u00e4ren Kindern und Jugendlichen sowie deren Familien und relevanten Umwelten<\/span><\/span><\/span><\/article><\/div><div class=\"slide-entry-wrap\"><article class='slide-entry flex_column  post-entry post-entry-2756 slide-entry-overview slide-loop-46 slide-parity-odd  av_fullwidth first real-thumbnail posttype-post post-format-standard'  itemscope=\"itemscope\" itemtype=\"https:\/\/schema.org\/CreativeWork\" ><a href='https:\/\/www.courage-beratung.at\/en\/2024\/03\/29\/sexualitat-und-sexuelle-bildung-in-einer-transkulturellen-gesellschaft-2\/' data-rel='slide-2' class='slide-image' title='AUSGEBUCHT: Systemische Beratung im Kontext der Vielfalt von Partnerschafts-, Familien- und Elternformen'><img decoding=\"async\" fetchpriority=\"high\" width=\"1030\" height=\"579\" src=\"https:\/\/www.courage-beratung.at\/wp-content\/uploads\/2024\/03\/vielfalt-1030x579.webp\" class=\"wp-image-2760 avia-img-lazy-loading-not-2760 attachment-large size-large wp-post-image\" alt=\"\" srcset=\"https:\/\/www.courage-beratung.at\/wp-content\/uploads\/2024\/03\/vielfalt-1030x579.webp 1030w, https:\/\/www.courage-beratung.at\/wp-content\/uploads\/2024\/03\/vielfalt-300x169.webp 300w, https:\/\/www.courage-beratung.at\/wp-content\/uploads\/2024\/03\/vielfalt-768x432.webp 768w, https:\/\/www.courage-beratung.at\/wp-content\/uploads\/2024\/03\/vielfalt-18x10.webp 18w, https:\/\/www.courage-beratung.at\/wp-content\/uploads\/2024\/03\/vielfalt-705x397.webp 705w, https:\/\/www.courage-beratung.at\/wp-content\/uploads\/2024\/03\/vielfalt.webp 1200w\" sizes=\"(max-width: 1030px) 100vw, 1030px\" \/><\/a><div class=\"slide-content\"><header class=\"entry-content-header\" aria-label=\"Slide: AUSGEBUCHT: Systemische Beratung im Kontext der Vielfalt von Partnerschafts-, Familien- und Elternformen\"><span class=\"blog-categories minor-meta\"><a href=\"https:\/\/www.courage-beratung.at\/en\/category\/seminare\/\" rel=\"tag\">Seminare<\/a> <\/span><h3 class='slide-entry-title entry-title'  itemprop=\"headline\" ><a href='https:\/\/www.courage-beratung.at\/en\/2024\/03\/29\/sexualitat-und-sexuelle-bildung-in-einer-transkulturellen-gesellschaft-2\/' title='AUSGEBUCHT: Systemische Beratung im Kontext der Vielfalt von Partnerschafts-, Familien- und Elternformen'>AUSGEBUCHT: Systemische Beratung im Kontext der Vielfalt von Partnerschafts-, Familien- und Elternformen<\/a><\/h3><span class=\"av-vertical-delimiter\"><\/span><\/header><div class='slide-entry-excerpt entry-content'  itemprop=\"text\" >Freitag, 20. \u2013 Samstag, 21. September 2024;\nAnmeldung: bis 13. November 2023<div class=\"read-more-link\"><a href=\"https:\/\/www.courage-beratung.at\/en\/2024\/03\/29\/sexualitat-und-sexuelle-bildung-in-einer-transkulturellen-gesellschaft-2\/\" class=\"more-link\">Read more<span class='more-link-arrow avia-svg-icon avia-font-svg_entypo-fontello' data-av_svg_icon='right-open-big' data-av_iconset='svg_entypo-fontello'><svg version=\"1.1\" xmlns=\"http:\/\/www.w3.org\/2000\/svg\" width=\"15\" height=\"32\" viewbox=\"0 0 15 32\" preserveaspectratio=\"xMidYMid meet\" role=\"graphics-symbol\" aria-hidden=\"true\">\n<path d=\"M0.416 27.84l11.456-11.84-11.456-11.904q-0.832-0.832 0-1.536 0.832-0.832 1.536 0l12.544 12.608q0.768 0.832 0 1.6l-12.544 12.608q-0.704 0.832-1.536 0-0.832-0.704 0-1.536z\"><\/path>\n<\/svg><\/span><\/a><\/div><\/div><\/div><footer class=\"entry-footer\"><div class=\"slide-meta\"><time class='slide-meta-time updated'  itemprop=\"datePublished\" datetime=\"2024-03-29T14:16:34+01:00\" >29. March 2024<\/time><\/div><\/footer><span class='hidden'>\n\t\t\t\t<span class='av-structured-data'  itemprop=\"image\" itemscope=\"itemscope\" itemtype=\"https:\/\/schema.org\/ImageObject\" >\n\t\t\t\t\t\t<span itemprop='url'>https:\/\/www.courage-beratung.at\/wp-content\/uploads\/2024\/03\/vielfalt.webp<\/span>\n\t\t\t\t\t\t<span itemprop='height'>675<\/span>\n\t\t\t\t\t\t<span itemprop='width'>1200<\/span>\n\t\t\t\t<\/span>\n\t\t\t\t<span class='av-structured-data'  itemprop=\"publisher\" itemtype=\"https:\/\/schema.org\/Organization\" itemscope=\"itemscope\" >\n\t\t\t\t\t\t<span itemprop='name'>Vincent<\/span>\n\t\t\t\t\t\t<span itemprop='logo' itemscope itemtype='https:\/\/schema.org\/ImageObject'>\n\t\t\t\t\t\t\t<span itemprop='url'>https:\/\/www.courage-beratung.at\/wp-content\/uploads\/2023\/12\/COURAGE_LOGO_WEB_2022_RGB.svg<\/span>\n\t\t\t\t\t\t<\/span>\n\t\t\t\t<\/span><span class='av-structured-data'  itemprop=\"author\" itemscope=\"itemscope\" itemtype=\"https:\/\/schema.org\/Person\" ><span itemprop='name'>Vincent<\/span><\/span><span class='av-structured-data'  itemprop=\"datePublished\" datetime=\"2023-06-03T08:03:02+02:00\" >2024-03-29 14:16:34<\/span><span class='av-structured-data'  itemprop=\"dateModified\" itemtype=\"https:\/\/schema.org\/dateModified\" >2024-09-19 11:25:12<\/span><span class='av-structured-data'  itemprop=\"mainEntityOfPage\" itemtype=\"https:\/\/schema.org\/mainEntityOfPage\" ><span itemprop='name'>AUSGEBUCHT: Systemische Beratung im Kontext der Vielfalt von Partnerschafts-, Familien- und Elternformen<\/span><\/span><\/span><\/article><\/div><div class=\"slide-entry-wrap\"><article class='slide-entry flex_column  post-entry post-entry-2557 slide-entry-overview slide-loop-47 slide-parity-odd  av_fullwidth first real-thumbnail posttype-post post-format-standard'  itemscope=\"itemscope\" itemtype=\"https:\/\/schema.org\/CreativeWork\" ><a href='https:\/\/www.courage-beratung.at\/en\/2024\/03\/21\/jetzt-anmelden-fur-informationsabend-trans-und-inter-parents-wien\/' data-rel='slide-2' class='slide-image' title='Die COURAGE* macht Fr\u00fchlingspause'><img decoding=\"async\" fetchpriority=\"high\" width=\"350\" height=\"233\" src=\"https:\/\/www.courage-beratung.at\/wp-content\/uploads\/2024\/03\/bluetenpracht-in-wiener-park.webp\" class=\"wp-image-2561 avia-img-lazy-loading-not-2561 attachment-large size-large wp-post-image\" alt=\"\" srcset=\"https:\/\/www.courage-beratung.at\/wp-content\/uploads\/2024\/03\/bluetenpracht-in-wiener-park.webp 350w, https:\/\/www.courage-beratung.at\/wp-content\/uploads\/2024\/03\/bluetenpracht-in-wiener-park-300x200.webp 300w, https:\/\/www.courage-beratung.at\/wp-content\/uploads\/2024\/03\/bluetenpracht-in-wiener-park-18x12.webp 18w\" sizes=\"(max-width: 350px) 100vw, 350px\" \/><\/a><div class=\"slide-content\"><header class=\"entry-content-header\" aria-label=\"Slide: Die COURAGE* macht Fr\u00fchlingspause\"><span class=\"blog-categories minor-meta\"><a href=\"https:\/\/www.courage-beratung.at\/en\/category\/allgemein\/\" rel=\"tag\">Allgemein<\/a> <\/span><h3 class='slide-entry-title entry-title'  itemprop=\"headline\" ><a href='https:\/\/www.courage-beratung.at\/en\/2024\/03\/21\/jetzt-anmelden-fur-informationsabend-trans-und-inter-parents-wien\/' title='Die COURAGE* macht Fr\u00fchlingspause'>Die COURAGE* macht Fr\u00fchlingspause<\/a><\/h3><span class=\"av-vertical-delimiter\"><\/span><\/header><div class='slide-entry-excerpt entry-content'  itemprop=\"text\" >Die COURAGE* macht Fr\u00fchlingspause und ist von 23.03. bis 01.04. geschlossen.\n\nWir sind ab dem 02.04. wieder zu den gewohnten Zeiten von Montag bis Donnerstag von 09:00 bis 15:00 telefonisch erreichbar.<div class=\"read-more-link\"><a href=\"https:\/\/www.courage-beratung.at\/en\/2024\/03\/21\/jetzt-anmelden-fur-informationsabend-trans-und-inter-parents-wien\/\" class=\"more-link\">Read more<span class='more-link-arrow avia-svg-icon avia-font-svg_entypo-fontello' data-av_svg_icon='right-open-big' data-av_iconset='svg_entypo-fontello'><svg version=\"1.1\" xmlns=\"http:\/\/www.w3.org\/2000\/svg\" width=\"15\" height=\"32\" viewbox=\"0 0 15 32\" preserveaspectratio=\"xMidYMid meet\" role=\"graphics-symbol\" aria-hidden=\"true\">\n<path d=\"M0.416 27.84l11.456-11.84-11.456-11.904q-0.832-0.832 0-1.536 0.832-0.832 1.536 0l12.544 12.608q0.768 0.832 0 1.6l-12.544 12.608q-0.704 0.832-1.536 0-0.832-0.704 0-1.536z\"><\/path>\n<\/svg><\/span><\/a><\/div><\/div><\/div><footer class=\"entry-footer\"><div class=\"slide-meta\"><time class='slide-meta-time updated'  itemprop=\"datePublished\" datetime=\"2024-03-21T12:27:58+01:00\" >21. March 2024<\/time><\/div><\/footer><span class='hidden'>\n\t\t\t\t<span class='av-structured-data'  itemprop=\"image\" itemscope=\"itemscope\" itemtype=\"https:\/\/schema.org\/ImageObject\" >\n\t\t\t\t\t\t<span itemprop='url'>https:\/\/www.courage-beratung.at\/wp-content\/uploads\/2024\/03\/bluetenpracht-in-wiener-park.webp<\/span>\n\t\t\t\t\t\t<span itemprop='height'>233<\/span>\n\t\t\t\t\t\t<span itemprop='width'>350<\/span>\n\t\t\t\t<\/span>\n\t\t\t\t<span class='av-structured-data'  itemprop=\"publisher\" itemtype=\"https:\/\/schema.org\/Organization\" itemscope=\"itemscope\" >\n\t\t\t\t\t\t<span itemprop='name'>Vincent<\/span>\n\t\t\t\t\t\t<span itemprop='logo' itemscope itemtype='https:\/\/schema.org\/ImageObject'>\n\t\t\t\t\t\t\t<span itemprop='url'>https:\/\/www.courage-beratung.at\/wp-content\/uploads\/2023\/12\/COURAGE_LOGO_WEB_2022_RGB.svg<\/span>\n\t\t\t\t\t\t<\/span>\n\t\t\t\t<\/span><span class='av-structured-data'  itemprop=\"author\" itemscope=\"itemscope\" itemtype=\"https:\/\/schema.org\/Person\" ><span itemprop='name'>Vincent<\/span><\/span><span class='av-structured-data'  itemprop=\"datePublished\" datetime=\"2023-06-03T08:03:02+02:00\" >2024-03-21 12:27:58<\/span><span class='av-structured-data'  itemprop=\"dateModified\" itemtype=\"https:\/\/schema.org\/dateModified\" >2024-03-27 20:52:55<\/span><span class='av-structured-data'  itemprop=\"mainEntityOfPage\" itemtype=\"https:\/\/schema.org\/mainEntityOfPage\" ><span itemprop='name'>Die COURAGE* macht Fr\u00fchlingspause<\/span><\/span><\/span><\/article><\/div><div class=\"slide-entry-wrap\"><article class='slide-entry flex_column  post-entry post-entry-2131 slide-entry-overview slide-loop-48 slide-parity-odd  av_fullwidth first real-thumbnail posttype-post post-format-standard'  itemscope=\"itemscope\" itemtype=\"https:\/\/schema.org\/CreativeWork\" ><a href='https:\/\/www.courage-beratung.at\/en\/2024\/03\/05\/projekt-7\/' data-rel='slide-2' class='slide-image' title='SIEBTES YOUNG TRANS* UND INTER CAMP IM JUFA NEUTAL\/BURGENLAND'><img decoding=\"async\" fetchpriority=\"high\" width=\"940\" height=\"940\" src=\"https:\/\/www.courage-beratung.at\/wp-content\/uploads\/2024\/03\/Image_Editor.png\" class=\"wp-image-2279 avia-img-lazy-loading-not-2279 attachment-large size-large wp-post-image\" alt=\"\" srcset=\"https:\/\/www.courage-beratung.at\/wp-content\/uploads\/2024\/03\/Image_Editor.png 940w, https:\/\/www.courage-beratung.at\/wp-content\/uploads\/2024\/03\/Image_Editor-300x300.png 300w, https:\/\/www.courage-beratung.at\/wp-content\/uploads\/2024\/03\/Image_Editor-80x80.png 80w, https:\/\/www.courage-beratung.at\/wp-content\/uploads\/2024\/03\/Image_Editor-768x768.png 768w, https:\/\/www.courage-beratung.at\/wp-content\/uploads\/2024\/03\/Image_Editor-12x12.png 12w, https:\/\/www.courage-beratung.at\/wp-content\/uploads\/2024\/03\/Image_Editor-36x36.png 36w, https:\/\/www.courage-beratung.at\/wp-content\/uploads\/2024\/03\/Image_Editor-180x180.png 180w, https:\/\/www.courage-beratung.at\/wp-content\/uploads\/2024\/03\/Image_Editor-705x705.png 705w\" sizes=\"(max-width: 940px) 100vw, 940px\" \/><\/a><div class=\"slide-content\"><header class=\"entry-content-header\" aria-label=\"Slide: SIEBTES YOUNG TRANS* UND INTER CAMP IM JUFA NEUTAL\/BURGENLAND\"><span class=\"blog-categories minor-meta\"><a href=\"https:\/\/www.courage-beratung.at\/en\/category\/projekte\/\" rel=\"tag\">Projekte<\/a> <\/span><h3 class='slide-entry-title entry-title'  itemprop=\"headline\" ><a href='https:\/\/www.courage-beratung.at\/en\/2024\/03\/05\/projekt-7\/' title='SIEBTES YOUNG TRANS* UND INTER CAMP IM JUFA NEUTAL\/BURGENLAND'>SIEBTES YOUNG TRANS* UND INTER CAMP IM JUFA NEUTAL\/BURGENLAND<\/a><\/h3><span class=\"av-vertical-delimiter\"><\/span><\/header><div class='slide-entry-excerpt entry-content'  itemprop=\"text\" >Anmeldung ab sofort m\u00f6glich!<div class=\"read-more-link\"><a href=\"https:\/\/www.courage-beratung.at\/en\/2024\/03\/05\/projekt-7\/\" class=\"more-link\">Read more<span class='more-link-arrow avia-svg-icon avia-font-svg_entypo-fontello' data-av_svg_icon='right-open-big' data-av_iconset='svg_entypo-fontello'><svg version=\"1.1\" xmlns=\"http:\/\/www.w3.org\/2000\/svg\" width=\"15\" height=\"32\" viewbox=\"0 0 15 32\" preserveaspectratio=\"xMidYMid meet\" role=\"graphics-symbol\" aria-hidden=\"true\">\n<path d=\"M0.416 27.84l11.456-11.84-11.456-11.904q-0.832-0.832 0-1.536 0.832-0.832 1.536 0l12.544 12.608q0.768 0.832 0 1.6l-12.544 12.608q-0.704 0.832-1.536 0-0.832-0.704 0-1.536z\"><\/path>\n<\/svg><\/span><\/a><\/div><\/div><\/div><footer class=\"entry-footer\"><div class=\"slide-meta\"><time class='slide-meta-time updated'  itemprop=\"datePublished\" datetime=\"2024-03-05T14:05:16+01:00\" >5. March 2024<\/time><\/div><\/footer><span class='hidden'>\n\t\t\t\t<span class='av-structured-data'  itemprop=\"image\" itemscope=\"itemscope\" itemtype=\"https:\/\/schema.org\/ImageObject\" >\n\t\t\t\t\t\t<span itemprop='url'>https:\/\/www.courage-beratung.at\/wp-content\/uploads\/2024\/03\/Image_Editor.png<\/span>\n\t\t\t\t\t\t<span itemprop='height'>940<\/span>\n\t\t\t\t\t\t<span itemprop='width'>940<\/span>\n\t\t\t\t<\/span>\n\t\t\t\t<span class='av-structured-data'  itemprop=\"publisher\" itemtype=\"https:\/\/schema.org\/Organization\" itemscope=\"itemscope\" >\n\t\t\t\t\t\t<span itemprop='name'>Vincent<\/span>\n\t\t\t\t\t\t<span itemprop='logo' itemscope itemtype='https:\/\/schema.org\/ImageObject'>\n\t\t\t\t\t\t\t<span itemprop='url'>https:\/\/www.courage-beratung.at\/wp-content\/uploads\/2023\/12\/COURAGE_LOGO_WEB_2022_RGB.svg<\/span>\n\t\t\t\t\t\t<\/span>\n\t\t\t\t<\/span><span class='av-structured-data'  itemprop=\"author\" itemscope=\"itemscope\" itemtype=\"https:\/\/schema.org\/Person\" ><span itemprop='name'>Vincent<\/span><\/span><span class='av-structured-data'  itemprop=\"datePublished\" datetime=\"2023-06-03T08:03:02+02:00\" >2024-03-05 14:05:16<\/span><span class='av-structured-data'  itemprop=\"dateModified\" itemtype=\"https:\/\/schema.org\/dateModified\" >2024-03-21 11:47:34<\/span><span class='av-structured-data'  itemprop=\"mainEntityOfPage\" itemtype=\"https:\/\/schema.org\/mainEntityOfPage\" ><span itemprop='name'>SIEBTES YOUNG TRANS* UND INTER CAMP IM JUFA NEUTAL\/BURGENLAND<\/span><\/span><\/span><\/article><\/div><div class=\"slide-entry-wrap\"><article class='slide-entry flex_column  post-entry post-entry-2913 slide-entry-overview slide-loop-49 slide-parity-odd  av_fullwidth first real-thumbnail posttype-post post-format-standard'  itemscope=\"itemscope\" itemtype=\"https:\/\/schema.org\/CreativeWork\" ><a href='https:\/\/www.courage-beratung.at\/en\/2024\/03\/01\/queer-sex-education\/' data-rel='slide-2' class='slide-image' title='QUEER SEX EDUCATION'><img decoding=\"async\" fetchpriority=\"high\" width=\"381\" height=\"261\" src=\"https:\/\/www.courage-beratung.at\/wp-content\/uploads\/2024\/03\/queer-sex-education.png\" class=\"wp-image-2919 avia-img-lazy-loading-not-2919 attachment-large size-large wp-post-image\" alt=\"\" srcset=\"https:\/\/www.courage-beratung.at\/wp-content\/uploads\/2024\/03\/queer-sex-education.png 381w, https:\/\/www.courage-beratung.at\/wp-content\/uploads\/2024\/03\/queer-sex-education-300x206.png 300w, https:\/\/www.courage-beratung.at\/wp-content\/uploads\/2024\/03\/queer-sex-education-18x12.png 18w\" sizes=\"(max-width: 381px) 100vw, 381px\" \/><\/a><div class=\"slide-content\"><header class=\"entry-content-header\" aria-label=\"Slide: QUEER SEX EDUCATION\"><span class=\"blog-categories minor-meta\"><a href=\"https:\/\/www.courage-beratung.at\/en\/category\/sexuelle-bildung\/\" rel=\"tag\">Sexuelle Bildung<\/a> <\/span><h3 class='slide-entry-title entry-title'  itemprop=\"headline\" ><a href='https:\/\/www.courage-beratung.at\/en\/2024\/03\/01\/queer-sex-education\/' title='QUEER SEX EDUCATION'>QUEER SEX EDUCATION<\/a><\/h3><span class=\"av-vertical-delimiter\"><\/span><\/header><div class='slide-entry-excerpt entry-content'  itemprop=\"text\" >QUEER SEX EDUCATION ist das neue sexualp\u00e4dagogische Workshopformat der Beratungsstellen COURAGE*. Es richtet seinen Fokus auf LGBTIQ+ Sensibilisierung in der (au\u00dfer-)schulischen Bildungsarbeit und richtet sich an Jugendliche ab 12 Jahren. Die Workshops k\u00f6nnen von Schulen, Jugendzentren oder anderen Bildungseinrichtungen gebucht werden.<div class=\"read-more-link\"><a href=\"https:\/\/www.courage-beratung.at\/en\/2024\/03\/01\/queer-sex-education\/\" class=\"more-link\">Read more<span class='more-link-arrow avia-svg-icon avia-font-svg_entypo-fontello' data-av_svg_icon='right-open-big' data-av_iconset='svg_entypo-fontello'><svg version=\"1.1\" xmlns=\"http:\/\/www.w3.org\/2000\/svg\" width=\"15\" height=\"32\" viewbox=\"0 0 15 32\" preserveaspectratio=\"xMidYMid meet\" role=\"graphics-symbol\" aria-hidden=\"true\">\n<path d=\"M0.416 27.84l11.456-11.84-11.456-11.904q-0.832-0.832 0-1.536 0.832-0.832 1.536 0l12.544 12.608q0.768 0.832 0 1.6l-12.544 12.608q-0.704 0.832-1.536 0-0.832-0.704 0-1.536z\"><\/path>\n<\/svg><\/span><\/a><\/div><\/div><\/div><footer class=\"entry-footer\"><div class=\"slide-meta\"><time class='slide-meta-time updated'  itemprop=\"datePublished\" datetime=\"2024-03-01T20:58:57+01:00\" >1. March 2024<\/time><\/div><\/footer><span class='hidden'>\n\t\t\t\t<span class='av-structured-data'  itemprop=\"image\" itemscope=\"itemscope\" itemtype=\"https:\/\/schema.org\/ImageObject\" >\n\t\t\t\t\t\t<span itemprop='url'>https:\/\/www.courage-beratung.at\/wp-content\/uploads\/2024\/03\/queer-sex-education.png<\/span>\n\t\t\t\t\t\t<span itemprop='height'>261<\/span>\n\t\t\t\t\t\t<span itemprop='width'>381<\/span>\n\t\t\t\t<\/span>\n\t\t\t\t<span class='av-structured-data'  itemprop=\"publisher\" itemtype=\"https:\/\/schema.org\/Organization\" itemscope=\"itemscope\" >\n\t\t\t\t\t\t<span itemprop='name'>Vincent<\/span>\n\t\t\t\t\t\t<span itemprop='logo' itemscope itemtype='https:\/\/schema.org\/ImageObject'>\n\t\t\t\t\t\t\t<span itemprop='url'>https:\/\/www.courage-beratung.at\/wp-content\/uploads\/2023\/12\/COURAGE_LOGO_WEB_2022_RGB.svg<\/span>\n\t\t\t\t\t\t<\/span>\n\t\t\t\t<\/span><span class='av-structured-data'  itemprop=\"author\" itemscope=\"itemscope\" itemtype=\"https:\/\/schema.org\/Person\" ><span itemprop='name'>Vincent<\/span><\/span><span class='av-structured-data'  itemprop=\"datePublished\" datetime=\"2023-06-03T08:03:02+02:00\" >2024-03-01 20:58:57<\/span><span class='av-structured-data'  itemprop=\"dateModified\" itemtype=\"https:\/\/schema.org\/dateModified\" >2025-11-15 11:28:58<\/span><span class='av-structured-data'  itemprop=\"mainEntityOfPage\" itemtype=\"https:\/\/schema.org\/mainEntityOfPage\" ><span itemprop='name'>QUEER SEX EDUCATION<\/span><\/span><\/span><\/article><\/div><div class=\"slide-entry-wrap\"><article class='slide-entry flex_column  post-entry post-entry-2069 slide-entry-overview slide-loop-50 slide-parity-odd  av_fullwidth first real-thumbnail posttype-post post-format-standard'  itemscope=\"itemscope\" itemtype=\"https:\/\/schema.org\/CreativeWork\" ><a href='https:\/\/www.courage-beratung.at\/en\/2024\/03\/01\/projekt-6\/' data-rel='slide-2' class='slide-image' title='JETZT ANMELDEN F\u00dcR INFORMATIONSABEND &#8222;TRANS* UND INTER* PARENTS WIEN&#8220;'><img decoding=\"async\" fetchpriority=\"high\" width=\"612\" height=\"521\" src=\"https:\/\/www.courage-beratung.at\/wp-content\/uploads\/2024\/03\/istockphoto-1399611601-612x612-1.jpg\" class=\"wp-image-2294 avia-img-lazy-loading-not-2294 attachment-large size-large wp-post-image\" alt=\"\" srcset=\"https:\/\/www.courage-beratung.at\/wp-content\/uploads\/2024\/03\/istockphoto-1399611601-612x612-1.jpg 612w, https:\/\/www.courage-beratung.at\/wp-content\/uploads\/2024\/03\/istockphoto-1399611601-612x612-1-300x255.jpg 300w, https:\/\/www.courage-beratung.at\/wp-content\/uploads\/2024\/03\/istockphoto-1399611601-612x612-1-14x12.jpg 14w\" sizes=\"(max-width: 612px) 100vw, 612px\" \/><\/a><div class=\"slide-content\"><header class=\"entry-content-header\" aria-label=\"Slide: JETZT ANMELDEN F\u00dcR INFORMATIONSABEND &quot;TRANS* UND INTER* PARENTS WIEN&quot;\"><span class=\"blog-categories minor-meta\"><a href=\"https:\/\/www.courage-beratung.at\/en\/category\/allgemein\/\" rel=\"tag\">Allgemein<\/a> <\/span><h3 class='slide-entry-title entry-title'  itemprop=\"headline\" ><a href='https:\/\/www.courage-beratung.at\/en\/2024\/03\/01\/projekt-6\/' title='JETZT ANMELDEN F\u00dcR INFORMATIONSABEND &#8222;TRANS* UND INTER* PARENTS WIEN&#8220;'>JETZT ANMELDEN F\u00dcR INFORMATIONSABEND &#8222;TRANS* UND INTER* PARENTS WIEN&#8220;<\/a><\/h3><span class=\"av-vertical-delimiter\"><\/span><\/header><div class='slide-entry-excerpt entry-content'  itemprop=\"text\" >Informationsabende zu Trans*Identit\u00e4ten und Inter*Geschlechtlichkeiten f\u00fcr Eltern(-teile), Bezugspersonen und Angeh\u00f6rige<div class=\"read-more-link\"><a href=\"https:\/\/www.courage-beratung.at\/en\/2024\/03\/01\/projekt-6\/\" class=\"more-link\">Read more<span class='more-link-arrow avia-svg-icon avia-font-svg_entypo-fontello' data-av_svg_icon='right-open-big' data-av_iconset='svg_entypo-fontello'><svg version=\"1.1\" xmlns=\"http:\/\/www.w3.org\/2000\/svg\" width=\"15\" height=\"32\" viewbox=\"0 0 15 32\" preserveaspectratio=\"xMidYMid meet\" role=\"graphics-symbol\" aria-hidden=\"true\">\n<path d=\"M0.416 27.84l11.456-11.84-11.456-11.904q-0.832-0.832 0-1.536 0.832-0.832 1.536 0l12.544 12.608q0.768 0.832 0 1.6l-12.544 12.608q-0.704 0.832-1.536 0-0.832-0.704 0-1.536z\"><\/path>\n<\/svg><\/span><\/a><\/div><\/div><\/div><footer class=\"entry-footer\"><div class=\"slide-meta\"><time class='slide-meta-time updated'  itemprop=\"datePublished\" datetime=\"2024-03-01T17:03:05+01:00\" >1. March 2024<\/time><\/div><\/footer><span class='hidden'>\n\t\t\t\t<span class='av-structured-data'  itemprop=\"image\" itemscope=\"itemscope\" itemtype=\"https:\/\/schema.org\/ImageObject\" >\n\t\t\t\t\t\t<span itemprop='url'>https:\/\/www.courage-beratung.at\/wp-content\/uploads\/2024\/03\/istockphoto-1399611601-612x612-1.jpg<\/span>\n\t\t\t\t\t\t<span itemprop='height'>521<\/span>\n\t\t\t\t\t\t<span itemprop='width'>612<\/span>\n\t\t\t\t<\/span>\n\t\t\t\t<span class='av-structured-data'  itemprop=\"publisher\" itemtype=\"https:\/\/schema.org\/Organization\" itemscope=\"itemscope\" >\n\t\t\t\t\t\t<span itemprop='name'>Vincent<\/span>\n\t\t\t\t\t\t<span itemprop='logo' itemscope itemtype='https:\/\/schema.org\/ImageObject'>\n\t\t\t\t\t\t\t<span itemprop='url'>https:\/\/www.courage-beratung.at\/wp-content\/uploads\/2023\/12\/COURAGE_LOGO_WEB_2022_RGB.svg<\/span>\n\t\t\t\t\t\t<\/span>\n\t\t\t\t<\/span><span class='av-structured-data'  itemprop=\"author\" itemscope=\"itemscope\" itemtype=\"https:\/\/schema.org\/Person\" ><span itemprop='name'>Vincent<\/span><\/span><span class='av-structured-data'  itemprop=\"datePublished\" datetime=\"2023-06-03T08:03:02+02:00\" >2024-03-01 17:03:05<\/span><span class='av-structured-data'  itemprop=\"dateModified\" itemtype=\"https:\/\/schema.org\/dateModified\" >2024-03-08 12:06:07<\/span><span class='av-structured-data'  itemprop=\"mainEntityOfPage\" itemtype=\"https:\/\/schema.org\/mainEntityOfPage\" ><span itemprop='name'>JETZT ANMELDEN F\u00dcR INFORMATIONSABEND &#8222;TRANS* UND INTER* PARENTS WIEN&#8220;<\/span><\/span><\/span><\/article><\/div><div class=\"slide-entry-wrap\"><article class='slide-entry flex_column  post-entry post-entry-1998 slide-entry-overview slide-loop-51 slide-parity-odd  av_fullwidth first real-thumbnail posttype-post post-format-standard'  itemscope=\"itemscope\" itemtype=\"https:\/\/schema.org\/CreativeWork\" ><a href='https:\/\/www.courage-beratung.at\/en\/2024\/02\/24\/projekt-5\/' data-rel='slide-2' class='slide-image' title='Erstes Queeres Bildungszentrum \u00d6sterreichs er\u00f6ffnet'><img decoding=\"async\" fetchpriority=\"high\" width=\"1030\" height=\"686\" src=\"https:\/\/www.courage-beratung.at\/wp-content\/uploads\/2024\/02\/36728615_XXL-1030x686.jpg\" class=\"wp-image-2301 avia-img-lazy-loading-not-2301 attachment-large size-large wp-post-image\" alt=\"\" srcset=\"https:\/\/www.courage-beratung.at\/wp-content\/uploads\/2024\/02\/36728615_XXL-1030x686.jpg 1030w, https:\/\/www.courage-beratung.at\/wp-content\/uploads\/2024\/02\/36728615_XXL-300x200.jpg 300w, https:\/\/www.courage-beratung.at\/wp-content\/uploads\/2024\/02\/36728615_XXL-768x512.jpg 768w, https:\/\/www.courage-beratung.at\/wp-content\/uploads\/2024\/02\/36728615_XXL-1536x1024.jpg 1536w, https:\/\/www.courage-beratung.at\/wp-content\/uploads\/2024\/02\/36728615_XXL-18x12.jpg 18w, https:\/\/www.courage-beratung.at\/wp-content\/uploads\/2024\/02\/36728615_XXL-1500x1000.jpg 1500w, https:\/\/www.courage-beratung.at\/wp-content\/uploads\/2024\/02\/36728615_XXL-705x470.jpg 705w, https:\/\/www.courage-beratung.at\/wp-content\/uploads\/2024\/02\/36728615_XXL.jpg 2048w\" sizes=\"(max-width: 1030px) 100vw, 1030px\" \/><\/a><div class=\"slide-content\"><header class=\"entry-content-header\" aria-label=\"Slide: Erstes Queeres Bildungszentrum \u00d6sterreichs er\u00f6ffnet\"><span class=\"blog-categories minor-meta\"><a href=\"https:\/\/www.courage-beratung.at\/en\/category\/allgemein\/\" rel=\"tag\">Allgemein<\/a> <\/span><h3 class='slide-entry-title entry-title'  itemprop=\"headline\" ><a href='https:\/\/www.courage-beratung.at\/en\/2024\/02\/24\/projekt-5\/' title='Erstes Queeres Bildungszentrum \u00d6sterreichs er\u00f6ffnet'>Erstes Queeres Bildungszentrum \u00d6sterreichs er\u00f6ffnet<\/a><\/h3><span class=\"av-vertical-delimiter\"><\/span><\/header><div class='slide-entry-excerpt entry-content'  itemprop=\"text\" >Am 12. Oktober 2023 um 18.00 Uhr er\u00f6ffneten die Beratungsstellen Courage und die \u00d6sterreichische Gesellschaft f\u00fcr Sexualwissenschaften gemeinsam mit Vizeb\u00fcrgermeister Christoph Wiederkehr, MA, Stadtrat f\u00fcr Bildung, Jugend, Integration und Transparenz, feierlich das \u00f6sterreichweit   erste Queere Bildungszentrum.<div class=\"read-more-link\"><a href=\"https:\/\/www.courage-beratung.at\/en\/2024\/02\/24\/projekt-5\/\" class=\"more-link\">Read more<span class='more-link-arrow avia-svg-icon avia-font-svg_entypo-fontello' data-av_svg_icon='right-open-big' data-av_iconset='svg_entypo-fontello'><svg version=\"1.1\" xmlns=\"http:\/\/www.w3.org\/2000\/svg\" width=\"15\" height=\"32\" viewbox=\"0 0 15 32\" preserveaspectratio=\"xMidYMid meet\" role=\"graphics-symbol\" aria-hidden=\"true\">\n<path d=\"M0.416 27.84l11.456-11.84-11.456-11.904q-0.832-0.832 0-1.536 0.832-0.832 1.536 0l12.544 12.608q0.768 0.832 0 1.6l-12.544 12.608q-0.704 0.832-1.536 0-0.832-0.704 0-1.536z\"><\/path>\n<\/svg><\/span><\/a><\/div><\/div><\/div><footer class=\"entry-footer\"><div class=\"slide-meta\"><time class='slide-meta-time updated'  itemprop=\"datePublished\" datetime=\"2024-02-24T14:07:30+01:00\" >24. February 2024<\/time><\/div><\/footer><span class='hidden'>\n\t\t\t\t<span class='av-structured-data'  itemprop=\"image\" itemscope=\"itemscope\" itemtype=\"https:\/\/schema.org\/ImageObject\" >\n\t\t\t\t\t\t<span itemprop='url'>https:\/\/www.courage-beratung.at\/wp-content\/uploads\/2024\/02\/36728615_XXL.jpg<\/span>\n\t\t\t\t\t\t<span itemprop='height'>1365<\/span>\n\t\t\t\t\t\t<span itemprop='width'>2048<\/span>\n\t\t\t\t<\/span>\n\t\t\t\t<span class='av-structured-data'  itemprop=\"publisher\" itemtype=\"https:\/\/schema.org\/Organization\" itemscope=\"itemscope\" >\n\t\t\t\t\t\t<span itemprop='name'>Vincent<\/span>\n\t\t\t\t\t\t<span itemprop='logo' itemscope itemtype='https:\/\/schema.org\/ImageObject'>\n\t\t\t\t\t\t\t<span itemprop='url'>https:\/\/www.courage-beratung.at\/wp-content\/uploads\/2023\/12\/COURAGE_LOGO_WEB_2022_RGB.svg<\/span>\n\t\t\t\t\t\t<\/span>\n\t\t\t\t<\/span><span class='av-structured-data'  itemprop=\"author\" itemscope=\"itemscope\" itemtype=\"https:\/\/schema.org\/Person\" ><span itemprop='name'>Vincent<\/span><\/span><span class='av-structured-data'  itemprop=\"datePublished\" datetime=\"2023-06-03T08:03:02+02:00\" >2024-02-24 14:07:30<\/span><span class='av-structured-data'  itemprop=\"dateModified\" itemtype=\"https:\/\/schema.org\/dateModified\" >2024-03-08 12:15:43<\/span><span class='av-structured-data'  itemprop=\"mainEntityOfPage\" itemtype=\"https:\/\/schema.org\/mainEntityOfPage\" ><span itemprop='name'>Erstes Queeres Bildungszentrum \u00d6sterreichs er\u00f6ffnet<\/span><\/span><\/span><\/article><\/div><div class=\"slide-entry-wrap\"><article class='slide-entry flex_column  post-entry post-entry-2401 slide-entry-overview slide-loop-52 slide-parity-odd  av_fullwidth first real-thumbnail posttype-post post-format-standard'  itemscope=\"itemscope\" itemtype=\"https:\/\/schema.org\/CreativeWork\" ><a href='https:\/\/www.courage-beratung.at\/en\/2023\/10\/15\/ausgebucht-trans-und-nicht-binare-personen-und-ihre-angehorigen-in-der-beratung-psychotherapie\/' data-rel='slide-2' class='slide-image' title='Sexualit\u00e4t und Sexuelle Bildung in einer transkulturellen Gesellschaft'><img decoding=\"async\" fetchpriority=\"high\" width=\"680\" height=\"419\" src=\"https:\/\/www.courage-beratung.at\/wp-content\/uploads\/2024\/03\/5a2449b0ab5bc9c9f004e818b8b4db7d.jpg\" class=\"wp-image-2403 avia-img-lazy-loading-not-2403 attachment-large size-large wp-post-image\" alt=\"\" srcset=\"https:\/\/www.courage-beratung.at\/wp-content\/uploads\/2024\/03\/5a2449b0ab5bc9c9f004e818b8b4db7d.jpg 680w, https:\/\/www.courage-beratung.at\/wp-content\/uploads\/2024\/03\/5a2449b0ab5bc9c9f004e818b8b4db7d-300x185.jpg 300w, https:\/\/www.courage-beratung.at\/wp-content\/uploads\/2024\/03\/5a2449b0ab5bc9c9f004e818b8b4db7d-18x12.jpg 18w\" sizes=\"(max-width: 680px) 100vw, 680px\" \/><\/a><div class=\"slide-content\"><header class=\"entry-content-header\" aria-label=\"Slide: Sexualit\u00e4t und Sexuelle Bildung in einer transkulturellen Gesellschaft\"><span class=\"blog-categories minor-meta\"><a href=\"https:\/\/www.courage-beratung.at\/en\/category\/seminare\/\" rel=\"tag\">Seminare<\/a> <\/span><h3 class='slide-entry-title entry-title'  itemprop=\"headline\" ><a href='https:\/\/www.courage-beratung.at\/en\/2023\/10\/15\/ausgebucht-trans-und-nicht-binare-personen-und-ihre-angehorigen-in-der-beratung-psychotherapie\/' title='Sexualit\u00e4t und Sexuelle Bildung in einer transkulturellen Gesellschaft'>Sexualit\u00e4t und Sexuelle Bildung in einer transkulturellen Gesellschaft<\/a><\/h3><span class=\"av-vertical-delimiter\"><\/span><\/header><div class='slide-entry-excerpt entry-content'  itemprop=\"text\" >In diesem Seminar besch\u00e4ftigen wir uns mit den vielf\u00e4ltigen Einfl\u00fcssen, die Kulturen und Religionen\nauf Sexualit\u00e4t und Beziehungen haben k\u00f6nnen, und wie damit in der Sexuellen Bildung umgegangen\nwerden kann.<div class=\"read-more-link\"><a href=\"https:\/\/www.courage-beratung.at\/en\/2023\/10\/15\/ausgebucht-trans-und-nicht-binare-personen-und-ihre-angehorigen-in-der-beratung-psychotherapie\/\" class=\"more-link\">Read more<span class='more-link-arrow avia-svg-icon avia-font-svg_entypo-fontello' data-av_svg_icon='right-open-big' data-av_iconset='svg_entypo-fontello'><svg version=\"1.1\" xmlns=\"http:\/\/www.w3.org\/2000\/svg\" width=\"15\" height=\"32\" viewbox=\"0 0 15 32\" preserveaspectratio=\"xMidYMid meet\" role=\"graphics-symbol\" aria-hidden=\"true\">\n<path d=\"M0.416 27.84l11.456-11.84-11.456-11.904q-0.832-0.832 0-1.536 0.832-0.832 1.536 0l12.544 12.608q0.768 0.832 0 1.6l-12.544 12.608q-0.704 0.832-1.536 0-0.832-0.704 0-1.536z\"><\/path>\n<\/svg><\/span><\/a><\/div><\/div><\/div><footer class=\"entry-footer\"><div class=\"slide-meta\"><time class='slide-meta-time updated'  itemprop=\"datePublished\" datetime=\"2023-10-15T09:35:00+02:00\" >15. October 2023<\/time><\/div><\/footer><span class='hidden'>\n\t\t\t\t<span class='av-structured-data'  itemprop=\"image\" itemscope=\"itemscope\" itemtype=\"https:\/\/schema.org\/ImageObject\" >\n\t\t\t\t\t\t<span itemprop='url'>https:\/\/www.courage-beratung.at\/wp-content\/uploads\/2024\/03\/5a2449b0ab5bc9c9f004e818b8b4db7d.jpg<\/span>\n\t\t\t\t\t\t<span itemprop='height'>419<\/span>\n\t\t\t\t\t\t<span itemprop='width'>680<\/span>\n\t\t\t\t<\/span>\n\t\t\t\t<span class='av-structured-data'  itemprop=\"publisher\" itemtype=\"https:\/\/schema.org\/Organization\" itemscope=\"itemscope\" >\n\t\t\t\t\t\t<span itemprop='name'>Vincent<\/span>\n\t\t\t\t\t\t<span itemprop='logo' itemscope itemtype='https:\/\/schema.org\/ImageObject'>\n\t\t\t\t\t\t\t<span itemprop='url'>https:\/\/www.courage-beratung.at\/wp-content\/uploads\/2023\/12\/COURAGE_LOGO_WEB_2022_RGB.svg<\/span>\n\t\t\t\t\t\t<\/span>\n\t\t\t\t<\/span><span class='av-structured-data'  itemprop=\"author\" itemscope=\"itemscope\" itemtype=\"https:\/\/schema.org\/Person\" ><span itemprop='name'>Vincent<\/span><\/span><span class='av-structured-data'  itemprop=\"datePublished\" datetime=\"2023-06-03T08:03:02+02:00\" >2023-10-15 09:35:00<\/span><span class='av-structured-data'  itemprop=\"dateModified\" itemtype=\"https:\/\/schema.org\/dateModified\" >2024-03-14 13:50:57<\/span><span class='av-structured-data'  itemprop=\"mainEntityOfPage\" itemtype=\"https:\/\/schema.org\/mainEntityOfPage\" ><span itemprop='name'>Sexualit\u00e4t und Sexuelle Bildung in einer transkulturellen Gesellschaft<\/span><\/span><\/span><\/article><\/div><div class=\"slide-entry-wrap\"><article class='slide-entry flex_column  post-entry post-entry-2405 slide-entry-overview slide-loop-53 slide-parity-odd  av_fullwidth first real-thumbnail posttype-post post-format-standard'  itemscope=\"itemscope\" itemtype=\"https:\/\/schema.org\/CreativeWork\" ><a href='https:\/\/www.courage-beratung.at\/en\/2023\/10\/02\/sexualitat-und-sexuelle-bildung-in-einer-transkulturellen-gesellschaft\/' data-rel='slide-2' class='slide-image' title='Kompetenzentwicklung in der Beratungsarbeit im Kontext von ChemSex und sexualisierter Substanzkonsum'><img decoding=\"async\" fetchpriority=\"high\" width=\"800\" height=\"534\" src=\"https:\/\/www.courage-beratung.at\/wp-content\/uploads\/2024\/03\/chemsex_RS.jpg\" class=\"wp-image-2407 avia-img-lazy-loading-not-2407 attachment-large size-large wp-post-image\" alt=\"\" srcset=\"https:\/\/www.courage-beratung.at\/wp-content\/uploads\/2024\/03\/chemsex_RS.jpg 800w, https:\/\/www.courage-beratung.at\/wp-content\/uploads\/2024\/03\/chemsex_RS-300x200.jpg 300w, https:\/\/www.courage-beratung.at\/wp-content\/uploads\/2024\/03\/chemsex_RS-768x513.jpg 768w, https:\/\/www.courage-beratung.at\/wp-content\/uploads\/2024\/03\/chemsex_RS-18x12.jpg 18w, https:\/\/www.courage-beratung.at\/wp-content\/uploads\/2024\/03\/chemsex_RS-705x471.jpg 705w\" sizes=\"(max-width: 800px) 100vw, 800px\" \/><\/a><div class=\"slide-content\"><header class=\"entry-content-header\" aria-label=\"Slide: Kompetenzentwicklung in der Beratungsarbeit im Kontext von ChemSex und sexualisierter Substanzkonsum\"><span class=\"blog-categories minor-meta\"><a href=\"https:\/\/www.courage-beratung.at\/en\/category\/seminare\/\" rel=\"tag\">Seminare<\/a> <\/span><h3 class='slide-entry-title entry-title'  itemprop=\"headline\" ><a href='https:\/\/www.courage-beratung.at\/en\/2023\/10\/02\/sexualitat-und-sexuelle-bildung-in-einer-transkulturellen-gesellschaft\/' title='Kompetenzentwicklung in der Beratungsarbeit im Kontext von ChemSex und sexualisierter Substanzkonsum'>Kompetenzentwicklung in der Beratungsarbeit im Kontext von ChemSex und sexualisierter Substanzkonsum<\/a><\/h3><span class=\"av-vertical-delimiter\"><\/span><\/header><div class='slide-entry-excerpt entry-content'  itemprop=\"text\" >Diskriminierungs- und Ausgrenzungserfahrungen ist noch immer ein Bestandteil von vielen LGBTIQ+. Diese Erfahrungen wirken sich auf die Leben von Betroffenen aus. Hieraus resultieren h\u00e4ufig spezifische Beratungsbedarfe.<div class=\"read-more-link\"><a href=\"https:\/\/www.courage-beratung.at\/en\/2023\/10\/02\/sexualitat-und-sexuelle-bildung-in-einer-transkulturellen-gesellschaft\/\" class=\"more-link\">Read more<span class='more-link-arrow avia-svg-icon avia-font-svg_entypo-fontello' data-av_svg_icon='right-open-big' data-av_iconset='svg_entypo-fontello'><svg version=\"1.1\" xmlns=\"http:\/\/www.w3.org\/2000\/svg\" width=\"15\" height=\"32\" viewbox=\"0 0 15 32\" preserveaspectratio=\"xMidYMid meet\" role=\"graphics-symbol\" aria-hidden=\"true\">\n<path d=\"M0.416 27.84l11.456-11.84-11.456-11.904q-0.832-0.832 0-1.536 0.832-0.832 1.536 0l12.544 12.608q0.768 0.832 0 1.6l-12.544 12.608q-0.704 0.832-1.536 0-0.832-0.704 0-1.536z\"><\/path>\n<\/svg><\/span><\/a><\/div><\/div><\/div><footer class=\"entry-footer\"><div class=\"slide-meta\"><time class='slide-meta-time updated'  itemprop=\"datePublished\" datetime=\"2023-10-02T10:00:00+02:00\" >2. October 2023<\/time><\/div><\/footer><span class='hidden'>\n\t\t\t\t<span class='av-structured-data'  itemprop=\"image\" itemscope=\"itemscope\" itemtype=\"https:\/\/schema.org\/ImageObject\" >\n\t\t\t\t\t\t<span itemprop='url'>https:\/\/www.courage-beratung.at\/wp-content\/uploads\/2024\/03\/chemsex_RS.jpg<\/span>\n\t\t\t\t\t\t<span itemprop='height'>534<\/span>\n\t\t\t\t\t\t<span itemprop='width'>800<\/span>\n\t\t\t\t<\/span>\n\t\t\t\t<span class='av-structured-data'  itemprop=\"publisher\" itemtype=\"https:\/\/schema.org\/Organization\" itemscope=\"itemscope\" >\n\t\t\t\t\t\t<span itemprop='name'>Vincent<\/span>\n\t\t\t\t\t\t<span itemprop='logo' itemscope itemtype='https:\/\/schema.org\/ImageObject'>\n\t\t\t\t\t\t\t<span itemprop='url'>https:\/\/www.courage-beratung.at\/wp-content\/uploads\/2023\/12\/COURAGE_LOGO_WEB_2022_RGB.svg<\/span>\n\t\t\t\t\t\t<\/span>\n\t\t\t\t<\/span><span class='av-structured-data'  itemprop=\"author\" itemscope=\"itemscope\" itemtype=\"https:\/\/schema.org\/Person\" ><span itemprop='name'>Vincent<\/span><\/span><span class='av-structured-data'  itemprop=\"datePublished\" datetime=\"2023-06-03T08:03:02+02:00\" >2023-10-02 10:00:00<\/span><span class='av-structured-data'  itemprop=\"dateModified\" itemtype=\"https:\/\/schema.org\/dateModified\" >2024-03-14 13:43:47<\/span><span class='av-structured-data'  itemprop=\"mainEntityOfPage\" itemtype=\"https:\/\/schema.org\/mainEntityOfPage\" ><span itemprop='name'>Kompetenzentwicklung in der Beratungsarbeit im Kontext von ChemSex und sexualisierter Substanzkonsum<\/span><\/span><\/span><\/article><\/div><div class=\"slide-entry-wrap\"><article class='slide-entry flex_column  post-entry post-entry-2397 slide-entry-overview slide-loop-54 slide-parity-odd  av_fullwidth first real-thumbnail posttype-post post-format-standard'  itemscope=\"itemscope\" itemtype=\"https:\/\/schema.org\/CreativeWork\" ><a href='https:\/\/www.courage-beratung.at\/en\/2023\/10\/01\/die-beratungsstelle-courage-linz-sucht-administratorin-koordinatorin\/' data-rel='slide-2' class='slide-image' title='Trans* und nicht-bin\u00e4re Personen und ihre Angeh\u00f6rigen in der Beratung\/ Psychotherapie'><img decoding=\"async\" fetchpriority=\"high\" width=\"600\" height=\"600\" src=\"https:\/\/www.courage-beratung.at\/wp-content\/uploads\/2024\/03\/stsmall507x507-pad600x600f8f8f8.jpg\" class=\"wp-image-2399 avia-img-lazy-loading-not-2399 attachment-large size-large wp-post-image\" alt=\"\" srcset=\"https:\/\/www.courage-beratung.at\/wp-content\/uploads\/2024\/03\/stsmall507x507-pad600x600f8f8f8.jpg 600w, https:\/\/www.courage-beratung.at\/wp-content\/uploads\/2024\/03\/stsmall507x507-pad600x600f8f8f8-300x300.jpg 300w, https:\/\/www.courage-beratung.at\/wp-content\/uploads\/2024\/03\/stsmall507x507-pad600x600f8f8f8-80x80.jpg 80w, https:\/\/www.courage-beratung.at\/wp-content\/uploads\/2024\/03\/stsmall507x507-pad600x600f8f8f8-12x12.jpg 12w, https:\/\/www.courage-beratung.at\/wp-content\/uploads\/2024\/03\/stsmall507x507-pad600x600f8f8f8-36x36.jpg 36w, https:\/\/www.courage-beratung.at\/wp-content\/uploads\/2024\/03\/stsmall507x507-pad600x600f8f8f8-180x180.jpg 180w\" sizes=\"(max-width: 600px) 100vw, 600px\" \/><\/a><div class=\"slide-content\"><header class=\"entry-content-header\" aria-label=\"Slide: Trans* und nicht-bin\u00e4re Personen und ihre Angeh\u00f6rigen in der Beratung\/ Psychotherapie\"><span class=\"blog-categories minor-meta\"><a href=\"https:\/\/www.courage-beratung.at\/en\/category\/seminare\/\" rel=\"tag\">Seminare<\/a> <\/span><h3 class='slide-entry-title entry-title'  itemprop=\"headline\" ><a href='https:\/\/www.courage-beratung.at\/en\/2023\/10\/01\/die-beratungsstelle-courage-linz-sucht-administratorin-koordinatorin\/' title='Trans* und nicht-bin\u00e4re Personen und ihre Angeh\u00f6rigen in der Beratung\/ Psychotherapie'>Trans* und nicht-bin\u00e4re Personen und ihre Angeh\u00f6rigen in der Beratung\/ Psychotherapie<\/a><\/h3><span class=\"av-vertical-delimiter\"><\/span><\/header><div class='slide-entry-excerpt entry-content'  itemprop=\"text\" >Trans*Gender, Trans*Identit\u00e4ten, Gender*Fluid, Nonbinary*Gender, Gender*Dysphorie, Gender* Inkongruenz\u2026 Alle diese Begriffe bezeichnen Personen, die in unterschiedlichster Weise nicht den g\u00e4ngigen Vorstellungen von Geschlecht und\/oder Geschlechts*Identit\u00e4t folgen k\u00f6nnen bzw. folgen wollen, sondern andere Wege gehen.\n<div class=\"read-more-link\"><a href=\"https:\/\/www.courage-beratung.at\/en\/2023\/10\/01\/die-beratungsstelle-courage-linz-sucht-administratorin-koordinatorin\/\" class=\"more-link\">Read more<span class='more-link-arrow avia-svg-icon avia-font-svg_entypo-fontello' data-av_svg_icon='right-open-big' data-av_iconset='svg_entypo-fontello'><svg version=\"1.1\" xmlns=\"http:\/\/www.w3.org\/2000\/svg\" width=\"15\" height=\"32\" viewbox=\"0 0 15 32\" preserveaspectratio=\"xMidYMid meet\" role=\"graphics-symbol\" aria-hidden=\"true\">\n<path d=\"M0.416 27.84l11.456-11.84-11.456-11.904q-0.832-0.832 0-1.536 0.832-0.832 1.536 0l12.544 12.608q0.768 0.832 0 1.6l-12.544 12.608q-0.704 0.832-1.536 0-0.832-0.704 0-1.536z\"><\/path>\n<\/svg><\/span><\/a><\/div><\/div><\/div><footer class=\"entry-footer\"><div class=\"slide-meta\"><time class='slide-meta-time updated'  itemprop=\"datePublished\" datetime=\"2023-10-01T09:19:00+02:00\" >1. October 2023<\/time><\/div><\/footer><span class='hidden'>\n\t\t\t\t<span class='av-structured-data'  itemprop=\"image\" itemscope=\"itemscope\" itemtype=\"https:\/\/schema.org\/ImageObject\" >\n\t\t\t\t\t\t<span itemprop='url'>https:\/\/www.courage-beratung.at\/wp-content\/uploads\/2024\/03\/stsmall507x507-pad600x600f8f8f8.jpg<\/span>\n\t\t\t\t\t\t<span itemprop='height'>600<\/span>\n\t\t\t\t\t\t<span itemprop='width'>600<\/span>\n\t\t\t\t<\/span>\n\t\t\t\t<span class='av-structured-data'  itemprop=\"publisher\" itemtype=\"https:\/\/schema.org\/Organization\" itemscope=\"itemscope\" >\n\t\t\t\t\t\t<span itemprop='name'>Vincent<\/span>\n\t\t\t\t\t\t<span itemprop='logo' itemscope itemtype='https:\/\/schema.org\/ImageObject'>\n\t\t\t\t\t\t\t<span itemprop='url'>https:\/\/www.courage-beratung.at\/wp-content\/uploads\/2023\/12\/COURAGE_LOGO_WEB_2022_RGB.svg<\/span>\n\t\t\t\t\t\t<\/span>\n\t\t\t\t<\/span><span class='av-structured-data'  itemprop=\"author\" itemscope=\"itemscope\" itemtype=\"https:\/\/schema.org\/Person\" ><span itemprop='name'>Vincent<\/span><\/span><span class='av-structured-data'  itemprop=\"datePublished\" datetime=\"2023-06-03T08:03:02+02:00\" >2023-10-01 09:19:00<\/span><span class='av-structured-data'  itemprop=\"dateModified\" itemtype=\"https:\/\/schema.org\/dateModified\" >2024-03-14 13:42:46<\/span><span class='av-structured-data'  itemprop=\"mainEntityOfPage\" itemtype=\"https:\/\/schema.org\/mainEntityOfPage\" ><span itemprop='name'>Trans* und nicht-bin\u00e4re Personen und ihre Angeh\u00f6rigen in der Beratung\/ Psychotherapie<\/span><\/span><\/span><\/article><\/div><div class=\"slide-entry-wrap\"><article class='slide-entry flex_column  post-entry post-entry-1971 slide-entry-overview slide-loop-55 slide-parity-odd  av_fullwidth first real-thumbnail posttype-post post-format-standard'  itemscope=\"itemscope\" itemtype=\"https:\/\/schema.org\/CreativeWork\" ><a href='https:\/\/www.courage-beratung.at\/en\/2023\/02\/24\/projekt-3\/' data-rel='slide-2' class='slide-image' title='Young Trans*Inter*Camp 2023'><img decoding=\"async\" fetchpriority=\"high\" width=\"1024\" height=\"683\" src=\"https:\/\/www.courage-beratung.at\/wp-content\/uploads\/2024\/02\/17508179.jpg\" class=\"wp-image-2466 avia-img-lazy-loading-not-2466 attachment-large size-large wp-post-image\" alt=\"\" srcset=\"https:\/\/www.courage-beratung.at\/wp-content\/uploads\/2024\/02\/17508179.jpg 1024w, https:\/\/www.courage-beratung.at\/wp-content\/uploads\/2024\/02\/17508179-300x200.jpg 300w, https:\/\/www.courage-beratung.at\/wp-content\/uploads\/2024\/02\/17508179-768x512.jpg 768w, https:\/\/www.courage-beratung.at\/wp-content\/uploads\/2024\/02\/17508179-18x12.jpg 18w, https:\/\/www.courage-beratung.at\/wp-content\/uploads\/2024\/02\/17508179-705x470.jpg 705w\" sizes=\"(max-width: 1024px) 100vw, 1024px\" \/><\/a><div class=\"slide-content\"><header class=\"entry-content-header\" aria-label=\"Slide: Young Trans*Inter*Camp 2023\"><span class=\"blog-categories minor-meta\"><a href=\"https:\/\/www.courage-beratung.at\/en\/category\/projekte\/\" rel=\"tag\">Projekte<\/a> <\/span><h3 class='slide-entry-title entry-title'  itemprop=\"headline\" ><a href='https:\/\/www.courage-beratung.at\/en\/2023\/02\/24\/projekt-3\/' title='Young Trans*Inter*Camp 2023'>Young Trans*Inter*Camp 2023<\/a><\/h3><span class=\"av-vertical-delimiter\"><\/span><\/header><div class='slide-entry-excerpt entry-content'  itemprop=\"text\" >Vom 19.Juli 2022 \u2013 23.Juli 2022\n\nfindet erneut das Young Trans*Inter*Camp f\u00fcr Kinder und Jugendliche zwischen 10 und 22 Jahren statt. Heuer werden wir im Jufa in Bleiburg\/K\u00e4rnten sein. Ihr k\u00f6nnt euch ab jetzt daf\u00fcr anmelden. Die Anmeldung ist fix sobald der Campbeitrag bezahlt ist.<div class=\"read-more-link\"><a href=\"https:\/\/www.courage-beratung.at\/en\/2023\/02\/24\/projekt-3\/\" class=\"more-link\">Read more<span class='more-link-arrow avia-svg-icon avia-font-svg_entypo-fontello' data-av_svg_icon='right-open-big' data-av_iconset='svg_entypo-fontello'><svg version=\"1.1\" xmlns=\"http:\/\/www.w3.org\/2000\/svg\" width=\"15\" height=\"32\" viewbox=\"0 0 15 32\" preserveaspectratio=\"xMidYMid meet\" role=\"graphics-symbol\" aria-hidden=\"true\">\n<path d=\"M0.416 27.84l11.456-11.84-11.456-11.904q-0.832-0.832 0-1.536 0.832-0.832 1.536 0l12.544 12.608q0.768 0.832 0 1.6l-12.544 12.608q-0.704 0.832-1.536 0-0.832-0.704 0-1.536z\"><\/path>\n<\/svg><\/span><\/a><\/div><\/div><\/div><footer class=\"entry-footer\"><div class=\"slide-meta\"><time class='slide-meta-time updated'  itemprop=\"datePublished\" datetime=\"2023-02-24T10:44:00+01:00\" >24. February 2023<\/time><\/div><\/footer><span class='hidden'>\n\t\t\t\t<span class='av-structured-data'  itemprop=\"image\" itemscope=\"itemscope\" itemtype=\"https:\/\/schema.org\/ImageObject\" >\n\t\t\t\t\t\t<span itemprop='url'>https:\/\/www.courage-beratung.at\/wp-content\/uploads\/2024\/02\/17508179.jpg<\/span>\n\t\t\t\t\t\t<span itemprop='height'>683<\/span>\n\t\t\t\t\t\t<span itemprop='width'>1024<\/span>\n\t\t\t\t<\/span>\n\t\t\t\t<span class='av-structured-data'  itemprop=\"publisher\" itemtype=\"https:\/\/schema.org\/Organization\" itemscope=\"itemscope\" >\n\t\t\t\t\t\t<span itemprop='name'>Vincent<\/span>\n\t\t\t\t\t\t<span itemprop='logo' itemscope itemtype='https:\/\/schema.org\/ImageObject'>\n\t\t\t\t\t\t\t<span itemprop='url'>https:\/\/www.courage-beratung.at\/wp-content\/uploads\/2023\/12\/COURAGE_LOGO_WEB_2022_RGB.svg<\/span>\n\t\t\t\t\t\t<\/span>\n\t\t\t\t<\/span><span class='av-structured-data'  itemprop=\"author\" itemscope=\"itemscope\" itemtype=\"https:\/\/schema.org\/Person\" ><span itemprop='name'>Vincent<\/span><\/span><span class='av-structured-data'  itemprop=\"datePublished\" datetime=\"2023-06-03T08:03:02+02:00\" >2023-02-24 10:44:00<\/span><span class='av-structured-data'  itemprop=\"dateModified\" itemtype=\"https:\/\/schema.org\/dateModified\" >2024-03-18 16:02:28<\/span><span class='av-structured-data'  itemprop=\"mainEntityOfPage\" itemtype=\"https:\/\/schema.org\/mainEntityOfPage\" ><span itemprop='name'>Young Trans*Inter*Camp 2023<\/span><\/span><\/span><\/article><\/div><div class=\"slide-entry-wrap\"><article class='slide-entry flex_column  post-entry post-entry-2415 slide-entry-overview slide-loop-56 slide-parity-odd  av_fullwidth first real-thumbnail posttype-post post-format-standard'  itemscope=\"itemscope\" itemtype=\"https:\/\/schema.org\/CreativeWork\" ><a href='https:\/\/www.courage-beratung.at\/en\/2022\/09\/01\/substanzkonsum-im-kontext-von-lgbtiq-sexualisierter-substanzkonsum-und-chemsex\/' data-rel='slide-2' class='slide-image' title='Sexualit\u00e4t in Beratung und Psychotherapie'><img decoding=\"async\" fetchpriority=\"high\" width=\"812\" height=\"500\" src=\"https:\/\/www.courage-beratung.at\/wp-content\/uploads\/2024\/03\/lgbtq-flag-puzzle-1628776797-hero.jpg\" class=\"wp-image-2417 avia-img-lazy-loading-not-2417 attachment-large size-large wp-post-image\" alt=\"\" srcset=\"https:\/\/www.courage-beratung.at\/wp-content\/uploads\/2024\/03\/lgbtq-flag-puzzle-1628776797-hero.jpg 812w, https:\/\/www.courage-beratung.at\/wp-content\/uploads\/2024\/03\/lgbtq-flag-puzzle-1628776797-hero-300x185.jpg 300w, https:\/\/www.courage-beratung.at\/wp-content\/uploads\/2024\/03\/lgbtq-flag-puzzle-1628776797-hero-768x473.jpg 768w, https:\/\/www.courage-beratung.at\/wp-content\/uploads\/2024\/03\/lgbtq-flag-puzzle-1628776797-hero-18x12.jpg 18w, https:\/\/www.courage-beratung.at\/wp-content\/uploads\/2024\/03\/lgbtq-flag-puzzle-1628776797-hero-705x434.jpg 705w\" sizes=\"(max-width: 812px) 100vw, 812px\" \/><\/a><div class=\"slide-content\"><header class=\"entry-content-header\" aria-label=\"Slide: Sexualit\u00e4t in Beratung und Psychotherapie\"><span class=\"blog-categories minor-meta\"><a href=\"https:\/\/www.courage-beratung.at\/en\/category\/seminare\/\" rel=\"tag\">Seminare<\/a> <\/span><h3 class='slide-entry-title entry-title'  itemprop=\"headline\" ><a href='https:\/\/www.courage-beratung.at\/en\/2022\/09\/01\/substanzkonsum-im-kontext-von-lgbtiq-sexualisierter-substanzkonsum-und-chemsex\/' title='Sexualit\u00e4t in Beratung und Psychotherapie'>Sexualit\u00e4t in Beratung und Psychotherapie<\/a><\/h3><span class=\"av-vertical-delimiter\"><\/span><\/header><div class='slide-entry-excerpt entry-content'  itemprop=\"text\" >Sexuelle Unsicherheiten, Probleme und St\u00f6rungen sind f\u00fcr Klient*innen in den unterschiedlichen Lebensphasen oft enorm belastend und f\u00fchren nicht selten zu starken seelischen Verstimmungen, depressiven Episoden, Angstzust\u00e4nden, Panikattacken, S\u00fcchten, exzessiven Internetverhalten, Trennungen, Perversionen bis hin zu suizidalen Gedanken.<div class=\"read-more-link\"><a href=\"https:\/\/www.courage-beratung.at\/en\/2022\/09\/01\/substanzkonsum-im-kontext-von-lgbtiq-sexualisierter-substanzkonsum-und-chemsex\/\" class=\"more-link\">Read more<span class='more-link-arrow avia-svg-icon avia-font-svg_entypo-fontello' data-av_svg_icon='right-open-big' data-av_iconset='svg_entypo-fontello'><svg version=\"1.1\" xmlns=\"http:\/\/www.w3.org\/2000\/svg\" width=\"15\" height=\"32\" viewbox=\"0 0 15 32\" preserveaspectratio=\"xMidYMid meet\" role=\"graphics-symbol\" aria-hidden=\"true\">\n<path d=\"M0.416 27.84l11.456-11.84-11.456-11.904q-0.832-0.832 0-1.536 0.832-0.832 1.536 0l12.544 12.608q0.768 0.832 0 1.6l-12.544 12.608q-0.704 0.832-1.536 0-0.832-0.704 0-1.536z\"><\/path>\n<\/svg><\/span><\/a><\/div><\/div><\/div><footer class=\"entry-footer\"><div class=\"slide-meta\"><time class='slide-meta-time updated'  itemprop=\"datePublished\" datetime=\"2022-09-01T12:30:00+02:00\" >1. September 2022<\/time><\/div><\/footer><span class='hidden'>\n\t\t\t\t<span class='av-structured-data'  itemprop=\"image\" itemscope=\"itemscope\" itemtype=\"https:\/\/schema.org\/ImageObject\" >\n\t\t\t\t\t\t<span itemprop='url'>https:\/\/www.courage-beratung.at\/wp-content\/uploads\/2024\/03\/lgbtq-flag-puzzle-1628776797-hero.jpg<\/span>\n\t\t\t\t\t\t<span itemprop='height'>500<\/span>\n\t\t\t\t\t\t<span itemprop='width'>812<\/span>\n\t\t\t\t<\/span>\n\t\t\t\t<span class='av-structured-data'  itemprop=\"publisher\" itemtype=\"https:\/\/schema.org\/Organization\" itemscope=\"itemscope\" >\n\t\t\t\t\t\t<span itemprop='name'>Vincent<\/span>\n\t\t\t\t\t\t<span itemprop='logo' itemscope itemtype='https:\/\/schema.org\/ImageObject'>\n\t\t\t\t\t\t\t<span itemprop='url'>https:\/\/www.courage-beratung.at\/wp-content\/uploads\/2023\/12\/COURAGE_LOGO_WEB_2022_RGB.svg<\/span>\n\t\t\t\t\t\t<\/span>\n\t\t\t\t<\/span><span class='av-structured-data'  itemprop=\"author\" itemscope=\"itemscope\" itemtype=\"https:\/\/schema.org\/Person\" ><span itemprop='name'>Vincent<\/span><\/span><span class='av-structured-data'  itemprop=\"datePublished\" datetime=\"2023-06-03T08:03:02+02:00\" >2022-09-01 12:30:00<\/span><span class='av-structured-data'  itemprop=\"dateModified\" itemtype=\"https:\/\/schema.org\/dateModified\" >2024-03-14 13:47:02<\/span><span class='av-structured-data'  itemprop=\"mainEntityOfPage\" itemtype=\"https:\/\/schema.org\/mainEntityOfPage\" ><span itemprop='name'>Sexualit\u00e4t in Beratung und Psychotherapie<\/span><\/span><\/span><\/article><\/div><div class=\"slide-entry-wrap\"><article class='slide-entry flex_column  post-entry post-entry-2411 slide-entry-overview slide-loop-57 slide-parity-odd  av_fullwidth first real-thumbnail posttype-post post-format-standard'  itemscope=\"itemscope\" itemtype=\"https:\/\/schema.org\/CreativeWork\" ><a href='https:\/\/www.courage-beratung.at\/en\/2022\/07\/14\/kompetenzentwicklung-in-der-beratungsarbeit-im-kontext-von-chemsex-und-sexualisierter-substanzkonsum\/' data-rel='slide-2' class='slide-image' title='Substanzkonsum im Kontext von LGBTIQ+, sexualisierter Substanzkonsum und ChemSex'><img decoding=\"async\" fetchpriority=\"high\" width=\"885\" height=\"500\" src=\"https:\/\/www.courage-beratung.at\/wp-content\/uploads\/2024\/03\/image.jpg\" class=\"wp-image-2413 avia-img-lazy-loading-not-2413 attachment-large size-large wp-post-image\" alt=\"\" srcset=\"https:\/\/www.courage-beratung.at\/wp-content\/uploads\/2024\/03\/image.jpg 885w, https:\/\/www.courage-beratung.at\/wp-content\/uploads\/2024\/03\/image-300x169.jpg 300w, https:\/\/www.courage-beratung.at\/wp-content\/uploads\/2024\/03\/image-768x434.jpg 768w, https:\/\/www.courage-beratung.at\/wp-content\/uploads\/2024\/03\/image-18x10.jpg 18w, https:\/\/www.courage-beratung.at\/wp-content\/uploads\/2024\/03\/image-705x398.jpg 705w\" sizes=\"(max-width: 885px) 100vw, 885px\" \/><\/a><div class=\"slide-content\"><header class=\"entry-content-header\" aria-label=\"Slide: Substanzkonsum im Kontext von LGBTIQ+, sexualisierter Substanzkonsum und ChemSex\"><span class=\"blog-categories minor-meta\"><a href=\"https:\/\/www.courage-beratung.at\/en\/category\/seminare\/\" rel=\"tag\">Seminare<\/a> <\/span><h3 class='slide-entry-title entry-title'  itemprop=\"headline\" ><a href='https:\/\/www.courage-beratung.at\/en\/2022\/07\/14\/kompetenzentwicklung-in-der-beratungsarbeit-im-kontext-von-chemsex-und-sexualisierter-substanzkonsum\/' title='Substanzkonsum im Kontext von LGBTIQ+, sexualisierter Substanzkonsum und ChemSex'>Substanzkonsum im Kontext von LGBTIQ+, sexualisierter Substanzkonsum und ChemSex<\/a><\/h3><span class=\"av-vertical-delimiter\"><\/span><\/header><div class='slide-entry-excerpt entry-content'  itemprop=\"text\" >Diskriminierungs- und Ausgrenzungserfahrungen ist noch immer ein Bestandteil von vielen LGBTIQ+. Diese Erfahrungen wirken sich auf die Leben von Betroffenen aus. Hieraus resultieren h\u00e4ufig spezifische Beratungsbedarfe.<div class=\"read-more-link\"><a href=\"https:\/\/www.courage-beratung.at\/en\/2022\/07\/14\/kompetenzentwicklung-in-der-beratungsarbeit-im-kontext-von-chemsex-und-sexualisierter-substanzkonsum\/\" class=\"more-link\">Read more<span class='more-link-arrow avia-svg-icon avia-font-svg_entypo-fontello' data-av_svg_icon='right-open-big' data-av_iconset='svg_entypo-fontello'><svg version=\"1.1\" xmlns=\"http:\/\/www.w3.org\/2000\/svg\" width=\"15\" height=\"32\" viewbox=\"0 0 15 32\" preserveaspectratio=\"xMidYMid meet\" role=\"graphics-symbol\" aria-hidden=\"true\">\n<path d=\"M0.416 27.84l11.456-11.84-11.456-11.904q-0.832-0.832 0-1.536 0.832-0.832 1.536 0l12.544 12.608q0.768 0.832 0 1.6l-12.544 12.608q-0.704 0.832-1.536 0-0.832-0.704 0-1.536z\"><\/path>\n<\/svg><\/span><\/a><\/div><\/div><\/div><footer class=\"entry-footer\"><div class=\"slide-meta\"><time class='slide-meta-time updated'  itemprop=\"datePublished\" datetime=\"2022-07-14T11:04:00+02:00\" >14. July 2022<\/time><\/div><\/footer><span class='hidden'>\n\t\t\t\t<span class='av-structured-data'  itemprop=\"image\" itemscope=\"itemscope\" itemtype=\"https:\/\/schema.org\/ImageObject\" >\n\t\t\t\t\t\t<span itemprop='url'>https:\/\/www.courage-beratung.at\/wp-content\/uploads\/2024\/03\/image.jpg<\/span>\n\t\t\t\t\t\t<span itemprop='height'>500<\/span>\n\t\t\t\t\t\t<span itemprop='width'>885<\/span>\n\t\t\t\t<\/span>\n\t\t\t\t<span class='av-structured-data'  itemprop=\"publisher\" itemtype=\"https:\/\/schema.org\/Organization\" itemscope=\"itemscope\" >\n\t\t\t\t\t\t<span itemprop='name'>Vincent<\/span>\n\t\t\t\t\t\t<span itemprop='logo' itemscope itemtype='https:\/\/schema.org\/ImageObject'>\n\t\t\t\t\t\t\t<span itemprop='url'>https:\/\/www.courage-beratung.at\/wp-content\/uploads\/2023\/12\/COURAGE_LOGO_WEB_2022_RGB.svg<\/span>\n\t\t\t\t\t\t<\/span>\n\t\t\t\t<\/span><span class='av-structured-data'  itemprop=\"author\" itemscope=\"itemscope\" itemtype=\"https:\/\/schema.org\/Person\" ><span itemprop='name'>Vincent<\/span><\/span><span class='av-structured-data'  itemprop=\"datePublished\" datetime=\"2023-06-03T08:03:02+02:00\" >2022-07-14 11:04:00<\/span><span class='av-structured-data'  itemprop=\"dateModified\" itemtype=\"https:\/\/schema.org\/dateModified\" >2024-03-14 13:46:50<\/span><span class='av-structured-data'  itemprop=\"mainEntityOfPage\" itemtype=\"https:\/\/schema.org\/mainEntityOfPage\" ><span itemprop='name'>Substanzkonsum im Kontext von LGBTIQ+, sexualisierter Substanzkonsum und ChemSex<\/span><\/span><\/span><\/article><\/div><div class=\"slide-entry-wrap\"><article class='slide-entry flex_column  post-entry post-entry-1651 slide-entry-overview slide-loop-58 slide-parity-odd  post-entry-last  av_fullwidth first real-thumbnail posttype-post post-format-standard'  itemscope=\"itemscope\" itemtype=\"https:\/\/schema.org\/CreativeWork\" ><a href='https:\/\/www.courage-beratung.at\/en\/2022\/02\/07\/projekt-1\/' data-rel='slide-2' class='slide-image' title='Young Trans*Inter*Camp 2022'><img decoding=\"async\" fetchpriority=\"high\" width=\"1030\" height=\"687\" src=\"https:\/\/www.courage-beratung.at\/wp-content\/uploads\/2024\/02\/mur-murau-rathaus-sonnenschein-sommer-jufa-hotels-1030x687.jpg\" class=\"wp-image-2470 avia-img-lazy-loading-not-2470 attachment-large size-large wp-post-image\" alt=\"\" srcset=\"https:\/\/www.courage-beratung.at\/wp-content\/uploads\/2024\/02\/mur-murau-rathaus-sonnenschein-sommer-jufa-hotels-1030x687.jpg 1030w, https:\/\/www.courage-beratung.at\/wp-content\/uploads\/2024\/02\/mur-murau-rathaus-sonnenschein-sommer-jufa-hotels-300x200.jpg 300w, https:\/\/www.courage-beratung.at\/wp-content\/uploads\/2024\/02\/mur-murau-rathaus-sonnenschein-sommer-jufa-hotels-768x512.jpg 768w, https:\/\/www.courage-beratung.at\/wp-content\/uploads\/2024\/02\/mur-murau-rathaus-sonnenschein-sommer-jufa-hotels-18x12.jpg 18w, https:\/\/www.courage-beratung.at\/wp-content\/uploads\/2024\/02\/mur-murau-rathaus-sonnenschein-sommer-jufa-hotels-705x470.jpg 705w, https:\/\/www.courage-beratung.at\/wp-content\/uploads\/2024\/02\/mur-murau-rathaus-sonnenschein-sommer-jufa-hotels.jpg 1360w\" sizes=\"(max-width: 1030px) 100vw, 1030px\" \/><\/a><div class=\"slide-content\"><header class=\"entry-content-header\" aria-label=\"Slide: Young Trans*Inter*Camp 2022\"><span class=\"blog-categories minor-meta\"><a href=\"https:\/\/www.courage-beratung.at\/en\/category\/projekte\/\" rel=\"tag\">Projekte<\/a> <\/span><h3 class='slide-entry-title entry-title'  itemprop=\"headline\" ><a href='https:\/\/www.courage-beratung.at\/en\/2022\/02\/07\/projekt-1\/' title='Young Trans*Inter*Camp 2022'>Young Trans*Inter*Camp 2022<\/a><\/h3><span class=\"av-vertical-delimiter\"><\/span><\/header><div class='slide-entry-excerpt entry-content'  itemprop=\"text\" >Vom 13.Juli 2022 \u2013 17.Juli 2022\nfindet erneut das Young Trans*Inter*Camp f\u00fcr Kinder und Jugendliche zwischen 10 und 22 Jahren statt. Heuer werden wir im Jufa in Murau\/Steiermark sein. Ihr k\u00f6nnt euch ab jetzt daf\u00fcr anmelden. Die Anmeldung ist fix sobald der Campbeitrag bezahlt ist.<div class=\"read-more-link\"><a href=\"https:\/\/www.courage-beratung.at\/en\/2022\/02\/07\/projekt-1\/\" class=\"more-link\">Read more<span class='more-link-arrow avia-svg-icon avia-font-svg_entypo-fontello' data-av_svg_icon='right-open-big' data-av_iconset='svg_entypo-fontello'><svg version=\"1.1\" xmlns=\"http:\/\/www.w3.org\/2000\/svg\" width=\"15\" height=\"32\" viewbox=\"0 0 15 32\" preserveaspectratio=\"xMidYMid meet\" role=\"graphics-symbol\" aria-hidden=\"true\">\n<path d=\"M0.416 27.84l11.456-11.84-11.456-11.904q-0.832-0.832 0-1.536 0.832-0.832 1.536 0l12.544 12.608q0.768 0.832 0 1.6l-12.544 12.608q-0.704 0.832-1.536 0-0.832-0.704 0-1.536z\"><\/path>\n<\/svg><\/span><\/a><\/div><\/div><\/div><footer class=\"entry-footer\"><div class=\"slide-meta\"><time class='slide-meta-time updated'  itemprop=\"datePublished\" datetime=\"2022-02-07T12:25:00+01:00\" >7. February 2022<\/time><\/div><\/footer><span class='hidden'>\n\t\t\t\t<span class='av-structured-data'  itemprop=\"image\" itemscope=\"itemscope\" itemtype=\"https:\/\/schema.org\/ImageObject\" >\n\t\t\t\t\t\t<span itemprop='url'>https:\/\/www.courage-beratung.at\/wp-content\/uploads\/2024\/02\/mur-murau-rathaus-sonnenschein-sommer-jufa-hotels.jpg<\/span>\n\t\t\t\t\t\t<span itemprop='height'>907<\/span>\n\t\t\t\t\t\t<span itemprop='width'>1360<\/span>\n\t\t\t\t<\/span>\n\t\t\t\t<span class='av-structured-data'  itemprop=\"publisher\" itemtype=\"https:\/\/schema.org\/Organization\" itemscope=\"itemscope\" >\n\t\t\t\t\t\t<span itemprop='name'>Vincent<\/span>\n\t\t\t\t\t\t<span itemprop='logo' itemscope itemtype='https:\/\/schema.org\/ImageObject'>\n\t\t\t\t\t\t\t<span itemprop='url'>https:\/\/www.courage-beratung.at\/wp-content\/uploads\/2023\/12\/COURAGE_LOGO_WEB_2022_RGB.svg<\/span>\n\t\t\t\t\t\t<\/span>\n\t\t\t\t<\/span><span class='av-structured-data'  itemprop=\"author\" itemscope=\"itemscope\" itemtype=\"https:\/\/schema.org\/Person\" ><span itemprop='name'>Vincent<\/span><\/span><span class='av-structured-data'  itemprop=\"datePublished\" datetime=\"2023-06-03T08:03:02+02:00\" >2022-02-07 12:25:00<\/span><span class='av-structured-data'  itemprop=\"dateModified\" itemtype=\"https:\/\/schema.org\/dateModified\" >2024-03-18 16:01:45<\/span><span class='av-structured-data'  itemprop=\"mainEntityOfPage\" itemtype=\"https:\/\/schema.org\/mainEntityOfPage\" ><span itemprop='name'>Young Trans*Inter*Camp 2022<\/span><\/span><\/span><\/article><\/div><\/div><div class='avia-slideshow-arrows avia-slideshow-controls' ><a href='#prev' class='prev-slide  avia-svg-icon avia-font-svg_entypo-fontello' data-av_svg_icon='left-open-big' data-av_iconset='svg_entypo-fontello' tabindex='-1' title=\"Previous\"><svg version=\"1.1\" xmlns=\"http:\/\/www.w3.org\/2000\/svg\" width=\"15\" height=\"32\" viewbox=\"0 0 15 32\" preserveaspectratio=\"xMidYMid meet\" aria-labelledby='av-svg-title-119' aria-describedby='av-svg-desc-119' role=\"graphics-symbol\" aria-hidden=\"true\">\n<title id='av-svg-title-119'>Previous<\/title>\n<desc id='av-svg-desc-119'>Previous<\/desc>\n<path d=\"M14.464 27.84q0.832 0.832 0 1.536-0.832 0.832-1.536 0l-12.544-12.608q-0.768-0.768 0-1.6l12.544-12.608q0.704-0.832 1.536 0 0.832 0.704 0 1.536l-11.456 11.904z\"><\/path>\n<\/svg><span class='avia_hidden_link_text'>Previous<\/span><\/a><a href='#next' class='next-slide  avia-svg-icon avia-font-svg_entypo-fontello' data-av_svg_icon='right-open-big' data-av_iconset='svg_entypo-fontello' tabindex='-1' title=\"Next\"><svg version=\"1.1\" xmlns=\"http:\/\/www.w3.org\/2000\/svg\" width=\"15\" height=\"32\" viewbox=\"0 0 15 32\" preserveaspectratio=\"xMidYMid meet\" aria-labelledby='av-svg-title-120' aria-describedby='av-svg-desc-120' role=\"graphics-symbol\" aria-hidden=\"true\">\n<title id='av-svg-title-120'>Next<\/title>\n<desc id='av-svg-desc-120'>Next<\/desc>\n<path d=\"M0.416 27.84l11.456-11.84-11.456-11.904q-0.832-0.832 0-1.536 0.832-0.832 1.536 0l12.544 12.608q0.768 0.832 0 1.6l-12.544 12.608q-0.704 0.832-1.536 0-0.832-0.704 0-1.536z\"><\/path>\n<\/svg><span class='avia_hidden_link_text'>Next<\/span><\/a><\/div><div class='avia-slideshow-dots avia-slideshow-controls avia-post-slider fade-in'><a href='#1' class='goto-slide active' >1<\/a><a href='#2' class='goto-slide' >2<\/a><a href='#3' class='goto-slide' >3<\/a><a href='#4' class='goto-slide' >4<\/a><a href='#5' class='goto-slide' >5<\/a><a href='#6' class='goto-slide' >6<\/a><a href='#7' class='goto-slide' >7<\/a><a href='#8' class='goto-slide' >8<\/a><a href='#9' class='goto-slide' >9<\/a><a href='#10' class='goto-slide' >10<\/a><a href='#11' class='goto-slide' >11<\/a><a href='#12' class='goto-slide' >12<\/a><a href='#13' class='goto-slide' >13<\/a><a href='#14' class='goto-slide' >14<\/a><a href='#15' class='goto-slide' >15<\/a><a href='#16' class='goto-slide' >16<\/a><a href='#17' class='goto-slide' >17<\/a><a href='#18' class='goto-slide' >18<\/a><a href='#19' class='goto-slide' >19<\/a><a href='#20' class='goto-slide' >20<\/a><a href='#21' class='goto-slide' >21<\/a><a href='#22' class='goto-slide' >22<\/a><a href='#23' class='goto-slide' >23<\/a><a href='#24' class='goto-slide' >24<\/a><a href='#25' class='goto-slide' >25<\/a><a href='#26' class='goto-slide' >26<\/a><a href='#27' class='goto-slide' >27<\/a><a href='#28' class='goto-slide' >28<\/a><a href='#29' class='goto-slide' >29<\/a><a href='#30' class='goto-slide' >30<\/a><a href='#31' class='goto-slide' >31<\/a><a href='#32' class='goto-slide' >32<\/a><a href='#33' class='goto-slide' >33<\/a><a href='#34' class='goto-slide' >34<\/a><a href='#35' class='goto-slide' >35<\/a><a href='#36' class='goto-slide' >36<\/a><a href='#37' class='goto-slide' >37<\/a><a href='#38' class='goto-slide' >38<\/a><a href='#39' class='goto-slide' >39<\/a><a href='#40' class='goto-slide' >40<\/a><a href='#41' class='goto-slide' >41<\/a><a href='#42' class='goto-slide' >42<\/a><a href='#43' class='goto-slide' >43<\/a><a href='#44' class='goto-slide' >44<\/a><a href='#45' class='goto-slide' >45<\/a><a href='#46' class='goto-slide' >46<\/a><a href='#47' class='goto-slide' >47<\/a><a href='#48' class='goto-slide' >48<\/a><a href='#49' class='goto-slide' >49<\/a><a href='#50' class='goto-slide' >50<\/a><a href='#51' class='goto-slide' >51<\/a><a href='#52' class='goto-slide' >52<\/a><a href='#53' class='goto-slide' >53<\/a><a href='#54' class='goto-slide' >54<\/a><a href='#55' class='goto-slide' >55<\/a><a href='#56' class='goto-slide' >56<\/a><a href='#57' class='goto-slide' >57<\/a><a href='#58' class='goto-slide' >58<\/a><\/div><\/div>\n<div  class='hr av-lv2sx6ob-05391e5a4511d3ce24f7a172e7e0a93e hr-default  avia-builder-el-28  el_after_av_postslider  el_before_av_hr'><span class='hr-inner'><span class=\"hr-inner-style\"><\/span><\/span><\/div>\n\n<style type=\"text\/css\" data-created_by=\"avia_inline_auto\" id=\"style-css-av-m6pq0zie-4c33f791cc935991bd7bcb7e581178a1\">\n#top .hr.hr-invisible.av-m6pq0zie-4c33f791cc935991bd7bcb7e581178a1{\nheight:10px;\n}\n<\/style>\n<div  class='hr av-m6pq0zie-4c33f791cc935991bd7bcb7e581178a1 hr-invisible  avia-builder-el-29  el_after_av_hr  el_before_av_one_fifth'><span class='hr-inner'><span class=\"hr-inner-style\"><\/span><\/span><\/div>\n<div  class='flex_column av-75dnb-119f14a1999b39532597a8d1ece4cf15 av_one_fifth  avia-builder-el-30  el_after_av_hr  el_before_av_four_fifth  first flex_column_div'     ><style type=\"text\/css\" data-created_by=\"avia_inline_auto\" id=\"style-css-av-m6ppv693-84e207dc9a2465dd9007ba2d4fe53c12\">\n.avia-image-container.av-m6ppv693-84e207dc9a2465dd9007ba2d4fe53c12 img.avia_image{\nbox-shadow:none;\n}\n.avia-image-container.av-m6ppv693-84e207dc9a2465dd9007ba2d4fe53c12 .av-image-caption-overlay-center{\ncolor:#ffffff;\n}\n<\/style>\n<div  class='avia-image-container av-m6ppv693-84e207dc9a2465dd9007ba2d4fe53c12 av-styling- avia-align-right  avia-builder-el-31  avia-builder-el-no-sibling'   itemprop=\"image\" itemscope=\"itemscope\" itemtype=\"https:\/\/schema.org\/ImageObject\" ><div class=\"avia-image-container-inner\"><div class=\"avia-image-overlay-wrap\"><img decoding=\"async\" fetchpriority=\"high\" class='wp-image-5020 avia-img-lazy-loading-not-5020 avia_image' src=\"https:\/\/www.courage-beratung.at\/wp-content\/uploads\/2025\/02\/QBZ-queer-dialogues-logo_white@2x-1030x386.png\" alt='' title='QBZ queer dialogues logo_white@2x'  height=\"386\" width=\"1030\"  itemprop=\"thumbnailUrl\" srcset=\"https:\/\/www.courage-beratung.at\/wp-content\/uploads\/2025\/02\/QBZ-queer-dialogues-logo_white@2x-1030x386.png 1030w, https:\/\/www.courage-beratung.at\/wp-content\/uploads\/2025\/02\/QBZ-queer-dialogues-logo_white@2x-300x112.png 300w, https:\/\/www.courage-beratung.at\/wp-content\/uploads\/2025\/02\/QBZ-queer-dialogues-logo_white@2x-768x288.png 768w, https:\/\/www.courage-beratung.at\/wp-content\/uploads\/2025\/02\/QBZ-queer-dialogues-logo_white@2x-18x7.png 18w, https:\/\/www.courage-beratung.at\/wp-content\/uploads\/2025\/02\/QBZ-queer-dialogues-logo_white@2x-705x264.png 705w, https:\/\/www.courage-beratung.at\/wp-content\/uploads\/2025\/02\/QBZ-queer-dialogues-logo_white@2x.png 1071w\" sizes=\"(max-width: 1030px) 100vw, 1030px\" \/><\/div><\/div><\/div><\/div>\n<div  class='flex_column av-34zl33-042d92f8a8320d04de11d7ee99680eb4 av_four_fifth  avia-builder-el-32  el_after_av_one_fifth  el_before_av_hr  flex_column_div'     ><section  class='av_textblock_section av-mk7madop-7032de156d05c261af2bbc4f12763ac8'   itemscope=\"itemscope\" itemtype=\"https:\/\/schema.org\/CreativeWork\" ><div class='avia_textblock'  itemprop=\"text\" ><h1>Vortr\u00e4ge \/ Guest Lectures im Queeren Bildungszentrum<\/h1>\n<\/div><\/section><\/div>\n\n<style type=\"text\/css\" data-created_by=\"avia_inline_auto\" id=\"style-css-av-m6pq16bf-c3a628071a56f9057f8a321450ac03d6\">\n#top .hr.hr-invisible.av-m6pq16bf-c3a628071a56f9057f8a321450ac03d6{\nheight:20px;\n}\n<\/style>\n<div  class='hr av-m6pq16bf-c3a628071a56f9057f8a321450ac03d6 hr-invisible  avia-builder-el-34  el_after_av_four_fifth  el_before_av_codeblock'><span class='hr-inner'><span class=\"hr-inner-style\"><\/span><\/span><\/div>\n\n<div  class='hr av-qi47j-52e0d5e89d082cbdebc1f9a210779c3c hr-default  avia-builder-el-36  el_after_av_codeblock  el_before_av_textblock'><span class='hr-inner'><span class=\"hr-inner-style\"><\/span><\/span><\/div>\n<section  class='av_textblock_section av-mk7mb7ka-c899adbdd37512c9ca9a3d4dcb332d43'   itemscope=\"itemscope\" itemtype=\"https:\/\/schema.org\/CreativeWork\" ><div class='avia_textblock'  itemprop=\"text\" ><h1>Videomaterial<\/h1>\n<\/div><\/section>\n\n<style type=\"text\/css\" data-created_by=\"avia_inline_auto\" id=\"style-css-av-m622tjyk-38886e49318eab3e76e5b9ebd8ed465a\">\n#top .hr.hr-invisible.av-m622tjyk-38886e49318eab3e76e5b9ebd8ed465a{\nheight:25px;\n}\n<\/style>\n<div  class='hr av-m622tjyk-38886e49318eab3e76e5b9ebd8ed465a hr-invisible  avia-builder-el-38  el_after_av_textblock  el_before_av_one_third'><span class='hr-inner'><span class=\"hr-inner-style\"><\/span><\/span><\/div>\n<div  class='flex_column av-a9ouv-23c4b855db6ba7ee58d5e40a35cf2e1e av_one_third  avia-builder-el-39  el_after_av_hr  el_before_av_one_third  first flex_column_div'     ><\/div>\n<div  class='flex_column av-119z67-762076d0d7cb287652dfc6e445095a90 av_one_third  avia-builder-el-41  el_after_av_one_third  el_before_av_one_third  flex_column_div'     ><div  class='avia-video av-lv2stgiy-cbaaacc81bc3b6ad7c23cd8dc4d65095 avia-video-16-9 av-html5-fullscreen-btn av-no-preview-image avia-video-load-always avia-video-html5'  itemprop=\"video\" itemtype=\"https:\/\/schema.org\/VideoObject\"  data-original_url='https:\/\/w2023.courage-beratung.at\/wp-content\/uploads\/2024\/04\/Vielfalt-video.mp4'><video class='avia_video'    preload=\"auto\"  controls id='player_279_513595376_1694874125'><source src='https:\/\/w2023.courage-beratung.at\/wp-content\/uploads\/2024\/04\/Vielfalt-video.mp4' type='video\/mp4' \/><\/video><\/div><\/div>\n<div  class='flex_column av-zml1z-9a1267208cc74f135bb8b091e99833d8 av_one_third  avia-builder-el-43  el_after_av_one_third  el_before_av_one_third  flex_column_div'     ><div  class='avia-video av-2knv3-945ebc8c47a28202220cf03bcf4bca71 avia-video-16-9 av-html5-fullscreen-btn av-no-preview-image avia-video-load-always avia-video-html5'  itemprop=\"video\" itemtype=\"https:\/\/schema.org\/VideoObject\"  data-original_url='https:\/\/w2023.courage-beratung.at\/wp-content\/uploads\/2024\/04\/NEU2022_15-Jahre-COURAGE_2016_Video-Untertitel_NEU-2022-1.mp4'><video class='avia_video'    preload=\"auto\"  controls id='player_279_2064532620_636895938'><source src='https:\/\/w2023.courage-beratung.at\/wp-content\/uploads\/2024\/04\/NEU2022_15-Jahre-COURAGE_2016_Video-Untertitel_NEU-2022-1.mp4' type='video\/mp4' \/><\/video><\/div><\/div>\n<div  class='flex_column av-g0svj-a90a06d57a75e4e0d5d12f5555b1b632 av_one_third  avia-builder-el-45  el_after_av_one_third  el_before_av_one_third  first flex_column_div  column-top-margin'     ><\/div>\n<div  class='flex_column av-83b3j-5d29ad2f1601a87ba38318b7103232d2 av_one_third  avia-builder-el-47  el_after_av_one_third  el_before_av_one_third  flex_column_div  column-top-margin'     ><\/div>\n<div  class='flex_column av-8x7hj-8c0d28181c69ed52ceef7a82cd0a528b av_one_third  avia-builder-el-49  el_after_av_one_third  el_before_av_hr  flex_column_div  column-top-margin'     ><\/div>\n<div  class='hr av-797rj-6bca33992b1fb842e054416b365e5c3a hr-default  avia-builder-el-51  el_after_av_one_third  el_before_av_textblock'><span class='hr-inner'><span class=\"hr-inner-style\"><\/span><\/span><\/div>\n<section  class='av_textblock_section av-mk7mbtxg-35a2db9ea42c233d265ab985a2b44528'   itemscope=\"itemscope\" itemtype=\"https:\/\/schema.org\/CreativeWork\" ><div class='avia_textblock'  itemprop=\"text\" ><h1>F\u00d6RDERSTELLEN<\/h1>\n<\/div><\/section>\n<div  class='avia-logo-element-container av-ml9b579g-a87c22977ccba36db3cda322cbcb87c0 av-border-deactivate avia-logo-grid avia-content-slider avia-smallarrow-slider avia-content-grid-active noHover avia-content-slider-even  avia-builder-el-53  el_after_av_textblock  el_before_av_hr  FOeRDERSTELLEN avia-content-slider1' ><div class='avia-smallarrow-slider-heading  no-logo-slider-heading'><div class='new-special-heading'>&nbsp;<\/div><\/div><div class=\"avia-content-slider-inner\"><div class=\"slide-entry-wrap\"><div  class='slide-entry av-2wq9dr-3541da01d3b89ed2c8cc2cf3a2c2965f flex_column no_margin av_one_fourth real-thumbnail post-entry slide-entry-overview slide-loop-1 slide-parity-odd  first'><span class='av-partner-fake-img' style='padding-bottom:17.666666666667%; background-image:url(https:\/\/www.courage-beratung.at\/wp-content\/uploads\/2025\/05\/BKA_Logo_srgb-300x53.png);'><\/span><\/div><div  class='slide-entry av-2pbirb-6252a376bd6fbf14ffb15ffc4c6765ad flex_column no_margin av_one_fourth real-thumbnail post-entry slide-entry-overview slide-loop-2 slide-parity-even'><a href=\"https:\/\/www.bmfwf.gv.at\/\" data-rel='slide-1' class='slide-image' title=''  target=\"_blank\"  rel=\"noopener noreferrer\"><span class='av-partner-fake-img' style='padding-bottom:17.666666666667%; background-image:url(https:\/\/www.courage-beratung.at\/wp-content\/uploads\/2025\/05\/BMFWF_Logo-300x102.png);'><\/span><\/a><\/div><div  class='slide-entry av-93t53-f0342564c94c410428b9a95e264ee8ec flex_column no_margin av_one_fourth real-thumbnail post-entry slide-entry-overview slide-loop-3 slide-parity-odd'><a href=\"https:\/\/www.sozialministerium.gv.at\/\" data-rel='slide-1' class='slide-image' title='' ><span class='av-partner-fake-img' style='padding-bottom:17.666666666667%; background-image:url(https:\/\/www.courage-beratung.at\/wp-content\/uploads\/2025\/05\/BMASGPK_Logo_srgb-300x76.png);'><\/span><\/a><\/div><div  class='slide-entry av-2gbt7j-d6da14236ebd1bfe93f73aada0ba87ad flex_column no_margin av_one_fourth real-thumbnail post-entry slide-entry-overview slide-loop-4 slide-parity-even'><a href=\"https:\/\/www.gesundheitskasse.at\/cdscontent\/?contentid=10007.866742&amp;portal=oegkportal\" data-rel='slide-1' class='slide-image' title=''  target=\"_blank\"  rel=\"noopener noreferrer\"><span class='av-partner-fake-img' style='padding-bottom:17.666666666667%; background-image:url(https:\/\/www.courage-beratung.at\/wp-content\/uploads\/2024\/02\/OeGK-Logo-300x74.png);'><\/span><\/a><\/div><\/div><div class=\"slide-entry-wrap\"><div  class='slide-entry av-27ye4n-96a308f7fb5eb55df3fbc0c08ee934f5 flex_column no_margin av_one_fourth real-thumbnail post-entry slide-entry-overview slide-loop-5 slide-parity-odd  first'><a href=\"https:\/\/www.wien.gv.at\/\" data-rel='slide-1' class='slide-image' title=''  target=\"_blank\"  rel=\"noopener noreferrer\"><span class='av-partner-fake-img' style='padding-bottom:17.666666666667%; background-image:url(https:\/\/www.courage-beratung.at\/wp-content\/uploads\/2024\/02\/Stadt-Wien_Logo_Regenbogen-2.png);'><\/span><\/a><\/div><div  class='slide-entry av-22rmd3-9b476bcc58e0d8901f78091d58cb83ec flex_column no_margin av_one_fourth real-thumbnail post-entry slide-entry-overview slide-loop-6 slide-parity-even'><a href=\"https:\/\/www.wig.or.at\/schwerpunkte\" data-rel='slide-1' class='slide-image' title=''  target=\"_blank\"  rel=\"noopener noreferrer\"><span class='av-partner-fake-img' style='padding-bottom:17.666666666667%; background-image:url(https:\/\/www.courage-beratung.at\/wp-content\/uploads\/2024\/03\/01_WiG-Stadt-Logo_quer_NEU_cmyk-removebg-preview-300x96.png);'><\/span><\/a><\/div><div  class='slide-entry av-1u3mvr-15c9b76e431186dae5387a746d6c9d4a flex_column no_margin av_one_fourth real-thumbnail post-entry slide-entry-overview slide-loop-7 slide-parity-odd'><a href=\"https:\/\/www.burgenland.at\/themen\/gesellschaft\/frauen-maedchen\/\" data-rel='slide-1' class='slide-image' title=''  target=\"_blank\"  rel=\"noopener noreferrer\"><span class='av-partner-fake-img' style='padding-bottom:17.666666666667%; background-image:url(https:\/\/www.courage-beratung.at\/wp-content\/uploads\/2024\/03\/Logo-Land-BGLD-Frauenland-300x122.png);'><\/span><\/a><\/div><div  class='slide-entry av-1q4p1r-04965259180d73256c82a368fd28e079 flex_column no_margin av_one_fourth real-thumbnail post-entry slide-entry-overview slide-loop-8 slide-parity-even'><a href=\"https:\/\/www.salzburg.gv.at\/\" data-rel='slide-1' class='slide-image' title=''  target=\"_blank\"  rel=\"noopener noreferrer\"><span class='av-partner-fake-img' style='padding-bottom:17.666666666667%; background-image:url(https:\/\/www.courage-beratung.at\/wp-content\/uploads\/2024\/02\/landsbg-1.png);'><\/span><\/a><\/div><\/div><div class=\"slide-entry-wrap\"><div  class='slide-entry av-5jibb-591e029c55a1c775f3ea85c3abe84c91 flex_column no_margin av_one_fourth real-thumbnail post-entry slide-entry-overview slide-loop-9 slide-parity-odd  first'><a href=\"https:\/\/www.stadt-salzburg.at\/home\/\" data-rel='slide-1' class='slide-image' title=''  target=\"_blank\"  rel=\"noopener noreferrer\"><span class='av-partner-fake-img' style='padding-bottom:17.666666666667%; background-image:url(https:\/\/www.courage-beratung.at\/wp-content\/uploads\/2024\/02\/stadtlogo_4c-1-300x53.png);'><\/span><\/a><\/div><div  class='slide-entry av-1eehz3-5265c1b24b9cf50273f6628095846de0 flex_column no_margin av_one_fourth real-thumbnail post-entry slide-entry-overview slide-loop-10 slide-parity-even'><a href=\"https:\/\/www.verwaltung.steiermark.at\/\" data-rel='slide-1' class='slide-image' title=''  target=\"_blank\"  rel=\"noopener noreferrer\"><span class='av-partner-fake-img' style='padding-bottom:17.666666666667%; background-image:url(https:\/\/www.courage-beratung.at\/wp-content\/uploads\/2024\/03\/2560px-Logo_Land_Steiermark.svg-300x121.png);'><\/span><\/a><\/div><div  class='slide-entry av-1a5kkn-3ae04b0bc403dc0f3472e17858e20f9a flex_column no_margin av_one_fourth real-thumbnail post-entry slide-entry-overview slide-loop-11 slide-parity-odd'><a href=\"https:\/\/www.graz.at\/\" data-rel='slide-1' class='slide-image' title=''  target=\"_blank\"  rel=\"noopener noreferrer\"><span class='av-partner-fake-img' style='padding-bottom:17.666666666667%; background-image:url(https:\/\/www.courage-beratung.at\/wp-content\/uploads\/2024\/03\/GRAZ_farbig_jpg-removebg-preview-300x83.png);'><\/span><\/a><\/div><div  class='slide-entry av-13zxen-a41c35dfa406230956d066b101c29395 flex_column no_margin av_one_fourth real-thumbnail post-entry slide-entry-overview slide-loop-12 slide-parity-even'><a href=\"https:\/\/www.tirol.gv.at\/\" data-rel='slide-1' class='slide-image' title=''  target=\"_blank\"  rel=\"noopener noreferrer\"><span class='av-partner-fake-img' style='padding-bottom:17.666666666667%; background-image:url(https:\/\/www.courage-beratung.at\/wp-content\/uploads\/2024\/02\/Landeslogo_4c_01-2.png);'><\/span><\/a><\/div><\/div><div class=\"slide-entry-wrap\"><div  class='slide-entry av-39l8n-298955e1438da01175b1d8f53cc2b183 flex_column no_margin av_one_fourth real-thumbnail post-entry slide-entry-overview slide-loop-13 slide-parity-odd  first'><a href=\"https:\/\/www.linz.at\/\" data-rel='slide-1' class='slide-image' title=''  target=\"_blank\"  rel=\"noopener noreferrer\"><span class='av-partner-fake-img' style='padding-bottom:17.666666666667%; background-image:url(https:\/\/www.courage-beratung.at\/wp-content\/uploads\/2024\/03\/Linz_CD_Logo__Linz__white_Schutzzone-300x165.png);'><\/span><\/a><\/div><div  class='slide-entry av-r8itr-49c47c2166c97c6aeb5408d02b30ebbe flex_column no_margin av_one_fourth real-thumbnail post-entry slide-entry-overview slide-loop-14 slide-parity-even'><a href=\"https:\/\/www.noe.gv.at\/noe\/index.html\" data-rel='slide-1' class='slide-image' title=''  target=\"_blank\"  rel=\"noopener noreferrer\"><span class='av-partner-fake-img' style='padding-bottom:17.666666666667%; background-image:url(https:\/\/www.courage-beratung.at\/wp-content\/uploads\/2024\/03\/favicon-300x300.webp);'><\/span><\/a><\/div><div  class='slide-entry av-l5wgf-f2dfc48492d7869f8dec7957f68c7368 flex_column no_margin av_one_fourth real-thumbnail post-entry slide-entry-overview slide-loop-15 slide-parity-odd'><a href=\"https:\/\/www.st-poelten.at\/\" data-rel='slide-1' class='slide-image' title=''  target=\"_blank\"  rel=\"noopener noreferrer\"><span class='av-partner-fake-img' style='padding-bottom:17.666666666667%; background-image:url(https:\/\/www.courage-beratung.at\/wp-content\/uploads\/2024\/03\/St._Plten_Logo_NEU_4c_2021-removebg-preview-300x56.png);'><\/span><\/a><\/div><div  class='slide-entry av-d9xgn-db92828a7f3724b56b327e826042ac2a flex_column no_margin av_one_fourth real-thumbnail post-entry slide-entry-overview slide-loop-16 slide-parity-even'><a href=\"https:\/\/www.ktn.gv.at\/\" data-rel='slide-1' class='slide-image' title=''  target=\"_blank\"  rel=\"noopener noreferrer\"><span class='av-partner-fake-img' style='padding-bottom:17.666666666667%; background-image:url(https:\/\/www.courage-beratung.at\/wp-content\/uploads\/2024\/03\/land-ker-300x35.png);'><\/span><\/a><\/div><\/div><div class=\"slide-entry-wrap\"><div  class='slide-entry av-8dt6n-2d9f554b8e41f697ff7acf8a8ec2024c flex_column no_margin av_one_fourth real-thumbnail post-entry slide-entry-overview slide-loop-17 slide-parity-odd  first'><a href=\"https:\/\/www.klagenfurt.at\/introduction\" data-rel='slide-1' class='slide-image' title=''  target=\"_blank\"  rel=\"noopener noreferrer\"><span class='av-partner-fake-img' style='padding-bottom:17.666666666667%; background-image:url(https:\/\/www.courage-beratung.at\/wp-content\/uploads\/2024\/03\/LogoType_Klagenfurt_Balken_RGB-300x101.jpg);'><\/span><\/a><\/div><div  class='slide-entry av-ml9b56hg-8bd36234220b3c0dffb69bdb73ea445e flex_column no_margin av_one_fourth real-thumbnail post-entry slide-entry-overview slide-loop-18 slide-parity-even post-entry-last'><span class='av-partner-fake-img' style='padding-bottom:17.666666666667%; background-image:url(https:\/\/www.courage-beratung.at\/wp-content\/uploads\/2026\/02\/Logo_INNSBRUCK_rgb-300x145.png);'><\/span><\/div><\/div><\/div><\/div>\n<div  class='hr av-lucoq8ey-32b459dab230ef28f5e2c3eb78cbf247 hr-default  avia-builder-el-54  el_after_av_partner  el_before_av_one_third'><span class='hr-inner'><span class=\"hr-inner-style\"><\/span><\/span><\/div>\n<div  class='flex_column av-m8s5b-5c4f0db9c9e646cadbfda2d38a579bcf av_one_third  avia-builder-el-55  el_after_av_hr  el_before_av_one_third  first flex_column_div'     ><style type=\"text\/css\" data-created_by=\"avia_inline_auto\" id=\"style-css-av-qrxlr-fecd51a9ebba22bb0c0eb466df3565f2\">\n#top .av_textblock_section.av-qrxlr-fecd51a9ebba22bb0c0eb466df3565f2 .avia_textblock{\nfont-size:16px;\ncolor:#ffffff;\n}\n<\/style>\n<section  class='av_textblock_section av-qrxlr-fecd51a9ebba22bb0c0eb466df3565f2'   itemscope=\"itemscope\" itemtype=\"https:\/\/schema.org\/CreativeWork\" ><div class='avia_textblock av_inherit_color'  itemprop=\"text\" ><div class=\"page\" title=\"Page 1\">\n<div class=\"section\">\n<div class=\"layoutArea\">\n<div class=\"column\">\n<h1 style=\"text-align: center;\">NEWSLETTER<\/h1>\n<p style=\"text-align: center;\">Der COURAGE-Newsletter informiert Sie regelm\u00e4\u00dfig \u00fcber die Angebote der COURAGE, News, Termine und Hinweise zum Themenschwerpunkt.<\/p>\n<p style=\"text-align: center;\">\n<\/div>\n<\/div>\n<\/div>\n<\/div>\n<\/div><\/section><br \/>\n<div  class='avia-button-wrap av-lulohmm0-f145576ee51aa620904808f0c8eba837-wrap avia-button-center  avia-builder-el-57  el_after_av_textblock  avia-builder-el-last'><a href='mailto:info@courage-beratung.at?subject=Subscribe&body=Ich m\u00f6chte den COURAGE-Newsletter bestellen!'  class='avia-button av-lulohmm0-f145576ee51aa620904808f0c8eba837 av-link-btn avia-icon_select-no avia-size-medium avia-position-center avia-color-light'   aria-label=\"ANMELDEN\"><span class='avia_iconbox_title' >ANMELDEN<\/span><\/a><\/div><\/p><\/div>\n<div  class='flex_column av-he873-f0b066a08246deaa339f7af726f42d80 av_one_third  avia-builder-el-58  el_after_av_one_third  el_before_av_one_third  flex_column_div'     ><style type=\"text\/css\" data-created_by=\"avia_inline_auto\" id=\"style-css-av-lulocbf3-84e1d2b9c6acc7904ee72d04326918f9\">\n#top .av_textblock_section.av-lulocbf3-84e1d2b9c6acc7904ee72d04326918f9 .avia_textblock{\nfont-size:16px;\ncolor:#ffffff;\n}\n<\/style>\n<section  class='av_textblock_section av-lulocbf3-84e1d2b9c6acc7904ee72d04326918f9'   itemscope=\"itemscope\" itemtype=\"https:\/\/schema.org\/CreativeWork\" ><div class='avia_textblock av_inherit_color'  itemprop=\"text\" ><div class=\"page\" title=\"Page 1\">\n<div class=\"section\">\n<div class=\"layoutArea\">\n<div class=\"column\">\n<h1 style=\"text-align: center;\">SPENDEN<\/h1>\n<p style=\"text-align: center;\">Zeigen auch Sie COURAGE\u00a0und unterst\u00fctzen Sie unsere Anliegen mit Ihrer Spende.<\/p>\n<h3 style=\"text-align: center;\">COURAGE<\/h3>\n<h3 style=\"text-align: center;\">Bank Austria<br \/>\nAT82 1200 0006 6048 0815<br \/>\nBIC: BKAUATWW<\/h3>\n<h3 style=\"text-align: center;\"><img loading=\"lazy\" decoding=\"async\" class=\"alignnone size-square wp-image-3047\" src=\"https:\/\/w2023.courage-beratung.at\/wp-content\/uploads\/2024\/05\/1800_QR_Code_COURAGE-removebg-preview-180x180.png\" alt=\"\" width=\"180\" height=\"180\" srcset=\"https:\/\/www.courage-beratung.at\/wp-content\/uploads\/2024\/05\/1800_QR_Code_COURAGE-removebg-preview-180x180.png 180w, https:\/\/www.courage-beratung.at\/wp-content\/uploads\/2024\/05\/1800_QR_Code_COURAGE-removebg-preview-80x80.png 80w, https:\/\/www.courage-beratung.at\/wp-content\/uploads\/2024\/05\/1800_QR_Code_COURAGE-removebg-preview-12x12.png 12w, https:\/\/www.courage-beratung.at\/wp-content\/uploads\/2024\/05\/1800_QR_Code_COURAGE-removebg-preview-36x36.png 36w, https:\/\/www.courage-beratung.at\/wp-content\/uploads\/2024\/05\/1800_QR_Code_COURAGE-removebg-preview.png 300w\" sizes=\"auto, (max-width: 180px) 100vw, 180px\" \/><br class=\"avia-permanent-lb\" \/><br class=\"avia-permanent-lb\" \/>PayPal:<\/h3>\n<h3 style=\"text-align: center;\">info@courage-beratung.at<\/h3>\n<\/div>\n<p style=\"text-align: center;\"><strong> <br class=\"avia-permanent-lb\" \/>COURAGE ist eine spendenbeg\u00fcnstigte Einrichtung!<\/strong><br \/>\n<strong>Registernummer: SO-18063<\/strong><\/p>\n<\/div>\n<\/div>\n<\/div>\n<\/div><\/section><br \/>\n<div  class='avia-button-wrap av-lulod93l-9efff14602a7c0705f51108c4f3fe3ad-wrap avia-button-center  avia-builder-el-60  el_after_av_textblock  avia-builder-el-last'><a href='https:\/\/w2023.courage-beratung.at\/home_2\/spenden-online-shop-2\/?scroll#spenden'  class='avia-button av-lulod93l-9efff14602a7c0705f51108c4f3fe3ad av-link-btn avia-icon_select-no avia-size-medium avia-position-center avia-color-light'   aria-label=\"mehrere Infos\"><span class='avia_iconbox_title' >mehrere Infos<\/span><\/a><\/div><\/p><\/div>\n<div  class='flex_column av-brquf-c1a9c1cba79a6f386007df0a659e6a25 av_one_third  avia-builder-el-61  el_after_av_one_third  avia-builder-el-last  flex_column_div'     ><div  class='avia-button-wrap av-m37dojtc-6c9b3fe02bc5f8b2986684b529a8ae19-wrap avia-button-center  avia-builder-el-62  avia-builder-el-no-sibling'>\n<style type=\"text\/css\" data-created_by=\"avia_inline_auto\" id=\"style-css-av-m37dojtc-6c9b3fe02bc5f8b2986684b529a8ae19\">\n#top #wrap_all .avia-button.av-m37dojtc-6c9b3fe02bc5f8b2986684b529a8ae19{\nfont-size:26px;\ntransition:all 0.4s ease-in-out;\n}\n<\/style>\n<a href='https:\/\/www.courage-beratung.at\/en\/home_2\/uber-uns-2\/#feedback'  class='avia-button av-m37dojtc-6c9b3fe02bc5f8b2986684b529a8ae19 av-link-btn avia-icon_select-no avia-size-x-large avia-position-center avia-color-light'   aria-label=\"FEEDBACK\"><span class='avia_iconbox_title' >FEEDBACK<\/span><\/a><\/div><\/div>","protected":false},"excerpt":{"rendered":"","protected":false},"author":2,"featured_media":828,"parent":0,"menu_order":0,"comment_status":"closed","ping_status":"closed","template":"","meta":{"footnotes":""},"categories":[],"tags":[],"class_list":["post-279","page","type-page","status-publish","has-post-thumbnail","hentry"],"_links":{"self":[{"href":"https:\/\/www.courage-beratung.at\/en\/wp-json\/wp\/v2\/pages\/279","targetHints":{"allow":["GET"]}}],"collection":[{"href":"https:\/\/www.courage-beratung.at\/en\/wp-json\/wp\/v2\/pages"}],"about":[{"href":"https:\/\/www.courage-beratung.at\/en\/wp-json\/wp\/v2\/types\/page"}],"author":[{"embeddable":true,"href":"https:\/\/www.courage-beratung.at\/en\/wp-json\/wp\/v2\/users\/2"}],"replies":[{"embeddable":true,"href":"https:\/\/www.courage-beratung.at\/en\/wp-json\/wp\/v2\/comments?post=279"}],"version-history":[{"count":954,"href":"https:\/\/www.courage-beratung.at\/en\/wp-json\/wp\/v2\/pages\/279\/revisions"}],"predecessor-version":[{"id":8430,"href":"https:\/\/www.courage-beratung.at\/en\/wp-json\/wp\/v2\/pages\/279\/revisions\/8430"}],"wp:featuredmedia":[{"embeddable":true,"href":"https:\/\/www.courage-beratung.at\/en\/wp-json\/wp\/v2\/media\/828"}],"wp:attachment":[{"href":"https:\/\/www.courage-beratung.at\/en\/wp-json\/wp\/v2\/media?parent=279"}],"wp:term":[{"taxonomy":"category","embeddable":true,"href":"https:\/\/www.courage-beratung.at\/en\/wp-json\/wp\/v2\/categories?post=279"},{"taxonomy":"post_tag","embeddable":true,"href":"https:\/\/www.courage-beratung.at\/en\/wp-json\/wp\/v2\/tags?post=279"}],"curies":[{"name":"wp","href":"https:\/\/api.w.org\/{rel}","templated":true}]}}