{"id":3944,"date":"2024-10-02T16:33:58","date_gmt":"2024-10-02T14:33:58","guid":{"rendered":"https:\/\/www.courage-beratung.at\/gruppen-graz-2\/"},"modified":"2026-04-16T13:44:35","modified_gmt":"2026-04-16T11:44:35","slug":"gruppen-graz-2","status":"publish","type":"page","link":"https:\/\/www.courage-beratung.at\/en\/gruppen-graz-2\/","title":{"rendered":"GRUPPEN GRAZ"},"content":{"rendered":"<style type=\"text\/css\" data-created_by=\"avia_inline_auto\" id=\"style-css-av-m1rph2to-4cd8376fcd2b1efd37d27513ca70ac19\">\n.flex_column.av-m1rph2to-4cd8376fcd2b1efd37d27513ca70ac19{\nbackground-color:#555f8d;\n}\n<\/style>\n<div  class='flex_column av-m1rph2to-4cd8376fcd2b1efd37d27513ca70ac19 av_one_full  avia-builder-el-0  avia-builder-el-no-sibling  first flex_column_div'     ><p>\n<style type=\"text\/css\" data-created_by=\"avia_inline_auto\" id=\"style-css-av-m1rpula9-c4cac4522c36a3a76d2539eef0ae5321\">\n#top .hr.hr-invisible.av-m1rpula9-c4cac4522c36a3a76d2539eef0ae5321{\nheight:25px;\n}\n<\/style>\n<div  class='hr av-m1rpula9-c4cac4522c36a3a76d2539eef0ae5321 hr-invisible  avia-builder-el-1  el_before_av_button  avia-builder-el-first'><span class='hr-inner'><span class=\"hr-inner-style\"><\/span><\/span><\/div><br \/>\n<div  class='avia-button-wrap av-m1rpthle-cea102786dd089c7f1dec82fce8e033e-wrap avia-button-center  avia-builder-el-2  el_after_av_hr  el_before_av_hr'><a href='https:\/\/www.courage-beratung.at\/en\/home_2\/angebote-2\/#gruppen'  class='avia-button av-m1rpthle-cea102786dd089c7f1dec82fce8e033e av-link-btn avia-icon_select-yes-left-icon avia-size-small avia-position-center avia-color-light'   aria-label=\"Zur\u00fcck \"><span class='avia_button_icon avia_button_icon_left avia-iconfont avia-font-entypo-fontello' data-av_icon='\ue830' data-av_iconfont='entypo-fontello' ><\/span><span class='avia_iconbox_title' >Zur\u00fcck <\/span><\/a><\/div><br \/>\n\n<style type=\"text\/css\" data-created_by=\"avia_inline_auto\" id=\"style-css-av-2kpx2h-3e90349aabf9f7e1b3b6122876d56339\">\n#top .hr.hr-invisible.av-2kpx2h-3e90349aabf9f7e1b3b6122876d56339{\nheight:25px;\n}\n<\/style>\n<div  class='hr av-2kpx2h-3e90349aabf9f7e1b3b6122876d56339 hr-invisible  avia-builder-el-3  el_after_av_button  el_before_av_textblock'><span class='hr-inner'><span class=\"hr-inner-style\"><\/span><\/span><\/div><br \/>\n\n<style type=\"text\/css\" data-created_by=\"avia_inline_auto\" id=\"style-css-av-m1rpmlp7-70f23c821b8c8eac699bc4793d31cf64\">\n#top .av_textblock_section.av-m1rpmlp7-70f23c821b8c8eac699bc4793d31cf64 .avia_textblock{\nfont-size:26px;\n}\n<\/style>\n<section  class='av_textblock_section av-m1rpmlp7-70f23c821b8c8eac699bc4793d31cf64'   itemscope=\"itemscope\" itemtype=\"https:\/\/schema.org\/CreativeWork\" ><div class='avia_textblock'  itemprop=\"text\" ><h1 style=\"text-align: center;\">Gruppen in Graz<\/h1>\n<\/div><\/section><br \/>\n\n<style type=\"text\/css\" data-created_by=\"avia_inline_auto\" id=\"style-css-av-20jytk-393ff7877e1068300d788380702344ad\">\n#top .hr.hr-invisible.av-20jytk-393ff7877e1068300d788380702344ad{\nheight:25px;\n}\n<\/style>\n<div  class='hr av-20jytk-393ff7877e1068300d788380702344ad hr-invisible  avia-builder-el-5  el_after_av_textblock  el_before_av_tab_container'><span class='hr-inner'><span class=\"hr-inner-style\"><\/span><\/span><\/div><br \/>\n<div  class='tabcontainer av-mo1ew7x7-fa02485354dea83186623d5cf718151e top_tab  avia-builder-el-6  el_after_av_hr  avia-builder-el-last'>\n<section class='av_tab_section av_tab_section av-av_tab-5e26f1d25cc9356ca1786e00657b1a2a'  itemscope=\"itemscope\" itemtype=\"https:\/\/schema.org\/CreativeWork\" ><div id='tab-id-1-tab' class='tab active_tab' role='tab' aria-selected=\"true\" tabindex=\"0\" data-fake-id='#tab-id-1' aria-controls='tab-id-1-content'  itemprop=\"headline\" >YOUNG TRANS*<\/div><div id='tab-id-1-content' class='tab_content active_tab_content' role='tabpanel' aria-labelledby='tab-id-1-tab' aria-hidden=\"false\"><div class='tab_inner_content invers-color'  itemprop=\"text\" ><h3><strong>YOUNG TRANS* &#8211; Psychotherapeutische Gruppe f\u00fcr junge Menschen zwischen 14 und 22 Jahren mit Trans*Gender Themen<br class=\"avia-permanent-lb\" \/><br class=\"avia-permanent-lb\" \/><\/strong><\/h3>\n<p><strong>Themen: Trans*Gender, Trans*Identit\u00e4ten, genderfluid, nichtbin\u00e4r, Gender* Dysphorie, Gender*Inkongruenz \u2026 Alle diese Begriffe bezeichnen Personen, die in unterschiedlichster Weise nicht den g\u00e4ngigen Vorstellungen von Geschlecht und\/oder Geschlechtsidentit\u00e4t folgen k\u00f6nnen bzw. folgen wollen, sondern andere Wege gehen.<\/strong><\/p>\n<p>Unsere Gesellschaft gibt sich bez\u00fcglich der Vielfalt von Lebensweisen liberal und offen. Die Alltagserfahrungen zeigen jedoch, dass es noch immer nicht einfach ist, abseits der bin\u00e4ren Geschlechter und der g\u00e4ngigen Geschlechtermodelle zu leben.<\/p>\n<p>Menschen, deren Geschlechtsempfinden nicht mit ihrem bei der Geburt zugewiesenem Geschlecht \u00fcbereinstimmt, sto\u00dfen in unserer Gesellschaft h\u00e4ufig auf Unverst\u00e4ndnis, Ablehnung und H\u00fcrden, institutionelle wie auch zwischenmenschliche, die es ihnen erschweren, so leben zu k\u00f6nnen, wie es ihrer pers\u00f6nlich empfundenen K\u00f6rperwahrnehmung und ihrer individuellen Genderidentit\u00e4t entspricht.<\/p>\n<p>Vor allem f\u00fcr junge Menschen, die die g\u00e4ngigen Geschlechtermodelle aufgrund ihrer individuell erlebten Geschlechtsidentit\u00e4t aufbrechen und erg\u00e4nzen wollen, stellen sich oft vielerlei Fragen:<\/p>\n<p>Wer bin ich? Wie komme ich zu dem, was ich meine zu sein? Welche Gef\u00fchle habe ich dazu? Wodurch (be)hindere ich mich, meine wahre Identit\u00e4t \/ Geschlechtsrolle zu leben? Welches K\u00f6rperbild habe ich? Welche K\u00f6rperwahrnehmungen habe ich dazu? Wie reagiert meine Umgebung? Wie kann ich damit umgehen? Welche Unsicherheiten und \u00c4ngste habe ich? \u2026<\/p>\n<p>Die Gruppe YOUNG TRANS* versteht sich als ein Ort der Begegnung, des Austausches und des Suchens und Findens einer tragf\u00e4higen pers\u00f6nlichen Geschlechtsidentit\u00e4t.<\/p>\n<p><strong>Leitung:<\/strong><\/p>\n<p><strong><img loading=\"lazy\" decoding=\"async\" class=\"alignnone wp-image-4187\" src=\"https:\/\/www.courage-beratung.at\/wp-content\/uploads\/2024\/10\/Bild1-210x300.jpg\" alt=\"\" width=\"90\" height=\"129\" srcset=\"https:\/\/www.courage-beratung.at\/wp-content\/uploads\/2024\/10\/Bild1-210x300.jpg 210w, https:\/\/www.courage-beratung.at\/wp-content\/uploads\/2024\/10\/Bild1-719x1030.jpg 719w, https:\/\/www.courage-beratung.at\/wp-content\/uploads\/2024\/10\/Bild1-768x1100.jpg 768w, https:\/\/www.courage-beratung.at\/wp-content\/uploads\/2024\/10\/Bild1-1073x1536.jpg 1073w, https:\/\/www.courage-beratung.at\/wp-content\/uploads\/2024\/10\/Bild1-8x12.jpg 8w, https:\/\/www.courage-beratung.at\/wp-content\/uploads\/2024\/10\/Bild1-1048x1500.jpg 1048w, https:\/\/www.courage-beratung.at\/wp-content\/uploads\/2024\/10\/Bild1-492x705.jpg 492w, https:\/\/www.courage-beratung.at\/wp-content\/uploads\/2024\/10\/Bild1.jpg 1230w\" sizes=\"auto, (max-width: 90px) 100vw, 90px\" \/><\/strong><\/p>\n<p><strong>Mine Katz (dey, keins, er)<\/strong><br \/>\n<strong>Psychotherapeut*in in Fachausbildung unter Lehrsupervision, Soziale Arbeit, Genderberatung<\/strong><\/p>\n<p><strong>Zeit:<\/strong> monatlich jeweils freitags, 16:00\u2013 18:30 Uhr (3 Einheiten)<\/p>\n<p><strong>Termine 2026:<\/strong><\/p>\n<ul>\n<li>Unverbindlicher Schnuppertermin: 23.01.2026<\/li>\n<li>20.02.2026<\/li>\n<li>20.03.2026<\/li>\n<li>24.04.2026<\/li>\n<li>22.05.2026<\/li>\n<li>26.06.2026<\/li>\n<\/ul>\n<p><strong>Ort:<\/strong> Beratungsstelle COURAGE*, Pl\u00fcddemanngasse 39\/1.OG\/T\u00fcr 4-6, 8010 Graz<\/p>\n<p><strong>Kosten:<\/strong> freie Spende<\/p>\n<p><strong>Teilnahme Voraussetzung:<\/strong>\u00a0Kostenloses Vorgespr\u00e4ch mit Mine Katz.<br \/>\nGeschlossene Halbjahresgruppe, verbindliche Teilnahme bis zum Ende der Gruppe.<br \/>\nTeilnehmer*innenanzahl: 3-8 Personen.<\/p>\n<p><strong>Info &#038; Anmeldung:<\/strong> Telefon: 0699 \/166 166 62, E-Mail: graz@courage-beratung.at oder m.katz@courage-beratung.at<\/p>\n<p>Die Gruppe versteht sich als psychosoziale Begleitung auf dem Weg der Findung einer tragf\u00e4higen individuellen Geschlechtsidentit\u00e4t gem\u00e4\u00df den Behandlungsempfehlungen des BMG. Sollten Sie sich aktuell in einer psychotherapeutischen Einzeltherapie befinden und Interesse an der Gruppe haben, besprechen Sie das bitte mit Ihrer\/m Psychotherapeut*in.<\/p>\n<\/div><\/div><\/section>\n<section class='av_tab_section av_tab_section av-mo1ew5hz-b3d1743d8d38271e79a3d66c073cca2e'  itemscope=\"itemscope\" itemtype=\"https:\/\/schema.org\/CreativeWork\" ><div id='tab-id-2-tab' class='tab' role='tab' aria-selected=\"false\" tabindex=\"0\" data-fake-id='#tab-id-2' aria-controls='tab-id-2-content'  itemprop=\"headline\" >TRANS* PARENTS<\/div><div id='tab-id-2-content' class='tab_content' role='tabpanel' aria-labelledby='tab-id-2-tab' aria-hidden=\"true\"><div class='tab_inner_content invers-color'  itemprop=\"text\" ><h3><strong>TRANS* PARENTS \u2013 Offene begleitete Gruppe f\u00fcr Eltern, Elternteile und Bezugspersonen von trans*ident empfindenden Kindern und Jugendlichen<br class=\"avia-permanent-lb\" \/><\/strong><\/h3>\n<p>Willkommen in unserer TRANS* PARENTS Gruppe:<\/p>\n<p>F\u00fcr Eltern oder Bezugspersonen von trans*ident oder nicht-bin\u00e4r empfindenden Kindern oder Jugendlichen bedeutet deren Outing in der Familie oftmals eine gro\u00dfe Ver\u00e4nderung. Ebenso wie die Kinder oder Jugendlichen ben\u00f6tigen viele Eltern oder Bezugspersonen Unterst\u00fctzung in dieser meist f\u00fcr alle neuen Situation.<\/p>\n<p>Unsere begleitete TRANS* PARENTS Gruppe richtet sich daher an Eltern, Elternteile und Bezugspersonen von jungen trans*ident oder nicht-bin\u00e4r empfindenden Menschen.<\/p>\n<p>Ziel der Gruppe ist es, einen Rahmen zu schaffen, in dem sich Eltern, Elternteile oder Bezugspersonen von Trans*Kindern oder -Jugendlichen \u00fcber all jene Fragen austauschen k\u00f6nnen, die die Teilnehmer*innen im Zusammenleben mit ihren Kindern oder Jugendlichen besch\u00e4ftigen. Dar\u00fcber hinaus haben auch fachliche Fragen zum Thema Trans*Identit\u00e4ten Platz.<\/p>\n<p>Unter der Leitung von Wolfgang Obendrauf, Diplomierter Systemischer Lebens- und Sozialarbeiter, Ehe- und Familienberater, Sexualberater, bieten wir einen gesch\u00fctzten Raum f\u00fcr Interaktion, Reflexion und Selbstwahrnehmung, in dem sich die Teilnehmer*innen frei ausdr\u00fccken und die Unterst\u00fctzung der Gruppe f\u00fcr sich nutzen k\u00f6nnen.<\/p>\n<p><strong>Leitung:<\/strong><\/p>\n<p><img loading=\"lazy\" decoding=\"async\" class=\"wp-image-3041\" src=\"https:\/\/www.courage-beratung.at\/wp-content\/uploads\/2024\/04\/Wolfgang_Obendrauf_2-225x300.jpg\" alt=\"\" width=\"100\" height=\"133\" srcset=\"https:\/\/www.courage-beratung.at\/wp-content\/uploads\/2024\/04\/Wolfgang_Obendrauf_2-225x300.jpg 225w, https:\/\/www.courage-beratung.at\/wp-content\/uploads\/2024\/04\/Wolfgang_Obendrauf_2-773x1030.jpg 773w, https:\/\/www.courage-beratung.at\/wp-content\/uploads\/2024\/04\/Wolfgang_Obendrauf_2-768x1024.jpg 768w, https:\/\/www.courage-beratung.at\/wp-content\/uploads\/2024\/04\/Wolfgang_Obendrauf_2-1152x1536.jpg 1152w, https:\/\/www.courage-beratung.at\/wp-content\/uploads\/2024\/04\/Wolfgang_Obendrauf_2-1536x2048.jpg 1536w, https:\/\/www.courage-beratung.at\/wp-content\/uploads\/2024\/04\/Wolfgang_Obendrauf_2-9x12.jpg 9w, https:\/\/www.courage-beratung.at\/wp-content\/uploads\/2024\/04\/Wolfgang_Obendrauf_2-1125x1500.jpg 1125w, https:\/\/www.courage-beratung.at\/wp-content\/uploads\/2024\/04\/Wolfgang_Obendrauf_2-529x705.jpg 529w, https:\/\/www.courage-beratung.at\/wp-content\/uploads\/2024\/04\/Wolfgang_Obendrauf_2-scaled.jpg 1920w\" sizes=\"auto, (max-width: 100px) 100vw, 100px\" \/><\/p>\n<p><strong>Wolfgang Obendrauf<\/strong><br \/>\n<strong>Diplomierter Systemischer Lebens- und Sozialarbeiter, Ehe- und Familienberater, Sexualberater<\/strong><\/p>\n<p><strong>Zeit:<\/strong> Monatlich, jeweils am Donnerstag, 18.00 \u2013 20.00 Uhr<\/p>\n<p><strong>Termine 2026:<\/strong><\/p>\n<ul>\n<li>30.04.2026<\/li>\n<li>28.05.2026<\/li>\n<li>25.06.2026<\/li>\n<\/ul>\n<p><strong>Ort:<\/strong> Beratungsstelle COURAGE*, Pl\u00fcddemanngasse 39\/1.OG\/T\u00fcr 4-6, 8010 Graz<\/p>\n<p><strong>Kosten:<\/strong> Um eine Spende wird gebeten!<\/p>\n<p><strong>Anmeldung unter:<\/strong> graz@courage-beratung.at<\/p>\n<\/div><\/div><\/section>\n<\/div><\/p><\/div>","protected":false},"excerpt":{"rendered":"","protected":false},"author":5,"featured_media":0,"parent":0,"menu_order":0,"comment_status":"closed","ping_status":"closed","template":"","meta":{"footnotes":""},"categories":[],"tags":[],"class_list":["post-3944","page","type-page","status-publish","hentry"],"_links":{"self":[{"href":"https:\/\/www.courage-beratung.at\/en\/wp-json\/wp\/v2\/pages\/3944","targetHints":{"allow":["GET"]}}],"collection":[{"href":"https:\/\/www.courage-beratung.at\/en\/wp-json\/wp\/v2\/pages"}],"about":[{"href":"https:\/\/www.courage-beratung.at\/en\/wp-json\/wp\/v2\/types\/page"}],"author":[{"embeddable":true,"href":"https:\/\/www.courage-beratung.at\/en\/wp-json\/wp\/v2\/users\/5"}],"replies":[{"embeddable":true,"href":"https:\/\/www.courage-beratung.at\/en\/wp-json\/wp\/v2\/comments?post=3944"}],"version-history":[{"count":13,"href":"https:\/\/www.courage-beratung.at\/en\/wp-json\/wp\/v2\/pages\/3944\/revisions"}],"predecessor-version":[{"id":8455,"href":"https:\/\/www.courage-beratung.at\/en\/wp-json\/wp\/v2\/pages\/3944\/revisions\/8455"}],"wp:attachment":[{"href":"https:\/\/www.courage-beratung.at\/en\/wp-json\/wp\/v2\/media?parent=3944"}],"wp:term":[{"taxonomy":"category","embeddable":true,"href":"https:\/\/www.courage-beratung.at\/en\/wp-json\/wp\/v2\/categories?post=3944"},{"taxonomy":"post_tag","embeddable":true,"href":"https:\/\/www.courage-beratung.at\/en\/wp-json\/wp\/v2\/tags?post=3944"}],"curies":[{"name":"wp","href":"https:\/\/api.w.org\/{rel}","templated":true}]}}